{"id":361913,"date":"2023-02-10T08:00:00","date_gmt":"2023-02-10T11:00:00","guid":{"rendered":"https:\/\/www.suno.com.br\/noticias\/colunas\/marco-lopes\/\/"},"modified":"2023-02-09T22:39:23","modified_gmt":"2023-02-10T01:39:23","slug":"aposentadoria-como-planejar","status":"publish","type":"suno_column","link":"https:\/\/www.suno.com.br\/noticias\/colunas\/piter-carvalho\/aposentadoria-como-planejar\/","title":{"rendered":"Voc\u00ea planejou sua aposentadoria?"},"content":{"rendered":"<p>O maior sonho de quem atua na \u00e1rea de planejamento financeiro \u00e9 que todos os brasileiros cuidem de suas finan\u00e7as e invistam pensando em todos os momentos da sua vida, inclusive na sua<strong> <a href=\"https:\/\/www.suno.com.br\/guias\/como-se-aposentar\/\">aposentadoria<\/a><\/strong>. Esse \u00e9 um dos motivos de escrever esse coluna e produzir outros materiais na internet, e assim disseminar o conhecimento em planejamento financeiro a fim de ajudar o brasileiro a investir melhor.<\/p>\t<div class=\"wrapper-featured-image\">\n\t\t<figure class=\"spotlightImg\">\n\n\t\t\t<picture>\n\t\t\t\t<source media=\"(max-width: 768px)\" srcset=\"https:\/\/files.sunoresearch.com.br\/n\/uploads\/2022\/06\/aaron-burden-cEukkv42O40-unsplash-400x200.jpg\">\n\t\t\t\t<img loading=\"lazy\" decoding=\"async\" class=\"newsContent__article__imgCapa lazyloadDisabled \" src=\"https:\/\/files.sunoresearch.com.br\/n\/uploads\/2022\/06\/aaron-burden-cEukkv42O40-unsplash-800x450.jpg\" width=\"800\" height=\"450\" alt=\"Voc\u00ea planejou sua aposentadoria?\" fetchpriority=high \/>\n\t\t\t<\/picture>\n\n\t\t\t<figcaption class=\"wp-caption-text wp-caption-text--show\">Investimento e aposentadoria. Previd\u00eancia. Foto Unsplash<\/figcaption>\n\t\t<\/figure>\n\t<\/div>\n\n\n\n\n\n\t<p>\n\t\t<a href=\"\" target=\"_blank\" data-element=\"shortcode-suno-banner\" title=\"Banner SUNO, clique e saiba mais\">\n\t\t\t<picture>\n\t\t\t\t<source media=\"(max-width: 500px)\" srcset=\"\">\n\t\t\t\t<img class=\"newsContent__article__imgCapa newsContent__article__imgCapa--banner\"\n\t\t\t\t\tsrc=\"\"\n\t\t\t\t\tdata-promo-id=\"138420\"\t\t\t\t\t\t\t\t\t\t\t\t\t\t\talt=\"\"\n\t\t\t\t>\n\t\t\t<\/picture>\n\t\t<\/a>\n\t<\/p>\n\n\n\n\n\n\n\n<p>Quando se fala na <strong>fase de investimento mais distante<\/strong>, que \u00e9 aposentadoria, o investidor costuma n\u00e3o dar muita aten\u00e7\u00e3o, como se o seu futuro de 65 anos fosse resolver esse problema quando ele chegasse de fato. Mas a vida \u00e9 uma corrida de longa dist\u00e2ncia e se voc\u00ea chegar na reta final pulando alguma etapa, n\u00e3o ter\u00e1 mais tempo de voltar &#8211; ou seja, quando voc\u00ea estiver idoso n\u00e3o vai mais dar tempo de construir sua aposentadoria e provavelmente n\u00e3o ter\u00e1 tanta sa\u00fade para trabalhar nesse projeto. Esse \u00e9 um trabalho que tem que fazer ao longo da sua jornada, e quanto mais cedo come\u00e7ar mais f\u00e1cil vai ser, pois pode aportar valores menores e deixar que a m\u00e1gica dos juros compostos aconte\u00e7a.<\/p>\n\n\n\n<p>Quando se pensa em aposentadoria tem alguns instrumentos que podem auxiliar o brasileiro, o primeiro que vem \u00e0 mente \u00e9 o<strong> INSS<\/strong> (Instituto Nacional de seguro Social), depois alguns mais novos citam a <strong>Previd\u00eancia Privada<\/strong> e agora os mais modernos j\u00e1 falam em<strong> <a href=\"https:\/\/www.suno.com.br\/noticias\/rendamais-tesouro-direto-aposentadoria-hoje\/\">RendaMais<\/a><\/strong>, o RendA+. Vou falar um pouco sobre eles e analisar as vantagens e desvantagens de cada um.<\/p>\n\n\n\n<p>Vimos nas nossas fam\u00edlias os av\u00f3s se aposentando pelo INSS e reclamando muito do baixo valor recebido ap\u00f3s muitos anos de trabalho. Muitos viram ou est\u00e3o vendo os pais contando os dias para dar entrada na <strong>aposentadoria do INSS <\/strong>e rezando para o governo n\u00e3o mudar a regra no meio do caminho e adiar o sonho de se aposentar por mais alguns anos. Mudan\u00e7a de regra \u00e9 o que mais vimos nas \u00faltimas duas d\u00e9cadas e creio que a minha gera\u00e7\u00e3o e principalmente as mais novas n\u00e3o acreditam que ser\u00e1 poss\u00edvel se aposentar pelo INSS, outros tantos at\u00e9 duvidam que ele vai existir em 2050. Isso porque eles acreditam que se tornou um esquema de pir\u00e2mide financeira, em que s\u00f3 os primeiros ganham e os \u00faltimos ficam com a conta pra pagar.<\/p>\n\n\n\t<p>\n\t\t<a href=\"https:\/\/lp.suno.com.br\/planilha-controle-gastos\/\" target=\"_blank\" data-element=\"shortcode-suno-banner\" title=\"Banner SUNO, clique e saiba mais\">\n\t\t\t<picture>\n\t\t\t\t<source media=\"(max-width: 500px)\" srcset=\"https:\/\/files.sunoresearch.com.br\/n\/uploads\/2023\/03\/400x300-Planilha-controle-de-gastos.png\">\n\t\t\t\t<img class=\"newsContent__article__imgCapa newsContent__article__imgCapa--banner\"\n\t\t\t\t\tsrc=\"https:\/\/files.sunoresearch.com.br\/n\/uploads\/2023\/03\/1420x240-Planilha-controle-de-gastos.png\"\n\t\t\t\t\tdata-promo-id=\"101751\"\t\t\t\t\t\t\t\t\t\twidth='1420' height='240'\t\t\t\t\talt=\"https:\/\/files.sunoresearch.com.br\/n\/uploads\/2023\/03\/1420x240-Planilha-controle-de-gastos.png\"\n\t\t\t\t>\n\t\t\t<\/picture>\n\t\t<\/a>\n\t<\/p>\n\n\n\n\n\n<p>E \u00e9 o que deve ocorrer quando chegar nossa vez de aposentar, o n\u00famero de idosos deve ser maior que o de trabalhadores ativos, ou seja, vai ter mais idosos recebendo do que jovens trabalhando e contribuindo para o topo da pir\u00e2mide. Diante de tanta incerteza faz muito sentido pensar em um <strong>plano de previd\u00eancia complementar<\/strong>, para garantir que voc\u00ea tenha uma renda mensal que considera suficiente para o n\u00edvel de qualidade de vida que sonha.<\/p>\n\n\n\n<p>Um caminho \u00e9 a Previd\u00eancia Privada, em que voc\u00ea pode aportar mensalmente em <strong>fundos privados<\/strong> planejando acumular um determinado valor em determinado prazo. Os valores podem ser a partir de 100 reais, e podem ser mensais ou espor\u00e1dicos, as vantagem s\u00e3o in\u00fameras como o fato de poder abater at\u00e9 12% da renda bruta anual no<strong> Imposto de Renda<\/strong> se fizer no <strong>modelo PGBL<\/strong>, ou deduzir apenas 10% de imposto se fizer no modelo regressivo e deixar por mais de 10 anos rendendo. Pode sacar quando quiser, n\u00e3o precisando esperar a t\u00e3o sonhada aposentadoria por idade determinada pelo governo e pode fazer a portabilidade para outros fundos que considera melhor e mais adequados aos seus objetivos. \u00c9 um \u00f3timo produto pra quem pensa em sucess\u00e3o patrimonial, pois n\u00e3o passa por invent\u00e1rio e pode ser muito diversificada, com fundos indexados a juros, infla\u00e7\u00e3o, a\u00e7\u00f5es ou at\u00e9 ativos internacionais.<\/p>\n\n\n\n<p>Outra solu\u00e7\u00e3o que surgiu pensando nos trabalhadores aut\u00f4nomos \u00e9 o <strong>RendaMais do Tesouro Direto<\/strong>. Projeto inovador que existe apenas no Brasil e foi pensando para complementar a aposentadoria. Pode investir a partir de 30 reais por m\u00eas e voc\u00ea garante uma renda mensal por 20 anos, lembrando que quanto mais investe mais ganha l\u00e1 na frente. A primeira fase \u00e9 de acumula\u00e7\u00e3o, na qual voc\u00ea compra t\u00edtulos ou fra\u00e7\u00f5es dele e j\u00e1 na fase de aposentadoria voc\u00ea come\u00e7a a receber os pagamentos por 20 anos. Pode se planejar usando a calculadora do<strong> site do Tesouro Direto<\/strong>, e escolher o melhor t\u00edtulo a partir do valor que pretende receber na aposentadoria e qual data planeja esse momento da vida. Mais uma vez o trabalhador n\u00e3o precisa se aposentar com 65 anos ou mais, pois pode antecipar os recebimentos escolhendo t\u00edtulos mais curtos.<\/p>\n\n\n\n<p>As vantagens s\u00e3o enormes, como isen\u00e7\u00e3o de taxa de cust\u00f3dia se levar o t\u00edtulo at\u00e9 o vencimento, renda de at\u00e9 6 sal\u00e1rios m\u00ednimos n\u00e3o paga taxa de cust\u00f3dia no recebimento, o investimento \u00e9 corrigido pela infla\u00e7\u00e3o, o que protege o poder de compra do investidor. Tem 60 dias de car\u00eancia, caso precise sacar para alguma urg\u00eancia.<\/p>\n\n\n\n<p>Veja uma exemplo que simulei no site: invisto 137,41 reais por m\u00eas no RendaMais 2045 e recebo cerca de 1 mil por m\u00eas durante 20 anos de 2045 at\u00e9 2064. Aten\u00e7\u00e3o: as simula\u00e7\u00f5es s\u00e3o baseadas em proje\u00e7\u00f5es de mercado e n\u00e3o garantem resultados futuros.<\/p>\n\n\n\n<p>Tamb\u00e9m tem outras in\u00fameras maneiras de <strong>planejar sua aposentadoria<\/strong>. Conheci pessoas que compram im\u00f3veis para viver do aluguel deles na aposentadoria, outros focam em comprar a\u00e7\u00f5es que pagam dividendos e seguem o exemplo do <a href=\"https:\/\/www.suno.com.br\/noticias\/web-stories\/luiz-barsi-1-milhao-dia-carteira-dividendos\/\">Luiz Barsi<\/a> (maior investidor da Bolsa), outros focam em fundos imobili\u00e1rios etc. Enfim, existem diversas alternativas que vamos abordar em breve nas pr\u00f3ximas colunas.<\/p>\n\n\n\t<p>\n\t\t<a href=\"https:\/\/lp.suno.com.br\/planilha-da-vida-financeira\/\" target=\"_blank\" data-element=\"shortcode-suno-banner\" title=\"Banner SUNO, clique e saiba mais\">\n\t\t\t<picture>\n\t\t\t\t<source media=\"(max-width: 500px)\" srcset=\"https:\/\/files.sunoresearch.com.br\/n\/uploads\/2023\/04\/400x300-Planilha-vida-financeira-true.png\">\n\t\t\t\t<img class=\"newsContent__article__imgCapa newsContent__article__imgCapa--banner\"\n\t\t\t\t\tsrc=\"https:\/\/files.sunoresearch.com.br\/n\/uploads\/2023\/04\/1420x240-Planilha-vida-financeira-true.png\"\n\t\t\t\t\tdata-promo-id=\"106682\"\t\t\t\t\t\t\t\t\t\twidth='1420' height='240'\t\t\t\t\talt=\"https:\/\/files.sunoresearch.com.br\/n\/uploads\/2023\/04\/1420x240-Planilha-vida-financeira-true.png\"\n\t\t\t\t>\n\t\t\t<\/picture>\n\t\t<\/a>\n\t<\/p>\n\n\n","protected":false},"excerpt":{"rendered":"<p>O maior sonho de quem atua na \u00e1rea de planejamento financeiro \u00e9 que todos os brasileiros cuidem de suas finan\u00e7as e invistam pensando em todos os momentos da sua vida, &#8230;<\/p>\n","protected":false},"author":212,"featured_media":263161,"template":"","tags":[],"class_list":["post-361913","suno_column","type-suno_column","status-publish","has-post-thumbnail","hentry"],"yoast_head":"<!-- This site is optimized with the Yoast SEO plugin v24.4 - https:\/\/yoast.com\/wordpress\/plugins\/seo\/ -->\n<title>Voc\u00ea planejou sua aposentadoria? - Suno Not\u00edcias<\/title>\n<meta name=\"description\" content=\"Aposentadoria \u00e9 um trabalho que tem que fazer ao longo da sua jornada, e quanto mais cedo come\u00e7ar mais f\u00e1cil vai ser. Entenda mais\" \/>\n<meta name=\"robots\" content=\"index, follow, max-snippet:-1, max-image-preview:large, max-video-preview:-1\" \/>\n<link rel=\"canonical\" href=\"https:\/\/www.suno.com.br\/noticias\/colunas\/piter-carvalho\/aposentadoria-como-planejar\/\" \/>\n<meta property=\"og:locale\" content=\"pt_BR\" \/>\n<meta property=\"og:type\" content=\"article\" \/>\n<meta property=\"og:title\" content=\"Voc\u00ea planejou sua aposentadoria? - Suno Not\u00edcias\" \/>\n<meta property=\"og:description\" content=\"Aposentadoria \u00e9 um trabalho que tem que fazer ao longo da sua jornada, e quanto mais cedo come\u00e7ar mais f\u00e1cil vai ser. Entenda mais\" \/>\n<meta property=\"og:url\" content=\"https:\/\/www.suno.com.br\/noticias\/colunas\/piter-carvalho\/aposentadoria-como-planejar\/\" \/>\n<meta property=\"og:site_name\" content=\"Suno Not\u00edcias\" \/>\n<meta property=\"article:publisher\" content=\"https:\/\/facebook.com\/sunoresearch\" \/>\n<meta property=\"og:image\" content=\"https:\/\/files.sunoresearch.com.br\/n\/uploads\/2022\/06\/aaron-burden-cEukkv42O40-unsplash-scaled.jpg\" \/>\n\t<meta property=\"og:image:width\" content=\"2560\" \/>\n\t<meta property=\"og:image:height\" content=\"1922\" \/>\n\t<meta property=\"og:image:type\" content=\"image\/jpeg\" \/>\n<meta name=\"twitter:card\" content=\"summary_large_image\" \/>\n<meta name=\"twitter:site\" content=\"@sunoresearch\" \/>\n<meta name=\"twitter:label1\" content=\"Est. tempo de leitura\" \/>\n\t<meta name=\"twitter:data1\" content=\"6 minutos\" \/>\n<script type=\"application\/ld+json\" class=\"yoast-schema-graph\">{\"@context\":\"https:\/\/schema.org\",\"@graph\":[{\"@type\":\"Article\",\"@id\":\"https:\/\/www.suno.com.br\/noticias\/colunas\/piter-carvalho\/aposentadoria-como-planejar\/#article\",\"isPartOf\":{\"@id\":\"https:\/\/www.suno.com.br\/noticias\/colunas\/piter-carvalho\/aposentadoria-como-planejar\/\"},\"author\":{\"name\":\"Piter Carvalho\",\"@id\":\"https:\/\/www.suno.com.br\/noticias\/#\/schema\/person\/2cb514bb79b859b3db8118a400177391\"},\"headline\":\"Voc\u00ea planejou sua aposentadoria?\",\"datePublished\":\"2023-02-10T11:00:00+00:00\",\"mainEntityOfPage\":{\"@id\":\"https:\/\/www.suno.com.br\/noticias\/colunas\/piter-carvalho\/aposentadoria-como-planejar\/\"},\"wordCount\":957,\"publisher\":{\"@id\":\"https:\/\/www.suno.com.br\/noticias\/#organization\"},\"image\":{\"@id\":\"https:\/\/www.suno.com.br\/noticias\/colunas\/piter-carvalho\/aposentadoria-como-planejar\/#primaryimage\"},\"thumbnailUrl\":\"https:\/\/files.sunoresearch.com.br\/n\/uploads\/2022\/06\/aaron-burden-cEukkv42O40-unsplash-scaled.jpg\",\"inLanguage\":\"pt-BR\"},{\"@type\":\"WebPage\",\"@id\":\"https:\/\/www.suno.com.br\/noticias\/colunas\/piter-carvalho\/aposentadoria-como-planejar\/\",\"url\":\"https:\/\/www.suno.com.br\/noticias\/colunas\/piter-carvalho\/aposentadoria-como-planejar\/\",\"name\":\"Voc\u00ea planejou sua aposentadoria? - Suno Not\u00edcias\",\"isPartOf\":{\"@id\":\"https:\/\/www.suno.com.br\/noticias\/#website\"},\"primaryImageOfPage\":{\"@id\":\"https:\/\/www.suno.com.br\/noticias\/colunas\/piter-carvalho\/aposentadoria-como-planejar\/#primaryimage\"},\"image\":{\"@id\":\"https:\/\/www.suno.com.br\/noticias\/colunas\/piter-carvalho\/aposentadoria-como-planejar\/#primaryimage\"},\"thumbnailUrl\":\"https:\/\/files.sunoresearch.com.br\/n\/uploads\/2022\/06\/aaron-burden-cEukkv42O40-unsplash-scaled.jpg\",\"datePublished\":\"2023-02-10T11:00:00+00:00\",\"description\":\"Aposentadoria \u00e9 um trabalho que tem que fazer ao longo da sua jornada, e quanto mais cedo come\u00e7ar mais f\u00e1cil vai ser. Entenda mais\",\"breadcrumb\":{\"@id\":\"https:\/\/www.suno.com.br\/noticias\/colunas\/piter-carvalho\/aposentadoria-como-planejar\/#breadcrumb\"},\"inLanguage\":\"pt-BR\",\"potentialAction\":[{\"@type\":\"ReadAction\",\"target\":[\"https:\/\/www.suno.com.br\/noticias\/colunas\/piter-carvalho\/aposentadoria-como-planejar\/\"]}]},{\"@type\":\"ImageObject\",\"inLanguage\":\"pt-BR\",\"@id\":\"https:\/\/www.suno.com.br\/noticias\/colunas\/piter-carvalho\/aposentadoria-como-planejar\/#primaryimage\",\"url\":\"https:\/\/files.sunoresearch.com.br\/n\/uploads\/2022\/06\/aaron-burden-cEukkv42O40-unsplash-scaled.jpg\",\"contentUrl\":\"https:\/\/files.sunoresearch.com.br\/n\/uploads\/2022\/06\/aaron-burden-cEukkv42O40-unsplash-scaled.jpg\",\"width\":2560,\"height\":1922,\"caption\":\"Investimento e aposentadoria. Previd\u00eancia. Foto Unsplash\"},{\"@type\":\"BreadcrumbList\",\"@id\":\"https:\/\/www.suno.com.br\/noticias\/colunas\/piter-carvalho\/aposentadoria-como-planejar\/#breadcrumb\",\"itemListElement\":[{\"@type\":\"ListItem\",\"position\":1,\"name\":\"Not\u00edcias\",\"item\":\"https:\/\/www.suno.com.br\/noticias\/\"},{\"@type\":\"ListItem\",\"position\":2,\"name\":\"Colunas\",\"item\":\"https:\/\/www.suno.com.br\/noticias\/colunas\/\"},{\"@type\":\"ListItem\",\"position\":3,\"name\":\"Voc\u00ea planejou sua aposentadoria?\"}]},{\"@type\":\"WebSite\",\"@id\":\"https:\/\/www.suno.com.br\/noticias\/#website\",\"url\":\"https:\/\/www.suno.com.br\/noticias\/\",\"name\":\"Suno Not\u00edcias\",\"description\":\"Seu portal de informa\u00e7\u00e3o sobre o mundo dos investimentos\",\"publisher\":{\"@id\":\"https:\/\/www.suno.com.br\/noticias\/#organization\"},\"potentialAction\":[{\"@type\":\"SearchAction\",\"target\":{\"@type\":\"EntryPoint\",\"urlTemplate\":\"https:\/\/www.suno.com.br\/noticias\/?s={search_term_string}\"},\"query-input\":{\"@type\":\"PropertyValueSpecification\",\"valueRequired\":true,\"valueName\":\"search_term_string\"}}],\"inLanguage\":\"pt-BR\"},{\"@type\":\"Organization\",\"@id\":\"https:\/\/www.suno.com.br\/noticias\/#organization\",\"name\":\"Suno Not\u00edcias\",\"url\":\"https:\/\/www.suno.com.br\/noticias\/\",\"logo\":{\"@type\":\"ImageObject\",\"inLanguage\":\"pt-BR\",\"@id\":\"https:\/\/www.suno.com.br\/noticias\/#\/schema\/logo\/image\/\",\"url\":\"https:\/\/files.sunoresearch.com.br\/n\/uploads\/2021\/09\/suno-logo.png\",\"contentUrl\":\"https:\/\/files.sunoresearch.com.br\/n\/uploads\/2021\/09\/suno-logo.png\",\"width\":180,\"height\":180,\"caption\":\"Suno Not\u00edcias\"},\"image\":{\"@id\":\"https:\/\/www.suno.com.br\/noticias\/#\/schema\/logo\/image\/\"},\"sameAs\":[\"https:\/\/facebook.com\/sunoresearch\",\"https:\/\/x.com\/sunoresearch\",\"https:\/\/www.instagram.com\/suno\",\"https:\/\/www.linkedin.com\/company\/suno-research\/\",\"https:\/\/www.youtube.com\/c\/sunoresearch\"]},{\"@type\":\"Person\",\"@id\":\"https:\/\/www.suno.com.br\/noticias\/#\/schema\/person\/2cb514bb79b859b3db8118a400177391\",\"name\":\"Piter Carvalho\",\"image\":{\"@type\":\"ImageObject\",\"inLanguage\":\"pt-BR\",\"@id\":\"https:\/\/www.suno.com.br\/noticias\/#\/schema\/person\/image\/\",\"url\":\"https:\/\/secure.gravatar.com\/avatar\/593069928517ce9b5474b6116f9cf3c9?s=96&r=g\",\"contentUrl\":\"https:\/\/secure.gravatar.com\/avatar\/593069928517ce9b5474b6116f9cf3c9?s=96&r=g\",\"caption\":\"Piter Carvalho\"},\"description\":\"Economista da Valor Investimentos, \u00e9 formado em Economia pelo Mackenzie.\",\"sameAs\":[\"https:\/\/www.linkedin.com\/in\/pitercarvalho\/?originalSubdomain=br\"],\"url\":\"https:\/\/www.suno.com.br\/noticias\/author\/piter-carvalho\/\"}]}<\/script>\n<!-- \/ Yoast SEO plugin. -->","yoast_head_json":{"title":"Voc\u00ea planejou sua aposentadoria? - Suno Not\u00edcias","description":"Aposentadoria \u00e9 um trabalho que tem que fazer ao longo da sua jornada, e quanto mais cedo come\u00e7ar mais f\u00e1cil vai ser. Entenda mais","robots":{"index":"index","follow":"follow","max-snippet":"max-snippet:-1","max-image-preview":"max-image-preview:large","max-video-preview":"max-video-preview:-1"},"canonical":"https:\/\/www.suno.com.br\/noticias\/colunas\/piter-carvalho\/aposentadoria-como-planejar\/","og_locale":"pt_BR","og_type":"article","og_title":"Voc\u00ea planejou sua aposentadoria? - Suno Not\u00edcias","og_description":"Aposentadoria \u00e9 um trabalho que tem que fazer ao longo da sua jornada, e quanto mais cedo come\u00e7ar mais f\u00e1cil vai ser. Entenda mais","og_url":"https:\/\/www.suno.com.br\/noticias\/colunas\/piter-carvalho\/aposentadoria-como-planejar\/","og_site_name":"Suno Not\u00edcias","article_publisher":"https:\/\/facebook.com\/sunoresearch","og_image":[{"width":2560,"height":1922,"url":"https:\/\/files.sunoresearch.com.br\/n\/uploads\/2022\/06\/aaron-burden-cEukkv42O40-unsplash-scaled.jpg","type":"image\/jpeg"}],"twitter_card":"summary_large_image","twitter_site":"@sunoresearch","twitter_misc":{"Est. tempo de leitura":"6 minutos"},"schema":{"@context":"https:\/\/schema.org","@graph":[{"@type":"Article","@id":"https:\/\/www.suno.com.br\/noticias\/colunas\/piter-carvalho\/aposentadoria-como-planejar\/#article","isPartOf":{"@id":"https:\/\/www.suno.com.br\/noticias\/colunas\/piter-carvalho\/aposentadoria-como-planejar\/"},"author":{"name":"Piter Carvalho","@id":"https:\/\/www.suno.com.br\/noticias\/#\/schema\/person\/2cb514bb79b859b3db8118a400177391"},"headline":"Voc\u00ea planejou sua aposentadoria?","datePublished":"2023-02-10T11:00:00+00:00","mainEntityOfPage":{"@id":"https:\/\/www.suno.com.br\/noticias\/colunas\/piter-carvalho\/aposentadoria-como-planejar\/"},"wordCount":957,"publisher":{"@id":"https:\/\/www.suno.com.br\/noticias\/#organization"},"image":{"@id":"https:\/\/www.suno.com.br\/noticias\/colunas\/piter-carvalho\/aposentadoria-como-planejar\/#primaryimage"},"thumbnailUrl":"https:\/\/files.sunoresearch.com.br\/n\/uploads\/2022\/06\/aaron-burden-cEukkv42O40-unsplash-scaled.jpg","inLanguage":"pt-BR"},{"@type":"WebPage","@id":"https:\/\/www.suno.com.br\/noticias\/colunas\/piter-carvalho\/aposentadoria-como-planejar\/","url":"https:\/\/www.suno.com.br\/noticias\/colunas\/piter-carvalho\/aposentadoria-como-planejar\/","name":"Voc\u00ea planejou sua aposentadoria? - Suno Not\u00edcias","isPartOf":{"@id":"https:\/\/www.suno.com.br\/noticias\/#website"},"primaryImageOfPage":{"@id":"https:\/\/www.suno.com.br\/noticias\/colunas\/piter-carvalho\/aposentadoria-como-planejar\/#primaryimage"},"image":{"@id":"https:\/\/www.suno.com.br\/noticias\/colunas\/piter-carvalho\/aposentadoria-como-planejar\/#primaryimage"},"thumbnailUrl":"https:\/\/files.sunoresearch.com.br\/n\/uploads\/2022\/06\/aaron-burden-cEukkv42O40-unsplash-scaled.jpg","datePublished":"2023-02-10T11:00:00+00:00","description":"Aposentadoria \u00e9 um trabalho que tem que fazer ao longo da sua jornada, e quanto mais cedo come\u00e7ar mais f\u00e1cil vai ser. Entenda mais","breadcrumb":{"@id":"https:\/\/www.suno.com.br\/noticias\/colunas\/piter-carvalho\/aposentadoria-como-planejar\/#breadcrumb"},"inLanguage":"pt-BR","potentialAction":[{"@type":"ReadAction","target":["https:\/\/www.suno.com.br\/noticias\/colunas\/piter-carvalho\/aposentadoria-como-planejar\/"]}]},{"@type":"ImageObject","inLanguage":"pt-BR","@id":"https:\/\/www.suno.com.br\/noticias\/colunas\/piter-carvalho\/aposentadoria-como-planejar\/#primaryimage","url":"https:\/\/files.sunoresearch.com.br\/n\/uploads\/2022\/06\/aaron-burden-cEukkv42O40-unsplash-scaled.jpg","contentUrl":"https:\/\/files.sunoresearch.com.br\/n\/uploads\/2022\/06\/aaron-burden-cEukkv42O40-unsplash-scaled.jpg","width":2560,"height":1922,"caption":"Investimento e aposentadoria. Previd\u00eancia. Foto Unsplash"},{"@type":"BreadcrumbList","@id":"https:\/\/www.suno.com.br\/noticias\/colunas\/piter-carvalho\/aposentadoria-como-planejar\/#breadcrumb","itemListElement":[{"@type":"ListItem","position":1,"name":"Not\u00edcias","item":"https:\/\/www.suno.com.br\/noticias\/"},{"@type":"ListItem","position":2,"name":"Colunas","item":"https:\/\/www.suno.com.br\/noticias\/colunas\/"},{"@type":"ListItem","position":3,"name":"Voc\u00ea planejou sua aposentadoria?"}]},{"@type":"WebSite","@id":"https:\/\/www.suno.com.br\/noticias\/#website","url":"https:\/\/www.suno.com.br\/noticias\/","name":"Suno Not\u00edcias","description":"Seu portal de informa\u00e7\u00e3o sobre o mundo dos investimentos","publisher":{"@id":"https:\/\/www.suno.com.br\/noticias\/#organization"},"potentialAction":[{"@type":"SearchAction","target":{"@type":"EntryPoint","urlTemplate":"https:\/\/www.suno.com.br\/noticias\/?s={search_term_string}"},"query-input":{"@type":"PropertyValueSpecification","valueRequired":true,"valueName":"search_term_string"}}],"inLanguage":"pt-BR"},{"@type":"Organization","@id":"https:\/\/www.suno.com.br\/noticias\/#organization","name":"Suno Not\u00edcias","url":"https:\/\/www.suno.com.br\/noticias\/","logo":{"@type":"ImageObject","inLanguage":"pt-BR","@id":"https:\/\/www.suno.com.br\/noticias\/#\/schema\/logo\/image\/","url":"https:\/\/files.sunoresearch.com.br\/n\/uploads\/2021\/09\/suno-logo.png","contentUrl":"https:\/\/files.sunoresearch.com.br\/n\/uploads\/2021\/09\/suno-logo.png","width":180,"height":180,"caption":"Suno Not\u00edcias"},"image":{"@id":"https:\/\/www.suno.com.br\/noticias\/#\/schema\/logo\/image\/"},"sameAs":["https:\/\/facebook.com\/sunoresearch","https:\/\/x.com\/sunoresearch","https:\/\/www.instagram.com\/suno","https:\/\/www.linkedin.com\/company\/suno-research\/","https:\/\/www.youtube.com\/c\/sunoresearch"]},{"@type":"Person","@id":"https:\/\/www.suno.com.br\/noticias\/#\/schema\/person\/2cb514bb79b859b3db8118a400177391","name":"Piter Carvalho","image":{"@type":"ImageObject","inLanguage":"pt-BR","@id":"https:\/\/www.suno.com.br\/noticias\/#\/schema\/person\/image\/","url":"https:\/\/secure.gravatar.com\/avatar\/593069928517ce9b5474b6116f9cf3c9?s=96&r=g","contentUrl":"https:\/\/secure.gravatar.com\/avatar\/593069928517ce9b5474b6116f9cf3c9?s=96&r=g","caption":"Piter Carvalho"},"description":"Economista da Valor Investimentos, \u00e9 formado em Economia pelo Mackenzie.","sameAs":["https:\/\/www.linkedin.com\/in\/pitercarvalho\/?originalSubdomain=br"],"url":"https:\/\/www.suno.com.br\/noticias\/author\/piter-carvalho\/"}]}},"amp_enabled":true,"_links":{"self":[{"href":"https:\/\/www.suno.com.br\/noticias\/wp-json\/wp\/v2\/suno_column\/361913"}],"collection":[{"href":"https:\/\/www.suno.com.br\/noticias\/wp-json\/wp\/v2\/suno_column"}],"about":[{"href":"https:\/\/www.suno.com.br\/noticias\/wp-json\/wp\/v2\/types\/suno_column"}],"author":[{"embeddable":true,"href":"https:\/\/www.suno.com.br\/noticias\/wp-json\/wp\/v2\/users\/212"}],"wp:featuredmedia":[{"embeddable":true,"href":"https:\/\/www.suno.com.br\/noticias\/wp-json\/wp\/v2\/media\/263161"}],"wp:attachment":[{"href":"https:\/\/www.suno.com.br\/noticias\/wp-json\/wp\/v2\/media?parent=361913"}],"wp:term":[{"taxonomy":"post_tag","embeddable":true,"href":"https:\/\/www.suno.com.br\/noticias\/wp-json\/wp\/v2\/tags?post=361913"}],"curies":[{"name":"wp","href":"https:\/\/api.w.org\/{rel}","templated":true}]}}