{"id":358418,"date":"2023-02-06T08:00:00","date_gmt":"2023-02-06T11:00:00","guid":{"rendered":"https:\/\/www.suno.com.br\/noticias\/colunas\/marco-lopes\/\/"},"modified":"2023-02-03T21:47:49","modified_gmt":"2023-02-04T00:47:49","slug":"resolucao-cvm-175-cotistas-protecao","status":"publish","type":"suno_column","link":"https:\/\/www.suno.com.br\/noticias\/colunas\/rodrigo-amato\/resolucao-cvm-175-cotistas-protecao\/","title":{"rendered":"Resolu\u00e7\u00e3o CVM 175: mais prote\u00e7\u00e3o aos cotistas de fundos"},"content":{"rendered":"<p>Entre as v\u00e1rias novidades positivas do ano de 2023, est\u00e1 a Resolu\u00e7\u00e3o 175 da Comiss\u00e3o de Valores Mobili\u00e1rios (CVM). A iniciativa, que teve v\u00e1rias consultas p\u00fablicas ao longo do ano passado, tamb\u00e9m faz parte do arcabou\u00e7o de moderniza\u00e7\u00e3o do <strong><a href=\"https:\/\/www.suno.com.br\/noticias\/mercado-de-capitais-recordes-emissoes\/\">mercado de capitais<\/a><\/strong>. A resolu\u00e7\u00e3o entra em vigor em 3 de abril. Ela revoga a Instru\u00e7\u00e3o 555 e outras 37 normas.<\/p>\t<div class=\"wrapper-featured-image\">\n\t\t<figure class=\"spotlightImg\">\n\n\t\t\t<picture>\n\t\t\t\t<source media=\"(max-width: 768px)\" srcset=\"https:\/\/files.sunoresearch.com.br\/n\/uploads\/2022\/11\/quinta-3-400x200.jpg\">\n\t\t\t\t<img loading=\"lazy\" decoding=\"async\" class=\"newsContent__article__imgCapa lazyloadDisabled newsContent__article__imgCapa--noCaption\" src=\"https:\/\/files.sunoresearch.com.br\/n\/uploads\/2022\/11\/quinta-3-800x450.jpg\" width=\"800\" height=\"450\" alt=\"Resolu\u00e7\u00e3o CVM 175: mais prote\u00e7\u00e3o aos cotistas de fundos\" fetchpriority=high \/>\n\t\t\t<\/picture>\n\n\t\t\t<figcaption class=\"wp-caption-text wp-caption-text--hide\"><\/figcaption>\n\t\t<\/figure>\n\t<\/div>\n\n\n\n\n\n\t<p>\n\t\t<a href=\"\" target=\"_blank\" data-element=\"shortcode-suno-banner\" title=\"Banner SUNO, clique e saiba mais\">\n\t\t\t<picture>\n\t\t\t\t<source media=\"(max-width: 500px)\" srcset=\"\">\n\t\t\t\t<img class=\"newsContent__article__imgCapa newsContent__article__imgCapa--banner\"\n\t\t\t\t\tsrc=\"\"\n\t\t\t\t\tdata-promo-id=\"77050\"\t\t\t\t\t\t\t\t\t\t\t\t\t\t\talt=\"\"\n\t\t\t\t>\n\t\t\t<\/picture>\n\t\t<\/a>\n\t<\/p>\n\n\n\n\n\n<p>Em s\u00edntese, a resolu\u00e7\u00e3o normatiza todas as regras para os<strong> fundos de investimento<\/strong>, a come\u00e7ar por ativos que podem aplicar; a defini\u00e7\u00e3o de custos; os prazos para aplica\u00e7\u00e3o e resgate; e, bem importante, a responsabilidade de cada ator no processo.<\/p>\n\n\n\n<p>Segundo a Associa\u00e7\u00e3o Brasileira das Entidades dos Mercados Financeiro e de Capitais (<strong><a href=\"https:\/\/www.suno.com.br\/noticias\/anbima-captacao-fundos-despenca-2022\/\">Anbima<\/a><\/strong>), o tamanho e a import\u00e2ncia dessa ind\u00fastria s\u00e3o enormes: o mercado brasileiro tem mais de 28 mil fundos e patrim\u00f4nio l\u00edquido de cerca de R$ 7,5 trilh\u00f5es.<\/p>\n\n\n\n<p>Um dos maiores avan\u00e7os da nova regulamenta\u00e7\u00e3o \u00e9 a limita\u00e7\u00e3o da responsabilidade dos cotistas, como prev\u00ea a Lei de Liberdade Econ\u00f4mica. A partir de abril, os fundos dever\u00e3o deixar claro se a responsabilidade dos cotistas est\u00e1 limitada ao valor por eles subscritos ou se \u00e9 ilimitada. E a responsabilidade ilimitada \u00e9 muito clara: o cotista deve atestar formalmente que est\u00e1 ciente dos riscos decorrentes desta decis\u00e3o, o que traz maior previsibilidade de eventuais perdas.<\/p>\n\n\n\t<p>\n\t\t<a href=\"https:\/\/lp.suno.com.br\/planilha-controle-gastos\/\" target=\"_blank\" data-element=\"shortcode-suno-banner\" title=\"Banner SUNO, clique e saiba mais\">\n\t\t\t<picture>\n\t\t\t\t<source media=\"(max-width: 500px)\" srcset=\"https:\/\/files.sunoresearch.com.br\/n\/uploads\/2023\/03\/400x300-Planilha-controle-de-gastos.png\">\n\t\t\t\t<img class=\"newsContent__article__imgCapa newsContent__article__imgCapa--banner\"\n\t\t\t\t\tsrc=\"https:\/\/files.sunoresearch.com.br\/n\/uploads\/2023\/03\/1420x240-Planilha-controle-de-gastos.png\"\n\t\t\t\t\tdata-promo-id=\"101751\"\t\t\t\t\t\t\t\t\t\twidth='1420' height='240'\t\t\t\t\talt=\"https:\/\/files.sunoresearch.com.br\/n\/uploads\/2023\/03\/1420x240-Planilha-controle-de-gastos.png\"\n\t\t\t\t>\n\t\t\t<\/picture>\n\t\t<\/a>\n\t<\/p>\n\n\n\n\n\n<p>N\u00e3o haver\u00e1 mais a possibilidade de chamada de aportes adicionais junto aos <strong>cotistas<\/strong>, por exemplo, caso o patrim\u00f4nio l\u00edquido dos fundos venha a ficar negativo, em fun\u00e7\u00e3o de perdas em opera\u00e7\u00f5es alavancadas.<\/p>\n\n\n\n<p>Tamb\u00e9m existir\u00e1 a segrega\u00e7\u00e3o de classes e subclasses de cotas em um mesmo fundo. Trocando em mi\u00fados, as gestoras n\u00e3o precisar\u00e3o criar cinco ou seis ve\u00edculos diferentes para v\u00e1rias plataformas. Basta segregar o <strong>patrim\u00f4nio de cotistas<\/strong> que querem seguir uma mesma estrat\u00e9gia dentro de uma \u00fanica classe, que ser\u00e1 como um grande guarda-chuva. Contudo, este novo arcabou\u00e7o de estrutura multiclasses ter\u00e1 um prazo maior de adapta\u00e7\u00e3o para as institui\u00e7\u00f5es financeiras e entrar\u00e1 em vigor somente em abril de 2024.<\/p>\n\n\n\n<p>E mais: ser\u00e3o ampliados os limites para investimentos no Exterior em fundos para o varejo: anteriormente restritos a investidores qualificados \u2013 aqueles com mais de R$ 1 milh\u00e3o em ativos financeiros. Os fundos para investidores em geral poder\u00e3o acessar investimentos estrangeiros em at\u00e9 100% do patrim\u00f4nio.<\/p>\n\n\n\n<p>Outra novidade \u00e9 a oferta de produtos mais sofisticados, como os Fundos de Investimentos em Direitos Credit\u00f3rios (FIDCs) para investidores em geral. Antes, eram tamb\u00e9m s\u00f3 acess\u00edveis a investidores qualificados.<\/p>\n\n\n\n<p>Por fim, ser\u00e1 permitida a aplica\u00e7\u00e3o direta por fundos em <strong>ativos como criptomoedas<\/strong> e cr\u00e9ditos de carbono. No primeiro caso, \u00e9 preciso estar atento \u00e0 ainda falta de regulamenta\u00e7\u00e3o dessa aplica\u00e7\u00e3o no Brasil. Mas, no segundo, \u00e9 uma boa pedida. Afinal, a Governan\u00e7a Ambiental, Social e Corporativa (em ingl\u00eas Environmental, Social and Corporate Governance) veio para ficar.<\/p>\n\n\n\n","protected":false},"excerpt":{"rendered":"<p>Entre as v\u00e1rias novidades positivas do ano de 2023, est\u00e1 a Resolu\u00e7\u00e3o 175 da Comiss\u00e3o de Valores Mobili\u00e1rios (CVM). A iniciativa, que teve v\u00e1rias consultas p\u00fablicas ao &#8230;<\/p>\n","protected":false},"author":84,"featured_media":324523,"template":"","tags":[1544,313,315],"class_list":["post-358418","suno_column","type-suno_column","status-publish","has-post-thumbnail","hentry","tag-anbima","tag-fundos-de-investimento","tag-fundos-imobiliarios-fiis"],"yoast_head":"<!-- This site is optimized with the Yoast SEO plugin v24.4 - https:\/\/yoast.com\/wordpress\/plugins\/seo\/ -->\n<title>Resolu\u00e7\u00e3o CVM 175: mais prote\u00e7\u00e3o aos cotistas de fundos - Suno Not\u00edcias<\/title>\n<meta name=\"description\" content=\"A iniciativa, que teve v\u00e1rias consultas p\u00fablicas ao longo do ano passado, tamb\u00e9m faz parte do arcabou\u00e7o de moderniza\u00e7\u00e3o do mercado de capitais\" \/>\n<meta name=\"robots\" content=\"index, follow, max-snippet:-1, max-image-preview:large, max-video-preview:-1\" \/>\n<link rel=\"canonical\" href=\"https:\/\/www.suno.com.br\/noticias\/colunas\/rodrigo-amato\/resolucao-cvm-175-cotistas-protecao\/\" \/>\n<meta property=\"og:locale\" content=\"pt_BR\" \/>\n<meta property=\"og:type\" content=\"article\" \/>\n<meta property=\"og:title\" content=\"Resolu\u00e7\u00e3o CVM 175: mais prote\u00e7\u00e3o aos cotistas de fundos - Suno Not\u00edcias\" \/>\n<meta property=\"og:description\" content=\"A iniciativa, que teve v\u00e1rias consultas p\u00fablicas ao longo do ano passado, tamb\u00e9m faz parte do arcabou\u00e7o de moderniza\u00e7\u00e3o do mercado de capitais\" \/>\n<meta property=\"og:url\" content=\"https:\/\/www.suno.com.br\/noticias\/colunas\/rodrigo-amato\/resolucao-cvm-175-cotistas-protecao\/\" \/>\n<meta property=\"og:site_name\" content=\"Suno Not\u00edcias\" \/>\n<meta property=\"article:publisher\" content=\"https:\/\/facebook.com\/sunoresearch\" \/>\n<meta property=\"og:image\" content=\"https:\/\/files.sunoresearch.com.br\/n\/uploads\/2022\/11\/quinta-3.jpg\" \/>\n\t<meta property=\"og:image:width\" content=\"1280\" \/>\n\t<meta property=\"og:image:height\" content=\"853\" \/>\n\t<meta property=\"og:image:type\" content=\"image\/jpeg\" \/>\n<meta name=\"twitter:card\" content=\"summary_large_image\" \/>\n<meta name=\"twitter:site\" content=\"@sunoresearch\" \/>\n<meta name=\"twitter:label1\" content=\"Est. tempo de leitura\" \/>\n\t<meta name=\"twitter:data1\" content=\"3 minutos\" \/>\n<script type=\"application\/ld+json\" class=\"yoast-schema-graph\">{\"@context\":\"https:\/\/schema.org\",\"@graph\":[{\"@type\":\"Article\",\"@id\":\"https:\/\/www.suno.com.br\/noticias\/colunas\/rodrigo-amato\/resolucao-cvm-175-cotistas-protecao\/#article\",\"isPartOf\":{\"@id\":\"https:\/\/www.suno.com.br\/noticias\/colunas\/rodrigo-amato\/resolucao-cvm-175-cotistas-protecao\/\"},\"author\":{\"name\":\"Rodrigo Amato\",\"@id\":\"https:\/\/www.suno.com.br\/noticias\/#\/schema\/person\/c8f66d046654c3876829fba1fdcfcf61\"},\"headline\":\"Resolu\u00e7\u00e3o CVM 175: mais prote\u00e7\u00e3o aos cotistas de fundos\",\"datePublished\":\"2023-02-06T11:00:00+00:00\",\"mainEntityOfPage\":{\"@id\":\"https:\/\/www.suno.com.br\/noticias\/colunas\/rodrigo-amato\/resolucao-cvm-175-cotistas-protecao\/\"},\"wordCount\":518,\"publisher\":{\"@id\":\"https:\/\/www.suno.com.br\/noticias\/#organization\"},\"image\":{\"@id\":\"https:\/\/www.suno.com.br\/noticias\/colunas\/rodrigo-amato\/resolucao-cvm-175-cotistas-protecao\/#primaryimage\"},\"thumbnailUrl\":\"https:\/\/files.sunoresearch.com.br\/n\/uploads\/2022\/11\/quinta-3.jpg\",\"keywords\":[\"Anbima\",\"Fundos de investimento\",\"Fundos Imobili\u00e1rios (FIIs)\"],\"inLanguage\":\"pt-BR\"},{\"@type\":\"WebPage\",\"@id\":\"https:\/\/www.suno.com.br\/noticias\/colunas\/rodrigo-amato\/resolucao-cvm-175-cotistas-protecao\/\",\"url\":\"https:\/\/www.suno.com.br\/noticias\/colunas\/rodrigo-amato\/resolucao-cvm-175-cotistas-protecao\/\",\"name\":\"Resolu\u00e7\u00e3o CVM 175: mais prote\u00e7\u00e3o aos cotistas de fundos - Suno Not\u00edcias\",\"isPartOf\":{\"@id\":\"https:\/\/www.suno.com.br\/noticias\/#website\"},\"primaryImageOfPage\":{\"@id\":\"https:\/\/www.suno.com.br\/noticias\/colunas\/rodrigo-amato\/resolucao-cvm-175-cotistas-protecao\/#primaryimage\"},\"image\":{\"@id\":\"https:\/\/www.suno.com.br\/noticias\/colunas\/rodrigo-amato\/resolucao-cvm-175-cotistas-protecao\/#primaryimage\"},\"thumbnailUrl\":\"https:\/\/files.sunoresearch.com.br\/n\/uploads\/2022\/11\/quinta-3.jpg\",\"datePublished\":\"2023-02-06T11:00:00+00:00\",\"description\":\"A iniciativa, que teve v\u00e1rias consultas p\u00fablicas ao longo do ano passado, tamb\u00e9m faz parte do arcabou\u00e7o de moderniza\u00e7\u00e3o do mercado de capitais\",\"breadcrumb\":{\"@id\":\"https:\/\/www.suno.com.br\/noticias\/colunas\/rodrigo-amato\/resolucao-cvm-175-cotistas-protecao\/#breadcrumb\"},\"inLanguage\":\"pt-BR\",\"potentialAction\":[{\"@type\":\"ReadAction\",\"target\":[\"https:\/\/www.suno.com.br\/noticias\/colunas\/rodrigo-amato\/resolucao-cvm-175-cotistas-protecao\/\"]}]},{\"@type\":\"ImageObject\",\"inLanguage\":\"pt-BR\",\"@id\":\"https:\/\/www.suno.com.br\/noticias\/colunas\/rodrigo-amato\/resolucao-cvm-175-cotistas-protecao\/#primaryimage\",\"url\":\"https:\/\/files.sunoresearch.com.br\/n\/uploads\/2022\/11\/quinta-3.jpg\",\"contentUrl\":\"https:\/\/files.sunoresearch.com.br\/n\/uploads\/2022\/11\/quinta-3.jpg\",\"width\":1280,\"height\":853,\"caption\":\"Fundos imobili\u00e1rios\"},{\"@type\":\"BreadcrumbList\",\"@id\":\"https:\/\/www.suno.com.br\/noticias\/colunas\/rodrigo-amato\/resolucao-cvm-175-cotistas-protecao\/#breadcrumb\",\"itemListElement\":[{\"@type\":\"ListItem\",\"position\":1,\"name\":\"Not\u00edcias\",\"item\":\"https:\/\/www.suno.com.br\/noticias\/\"},{\"@type\":\"ListItem\",\"position\":2,\"name\":\"Colunas\",\"item\":\"https:\/\/www.suno.com.br\/noticias\/colunas\/\"},{\"@type\":\"ListItem\",\"position\":3,\"name\":\"Resolu\u00e7\u00e3o CVM 175: mais prote\u00e7\u00e3o aos cotistas de fundos\"}]},{\"@type\":\"WebSite\",\"@id\":\"https:\/\/www.suno.com.br\/noticias\/#website\",\"url\":\"https:\/\/www.suno.com.br\/noticias\/\",\"name\":\"Suno Not\u00edcias\",\"description\":\"Seu portal de informa\u00e7\u00e3o sobre o mundo dos investimentos\",\"publisher\":{\"@id\":\"https:\/\/www.suno.com.br\/noticias\/#organization\"},\"potentialAction\":[{\"@type\":\"SearchAction\",\"target\":{\"@type\":\"EntryPoint\",\"urlTemplate\":\"https:\/\/www.suno.com.br\/noticias\/?s={search_term_string}\"},\"query-input\":{\"@type\":\"PropertyValueSpecification\",\"valueRequired\":true,\"valueName\":\"search_term_string\"}}],\"inLanguage\":\"pt-BR\"},{\"@type\":\"Organization\",\"@id\":\"https:\/\/www.suno.com.br\/noticias\/#organization\",\"name\":\"Suno Not\u00edcias\",\"url\":\"https:\/\/www.suno.com.br\/noticias\/\",\"logo\":{\"@type\":\"ImageObject\",\"inLanguage\":\"pt-BR\",\"@id\":\"https:\/\/www.suno.com.br\/noticias\/#\/schema\/logo\/image\/\",\"url\":\"https:\/\/files.sunoresearch.com.br\/n\/uploads\/2021\/09\/suno-logo.png\",\"contentUrl\":\"https:\/\/files.sunoresearch.com.br\/n\/uploads\/2021\/09\/suno-logo.png\",\"width\":180,\"height\":180,\"caption\":\"Suno Not\u00edcias\"},\"image\":{\"@id\":\"https:\/\/www.suno.com.br\/noticias\/#\/schema\/logo\/image\/\"},\"sameAs\":[\"https:\/\/facebook.com\/sunoresearch\",\"https:\/\/x.com\/sunoresearch\",\"https:\/\/www.instagram.com\/suno\",\"https:\/\/www.linkedin.com\/company\/suno-research\/\",\"https:\/\/www.youtube.com\/c\/sunoresearch\"]},{\"@type\":\"Person\",\"@id\":\"https:\/\/www.suno.com.br\/noticias\/#\/schema\/person\/c8f66d046654c3876829fba1fdcfcf61\",\"name\":\"Rodrigo Amato\",\"image\":{\"@type\":\"ImageObject\",\"inLanguage\":\"pt-BR\",\"@id\":\"https:\/\/www.suno.com.br\/noticias\/#\/schema\/person\/image\/\",\"url\":\"https:\/\/secure.gravatar.com\/avatar\/ab183a34f6146f1f7f37662e153fe6b1?s=96&r=g\",\"contentUrl\":\"https:\/\/secure.gravatar.com\/avatar\/ab183a34f6146f1f7f37662e153fe6b1?s=96&r=g\",\"caption\":\"Rodrigo Amato\"},\"description\":\"Fundador e CEO da Laqus, empresa de tecnologia com ampla experi\u00eancia em assuntos relacionados \u00e0 tesouraria e gest\u00e3o de risco. Em junho de 2021, obteve a homologa\u00e7\u00e3o junto \u00e0 Comiss\u00e3o de Valores Mobili\u00e1rios (CVM) para atuar como Central Deposit\u00e1ria de Valores Mobili\u00e1rios, sendo a \u00fanica companhia al\u00e9m da B3 autorizada a operar neste mercado.\",\"sameAs\":[\"https:\/\/www.mark2market.com.br\/\",\"https:\/\/www.linkedin.com\/company\/mark2market\/\"],\"url\":\"https:\/\/www.suno.com.br\/noticias\/author\/rodrigo-amato\/\"}]}<\/script>\n<!-- \/ Yoast SEO plugin. -->","yoast_head_json":{"title":"Resolu\u00e7\u00e3o CVM 175: mais prote\u00e7\u00e3o aos cotistas de fundos - Suno Not\u00edcias","description":"A iniciativa, que teve v\u00e1rias consultas p\u00fablicas ao longo do ano passado, tamb\u00e9m faz parte do arcabou\u00e7o de moderniza\u00e7\u00e3o do mercado de capitais","robots":{"index":"index","follow":"follow","max-snippet":"max-snippet:-1","max-image-preview":"max-image-preview:large","max-video-preview":"max-video-preview:-1"},"canonical":"https:\/\/www.suno.com.br\/noticias\/colunas\/rodrigo-amato\/resolucao-cvm-175-cotistas-protecao\/","og_locale":"pt_BR","og_type":"article","og_title":"Resolu\u00e7\u00e3o CVM 175: mais prote\u00e7\u00e3o aos cotistas de fundos - Suno Not\u00edcias","og_description":"A iniciativa, que teve v\u00e1rias consultas p\u00fablicas ao longo do ano passado, tamb\u00e9m faz parte do arcabou\u00e7o de moderniza\u00e7\u00e3o do mercado de capitais","og_url":"https:\/\/www.suno.com.br\/noticias\/colunas\/rodrigo-amato\/resolucao-cvm-175-cotistas-protecao\/","og_site_name":"Suno Not\u00edcias","article_publisher":"https:\/\/facebook.com\/sunoresearch","og_image":[{"width":1280,"height":853,"url":"https:\/\/files.sunoresearch.com.br\/n\/uploads\/2022\/11\/quinta-3.jpg","type":"image\/jpeg"}],"twitter_card":"summary_large_image","twitter_site":"@sunoresearch","twitter_misc":{"Est. tempo de leitura":"3 minutos"},"schema":{"@context":"https:\/\/schema.org","@graph":[{"@type":"Article","@id":"https:\/\/www.suno.com.br\/noticias\/colunas\/rodrigo-amato\/resolucao-cvm-175-cotistas-protecao\/#article","isPartOf":{"@id":"https:\/\/www.suno.com.br\/noticias\/colunas\/rodrigo-amato\/resolucao-cvm-175-cotistas-protecao\/"},"author":{"name":"Rodrigo Amato","@id":"https:\/\/www.suno.com.br\/noticias\/#\/schema\/person\/c8f66d046654c3876829fba1fdcfcf61"},"headline":"Resolu\u00e7\u00e3o CVM 175: mais prote\u00e7\u00e3o aos cotistas de fundos","datePublished":"2023-02-06T11:00:00+00:00","mainEntityOfPage":{"@id":"https:\/\/www.suno.com.br\/noticias\/colunas\/rodrigo-amato\/resolucao-cvm-175-cotistas-protecao\/"},"wordCount":518,"publisher":{"@id":"https:\/\/www.suno.com.br\/noticias\/#organization"},"image":{"@id":"https:\/\/www.suno.com.br\/noticias\/colunas\/rodrigo-amato\/resolucao-cvm-175-cotistas-protecao\/#primaryimage"},"thumbnailUrl":"https:\/\/files.sunoresearch.com.br\/n\/uploads\/2022\/11\/quinta-3.jpg","keywords":["Anbima","Fundos de investimento","Fundos Imobili\u00e1rios (FIIs)"],"inLanguage":"pt-BR"},{"@type":"WebPage","@id":"https:\/\/www.suno.com.br\/noticias\/colunas\/rodrigo-amato\/resolucao-cvm-175-cotistas-protecao\/","url":"https:\/\/www.suno.com.br\/noticias\/colunas\/rodrigo-amato\/resolucao-cvm-175-cotistas-protecao\/","name":"Resolu\u00e7\u00e3o CVM 175: mais prote\u00e7\u00e3o aos cotistas de fundos - Suno Not\u00edcias","isPartOf":{"@id":"https:\/\/www.suno.com.br\/noticias\/#website"},"primaryImageOfPage":{"@id":"https:\/\/www.suno.com.br\/noticias\/colunas\/rodrigo-amato\/resolucao-cvm-175-cotistas-protecao\/#primaryimage"},"image":{"@id":"https:\/\/www.suno.com.br\/noticias\/colunas\/rodrigo-amato\/resolucao-cvm-175-cotistas-protecao\/#primaryimage"},"thumbnailUrl":"https:\/\/files.sunoresearch.com.br\/n\/uploads\/2022\/11\/quinta-3.jpg","datePublished":"2023-02-06T11:00:00+00:00","description":"A iniciativa, que teve v\u00e1rias consultas p\u00fablicas ao longo do ano passado, tamb\u00e9m faz parte do arcabou\u00e7o de moderniza\u00e7\u00e3o do mercado de capitais","breadcrumb":{"@id":"https:\/\/www.suno.com.br\/noticias\/colunas\/rodrigo-amato\/resolucao-cvm-175-cotistas-protecao\/#breadcrumb"},"inLanguage":"pt-BR","potentialAction":[{"@type":"ReadAction","target":["https:\/\/www.suno.com.br\/noticias\/colunas\/rodrigo-amato\/resolucao-cvm-175-cotistas-protecao\/"]}]},{"@type":"ImageObject","inLanguage":"pt-BR","@id":"https:\/\/www.suno.com.br\/noticias\/colunas\/rodrigo-amato\/resolucao-cvm-175-cotistas-protecao\/#primaryimage","url":"https:\/\/files.sunoresearch.com.br\/n\/uploads\/2022\/11\/quinta-3.jpg","contentUrl":"https:\/\/files.sunoresearch.com.br\/n\/uploads\/2022\/11\/quinta-3.jpg","width":1280,"height":853,"caption":"Fundos imobili\u00e1rios"},{"@type":"BreadcrumbList","@id":"https:\/\/www.suno.com.br\/noticias\/colunas\/rodrigo-amato\/resolucao-cvm-175-cotistas-protecao\/#breadcrumb","itemListElement":[{"@type":"ListItem","position":1,"name":"Not\u00edcias","item":"https:\/\/www.suno.com.br\/noticias\/"},{"@type":"ListItem","position":2,"name":"Colunas","item":"https:\/\/www.suno.com.br\/noticias\/colunas\/"},{"@type":"ListItem","position":3,"name":"Resolu\u00e7\u00e3o CVM 175: mais prote\u00e7\u00e3o aos cotistas de fundos"}]},{"@type":"WebSite","@id":"https:\/\/www.suno.com.br\/noticias\/#website","url":"https:\/\/www.suno.com.br\/noticias\/","name":"Suno Not\u00edcias","description":"Seu portal de informa\u00e7\u00e3o sobre o mundo dos investimentos","publisher":{"@id":"https:\/\/www.suno.com.br\/noticias\/#organization"},"potentialAction":[{"@type":"SearchAction","target":{"@type":"EntryPoint","urlTemplate":"https:\/\/www.suno.com.br\/noticias\/?s={search_term_string}"},"query-input":{"@type":"PropertyValueSpecification","valueRequired":true,"valueName":"search_term_string"}}],"inLanguage":"pt-BR"},{"@type":"Organization","@id":"https:\/\/www.suno.com.br\/noticias\/#organization","name":"Suno Not\u00edcias","url":"https:\/\/www.suno.com.br\/noticias\/","logo":{"@type":"ImageObject","inLanguage":"pt-BR","@id":"https:\/\/www.suno.com.br\/noticias\/#\/schema\/logo\/image\/","url":"https:\/\/files.sunoresearch.com.br\/n\/uploads\/2021\/09\/suno-logo.png","contentUrl":"https:\/\/files.sunoresearch.com.br\/n\/uploads\/2021\/09\/suno-logo.png","width":180,"height":180,"caption":"Suno Not\u00edcias"},"image":{"@id":"https:\/\/www.suno.com.br\/noticias\/#\/schema\/logo\/image\/"},"sameAs":["https:\/\/facebook.com\/sunoresearch","https:\/\/x.com\/sunoresearch","https:\/\/www.instagram.com\/suno","https:\/\/www.linkedin.com\/company\/suno-research\/","https:\/\/www.youtube.com\/c\/sunoresearch"]},{"@type":"Person","@id":"https:\/\/www.suno.com.br\/noticias\/#\/schema\/person\/c8f66d046654c3876829fba1fdcfcf61","name":"Rodrigo Amato","image":{"@type":"ImageObject","inLanguage":"pt-BR","@id":"https:\/\/www.suno.com.br\/noticias\/#\/schema\/person\/image\/","url":"https:\/\/secure.gravatar.com\/avatar\/ab183a34f6146f1f7f37662e153fe6b1?s=96&r=g","contentUrl":"https:\/\/secure.gravatar.com\/avatar\/ab183a34f6146f1f7f37662e153fe6b1?s=96&r=g","caption":"Rodrigo Amato"},"description":"Fundador e CEO da Laqus, empresa de tecnologia com ampla experi\u00eancia em assuntos relacionados \u00e0 tesouraria e gest\u00e3o de risco. Em junho de 2021, obteve a homologa\u00e7\u00e3o junto \u00e0 Comiss\u00e3o de Valores Mobili\u00e1rios (CVM) para atuar como Central Deposit\u00e1ria de Valores Mobili\u00e1rios, sendo a \u00fanica companhia al\u00e9m da B3 autorizada a operar neste mercado.","sameAs":["https:\/\/www.mark2market.com.br\/","https:\/\/www.linkedin.com\/company\/mark2market\/"],"url":"https:\/\/www.suno.com.br\/noticias\/author\/rodrigo-amato\/"}]}},"amp_enabled":true,"_links":{"self":[{"href":"https:\/\/www.suno.com.br\/noticias\/wp-json\/wp\/v2\/suno_column\/358418"}],"collection":[{"href":"https:\/\/www.suno.com.br\/noticias\/wp-json\/wp\/v2\/suno_column"}],"about":[{"href":"https:\/\/www.suno.com.br\/noticias\/wp-json\/wp\/v2\/types\/suno_column"}],"author":[{"embeddable":true,"href":"https:\/\/www.suno.com.br\/noticias\/wp-json\/wp\/v2\/users\/84"}],"wp:featuredmedia":[{"embeddable":true,"href":"https:\/\/www.suno.com.br\/noticias\/wp-json\/wp\/v2\/media\/324523"}],"wp:attachment":[{"href":"https:\/\/www.suno.com.br\/noticias\/wp-json\/wp\/v2\/media?parent=358418"}],"wp:term":[{"taxonomy":"post_tag","embeddable":true,"href":"https:\/\/www.suno.com.br\/noticias\/wp-json\/wp\/v2\/tags?post=358418"}],"curies":[{"name":"wp","href":"https:\/\/api.w.org\/{rel}","templated":true}]}}