{"id":351816,"date":"2023-01-25T08:00:00","date_gmt":"2023-01-25T11:00:00","guid":{"rendered":"https:\/\/www.suno.com.br\/noticias\/colunas\/marco-lopes\/\/"},"modified":"2023-01-24T21:53:45","modified_gmt":"2023-01-25T00:53:45","slug":"startups-esg-e-a-construcao-do-futuro","status":"publish","type":"suno_column","link":"https:\/\/www.suno.com.br\/noticias\/colunas\/carolina-cabral\/startups-esg-e-a-construcao-do-futuro\/","title":{"rendered":"Startups, ESG e a constru\u00e7\u00e3o do futuro"},"content":{"rendered":"<p>O <strong>mercado de <a href=\"https:\/\/www.suno.com.br\/noticias\/startups\/\">startups<\/a><\/strong> nunca foi t\u00e3o concorrido: em 2022, o Brasil registrou 11.562 delas, de acordo com um levantamento da Cortex. A pesquisa ainda mostrou que, desse total, 28% s\u00e3o do segmento de Tecnologia da Informa\u00e7\u00e3o, 22% da \u00e1rea de servi\u00e7os e 16% do varejo; 11% s\u00e3o da \u00e1rea industrial e 6% da financeira. S\u00f3 o Estado de S\u00e3o Paulo concentra 50% do total de empresas com este perfil.<\/p>\t<div class=\"wrapper-featured-image\">\n\t\t<figure class=\"spotlightImg\">\n\n\t\t\t<picture>\n\t\t\t\t<source media=\"(max-width: 768px)\" srcset=\"https:\/\/files.sunoresearch.com.br\/n\/uploads\/2022\/08\/semana-esg-final-400x200.jpg\">\n\t\t\t\t<img loading=\"lazy\" decoding=\"async\" class=\"newsContent__article__imgCapa lazyloadDisabled \" src=\"https:\/\/files.sunoresearch.com.br\/n\/uploads\/2022\/08\/semana-esg-final-800x450.jpg\" width=\"800\" height=\"450\" alt=\"Startups, ESG e a constru\u00e7\u00e3o do futuro\" fetchpriority=high \/>\n\t\t\t<\/picture>\n\n\t\t\t<figcaption class=\"wp-caption-text wp-caption-text--show\">ESG - Fonte: Canva<\/figcaption>\n\t\t<\/figure>\n\t<\/div>\n\n\n\n\n\n\t<p>\n\t\t<a href=\"\" target=\"_blank\" data-element=\"shortcode-suno-banner\" title=\"Banner SUNO, clique e saiba mais\">\n\t\t\t<picture>\n\t\t\t\t<source media=\"(max-width: 500px)\" srcset=\"\">\n\t\t\t\t<img class=\"newsContent__article__imgCapa newsContent__article__imgCapa--banner\"\n\t\t\t\t\tsrc=\"\"\n\t\t\t\t\tdata-promo-id=\"341301\"\t\t\t\t\t\t\t\t\t\t\t\t\t\t\talt=\"\"\n\t\t\t\t>\n\t\t\t<\/picture>\n\t\t<\/a>\n\t<\/p>\n\n\n\n\n\n<p>D\u00e1 para entender agora por que \u00e9 t\u00e3o importante iniciar as opera\u00e7\u00f5es com o p\u00e9 direito, e isso passa invariavelmente por mergulhar de cabe\u00e7a e levar a s\u00e9rio <strong><a href=\"https:\/\/www.suno.com.br\/guias\/esg\/\">pol\u00edticas ESG<\/a><\/strong> &#8211; sobretudo por causa da necessidade de capta\u00e7\u00e3o de recursos. A raz\u00e3o \u00e9 simples: empresas negligentes com o meio ambiente e com a sociedade n\u00e3o s\u00e3o vistas com bons olhos pelo mercado.<\/p>\n\n\n\n<p>Um estudo feito pela plataforma Distrito, denominado Inside ESG Tech Report, indicou que as startups focadas em <strong>solu\u00e7\u00f5es ESG<\/strong> captaram US$ 991 milh\u00f5es (cerca de R$ 5,48 bilh\u00f5es), desde 2011. V\u00e1rias delas s\u00e3o do tipo B2B, ou seja, atendem outras empresas, como Ambev, Natura, Votorantim e Ita\u00fa. Esses valores tendem a crescer cada vez mais, de acordo com as proje\u00e7\u00f5es. Dados da PwC d\u00e3o conta de que o investimento em neg\u00f3cios que se preocupam com as pessoas e com o planeta deve atingir US$ 4,3 trilh\u00f5es at\u00e9 2030.<\/p>\n\n\n\n<p>A grande quest\u00e3o \u00e9 que muitas empresas nascem sem um planejamento concreto voltado para essa mentalidade. Embora os empreendedores saibam da <strong>import\u00e2ncia do ESG<\/strong> para os neg\u00f3cios e tenham interesse em desenvolver iniciativas nesse sentido, a ades\u00e3o \u00e0s boas pr\u00e1ticas ainda \u00e9 limitada. Falta direcionamento e h\u00e1 muitos desencontros entre inten\u00e7\u00e3o e a\u00e7\u00e3o efetiva. Em muitos casos, h\u00e1 iniciativas, mas falta uma estrat\u00e9gia que integre as boas pr\u00e1ticas.<\/p>\n\n\n\n<p>Mas, afinal, como as startups podem aplicar mais o ESG e se empenharem nessas a\u00e7\u00f5es?<\/p>\n\n\n\n<p>Primeiro, \u00e9 preciso ter em mente que o ESG \u00e9 uma sigla que vem do ingl\u00eas Environmental, Social and Corporate Governance, que pode ser traduzida para Governan\u00e7a Ambiental, Social e Corporativa. Ou seja, \u00e9 preciso considerar esses tr\u00eas pilares na hora de planejar.<\/p>\n\n\n\n<p>No que tange \u00e0 <strong>quest\u00e3o ambiental<\/strong>, h\u00e1 muitas iniciativas que podem ser aplicadas, como a log\u00edstica reversa (reutilizando materiais que chegaram ao fim do seu ciclo produtivo), a energia renov\u00e1vel (investindo em fontes de energia limpa, como fotovoltaica, e\u00f3lica, entre outras) e a redu\u00e7\u00e3o do consumo (adotando tamb\u00e9m pr\u00e1ticas de consumo consciente, seja no ambiente interno ou na fabrica\u00e7\u00e3o de seus produtos). A rela\u00e7\u00e3o entre o ESG e o meio ambiente \u00e9 umbilical, uma vez que o valor de uma empresa est\u00e1 atrelado n\u00e3o somente a <strong>resultados financeiros<\/strong>, mas tamb\u00e9m a conquistas n\u00e3o materiais que refletem a miss\u00e3o e os prop\u00f3sitos de uma marca e a contribui\u00e7\u00e3o dela para a sociedade.<\/p>\n\n\n\n<p>Sobre as quest\u00f5es sociais, h\u00e1 muitas a\u00e7\u00f5es que podem melhorar a rela\u00e7\u00e3o da empresa com a sociedade. Projetos sociais, de diversidade e inclus\u00e3o e tamb\u00e9m de preserva\u00e7\u00e3o de dados &#8211; o leque \u00e9 muito grande, principalmente porque as iniciativas podem ser direcionadas para a comunidade, para os clientes e tamb\u00e9m para os pr\u00f3prios colaboradores. Inclusive, no eixo Social encontra-se tamb\u00e9m a rela\u00e7\u00e3o com fornecedores. Avali\u00e1-los do ponto de vista dos<strong> crit\u00e9rios em ESG<\/strong> em rela\u00e7\u00e3o a trabalho infantil, trabalho escravo, atua\u00e7\u00e3o em \u00e1reas desmatadas ou queimadas, promovendo transpar\u00eancia na rela\u00e7\u00e3o, tamb\u00e9m faz parte da cultura ESG e \u00e9 algo valioso para o mercado.<\/p>\n\n\n\n<p>Na <strong>\u00e1rea de Governan\u00e7a<\/strong>, \u00e9 preciso contar com pr\u00e1ticas que promovam a transpar\u00eancia: mais do que divulgar informa\u00e7\u00f5es obrigat\u00f3rias, ela deve fazer parte da gest\u00e3o como um princ\u00edpio. Divulgar informa\u00e7\u00f5es claras, objetivas e compreens\u00edveis a todos os interessados em seu neg\u00f3cio. Para isso, a tecnologia pode trabalhar a nosso favor, apoiando na Gest\u00e3o da Governan\u00e7a Corporativa.<\/p>\n\n\n\n<p>As <strong>startups<\/strong> que nascem agora precisam saber que t\u00eam a responsabilidade de gerar impactos positivos na transforma\u00e7\u00e3o social e ambiental. Isso precisa mover os empreendedores, porque, no fim das contas, todos ganham: a startup, que consegue atrair capital; os investidores, que t\u00eam \u00f3timo Retorno Sobre o Investimento e a sociedade, que consegue suprir suas necessidades sem comprometer as gera\u00e7\u00f5es futuras. \u00c9 assim que esperamos construir o futuro.<\/p>\n","protected":false},"excerpt":{"rendered":"<p>O mercado de startups nunca foi t\u00e3o concorrido: em 2022, o Brasil registrou 11.562 delas, de acordo com um levantamento da Cortex. A pesquisa ainda mostrou que, desse &#8230;<\/p>\n","protected":false},"author":242,"featured_media":284127,"template":"","tags":[75364,708],"class_list":["post-351816","suno_column","type-suno_column","status-publish","has-post-thumbnail","hentry","tag-esg","tag-startups"],"yoast_head":"<!-- This site is optimized with the Yoast SEO plugin v24.4 - https:\/\/yoast.com\/wordpress\/plugins\/seo\/ -->\n<title>Startups, ESG e a constru\u00e7\u00e3o do futuro<\/title>\n<meta name=\"description\" content=\"\u00c9 importante iniciar as opera\u00e7\u00f5es com o p\u00e9 direito, e isso passa invariavelmente por mergulhar de cabe\u00e7a e levar a s\u00e9rio pol\u00edticas ESG\" \/>\n<meta name=\"robots\" content=\"index, follow, max-snippet:-1, max-image-preview:large, max-video-preview:-1\" \/>\n<link rel=\"canonical\" href=\"https:\/\/www.suno.com.br\/noticias\/colunas\/carolina-cabral\/startups-esg-e-a-construcao-do-futuro\/\" \/>\n<meta property=\"og:locale\" content=\"pt_BR\" \/>\n<meta property=\"og:type\" content=\"article\" \/>\n<meta property=\"og:title\" content=\"Startups, ESG e a constru\u00e7\u00e3o do futuro\" \/>\n<meta property=\"og:description\" content=\"\u00c9 importante iniciar as opera\u00e7\u00f5es com o p\u00e9 direito, e isso passa invariavelmente por mergulhar de cabe\u00e7a e levar a s\u00e9rio pol\u00edticas ESG\" \/>\n<meta property=\"og:url\" content=\"https:\/\/www.suno.com.br\/noticias\/colunas\/carolina-cabral\/startups-esg-e-a-construcao-do-futuro\/\" \/>\n<meta property=\"og:site_name\" content=\"Suno Not\u00edcias\" \/>\n<meta property=\"article:publisher\" content=\"https:\/\/facebook.com\/sunoresearch\" \/>\n<meta property=\"og:image\" content=\"https:\/\/files.sunoresearch.com.br\/n\/uploads\/2022\/08\/semana-esg-final.jpg\" \/>\n\t<meta property=\"og:image:width\" content=\"1200\" \/>\n\t<meta property=\"og:image:height\" content=\"800\" \/>\n\t<meta property=\"og:image:type\" content=\"image\/jpeg\" \/>\n<meta name=\"twitter:card\" content=\"summary_large_image\" \/>\n<meta name=\"twitter:site\" content=\"@sunoresearch\" \/>\n<meta name=\"twitter:label1\" content=\"Est. tempo de leitura\" \/>\n\t<meta name=\"twitter:data1\" content=\"4 minutos\" \/>\n<script type=\"application\/ld+json\" class=\"yoast-schema-graph\">{\"@context\":\"https:\/\/schema.org\",\"@graph\":[{\"@type\":\"Article\",\"@id\":\"https:\/\/www.suno.com.br\/noticias\/colunas\/carolina-cabral\/startups-esg-e-a-construcao-do-futuro\/#article\",\"isPartOf\":{\"@id\":\"https:\/\/www.suno.com.br\/noticias\/colunas\/carolina-cabral\/startups-esg-e-a-construcao-do-futuro\/\"},\"author\":{\"name\":\"Carolina Cabral\",\"@id\":\"https:\/\/www.suno.com.br\/noticias\/#\/schema\/person\/6c0830dbeb7a0a2190d3fc459290e6bd\"},\"headline\":\"Startups, ESG e a constru\u00e7\u00e3o do futuro\",\"datePublished\":\"2023-01-25T11:00:00+00:00\",\"mainEntityOfPage\":{\"@id\":\"https:\/\/www.suno.com.br\/noticias\/colunas\/carolina-cabral\/startups-esg-e-a-construcao-do-futuro\/\"},\"wordCount\":754,\"publisher\":{\"@id\":\"https:\/\/www.suno.com.br\/noticias\/#organization\"},\"image\":{\"@id\":\"https:\/\/www.suno.com.br\/noticias\/colunas\/carolina-cabral\/startups-esg-e-a-construcao-do-futuro\/#primaryimage\"},\"thumbnailUrl\":\"https:\/\/files.sunoresearch.com.br\/n\/uploads\/2022\/08\/semana-esg-final.jpg\",\"keywords\":[\"ESG\",\"startups\"],\"inLanguage\":\"pt-BR\"},{\"@type\":\"WebPage\",\"@id\":\"https:\/\/www.suno.com.br\/noticias\/colunas\/carolina-cabral\/startups-esg-e-a-construcao-do-futuro\/\",\"url\":\"https:\/\/www.suno.com.br\/noticias\/colunas\/carolina-cabral\/startups-esg-e-a-construcao-do-futuro\/\",\"name\":\"Startups, ESG e a constru\u00e7\u00e3o do futuro\",\"isPartOf\":{\"@id\":\"https:\/\/www.suno.com.br\/noticias\/#website\"},\"primaryImageOfPage\":{\"@id\":\"https:\/\/www.suno.com.br\/noticias\/colunas\/carolina-cabral\/startups-esg-e-a-construcao-do-futuro\/#primaryimage\"},\"image\":{\"@id\":\"https:\/\/www.suno.com.br\/noticias\/colunas\/carolina-cabral\/startups-esg-e-a-construcao-do-futuro\/#primaryimage\"},\"thumbnailUrl\":\"https:\/\/files.sunoresearch.com.br\/n\/uploads\/2022\/08\/semana-esg-final.jpg\",\"datePublished\":\"2023-01-25T11:00:00+00:00\",\"description\":\"\u00c9 importante iniciar as opera\u00e7\u00f5es com o p\u00e9 direito, e isso passa invariavelmente por mergulhar de cabe\u00e7a e levar a s\u00e9rio pol\u00edticas ESG\",\"breadcrumb\":{\"@id\":\"https:\/\/www.suno.com.br\/noticias\/colunas\/carolina-cabral\/startups-esg-e-a-construcao-do-futuro\/#breadcrumb\"},\"inLanguage\":\"pt-BR\",\"potentialAction\":[{\"@type\":\"ReadAction\",\"target\":[\"https:\/\/www.suno.com.br\/noticias\/colunas\/carolina-cabral\/startups-esg-e-a-construcao-do-futuro\/\"]}]},{\"@type\":\"ImageObject\",\"inLanguage\":\"pt-BR\",\"@id\":\"https:\/\/www.suno.com.br\/noticias\/colunas\/carolina-cabral\/startups-esg-e-a-construcao-do-futuro\/#primaryimage\",\"url\":\"https:\/\/files.sunoresearch.com.br\/n\/uploads\/2022\/08\/semana-esg-final.jpg\",\"contentUrl\":\"https:\/\/files.sunoresearch.com.br\/n\/uploads\/2022\/08\/semana-esg-final.jpg\",\"width\":1200,\"height\":800,\"caption\":\"ESG - Fonte: Canva\"},{\"@type\":\"BreadcrumbList\",\"@id\":\"https:\/\/www.suno.com.br\/noticias\/colunas\/carolina-cabral\/startups-esg-e-a-construcao-do-futuro\/#breadcrumb\",\"itemListElement\":[{\"@type\":\"ListItem\",\"position\":1,\"name\":\"Not\u00edcias\",\"item\":\"https:\/\/www.suno.com.br\/noticias\/\"},{\"@type\":\"ListItem\",\"position\":2,\"name\":\"Colunas\",\"item\":\"https:\/\/www.suno.com.br\/noticias\/colunas\/\"},{\"@type\":\"ListItem\",\"position\":3,\"name\":\"Startups, ESG e a constru\u00e7\u00e3o do futuro\"}]},{\"@type\":\"WebSite\",\"@id\":\"https:\/\/www.suno.com.br\/noticias\/#website\",\"url\":\"https:\/\/www.suno.com.br\/noticias\/\",\"name\":\"Suno Not\u00edcias\",\"description\":\"Seu portal de informa\u00e7\u00e3o sobre o mundo dos investimentos\",\"publisher\":{\"@id\":\"https:\/\/www.suno.com.br\/noticias\/#organization\"},\"potentialAction\":[{\"@type\":\"SearchAction\",\"target\":{\"@type\":\"EntryPoint\",\"urlTemplate\":\"https:\/\/www.suno.com.br\/noticias\/?s={search_term_string}\"},\"query-input\":{\"@type\":\"PropertyValueSpecification\",\"valueRequired\":true,\"valueName\":\"search_term_string\"}}],\"inLanguage\":\"pt-BR\"},{\"@type\":\"Organization\",\"@id\":\"https:\/\/www.suno.com.br\/noticias\/#organization\",\"name\":\"Suno Not\u00edcias\",\"url\":\"https:\/\/www.suno.com.br\/noticias\/\",\"logo\":{\"@type\":\"ImageObject\",\"inLanguage\":\"pt-BR\",\"@id\":\"https:\/\/www.suno.com.br\/noticias\/#\/schema\/logo\/image\/\",\"url\":\"https:\/\/files.sunoresearch.com.br\/n\/uploads\/2021\/09\/suno-logo.png\",\"contentUrl\":\"https:\/\/files.sunoresearch.com.br\/n\/uploads\/2021\/09\/suno-logo.png\",\"width\":180,\"height\":180,\"caption\":\"Suno Not\u00edcias\"},\"image\":{\"@id\":\"https:\/\/www.suno.com.br\/noticias\/#\/schema\/logo\/image\/\"},\"sameAs\":[\"https:\/\/facebook.com\/sunoresearch\",\"https:\/\/x.com\/sunoresearch\",\"https:\/\/www.instagram.com\/suno\",\"https:\/\/www.linkedin.com\/company\/suno-research\/\",\"https:\/\/www.youtube.com\/c\/sunoresearch\"]},{\"@type\":\"Person\",\"@id\":\"https:\/\/www.suno.com.br\/noticias\/#\/schema\/person\/6c0830dbeb7a0a2190d3fc459290e6bd\",\"name\":\"Carolina Cabral\",\"image\":{\"@type\":\"ImageObject\",\"inLanguage\":\"pt-BR\",\"@id\":\"https:\/\/www.suno.com.br\/noticias\/#\/schema\/person\/image\/\",\"url\":\"https:\/\/secure.gravatar.com\/avatar\/dbec7100998f8a32e834ab3a98b2d608?s=96&r=g\",\"contentUrl\":\"https:\/\/secure.gravatar.com\/avatar\/dbec7100998f8a32e834ab3a98b2d608?s=96&r=g\",\"caption\":\"Carolina Cabral\"},\"description\":\"Carolina Cabral \u00e9 m\u00e3e do Gustavo e esposa da Patricia. Nascida em Joinville (SC), formada em Administra\u00e7\u00e3o. Ingressou na Nimbi em 2006 como estagi\u00e1ria no escrit\u00f3rio localizado na Cidade de Joinville (SC), a CEO tinha apenas 19 anos. Ela passou por grandes projetos nas Cidades de Curitiba (PR), Londrina (PR), Rio de Janeiro (RJ) e S\u00e3o Paulo (SP) em \u00e1reas como BPO, Central de Compras, Leil\u00e3o, Consultoria de Compras, Log\u00edstica, Implanta\u00e7\u00e3o, Relacionamento com o Cliente, Comercial e Marketing. Ap\u00f3s 15 anos chegou a posi\u00e7\u00e3o de CEO da companhia repleta de desafios. A Nimbi \u00e9 uma empresa de Tecnologia, que tem como objetivo impulsionar a economia por meio da democratiza\u00e7\u00e3o do acesso a solu\u00e7\u00f5es tecnol\u00f3gicas para Procurement, trazendo mais efici\u00eancia e competitividade para empresas de todos os tamanhos. Atualmente, a empresa conta com 100 colaboradores e o clima de oportunidade e diversidade \u00e9 um dos diferenciais da companhia para manter o seu crescimento\",\"sameAs\":[\"https:\/\/nimbi.com.br\/\",\"https:\/\/www.linkedin.com\/in\/carolina-cabral-b7603938\/\"],\"url\":\"https:\/\/www.suno.com.br\/noticias\/author\/carolina-cabral\/\"}]}<\/script>\n<!-- \/ Yoast SEO plugin. -->","yoast_head_json":{"title":"Startups, ESG e a constru\u00e7\u00e3o do futuro","description":"\u00c9 importante iniciar as opera\u00e7\u00f5es com o p\u00e9 direito, e isso passa invariavelmente por mergulhar de cabe\u00e7a e levar a s\u00e9rio pol\u00edticas ESG","robots":{"index":"index","follow":"follow","max-snippet":"max-snippet:-1","max-image-preview":"max-image-preview:large","max-video-preview":"max-video-preview:-1"},"canonical":"https:\/\/www.suno.com.br\/noticias\/colunas\/carolina-cabral\/startups-esg-e-a-construcao-do-futuro\/","og_locale":"pt_BR","og_type":"article","og_title":"Startups, ESG e a constru\u00e7\u00e3o do futuro","og_description":"\u00c9 importante iniciar as opera\u00e7\u00f5es com o p\u00e9 direito, e isso passa invariavelmente por mergulhar de cabe\u00e7a e levar a s\u00e9rio pol\u00edticas ESG","og_url":"https:\/\/www.suno.com.br\/noticias\/colunas\/carolina-cabral\/startups-esg-e-a-construcao-do-futuro\/","og_site_name":"Suno Not\u00edcias","article_publisher":"https:\/\/facebook.com\/sunoresearch","og_image":[{"width":1200,"height":800,"url":"https:\/\/files.sunoresearch.com.br\/n\/uploads\/2022\/08\/semana-esg-final.jpg","type":"image\/jpeg"}],"twitter_card":"summary_large_image","twitter_site":"@sunoresearch","twitter_misc":{"Est. tempo de leitura":"4 minutos"},"schema":{"@context":"https:\/\/schema.org","@graph":[{"@type":"Article","@id":"https:\/\/www.suno.com.br\/noticias\/colunas\/carolina-cabral\/startups-esg-e-a-construcao-do-futuro\/#article","isPartOf":{"@id":"https:\/\/www.suno.com.br\/noticias\/colunas\/carolina-cabral\/startups-esg-e-a-construcao-do-futuro\/"},"author":{"name":"Carolina Cabral","@id":"https:\/\/www.suno.com.br\/noticias\/#\/schema\/person\/6c0830dbeb7a0a2190d3fc459290e6bd"},"headline":"Startups, ESG e a constru\u00e7\u00e3o do futuro","datePublished":"2023-01-25T11:00:00+00:00","mainEntityOfPage":{"@id":"https:\/\/www.suno.com.br\/noticias\/colunas\/carolina-cabral\/startups-esg-e-a-construcao-do-futuro\/"},"wordCount":754,"publisher":{"@id":"https:\/\/www.suno.com.br\/noticias\/#organization"},"image":{"@id":"https:\/\/www.suno.com.br\/noticias\/colunas\/carolina-cabral\/startups-esg-e-a-construcao-do-futuro\/#primaryimage"},"thumbnailUrl":"https:\/\/files.sunoresearch.com.br\/n\/uploads\/2022\/08\/semana-esg-final.jpg","keywords":["ESG","startups"],"inLanguage":"pt-BR"},{"@type":"WebPage","@id":"https:\/\/www.suno.com.br\/noticias\/colunas\/carolina-cabral\/startups-esg-e-a-construcao-do-futuro\/","url":"https:\/\/www.suno.com.br\/noticias\/colunas\/carolina-cabral\/startups-esg-e-a-construcao-do-futuro\/","name":"Startups, ESG e a constru\u00e7\u00e3o do futuro","isPartOf":{"@id":"https:\/\/www.suno.com.br\/noticias\/#website"},"primaryImageOfPage":{"@id":"https:\/\/www.suno.com.br\/noticias\/colunas\/carolina-cabral\/startups-esg-e-a-construcao-do-futuro\/#primaryimage"},"image":{"@id":"https:\/\/www.suno.com.br\/noticias\/colunas\/carolina-cabral\/startups-esg-e-a-construcao-do-futuro\/#primaryimage"},"thumbnailUrl":"https:\/\/files.sunoresearch.com.br\/n\/uploads\/2022\/08\/semana-esg-final.jpg","datePublished":"2023-01-25T11:00:00+00:00","description":"\u00c9 importante iniciar as opera\u00e7\u00f5es com o p\u00e9 direito, e isso passa invariavelmente por mergulhar de cabe\u00e7a e levar a s\u00e9rio pol\u00edticas ESG","breadcrumb":{"@id":"https:\/\/www.suno.com.br\/noticias\/colunas\/carolina-cabral\/startups-esg-e-a-construcao-do-futuro\/#breadcrumb"},"inLanguage":"pt-BR","potentialAction":[{"@type":"ReadAction","target":["https:\/\/www.suno.com.br\/noticias\/colunas\/carolina-cabral\/startups-esg-e-a-construcao-do-futuro\/"]}]},{"@type":"ImageObject","inLanguage":"pt-BR","@id":"https:\/\/www.suno.com.br\/noticias\/colunas\/carolina-cabral\/startups-esg-e-a-construcao-do-futuro\/#primaryimage","url":"https:\/\/files.sunoresearch.com.br\/n\/uploads\/2022\/08\/semana-esg-final.jpg","contentUrl":"https:\/\/files.sunoresearch.com.br\/n\/uploads\/2022\/08\/semana-esg-final.jpg","width":1200,"height":800,"caption":"ESG - Fonte: Canva"},{"@type":"BreadcrumbList","@id":"https:\/\/www.suno.com.br\/noticias\/colunas\/carolina-cabral\/startups-esg-e-a-construcao-do-futuro\/#breadcrumb","itemListElement":[{"@type":"ListItem","position":1,"name":"Not\u00edcias","item":"https:\/\/www.suno.com.br\/noticias\/"},{"@type":"ListItem","position":2,"name":"Colunas","item":"https:\/\/www.suno.com.br\/noticias\/colunas\/"},{"@type":"ListItem","position":3,"name":"Startups, ESG e a constru\u00e7\u00e3o do futuro"}]},{"@type":"WebSite","@id":"https:\/\/www.suno.com.br\/noticias\/#website","url":"https:\/\/www.suno.com.br\/noticias\/","name":"Suno Not\u00edcias","description":"Seu portal de informa\u00e7\u00e3o sobre o mundo dos investimentos","publisher":{"@id":"https:\/\/www.suno.com.br\/noticias\/#organization"},"potentialAction":[{"@type":"SearchAction","target":{"@type":"EntryPoint","urlTemplate":"https:\/\/www.suno.com.br\/noticias\/?s={search_term_string}"},"query-input":{"@type":"PropertyValueSpecification","valueRequired":true,"valueName":"search_term_string"}}],"inLanguage":"pt-BR"},{"@type":"Organization","@id":"https:\/\/www.suno.com.br\/noticias\/#organization","name":"Suno Not\u00edcias","url":"https:\/\/www.suno.com.br\/noticias\/","logo":{"@type":"ImageObject","inLanguage":"pt-BR","@id":"https:\/\/www.suno.com.br\/noticias\/#\/schema\/logo\/image\/","url":"https:\/\/files.sunoresearch.com.br\/n\/uploads\/2021\/09\/suno-logo.png","contentUrl":"https:\/\/files.sunoresearch.com.br\/n\/uploads\/2021\/09\/suno-logo.png","width":180,"height":180,"caption":"Suno Not\u00edcias"},"image":{"@id":"https:\/\/www.suno.com.br\/noticias\/#\/schema\/logo\/image\/"},"sameAs":["https:\/\/facebook.com\/sunoresearch","https:\/\/x.com\/sunoresearch","https:\/\/www.instagram.com\/suno","https:\/\/www.linkedin.com\/company\/suno-research\/","https:\/\/www.youtube.com\/c\/sunoresearch"]},{"@type":"Person","@id":"https:\/\/www.suno.com.br\/noticias\/#\/schema\/person\/6c0830dbeb7a0a2190d3fc459290e6bd","name":"Carolina Cabral","image":{"@type":"ImageObject","inLanguage":"pt-BR","@id":"https:\/\/www.suno.com.br\/noticias\/#\/schema\/person\/image\/","url":"https:\/\/secure.gravatar.com\/avatar\/dbec7100998f8a32e834ab3a98b2d608?s=96&r=g","contentUrl":"https:\/\/secure.gravatar.com\/avatar\/dbec7100998f8a32e834ab3a98b2d608?s=96&r=g","caption":"Carolina Cabral"},"description":"Carolina Cabral \u00e9 m\u00e3e do Gustavo e esposa da Patricia. Nascida em Joinville (SC), formada em Administra\u00e7\u00e3o. Ingressou na Nimbi em 2006 como estagi\u00e1ria no escrit\u00f3rio localizado na Cidade de Joinville (SC), a CEO tinha apenas 19 anos. Ela passou por grandes projetos nas Cidades de Curitiba (PR), Londrina (PR), Rio de Janeiro (RJ) e S\u00e3o Paulo (SP) em \u00e1reas como BPO, Central de Compras, Leil\u00e3o, Consultoria de Compras, Log\u00edstica, Implanta\u00e7\u00e3o, Relacionamento com o Cliente, Comercial e Marketing. Ap\u00f3s 15 anos chegou a posi\u00e7\u00e3o de CEO da companhia repleta de desafios. A Nimbi \u00e9 uma empresa de Tecnologia, que tem como objetivo impulsionar a economia por meio da democratiza\u00e7\u00e3o do acesso a solu\u00e7\u00f5es tecnol\u00f3gicas para Procurement, trazendo mais efici\u00eancia e competitividade para empresas de todos os tamanhos. Atualmente, a empresa conta com 100 colaboradores e o clima de oportunidade e diversidade \u00e9 um dos diferenciais da companhia para manter o seu crescimento","sameAs":["https:\/\/nimbi.com.br\/","https:\/\/www.linkedin.com\/in\/carolina-cabral-b7603938\/"],"url":"https:\/\/www.suno.com.br\/noticias\/author\/carolina-cabral\/"}]}},"amp_enabled":true,"_links":{"self":[{"href":"https:\/\/www.suno.com.br\/noticias\/wp-json\/wp\/v2\/suno_column\/351816"}],"collection":[{"href":"https:\/\/www.suno.com.br\/noticias\/wp-json\/wp\/v2\/suno_column"}],"about":[{"href":"https:\/\/www.suno.com.br\/noticias\/wp-json\/wp\/v2\/types\/suno_column"}],"author":[{"embeddable":true,"href":"https:\/\/www.suno.com.br\/noticias\/wp-json\/wp\/v2\/users\/242"}],"wp:featuredmedia":[{"embeddable":true,"href":"https:\/\/www.suno.com.br\/noticias\/wp-json\/wp\/v2\/media\/284127"}],"wp:attachment":[{"href":"https:\/\/www.suno.com.br\/noticias\/wp-json\/wp\/v2\/media?parent=351816"}],"wp:term":[{"taxonomy":"post_tag","embeddable":true,"href":"https:\/\/www.suno.com.br\/noticias\/wp-json\/wp\/v2\/tags?post=351816"}],"curies":[{"name":"wp","href":"https:\/\/api.w.org\/{rel}","templated":true}]}}