{"id":341949,"date":"2023-01-09T08:00:00","date_gmt":"2023-01-09T11:00:00","guid":{"rendered":"https:\/\/www.suno.com.br\/noticias\/colunas\/marco-lopes\/\/"},"modified":"2023-01-06T22:30:00","modified_gmt":"2023-01-07T01:30:00","slug":"todos-convidados-para-a-festa","status":"publish","type":"suno_column","link":"https:\/\/www.suno.com.br\/noticias\/colunas\/rodrigo-amato\/todos-convidados-para-a-festa\/","title":{"rendered":"Todos convidados para a festa"},"content":{"rendered":"<p>Janeiro estreia com uma \u00f3tima novidade para o <strong>mercado de capitais<\/strong>. Um avan\u00e7o, com a entrada em vigor da Resolu\u00e7\u00e3o 160, da Comiss\u00e3o de Valores Mobili\u00e1rios (CVM), editada em julho de 2022.<\/p>\t<div class=\"wrapper-featured-image\">\n\t\t<figure class=\"spotlightImg\">\n\n\t\t\t<picture>\n\t\t\t\t<source media=\"(max-width: 768px)\" srcset=\"https:\/\/files.sunoresearch.com.br\/n\/uploads\/2022\/08\/ibovespa-1-400x200.jpg\">\n\t\t\t\t<img loading=\"lazy\" decoding=\"async\" class=\"newsContent__article__imgCapa lazyloadDisabled \" src=\"https:\/\/files.sunoresearch.com.br\/n\/uploads\/2022\/08\/ibovespa-1-800x450.jpg\" width=\"800\" height=\"450\" alt=\"Todos convidados para a festa\" fetchpriority=high \/>\n\t\t\t<\/picture>\n\n\t\t\t<figcaption class=\"wp-caption-text wp-caption-text--show\">Mercado. Foto: Unsplash<\/figcaption>\n\t\t<\/figure>\n\t<\/div>\n\n\n\n\n\n\t<p>\n\t\t<a href=\"\" target=\"_blank\" data-element=\"shortcode-suno-banner\" title=\"Banner SUNO, clique e saiba mais\">\n\t\t\t<picture>\n\t\t\t\t<source media=\"(max-width: 500px)\" srcset=\"\">\n\t\t\t\t<img class=\"newsContent__article__imgCapa newsContent__article__imgCapa--banner\"\n\t\t\t\t\tsrc=\"\"\n\t\t\t\t\tdata-promo-id=\"240038\"\t\t\t\t\t\t\t\t\t\t\t\t\t\t\talt=\"\"\n\t\t\t\t>\n\t\t\t<\/picture>\n\t\t<\/a>\n\t<\/p>\n\n\n\n\n\n<p>At\u00e9 o fim do ano, havia duas <strong>instru\u00e7\u00f5es da CVM <\/strong>que tratavam das condi\u00e7\u00f5es para as <strong>ofertas p\u00fablicas<\/strong> de valores mobili\u00e1rios: a de n\u00famero 476, que regulava as ofertas destinadas a investidores profissionais e era conhecida pelos esfor\u00e7os restritos de distribui\u00e7\u00e3o, e a 400, para investidores em geral.<\/p>\n\n\n\n<p>A 160 simplifica os ritos das ofertas e amplia a capacidade de alcance e distribui\u00e7\u00e3o, o que no caso das antes ofertadas sob as <strong>regras da 476<\/strong> eram restritos a um pequeno grupo de at\u00e9 75 investidores \u2013 normalmente eram sempre os mesmos que participavam da festa. Todos agora s\u00e3o convidados. A resolu\u00e7\u00e3o torna bem mais simples, r\u00e1pidos e baratos os ritos das emiss\u00f5es.<\/p>\n\n\n\n<p>\u00c9 um tremendo ganho principalmente para as pequenas e m\u00e9dias empresas, que ter\u00e3o maior facilidade para se financiar, por meio da capta\u00e7\u00e3o de recursos no mercado de capitais. Por exemplo, via emiss\u00e3o de <strong>Notas Comerciais<\/strong> (NC), <strong>deb\u00eantures<\/strong>, Certificados de Receb\u00edveis Imobili\u00e1rios (<strong>CRIs<\/strong>) e do Agroneg\u00f3cio (CRAs). Essa democratiza\u00e7\u00e3o vai al\u00e9m. Agora, existe a permiss\u00e3o para a publicidade bem maior das ofertas, que tamb\u00e9m poder\u00e3o ser feitas at\u00e9 nas redes sociais.<\/p>\n\n\n\t<p>\n\t\t<a href=\"https:\/\/lp.suno.com.br\/planilha-controle-gastos\/\" target=\"_blank\" data-element=\"shortcode-suno-banner\" title=\"Banner SUNO, clique e saiba mais\">\n\t\t\t<picture>\n\t\t\t\t<source media=\"(max-width: 500px)\" srcset=\"https:\/\/files.sunoresearch.com.br\/n\/uploads\/2023\/03\/400x300-Planilha-controle-de-gastos.png\">\n\t\t\t\t<img class=\"newsContent__article__imgCapa newsContent__article__imgCapa--banner\"\n\t\t\t\t\tsrc=\"https:\/\/files.sunoresearch.com.br\/n\/uploads\/2023\/03\/1420x240-Planilha-controle-de-gastos.png\"\n\t\t\t\t\tdata-promo-id=\"101751\"\t\t\t\t\t\t\t\t\t\twidth='1420' height='240'\t\t\t\t\talt=\"https:\/\/files.sunoresearch.com.br\/n\/uploads\/2023\/03\/1420x240-Planilha-controle-de-gastos.png\"\n\t\t\t\t>\n\t\t\t<\/picture>\n\t\t<\/a>\n\t<\/p>\n\n\n\n\n\n<p>A CVM criou um atalho autom\u00e1tico de <strong>registro das ofertas p\u00fablicas<\/strong>. H\u00e1 agora os ritos autom\u00e1tico e ordin\u00e1rio de registro. No primeiro, s\u00e3o registradas automaticamente, sem a an\u00e1lise pr\u00e9via feita pela CVM. No ordin\u00e1rio, o registro ainda depende da avalia\u00e7\u00e3o do xerife do mercado. O relevante, no entanto, \u00e9 a mudan\u00e7a no rito autom\u00e1tico.<\/p>\n\n\n\n<p>De cara, o <strong>novo marco regulat\u00f3rio<\/strong> deve dar mais liquidez ao mercado, com mais empresas e investidores na roda dos neg\u00f3cios. Trocando em mi\u00fados, as vantagens s\u00e3o o fim da limita\u00e7\u00e3o dos investidores e da restri\u00e7\u00e3o de negocia\u00e7\u00e3o depois da oferta para determinados p\u00fablicos, o que deve fomentar o mercado secund\u00e1rio de todos estes t\u00edtulos.<\/p>\n\n\n\n<p>Estas novidades fazem parte dos esfor\u00e7os por parte dos \u00f3rg\u00e3os reguladores para redesenhar o mercado de capitais no pa\u00eds. Ou seja, cada vez menos uma capta\u00e7\u00e3o de recursos se torna um bicho de sete cabe\u00e7as para as empresas e para os investidores.<\/p>\n\n\n\n<p>Neste novo contexto, cresce o<strong> papel das fintechs<\/strong> como bra\u00e7o direito das empresas para ingressarem e se desenvolverem no mercado. Isso porque elas t\u00eam, em seu DNA, a tecnologia que d\u00e1 o passo a passo em todo o processo de automa\u00e7\u00e3o dos neg\u00f3cios.<\/p>\n\n\n\n<p>Pessoalmente, estou muito animado com as novidades que surgem nos tr\u00e2mites das emiss\u00f5es. E estou no grupo de otimistas com o desempenho do mercado de<strong> renda fixa em 2023<\/strong>. O motivo \u00e9 que n\u00e3o espero oscila\u00e7\u00f5es bruscas na taxa b\u00e1sica de juros (<strong>Selic<\/strong>) e mudan\u00e7a da sua ordem de grandeza no curto prazo.<\/p>\n\n\n\n<p>Claro que os primeiros 100 dias de governo devem trazer alguma turbul\u00eancia e os barulhos inevit\u00e1veis na <strong>nova gest\u00e3o da Economi<\/strong>a, mas, a partir das declara\u00e7\u00f5es do novo ministro da Fazenda, Fernando Haddad, e do presidente do BNDES, Aloizio Mercadante, ambos t\u00eam se comprometido com o mote de que o mercado de capitais \u00e9 um indutor do crescimento econ\u00f4mico e que o banco de fomento vai priorizar a expans\u00e3o do cr\u00e9dito para micro, pequenas e m\u00e9dias empresas. Se esta for de fato a linha adotada, h\u00e1 bastante espa\u00e7o ainda para o amadurecimento do mercado de capitais brasileiro.<\/p>\n\n\n\t<p>\n\t\t<a href=\"https:\/\/lp.suno.com.br\/ebook-como-analisar-uma-acao\/\" target=\"_blank\" data-element=\"shortcode-suno-banner\" title=\"Banner SUNO, clique e saiba mais\">\n\t\t\t<picture>\n\t\t\t\t<source media=\"(max-width: 500px)\" srcset=\"https:\/\/files.sunoresearch.com.br\/n\/uploads\/2023\/03\/Ebook-Acoes-Mobile-1.jpg\">\n\t\t\t\t<img class=\"newsContent__article__imgCapa newsContent__article__imgCapa--banner\"\n\t\t\t\t\tsrc=\"https:\/\/files.sunoresearch.com.br\/n\/uploads\/2023\/03\/Ebook-Acoes-Desktop-1.jpg\"\n\t\t\t\t\tdata-promo-id=\"171998\"\t\t\t\t\t\t\t\t\t\twidth='1420' height='286'\t\t\t\t\talt=\"https:\/\/files.sunoresearch.com.br\/n\/uploads\/2023\/03\/Ebook-Acoes-Desktop-1.jpg\"\n\t\t\t\t>\n\t\t\t<\/picture>\n\t\t<\/a>\n\t<\/p>\n\n\n","protected":false},"excerpt":{"rendered":"<p>Janeiro estreia com uma \u00f3tima novidade para o mercado de capitais. Um avan\u00e7o, com a entrada em vigor da Resolu\u00e7\u00e3o 160, da Comiss\u00e3o de Valores Mobili\u00e1rios (CVM), editad&#8230;<\/p>\n","protected":false},"author":84,"featured_media":291028,"template":"","tags":[],"class_list":["post-341949","suno_column","type-suno_column","status-publish","has-post-thumbnail","hentry"],"yoast_head":"<!-- This site is optimized with the Yoast SEO plugin v24.4 - https:\/\/yoast.com\/wordpress\/plugins\/seo\/ -->\n<title>Todos convidados para a festa - Suno Not\u00edcias<\/title>\n<meta name=\"description\" content=\"Janeiro estreia com uma \u00f3tima novidade para o mercado de capitais: a entrada em vigor da Resolu\u00e7\u00e3o 160, da CVM\" \/>\n<meta name=\"robots\" content=\"index, follow, max-snippet:-1, max-image-preview:large, max-video-preview:-1\" \/>\n<link rel=\"canonical\" href=\"https:\/\/www.suno.com.br\/noticias\/colunas\/rodrigo-amato\/todos-convidados-para-a-festa\/\" \/>\n<meta property=\"og:locale\" content=\"pt_BR\" \/>\n<meta property=\"og:type\" content=\"article\" \/>\n<meta property=\"og:title\" content=\"Todos convidados para a festa - Suno Not\u00edcias\" \/>\n<meta property=\"og:description\" content=\"Janeiro estreia com uma \u00f3tima novidade para o mercado de capitais: a entrada em vigor da Resolu\u00e7\u00e3o 160, da CVM\" \/>\n<meta property=\"og:url\" content=\"https:\/\/www.suno.com.br\/noticias\/colunas\/rodrigo-amato\/todos-convidados-para-a-festa\/\" \/>\n<meta property=\"og:site_name\" content=\"Suno Not\u00edcias\" \/>\n<meta property=\"article:publisher\" content=\"https:\/\/facebook.com\/sunoresearch\" \/>\n<meta property=\"og:image\" content=\"https:\/\/files.sunoresearch.com.br\/n\/uploads\/2022\/08\/ibovespa-1.jpg\" \/>\n\t<meta property=\"og:image:width\" content=\"1200\" \/>\n\t<meta property=\"og:image:height\" content=\"900\" \/>\n\t<meta property=\"og:image:type\" content=\"image\/jpeg\" \/>\n<meta name=\"twitter:card\" content=\"summary_large_image\" \/>\n<meta name=\"twitter:site\" content=\"@sunoresearch\" \/>\n<meta name=\"twitter:label1\" content=\"Est. tempo de leitura\" \/>\n\t<meta name=\"twitter:data1\" content=\"4 minutos\" \/>\n<script type=\"application\/ld+json\" class=\"yoast-schema-graph\">{\"@context\":\"https:\/\/schema.org\",\"@graph\":[{\"@type\":\"Article\",\"@id\":\"https:\/\/www.suno.com.br\/noticias\/colunas\/rodrigo-amato\/todos-convidados-para-a-festa\/#article\",\"isPartOf\":{\"@id\":\"https:\/\/www.suno.com.br\/noticias\/colunas\/rodrigo-amato\/todos-convidados-para-a-festa\/\"},\"author\":{\"name\":\"Rodrigo Amato\",\"@id\":\"https:\/\/www.suno.com.br\/noticias\/#\/schema\/person\/c8f66d046654c3876829fba1fdcfcf61\"},\"headline\":\"Todos convidados para a festa\",\"datePublished\":\"2023-01-09T11:00:00+00:00\",\"mainEntityOfPage\":{\"@id\":\"https:\/\/www.suno.com.br\/noticias\/colunas\/rodrigo-amato\/todos-convidados-para-a-festa\/\"},\"wordCount\":633,\"publisher\":{\"@id\":\"https:\/\/www.suno.com.br\/noticias\/#organization\"},\"image\":{\"@id\":\"https:\/\/www.suno.com.br\/noticias\/colunas\/rodrigo-amato\/todos-convidados-para-a-festa\/#primaryimage\"},\"thumbnailUrl\":\"https:\/\/files.sunoresearch.com.br\/n\/uploads\/2022\/08\/ibovespa-1.jpg\",\"inLanguage\":\"pt-BR\"},{\"@type\":\"WebPage\",\"@id\":\"https:\/\/www.suno.com.br\/noticias\/colunas\/rodrigo-amato\/todos-convidados-para-a-festa\/\",\"url\":\"https:\/\/www.suno.com.br\/noticias\/colunas\/rodrigo-amato\/todos-convidados-para-a-festa\/\",\"name\":\"Todos convidados para a festa - Suno Not\u00edcias\",\"isPartOf\":{\"@id\":\"https:\/\/www.suno.com.br\/noticias\/#website\"},\"primaryImageOfPage\":{\"@id\":\"https:\/\/www.suno.com.br\/noticias\/colunas\/rodrigo-amato\/todos-convidados-para-a-festa\/#primaryimage\"},\"image\":{\"@id\":\"https:\/\/www.suno.com.br\/noticias\/colunas\/rodrigo-amato\/todos-convidados-para-a-festa\/#primaryimage\"},\"thumbnailUrl\":\"https:\/\/files.sunoresearch.com.br\/n\/uploads\/2022\/08\/ibovespa-1.jpg\",\"datePublished\":\"2023-01-09T11:00:00+00:00\",\"description\":\"Janeiro estreia com uma \u00f3tima novidade para o mercado de capitais: a entrada em vigor da Resolu\u00e7\u00e3o 160, da CVM\",\"breadcrumb\":{\"@id\":\"https:\/\/www.suno.com.br\/noticias\/colunas\/rodrigo-amato\/todos-convidados-para-a-festa\/#breadcrumb\"},\"inLanguage\":\"pt-BR\",\"potentialAction\":[{\"@type\":\"ReadAction\",\"target\":[\"https:\/\/www.suno.com.br\/noticias\/colunas\/rodrigo-amato\/todos-convidados-para-a-festa\/\"]}]},{\"@type\":\"ImageObject\",\"inLanguage\":\"pt-BR\",\"@id\":\"https:\/\/www.suno.com.br\/noticias\/colunas\/rodrigo-amato\/todos-convidados-para-a-festa\/#primaryimage\",\"url\":\"https:\/\/files.sunoresearch.com.br\/n\/uploads\/2022\/08\/ibovespa-1.jpg\",\"contentUrl\":\"https:\/\/files.sunoresearch.com.br\/n\/uploads\/2022\/08\/ibovespa-1.jpg\",\"width\":1200,\"height\":900,\"caption\":\"Mercado. Foto: Unsplash\"},{\"@type\":\"BreadcrumbList\",\"@id\":\"https:\/\/www.suno.com.br\/noticias\/colunas\/rodrigo-amato\/todos-convidados-para-a-festa\/#breadcrumb\",\"itemListElement\":[{\"@type\":\"ListItem\",\"position\":1,\"name\":\"Not\u00edcias\",\"item\":\"https:\/\/www.suno.com.br\/noticias\/\"},{\"@type\":\"ListItem\",\"position\":2,\"name\":\"Colunas\",\"item\":\"https:\/\/www.suno.com.br\/noticias\/colunas\/\"},{\"@type\":\"ListItem\",\"position\":3,\"name\":\"Todos convidados para a festa\"}]},{\"@type\":\"WebSite\",\"@id\":\"https:\/\/www.suno.com.br\/noticias\/#website\",\"url\":\"https:\/\/www.suno.com.br\/noticias\/\",\"name\":\"Suno Not\u00edcias\",\"description\":\"Seu portal de informa\u00e7\u00e3o sobre o mundo dos investimentos\",\"publisher\":{\"@id\":\"https:\/\/www.suno.com.br\/noticias\/#organization\"},\"potentialAction\":[{\"@type\":\"SearchAction\",\"target\":{\"@type\":\"EntryPoint\",\"urlTemplate\":\"https:\/\/www.suno.com.br\/noticias\/?s={search_term_string}\"},\"query-input\":{\"@type\":\"PropertyValueSpecification\",\"valueRequired\":true,\"valueName\":\"search_term_string\"}}],\"inLanguage\":\"pt-BR\"},{\"@type\":\"Organization\",\"@id\":\"https:\/\/www.suno.com.br\/noticias\/#organization\",\"name\":\"Suno Not\u00edcias\",\"url\":\"https:\/\/www.suno.com.br\/noticias\/\",\"logo\":{\"@type\":\"ImageObject\",\"inLanguage\":\"pt-BR\",\"@id\":\"https:\/\/www.suno.com.br\/noticias\/#\/schema\/logo\/image\/\",\"url\":\"https:\/\/files.sunoresearch.com.br\/n\/uploads\/2021\/09\/suno-logo.png\",\"contentUrl\":\"https:\/\/files.sunoresearch.com.br\/n\/uploads\/2021\/09\/suno-logo.png\",\"width\":180,\"height\":180,\"caption\":\"Suno Not\u00edcias\"},\"image\":{\"@id\":\"https:\/\/www.suno.com.br\/noticias\/#\/schema\/logo\/image\/\"},\"sameAs\":[\"https:\/\/facebook.com\/sunoresearch\",\"https:\/\/x.com\/sunoresearch\",\"https:\/\/www.instagram.com\/suno\",\"https:\/\/www.linkedin.com\/company\/suno-research\/\",\"https:\/\/www.youtube.com\/c\/sunoresearch\"]},{\"@type\":\"Person\",\"@id\":\"https:\/\/www.suno.com.br\/noticias\/#\/schema\/person\/c8f66d046654c3876829fba1fdcfcf61\",\"name\":\"Rodrigo Amato\",\"image\":{\"@type\":\"ImageObject\",\"inLanguage\":\"pt-BR\",\"@id\":\"https:\/\/www.suno.com.br\/noticias\/#\/schema\/person\/image\/\",\"url\":\"https:\/\/secure.gravatar.com\/avatar\/ab183a34f6146f1f7f37662e153fe6b1?s=96&r=g\",\"contentUrl\":\"https:\/\/secure.gravatar.com\/avatar\/ab183a34f6146f1f7f37662e153fe6b1?s=96&r=g\",\"caption\":\"Rodrigo Amato\"},\"description\":\"Fundador e CEO da Laqus, empresa de tecnologia com ampla experi\u00eancia em assuntos relacionados \u00e0 tesouraria e gest\u00e3o de risco. Em junho de 2021, obteve a homologa\u00e7\u00e3o junto \u00e0 Comiss\u00e3o de Valores Mobili\u00e1rios (CVM) para atuar como Central Deposit\u00e1ria de Valores Mobili\u00e1rios, sendo a \u00fanica companhia al\u00e9m da B3 autorizada a operar neste mercado.\",\"sameAs\":[\"https:\/\/www.mark2market.com.br\/\",\"https:\/\/www.linkedin.com\/company\/mark2market\/\"],\"url\":\"https:\/\/www.suno.com.br\/noticias\/author\/rodrigo-amato\/\"}]}<\/script>\n<!-- \/ Yoast SEO plugin. -->","yoast_head_json":{"title":"Todos convidados para a festa - Suno Not\u00edcias","description":"Janeiro estreia com uma \u00f3tima novidade para o mercado de capitais: a entrada em vigor da Resolu\u00e7\u00e3o 160, da CVM","robots":{"index":"index","follow":"follow","max-snippet":"max-snippet:-1","max-image-preview":"max-image-preview:large","max-video-preview":"max-video-preview:-1"},"canonical":"https:\/\/www.suno.com.br\/noticias\/colunas\/rodrigo-amato\/todos-convidados-para-a-festa\/","og_locale":"pt_BR","og_type":"article","og_title":"Todos convidados para a festa - Suno Not\u00edcias","og_description":"Janeiro estreia com uma \u00f3tima novidade para o mercado de capitais: a entrada em vigor da Resolu\u00e7\u00e3o 160, da CVM","og_url":"https:\/\/www.suno.com.br\/noticias\/colunas\/rodrigo-amato\/todos-convidados-para-a-festa\/","og_site_name":"Suno Not\u00edcias","article_publisher":"https:\/\/facebook.com\/sunoresearch","og_image":[{"width":1200,"height":900,"url":"https:\/\/files.sunoresearch.com.br\/n\/uploads\/2022\/08\/ibovespa-1.jpg","type":"image\/jpeg"}],"twitter_card":"summary_large_image","twitter_site":"@sunoresearch","twitter_misc":{"Est. tempo de leitura":"4 minutos"},"schema":{"@context":"https:\/\/schema.org","@graph":[{"@type":"Article","@id":"https:\/\/www.suno.com.br\/noticias\/colunas\/rodrigo-amato\/todos-convidados-para-a-festa\/#article","isPartOf":{"@id":"https:\/\/www.suno.com.br\/noticias\/colunas\/rodrigo-amato\/todos-convidados-para-a-festa\/"},"author":{"name":"Rodrigo Amato","@id":"https:\/\/www.suno.com.br\/noticias\/#\/schema\/person\/c8f66d046654c3876829fba1fdcfcf61"},"headline":"Todos convidados para a festa","datePublished":"2023-01-09T11:00:00+00:00","mainEntityOfPage":{"@id":"https:\/\/www.suno.com.br\/noticias\/colunas\/rodrigo-amato\/todos-convidados-para-a-festa\/"},"wordCount":633,"publisher":{"@id":"https:\/\/www.suno.com.br\/noticias\/#organization"},"image":{"@id":"https:\/\/www.suno.com.br\/noticias\/colunas\/rodrigo-amato\/todos-convidados-para-a-festa\/#primaryimage"},"thumbnailUrl":"https:\/\/files.sunoresearch.com.br\/n\/uploads\/2022\/08\/ibovespa-1.jpg","inLanguage":"pt-BR"},{"@type":"WebPage","@id":"https:\/\/www.suno.com.br\/noticias\/colunas\/rodrigo-amato\/todos-convidados-para-a-festa\/","url":"https:\/\/www.suno.com.br\/noticias\/colunas\/rodrigo-amato\/todos-convidados-para-a-festa\/","name":"Todos convidados para a festa - Suno Not\u00edcias","isPartOf":{"@id":"https:\/\/www.suno.com.br\/noticias\/#website"},"primaryImageOfPage":{"@id":"https:\/\/www.suno.com.br\/noticias\/colunas\/rodrigo-amato\/todos-convidados-para-a-festa\/#primaryimage"},"image":{"@id":"https:\/\/www.suno.com.br\/noticias\/colunas\/rodrigo-amato\/todos-convidados-para-a-festa\/#primaryimage"},"thumbnailUrl":"https:\/\/files.sunoresearch.com.br\/n\/uploads\/2022\/08\/ibovespa-1.jpg","datePublished":"2023-01-09T11:00:00+00:00","description":"Janeiro estreia com uma \u00f3tima novidade para o mercado de capitais: a entrada em vigor da Resolu\u00e7\u00e3o 160, da CVM","breadcrumb":{"@id":"https:\/\/www.suno.com.br\/noticias\/colunas\/rodrigo-amato\/todos-convidados-para-a-festa\/#breadcrumb"},"inLanguage":"pt-BR","potentialAction":[{"@type":"ReadAction","target":["https:\/\/www.suno.com.br\/noticias\/colunas\/rodrigo-amato\/todos-convidados-para-a-festa\/"]}]},{"@type":"ImageObject","inLanguage":"pt-BR","@id":"https:\/\/www.suno.com.br\/noticias\/colunas\/rodrigo-amato\/todos-convidados-para-a-festa\/#primaryimage","url":"https:\/\/files.sunoresearch.com.br\/n\/uploads\/2022\/08\/ibovespa-1.jpg","contentUrl":"https:\/\/files.sunoresearch.com.br\/n\/uploads\/2022\/08\/ibovespa-1.jpg","width":1200,"height":900,"caption":"Mercado. Foto: Unsplash"},{"@type":"BreadcrumbList","@id":"https:\/\/www.suno.com.br\/noticias\/colunas\/rodrigo-amato\/todos-convidados-para-a-festa\/#breadcrumb","itemListElement":[{"@type":"ListItem","position":1,"name":"Not\u00edcias","item":"https:\/\/www.suno.com.br\/noticias\/"},{"@type":"ListItem","position":2,"name":"Colunas","item":"https:\/\/www.suno.com.br\/noticias\/colunas\/"},{"@type":"ListItem","position":3,"name":"Todos convidados para a festa"}]},{"@type":"WebSite","@id":"https:\/\/www.suno.com.br\/noticias\/#website","url":"https:\/\/www.suno.com.br\/noticias\/","name":"Suno Not\u00edcias","description":"Seu portal de informa\u00e7\u00e3o sobre o mundo dos investimentos","publisher":{"@id":"https:\/\/www.suno.com.br\/noticias\/#organization"},"potentialAction":[{"@type":"SearchAction","target":{"@type":"EntryPoint","urlTemplate":"https:\/\/www.suno.com.br\/noticias\/?s={search_term_string}"},"query-input":{"@type":"PropertyValueSpecification","valueRequired":true,"valueName":"search_term_string"}}],"inLanguage":"pt-BR"},{"@type":"Organization","@id":"https:\/\/www.suno.com.br\/noticias\/#organization","name":"Suno Not\u00edcias","url":"https:\/\/www.suno.com.br\/noticias\/","logo":{"@type":"ImageObject","inLanguage":"pt-BR","@id":"https:\/\/www.suno.com.br\/noticias\/#\/schema\/logo\/image\/","url":"https:\/\/files.sunoresearch.com.br\/n\/uploads\/2021\/09\/suno-logo.png","contentUrl":"https:\/\/files.sunoresearch.com.br\/n\/uploads\/2021\/09\/suno-logo.png","width":180,"height":180,"caption":"Suno Not\u00edcias"},"image":{"@id":"https:\/\/www.suno.com.br\/noticias\/#\/schema\/logo\/image\/"},"sameAs":["https:\/\/facebook.com\/sunoresearch","https:\/\/x.com\/sunoresearch","https:\/\/www.instagram.com\/suno","https:\/\/www.linkedin.com\/company\/suno-research\/","https:\/\/www.youtube.com\/c\/sunoresearch"]},{"@type":"Person","@id":"https:\/\/www.suno.com.br\/noticias\/#\/schema\/person\/c8f66d046654c3876829fba1fdcfcf61","name":"Rodrigo Amato","image":{"@type":"ImageObject","inLanguage":"pt-BR","@id":"https:\/\/www.suno.com.br\/noticias\/#\/schema\/person\/image\/","url":"https:\/\/secure.gravatar.com\/avatar\/ab183a34f6146f1f7f37662e153fe6b1?s=96&r=g","contentUrl":"https:\/\/secure.gravatar.com\/avatar\/ab183a34f6146f1f7f37662e153fe6b1?s=96&r=g","caption":"Rodrigo Amato"},"description":"Fundador e CEO da Laqus, empresa de tecnologia com ampla experi\u00eancia em assuntos relacionados \u00e0 tesouraria e gest\u00e3o de risco. Em junho de 2021, obteve a homologa\u00e7\u00e3o junto \u00e0 Comiss\u00e3o de Valores Mobili\u00e1rios (CVM) para atuar como Central Deposit\u00e1ria de Valores Mobili\u00e1rios, sendo a \u00fanica companhia al\u00e9m da B3 autorizada a operar neste mercado.","sameAs":["https:\/\/www.mark2market.com.br\/","https:\/\/www.linkedin.com\/company\/mark2market\/"],"url":"https:\/\/www.suno.com.br\/noticias\/author\/rodrigo-amato\/"}]}},"amp_enabled":true,"_links":{"self":[{"href":"https:\/\/www.suno.com.br\/noticias\/wp-json\/wp\/v2\/suno_column\/341949"}],"collection":[{"href":"https:\/\/www.suno.com.br\/noticias\/wp-json\/wp\/v2\/suno_column"}],"about":[{"href":"https:\/\/www.suno.com.br\/noticias\/wp-json\/wp\/v2\/types\/suno_column"}],"author":[{"embeddable":true,"href":"https:\/\/www.suno.com.br\/noticias\/wp-json\/wp\/v2\/users\/84"}],"wp:featuredmedia":[{"embeddable":true,"href":"https:\/\/www.suno.com.br\/noticias\/wp-json\/wp\/v2\/media\/291028"}],"wp:attachment":[{"href":"https:\/\/www.suno.com.br\/noticias\/wp-json\/wp\/v2\/media?parent=341949"}],"wp:term":[{"taxonomy":"post_tag","embeddable":true,"href":"https:\/\/www.suno.com.br\/noticias\/wp-json\/wp\/v2\/tags?post=341949"}],"curies":[{"name":"wp","href":"https:\/\/api.w.org\/{rel}","templated":true}]}}