{"id":338141,"date":"2022-12-21T16:26:47","date_gmt":"2022-12-21T19:26:47","guid":{"rendered":"https:\/\/www.suno.com.br\/noticias\/colunas\/marco-lopes\/\/"},"modified":"2022-12-21T16:27:16","modified_gmt":"2022-12-21T19:27:16","slug":"fim-do-ano-chegando-e-hora-de-ficar-em-dia-com-a-receita-federal","status":"publish","type":"suno_column","link":"https:\/\/www.suno.com.br\/noticias\/colunas\/alice-porto\/fim-do-ano-chegando-e-hora-de-ficar-em-dia-com-a-receita-federal\/","title":{"rendered":"Fim do ano chegando: \u00e9 hora de ficar em dia com a Receita Federal"},"content":{"rendered":"<p>O fim do ano, al\u00e9m das comemora\u00e7\u00f5es junto com fam\u00edlia e amigos que amamos, trazem tamb\u00e9m aquele anseio por novas conquistas para 2023. Mas antes de sair fazendo listas de metas, \u00e9 preciso organizar a casa e resolver as demandas de 2022.<\/p>\t<div class=\"wrapper-featured-image\">\n\t\t<figure class=\"spotlightImg\">\n\n\t\t\t<picture>\n\t\t\t\t<source media=\"(max-width: 768px)\" srcset=\"https:\/\/files.sunoresearch.com.br\/n\/uploads\/2022\/11\/Colunistas-400x200.jpg\">\n\t\t\t\t<img loading=\"lazy\" decoding=\"async\" class=\"newsContent__article__imgCapa lazyloadDisabled newsContent__article__imgCapa--noCaption\" src=\"https:\/\/files.sunoresearch.com.br\/n\/uploads\/2022\/11\/Colunistas-800x450.jpg\" width=\"800\" height=\"450\" alt=\"Fim do ano chegando: \u00e9 hora de ficar em dia com a Receita Federal\" fetchpriority=high \/>\n\t\t\t<\/picture>\n\n\t\t\t<figcaption class=\"wp-caption-text wp-caption-text--hide\"><\/figcaption>\n\t\t<\/figure>\n\t<\/div>\n\n\n\n\n\n\t<p>\n\t\t<a href=\"\" target=\"_blank\" data-element=\"shortcode-suno-banner\" title=\"Banner SUNO, clique e saiba mais\">\n\t\t\t<picture>\n\t\t\t\t<source media=\"(max-width: 500px)\" srcset=\"\">\n\t\t\t\t<img class=\"newsContent__article__imgCapa newsContent__article__imgCapa--banner\"\n\t\t\t\t\tsrc=\"\"\n\t\t\t\t\tdata-promo-id=\"240038\"\t\t\t\t\t\t\t\t\t\t\t\t\t\t\talt=\"\"\n\t\t\t\t>\n\t\t\t<\/picture>\n\t\t<\/a>\n\t<\/p>\n\n\n\n\n\n<p>A regra \u00e9 clara: se voc\u00ea investiu R$ 1,00 na Bolsa, precisa entregar o <strong><a href=\"https:\/\/www.suno.com.br\/guias\/imposto-de-renda-guia\/\">Imposto de Renda<\/a><\/strong> e cumprir com suas obriga\u00e7\u00f5es fiscais. \u00c9 verdade que todo dia \u00e9 dia de cuidar da sua tributa\u00e7\u00e3o na renda vari\u00e1vel, mas o prazo para colocar em dia aquilo que est\u00e1 pendente vai ficando cada vez mais curto conforme o fim do ano se aproxima. Por isso, chegou a hora de ficar em dia com a Receita Federal para evitar a malha fina.<\/p>\n\n\n\n<p>Para deixar come\u00e7ar 2023 com o p\u00e9 direito e com uma bela amizade com a Receita, voc\u00ea precisar\u00e1:<\/p>\n\n\n\n<ul class=\"wp-block-list\">\n<li>ter seus c\u00e1lculos e DARFs em dia;<\/li>\n\n\n\n<li>ter toda a documenta\u00e7\u00e3o de Bolsa necess\u00e1ria para o <strong>IRPF 2023;<\/strong><\/li>\n\n\n\n<li>declarar seus resultados em Bolsa dentro do prazo adequado.<\/li>\n<\/ul>\n\n\n\n<h2 class=\"wp-block-heading\" id=\"h-calculos-e-darfs-em-atraso-como-resolver\">C\u00e1lculos e DARFs em atraso: como resolver?<\/h2>\n\n\n\n<p>Os <strong>c\u00e1lculos de Bolsa<\/strong> devem ser feitos mensalmente para evitar o atraso do pagamento de imposto de renda sobre venda de a\u00e7\u00f5es e outros ativos &#8211; que \u00e9 feito atrav\u00e9s da <strong>DARF<\/strong> -, al\u00e9m de manter seu controle de resultados em dia.<\/p>\n\n\n\n<p>Mas a gente sabe que nem sempre \u00e9 f\u00e1cil conciliar <strong>opera\u00e7\u00f5es em Bolsa<\/strong>, fam\u00edlia, trabalho, mais uma por\u00e7\u00e3o de coisas e ainda encaixar os c\u00e1lculos de tributa\u00e7\u00e3o nessa rotina agitada.<\/p>\n\n\n\n<p>Por isso, se os seus c\u00e1lculos n\u00e3o est\u00e3o em dia, saiba que ainda h\u00e1 solu\u00e7\u00e3o para voc\u00ea: recolha seus extratos e notas de corretagem nas suas corretoras e coloque a m\u00e3o na massa. Mas corra, porque se voc\u00ea teve lucro tribut\u00e1vel em algum m\u00eas e n\u00e3o pagou a DARF, ela est\u00e1 correndo em juros e multa.<\/p>\n\n\n\n<p>Com seus resultados em m\u00e3os, confira:<\/p>\n\n\n\n<ul class=\"wp-block-list\">\n<li>Teve preju\u00edzo? Anote para informar na Declara\u00e7\u00e3o de Imposto de Renda e compens\u00e1-lo nos seus futuros lucros. Nesse caso, n\u00e3o tem DARF;<\/li>\n\n\n\n<li>Teve lucro isento? Aproveite seu lucro sem imposto, mas n\u00e3o esque\u00e7a de inform\u00e1-lo na Declara\u00e7\u00e3o. Nesse caso, tamb\u00e9m n\u00e3o h\u00e1 DARF;<\/li>\n\n\n\n<li>Teve lucro tribut\u00e1vel? Corre para <strong>pagar essa DARF<\/strong> e n\u00e3o esque\u00e7a de calcular os juros e multa sobre ela. Voc\u00ea pode fazer isso no SicalcWeb. E claro, n\u00e3o esque\u00e7a de informar o resultado na <strong>Declara\u00e7\u00e3o Anual<\/strong>.<\/li>\n<\/ul>\n\n\n\t<p>\n\t\t<a href=\"https:\/\/lp.suno.com.br\/planilha-controle-gastos\/\" target=\"_blank\" data-element=\"shortcode-suno-banner\" title=\"Banner SUNO, clique e saiba mais\">\n\t\t\t<picture>\n\t\t\t\t<source media=\"(max-width: 500px)\" srcset=\"https:\/\/files.sunoresearch.com.br\/n\/uploads\/2023\/03\/400x300-Planilha-controle-de-gastos.png\">\n\t\t\t\t<img class=\"newsContent__article__imgCapa newsContent__article__imgCapa--banner\"\n\t\t\t\t\tsrc=\"https:\/\/files.sunoresearch.com.br\/n\/uploads\/2023\/03\/1420x240-Planilha-controle-de-gastos.png\"\n\t\t\t\t\tdata-promo-id=\"101751\"\t\t\t\t\t\t\t\t\t\twidth='1420' height='240'\t\t\t\t\talt=\"https:\/\/files.sunoresearch.com.br\/n\/uploads\/2023\/03\/1420x240-Planilha-controle-de-gastos.png\"\n\t\t\t\t>\n\t\t\t<\/picture>\n\t\t<\/a>\n\t<\/p>\n\n\n\n\n\n<h2 class=\"wp-block-heading\" id=\"h-quais-documentos-de-bolsa-sao-necessarios-para-declarar\">Quais documentos de Bolsa s\u00e3o necess\u00e1rios para declarar?<\/h2>\n\n\n\n<p>Depois que seus c\u00e1lculos e DARFs estiverem em dia, chegou a hora de recolher os documentos necess\u00e1rios para declarar seus resultados na Bolsa. Voc\u00ea precisar\u00e1, no total, de cinco tipos de documentos:<\/p>\n\n\n\n<ul class=\"wp-block-list\">\n<li>Todas as notas de corretagem de 2022, de janeiro a dezembro.<\/li>\n\n\n\n<li>Todos os extratos das corretoras de 2022, de janeiro a dezembro;<\/li>\n\n\n\n<li>Todos os informes de rendimento das corretoras e administradoras de FII;<\/li>\n\n\n\n<li>Todas as DARFs pagas e seus respectivos comprovantes de pagamento;<\/li>\n\n\n\n<li>Todos os c\u00e1lculos que voc\u00ea fez no decorrer do ano.<\/li>\n<\/ul>\n\n\n\n<p><br>Quando chegar o per\u00edodo de entrega da Declara\u00e7\u00e3o, n\u00e3o esque\u00e7a de salvar o arquivo do IRPF e o recibo da entrega tamb\u00e9m. Eles ser\u00e3o fundamentais para que voc\u00ea prove que sua Declara\u00e7\u00e3o do Imposto de Renda foi entregue, caso seja necess\u00e1rio.<\/p>\n\n\n\n<h2 class=\"wp-block-heading\" id=\"h-vendi-todos-os-ativos-antes-do-fim-do-ano-preciso-declarar\">Vendi todos os ativos antes do fim do ano: preciso declarar?<\/h2>\n\n\n\n<p>J\u00e1 disse e vou repetir: quem investe um \u00fanico real na <strong><a href=\"https:\/\/www.suno.com.br\/guias\/bolsa-de-valores\/\">Bolsa de Valores<\/a><\/strong>, j\u00e1 est\u00e1 obrigado a entregar a Declara\u00e7\u00e3o Anual. N\u00e3o \u00e9 porque voc\u00ea vendeu todos os seus ativos antes de 31\/12 que n\u00e3o precisa deixar a Receita Federal informada quanto \u00e0s suas movimenta\u00e7\u00f5es feitas no decorrer de 2022.<\/p>\n\n\n\n<p>Na verdade, o que acontece \u00e9 justamente o contr\u00e1rio: para zerar a posi\u00e7\u00e3o em carteira \u00e9 necess\u00e1rio vender ativos. E toda venda na renda vari\u00e1vel gera resultados de lucro ou preju\u00edzo que precisam ser declarados. No final, todos os caminhos levam \u00e0 <strong>Declara\u00e7\u00e3o do Imposto de Rend<\/strong>a. Se voc\u00ea n\u00e3o pode venc\u00ea-la, junte-se a ela.<\/p>\n\n\n\n<p>Para encerrar o ano, investidor, fa\u00e7a a ceia de Natal, comemore com quem ama, pule as sete ondas e fique em dia com a Receita Federal. Um feliz Natal, feliz Ano Novo e, claro, bons investimentos!<\/p>\n\n\n\t<p>\n\t\t<a href=\"https:\/\/lp.suno.com.br\/planilha-da-vida-financeira\/\" target=\"_blank\" data-element=\"shortcode-suno-banner\" title=\"Banner SUNO, clique e saiba mais\">\n\t\t\t<picture>\n\t\t\t\t<source media=\"(max-width: 500px)\" srcset=\"https:\/\/files.sunoresearch.com.br\/n\/uploads\/2023\/04\/400x300-Planilha-vida-financeira-true.png\">\n\t\t\t\t<img class=\"newsContent__article__imgCapa newsContent__article__imgCapa--banner\"\n\t\t\t\t\tsrc=\"https:\/\/files.sunoresearch.com.br\/n\/uploads\/2023\/04\/1420x240-Planilha-vida-financeira-true.png\"\n\t\t\t\t\tdata-promo-id=\"106682\"\t\t\t\t\t\t\t\t\t\twidth='1420' height='240'\t\t\t\t\talt=\"https:\/\/files.sunoresearch.com.br\/n\/uploads\/2023\/04\/1420x240-Planilha-vida-financeira-true.png\"\n\t\t\t\t>\n\t\t\t<\/picture>\n\t\t<\/a>\n\t<\/p>\n\n\n","protected":false},"excerpt":{"rendered":"<p>O fim do ano, al\u00e9m das comemora\u00e7\u00f5es junto com fam\u00edlia e amigos que amamos, trazem tamb\u00e9m aquele anseio por novas conquistas para 2023. Mas antes de sair fazendo listas&#8230;<\/p>\n","protected":false},"author":96,"featured_media":323379,"template":"","tags":[303,847],"class_list":["post-338141","suno_column","type-suno_column","status-publish","has-post-thumbnail","hentry","tag-imposto-de-renda","tag-receita-federal"],"yoast_head":"<!-- This site is optimized with the Yoast SEO plugin v24.4 - https:\/\/yoast.com\/wordpress\/plugins\/seo\/ -->\n<title>Fim do ano chegando: \u00e9 hora de ficar em dia com a Receita Federal - Suno Not\u00edcias<\/title>\n<meta name=\"description\" content=\"Todo dia \u00e9 dia de cuidar da sua tributa\u00e7\u00e3o de Bolsa, mas o prazo para colocar em dia aquilo que est\u00e1 pendente vai ficando cada vez mais curto\" \/>\n<meta name=\"robots\" content=\"index, follow, max-snippet:-1, max-image-preview:large, max-video-preview:-1\" \/>\n<link rel=\"canonical\" href=\"https:\/\/www.suno.com.br\/noticias\/colunas\/alice-porto\/fim-do-ano-chegando-e-hora-de-ficar-em-dia-com-a-receita-federal\/\" \/>\n<meta property=\"og:locale\" content=\"pt_BR\" \/>\n<meta property=\"og:type\" content=\"article\" \/>\n<meta property=\"og:title\" content=\"Fim do ano chegando: \u00e9 hora de ficar em dia com a Receita Federal - Suno Not\u00edcias\" \/>\n<meta property=\"og:description\" content=\"Todo dia \u00e9 dia de cuidar da sua tributa\u00e7\u00e3o de Bolsa, mas o prazo para colocar em dia aquilo que est\u00e1 pendente vai ficando cada vez mais curto\" \/>\n<meta property=\"og:url\" content=\"https:\/\/www.suno.com.br\/noticias\/colunas\/alice-porto\/fim-do-ano-chegando-e-hora-de-ficar-em-dia-com-a-receita-federal\/\" \/>\n<meta property=\"og:site_name\" content=\"Suno Not\u00edcias\" \/>\n<meta property=\"article:publisher\" content=\"https:\/\/facebook.com\/sunoresearch\" \/>\n<meta property=\"og:image\" content=\"https:\/\/files.sunoresearch.com.br\/n\/uploads\/2022\/11\/Colunistas.jpg\" \/>\n\t<meta property=\"og:image:width\" content=\"1550\" \/>\n\t<meta property=\"og:image:height\" content=\"810\" \/>\n\t<meta property=\"og:image:type\" content=\"image\/jpeg\" \/>\n<meta name=\"twitter:card\" content=\"summary_large_image\" \/>\n<meta name=\"twitter:site\" content=\"@sunoresearch\" \/>\n<meta name=\"twitter:label1\" content=\"Est. tempo de leitura\" \/>\n\t<meta name=\"twitter:data1\" content=\"4 minutos\" \/>\n<script type=\"application\/ld+json\" class=\"yoast-schema-graph\">{\"@context\":\"https:\/\/schema.org\",\"@graph\":[{\"@type\":\"Article\",\"@id\":\"https:\/\/www.suno.com.br\/noticias\/colunas\/alice-porto\/fim-do-ano-chegando-e-hora-de-ficar-em-dia-com-a-receita-federal\/#article\",\"isPartOf\":{\"@id\":\"https:\/\/www.suno.com.br\/noticias\/colunas\/alice-porto\/fim-do-ano-chegando-e-hora-de-ficar-em-dia-com-a-receita-federal\/\"},\"author\":{\"name\":\"Alice Porto\",\"@id\":\"https:\/\/www.suno.com.br\/noticias\/#\/schema\/person\/7bace7aa1ad3a4850791903590cccb84\"},\"headline\":\"Fim do ano chegando: \u00e9 hora de ficar em dia com a Receita Federal\",\"datePublished\":\"2022-12-21T19:26:47+00:00\",\"dateModified\":\"2022-12-21T19:27:16+00:00\",\"mainEntityOfPage\":{\"@id\":\"https:\/\/www.suno.com.br\/noticias\/colunas\/alice-porto\/fim-do-ano-chegando-e-hora-de-ficar-em-dia-com-a-receita-federal\/\"},\"wordCount\":750,\"publisher\":{\"@id\":\"https:\/\/www.suno.com.br\/noticias\/#organization\"},\"image\":{\"@id\":\"https:\/\/www.suno.com.br\/noticias\/colunas\/alice-porto\/fim-do-ano-chegando-e-hora-de-ficar-em-dia-com-a-receita-federal\/#primaryimage\"},\"thumbnailUrl\":\"https:\/\/files.sunoresearch.com.br\/n\/uploads\/2022\/11\/Colunistas.jpg\",\"keywords\":[\"Imposto de Renda\",\"Receita Federal\"],\"inLanguage\":\"pt-BR\"},{\"@type\":\"WebPage\",\"@id\":\"https:\/\/www.suno.com.br\/noticias\/colunas\/alice-porto\/fim-do-ano-chegando-e-hora-de-ficar-em-dia-com-a-receita-federal\/\",\"url\":\"https:\/\/www.suno.com.br\/noticias\/colunas\/alice-porto\/fim-do-ano-chegando-e-hora-de-ficar-em-dia-com-a-receita-federal\/\",\"name\":\"Fim do ano chegando: \u00e9 hora de ficar em dia com a Receita Federal - Suno Not\u00edcias\",\"isPartOf\":{\"@id\":\"https:\/\/www.suno.com.br\/noticias\/#website\"},\"primaryImageOfPage\":{\"@id\":\"https:\/\/www.suno.com.br\/noticias\/colunas\/alice-porto\/fim-do-ano-chegando-e-hora-de-ficar-em-dia-com-a-receita-federal\/#primaryimage\"},\"image\":{\"@id\":\"https:\/\/www.suno.com.br\/noticias\/colunas\/alice-porto\/fim-do-ano-chegando-e-hora-de-ficar-em-dia-com-a-receita-federal\/#primaryimage\"},\"thumbnailUrl\":\"https:\/\/files.sunoresearch.com.br\/n\/uploads\/2022\/11\/Colunistas.jpg\",\"datePublished\":\"2022-12-21T19:26:47+00:00\",\"dateModified\":\"2022-12-21T19:27:16+00:00\",\"description\":\"Todo dia \u00e9 dia de cuidar da sua tributa\u00e7\u00e3o de Bolsa, mas o prazo para colocar em dia aquilo que est\u00e1 pendente vai ficando cada vez mais curto\",\"breadcrumb\":{\"@id\":\"https:\/\/www.suno.com.br\/noticias\/colunas\/alice-porto\/fim-do-ano-chegando-e-hora-de-ficar-em-dia-com-a-receita-federal\/#breadcrumb\"},\"inLanguage\":\"pt-BR\",\"potentialAction\":[{\"@type\":\"ReadAction\",\"target\":[\"https:\/\/www.suno.com.br\/noticias\/colunas\/alice-porto\/fim-do-ano-chegando-e-hora-de-ficar-em-dia-com-a-receita-federal\/\"]}]},{\"@type\":\"ImageObject\",\"inLanguage\":\"pt-BR\",\"@id\":\"https:\/\/www.suno.com.br\/noticias\/colunas\/alice-porto\/fim-do-ano-chegando-e-hora-de-ficar-em-dia-com-a-receita-federal\/#primaryimage\",\"url\":\"https:\/\/files.sunoresearch.com.br\/n\/uploads\/2022\/11\/Colunistas.jpg\",\"contentUrl\":\"https:\/\/files.sunoresearch.com.br\/n\/uploads\/2022\/11\/Colunistas.jpg\",\"width\":1550,\"height\":810},{\"@type\":\"BreadcrumbList\",\"@id\":\"https:\/\/www.suno.com.br\/noticias\/colunas\/alice-porto\/fim-do-ano-chegando-e-hora-de-ficar-em-dia-com-a-receita-federal\/#breadcrumb\",\"itemListElement\":[{\"@type\":\"ListItem\",\"position\":1,\"name\":\"Not\u00edcias\",\"item\":\"https:\/\/www.suno.com.br\/noticias\/\"},{\"@type\":\"ListItem\",\"position\":2,\"name\":\"Colunas\",\"item\":\"https:\/\/www.suno.com.br\/noticias\/colunas\/\"},{\"@type\":\"ListItem\",\"position\":3,\"name\":\"Fim do ano chegando: \u00e9 hora de ficar em dia com a Receita Federal\"}]},{\"@type\":\"WebSite\",\"@id\":\"https:\/\/www.suno.com.br\/noticias\/#website\",\"url\":\"https:\/\/www.suno.com.br\/noticias\/\",\"name\":\"Suno Not\u00edcias\",\"description\":\"Seu portal de informa\u00e7\u00e3o sobre o mundo dos investimentos\",\"publisher\":{\"@id\":\"https:\/\/www.suno.com.br\/noticias\/#organization\"},\"potentialAction\":[{\"@type\":\"SearchAction\",\"target\":{\"@type\":\"EntryPoint\",\"urlTemplate\":\"https:\/\/www.suno.com.br\/noticias\/?s={search_term_string}\"},\"query-input\":{\"@type\":\"PropertyValueSpecification\",\"valueRequired\":true,\"valueName\":\"search_term_string\"}}],\"inLanguage\":\"pt-BR\"},{\"@type\":\"Organization\",\"@id\":\"https:\/\/www.suno.com.br\/noticias\/#organization\",\"name\":\"Suno Not\u00edcias\",\"url\":\"https:\/\/www.suno.com.br\/noticias\/\",\"logo\":{\"@type\":\"ImageObject\",\"inLanguage\":\"pt-BR\",\"@id\":\"https:\/\/www.suno.com.br\/noticias\/#\/schema\/logo\/image\/\",\"url\":\"https:\/\/files.sunoresearch.com.br\/n\/uploads\/2021\/09\/suno-logo.png\",\"contentUrl\":\"https:\/\/files.sunoresearch.com.br\/n\/uploads\/2021\/09\/suno-logo.png\",\"width\":180,\"height\":180,\"caption\":\"Suno Not\u00edcias\"},\"image\":{\"@id\":\"https:\/\/www.suno.com.br\/noticias\/#\/schema\/logo\/image\/\"},\"sameAs\":[\"https:\/\/facebook.com\/sunoresearch\",\"https:\/\/x.com\/sunoresearch\",\"https:\/\/www.instagram.com\/suno\",\"https:\/\/www.linkedin.com\/company\/suno-research\/\",\"https:\/\/www.youtube.com\/c\/sunoresearch\"]},{\"@type\":\"Person\",\"@id\":\"https:\/\/www.suno.com.br\/noticias\/#\/schema\/person\/7bace7aa1ad3a4850791903590cccb84\",\"name\":\"Alice Porto\",\"image\":{\"@type\":\"ImageObject\",\"inLanguage\":\"pt-BR\",\"@id\":\"https:\/\/www.suno.com.br\/noticias\/#\/schema\/person\/image\/\",\"url\":\"https:\/\/secure.gravatar.com\/avatar\/ca59176af9d0c3b016a44136d2586050?s=96&r=g\",\"contentUrl\":\"https:\/\/secure.gravatar.com\/avatar\/ca59176af9d0c3b016a44136d2586050?s=96&r=g\",\"caption\":\"Alice Porto\"},\"description\":\"Alice Porto \u00e9 empreendedora com mais de 25 anos de experi\u00eancia multidisciplinar em Gest\u00e3o de Neg\u00f3cios, nos setores de ind\u00fastria, com\u00e9rcio e assessoria tribut\u00e1ria de investimentos de Bolsa, e tamb\u00e9m realiza um trabalho de forma\u00e7\u00e3o educacional tribut\u00e1ria, atrav\u00e9s de uma linguagem acess\u00edvel e inusitada nas redes sociais. \u00c9 a primeira profissional do Brasil especializada em tributa\u00e7\u00e3o para investidores de Bolsa brasileira e americana, e \u00e9 autora do livro \\\"101 Perguntas e Respostas Sobre Tributa\u00e7\u00e3o em Renda Vari\u00e1vel. Youtube: https:\/\/www.youtube.com\/c\/ContadoradaBolsa\",\"sameAs\":[\"https:\/\/www.youtube.com\/c\/ContadoradaBolsa\",\"https:\/\/www.instagram.com\/contadoradabolsa\",\"https:\/\/www.linkedin.com\/in\/alice-porto-14b28b9a\/\",\"https:\/\/x.com\/_aliceporto\"],\"url\":\"https:\/\/www.suno.com.br\/noticias\/author\/alice-porto\/\"}]}<\/script>\n<!-- \/ Yoast SEO plugin. -->","yoast_head_json":{"title":"Fim do ano chegando: \u00e9 hora de ficar em dia com a Receita Federal - Suno Not\u00edcias","description":"Todo dia \u00e9 dia de cuidar da sua tributa\u00e7\u00e3o de Bolsa, mas o prazo para colocar em dia aquilo que est\u00e1 pendente vai ficando cada vez mais curto","robots":{"index":"index","follow":"follow","max-snippet":"max-snippet:-1","max-image-preview":"max-image-preview:large","max-video-preview":"max-video-preview:-1"},"canonical":"https:\/\/www.suno.com.br\/noticias\/colunas\/alice-porto\/fim-do-ano-chegando-e-hora-de-ficar-em-dia-com-a-receita-federal\/","og_locale":"pt_BR","og_type":"article","og_title":"Fim do ano chegando: \u00e9 hora de ficar em dia com a Receita Federal - Suno Not\u00edcias","og_description":"Todo dia \u00e9 dia de cuidar da sua tributa\u00e7\u00e3o de Bolsa, mas o prazo para colocar em dia aquilo que est\u00e1 pendente vai ficando cada vez mais curto","og_url":"https:\/\/www.suno.com.br\/noticias\/colunas\/alice-porto\/fim-do-ano-chegando-e-hora-de-ficar-em-dia-com-a-receita-federal\/","og_site_name":"Suno Not\u00edcias","article_publisher":"https:\/\/facebook.com\/sunoresearch","og_image":[{"width":1550,"height":810,"url":"https:\/\/files.sunoresearch.com.br\/n\/uploads\/2022\/11\/Colunistas.jpg","type":"image\/jpeg"}],"twitter_card":"summary_large_image","twitter_site":"@sunoresearch","twitter_misc":{"Est. tempo de leitura":"4 minutos"},"schema":{"@context":"https:\/\/schema.org","@graph":[{"@type":"Article","@id":"https:\/\/www.suno.com.br\/noticias\/colunas\/alice-porto\/fim-do-ano-chegando-e-hora-de-ficar-em-dia-com-a-receita-federal\/#article","isPartOf":{"@id":"https:\/\/www.suno.com.br\/noticias\/colunas\/alice-porto\/fim-do-ano-chegando-e-hora-de-ficar-em-dia-com-a-receita-federal\/"},"author":{"name":"Alice Porto","@id":"https:\/\/www.suno.com.br\/noticias\/#\/schema\/person\/7bace7aa1ad3a4850791903590cccb84"},"headline":"Fim do ano chegando: \u00e9 hora de ficar em dia com a Receita Federal","datePublished":"2022-12-21T19:26:47+00:00","dateModified":"2022-12-21T19:27:16+00:00","mainEntityOfPage":{"@id":"https:\/\/www.suno.com.br\/noticias\/colunas\/alice-porto\/fim-do-ano-chegando-e-hora-de-ficar-em-dia-com-a-receita-federal\/"},"wordCount":750,"publisher":{"@id":"https:\/\/www.suno.com.br\/noticias\/#organization"},"image":{"@id":"https:\/\/www.suno.com.br\/noticias\/colunas\/alice-porto\/fim-do-ano-chegando-e-hora-de-ficar-em-dia-com-a-receita-federal\/#primaryimage"},"thumbnailUrl":"https:\/\/files.sunoresearch.com.br\/n\/uploads\/2022\/11\/Colunistas.jpg","keywords":["Imposto de Renda","Receita Federal"],"inLanguage":"pt-BR"},{"@type":"WebPage","@id":"https:\/\/www.suno.com.br\/noticias\/colunas\/alice-porto\/fim-do-ano-chegando-e-hora-de-ficar-em-dia-com-a-receita-federal\/","url":"https:\/\/www.suno.com.br\/noticias\/colunas\/alice-porto\/fim-do-ano-chegando-e-hora-de-ficar-em-dia-com-a-receita-federal\/","name":"Fim do ano chegando: \u00e9 hora de ficar em dia com a Receita Federal - Suno Not\u00edcias","isPartOf":{"@id":"https:\/\/www.suno.com.br\/noticias\/#website"},"primaryImageOfPage":{"@id":"https:\/\/www.suno.com.br\/noticias\/colunas\/alice-porto\/fim-do-ano-chegando-e-hora-de-ficar-em-dia-com-a-receita-federal\/#primaryimage"},"image":{"@id":"https:\/\/www.suno.com.br\/noticias\/colunas\/alice-porto\/fim-do-ano-chegando-e-hora-de-ficar-em-dia-com-a-receita-federal\/#primaryimage"},"thumbnailUrl":"https:\/\/files.sunoresearch.com.br\/n\/uploads\/2022\/11\/Colunistas.jpg","datePublished":"2022-12-21T19:26:47+00:00","dateModified":"2022-12-21T19:27:16+00:00","description":"Todo dia \u00e9 dia de cuidar da sua tributa\u00e7\u00e3o de Bolsa, mas o prazo para colocar em dia aquilo que est\u00e1 pendente vai ficando cada vez mais curto","breadcrumb":{"@id":"https:\/\/www.suno.com.br\/noticias\/colunas\/alice-porto\/fim-do-ano-chegando-e-hora-de-ficar-em-dia-com-a-receita-federal\/#breadcrumb"},"inLanguage":"pt-BR","potentialAction":[{"@type":"ReadAction","target":["https:\/\/www.suno.com.br\/noticias\/colunas\/alice-porto\/fim-do-ano-chegando-e-hora-de-ficar-em-dia-com-a-receita-federal\/"]}]},{"@type":"ImageObject","inLanguage":"pt-BR","@id":"https:\/\/www.suno.com.br\/noticias\/colunas\/alice-porto\/fim-do-ano-chegando-e-hora-de-ficar-em-dia-com-a-receita-federal\/#primaryimage","url":"https:\/\/files.sunoresearch.com.br\/n\/uploads\/2022\/11\/Colunistas.jpg","contentUrl":"https:\/\/files.sunoresearch.com.br\/n\/uploads\/2022\/11\/Colunistas.jpg","width":1550,"height":810},{"@type":"BreadcrumbList","@id":"https:\/\/www.suno.com.br\/noticias\/colunas\/alice-porto\/fim-do-ano-chegando-e-hora-de-ficar-em-dia-com-a-receita-federal\/#breadcrumb","itemListElement":[{"@type":"ListItem","position":1,"name":"Not\u00edcias","item":"https:\/\/www.suno.com.br\/noticias\/"},{"@type":"ListItem","position":2,"name":"Colunas","item":"https:\/\/www.suno.com.br\/noticias\/colunas\/"},{"@type":"ListItem","position":3,"name":"Fim do ano chegando: \u00e9 hora de ficar em dia com a Receita Federal"}]},{"@type":"WebSite","@id":"https:\/\/www.suno.com.br\/noticias\/#website","url":"https:\/\/www.suno.com.br\/noticias\/","name":"Suno Not\u00edcias","description":"Seu portal de informa\u00e7\u00e3o sobre o mundo dos investimentos","publisher":{"@id":"https:\/\/www.suno.com.br\/noticias\/#organization"},"potentialAction":[{"@type":"SearchAction","target":{"@type":"EntryPoint","urlTemplate":"https:\/\/www.suno.com.br\/noticias\/?s={search_term_string}"},"query-input":{"@type":"PropertyValueSpecification","valueRequired":true,"valueName":"search_term_string"}}],"inLanguage":"pt-BR"},{"@type":"Organization","@id":"https:\/\/www.suno.com.br\/noticias\/#organization","name":"Suno Not\u00edcias","url":"https:\/\/www.suno.com.br\/noticias\/","logo":{"@type":"ImageObject","inLanguage":"pt-BR","@id":"https:\/\/www.suno.com.br\/noticias\/#\/schema\/logo\/image\/","url":"https:\/\/files.sunoresearch.com.br\/n\/uploads\/2021\/09\/suno-logo.png","contentUrl":"https:\/\/files.sunoresearch.com.br\/n\/uploads\/2021\/09\/suno-logo.png","width":180,"height":180,"caption":"Suno Not\u00edcias"},"image":{"@id":"https:\/\/www.suno.com.br\/noticias\/#\/schema\/logo\/image\/"},"sameAs":["https:\/\/facebook.com\/sunoresearch","https:\/\/x.com\/sunoresearch","https:\/\/www.instagram.com\/suno","https:\/\/www.linkedin.com\/company\/suno-research\/","https:\/\/www.youtube.com\/c\/sunoresearch"]},{"@type":"Person","@id":"https:\/\/www.suno.com.br\/noticias\/#\/schema\/person\/7bace7aa1ad3a4850791903590cccb84","name":"Alice Porto","image":{"@type":"ImageObject","inLanguage":"pt-BR","@id":"https:\/\/www.suno.com.br\/noticias\/#\/schema\/person\/image\/","url":"https:\/\/secure.gravatar.com\/avatar\/ca59176af9d0c3b016a44136d2586050?s=96&r=g","contentUrl":"https:\/\/secure.gravatar.com\/avatar\/ca59176af9d0c3b016a44136d2586050?s=96&r=g","caption":"Alice Porto"},"description":"Alice Porto \u00e9 empreendedora com mais de 25 anos de experi\u00eancia multidisciplinar em Gest\u00e3o de Neg\u00f3cios, nos setores de ind\u00fastria, com\u00e9rcio e assessoria tribut\u00e1ria de investimentos de Bolsa, e tamb\u00e9m realiza um trabalho de forma\u00e7\u00e3o educacional tribut\u00e1ria, atrav\u00e9s de uma linguagem acess\u00edvel e inusitada nas redes sociais. \u00c9 a primeira profissional do Brasil especializada em tributa\u00e7\u00e3o para investidores de Bolsa brasileira e americana, e \u00e9 autora do livro \"101 Perguntas e Respostas Sobre Tributa\u00e7\u00e3o em Renda Vari\u00e1vel. Youtube: https:\/\/www.youtube.com\/c\/ContadoradaBolsa","sameAs":["https:\/\/www.youtube.com\/c\/ContadoradaBolsa","https:\/\/www.instagram.com\/contadoradabolsa","https:\/\/www.linkedin.com\/in\/alice-porto-14b28b9a\/","https:\/\/x.com\/_aliceporto"],"url":"https:\/\/www.suno.com.br\/noticias\/author\/alice-porto\/"}]}},"amp_enabled":true,"_links":{"self":[{"href":"https:\/\/www.suno.com.br\/noticias\/wp-json\/wp\/v2\/suno_column\/338141"}],"collection":[{"href":"https:\/\/www.suno.com.br\/noticias\/wp-json\/wp\/v2\/suno_column"}],"about":[{"href":"https:\/\/www.suno.com.br\/noticias\/wp-json\/wp\/v2\/types\/suno_column"}],"author":[{"embeddable":true,"href":"https:\/\/www.suno.com.br\/noticias\/wp-json\/wp\/v2\/users\/96"}],"wp:featuredmedia":[{"embeddable":true,"href":"https:\/\/www.suno.com.br\/noticias\/wp-json\/wp\/v2\/media\/323379"}],"wp:attachment":[{"href":"https:\/\/www.suno.com.br\/noticias\/wp-json\/wp\/v2\/media?parent=338141"}],"wp:term":[{"taxonomy":"post_tag","embeddable":true,"href":"https:\/\/www.suno.com.br\/noticias\/wp-json\/wp\/v2\/tags?post=338141"}],"curies":[{"name":"wp","href":"https:\/\/api.w.org\/{rel}","templated":true}]}}