{"id":334202,"date":"2022-12-19T10:00:00","date_gmt":"2022-12-19T13:00:00","guid":{"rendered":"https:\/\/www.suno.com.br\/noticias\/colunas\/marco-lopes\/\/"},"modified":"2022-12-16T23:59:04","modified_gmt":"2022-12-17T02:59:04","slug":"a-importancia-do-planejamento-estrategico-em-oscs","status":"publish","type":"suno_column","link":"https:\/\/www.suno.com.br\/noticias\/colunas\/julian-tonioli\/a-importancia-do-planejamento-estrategico-em-oscs\/","title":{"rendered":"A import\u00e2ncia do planejamento estrat\u00e9gico em OSCs"},"content":{"rendered":"<p>Qualquer neg\u00f3cio come\u00e7a com a defini\u00e7\u00e3o de objetivos, a elabora\u00e7\u00e3o de um planejamento estrat\u00e9gico para sua execu\u00e7\u00e3o eficiente, que deve incluir recursos financeiros, t\u00e9cnicos, humanos e materiais. E com as Organiza\u00e7\u00f5es da Sociedade Civil (<strong>OSC<\/strong>) &#8211; nova denomina\u00e7\u00e3o para Organiza\u00e7\u00e3o N\u00e3o Governamental (ONG) &#8211; no Brasil n\u00e3o \u00e9 diferente.<\/p>\t<div class=\"wrapper-featured-image\">\n\t\t<figure class=\"spotlightImg\">\n\n\t\t\t<picture>\n\t\t\t\t<source media=\"(max-width: 768px)\" srcset=\"https:\/\/files.sunoresearch.com.br\/n\/uploads\/2022\/11\/Colunistas-400x200.jpg\">\n\t\t\t\t<img loading=\"lazy\" decoding=\"async\" class=\"newsContent__article__imgCapa lazyloadDisabled newsContent__article__imgCapa--noCaption\" src=\"https:\/\/files.sunoresearch.com.br\/n\/uploads\/2022\/11\/Colunistas-800x450.jpg\" width=\"800\" height=\"450\" alt=\"A import\u00e2ncia do planejamento estrat\u00e9gico em OSCs\" fetchpriority=high \/>\n\t\t\t<\/picture>\n\n\t\t\t<figcaption class=\"wp-caption-text wp-caption-text--hide\"><\/figcaption>\n\t\t<\/figure>\n\t<\/div>\n\n\n\n\n\n\t<p>\n\t\t<a href=\"\" target=\"_blank\" data-element=\"shortcode-suno-banner\" title=\"Banner SUNO, clique e saiba mais\">\n\t\t\t<picture>\n\t\t\t\t<source media=\"(max-width: 500px)\" srcset=\"\">\n\t\t\t\t<img class=\"newsContent__article__imgCapa newsContent__article__imgCapa--banner\"\n\t\t\t\t\tsrc=\"\"\n\t\t\t\t\tdata-promo-id=\"240038\"\t\t\t\t\t\t\t\t\t\t\t\t\t\t\talt=\"\"\n\t\t\t\t>\n\t\t\t<\/picture>\n\t\t<\/a>\n\t<\/p>\n\n\n\n\n\n<p>De acordo com o <strong>Ipea <\/strong>(2022), existem no Brasil mais de 815 mil OSCs distribu\u00eddas em todos os munic\u00edpios do pa\u00eds, que empregam formalmente 3 milh\u00f5es de pessoas e receberam em torno de R$ 118 bilh\u00f5es de recursos federais entre 2010 e 2018 para execu\u00e7\u00e3o de projetos voltados aos mais diversos temas, territ\u00f3rios e p\u00fablicos. Quase 50% est\u00e3o localizadas na regi\u00e3o sudeste e cerca de 70% surgiram entre 2001 e 2010. Atuam majoritariamente no <strong>desenvolvimento e defesa de direitos<\/strong> e interesses, cultura e recrea\u00e7\u00e3o. <\/p>\n\n\n\n<p>Entretanto, segundo o relat\u00f3rio \u201cDin\u00e2micas do Terceiro Setor no Brasil: Trajet\u00f3rias de cria\u00e7\u00e3o e Fechamento de <strong>Organiza\u00e7\u00f5es da Sociedade Civil <\/strong>(OSCS) de 1901 a 2020\u201d, do mesmo \u00f3rg\u00e3o e ano, cerca de 3,2% dessas organiza\u00e7\u00f5es encerraram suas atividades em 2020. Dentre os fatores causadores est\u00e3o a queda no volume de financiamentos internacionais junto ao setor; exig\u00eancias burocr\u00e1tico-administrativas para a capta\u00e7\u00e3o de recursos e execu\u00e7\u00e3o de projetos; a dificuldade de alinhamento com a atual legisla\u00e7\u00e3o (Lei 13.019\/2014 &#8211; Marco Regulat\u00f3rio das Organiza\u00e7\u00f5es da Sociedade Civil) e dificuldades com o planejamento e a gest\u00e3o do neg\u00f3cio. Por exemplo, no que diz respeito \u00e0 situa\u00e7\u00e3o cadastral das organiza\u00e7\u00f5es na Receita Federal, quase 73% das baixas de CNPJ ao longo do per\u00edodo foram feitas pela pr\u00f3pria Receita, conforme a aplica\u00e7\u00e3o de normas internas e n\u00e3o como uma a\u00e7\u00e3o da pr\u00f3pria organiza\u00e7\u00e3o de dar baixa em seu registro junto ao \u00f3rg\u00e3o. Dessa forma, \u00e9 poss\u00edvel observar que v\u00e1rias OSCs se tornam inativas tamb\u00e9m pela <strong>falta de gest\u00e3o<\/strong> administrativa e tribut\u00e1ria competente.<\/p>\n\n\n\n<p>O que acontece normalmente \u00e9 que estas organiza\u00e7\u00f5es de impacto social s\u00e3o criadas por indiv\u00edduos que t\u00eam o principal objetivo de atender uma demanda espec\u00edfica da sociedade, incapaz de ser sanada pelo poder p\u00fablico. E, geralmente, seus fundadores realizam o sonho de ajudar outras pessoas e, nem sempre possuem o preparo t\u00e9cnico para tocar o neg\u00f3cio &#8211; s\u00e3o movidos pela paix\u00e3o.<\/p>\n\n\n\n<p>Entretanto, o fato \u00e9 que mesmo que sejam neg\u00f3cios de cunho social, sem objetivo de gerar lucro, as Organiza\u00e7\u00f5es da Sociedade Civil precisam ser o mais eficiente poss\u00edvel de forma a usar seus recursos e transformar o que seria o &#8220;lucro&#8221; em impacto positivo para seu p\u00fablico. Al\u00e9m disso, a possibilidade de escalar o neg\u00f3cio e ampliar os benef\u00edcios por ele gerados necessita muito mais do que os tradicionais apoios e patroc\u00ednios. <\/p>\n\n\n\t<p>\n\t\t<a href=\"https:\/\/lp.suno.com.br\/planilha-da-vida-financeira\/\" target=\"_blank\" data-element=\"shortcode-suno-banner\" title=\"Banner SUNO, clique e saiba mais\">\n\t\t\t<picture>\n\t\t\t\t<source media=\"(max-width: 500px)\" srcset=\"https:\/\/files.sunoresearch.com.br\/n\/uploads\/2023\/04\/400x300-Planilha-vida-financeira-true.png\">\n\t\t\t\t<img class=\"newsContent__article__imgCapa newsContent__article__imgCapa--banner\"\n\t\t\t\t\tsrc=\"https:\/\/files.sunoresearch.com.br\/n\/uploads\/2023\/04\/1420x240-Planilha-vida-financeira-true.png\"\n\t\t\t\t\tdata-promo-id=\"106682\"\t\t\t\t\t\t\t\t\t\twidth='1420' height='240'\t\t\t\t\talt=\"https:\/\/files.sunoresearch.com.br\/n\/uploads\/2023\/04\/1420x240-Planilha-vida-financeira-true.png\"\n\t\t\t\t>\n\t\t\t<\/picture>\n\t\t<\/a>\n\t<\/p>\n\n\n\n\n\n<p>Nesse sentido, a capta\u00e7\u00e3o de <strong>novos investimentos<\/strong> exige n\u00e3o somente qualifica\u00e7\u00e3o do time para criar uma <strong>vis\u00e3o estrat\u00e9gica <\/strong>de longo prazo nos gestores e orientar a implementa\u00e7\u00e3o da estrat\u00e9gia que vai fazer o neg\u00f3cio cumprir a sua miss\u00e3o perante \u00e0 sociedade. Sobretudo, \u00e9 fundamental elaborar um minucioso planejamento de desenvolvimento do neg\u00f3cio, com miss\u00e3o, vis\u00e3o, objetivos, estrat\u00e9gias e metas bem definidos. Assim, capacitar tecnicamente os profissionais, de acordo com as cadeiras ocupadas e as fun\u00e7\u00f5es necess\u00e1rias; preparar o time para entender a import\u00e2ncia de estabelecer objetivos, indicadores de desempenho e m\u00e9tricas realistas; mapear e otimizar processos rotineiros e viabilizar caminhos para a capta\u00e7\u00e3o de recursos deve ser parte do processo de cria\u00e7\u00e3o e de gest\u00e3o de qualquer neg\u00f3cio deste tipo.<\/p>\n\n\n\n<p>O planejamento estrat\u00e9gico \u00e9 o exerc\u00edcio de definir onde a empresa estar\u00e1 no futuro. Tipicamente, \u00e9 uma vis\u00e3o de m\u00e9dio-longo prazo que envolve uma s\u00e9rie de defini\u00e7\u00f5es conceituais relativas a: onde queremos chegar, o que precisamos para chegar l\u00e1 e como vamos viabilizar esse caminho do ponto de vista de compet\u00eancias, recursos (pessoais, tecnol\u00f3gicos, financeiros) e estruturas de trabalho. Por isso, todo planejamento estrat\u00e9gico deve ser composto de objetivos num\u00e9ricos e objetivos qualitativos que, conjuntamente, denominam-se Objetivos Estrat\u00e9gicos e que passam a ser a base para as diretrizes de execu\u00e7\u00e3o e os modelos de acompanhamento da estrat\u00e9gia. Al\u00e9m disso, tanto a elabora\u00e7\u00e3o quanto a execu\u00e7\u00e3o da estrat\u00e9gia de neg\u00f3cios deve obedecer o momento da organiza\u00e7\u00e3o, seu ciclo de vida e disponibilidade de recursos financeiros, t\u00e9cnicos, humanos e materiais.<\/p>\n\n\n\n<p>Em 15 anos de exist\u00eancia e mais de 400.000 pessoas impactadas, a Organiza\u00e7\u00e3o N\u00e3o Governamental (ONG) Olhar de Bia tem como sua miss\u00e3o apresentar ferramentas e oportunidades para crian\u00e7as e jovens constru\u00edrem seus sonhos atrav\u00e9s da educa\u00e7\u00e3o. Ap\u00f3s muitas dificuldades na gest\u00e3o do neg\u00f3cio, sem saber se estava no caminho certo e cheia de questionamentos, sua fundadora buscou a parceria com uma empresa de consultoria que ajuda os parceiros a extra\u00edrem o m\u00e1ximo do seu potencial. A partir da\u00ed, a ONG amadureceu o seu <strong>olhar empresarial<\/strong> com maior planejamento, capacita\u00e7\u00e3o do time, cria\u00e7\u00e3o de novas cadeiras, autonomia e inova\u00e7\u00e3o. Al\u00e9m de ampliar a sua capacidade de estabelecer parcerias, viabilizar capta\u00e7\u00e3o de recursos. Um dos resultados desta parceria foi a cria\u00e7\u00e3o do programa Alicerce, que ajuda a despertar voca\u00e7\u00f5es profissionais. Atualmente, o programa recebe jovens de cinco estados brasileiros e cada aluno tem um mentor, chamado de \u201canjo\u201d, que o acompanha durante todo o treinamento. Centenas de jovens j\u00e1 se iniciaram numa atividade profissional a partir da forma\u00e7\u00e3o que obtiveram no Alicerce.<\/p>\n\n\n\n<p>Mais do que a habilidade para criar solu\u00e7\u00f5es e ajudar o pr\u00f3ximo, <strong>gestores das Organiza\u00e7\u00f5es da Sociedade Civil<\/strong> precisam contar com profissionais qualificados, capazes de planejar o desenvolvimento do neg\u00f3cio e implementar uma gest\u00e3o eficiente, executando as estrat\u00e9gias tra\u00e7adas em prol dos objetivos definidos, com maior qualifica\u00e7\u00e3o, organiza\u00e7\u00e3o e recursos. E o momento n\u00e3o poderia ser mais prop\u00edcio do que agora. Como amplamente discutido no recente <strong>F\u00f3rum Mundial de Davos<\/strong> (2022), a necessidade de implementar a Agenda ESG (Environmental, Social, Governance ou Ambiente, Social e Governan\u00e7a, em portugu\u00eas) tem levado v\u00e1rias empresas de diversos setores em todo o mundo a investir em parcerias com organiza\u00e7\u00f5es de impacto socioambiental, seja atrav\u00e9s de investimentos em tecnologia, pessoas e materiais.<\/p>\n\n\n\t<p>\n\t\t<a href=\"https:\/\/lp.suno.com.br\/planilha-de-controle-de-investimentos\/\" target=\"_blank\" data-element=\"shortcode-suno-banner\" title=\"Banner SUNO, clique e saiba mais\">\n\t\t\t<picture>\n\t\t\t\t<source media=\"(max-width: 500px)\" srcset=\"https:\/\/files.sunoresearch.com.br\/n\/uploads\/2023\/03\/400x300-Controle-de-Investimentos.png\">\n\t\t\t\t<img class=\"newsContent__article__imgCapa newsContent__article__imgCapa--banner\"\n\t\t\t\t\tsrc=\"https:\/\/files.sunoresearch.com.br\/n\/uploads\/2023\/03\/1420x240-Controle-de-Investimentos.png\"\n\t\t\t\t\tdata-promo-id=\"75934\"\t\t\t\t\t\t\t\t\t\twidth='1420' height='240'\t\t\t\t\talt=\"https:\/\/files.sunoresearch.com.br\/n\/uploads\/2023\/03\/1420x240-Controle-de-Investimentos.png\"\n\t\t\t\t>\n\t\t\t<\/picture>\n\t\t<\/a>\n\t<\/p>\n\n\n","protected":false},"excerpt":{"rendered":"<p>Qualquer neg\u00f3cio come\u00e7a com a defini\u00e7\u00e3o de objetivos, a elabora\u00e7\u00e3o de um planejamento estrat\u00e9gico para sua execu\u00e7\u00e3o eficiente, que deve incluir recursos financeiros, t&#8230;<\/p>\n","protected":false},"author":204,"featured_media":323379,"template":"","tags":[],"class_list":["post-334202","suno_column","type-suno_column","status-publish","has-post-thumbnail","hentry"],"yoast_head":"<!-- This site is optimized with the Yoast SEO plugin v24.4 - https:\/\/yoast.com\/wordpress\/plugins\/seo\/ -->\n<title>A import\u00e2ncia do planejamento estrat\u00e9gico em OSCs - Suno Not\u00edcias<\/title>\n<meta name=\"description\" content=\"Qualquer neg\u00f3cio come\u00e7a com a defini\u00e7\u00e3o de objetivos e a elabora\u00e7\u00e3o de um planejamento estrat\u00e9gico para sua execu\u00e7\u00e3o eficiente\" \/>\n<meta name=\"robots\" content=\"index, follow, max-snippet:-1, max-image-preview:large, max-video-preview:-1\" \/>\n<link rel=\"canonical\" href=\"https:\/\/www.suno.com.br\/noticias\/colunas\/julian-tonioli\/a-importancia-do-planejamento-estrategico-em-oscs\/\" \/>\n<meta property=\"og:locale\" content=\"pt_BR\" \/>\n<meta property=\"og:type\" content=\"article\" \/>\n<meta property=\"og:title\" content=\"A import\u00e2ncia do planejamento estrat\u00e9gico em OSCs - Suno Not\u00edcias\" \/>\n<meta property=\"og:description\" content=\"Qualquer neg\u00f3cio come\u00e7a com a defini\u00e7\u00e3o de objetivos e a elabora\u00e7\u00e3o de um planejamento estrat\u00e9gico para sua execu\u00e7\u00e3o eficiente\" \/>\n<meta property=\"og:url\" content=\"https:\/\/www.suno.com.br\/noticias\/colunas\/julian-tonioli\/a-importancia-do-planejamento-estrategico-em-oscs\/\" \/>\n<meta property=\"og:site_name\" content=\"Suno Not\u00edcias\" \/>\n<meta property=\"article:publisher\" content=\"https:\/\/facebook.com\/sunoresearch\" \/>\n<meta property=\"og:image\" content=\"https:\/\/files.sunoresearch.com.br\/n\/uploads\/2022\/11\/Colunistas.jpg\" \/>\n\t<meta property=\"og:image:width\" content=\"1550\" \/>\n\t<meta property=\"og:image:height\" content=\"810\" \/>\n\t<meta property=\"og:image:type\" content=\"image\/jpeg\" \/>\n<meta name=\"twitter:card\" content=\"summary_large_image\" \/>\n<meta name=\"twitter:site\" content=\"@sunoresearch\" \/>\n<meta name=\"twitter:label1\" content=\"Est. tempo de leitura\" \/>\n\t<meta name=\"twitter:data1\" content=\"6 minutos\" \/>\n<script type=\"application\/ld+json\" class=\"yoast-schema-graph\">{\"@context\":\"https:\/\/schema.org\",\"@graph\":[{\"@type\":\"Article\",\"@id\":\"https:\/\/www.suno.com.br\/noticias\/colunas\/julian-tonioli\/a-importancia-do-planejamento-estrategico-em-oscs\/#article\",\"isPartOf\":{\"@id\":\"https:\/\/www.suno.com.br\/noticias\/colunas\/julian-tonioli\/a-importancia-do-planejamento-estrategico-em-oscs\/\"},\"author\":{\"name\":\"Julian Tonioli\",\"@id\":\"https:\/\/www.suno.com.br\/noticias\/#\/schema\/person\/12329d723ffd00e64ca225258cff2734\"},\"headline\":\"A import\u00e2ncia do planejamento estrat\u00e9gico em OSCs\",\"datePublished\":\"2022-12-19T13:00:00+00:00\",\"mainEntityOfPage\":{\"@id\":\"https:\/\/www.suno.com.br\/noticias\/colunas\/julian-tonioli\/a-importancia-do-planejamento-estrategico-em-oscs\/\"},\"wordCount\":1110,\"publisher\":{\"@id\":\"https:\/\/www.suno.com.br\/noticias\/#organization\"},\"image\":{\"@id\":\"https:\/\/www.suno.com.br\/noticias\/colunas\/julian-tonioli\/a-importancia-do-planejamento-estrategico-em-oscs\/#primaryimage\"},\"thumbnailUrl\":\"https:\/\/files.sunoresearch.com.br\/n\/uploads\/2022\/11\/Colunistas.jpg\",\"inLanguage\":\"pt-BR\"},{\"@type\":\"WebPage\",\"@id\":\"https:\/\/www.suno.com.br\/noticias\/colunas\/julian-tonioli\/a-importancia-do-planejamento-estrategico-em-oscs\/\",\"url\":\"https:\/\/www.suno.com.br\/noticias\/colunas\/julian-tonioli\/a-importancia-do-planejamento-estrategico-em-oscs\/\",\"name\":\"A import\u00e2ncia do planejamento estrat\u00e9gico em OSCs - Suno Not\u00edcias\",\"isPartOf\":{\"@id\":\"https:\/\/www.suno.com.br\/noticias\/#website\"},\"primaryImageOfPage\":{\"@id\":\"https:\/\/www.suno.com.br\/noticias\/colunas\/julian-tonioli\/a-importancia-do-planejamento-estrategico-em-oscs\/#primaryimage\"},\"image\":{\"@id\":\"https:\/\/www.suno.com.br\/noticias\/colunas\/julian-tonioli\/a-importancia-do-planejamento-estrategico-em-oscs\/#primaryimage\"},\"thumbnailUrl\":\"https:\/\/files.sunoresearch.com.br\/n\/uploads\/2022\/11\/Colunistas.jpg\",\"datePublished\":\"2022-12-19T13:00:00+00:00\",\"description\":\"Qualquer neg\u00f3cio come\u00e7a com a defini\u00e7\u00e3o de objetivos e a elabora\u00e7\u00e3o de um planejamento estrat\u00e9gico para sua execu\u00e7\u00e3o eficiente\",\"breadcrumb\":{\"@id\":\"https:\/\/www.suno.com.br\/noticias\/colunas\/julian-tonioli\/a-importancia-do-planejamento-estrategico-em-oscs\/#breadcrumb\"},\"inLanguage\":\"pt-BR\",\"potentialAction\":[{\"@type\":\"ReadAction\",\"target\":[\"https:\/\/www.suno.com.br\/noticias\/colunas\/julian-tonioli\/a-importancia-do-planejamento-estrategico-em-oscs\/\"]}]},{\"@type\":\"ImageObject\",\"inLanguage\":\"pt-BR\",\"@id\":\"https:\/\/www.suno.com.br\/noticias\/colunas\/julian-tonioli\/a-importancia-do-planejamento-estrategico-em-oscs\/#primaryimage\",\"url\":\"https:\/\/files.sunoresearch.com.br\/n\/uploads\/2022\/11\/Colunistas.jpg\",\"contentUrl\":\"https:\/\/files.sunoresearch.com.br\/n\/uploads\/2022\/11\/Colunistas.jpg\",\"width\":1550,\"height\":810},{\"@type\":\"BreadcrumbList\",\"@id\":\"https:\/\/www.suno.com.br\/noticias\/colunas\/julian-tonioli\/a-importancia-do-planejamento-estrategico-em-oscs\/#breadcrumb\",\"itemListElement\":[{\"@type\":\"ListItem\",\"position\":1,\"name\":\"Not\u00edcias\",\"item\":\"https:\/\/www.suno.com.br\/noticias\/\"},{\"@type\":\"ListItem\",\"position\":2,\"name\":\"Colunas\",\"item\":\"https:\/\/www.suno.com.br\/noticias\/colunas\/\"},{\"@type\":\"ListItem\",\"position\":3,\"name\":\"A import\u00e2ncia do planejamento estrat\u00e9gico em OSCs\"}]},{\"@type\":\"WebSite\",\"@id\":\"https:\/\/www.suno.com.br\/noticias\/#website\",\"url\":\"https:\/\/www.suno.com.br\/noticias\/\",\"name\":\"Suno Not\u00edcias\",\"description\":\"Seu portal de informa\u00e7\u00e3o sobre o mundo dos investimentos\",\"publisher\":{\"@id\":\"https:\/\/www.suno.com.br\/noticias\/#organization\"},\"potentialAction\":[{\"@type\":\"SearchAction\",\"target\":{\"@type\":\"EntryPoint\",\"urlTemplate\":\"https:\/\/www.suno.com.br\/noticias\/?s={search_term_string}\"},\"query-input\":{\"@type\":\"PropertyValueSpecification\",\"valueRequired\":true,\"valueName\":\"search_term_string\"}}],\"inLanguage\":\"pt-BR\"},{\"@type\":\"Organization\",\"@id\":\"https:\/\/www.suno.com.br\/noticias\/#organization\",\"name\":\"Suno Not\u00edcias\",\"url\":\"https:\/\/www.suno.com.br\/noticias\/\",\"logo\":{\"@type\":\"ImageObject\",\"inLanguage\":\"pt-BR\",\"@id\":\"https:\/\/www.suno.com.br\/noticias\/#\/schema\/logo\/image\/\",\"url\":\"https:\/\/files.sunoresearch.com.br\/n\/uploads\/2021\/09\/suno-logo.png\",\"contentUrl\":\"https:\/\/files.sunoresearch.com.br\/n\/uploads\/2021\/09\/suno-logo.png\",\"width\":180,\"height\":180,\"caption\":\"Suno Not\u00edcias\"},\"image\":{\"@id\":\"https:\/\/www.suno.com.br\/noticias\/#\/schema\/logo\/image\/\"},\"sameAs\":[\"https:\/\/facebook.com\/sunoresearch\",\"https:\/\/x.com\/sunoresearch\",\"https:\/\/www.instagram.com\/suno\",\"https:\/\/www.linkedin.com\/company\/suno-research\/\",\"https:\/\/www.youtube.com\/c\/sunoresearch\"]},{\"@type\":\"Person\",\"@id\":\"https:\/\/www.suno.com.br\/noticias\/#\/schema\/person\/12329d723ffd00e64ca225258cff2734\",\"name\":\"Julian Tonioli\",\"image\":{\"@type\":\"ImageObject\",\"inLanguage\":\"pt-BR\",\"@id\":\"https:\/\/www.suno.com.br\/noticias\/#\/schema\/person\/image\/\",\"url\":\"https:\/\/secure.gravatar.com\/avatar\/035d05c4419a832a5299687d2f734d40?s=96&r=g\",\"contentUrl\":\"https:\/\/secure.gravatar.com\/avatar\/035d05c4419a832a5299687d2f734d40?s=96&r=g\",\"caption\":\"Julian Tonioli\"},\"description\":\"S\u00f3cio Fundador da Auddas. H\u00e1 mais de 20 anos atuando em Vendas e Opera\u00e7\u00f5es, Engenheiro \u2013 POLI \u2013 USP, MSc SCM e PDM\u2013 POLI \u2013 USP, investidor anjo e BoD Member de empresas no setor de Servi\u00e7os e Tecnologia.\",\"url\":\"https:\/\/www.suno.com.br\/noticias\/author\/julian-tonioli\/\"}]}<\/script>\n<!-- \/ Yoast SEO plugin. -->","yoast_head_json":{"title":"A import\u00e2ncia do planejamento estrat\u00e9gico em OSCs - Suno Not\u00edcias","description":"Qualquer neg\u00f3cio come\u00e7a com a defini\u00e7\u00e3o de objetivos e a elabora\u00e7\u00e3o de um planejamento estrat\u00e9gico para sua execu\u00e7\u00e3o eficiente","robots":{"index":"index","follow":"follow","max-snippet":"max-snippet:-1","max-image-preview":"max-image-preview:large","max-video-preview":"max-video-preview:-1"},"canonical":"https:\/\/www.suno.com.br\/noticias\/colunas\/julian-tonioli\/a-importancia-do-planejamento-estrategico-em-oscs\/","og_locale":"pt_BR","og_type":"article","og_title":"A import\u00e2ncia do planejamento estrat\u00e9gico em OSCs - Suno Not\u00edcias","og_description":"Qualquer neg\u00f3cio come\u00e7a com a defini\u00e7\u00e3o de objetivos e a elabora\u00e7\u00e3o de um planejamento estrat\u00e9gico para sua execu\u00e7\u00e3o eficiente","og_url":"https:\/\/www.suno.com.br\/noticias\/colunas\/julian-tonioli\/a-importancia-do-planejamento-estrategico-em-oscs\/","og_site_name":"Suno Not\u00edcias","article_publisher":"https:\/\/facebook.com\/sunoresearch","og_image":[{"width":1550,"height":810,"url":"https:\/\/files.sunoresearch.com.br\/n\/uploads\/2022\/11\/Colunistas.jpg","type":"image\/jpeg"}],"twitter_card":"summary_large_image","twitter_site":"@sunoresearch","twitter_misc":{"Est. tempo de leitura":"6 minutos"},"schema":{"@context":"https:\/\/schema.org","@graph":[{"@type":"Article","@id":"https:\/\/www.suno.com.br\/noticias\/colunas\/julian-tonioli\/a-importancia-do-planejamento-estrategico-em-oscs\/#article","isPartOf":{"@id":"https:\/\/www.suno.com.br\/noticias\/colunas\/julian-tonioli\/a-importancia-do-planejamento-estrategico-em-oscs\/"},"author":{"name":"Julian Tonioli","@id":"https:\/\/www.suno.com.br\/noticias\/#\/schema\/person\/12329d723ffd00e64ca225258cff2734"},"headline":"A import\u00e2ncia do planejamento estrat\u00e9gico em OSCs","datePublished":"2022-12-19T13:00:00+00:00","mainEntityOfPage":{"@id":"https:\/\/www.suno.com.br\/noticias\/colunas\/julian-tonioli\/a-importancia-do-planejamento-estrategico-em-oscs\/"},"wordCount":1110,"publisher":{"@id":"https:\/\/www.suno.com.br\/noticias\/#organization"},"image":{"@id":"https:\/\/www.suno.com.br\/noticias\/colunas\/julian-tonioli\/a-importancia-do-planejamento-estrategico-em-oscs\/#primaryimage"},"thumbnailUrl":"https:\/\/files.sunoresearch.com.br\/n\/uploads\/2022\/11\/Colunistas.jpg","inLanguage":"pt-BR"},{"@type":"WebPage","@id":"https:\/\/www.suno.com.br\/noticias\/colunas\/julian-tonioli\/a-importancia-do-planejamento-estrategico-em-oscs\/","url":"https:\/\/www.suno.com.br\/noticias\/colunas\/julian-tonioli\/a-importancia-do-planejamento-estrategico-em-oscs\/","name":"A import\u00e2ncia do planejamento estrat\u00e9gico em OSCs - Suno Not\u00edcias","isPartOf":{"@id":"https:\/\/www.suno.com.br\/noticias\/#website"},"primaryImageOfPage":{"@id":"https:\/\/www.suno.com.br\/noticias\/colunas\/julian-tonioli\/a-importancia-do-planejamento-estrategico-em-oscs\/#primaryimage"},"image":{"@id":"https:\/\/www.suno.com.br\/noticias\/colunas\/julian-tonioli\/a-importancia-do-planejamento-estrategico-em-oscs\/#primaryimage"},"thumbnailUrl":"https:\/\/files.sunoresearch.com.br\/n\/uploads\/2022\/11\/Colunistas.jpg","datePublished":"2022-12-19T13:00:00+00:00","description":"Qualquer neg\u00f3cio come\u00e7a com a defini\u00e7\u00e3o de objetivos e a elabora\u00e7\u00e3o de um planejamento estrat\u00e9gico para sua execu\u00e7\u00e3o eficiente","breadcrumb":{"@id":"https:\/\/www.suno.com.br\/noticias\/colunas\/julian-tonioli\/a-importancia-do-planejamento-estrategico-em-oscs\/#breadcrumb"},"inLanguage":"pt-BR","potentialAction":[{"@type":"ReadAction","target":["https:\/\/www.suno.com.br\/noticias\/colunas\/julian-tonioli\/a-importancia-do-planejamento-estrategico-em-oscs\/"]}]},{"@type":"ImageObject","inLanguage":"pt-BR","@id":"https:\/\/www.suno.com.br\/noticias\/colunas\/julian-tonioli\/a-importancia-do-planejamento-estrategico-em-oscs\/#primaryimage","url":"https:\/\/files.sunoresearch.com.br\/n\/uploads\/2022\/11\/Colunistas.jpg","contentUrl":"https:\/\/files.sunoresearch.com.br\/n\/uploads\/2022\/11\/Colunistas.jpg","width":1550,"height":810},{"@type":"BreadcrumbList","@id":"https:\/\/www.suno.com.br\/noticias\/colunas\/julian-tonioli\/a-importancia-do-planejamento-estrategico-em-oscs\/#breadcrumb","itemListElement":[{"@type":"ListItem","position":1,"name":"Not\u00edcias","item":"https:\/\/www.suno.com.br\/noticias\/"},{"@type":"ListItem","position":2,"name":"Colunas","item":"https:\/\/www.suno.com.br\/noticias\/colunas\/"},{"@type":"ListItem","position":3,"name":"A import\u00e2ncia do planejamento estrat\u00e9gico em OSCs"}]},{"@type":"WebSite","@id":"https:\/\/www.suno.com.br\/noticias\/#website","url":"https:\/\/www.suno.com.br\/noticias\/","name":"Suno Not\u00edcias","description":"Seu portal de informa\u00e7\u00e3o sobre o mundo dos investimentos","publisher":{"@id":"https:\/\/www.suno.com.br\/noticias\/#organization"},"potentialAction":[{"@type":"SearchAction","target":{"@type":"EntryPoint","urlTemplate":"https:\/\/www.suno.com.br\/noticias\/?s={search_term_string}"},"query-input":{"@type":"PropertyValueSpecification","valueRequired":true,"valueName":"search_term_string"}}],"inLanguage":"pt-BR"},{"@type":"Organization","@id":"https:\/\/www.suno.com.br\/noticias\/#organization","name":"Suno Not\u00edcias","url":"https:\/\/www.suno.com.br\/noticias\/","logo":{"@type":"ImageObject","inLanguage":"pt-BR","@id":"https:\/\/www.suno.com.br\/noticias\/#\/schema\/logo\/image\/","url":"https:\/\/files.sunoresearch.com.br\/n\/uploads\/2021\/09\/suno-logo.png","contentUrl":"https:\/\/files.sunoresearch.com.br\/n\/uploads\/2021\/09\/suno-logo.png","width":180,"height":180,"caption":"Suno Not\u00edcias"},"image":{"@id":"https:\/\/www.suno.com.br\/noticias\/#\/schema\/logo\/image\/"},"sameAs":["https:\/\/facebook.com\/sunoresearch","https:\/\/x.com\/sunoresearch","https:\/\/www.instagram.com\/suno","https:\/\/www.linkedin.com\/company\/suno-research\/","https:\/\/www.youtube.com\/c\/sunoresearch"]},{"@type":"Person","@id":"https:\/\/www.suno.com.br\/noticias\/#\/schema\/person\/12329d723ffd00e64ca225258cff2734","name":"Julian Tonioli","image":{"@type":"ImageObject","inLanguage":"pt-BR","@id":"https:\/\/www.suno.com.br\/noticias\/#\/schema\/person\/image\/","url":"https:\/\/secure.gravatar.com\/avatar\/035d05c4419a832a5299687d2f734d40?s=96&r=g","contentUrl":"https:\/\/secure.gravatar.com\/avatar\/035d05c4419a832a5299687d2f734d40?s=96&r=g","caption":"Julian Tonioli"},"description":"S\u00f3cio Fundador da Auddas. H\u00e1 mais de 20 anos atuando em Vendas e Opera\u00e7\u00f5es, Engenheiro \u2013 POLI \u2013 USP, MSc SCM e PDM\u2013 POLI \u2013 USP, investidor anjo e BoD Member de empresas no setor de Servi\u00e7os e Tecnologia.","url":"https:\/\/www.suno.com.br\/noticias\/author\/julian-tonioli\/"}]}},"amp_enabled":true,"_links":{"self":[{"href":"https:\/\/www.suno.com.br\/noticias\/wp-json\/wp\/v2\/suno_column\/334202"}],"collection":[{"href":"https:\/\/www.suno.com.br\/noticias\/wp-json\/wp\/v2\/suno_column"}],"about":[{"href":"https:\/\/www.suno.com.br\/noticias\/wp-json\/wp\/v2\/types\/suno_column"}],"author":[{"embeddable":true,"href":"https:\/\/www.suno.com.br\/noticias\/wp-json\/wp\/v2\/users\/204"}],"wp:featuredmedia":[{"embeddable":true,"href":"https:\/\/www.suno.com.br\/noticias\/wp-json\/wp\/v2\/media\/323379"}],"wp:attachment":[{"href":"https:\/\/www.suno.com.br\/noticias\/wp-json\/wp\/v2\/media?parent=334202"}],"wp:term":[{"taxonomy":"post_tag","embeddable":true,"href":"https:\/\/www.suno.com.br\/noticias\/wp-json\/wp\/v2\/tags?post=334202"}],"curies":[{"name":"wp","href":"https:\/\/api.w.org\/{rel}","templated":true}]}}