{"id":332539,"date":"2022-12-12T08:00:00","date_gmt":"2022-12-12T11:00:00","guid":{"rendered":"https:\/\/www.suno.com.br\/noticias\/colunas\/marco-lopes\/\/"},"modified":"2022-12-10T00:14:21","modified_gmt":"2022-12-10T03:14:21","slug":"13-salario-educacao-financeira-investimentos","status":"publish","type":"suno_column","link":"https:\/\/www.suno.com.br\/noticias\/colunas\/piter-carvalho\/13-salario-educacao-financeira-investimentos\/","title":{"rendered":"O que fazer com o 13\u00ba sal\u00e1rio?"},"content":{"rendered":"<p>Direito adquirido em 1962, o <strong>13\u00b0 sal\u00e1rio<\/strong> come\u00e7ou no governo Jo\u00e3o Goulart e chegou a ser considerado desastroso para o pa\u00eds, devido \u00e0s expectativas negativas do aumento de d\u00edvida e infla\u00e7\u00e3o. Hoje \u00e9 pago aos trabalhadores de carteira assinada, que recebem na grande maioria dos casos no fim do ano, dividido em duas parcelas pagas em novembro e dezembro &#8211; contudo, algumas empresas permitem antecipar o benef\u00edcio nas f\u00e9rias.<\/p>\t<div class=\"wrapper-featured-image\">\n\t\t<figure class=\"spotlightImg\">\n\n\t\t\t<picture>\n\t\t\t\t<source media=\"(max-width: 768px)\" srcset=\"https:\/\/files.sunoresearch.com.br\/n\/uploads\/2022\/11\/Colunistas-400x200.jpg\">\n\t\t\t\t<img loading=\"lazy\" decoding=\"async\" class=\"newsContent__article__imgCapa lazyloadDisabled newsContent__article__imgCapa--noCaption\" src=\"https:\/\/files.sunoresearch.com.br\/n\/uploads\/2022\/11\/Colunistas-800x450.jpg\" width=\"800\" height=\"450\" alt=\"O que fazer com o 13\u00ba sal\u00e1rio?\" fetchpriority=high \/>\n\t\t\t<\/picture>\n\n\t\t\t<figcaption class=\"wp-caption-text wp-caption-text--hide\"><\/figcaption>\n\t\t<\/figure>\n\t<\/div>\n\n\n\n\n\n\t<p>\n\t\t<a href=\"https:\/\/lp.suno.com.br\/planilha-controle-gastos\/\" target=\"_blank\" data-element=\"shortcode-suno-banner\" title=\"Banner SUNO, clique e saiba mais\">\n\t\t\t<picture>\n\t\t\t\t<source media=\"(max-width: 500px)\" srcset=\"https:\/\/files.sunoresearch.com.br\/n\/uploads\/2023\/03\/400x300-Planilha-controle-de-gastos.png\">\n\t\t\t\t<img class=\"newsContent__article__imgCapa newsContent__article__imgCapa--banner\"\n\t\t\t\t\tsrc=\"https:\/\/files.sunoresearch.com.br\/n\/uploads\/2023\/03\/1420x240-Planilha-controle-de-gastos.png\"\n\t\t\t\t\tdata-promo-id=\"101751\"\t\t\t\t\t\t\t\t\t\twidth='1420' height='240'\t\t\t\t\talt=\"https:\/\/files.sunoresearch.com.br\/n\/uploads\/2023\/03\/1420x240-Planilha-controle-de-gastos.png\"\n\t\t\t\t>\n\t\t\t<\/picture>\n\t\t<\/a>\n\t<\/p>\n\n\n\n\n\n<p>Este ano o direito foi antecipado para aposentados e pensionistas do INSS, que receberam o benef\u00edcio no meio do ano como se fosse um presente do presidente para ajudar no per\u00edodo de crise e cativar mais seus eleitores na tentativa de reelei\u00e7\u00e3o. N\u00e3o conseguiu a vit\u00f3ria, a crise continua e o recurso provavelmente j\u00e1 foi todo gasto pelos benefici\u00e1rios antes do ano acabar.<\/p>\n\n\n\n<p>Olhando apenas para a popula\u00e7\u00e3o que vai receber agora, qual seria a melhor dica para administrar este <strong>dinheiro \u201cextra\u201d<\/strong>? Primeira dica \u00e9 n\u00e3o cair nas tenta\u00e7\u00f5es que se aglomeraram neste fim de ano, como a Copa do Mundo, e na empolga\u00e7\u00e3o da torcida gastar tudo comprando uma \u00fanica camisa da sele\u00e7\u00e3o canarinha que pode passar dos R$ 700,00. Pode ficar tranquilo caro torcedor, a Sele\u00e7\u00e3o vai lutar pelo Hexa mesmo se voc\u00ea n\u00e3o tiver com o manto amarelo oficial da Copa do Mundo Catar 2022, acredite em mim, suas boas vibra\u00e7\u00f5es desse lado do oceano j\u00e1 s\u00e3o suficientes.<\/p>\n\n\n\t<p>\n\t\t<a href=\"https:\/\/lp.suno.com.br\/planilha-da-vida-financeira\/\" target=\"_blank\" data-element=\"shortcode-suno-banner\" title=\"Banner SUNO, clique e saiba mais\">\n\t\t\t<picture>\n\t\t\t\t<source media=\"(max-width: 500px)\" srcset=\"https:\/\/files.sunoresearch.com.br\/n\/uploads\/2023\/04\/400x300-Planilha-vida-financeira-true.png\">\n\t\t\t\t<img class=\"newsContent__article__imgCapa newsContent__article__imgCapa--banner\"\n\t\t\t\t\tsrc=\"https:\/\/files.sunoresearch.com.br\/n\/uploads\/2023\/04\/1420x240-Planilha-vida-financeira-true.png\"\n\t\t\t\t\tdata-promo-id=\"106682\"\t\t\t\t\t\t\t\t\t\twidth='1420' height='240'\t\t\t\t\talt=\"https:\/\/files.sunoresearch.com.br\/n\/uploads\/2023\/04\/1420x240-Planilha-vida-financeira-true.png\"\n\t\t\t\t>\n\t\t\t<\/picture>\n\t\t<\/a>\n\t<\/p>\n\n\n\n\n\n<p>J\u00e1 a segunda dica \u00e9 n\u00e3o cair nas tenta\u00e7\u00f5es das intermin\u00e1veis <strong>promo\u00e7\u00f5es da Black Friday<\/strong>, que no Brasil diferente dos EUA dura mais de uma semana, e tem produtos muitas vezes com os mesmos pre\u00e7os que eram antes de novembro. \u00c9 o famoso pela \u201cmetade do dobro do pre\u00e7o\u201d que s\u00f3 o Brasil sabe inventar. Mas esse ano parece que a estrat\u00e9gia n\u00e3o deu t\u00e3o certo e a data teve a pior venda da sua hist\u00f3ria em terras tupiniquins.<\/p>\n\n\n\n<p>Segundo pesquisa realiza pelo<strong> Serasa<\/strong> existem mais de 69 milh\u00f5es de brasileiros endividados, e se voc\u00ea est\u00e1 dentro dessa estat\u00edstica deve tomar cuidado com os <strong>juros altos<\/strong> que transformam essa d\u00edvida em uma bola de neve. Isso porque temos os juros mais altos do mundo, sem considerar o do <strong>cart\u00e3o de cr\u00e9dito<\/strong> que passa dos 300% ao ano e acaba sendo a porta de entrada de muitos no mundo da d\u00edvida. Uma super dica para os trabalhadores que est\u00e3o nessa situa\u00e7\u00e3o \u00e9 quitar suas d\u00edvidas, aproveitar os feir\u00f5es \u201cLimpa Nome\u201d para renegociar e conseguir as melhores condi\u00e7\u00f5es que caibam no seu bolso.<\/p>\n\n\n\n<p>Entendo que a tenta\u00e7\u00e3o de sair gastando \u00e9 muito maior e que n\u00e3o \u00e9 f\u00e1cil limpar o nome de um dia para o outro, dado que o valor m\u00e9dio da d\u00edvida \u00e9 aproximadamente 4,3 mil reais por pessoa. Discrepante da realidade do sal\u00e1rio m\u00e9dio dos brasileiros que beira apenas um sal\u00e1rio m\u00ednimo.<\/p>\n\n\n\n<p>Caso voc\u00ea seja um seguidor do portal e j\u00e1 consciente da <strong>import\u00e2ncia dos seus investimentos<\/strong>, com <strong><a href=\"https:\/\/www.suno.com.br\/guias\/educacao-financeira\/\">educa\u00e7\u00e3o financeira<\/a><\/strong> em dia e fora das estat\u00edsticas do Serasa pode aproveitar o benef\u00edcio do 13\u00b0 sal\u00e1rio para investir. E oportunidades n\u00e3o faltam nesse momento. Os mais conservadores v\u00e3o encontrar taxas altas e atrativas na <strong>Renda Fixa<\/strong>, onde diversas classes de ativos pagam mais de 14% ao ano, com baixo risco e com prote\u00e7\u00e3o do <strong>FGC <\/strong>(Fundo Garantidor de Cr\u00e9ditos). Ou <strong>taxas acima de IPCA + 7%<\/strong>, que protegem seu capital da alta da infla\u00e7\u00e3o.<\/p>\n\n\n\n<p>Os mais agressivos v\u00e3o aproveitar a Black Friday da <strong><a href=\"https:\/\/www.suno.com.br\/guias\/bolsa-de-valores\/\">Bolsa de Valores<\/a><\/strong>, que diferente das lojas de rua est\u00e3o com verdadeiras pechinchas. Quando olhamos a rela\u00e7\u00e3o Pre\u00e7o\/Lucro a bolsa est\u00e1 em n\u00edveis da crise 2008. Claro que n\u00e3o pode sair comprando tudo e o bom investidor deve filtrar as melhores empresas, de prefer\u00eancia as que passaram por outros momentos de crise da nossa hist\u00f3ria e se superaram.<\/p>\n\n\n\n<p>N\u00e3o quero ser o estraga festa, mas \u00e9 bom lembrar que, depois da Copa, ainda temos Natal e depois janeiro, cheio de contas novas como IPTU, IPVA, escola das crian\u00e7as, material escolar, fatura cart\u00e3o de cr\u00e9dito \u201cestourado\u201d, etc., e infelizmente nenhum 14\u00ba sal\u00e1rio para ajudar.<\/p>\n\n\n\t<p>\n\t\t<a href=\"\" target=\"_blank\" data-element=\"shortcode-suno-banner\" title=\"Banner SUNO, clique e saiba mais\">\n\t\t\t<picture>\n\t\t\t\t<source media=\"(max-width: 500px)\" srcset=\"\">\n\t\t\t\t<img class=\"newsContent__article__imgCapa newsContent__article__imgCapa--banner\"\n\t\t\t\t\tsrc=\"\"\n\t\t\t\t\tdata-promo-id=\"138420\"\t\t\t\t\t\t\t\t\t\t\t\t\t\t\talt=\"\"\n\t\t\t\t>\n\t\t\t<\/picture>\n\t\t<\/a>\n\t<\/p>\n\n\n","protected":false},"excerpt":{"rendered":"<p>Direito adquirido em 1962, o 13\u00b0 sal\u00e1rio come\u00e7ou no governo Jo\u00e3o Goulart e chegou a ser considerado desastroso para o pa\u00eds, devido \u00e0s expectativas negativas do aumento&#8230;<\/p>\n","protected":false},"author":212,"featured_media":323379,"template":"","tags":[305],"class_list":["post-332539","suno_column","type-suno_column","status-publish","has-post-thumbnail","hentry","tag-educacao-financeira"],"yoast_head":"<!-- This site is optimized with the Yoast SEO plugin v24.4 - https:\/\/yoast.com\/wordpress\/plugins\/seo\/ -->\n<title>O que fazer com o 13\u00ba sal\u00e1rio? - Suno Not\u00edcias<\/title>\n<meta name=\"description\" content=\"Com educa\u00e7\u00e3o financeira em dia e fora das estat\u00edsticas do Serasa, voc\u00ea pode aproveitar o benef\u00edcio do 13\u00b0 sal\u00e1rio para investir\" \/>\n<meta name=\"robots\" content=\"index, follow, max-snippet:-1, max-image-preview:large, max-video-preview:-1\" \/>\n<link rel=\"canonical\" href=\"https:\/\/www.suno.com.br\/noticias\/colunas\/piter-carvalho\/13-salario-educacao-financeira-investimentos\/\" \/>\n<meta property=\"og:locale\" content=\"pt_BR\" \/>\n<meta property=\"og:type\" content=\"article\" \/>\n<meta property=\"og:title\" content=\"O que fazer com o 13\u00ba sal\u00e1rio? - Suno Not\u00edcias\" \/>\n<meta property=\"og:description\" content=\"Com educa\u00e7\u00e3o financeira em dia e fora das estat\u00edsticas do Serasa, voc\u00ea pode aproveitar o benef\u00edcio do 13\u00b0 sal\u00e1rio para investir\" \/>\n<meta property=\"og:url\" content=\"https:\/\/www.suno.com.br\/noticias\/colunas\/piter-carvalho\/13-salario-educacao-financeira-investimentos\/\" \/>\n<meta property=\"og:site_name\" content=\"Suno Not\u00edcias\" \/>\n<meta property=\"article:publisher\" content=\"https:\/\/facebook.com\/sunoresearch\" \/>\n<meta property=\"og:image\" content=\"https:\/\/files.sunoresearch.com.br\/n\/uploads\/2022\/11\/Colunistas.jpg\" \/>\n\t<meta property=\"og:image:width\" content=\"1550\" \/>\n\t<meta property=\"og:image:height\" content=\"810\" \/>\n\t<meta property=\"og:image:type\" content=\"image\/jpeg\" \/>\n<meta name=\"twitter:card\" content=\"summary_large_image\" \/>\n<meta name=\"twitter:site\" content=\"@sunoresearch\" \/>\n<meta name=\"twitter:label1\" content=\"Est. tempo de leitura\" \/>\n\t<meta name=\"twitter:data1\" content=\"4 minutos\" \/>\n<script type=\"application\/ld+json\" class=\"yoast-schema-graph\">{\"@context\":\"https:\/\/schema.org\",\"@graph\":[{\"@type\":\"Article\",\"@id\":\"https:\/\/www.suno.com.br\/noticias\/colunas\/piter-carvalho\/13-salario-educacao-financeira-investimentos\/#article\",\"isPartOf\":{\"@id\":\"https:\/\/www.suno.com.br\/noticias\/colunas\/piter-carvalho\/13-salario-educacao-financeira-investimentos\/\"},\"author\":{\"name\":\"Piter Carvalho\",\"@id\":\"https:\/\/www.suno.com.br\/noticias\/#\/schema\/person\/2cb514bb79b859b3db8118a400177391\"},\"headline\":\"O que fazer com o 13\u00ba sal\u00e1rio?\",\"datePublished\":\"2022-12-12T11:00:00+00:00\",\"mainEntityOfPage\":{\"@id\":\"https:\/\/www.suno.com.br\/noticias\/colunas\/piter-carvalho\/13-salario-educacao-financeira-investimentos\/\"},\"wordCount\":737,\"publisher\":{\"@id\":\"https:\/\/www.suno.com.br\/noticias\/#organization\"},\"image\":{\"@id\":\"https:\/\/www.suno.com.br\/noticias\/colunas\/piter-carvalho\/13-salario-educacao-financeira-investimentos\/#primaryimage\"},\"thumbnailUrl\":\"https:\/\/files.sunoresearch.com.br\/n\/uploads\/2022\/11\/Colunistas.jpg\",\"keywords\":[\"Educa\u00e7\u00e3o Financeira\"],\"inLanguage\":\"pt-BR\"},{\"@type\":\"WebPage\",\"@id\":\"https:\/\/www.suno.com.br\/noticias\/colunas\/piter-carvalho\/13-salario-educacao-financeira-investimentos\/\",\"url\":\"https:\/\/www.suno.com.br\/noticias\/colunas\/piter-carvalho\/13-salario-educacao-financeira-investimentos\/\",\"name\":\"O que fazer com o 13\u00ba sal\u00e1rio? - Suno Not\u00edcias\",\"isPartOf\":{\"@id\":\"https:\/\/www.suno.com.br\/noticias\/#website\"},\"primaryImageOfPage\":{\"@id\":\"https:\/\/www.suno.com.br\/noticias\/colunas\/piter-carvalho\/13-salario-educacao-financeira-investimentos\/#primaryimage\"},\"image\":{\"@id\":\"https:\/\/www.suno.com.br\/noticias\/colunas\/piter-carvalho\/13-salario-educacao-financeira-investimentos\/#primaryimage\"},\"thumbnailUrl\":\"https:\/\/files.sunoresearch.com.br\/n\/uploads\/2022\/11\/Colunistas.jpg\",\"datePublished\":\"2022-12-12T11:00:00+00:00\",\"description\":\"Com educa\u00e7\u00e3o financeira em dia e fora das estat\u00edsticas do Serasa, voc\u00ea pode aproveitar o benef\u00edcio do 13\u00b0 sal\u00e1rio para investir\",\"breadcrumb\":{\"@id\":\"https:\/\/www.suno.com.br\/noticias\/colunas\/piter-carvalho\/13-salario-educacao-financeira-investimentos\/#breadcrumb\"},\"inLanguage\":\"pt-BR\",\"potentialAction\":[{\"@type\":\"ReadAction\",\"target\":[\"https:\/\/www.suno.com.br\/noticias\/colunas\/piter-carvalho\/13-salario-educacao-financeira-investimentos\/\"]}]},{\"@type\":\"ImageObject\",\"inLanguage\":\"pt-BR\",\"@id\":\"https:\/\/www.suno.com.br\/noticias\/colunas\/piter-carvalho\/13-salario-educacao-financeira-investimentos\/#primaryimage\",\"url\":\"https:\/\/files.sunoresearch.com.br\/n\/uploads\/2022\/11\/Colunistas.jpg\",\"contentUrl\":\"https:\/\/files.sunoresearch.com.br\/n\/uploads\/2022\/11\/Colunistas.jpg\",\"width\":1550,\"height\":810},{\"@type\":\"BreadcrumbList\",\"@id\":\"https:\/\/www.suno.com.br\/noticias\/colunas\/piter-carvalho\/13-salario-educacao-financeira-investimentos\/#breadcrumb\",\"itemListElement\":[{\"@type\":\"ListItem\",\"position\":1,\"name\":\"Not\u00edcias\",\"item\":\"https:\/\/www.suno.com.br\/noticias\/\"},{\"@type\":\"ListItem\",\"position\":2,\"name\":\"Colunas\",\"item\":\"https:\/\/www.suno.com.br\/noticias\/colunas\/\"},{\"@type\":\"ListItem\",\"position\":3,\"name\":\"O que fazer com o 13\u00ba sal\u00e1rio?\"}]},{\"@type\":\"WebSite\",\"@id\":\"https:\/\/www.suno.com.br\/noticias\/#website\",\"url\":\"https:\/\/www.suno.com.br\/noticias\/\",\"name\":\"Suno Not\u00edcias\",\"description\":\"Seu portal de informa\u00e7\u00e3o sobre o mundo dos investimentos\",\"publisher\":{\"@id\":\"https:\/\/www.suno.com.br\/noticias\/#organization\"},\"potentialAction\":[{\"@type\":\"SearchAction\",\"target\":{\"@type\":\"EntryPoint\",\"urlTemplate\":\"https:\/\/www.suno.com.br\/noticias\/?s={search_term_string}\"},\"query-input\":{\"@type\":\"PropertyValueSpecification\",\"valueRequired\":true,\"valueName\":\"search_term_string\"}}],\"inLanguage\":\"pt-BR\"},{\"@type\":\"Organization\",\"@id\":\"https:\/\/www.suno.com.br\/noticias\/#organization\",\"name\":\"Suno Not\u00edcias\",\"url\":\"https:\/\/www.suno.com.br\/noticias\/\",\"logo\":{\"@type\":\"ImageObject\",\"inLanguage\":\"pt-BR\",\"@id\":\"https:\/\/www.suno.com.br\/noticias\/#\/schema\/logo\/image\/\",\"url\":\"https:\/\/files.sunoresearch.com.br\/n\/uploads\/2021\/09\/suno-logo.png\",\"contentUrl\":\"https:\/\/files.sunoresearch.com.br\/n\/uploads\/2021\/09\/suno-logo.png\",\"width\":180,\"height\":180,\"caption\":\"Suno Not\u00edcias\"},\"image\":{\"@id\":\"https:\/\/www.suno.com.br\/noticias\/#\/schema\/logo\/image\/\"},\"sameAs\":[\"https:\/\/facebook.com\/sunoresearch\",\"https:\/\/x.com\/sunoresearch\",\"https:\/\/www.instagram.com\/suno\",\"https:\/\/www.linkedin.com\/company\/suno-research\/\",\"https:\/\/www.youtube.com\/c\/sunoresearch\"]},{\"@type\":\"Person\",\"@id\":\"https:\/\/www.suno.com.br\/noticias\/#\/schema\/person\/2cb514bb79b859b3db8118a400177391\",\"name\":\"Piter Carvalho\",\"image\":{\"@type\":\"ImageObject\",\"inLanguage\":\"pt-BR\",\"@id\":\"https:\/\/www.suno.com.br\/noticias\/#\/schema\/person\/image\/\",\"url\":\"https:\/\/secure.gravatar.com\/avatar\/593069928517ce9b5474b6116f9cf3c9?s=96&r=g\",\"contentUrl\":\"https:\/\/secure.gravatar.com\/avatar\/593069928517ce9b5474b6116f9cf3c9?s=96&r=g\",\"caption\":\"Piter Carvalho\"},\"description\":\"Economista da Valor Investimentos, \u00e9 formado em Economia pelo Mackenzie.\",\"sameAs\":[\"https:\/\/www.linkedin.com\/in\/pitercarvalho\/?originalSubdomain=br\"],\"url\":\"https:\/\/www.suno.com.br\/noticias\/author\/piter-carvalho\/\"}]}<\/script>\n<!-- \/ Yoast SEO plugin. -->","yoast_head_json":{"title":"O que fazer com o 13\u00ba sal\u00e1rio? - Suno Not\u00edcias","description":"Com educa\u00e7\u00e3o financeira em dia e fora das estat\u00edsticas do Serasa, voc\u00ea pode aproveitar o benef\u00edcio do 13\u00b0 sal\u00e1rio para investir","robots":{"index":"index","follow":"follow","max-snippet":"max-snippet:-1","max-image-preview":"max-image-preview:large","max-video-preview":"max-video-preview:-1"},"canonical":"https:\/\/www.suno.com.br\/noticias\/colunas\/piter-carvalho\/13-salario-educacao-financeira-investimentos\/","og_locale":"pt_BR","og_type":"article","og_title":"O que fazer com o 13\u00ba sal\u00e1rio? - Suno Not\u00edcias","og_description":"Com educa\u00e7\u00e3o financeira em dia e fora das estat\u00edsticas do Serasa, voc\u00ea pode aproveitar o benef\u00edcio do 13\u00b0 sal\u00e1rio para investir","og_url":"https:\/\/www.suno.com.br\/noticias\/colunas\/piter-carvalho\/13-salario-educacao-financeira-investimentos\/","og_site_name":"Suno Not\u00edcias","article_publisher":"https:\/\/facebook.com\/sunoresearch","og_image":[{"width":1550,"height":810,"url":"https:\/\/files.sunoresearch.com.br\/n\/uploads\/2022\/11\/Colunistas.jpg","type":"image\/jpeg"}],"twitter_card":"summary_large_image","twitter_site":"@sunoresearch","twitter_misc":{"Est. tempo de leitura":"4 minutos"},"schema":{"@context":"https:\/\/schema.org","@graph":[{"@type":"Article","@id":"https:\/\/www.suno.com.br\/noticias\/colunas\/piter-carvalho\/13-salario-educacao-financeira-investimentos\/#article","isPartOf":{"@id":"https:\/\/www.suno.com.br\/noticias\/colunas\/piter-carvalho\/13-salario-educacao-financeira-investimentos\/"},"author":{"name":"Piter Carvalho","@id":"https:\/\/www.suno.com.br\/noticias\/#\/schema\/person\/2cb514bb79b859b3db8118a400177391"},"headline":"O que fazer com o 13\u00ba sal\u00e1rio?","datePublished":"2022-12-12T11:00:00+00:00","mainEntityOfPage":{"@id":"https:\/\/www.suno.com.br\/noticias\/colunas\/piter-carvalho\/13-salario-educacao-financeira-investimentos\/"},"wordCount":737,"publisher":{"@id":"https:\/\/www.suno.com.br\/noticias\/#organization"},"image":{"@id":"https:\/\/www.suno.com.br\/noticias\/colunas\/piter-carvalho\/13-salario-educacao-financeira-investimentos\/#primaryimage"},"thumbnailUrl":"https:\/\/files.sunoresearch.com.br\/n\/uploads\/2022\/11\/Colunistas.jpg","keywords":["Educa\u00e7\u00e3o Financeira"],"inLanguage":"pt-BR"},{"@type":"WebPage","@id":"https:\/\/www.suno.com.br\/noticias\/colunas\/piter-carvalho\/13-salario-educacao-financeira-investimentos\/","url":"https:\/\/www.suno.com.br\/noticias\/colunas\/piter-carvalho\/13-salario-educacao-financeira-investimentos\/","name":"O que fazer com o 13\u00ba sal\u00e1rio? - Suno Not\u00edcias","isPartOf":{"@id":"https:\/\/www.suno.com.br\/noticias\/#website"},"primaryImageOfPage":{"@id":"https:\/\/www.suno.com.br\/noticias\/colunas\/piter-carvalho\/13-salario-educacao-financeira-investimentos\/#primaryimage"},"image":{"@id":"https:\/\/www.suno.com.br\/noticias\/colunas\/piter-carvalho\/13-salario-educacao-financeira-investimentos\/#primaryimage"},"thumbnailUrl":"https:\/\/files.sunoresearch.com.br\/n\/uploads\/2022\/11\/Colunistas.jpg","datePublished":"2022-12-12T11:00:00+00:00","description":"Com educa\u00e7\u00e3o financeira em dia e fora das estat\u00edsticas do Serasa, voc\u00ea pode aproveitar o benef\u00edcio do 13\u00b0 sal\u00e1rio para investir","breadcrumb":{"@id":"https:\/\/www.suno.com.br\/noticias\/colunas\/piter-carvalho\/13-salario-educacao-financeira-investimentos\/#breadcrumb"},"inLanguage":"pt-BR","potentialAction":[{"@type":"ReadAction","target":["https:\/\/www.suno.com.br\/noticias\/colunas\/piter-carvalho\/13-salario-educacao-financeira-investimentos\/"]}]},{"@type":"ImageObject","inLanguage":"pt-BR","@id":"https:\/\/www.suno.com.br\/noticias\/colunas\/piter-carvalho\/13-salario-educacao-financeira-investimentos\/#primaryimage","url":"https:\/\/files.sunoresearch.com.br\/n\/uploads\/2022\/11\/Colunistas.jpg","contentUrl":"https:\/\/files.sunoresearch.com.br\/n\/uploads\/2022\/11\/Colunistas.jpg","width":1550,"height":810},{"@type":"BreadcrumbList","@id":"https:\/\/www.suno.com.br\/noticias\/colunas\/piter-carvalho\/13-salario-educacao-financeira-investimentos\/#breadcrumb","itemListElement":[{"@type":"ListItem","position":1,"name":"Not\u00edcias","item":"https:\/\/www.suno.com.br\/noticias\/"},{"@type":"ListItem","position":2,"name":"Colunas","item":"https:\/\/www.suno.com.br\/noticias\/colunas\/"},{"@type":"ListItem","position":3,"name":"O que fazer com o 13\u00ba sal\u00e1rio?"}]},{"@type":"WebSite","@id":"https:\/\/www.suno.com.br\/noticias\/#website","url":"https:\/\/www.suno.com.br\/noticias\/","name":"Suno Not\u00edcias","description":"Seu portal de informa\u00e7\u00e3o sobre o mundo dos investimentos","publisher":{"@id":"https:\/\/www.suno.com.br\/noticias\/#organization"},"potentialAction":[{"@type":"SearchAction","target":{"@type":"EntryPoint","urlTemplate":"https:\/\/www.suno.com.br\/noticias\/?s={search_term_string}"},"query-input":{"@type":"PropertyValueSpecification","valueRequired":true,"valueName":"search_term_string"}}],"inLanguage":"pt-BR"},{"@type":"Organization","@id":"https:\/\/www.suno.com.br\/noticias\/#organization","name":"Suno Not\u00edcias","url":"https:\/\/www.suno.com.br\/noticias\/","logo":{"@type":"ImageObject","inLanguage":"pt-BR","@id":"https:\/\/www.suno.com.br\/noticias\/#\/schema\/logo\/image\/","url":"https:\/\/files.sunoresearch.com.br\/n\/uploads\/2021\/09\/suno-logo.png","contentUrl":"https:\/\/files.sunoresearch.com.br\/n\/uploads\/2021\/09\/suno-logo.png","width":180,"height":180,"caption":"Suno Not\u00edcias"},"image":{"@id":"https:\/\/www.suno.com.br\/noticias\/#\/schema\/logo\/image\/"},"sameAs":["https:\/\/facebook.com\/sunoresearch","https:\/\/x.com\/sunoresearch","https:\/\/www.instagram.com\/suno","https:\/\/www.linkedin.com\/company\/suno-research\/","https:\/\/www.youtube.com\/c\/sunoresearch"]},{"@type":"Person","@id":"https:\/\/www.suno.com.br\/noticias\/#\/schema\/person\/2cb514bb79b859b3db8118a400177391","name":"Piter Carvalho","image":{"@type":"ImageObject","inLanguage":"pt-BR","@id":"https:\/\/www.suno.com.br\/noticias\/#\/schema\/person\/image\/","url":"https:\/\/secure.gravatar.com\/avatar\/593069928517ce9b5474b6116f9cf3c9?s=96&r=g","contentUrl":"https:\/\/secure.gravatar.com\/avatar\/593069928517ce9b5474b6116f9cf3c9?s=96&r=g","caption":"Piter Carvalho"},"description":"Economista da Valor Investimentos, \u00e9 formado em Economia pelo Mackenzie.","sameAs":["https:\/\/www.linkedin.com\/in\/pitercarvalho\/?originalSubdomain=br"],"url":"https:\/\/www.suno.com.br\/noticias\/author\/piter-carvalho\/"}]}},"amp_enabled":true,"_links":{"self":[{"href":"https:\/\/www.suno.com.br\/noticias\/wp-json\/wp\/v2\/suno_column\/332539"}],"collection":[{"href":"https:\/\/www.suno.com.br\/noticias\/wp-json\/wp\/v2\/suno_column"}],"about":[{"href":"https:\/\/www.suno.com.br\/noticias\/wp-json\/wp\/v2\/types\/suno_column"}],"author":[{"embeddable":true,"href":"https:\/\/www.suno.com.br\/noticias\/wp-json\/wp\/v2\/users\/212"}],"wp:featuredmedia":[{"embeddable":true,"href":"https:\/\/www.suno.com.br\/noticias\/wp-json\/wp\/v2\/media\/323379"}],"wp:attachment":[{"href":"https:\/\/www.suno.com.br\/noticias\/wp-json\/wp\/v2\/media?parent=332539"}],"wp:term":[{"taxonomy":"post_tag","embeddable":true,"href":"https:\/\/www.suno.com.br\/noticias\/wp-json\/wp\/v2\/tags?post=332539"}],"curies":[{"name":"wp","href":"https:\/\/api.w.org\/{rel}","templated":true}]}}