{"id":329952,"date":"2022-12-07T08:00:00","date_gmt":"2022-12-07T11:00:00","guid":{"rendered":"https:\/\/www.suno.com.br\/noticias\/colunas\/marco-lopes\/\/"},"modified":"2022-12-07T13:51:21","modified_gmt":"2022-12-07T16:51:21","slug":"como-iniciar-uma-agenda-esg","status":"publish","type":"suno_column","link":"https:\/\/www.suno.com.br\/noticias\/colunas\/carolina-cabral\/como-iniciar-uma-agenda-esg\/","title":{"rendered":"Como iniciar uma agenda ESG"},"content":{"rendered":"<p>As novas gera\u00e7\u00f5es j\u00e1 demonstram mentalidades avan\u00e7adas no que diz respeito aos impactos gerados pelo mundo corporativo ao planeta &#8211; o que vem obrigando organiza\u00e7\u00f5es de todos os perfis a considerarem uma <strong>agenda <\/strong><a href=\"https:\/\/www.suno.com.br\/guias\/esg\/\"><strong>ESG<\/strong>.<\/a> O assunto n\u00e3o \u00e9 novo e vem sendo amplamente debatido por especialistas de muitas \u00e1reas. Apesar disso, iniciar projetos com este olhar n\u00e3o \u00e9 t\u00e3o simples: \u00e9 preciso mais do que for\u00e7a de vontade.<\/p>\t<div class=\"wrapper-featured-image\">\n\t\t<figure class=\"spotlightImg\">\n\n\t\t\t<picture>\n\t\t\t\t<source media=\"(max-width: 768px)\" srcset=\"https:\/\/files.sunoresearch.com.br\/n\/uploads\/2022\/08\/investimento-esg-unsplash4-400x200.jpg\">\n\t\t\t\t<img loading=\"lazy\" decoding=\"async\" class=\"newsContent__article__imgCapa lazyloadDisabled \" src=\"https:\/\/files.sunoresearch.com.br\/n\/uploads\/2022\/08\/investimento-esg-unsplash4-800x450.jpg\" width=\"800\" height=\"450\" alt=\"Como iniciar uma agenda ESG\" fetchpriority=high \/>\n\t\t\t<\/picture>\n\n\t\t\t<figcaption class=\"wp-caption-text wp-caption-text--show\">ESG. Foto: Unsplash<\/figcaption>\n\t\t<\/figure>\n\t<\/div>\n\n\n\n\n\n\t<p>\n\t\t<a href=\"\" target=\"_blank\" data-element=\"shortcode-suno-banner\" title=\"Banner SUNO, clique e saiba mais\">\n\t\t\t<picture>\n\t\t\t\t<source media=\"(max-width: 500px)\" srcset=\"\">\n\t\t\t\t<img class=\"newsContent__article__imgCapa newsContent__article__imgCapa--banner\"\n\t\t\t\t\tsrc=\"\"\n\t\t\t\t\tdata-promo-id=\"240038\"\t\t\t\t\t\t\t\t\t\t\t\t\t\t\talt=\"\"\n\t\t\t\t>\n\t\t\t<\/picture>\n\t\t<\/a>\n\t<\/p>\n\n\n\n\n\n<p>Grande parte das empresas esbarram em dois grandes gargalos: o n\u00famero reduzido de profissionais efetivamente qualificados para esses projetos e o custo alto de se ofertar produtos e <strong>servi\u00e7os alinhados com o ESG<\/strong>.<\/p>\n\n\n\n<p>Entretanto, desistir n\u00e3o \u00e9 uma op\u00e7\u00e3o. Uma pesquisa realizada pela Deloitte em parceria com o Instituto Brasileiro de Rela\u00e7\u00f5es com Investidores (Ibri) mostra que 87% das companhias listadas na B3 afirmam ter aumentado o envolvimento e conhecimento da \u00e1rea de rela\u00e7\u00f5es com investidores dos <strong>temas ESG <\/strong>nos \u00faltimos 12 meses. J\u00e1 do lado da popula\u00e7\u00e3o, 94% dos brasileiros esperam uma iniciativa das empresas para fazer algo sobre o assunto, segundo outro estudo da consultoria Walk The Talk by La Maison.<\/p>\n\n\n\n<p>Para assumir uma agenda ESG, o primeiro passo \u00e9 a empresa entender quais das suas a\u00e7\u00f5es geram impactos ambientais, sociais e econ\u00f4micos. Com o cen\u00e1rio mapeado, \u00e9 preciso fazer outra autorreflex\u00e3o: quais s\u00e3o os temas que ela \u00e9 capaz de realizar a ponto de gerar resultados sustent\u00e1veis. Com uma vis\u00e3o de presente e futuro definidas e objetivas, a empresa poder\u00e1 criar planos de a\u00e7\u00e3o para realizar a sua jornada da melhor forma e, com isso, gerar\u00e1 resultados financeiros, no pr\u00f3prio ambiente e diretamente no seu time.<\/p>\n\n\n\t<p>\n\t\t<a href=\"https:\/\/lp.suno.com.br\/planilha-da-vida-financeira\/\" target=\"_blank\" data-element=\"shortcode-suno-banner\" title=\"Banner SUNO, clique e saiba mais\">\n\t\t\t<picture>\n\t\t\t\t<source media=\"(max-width: 500px)\" srcset=\"https:\/\/files.sunoresearch.com.br\/n\/uploads\/2023\/04\/400x300-Planilha-vida-financeira-true.png\">\n\t\t\t\t<img class=\"newsContent__article__imgCapa newsContent__article__imgCapa--banner\"\n\t\t\t\t\tsrc=\"https:\/\/files.sunoresearch.com.br\/n\/uploads\/2023\/04\/1420x240-Planilha-vida-financeira-true.png\"\n\t\t\t\t\tdata-promo-id=\"106682\"\t\t\t\t\t\t\t\t\t\twidth='1420' height='240'\t\t\t\t\talt=\"https:\/\/files.sunoresearch.com.br\/n\/uploads\/2023\/04\/1420x240-Planilha-vida-financeira-true.png\"\n\t\t\t\t>\n\t\t\t<\/picture>\n\t\t<\/a>\n\t<\/p>\n\n\n\n\n\n<p>O foco para o <strong>sucesso do ESG<\/strong> nas empresas tem que ser de gerar valor real em longo prazo e n\u00e3o ser algo apenas te\u00f3rico.<\/p>\n\n\n\n<p>De forma geral, as empresas que aderem ao ESG ganham competitividade e atraem investidores, al\u00e9m de fortalecerem suas marcas com os colaboradores e mercado. A mesma consultoria do estudo mencionado no par\u00e1grafo anterior divulgou uma pesquisa realizada com 4.421 homens e mulheres, de 16 a 64 anos, das cinco regi\u00f5es do Brasil, pertencentes \u00e0s classes A, B e C, e pediu sua percep\u00e7\u00e3o sobre o posicionamento e as a\u00e7\u00f5es de 50 empresas que s\u00e3o representativas em suas categorias.<\/p>\n\n\n\n<p>Como resultado, a <strong><a href=\"https:\/\/www.suno.com.br\/acoes\/ntco3\/\">Natura (NTCO3)<\/a><\/strong> foi a empresa mais associada ao ESG, obtendo 536 pontos, num \u00edndice que chega a 1 mil. A Unilever aparece em seguida, com 389, e a Yp\u00ea em terceiro lugar, com 386; Botic\u00e1rio teve 376, <a href=\"https:\/\/www.suno.com.br\/acoes\/petr4\/\"><strong>Petrobras (PETR4<\/strong>)<\/a> 372, Nestl\u00e9 354, <strong><a href=\"https:\/\/www.suno.com.br\/acoes\/bbas3\/\">Banco do Brasil (BBAS3)<\/a><\/strong> 335, P&amp;G 332 e <a href=\"https:\/\/www.suno.com.br\/bdrs\/coca34\/\">Coca Cola (COCA34)<\/a> 315. Para os analistas do estudo, os clientes criam expectativas sobre as empresas, que mudam conforme o passar dos anos.<\/p>\n\n\n\n<p>A pesquisa revela ainda que 94% dos brasileiros esperam que as empresas fa\u00e7am algo sobre ESG; por\u00e9m, quando questionados, apenas 17% acreditam que as corpora\u00e7\u00f5es o fazem de maneira efetiva. Ou seja, h\u00e1 uma lacuna entre a expectativa do consumidor e a realidade, o que nos indica o quanto \u00e9 importante contar com uma agenda ESG bem estruturada, que d\u00ea suporte para a empresa planejar seu crescimento, visando a estabilidade. Isso \u00e9 o que faz brilhar os olhos dos investidores.<\/p>\n\n\n\n<p>O mercado est\u00e1 cada vez mais exigente e ativo em rela\u00e7\u00e3o ao tema, e as empresas que cumprem com esse quesito, atraem mais clientes por consequ\u00eancia. Atualmente, a imagem da empresa perante o mercado \u00e9 fator decisivo para sucesso ou fracasso. Da\u00ed a import\u00e2ncia de executar e n\u00e3o somente fazer marketing.<\/p>\n\n\n\n<p>As empresas que diagnosticarem e implantarem uma <strong>agenda sustent\u00e1vel<\/strong> ter\u00e3o como consequ\u00eancia um ambiente mais equilibrado na pr\u00f3pria institui\u00e7\u00e3o, com seus colaboradores, parceiros de neg\u00f3cios e comunidade que est\u00e1 inserida.<\/p>\n\n\n\n<p>E \u00e9 certo que o ponto de partida para a inclus\u00e3o desse tipo de pauta dentro de <strong>ambientes corporativos<\/strong> \u00e9 a reflex\u00e3o sobre quais causas se aliam aos prop\u00f3sitos de cada empresa. Afinal, para alcan\u00e7ar efetividade, precisamos estar ligados de fato \u00e0s nossas causas.<\/p>\n\n\n\t<p>\n\t\t<a href=\"https:\/\/lp.suno.com.br\/planilha-de-controle-de-investimentos\/\" target=\"_blank\" data-element=\"shortcode-suno-banner\" title=\"Banner SUNO, clique e saiba mais\">\n\t\t\t<picture>\n\t\t\t\t<source media=\"(max-width: 500px)\" srcset=\"https:\/\/files.sunoresearch.com.br\/n\/uploads\/2023\/03\/400x300-Controle-de-Investimentos.png\">\n\t\t\t\t<img class=\"newsContent__article__imgCapa newsContent__article__imgCapa--banner\"\n\t\t\t\t\tsrc=\"https:\/\/files.sunoresearch.com.br\/n\/uploads\/2023\/03\/1420x240-Controle-de-Investimentos.png\"\n\t\t\t\t\tdata-promo-id=\"75934\"\t\t\t\t\t\t\t\t\t\twidth='1420' height='240'\t\t\t\t\talt=\"https:\/\/files.sunoresearch.com.br\/n\/uploads\/2023\/03\/1420x240-Controle-de-Investimentos.png\"\n\t\t\t\t>\n\t\t\t<\/picture>\n\t\t<\/a>\n\t<\/p>\n\n\n","protected":false},"excerpt":{"rendered":"<p>As novas gera\u00e7\u00f5es j\u00e1 demonstram mentalidades avan\u00e7adas no que diz respeito aos impactos gerados pelo mundo corporativo ao planeta &#8211; o que vem obrigando organiza\u00e7&#8230;<\/p>\n","protected":false},"author":242,"featured_media":284557,"template":"","tags":[732,2481,75364,574],"class_list":["post-329952","suno_column","type-suno_column","status-publish","has-post-thumbnail","hentry","tag-banco-do-brasil-bbas3","tag-coca-cola-coca34","tag-esg","tag-natura-ntco3"],"yoast_head":"<!-- This site is optimized with the Yoast SEO plugin v24.4 - https:\/\/yoast.com\/wordpress\/plugins\/seo\/ -->\n<title>Como iniciar uma agenda ESG - Suno Not\u00edcias<\/title>\n<meta name=\"description\" content=\"Grande parte das empresas esbarram com o n\u00famero reduzido de profissionais efetivamente qualificados para esses projetos e o custo alto\" \/>\n<meta name=\"robots\" content=\"index, follow, max-snippet:-1, max-image-preview:large, max-video-preview:-1\" \/>\n<link rel=\"canonical\" href=\"https:\/\/www.suno.com.br\/noticias\/colunas\/carolina-cabral\/como-iniciar-uma-agenda-esg\/\" \/>\n<meta property=\"og:locale\" content=\"pt_BR\" \/>\n<meta property=\"og:type\" content=\"article\" \/>\n<meta property=\"og:title\" content=\"Como iniciar uma agenda ESG - Suno Not\u00edcias\" \/>\n<meta property=\"og:description\" content=\"Grande parte das empresas esbarram com o n\u00famero reduzido de profissionais efetivamente qualificados para esses projetos e o custo alto\" \/>\n<meta property=\"og:url\" content=\"https:\/\/www.suno.com.br\/noticias\/colunas\/carolina-cabral\/como-iniciar-uma-agenda-esg\/\" \/>\n<meta property=\"og:site_name\" content=\"Suno Not\u00edcias\" \/>\n<meta property=\"article:publisher\" content=\"https:\/\/facebook.com\/sunoresearch\" \/>\n<meta property=\"og:image\" content=\"https:\/\/files.sunoresearch.com.br\/n\/uploads\/2022\/08\/investimento-esg-unsplash4.jpg\" \/>\n\t<meta property=\"og:image:width\" content=\"1200\" \/>\n\t<meta property=\"og:image:height\" content=\"800\" \/>\n\t<meta property=\"og:image:type\" content=\"image\/jpeg\" \/>\n<meta name=\"twitter:card\" content=\"summary_large_image\" \/>\n<meta name=\"twitter:site\" content=\"@sunoresearch\" \/>\n<meta name=\"twitter:label1\" content=\"Est. tempo de leitura\" \/>\n\t<meta name=\"twitter:data1\" content=\"4 minutos\" \/>\n<script type=\"application\/ld+json\" class=\"yoast-schema-graph\">{\"@context\":\"https:\/\/schema.org\",\"@graph\":[{\"@type\":\"Article\",\"@id\":\"https:\/\/www.suno.com.br\/noticias\/colunas\/carolina-cabral\/como-iniciar-uma-agenda-esg\/#article\",\"isPartOf\":{\"@id\":\"https:\/\/www.suno.com.br\/noticias\/colunas\/carolina-cabral\/como-iniciar-uma-agenda-esg\/\"},\"author\":{\"name\":\"Carolina Cabral\",\"@id\":\"https:\/\/www.suno.com.br\/noticias\/#\/schema\/person\/6c0830dbeb7a0a2190d3fc459290e6bd\"},\"headline\":\"Como iniciar uma agenda ESG\",\"datePublished\":\"2022-12-07T11:00:00+00:00\",\"dateModified\":\"2022-12-07T16:51:21+00:00\",\"mainEntityOfPage\":{\"@id\":\"https:\/\/www.suno.com.br\/noticias\/colunas\/carolina-cabral\/como-iniciar-uma-agenda-esg\/\"},\"wordCount\":685,\"publisher\":{\"@id\":\"https:\/\/www.suno.com.br\/noticias\/#organization\"},\"image\":{\"@id\":\"https:\/\/www.suno.com.br\/noticias\/colunas\/carolina-cabral\/como-iniciar-uma-agenda-esg\/#primaryimage\"},\"thumbnailUrl\":\"https:\/\/files.sunoresearch.com.br\/n\/uploads\/2022\/08\/investimento-esg-unsplash4.jpg\",\"keywords\":[\"Banco do Brasil (BBAS3)\",\"Coca-Cola (COCA34)\",\"ESG\",\"Natura (NTCO3)\"],\"inLanguage\":\"pt-BR\"},{\"@type\":\"WebPage\",\"@id\":\"https:\/\/www.suno.com.br\/noticias\/colunas\/carolina-cabral\/como-iniciar-uma-agenda-esg\/\",\"url\":\"https:\/\/www.suno.com.br\/noticias\/colunas\/carolina-cabral\/como-iniciar-uma-agenda-esg\/\",\"name\":\"Como iniciar uma agenda ESG - Suno Not\u00edcias\",\"isPartOf\":{\"@id\":\"https:\/\/www.suno.com.br\/noticias\/#website\"},\"primaryImageOfPage\":{\"@id\":\"https:\/\/www.suno.com.br\/noticias\/colunas\/carolina-cabral\/como-iniciar-uma-agenda-esg\/#primaryimage\"},\"image\":{\"@id\":\"https:\/\/www.suno.com.br\/noticias\/colunas\/carolina-cabral\/como-iniciar-uma-agenda-esg\/#primaryimage\"},\"thumbnailUrl\":\"https:\/\/files.sunoresearch.com.br\/n\/uploads\/2022\/08\/investimento-esg-unsplash4.jpg\",\"datePublished\":\"2022-12-07T11:00:00+00:00\",\"dateModified\":\"2022-12-07T16:51:21+00:00\",\"description\":\"Grande parte das empresas esbarram com o n\u00famero reduzido de profissionais efetivamente qualificados para esses projetos e o custo alto\",\"breadcrumb\":{\"@id\":\"https:\/\/www.suno.com.br\/noticias\/colunas\/carolina-cabral\/como-iniciar-uma-agenda-esg\/#breadcrumb\"},\"inLanguage\":\"pt-BR\",\"potentialAction\":[{\"@type\":\"ReadAction\",\"target\":[\"https:\/\/www.suno.com.br\/noticias\/colunas\/carolina-cabral\/como-iniciar-uma-agenda-esg\/\"]}]},{\"@type\":\"ImageObject\",\"inLanguage\":\"pt-BR\",\"@id\":\"https:\/\/www.suno.com.br\/noticias\/colunas\/carolina-cabral\/como-iniciar-uma-agenda-esg\/#primaryimage\",\"url\":\"https:\/\/files.sunoresearch.com.br\/n\/uploads\/2022\/08\/investimento-esg-unsplash4.jpg\",\"contentUrl\":\"https:\/\/files.sunoresearch.com.br\/n\/uploads\/2022\/08\/investimento-esg-unsplash4.jpg\",\"width\":1200,\"height\":800,\"caption\":\"ESG. Foto: Unsplash\"},{\"@type\":\"BreadcrumbList\",\"@id\":\"https:\/\/www.suno.com.br\/noticias\/colunas\/carolina-cabral\/como-iniciar-uma-agenda-esg\/#breadcrumb\",\"itemListElement\":[{\"@type\":\"ListItem\",\"position\":1,\"name\":\"Not\u00edcias\",\"item\":\"https:\/\/www.suno.com.br\/noticias\/\"},{\"@type\":\"ListItem\",\"position\":2,\"name\":\"Colunas\",\"item\":\"https:\/\/www.suno.com.br\/noticias\/colunas\/\"},{\"@type\":\"ListItem\",\"position\":3,\"name\":\"Como iniciar uma agenda ESG\"}]},{\"@type\":\"WebSite\",\"@id\":\"https:\/\/www.suno.com.br\/noticias\/#website\",\"url\":\"https:\/\/www.suno.com.br\/noticias\/\",\"name\":\"Suno Not\u00edcias\",\"description\":\"Seu portal de informa\u00e7\u00e3o sobre o mundo dos investimentos\",\"publisher\":{\"@id\":\"https:\/\/www.suno.com.br\/noticias\/#organization\"},\"potentialAction\":[{\"@type\":\"SearchAction\",\"target\":{\"@type\":\"EntryPoint\",\"urlTemplate\":\"https:\/\/www.suno.com.br\/noticias\/?s={search_term_string}\"},\"query-input\":{\"@type\":\"PropertyValueSpecification\",\"valueRequired\":true,\"valueName\":\"search_term_string\"}}],\"inLanguage\":\"pt-BR\"},{\"@type\":\"Organization\",\"@id\":\"https:\/\/www.suno.com.br\/noticias\/#organization\",\"name\":\"Suno Not\u00edcias\",\"url\":\"https:\/\/www.suno.com.br\/noticias\/\",\"logo\":{\"@type\":\"ImageObject\",\"inLanguage\":\"pt-BR\",\"@id\":\"https:\/\/www.suno.com.br\/noticias\/#\/schema\/logo\/image\/\",\"url\":\"https:\/\/files.sunoresearch.com.br\/n\/uploads\/2021\/09\/suno-logo.png\",\"contentUrl\":\"https:\/\/files.sunoresearch.com.br\/n\/uploads\/2021\/09\/suno-logo.png\",\"width\":180,\"height\":180,\"caption\":\"Suno Not\u00edcias\"},\"image\":{\"@id\":\"https:\/\/www.suno.com.br\/noticias\/#\/schema\/logo\/image\/\"},\"sameAs\":[\"https:\/\/facebook.com\/sunoresearch\",\"https:\/\/x.com\/sunoresearch\",\"https:\/\/www.instagram.com\/suno\",\"https:\/\/www.linkedin.com\/company\/suno-research\/\",\"https:\/\/www.youtube.com\/c\/sunoresearch\"]},{\"@type\":\"Person\",\"@id\":\"https:\/\/www.suno.com.br\/noticias\/#\/schema\/person\/6c0830dbeb7a0a2190d3fc459290e6bd\",\"name\":\"Carolina Cabral\",\"image\":{\"@type\":\"ImageObject\",\"inLanguage\":\"pt-BR\",\"@id\":\"https:\/\/www.suno.com.br\/noticias\/#\/schema\/person\/image\/\",\"url\":\"https:\/\/secure.gravatar.com\/avatar\/dbec7100998f8a32e834ab3a98b2d608?s=96&r=g\",\"contentUrl\":\"https:\/\/secure.gravatar.com\/avatar\/dbec7100998f8a32e834ab3a98b2d608?s=96&r=g\",\"caption\":\"Carolina Cabral\"},\"description\":\"Carolina Cabral \u00e9 m\u00e3e do Gustavo e esposa da Patricia. Nascida em Joinville (SC), formada em Administra\u00e7\u00e3o. Ingressou na Nimbi em 2006 como estagi\u00e1ria no escrit\u00f3rio localizado na Cidade de Joinville (SC), a CEO tinha apenas 19 anos. Ela passou por grandes projetos nas Cidades de Curitiba (PR), Londrina (PR), Rio de Janeiro (RJ) e S\u00e3o Paulo (SP) em \u00e1reas como BPO, Central de Compras, Leil\u00e3o, Consultoria de Compras, Log\u00edstica, Implanta\u00e7\u00e3o, Relacionamento com o Cliente, Comercial e Marketing. Ap\u00f3s 15 anos chegou a posi\u00e7\u00e3o de CEO da companhia repleta de desafios. A Nimbi \u00e9 uma empresa de Tecnologia, que tem como objetivo impulsionar a economia por meio da democratiza\u00e7\u00e3o do acesso a solu\u00e7\u00f5es tecnol\u00f3gicas para Procurement, trazendo mais efici\u00eancia e competitividade para empresas de todos os tamanhos. Atualmente, a empresa conta com 100 colaboradores e o clima de oportunidade e diversidade \u00e9 um dos diferenciais da companhia para manter o seu crescimento\",\"sameAs\":[\"https:\/\/nimbi.com.br\/\",\"https:\/\/www.linkedin.com\/in\/carolina-cabral-b7603938\/\"],\"url\":\"https:\/\/www.suno.com.br\/noticias\/author\/carolina-cabral\/\"}]}<\/script>\n<!-- \/ Yoast SEO plugin. -->","yoast_head_json":{"title":"Como iniciar uma agenda ESG - Suno Not\u00edcias","description":"Grande parte das empresas esbarram com o n\u00famero reduzido de profissionais efetivamente qualificados para esses projetos e o custo alto","robots":{"index":"index","follow":"follow","max-snippet":"max-snippet:-1","max-image-preview":"max-image-preview:large","max-video-preview":"max-video-preview:-1"},"canonical":"https:\/\/www.suno.com.br\/noticias\/colunas\/carolina-cabral\/como-iniciar-uma-agenda-esg\/","og_locale":"pt_BR","og_type":"article","og_title":"Como iniciar uma agenda ESG - Suno Not\u00edcias","og_description":"Grande parte das empresas esbarram com o n\u00famero reduzido de profissionais efetivamente qualificados para esses projetos e o custo alto","og_url":"https:\/\/www.suno.com.br\/noticias\/colunas\/carolina-cabral\/como-iniciar-uma-agenda-esg\/","og_site_name":"Suno Not\u00edcias","article_publisher":"https:\/\/facebook.com\/sunoresearch","og_image":[{"width":1200,"height":800,"url":"https:\/\/files.sunoresearch.com.br\/n\/uploads\/2022\/08\/investimento-esg-unsplash4.jpg","type":"image\/jpeg"}],"twitter_card":"summary_large_image","twitter_site":"@sunoresearch","twitter_misc":{"Est. tempo de leitura":"4 minutos"},"schema":{"@context":"https:\/\/schema.org","@graph":[{"@type":"Article","@id":"https:\/\/www.suno.com.br\/noticias\/colunas\/carolina-cabral\/como-iniciar-uma-agenda-esg\/#article","isPartOf":{"@id":"https:\/\/www.suno.com.br\/noticias\/colunas\/carolina-cabral\/como-iniciar-uma-agenda-esg\/"},"author":{"name":"Carolina Cabral","@id":"https:\/\/www.suno.com.br\/noticias\/#\/schema\/person\/6c0830dbeb7a0a2190d3fc459290e6bd"},"headline":"Como iniciar uma agenda ESG","datePublished":"2022-12-07T11:00:00+00:00","dateModified":"2022-12-07T16:51:21+00:00","mainEntityOfPage":{"@id":"https:\/\/www.suno.com.br\/noticias\/colunas\/carolina-cabral\/como-iniciar-uma-agenda-esg\/"},"wordCount":685,"publisher":{"@id":"https:\/\/www.suno.com.br\/noticias\/#organization"},"image":{"@id":"https:\/\/www.suno.com.br\/noticias\/colunas\/carolina-cabral\/como-iniciar-uma-agenda-esg\/#primaryimage"},"thumbnailUrl":"https:\/\/files.sunoresearch.com.br\/n\/uploads\/2022\/08\/investimento-esg-unsplash4.jpg","keywords":["Banco do Brasil (BBAS3)","Coca-Cola (COCA34)","ESG","Natura (NTCO3)"],"inLanguage":"pt-BR"},{"@type":"WebPage","@id":"https:\/\/www.suno.com.br\/noticias\/colunas\/carolina-cabral\/como-iniciar-uma-agenda-esg\/","url":"https:\/\/www.suno.com.br\/noticias\/colunas\/carolina-cabral\/como-iniciar-uma-agenda-esg\/","name":"Como iniciar uma agenda ESG - Suno Not\u00edcias","isPartOf":{"@id":"https:\/\/www.suno.com.br\/noticias\/#website"},"primaryImageOfPage":{"@id":"https:\/\/www.suno.com.br\/noticias\/colunas\/carolina-cabral\/como-iniciar-uma-agenda-esg\/#primaryimage"},"image":{"@id":"https:\/\/www.suno.com.br\/noticias\/colunas\/carolina-cabral\/como-iniciar-uma-agenda-esg\/#primaryimage"},"thumbnailUrl":"https:\/\/files.sunoresearch.com.br\/n\/uploads\/2022\/08\/investimento-esg-unsplash4.jpg","datePublished":"2022-12-07T11:00:00+00:00","dateModified":"2022-12-07T16:51:21+00:00","description":"Grande parte das empresas esbarram com o n\u00famero reduzido de profissionais efetivamente qualificados para esses projetos e o custo alto","breadcrumb":{"@id":"https:\/\/www.suno.com.br\/noticias\/colunas\/carolina-cabral\/como-iniciar-uma-agenda-esg\/#breadcrumb"},"inLanguage":"pt-BR","potentialAction":[{"@type":"ReadAction","target":["https:\/\/www.suno.com.br\/noticias\/colunas\/carolina-cabral\/como-iniciar-uma-agenda-esg\/"]}]},{"@type":"ImageObject","inLanguage":"pt-BR","@id":"https:\/\/www.suno.com.br\/noticias\/colunas\/carolina-cabral\/como-iniciar-uma-agenda-esg\/#primaryimage","url":"https:\/\/files.sunoresearch.com.br\/n\/uploads\/2022\/08\/investimento-esg-unsplash4.jpg","contentUrl":"https:\/\/files.sunoresearch.com.br\/n\/uploads\/2022\/08\/investimento-esg-unsplash4.jpg","width":1200,"height":800,"caption":"ESG. Foto: Unsplash"},{"@type":"BreadcrumbList","@id":"https:\/\/www.suno.com.br\/noticias\/colunas\/carolina-cabral\/como-iniciar-uma-agenda-esg\/#breadcrumb","itemListElement":[{"@type":"ListItem","position":1,"name":"Not\u00edcias","item":"https:\/\/www.suno.com.br\/noticias\/"},{"@type":"ListItem","position":2,"name":"Colunas","item":"https:\/\/www.suno.com.br\/noticias\/colunas\/"},{"@type":"ListItem","position":3,"name":"Como iniciar uma agenda ESG"}]},{"@type":"WebSite","@id":"https:\/\/www.suno.com.br\/noticias\/#website","url":"https:\/\/www.suno.com.br\/noticias\/","name":"Suno Not\u00edcias","description":"Seu portal de informa\u00e7\u00e3o sobre o mundo dos investimentos","publisher":{"@id":"https:\/\/www.suno.com.br\/noticias\/#organization"},"potentialAction":[{"@type":"SearchAction","target":{"@type":"EntryPoint","urlTemplate":"https:\/\/www.suno.com.br\/noticias\/?s={search_term_string}"},"query-input":{"@type":"PropertyValueSpecification","valueRequired":true,"valueName":"search_term_string"}}],"inLanguage":"pt-BR"},{"@type":"Organization","@id":"https:\/\/www.suno.com.br\/noticias\/#organization","name":"Suno Not\u00edcias","url":"https:\/\/www.suno.com.br\/noticias\/","logo":{"@type":"ImageObject","inLanguage":"pt-BR","@id":"https:\/\/www.suno.com.br\/noticias\/#\/schema\/logo\/image\/","url":"https:\/\/files.sunoresearch.com.br\/n\/uploads\/2021\/09\/suno-logo.png","contentUrl":"https:\/\/files.sunoresearch.com.br\/n\/uploads\/2021\/09\/suno-logo.png","width":180,"height":180,"caption":"Suno Not\u00edcias"},"image":{"@id":"https:\/\/www.suno.com.br\/noticias\/#\/schema\/logo\/image\/"},"sameAs":["https:\/\/facebook.com\/sunoresearch","https:\/\/x.com\/sunoresearch","https:\/\/www.instagram.com\/suno","https:\/\/www.linkedin.com\/company\/suno-research\/","https:\/\/www.youtube.com\/c\/sunoresearch"]},{"@type":"Person","@id":"https:\/\/www.suno.com.br\/noticias\/#\/schema\/person\/6c0830dbeb7a0a2190d3fc459290e6bd","name":"Carolina Cabral","image":{"@type":"ImageObject","inLanguage":"pt-BR","@id":"https:\/\/www.suno.com.br\/noticias\/#\/schema\/person\/image\/","url":"https:\/\/secure.gravatar.com\/avatar\/dbec7100998f8a32e834ab3a98b2d608?s=96&r=g","contentUrl":"https:\/\/secure.gravatar.com\/avatar\/dbec7100998f8a32e834ab3a98b2d608?s=96&r=g","caption":"Carolina Cabral"},"description":"Carolina Cabral \u00e9 m\u00e3e do Gustavo e esposa da Patricia. Nascida em Joinville (SC), formada em Administra\u00e7\u00e3o. Ingressou na Nimbi em 2006 como estagi\u00e1ria no escrit\u00f3rio localizado na Cidade de Joinville (SC), a CEO tinha apenas 19 anos. Ela passou por grandes projetos nas Cidades de Curitiba (PR), Londrina (PR), Rio de Janeiro (RJ) e S\u00e3o Paulo (SP) em \u00e1reas como BPO, Central de Compras, Leil\u00e3o, Consultoria de Compras, Log\u00edstica, Implanta\u00e7\u00e3o, Relacionamento com o Cliente, Comercial e Marketing. Ap\u00f3s 15 anos chegou a posi\u00e7\u00e3o de CEO da companhia repleta de desafios. A Nimbi \u00e9 uma empresa de Tecnologia, que tem como objetivo impulsionar a economia por meio da democratiza\u00e7\u00e3o do acesso a solu\u00e7\u00f5es tecnol\u00f3gicas para Procurement, trazendo mais efici\u00eancia e competitividade para empresas de todos os tamanhos. Atualmente, a empresa conta com 100 colaboradores e o clima de oportunidade e diversidade \u00e9 um dos diferenciais da companhia para manter o seu crescimento","sameAs":["https:\/\/nimbi.com.br\/","https:\/\/www.linkedin.com\/in\/carolina-cabral-b7603938\/"],"url":"https:\/\/www.suno.com.br\/noticias\/author\/carolina-cabral\/"}]}},"amp_enabled":true,"_links":{"self":[{"href":"https:\/\/www.suno.com.br\/noticias\/wp-json\/wp\/v2\/suno_column\/329952"}],"collection":[{"href":"https:\/\/www.suno.com.br\/noticias\/wp-json\/wp\/v2\/suno_column"}],"about":[{"href":"https:\/\/www.suno.com.br\/noticias\/wp-json\/wp\/v2\/types\/suno_column"}],"author":[{"embeddable":true,"href":"https:\/\/www.suno.com.br\/noticias\/wp-json\/wp\/v2\/users\/242"}],"wp:featuredmedia":[{"embeddable":true,"href":"https:\/\/www.suno.com.br\/noticias\/wp-json\/wp\/v2\/media\/284557"}],"wp:attachment":[{"href":"https:\/\/www.suno.com.br\/noticias\/wp-json\/wp\/v2\/media?parent=329952"}],"wp:term":[{"taxonomy":"post_tag","embeddable":true,"href":"https:\/\/www.suno.com.br\/noticias\/wp-json\/wp\/v2\/tags?post=329952"}],"curies":[{"name":"wp","href":"https:\/\/api.w.org\/{rel}","templated":true}]}}