{"id":329539,"date":"2022-12-06T08:00:00","date_gmt":"2022-12-06T11:00:00","guid":{"rendered":"https:\/\/www.suno.com.br\/noticias\/colunas\/marco-lopes\/\/"},"modified":"2022-12-05T22:13:55","modified_gmt":"2022-12-06T01:13:55","slug":"safra-verao-expectativas-2022-2023","status":"publish","type":"suno_column","link":"https:\/\/www.suno.com.br\/noticias\/colunas\/gabriel-diniz-junqueira\/safra-verao-expectativas-2022-2023\/","title":{"rendered":"Expectativas Safra 22\/23"},"content":{"rendered":"<p>Com a chegada do fim de ano, inicia-se tamb\u00e9m o per\u00edodo de semeadura da <strong>safra ver\u00e3o no Brasil.<\/strong><\/p>\t<div class=\"wrapper-featured-image\">\n\t\t<figure class=\"spotlightImg\">\n\n\t\t\t<picture>\n\t\t\t\t<source media=\"(max-width: 768px)\" srcset=\"https:\/\/files.sunoresearch.com.br\/n\/uploads\/2022\/06\/fiagro-agronegocio-investir-400x200.jpg\">\n\t\t\t\t<img loading=\"lazy\" decoding=\"async\" class=\"newsContent__article__imgCapa lazyloadDisabled \" src=\"https:\/\/files.sunoresearch.com.br\/n\/uploads\/2022\/06\/fiagro-agronegocio-investir-800x450.jpg\" width=\"800\" height=\"450\" alt=\"Expectativas Safra 22\/23\" fetchpriority=high \/>\n\t\t\t<\/picture>\n\n\t\t\t<figcaption class=\"wp-caption-text wp-caption-text--show\">Fiagros. Foto: Unsplash.<\/figcaption>\n\t\t<\/figure>\n\t<\/div>\n\n\n\n\n\n\t<p>\n\t\t<a href=\"\" target=\"_blank\" data-element=\"shortcode-suno-banner\" title=\"Banner SUNO, clique e saiba mais\">\n\t\t\t<picture>\n\t\t\t\t<source media=\"(max-width: 500px)\" srcset=\"\">\n\t\t\t\t<img class=\"newsContent__article__imgCapa newsContent__article__imgCapa--banner\"\n\t\t\t\t\tsrc=\"\"\n\t\t\t\t\tdata-promo-id=\"138420\"\t\t\t\t\t\t\t\t\t\t\t\t\t\t\talt=\"\"\n\t\t\t\t>\n\t\t\t<\/picture>\n\t\t<\/a>\n\t<\/p>\n\n\n\n\n\n<p>Segundo os \u00faltimos dados atualizados da StoneX, a <strong>safra de soja <\/strong>encontra-se 85,4% plantada enquanto milho ver\u00e3o 71,8%. Para o primeiro cultivo, assim como j\u00e1 discorrido em textos anteriores, \u00e9 esperado que haja uma redu\u00e7\u00e3o de margem do produtor, ao passo que o pre\u00e7o da commodity encontra-se estabilizado e os custos de produ\u00e7\u00e3o aumentaram significativamente. A curva futura em Chicago ainda se encontra invertida, o que pode indicar uma maior press\u00e3o sobre os pre\u00e7os futuros.<\/p>\n\n\n\n<figure class=\"wp-block-image size-large\"><img loading=\"lazy\" decoding=\"async\" width=\"1024\" height=\"683\" src=\"https:\/\/files.sunoresearch.com.br\/n\/uploads\/2022\/06\/agro-1024x683.jpg\" alt=\"Veja cen\u00e1rios para o agroneg\u00f3cio ap\u00f3s as elei\u00e7\u00f5es\" class=\"wp-image-270031\" srcset=\"https:\/\/files.sunoresearch.com.br\/n\/uploads\/2022\/06\/agro-1024x683.jpg 1024w, https:\/\/files.sunoresearch.com.br\/n\/uploads\/2022\/06\/agro-300x200.jpg 300w, https:\/\/files.sunoresearch.com.br\/n\/uploads\/2022\/06\/agro-768x512.jpg 768w, https:\/\/files.sunoresearch.com.br\/n\/uploads\/2022\/06\/agro-150x100.jpg 150w, https:\/\/files.sunoresearch.com.br\/n\/uploads\/2022\/06\/agro.jpg 1200w\" sizes=\"(max-width: 1024px) 100vw, 1024px\" \/><figcaption>Veja cen\u00e1rios para o agroneg\u00f3ciio. Foto: Silvio Avila\/AFP<\/figcaption><\/figure>\n\n\n\n<p>Em seu \u00faltimo Boletim de Monitoramento Agr\u00edcola, a <strong>Conab <\/strong>aponta um clima bastante favor\u00e1vel na evolu\u00e7\u00e3o da semeadura nos principais estados produtores, tendo apenas algumas regi\u00f5es apresentado a necessidade de replantio &#8211; no entanto, se tudo transcorrer como esperado, o Brasil deve apresentar um recorde de produ\u00e7\u00e3o de soja atingindo 150 milh\u00f5es de toneladas. J\u00e1 para o milho as not\u00edcias s\u00e3o ainda mais animadoras.<\/p>\n\n\n\t<p>\n\t\t<a href=\"https:\/\/lp.suno.com.br\/planilha-controle-gastos\/\" target=\"_blank\" data-element=\"shortcode-suno-banner\" title=\"Banner SUNO, clique e saiba mais\">\n\t\t\t<picture>\n\t\t\t\t<source media=\"(max-width: 500px)\" srcset=\"https:\/\/files.sunoresearch.com.br\/n\/uploads\/2023\/03\/400x300-Planilha-controle-de-gastos.png\">\n\t\t\t\t<img class=\"newsContent__article__imgCapa newsContent__article__imgCapa--banner\"\n\t\t\t\t\tsrc=\"https:\/\/files.sunoresearch.com.br\/n\/uploads\/2023\/03\/1420x240-Planilha-controle-de-gastos.png\"\n\t\t\t\t\tdata-promo-id=\"101751\"\t\t\t\t\t\t\t\t\t\twidth='1420' height='240'\t\t\t\t\talt=\"https:\/\/files.sunoresearch.com.br\/n\/uploads\/2023\/03\/1420x240-Planilha-controle-de-gastos.png\"\n\t\t\t\t>\n\t\t\t<\/picture>\n\t\t<\/a>\n\t<\/p>\n\n\n\n\n\n<p>O primeiro navio com milho brasileiro deve zarpar para a <strong>China <\/strong>nos pr\u00f3ximos dias e iniciar as rela\u00e7\u00f5es comerciais entre os pa\u00edses nesse novo mercado. Essa nova possibilidade abre um mercado gigantesco para a produ\u00e7\u00e3o brasileira de <strong>milho<\/strong> e isso \u00e9 extremamente positivo. Segundo o mesmo relat\u00f3rio da Conab, a semeadura do milho tamb\u00e9m se encontra em um ritmo avan\u00e7ado e positivo nas principais localidades produtoras.<\/p>\n\n\n\n<p>Os fatores de risco permanecem os mesmos:<\/p>\n\n\n\n<ul class=\"wp-block-list\"><li>i) <strong>Riscos clim\u00e1ticos<\/strong> do retorno do fen\u00f4meno do La Ni\u00f1a pode prejudicar a regi\u00e3o sul do Brasil e pressionar a oferta de gr\u00e3os;<\/li><li>ii) Altas <strong>taxas de juros<\/strong> aumentam o custo do dinheiro e podem colocar alguns produtores mais alavancados em situa\u00e7\u00e3o financeira complicada;<\/li><li>iii) <strong>Recess\u00e3o mundial <\/strong>pressiona o pre\u00e7o das commodities em Chicago e, consequentemente, o valor final para o produtor;<\/li><li>iv) Riscos fiscais sobre a pol\u00edtica do novo governo e novos impostos tamb\u00e9m assombram o setor.<\/li><\/ul>\n\n\n\n<p><br>Depois de 2 safras estelares, a <strong>agricultura brasileira<\/strong> caminha para o retorno ao seu patamar normal de lucratividade e margem. No entanto, em cen\u00e1rios macro e micro mais desafiadores, o mercado poder\u00e1 recompensar os bons agricultores conferindo-lhes as posi\u00e7\u00f5es de destaque na atividade produtora.<\/p>\n\n\n\n<p>Agro \u00e9 Top, Agro \u00e9 Pop, FIAGRO \u00e9 Agro!<\/p>\n\n\n\t<p>\n\t\t<a href=\"https:\/\/lp.suno.com.br\/planilha-da-vida-financeira\/\" target=\"_blank\" data-element=\"shortcode-suno-banner\" title=\"Banner SUNO, clique e saiba mais\">\n\t\t\t<picture>\n\t\t\t\t<source media=\"(max-width: 500px)\" srcset=\"https:\/\/files.sunoresearch.com.br\/n\/uploads\/2023\/04\/400x300-Planilha-vida-financeira-true.png\">\n\t\t\t\t<img class=\"newsContent__article__imgCapa newsContent__article__imgCapa--banner\"\n\t\t\t\t\tsrc=\"https:\/\/files.sunoresearch.com.br\/n\/uploads\/2023\/04\/1420x240-Planilha-vida-financeira-true.png\"\n\t\t\t\t\tdata-promo-id=\"106682\"\t\t\t\t\t\t\t\t\t\twidth='1420' height='240'\t\t\t\t\talt=\"https:\/\/files.sunoresearch.com.br\/n\/uploads\/2023\/04\/1420x240-Planilha-vida-financeira-true.png\"\n\t\t\t\t>\n\t\t\t<\/picture>\n\t\t<\/a>\n\t<\/p>\n\n\n","protected":false},"excerpt":{"rendered":"<p>Com a chegada do fim de ano, inicia-se tamb\u00e9m o per\u00edodo de semeadura da safra ver\u00e3o no Brasil. Fiagros. Foto: Unsplash. Segundo os \u00faltimos dados atualizados da StoneX,&#8230;<\/p>\n","protected":false},"author":130,"featured_media":270999,"template":"","tags":[1121,917],"class_list":["post-329539","suno_column","type-suno_column","status-publish","has-post-thumbnail","hentry","tag-agronegocio","tag-soja"],"yoast_head":"<!-- This site is optimized with the Yoast SEO plugin v24.4 - https:\/\/yoast.com\/wordpress\/plugins\/seo\/ -->\n<title>Expectativas Safra 22\/23<\/title>\n<meta name=\"description\" content=\"Com a chegada do fim de ano, inicia-se tamb\u00e9m o per\u00edodo de semeadura da safra ver\u00e3o no Brasil. Saiba mais clicando aqui\" \/>\n<meta name=\"robots\" content=\"index, follow, max-snippet:-1, max-image-preview:large, max-video-preview:-1\" \/>\n<link rel=\"canonical\" href=\"https:\/\/www.suno.com.br\/noticias\/colunas\/gabriel-diniz-junqueira\/safra-verao-expectativas-2022-2023\/\" \/>\n<meta property=\"og:locale\" content=\"pt_BR\" \/>\n<meta property=\"og:type\" content=\"article\" \/>\n<meta property=\"og:title\" content=\"Expectativas Safra 22\/23\" \/>\n<meta property=\"og:description\" content=\"Com a chegada do fim de ano, inicia-se tamb\u00e9m o per\u00edodo de semeadura da safra ver\u00e3o no Brasil. Saiba mais clicando aqui\" \/>\n<meta property=\"og:url\" content=\"https:\/\/www.suno.com.br\/noticias\/colunas\/gabriel-diniz-junqueira\/safra-verao-expectativas-2022-2023\/\" \/>\n<meta property=\"og:site_name\" content=\"Suno Not\u00edcias\" \/>\n<meta property=\"article:publisher\" content=\"https:\/\/facebook.com\/sunoresearch\" \/>\n<meta property=\"og:image\" content=\"https:\/\/files.sunoresearch.com.br\/n\/uploads\/2022\/06\/fiagro-agronegocio-investir-scaled.jpg\" \/>\n\t<meta property=\"og:image:width\" content=\"2560\" \/>\n\t<meta property=\"og:image:height\" content=\"1707\" \/>\n\t<meta property=\"og:image:type\" content=\"image\/jpeg\" \/>\n<meta name=\"twitter:card\" content=\"summary_large_image\" \/>\n<meta name=\"twitter:site\" content=\"@sunoresearch\" \/>\n<meta name=\"twitter:label1\" content=\"Est. tempo de leitura\" \/>\n\t<meta name=\"twitter:data1\" content=\"3 minutos\" \/>\n<script type=\"application\/ld+json\" class=\"yoast-schema-graph\">{\"@context\":\"https:\/\/schema.org\",\"@graph\":[{\"@type\":\"Article\",\"@id\":\"https:\/\/www.suno.com.br\/noticias\/colunas\/gabriel-diniz-junqueira\/safra-verao-expectativas-2022-2023\/#article\",\"isPartOf\":{\"@id\":\"https:\/\/www.suno.com.br\/noticias\/colunas\/gabriel-diniz-junqueira\/safra-verao-expectativas-2022-2023\/\"},\"author\":{\"name\":\"Gabriel Diniz Junqueira\",\"@id\":\"https:\/\/www.suno.com.br\/noticias\/#\/schema\/person\/b1826056e4acd7d0b2d5078b56d74c55\"},\"headline\":\"Expectativas Safra 22\/23\",\"datePublished\":\"2022-12-06T11:00:00+00:00\",\"mainEntityOfPage\":{\"@id\":\"https:\/\/www.suno.com.br\/noticias\/colunas\/gabriel-diniz-junqueira\/safra-verao-expectativas-2022-2023\/\"},\"wordCount\":410,\"publisher\":{\"@id\":\"https:\/\/www.suno.com.br\/noticias\/#organization\"},\"image\":{\"@id\":\"https:\/\/www.suno.com.br\/noticias\/colunas\/gabriel-diniz-junqueira\/safra-verao-expectativas-2022-2023\/#primaryimage\"},\"thumbnailUrl\":\"https:\/\/files.sunoresearch.com.br\/n\/uploads\/2022\/06\/fiagro-agronegocio-investir-scaled.jpg\",\"keywords\":[\"Agroneg\u00f3cio\",\"soja\"],\"inLanguage\":\"pt-BR\"},{\"@type\":\"WebPage\",\"@id\":\"https:\/\/www.suno.com.br\/noticias\/colunas\/gabriel-diniz-junqueira\/safra-verao-expectativas-2022-2023\/\",\"url\":\"https:\/\/www.suno.com.br\/noticias\/colunas\/gabriel-diniz-junqueira\/safra-verao-expectativas-2022-2023\/\",\"name\":\"Expectativas Safra 22\/23\",\"isPartOf\":{\"@id\":\"https:\/\/www.suno.com.br\/noticias\/#website\"},\"primaryImageOfPage\":{\"@id\":\"https:\/\/www.suno.com.br\/noticias\/colunas\/gabriel-diniz-junqueira\/safra-verao-expectativas-2022-2023\/#primaryimage\"},\"image\":{\"@id\":\"https:\/\/www.suno.com.br\/noticias\/colunas\/gabriel-diniz-junqueira\/safra-verao-expectativas-2022-2023\/#primaryimage\"},\"thumbnailUrl\":\"https:\/\/files.sunoresearch.com.br\/n\/uploads\/2022\/06\/fiagro-agronegocio-investir-scaled.jpg\",\"datePublished\":\"2022-12-06T11:00:00+00:00\",\"description\":\"Com a chegada do fim de ano, inicia-se tamb\u00e9m o per\u00edodo de semeadura da safra ver\u00e3o no Brasil. Saiba mais clicando aqui\",\"breadcrumb\":{\"@id\":\"https:\/\/www.suno.com.br\/noticias\/colunas\/gabriel-diniz-junqueira\/safra-verao-expectativas-2022-2023\/#breadcrumb\"},\"inLanguage\":\"pt-BR\",\"potentialAction\":[{\"@type\":\"ReadAction\",\"target\":[\"https:\/\/www.suno.com.br\/noticias\/colunas\/gabriel-diniz-junqueira\/safra-verao-expectativas-2022-2023\/\"]}]},{\"@type\":\"ImageObject\",\"inLanguage\":\"pt-BR\",\"@id\":\"https:\/\/www.suno.com.br\/noticias\/colunas\/gabriel-diniz-junqueira\/safra-verao-expectativas-2022-2023\/#primaryimage\",\"url\":\"https:\/\/files.sunoresearch.com.br\/n\/uploads\/2022\/06\/fiagro-agronegocio-investir-scaled.jpg\",\"contentUrl\":\"https:\/\/files.sunoresearch.com.br\/n\/uploads\/2022\/06\/fiagro-agronegocio-investir-scaled.jpg\",\"width\":2560,\"height\":1707,\"caption\":\"Fiagros. Foto: Unsplash.\"},{\"@type\":\"BreadcrumbList\",\"@id\":\"https:\/\/www.suno.com.br\/noticias\/colunas\/gabriel-diniz-junqueira\/safra-verao-expectativas-2022-2023\/#breadcrumb\",\"itemListElement\":[{\"@type\":\"ListItem\",\"position\":1,\"name\":\"Not\u00edcias\",\"item\":\"https:\/\/www.suno.com.br\/noticias\/\"},{\"@type\":\"ListItem\",\"position\":2,\"name\":\"Colunas\",\"item\":\"https:\/\/www.suno.com.br\/noticias\/colunas\/\"},{\"@type\":\"ListItem\",\"position\":3,\"name\":\"Expectativas Safra 22\/23\"}]},{\"@type\":\"WebSite\",\"@id\":\"https:\/\/www.suno.com.br\/noticias\/#website\",\"url\":\"https:\/\/www.suno.com.br\/noticias\/\",\"name\":\"Suno Not\u00edcias\",\"description\":\"Seu portal de informa\u00e7\u00e3o sobre o mundo dos investimentos\",\"publisher\":{\"@id\":\"https:\/\/www.suno.com.br\/noticias\/#organization\"},\"potentialAction\":[{\"@type\":\"SearchAction\",\"target\":{\"@type\":\"EntryPoint\",\"urlTemplate\":\"https:\/\/www.suno.com.br\/noticias\/?s={search_term_string}\"},\"query-input\":{\"@type\":\"PropertyValueSpecification\",\"valueRequired\":true,\"valueName\":\"search_term_string\"}}],\"inLanguage\":\"pt-BR\"},{\"@type\":\"Organization\",\"@id\":\"https:\/\/www.suno.com.br\/noticias\/#organization\",\"name\":\"Suno Not\u00edcias\",\"url\":\"https:\/\/www.suno.com.br\/noticias\/\",\"logo\":{\"@type\":\"ImageObject\",\"inLanguage\":\"pt-BR\",\"@id\":\"https:\/\/www.suno.com.br\/noticias\/#\/schema\/logo\/image\/\",\"url\":\"https:\/\/files.sunoresearch.com.br\/n\/uploads\/2021\/09\/suno-logo.png\",\"contentUrl\":\"https:\/\/files.sunoresearch.com.br\/n\/uploads\/2021\/09\/suno-logo.png\",\"width\":180,\"height\":180,\"caption\":\"Suno Not\u00edcias\"},\"image\":{\"@id\":\"https:\/\/www.suno.com.br\/noticias\/#\/schema\/logo\/image\/\"},\"sameAs\":[\"https:\/\/facebook.com\/sunoresearch\",\"https:\/\/x.com\/sunoresearch\",\"https:\/\/www.instagram.com\/suno\",\"https:\/\/www.linkedin.com\/company\/suno-research\/\",\"https:\/\/www.youtube.com\/c\/sunoresearch\"]},{\"@type\":\"Person\",\"@id\":\"https:\/\/www.suno.com.br\/noticias\/#\/schema\/person\/b1826056e4acd7d0b2d5078b56d74c55\",\"name\":\"Gabriel Diniz Junqueira\",\"image\":{\"@type\":\"ImageObject\",\"inLanguage\":\"pt-BR\",\"@id\":\"https:\/\/www.suno.com.br\/noticias\/#\/schema\/person\/image\/\",\"url\":\"https:\/\/secure.gravatar.com\/avatar\/66203fb9349983855fb0f20b18db3291?s=96&r=g\",\"contentUrl\":\"https:\/\/secure.gravatar.com\/avatar\/66203fb9349983855fb0f20b18db3291?s=96&r=g\",\"caption\":\"Gabriel Diniz Junqueira\"},\"description\":\"Engenheiro Civil pela Poli\/USP, iniciou sua carreia no JP Morgan na \u00e1rea de Private Banking e especializou-se em an\u00e1lise de empresas voltadas ao setor agro, estudando profundamente a estrutura\u00e7\u00e3o dos FIAGROS no mundo.\",\"sameAs\":[\"https:\/\/www.instagram.com\/santafe_investimentos\/\",\"https:\/\/br.linkedin.com\/company\/santa-fe-investimentos\",\"https:\/\/www.youtube.com\/channel\/UCCekNzSLGS8qu28M4ADIkBw\"],\"url\":\"https:\/\/www.suno.com.br\/noticias\/author\/gabriel-diniz-junqueira\/\"}]}<\/script>\n<!-- \/ Yoast SEO plugin. -->","yoast_head_json":{"title":"Expectativas Safra 22\/23","description":"Com a chegada do fim de ano, inicia-se tamb\u00e9m o per\u00edodo de semeadura da safra ver\u00e3o no Brasil. Saiba mais clicando aqui","robots":{"index":"index","follow":"follow","max-snippet":"max-snippet:-1","max-image-preview":"max-image-preview:large","max-video-preview":"max-video-preview:-1"},"canonical":"https:\/\/www.suno.com.br\/noticias\/colunas\/gabriel-diniz-junqueira\/safra-verao-expectativas-2022-2023\/","og_locale":"pt_BR","og_type":"article","og_title":"Expectativas Safra 22\/23","og_description":"Com a chegada do fim de ano, inicia-se tamb\u00e9m o per\u00edodo de semeadura da safra ver\u00e3o no Brasil. Saiba mais clicando aqui","og_url":"https:\/\/www.suno.com.br\/noticias\/colunas\/gabriel-diniz-junqueira\/safra-verao-expectativas-2022-2023\/","og_site_name":"Suno Not\u00edcias","article_publisher":"https:\/\/facebook.com\/sunoresearch","og_image":[{"width":2560,"height":1707,"url":"https:\/\/files.sunoresearch.com.br\/n\/uploads\/2022\/06\/fiagro-agronegocio-investir-scaled.jpg","type":"image\/jpeg"}],"twitter_card":"summary_large_image","twitter_site":"@sunoresearch","twitter_misc":{"Est. tempo de leitura":"3 minutos"},"schema":{"@context":"https:\/\/schema.org","@graph":[{"@type":"Article","@id":"https:\/\/www.suno.com.br\/noticias\/colunas\/gabriel-diniz-junqueira\/safra-verao-expectativas-2022-2023\/#article","isPartOf":{"@id":"https:\/\/www.suno.com.br\/noticias\/colunas\/gabriel-diniz-junqueira\/safra-verao-expectativas-2022-2023\/"},"author":{"name":"Gabriel Diniz Junqueira","@id":"https:\/\/www.suno.com.br\/noticias\/#\/schema\/person\/b1826056e4acd7d0b2d5078b56d74c55"},"headline":"Expectativas Safra 22\/23","datePublished":"2022-12-06T11:00:00+00:00","mainEntityOfPage":{"@id":"https:\/\/www.suno.com.br\/noticias\/colunas\/gabriel-diniz-junqueira\/safra-verao-expectativas-2022-2023\/"},"wordCount":410,"publisher":{"@id":"https:\/\/www.suno.com.br\/noticias\/#organization"},"image":{"@id":"https:\/\/www.suno.com.br\/noticias\/colunas\/gabriel-diniz-junqueira\/safra-verao-expectativas-2022-2023\/#primaryimage"},"thumbnailUrl":"https:\/\/files.sunoresearch.com.br\/n\/uploads\/2022\/06\/fiagro-agronegocio-investir-scaled.jpg","keywords":["Agroneg\u00f3cio","soja"],"inLanguage":"pt-BR"},{"@type":"WebPage","@id":"https:\/\/www.suno.com.br\/noticias\/colunas\/gabriel-diniz-junqueira\/safra-verao-expectativas-2022-2023\/","url":"https:\/\/www.suno.com.br\/noticias\/colunas\/gabriel-diniz-junqueira\/safra-verao-expectativas-2022-2023\/","name":"Expectativas Safra 22\/23","isPartOf":{"@id":"https:\/\/www.suno.com.br\/noticias\/#website"},"primaryImageOfPage":{"@id":"https:\/\/www.suno.com.br\/noticias\/colunas\/gabriel-diniz-junqueira\/safra-verao-expectativas-2022-2023\/#primaryimage"},"image":{"@id":"https:\/\/www.suno.com.br\/noticias\/colunas\/gabriel-diniz-junqueira\/safra-verao-expectativas-2022-2023\/#primaryimage"},"thumbnailUrl":"https:\/\/files.sunoresearch.com.br\/n\/uploads\/2022\/06\/fiagro-agronegocio-investir-scaled.jpg","datePublished":"2022-12-06T11:00:00+00:00","description":"Com a chegada do fim de ano, inicia-se tamb\u00e9m o per\u00edodo de semeadura da safra ver\u00e3o no Brasil. Saiba mais clicando aqui","breadcrumb":{"@id":"https:\/\/www.suno.com.br\/noticias\/colunas\/gabriel-diniz-junqueira\/safra-verao-expectativas-2022-2023\/#breadcrumb"},"inLanguage":"pt-BR","potentialAction":[{"@type":"ReadAction","target":["https:\/\/www.suno.com.br\/noticias\/colunas\/gabriel-diniz-junqueira\/safra-verao-expectativas-2022-2023\/"]}]},{"@type":"ImageObject","inLanguage":"pt-BR","@id":"https:\/\/www.suno.com.br\/noticias\/colunas\/gabriel-diniz-junqueira\/safra-verao-expectativas-2022-2023\/#primaryimage","url":"https:\/\/files.sunoresearch.com.br\/n\/uploads\/2022\/06\/fiagro-agronegocio-investir-scaled.jpg","contentUrl":"https:\/\/files.sunoresearch.com.br\/n\/uploads\/2022\/06\/fiagro-agronegocio-investir-scaled.jpg","width":2560,"height":1707,"caption":"Fiagros. Foto: Unsplash."},{"@type":"BreadcrumbList","@id":"https:\/\/www.suno.com.br\/noticias\/colunas\/gabriel-diniz-junqueira\/safra-verao-expectativas-2022-2023\/#breadcrumb","itemListElement":[{"@type":"ListItem","position":1,"name":"Not\u00edcias","item":"https:\/\/www.suno.com.br\/noticias\/"},{"@type":"ListItem","position":2,"name":"Colunas","item":"https:\/\/www.suno.com.br\/noticias\/colunas\/"},{"@type":"ListItem","position":3,"name":"Expectativas Safra 22\/23"}]},{"@type":"WebSite","@id":"https:\/\/www.suno.com.br\/noticias\/#website","url":"https:\/\/www.suno.com.br\/noticias\/","name":"Suno Not\u00edcias","description":"Seu portal de informa\u00e7\u00e3o sobre o mundo dos investimentos","publisher":{"@id":"https:\/\/www.suno.com.br\/noticias\/#organization"},"potentialAction":[{"@type":"SearchAction","target":{"@type":"EntryPoint","urlTemplate":"https:\/\/www.suno.com.br\/noticias\/?s={search_term_string}"},"query-input":{"@type":"PropertyValueSpecification","valueRequired":true,"valueName":"search_term_string"}}],"inLanguage":"pt-BR"},{"@type":"Organization","@id":"https:\/\/www.suno.com.br\/noticias\/#organization","name":"Suno Not\u00edcias","url":"https:\/\/www.suno.com.br\/noticias\/","logo":{"@type":"ImageObject","inLanguage":"pt-BR","@id":"https:\/\/www.suno.com.br\/noticias\/#\/schema\/logo\/image\/","url":"https:\/\/files.sunoresearch.com.br\/n\/uploads\/2021\/09\/suno-logo.png","contentUrl":"https:\/\/files.sunoresearch.com.br\/n\/uploads\/2021\/09\/suno-logo.png","width":180,"height":180,"caption":"Suno Not\u00edcias"},"image":{"@id":"https:\/\/www.suno.com.br\/noticias\/#\/schema\/logo\/image\/"},"sameAs":["https:\/\/facebook.com\/sunoresearch","https:\/\/x.com\/sunoresearch","https:\/\/www.instagram.com\/suno","https:\/\/www.linkedin.com\/company\/suno-research\/","https:\/\/www.youtube.com\/c\/sunoresearch"]},{"@type":"Person","@id":"https:\/\/www.suno.com.br\/noticias\/#\/schema\/person\/b1826056e4acd7d0b2d5078b56d74c55","name":"Gabriel Diniz Junqueira","image":{"@type":"ImageObject","inLanguage":"pt-BR","@id":"https:\/\/www.suno.com.br\/noticias\/#\/schema\/person\/image\/","url":"https:\/\/secure.gravatar.com\/avatar\/66203fb9349983855fb0f20b18db3291?s=96&r=g","contentUrl":"https:\/\/secure.gravatar.com\/avatar\/66203fb9349983855fb0f20b18db3291?s=96&r=g","caption":"Gabriel Diniz Junqueira"},"description":"Engenheiro Civil pela Poli\/USP, iniciou sua carreia no JP Morgan na \u00e1rea de Private Banking e especializou-se em an\u00e1lise de empresas voltadas ao setor agro, estudando profundamente a estrutura\u00e7\u00e3o dos FIAGROS no mundo.","sameAs":["https:\/\/www.instagram.com\/santafe_investimentos\/","https:\/\/br.linkedin.com\/company\/santa-fe-investimentos","https:\/\/www.youtube.com\/channel\/UCCekNzSLGS8qu28M4ADIkBw"],"url":"https:\/\/www.suno.com.br\/noticias\/author\/gabriel-diniz-junqueira\/"}]}},"amp_enabled":true,"_links":{"self":[{"href":"https:\/\/www.suno.com.br\/noticias\/wp-json\/wp\/v2\/suno_column\/329539"}],"collection":[{"href":"https:\/\/www.suno.com.br\/noticias\/wp-json\/wp\/v2\/suno_column"}],"about":[{"href":"https:\/\/www.suno.com.br\/noticias\/wp-json\/wp\/v2\/types\/suno_column"}],"author":[{"embeddable":true,"href":"https:\/\/www.suno.com.br\/noticias\/wp-json\/wp\/v2\/users\/130"}],"wp:featuredmedia":[{"embeddable":true,"href":"https:\/\/www.suno.com.br\/noticias\/wp-json\/wp\/v2\/media\/270999"}],"wp:attachment":[{"href":"https:\/\/www.suno.com.br\/noticias\/wp-json\/wp\/v2\/media?parent=329539"}],"wp:term":[{"taxonomy":"post_tag","embeddable":true,"href":"https:\/\/www.suno.com.br\/noticias\/wp-json\/wp\/v2\/tags?post=329539"}],"curies":[{"name":"wp","href":"https:\/\/api.w.org\/{rel}","templated":true}]}}