{"id":324127,"date":"2022-11-29T12:00:00","date_gmt":"2022-11-29T15:00:00","guid":{"rendered":"https:\/\/www.suno.com.br\/noticias\/colunas\/marco-lopes\/\/"},"modified":"2022-11-28T23:24:51","modified_gmt":"2022-11-29T02:24:51","slug":"lei-trabalhista-mudanca","status":"publish","type":"suno_column","link":"https:\/\/www.suno.com.br\/noticias\/colunas\/eliane-gasetta\/lei-trabalhista-mudanca\/","title":{"rendered":"Principais mudan\u00e7as na lei trabalhista. Voc\u00ea sabe quais s\u00e3o?"},"content":{"rendered":"<p>Desde a cria\u00e7\u00e3o da CLT, em 1943, muitas mudan\u00e7as ocorreram nas rela\u00e7\u00f5es de trabalho com o passar dos anos.<\/p>\t<div class=\"wrapper-featured-image\">\n\t\t<figure class=\"spotlightImg\">\n\n\t\t\t<picture>\n\t\t\t\t<source media=\"(max-width: 768px)\" srcset=\"https:\/\/files.sunoresearch.com.br\/n\/uploads\/2022\/01\/Carteira-400x200.jpg\">\n\t\t\t\t<img loading=\"lazy\" decoding=\"async\" class=\"newsContent__article__imgCapa lazyloadDisabled \" src=\"https:\/\/files.sunoresearch.com.br\/n\/uploads\/2022\/01\/Carteira-800x450.jpg\" width=\"800\" height=\"450\" alt=\"Principais mudan\u00e7as na lei trabalhista. Voc\u00ea sabe quais s\u00e3o?\" fetchpriority=high \/>\n\t\t\t<\/picture>\n\n\t\t\t<figcaption class=\"wp-caption-text wp-caption-text--show\"> Foto: Marcelo Camargo\/Ag\u00eancia Brasil<\/figcaption>\n\t\t<\/figure>\n\t<\/div>\n\n\n\n\n\n\t<p>\n\t\t<a href=\"https:\/\/lp.suno.com.br\/planilha-controle-gastos\/\" target=\"_blank\" data-element=\"shortcode-suno-banner\" title=\"Banner SUNO, clique e saiba mais\">\n\t\t\t<picture>\n\t\t\t\t<source media=\"(max-width: 500px)\" srcset=\"https:\/\/files.sunoresearch.com.br\/n\/uploads\/2023\/03\/400x300-Planilha-controle-de-gastos.png\">\n\t\t\t\t<img class=\"newsContent__article__imgCapa newsContent__article__imgCapa--banner\"\n\t\t\t\t\tsrc=\"https:\/\/files.sunoresearch.com.br\/n\/uploads\/2023\/03\/1420x240-Planilha-controle-de-gastos.png\"\n\t\t\t\t\tdata-promo-id=\"311945\"\t\t\t\t\t\t\t\t\t\twidth='1420' height='240'\t\t\t\t\talt=\"https:\/\/files.sunoresearch.com.br\/n\/uploads\/2023\/03\/1420x240-Planilha-controle-de-gastos.png\"\n\t\t\t\t>\n\t\t\t<\/picture>\n\t\t<\/a>\n\t<\/p>\n\n\n\n\n\n<p>Em raz\u00e3o dessas mudan\u00e7as, em 2017 foi criada a <strong>reforma trabalhista<\/strong>, visando acompanhar as mudan\u00e7as advindas ao longo dos anos e de forma a abranger as rela\u00e7\u00f5es de trabalho, antes n\u00e3o previstas em Lei.<\/p>\n\n\n\n<p>Muitas d\u00favidas surgiram com essa reforma e ainda pairam muitas d\u00favidas acerca das mudan\u00e7as.<\/p>\n\n\n\n<p>Mas afinal, o que mudou de fato?<\/p>\n\n\n\n<p>Dentre as principais mudan\u00e7as com a reforma est\u00e3o:<\/p>\n\n\n\n<ul class=\"wp-block-list\"><li>Parcelamento de f\u00e9rias;<\/li><li>Altera\u00e7\u00f5es na jornada de trabalho;<\/li><li>Acordos coletivos s\u00e3o prevalecentes sob a legisla\u00e7\u00e3o;<\/li><li>N\u00e3o obrigatoriedade da contribui\u00e7\u00e3o sindical;<\/li><li>Para as gr\u00e1vidas e lactantes o trabalho s\u00f3 pode ser em ambientes com insalubridade de graus m\u00e9dio e m\u00ednimo.<\/li><li>No que concerne \u00e0s f\u00e9rias, essas podem ser divididas em at\u00e9 3 per\u00edodos, por\u00e9m um dos per\u00edodos deve ser superior a 15 dias e outro deve ter no m\u00ednimo 5 dias.<\/li><\/ul>\n\n\n\n<p>Com rela\u00e7\u00e3o \u00e0s jornadas de trabalho, poder\u00e1 ser flexibilizada, ou seja, \u00e9 poss\u00edvel trabalhar no m\u00e1ximo 12 horas por dia, com 36 horas de descanso. Por\u00e9m, deve-se respeitar o m\u00e1ximo de 44 horas semanais e 220 horas mensais.<\/p>\n\n\n\t<p>\n\t\t<a href=\"https:\/\/lp.suno.com.br\/ebook-como-analisar-uma-acao\/\" target=\"_blank\" data-element=\"shortcode-suno-banner\" title=\"Banner SUNO, clique e saiba mais\">\n\t\t\t<picture>\n\t\t\t\t<source media=\"(max-width: 500px)\" srcset=\"https:\/\/files.sunoresearch.com.br\/n\/uploads\/2023\/03\/Ebook-Acoes-Mobile.jpg\">\n\t\t\t\t<img class=\"newsContent__article__imgCapa newsContent__article__imgCapa--banner\"\n\t\t\t\t\tsrc=\"https:\/\/files.sunoresearch.com.br\/n\/uploads\/2023\/03\/Ebook-Acoes-Desktop.jpg\"\n\t\t\t\t\tdata-promo-id=\"311946\"\t\t\t\t\t\t\t\t\t\twidth='1420' height='286'\t\t\t\t\talt=\"https:\/\/files.sunoresearch.com.br\/n\/uploads\/2023\/03\/Ebook-Acoes-Desktop.jpg\"\n\t\t\t\t>\n\t\t\t<\/picture>\n\t\t<\/a>\n\t<\/p>\n\n\n\n\n\n<p>Al\u00e9m disso, o formato de <strong>contrato de trabalho <\/strong>intermitente tamb\u00e9m foi criado para possibilitar, ainda mais, a flexibiliza\u00e7\u00e3o da <strong>jornada de trabalho<\/strong>.<\/p>\n\n\n\n<p>Ainda sobre a jornada, salientamos que o tempo de deslocamento do colaborador, atividades de estudo, higiene, troca de uniforme, alimenta\u00e7\u00e3o deixam de fazer parte da jornada de trabalho.<\/p>\n\n\n\n<p>No intervalo de almo\u00e7o, h\u00e1 possibilidade de se fazer um acordo entre as partes para definir um descanso de no m\u00ednimo 30 minutos para jornadas com mais de 6 horas de dura\u00e7\u00e3o, sendo permitido que o trabalhador saia mais cedo do trabalho.<\/p>\n\n\n\n<p>Outra mudan\u00e7a importante \u00e9 a de que o<strong> home-office<\/strong> passou a ter previs\u00e3o contratual. No caso, as organiza\u00e7\u00f5es que atuam em home office podem abrir m\u00e3o do controle de ponto, por\u00e9m, controlar as horas trabalhadas, faltas injustificadas e justificadas \u00e9 muito importante.<\/p>\n\n\n\n<p>Quando o <strong>RH<\/strong> n\u00e3o possui um controle de ponto no home office, a gest\u00e3o dos hor\u00e1rios dos funcion\u00e1rios fica restrita. Colaboradores de m\u00e1 f\u00e9 podem dizer que est\u00e3o cumprindo sua jornada de trabalho sem, de fato, estarem cumprindo, ou excederem sua jornada, sem controle da empresa, o que pode gerar passivos trabalhistas.<\/p>\n\n\n\n<p>Sobre a <strong>contribui\u00e7\u00e3o sindical,<\/strong> essa era obrigat\u00f3ria, e o desconto era equivalente a um dia de sal\u00e1rio, por\u00e9m, com a reforma, tal contribui\u00e7\u00e3o deixou de ser obrigat\u00f3ria e passou a ser opcional.<\/p>\n\n\n\n<p>Outra previs\u00e3o importante na reforma foi a rescis\u00e3o do contrato de trabalho por acordo. Agora, o funcion\u00e1rio pode fazer acordo com a empresa para ser demitido, por\u00e9m s\u00f3 receber\u00e1 metade do aviso pr\u00e9vio e <strong>indeniza\u00e7\u00e3o do FGTS<\/strong>. Ademais, somente poder\u00e1 movimentar 80% do FGTS e n\u00e3o ter\u00e1 acesso ao seguro-desemprego.<\/p>\n\n\n\n<p>Como vimos ao longo do artigo, as<strong> rela\u00e7\u00f5es de trabalho<\/strong> mudaram bastante desde a cria\u00e7\u00e3o da CLT at\u00e9 a reforma trabalhista. Mas essas mudan\u00e7as continuam acontecendo continuamente, por isso \u00e9 muito importante acompanhar as movimenta\u00e7\u00f5es que ocorrem constantemente ap\u00f3s a reforma, principalmente leis para complementar tais mudan\u00e7as e visando garantir que os direitos trabalhistas continuem atualizados.<\/p>\n\n\n\t<p>\n\t\t<a href=\"https:\/\/lp.suno.com.br\/ebook-investindo-em-fiis\/\" target=\"_blank\" data-element=\"shortcode-suno-banner\" title=\"Banner SUNO, clique e saiba mais\">\n\t\t\t<picture>\n\t\t\t\t<source media=\"(max-width: 500px)\" srcset=\"https:\/\/files.sunoresearch.com.br\/n\/uploads\/2023\/03\/Ebook-Fundos-Imobiliarios-Mobile-1.jpg\">\n\t\t\t\t<img class=\"newsContent__article__imgCapa newsContent__article__imgCapa--banner\"\n\t\t\t\t\tsrc=\"https:\/\/files.sunoresearch.com.br\/n\/uploads\/2023\/03\/Ebook-Fundos-Imobiliarios-Desktop-1.jpg\"\n\t\t\t\t\tdata-promo-id=\"313843\"\t\t\t\t\t\t\t\t\t\twidth='1420' height='286'\t\t\t\t\talt=\"https:\/\/files.sunoresearch.com.br\/n\/uploads\/2023\/03\/Ebook-Fundos-Imobiliarios-Desktop-1.jpg\"\n\t\t\t\t>\n\t\t\t<\/picture>\n\t\t<\/a>\n\t<\/p>\n\n\n","protected":false},"excerpt":{"rendered":"<p>Desde a cria\u00e7\u00e3o da CLT, em 1943, muitas mudan\u00e7as ocorreram nas rela\u00e7\u00f5es de trabalho com o passar dos anos. Foto: Marcelo Camargo\/Ag\u00eancia Brasil Em raz\u00e3o dessas mudan\u00e7a&#8230;<\/p>\n","protected":false},"author":239,"featured_media":227054,"template":"","tags":[],"class_list":["post-324127","suno_column","type-suno_column","status-publish","has-post-thumbnail","hentry"],"yoast_head":"<!-- This site is optimized with the Yoast SEO plugin v24.4 - https:\/\/yoast.com\/wordpress\/plugins\/seo\/ -->\n<title>Principais mudan\u00e7as na lei trabalhista. Voc\u00ea sabe quais s\u00e3o? - Suno Not\u00edcias<\/title>\n<meta name=\"description\" content=\"Em 2017 foi criada a reforma trabalhista, acompanhando as mudan\u00e7as ao longo dos anos para abranger rela\u00e7\u00f5es de trabalho n\u00e3o previstas em Lei\" \/>\n<meta name=\"robots\" content=\"index, follow, max-snippet:-1, max-image-preview:large, max-video-preview:-1\" \/>\n<link rel=\"canonical\" href=\"https:\/\/www.suno.com.br\/noticias\/colunas\/eliane-gasetta\/lei-trabalhista-mudanca\/\" \/>\n<meta property=\"og:locale\" content=\"pt_BR\" \/>\n<meta property=\"og:type\" content=\"article\" \/>\n<meta property=\"og:title\" content=\"Principais mudan\u00e7as na lei trabalhista. Voc\u00ea sabe quais s\u00e3o? - Suno Not\u00edcias\" \/>\n<meta property=\"og:description\" content=\"Em 2017 foi criada a reforma trabalhista, acompanhando as mudan\u00e7as ao longo dos anos para abranger rela\u00e7\u00f5es de trabalho n\u00e3o previstas em Lei\" \/>\n<meta property=\"og:url\" content=\"https:\/\/www.suno.com.br\/noticias\/colunas\/eliane-gasetta\/lei-trabalhista-mudanca\/\" \/>\n<meta property=\"og:site_name\" content=\"Suno Not\u00edcias\" \/>\n<meta property=\"article:publisher\" content=\"https:\/\/facebook.com\/sunoresearch\" \/>\n<meta property=\"og:image\" content=\"https:\/\/files.sunoresearch.com.br\/n\/uploads\/2022\/01\/Carteira-scaled.jpg\" \/>\n\t<meta property=\"og:image:width\" content=\"2560\" \/>\n\t<meta property=\"og:image:height\" content=\"1707\" \/>\n\t<meta property=\"og:image:type\" content=\"image\/jpeg\" \/>\n<meta name=\"twitter:card\" content=\"summary_large_image\" \/>\n<meta name=\"twitter:site\" content=\"@sunoresearch\" \/>\n<meta name=\"twitter:label1\" content=\"Est. tempo de leitura\" \/>\n\t<meta name=\"twitter:data1\" content=\"3 minutos\" \/>\n<script type=\"application\/ld+json\" class=\"yoast-schema-graph\">{\"@context\":\"https:\/\/schema.org\",\"@graph\":[{\"@type\":\"Article\",\"@id\":\"https:\/\/www.suno.com.br\/noticias\/colunas\/eliane-gasetta\/lei-trabalhista-mudanca\/#article\",\"isPartOf\":{\"@id\":\"https:\/\/www.suno.com.br\/noticias\/colunas\/eliane-gasetta\/lei-trabalhista-mudanca\/\"},\"author\":{\"name\":\"Eliane Gasetta\",\"@id\":\"https:\/\/www.suno.com.br\/noticias\/#\/schema\/person\/c825193e0ea694f6cda8267495964a63\"},\"headline\":\"Principais mudan\u00e7as na lei trabalhista. Voc\u00ea sabe quais s\u00e3o?\",\"datePublished\":\"2022-11-29T15:00:00+00:00\",\"mainEntityOfPage\":{\"@id\":\"https:\/\/www.suno.com.br\/noticias\/colunas\/eliane-gasetta\/lei-trabalhista-mudanca\/\"},\"wordCount\":586,\"publisher\":{\"@id\":\"https:\/\/www.suno.com.br\/noticias\/#organization\"},\"image\":{\"@id\":\"https:\/\/www.suno.com.br\/noticias\/colunas\/eliane-gasetta\/lei-trabalhista-mudanca\/#primaryimage\"},\"thumbnailUrl\":\"https:\/\/files.sunoresearch.com.br\/n\/uploads\/2022\/01\/Carteira-scaled.jpg\",\"inLanguage\":\"pt-BR\"},{\"@type\":\"WebPage\",\"@id\":\"https:\/\/www.suno.com.br\/noticias\/colunas\/eliane-gasetta\/lei-trabalhista-mudanca\/\",\"url\":\"https:\/\/www.suno.com.br\/noticias\/colunas\/eliane-gasetta\/lei-trabalhista-mudanca\/\",\"name\":\"Principais mudan\u00e7as na lei trabalhista. Voc\u00ea sabe quais s\u00e3o? - Suno Not\u00edcias\",\"isPartOf\":{\"@id\":\"https:\/\/www.suno.com.br\/noticias\/#website\"},\"primaryImageOfPage\":{\"@id\":\"https:\/\/www.suno.com.br\/noticias\/colunas\/eliane-gasetta\/lei-trabalhista-mudanca\/#primaryimage\"},\"image\":{\"@id\":\"https:\/\/www.suno.com.br\/noticias\/colunas\/eliane-gasetta\/lei-trabalhista-mudanca\/#primaryimage\"},\"thumbnailUrl\":\"https:\/\/files.sunoresearch.com.br\/n\/uploads\/2022\/01\/Carteira-scaled.jpg\",\"datePublished\":\"2022-11-29T15:00:00+00:00\",\"description\":\"Em 2017 foi criada a reforma trabalhista, acompanhando as mudan\u00e7as ao longo dos anos para abranger rela\u00e7\u00f5es de trabalho n\u00e3o previstas em Lei\",\"breadcrumb\":{\"@id\":\"https:\/\/www.suno.com.br\/noticias\/colunas\/eliane-gasetta\/lei-trabalhista-mudanca\/#breadcrumb\"},\"inLanguage\":\"pt-BR\",\"potentialAction\":[{\"@type\":\"ReadAction\",\"target\":[\"https:\/\/www.suno.com.br\/noticias\/colunas\/eliane-gasetta\/lei-trabalhista-mudanca\/\"]}]},{\"@type\":\"ImageObject\",\"inLanguage\":\"pt-BR\",\"@id\":\"https:\/\/www.suno.com.br\/noticias\/colunas\/eliane-gasetta\/lei-trabalhista-mudanca\/#primaryimage\",\"url\":\"https:\/\/files.sunoresearch.com.br\/n\/uploads\/2022\/01\/Carteira-scaled.jpg\",\"contentUrl\":\"https:\/\/files.sunoresearch.com.br\/n\/uploads\/2022\/01\/Carteira-scaled.jpg\",\"width\":2560,\"height\":1707,\"caption\":\"Foto: Marcelo Camargo\/Ag\u00eancia Brasil\"},{\"@type\":\"BreadcrumbList\",\"@id\":\"https:\/\/www.suno.com.br\/noticias\/colunas\/eliane-gasetta\/lei-trabalhista-mudanca\/#breadcrumb\",\"itemListElement\":[{\"@type\":\"ListItem\",\"position\":1,\"name\":\"Not\u00edcias\",\"item\":\"https:\/\/www.suno.com.br\/noticias\/\"},{\"@type\":\"ListItem\",\"position\":2,\"name\":\"Colunas\",\"item\":\"https:\/\/www.suno.com.br\/noticias\/colunas\/\"},{\"@type\":\"ListItem\",\"position\":3,\"name\":\"Principais mudan\u00e7as na lei trabalhista. Voc\u00ea sabe quais s\u00e3o?\"}]},{\"@type\":\"WebSite\",\"@id\":\"https:\/\/www.suno.com.br\/noticias\/#website\",\"url\":\"https:\/\/www.suno.com.br\/noticias\/\",\"name\":\"Suno Not\u00edcias\",\"description\":\"Seu portal de informa\u00e7\u00e3o sobre o mundo dos investimentos\",\"publisher\":{\"@id\":\"https:\/\/www.suno.com.br\/noticias\/#organization\"},\"potentialAction\":[{\"@type\":\"SearchAction\",\"target\":{\"@type\":\"EntryPoint\",\"urlTemplate\":\"https:\/\/www.suno.com.br\/noticias\/?s={search_term_string}\"},\"query-input\":{\"@type\":\"PropertyValueSpecification\",\"valueRequired\":true,\"valueName\":\"search_term_string\"}}],\"inLanguage\":\"pt-BR\"},{\"@type\":\"Organization\",\"@id\":\"https:\/\/www.suno.com.br\/noticias\/#organization\",\"name\":\"Suno Not\u00edcias\",\"url\":\"https:\/\/www.suno.com.br\/noticias\/\",\"logo\":{\"@type\":\"ImageObject\",\"inLanguage\":\"pt-BR\",\"@id\":\"https:\/\/www.suno.com.br\/noticias\/#\/schema\/logo\/image\/\",\"url\":\"https:\/\/files.sunoresearch.com.br\/n\/uploads\/2021\/09\/suno-logo.png\",\"contentUrl\":\"https:\/\/files.sunoresearch.com.br\/n\/uploads\/2021\/09\/suno-logo.png\",\"width\":180,\"height\":180,\"caption\":\"Suno Not\u00edcias\"},\"image\":{\"@id\":\"https:\/\/www.suno.com.br\/noticias\/#\/schema\/logo\/image\/\"},\"sameAs\":[\"https:\/\/facebook.com\/sunoresearch\",\"https:\/\/x.com\/sunoresearch\",\"https:\/\/www.instagram.com\/suno\",\"https:\/\/www.linkedin.com\/company\/suno-research\/\",\"https:\/\/www.youtube.com\/c\/sunoresearch\"]},{\"@type\":\"Person\",\"@id\":\"https:\/\/www.suno.com.br\/noticias\/#\/schema\/person\/c825193e0ea694f6cda8267495964a63\",\"name\":\"Eliane Gasetta\",\"image\":{\"@type\":\"ImageObject\",\"inLanguage\":\"pt-BR\",\"@id\":\"https:\/\/www.suno.com.br\/noticias\/#\/schema\/person\/image\/\",\"url\":\"https:\/\/secure.gravatar.com\/avatar\/0f1be8d49235d1f07e06270ed0859e1e?s=96&r=g\",\"contentUrl\":\"https:\/\/secure.gravatar.com\/avatar\/0f1be8d49235d1f07e06270ed0859e1e?s=96&r=g\",\"caption\":\"Eliane Gasetta\"},\"description\":\"Advogada formada pela Universidade Cidade de S\u00e3o Paulo, p\u00f3s graduada em Direito Processual Civil pela PUC e Direito e Economia nos Neg\u00f3cios pelo CEDES. S\u00f3cia do Escrit\u00f3rio Eliane Gasetta Advocacia e Consultoria Jur\u00eddica. Atua\u00e7\u00e3o em Direito e Processo do trabalho, Direito Processual Civil, Empresarial. Certificada pela Privacy Academy em implementa\u00e7\u00e3o da Lei Geral de Prote\u00e7\u00e3o de dados.\",\"url\":\"https:\/\/www.suno.com.br\/noticias\/author\/eliane-gasetta\/\"}]}<\/script>\n<!-- \/ Yoast SEO plugin. -->","yoast_head_json":{"title":"Principais mudan\u00e7as na lei trabalhista. Voc\u00ea sabe quais s\u00e3o? - Suno Not\u00edcias","description":"Em 2017 foi criada a reforma trabalhista, acompanhando as mudan\u00e7as ao longo dos anos para abranger rela\u00e7\u00f5es de trabalho n\u00e3o previstas em Lei","robots":{"index":"index","follow":"follow","max-snippet":"max-snippet:-1","max-image-preview":"max-image-preview:large","max-video-preview":"max-video-preview:-1"},"canonical":"https:\/\/www.suno.com.br\/noticias\/colunas\/eliane-gasetta\/lei-trabalhista-mudanca\/","og_locale":"pt_BR","og_type":"article","og_title":"Principais mudan\u00e7as na lei trabalhista. Voc\u00ea sabe quais s\u00e3o? - Suno Not\u00edcias","og_description":"Em 2017 foi criada a reforma trabalhista, acompanhando as mudan\u00e7as ao longo dos anos para abranger rela\u00e7\u00f5es de trabalho n\u00e3o previstas em Lei","og_url":"https:\/\/www.suno.com.br\/noticias\/colunas\/eliane-gasetta\/lei-trabalhista-mudanca\/","og_site_name":"Suno Not\u00edcias","article_publisher":"https:\/\/facebook.com\/sunoresearch","og_image":[{"width":2560,"height":1707,"url":"https:\/\/files.sunoresearch.com.br\/n\/uploads\/2022\/01\/Carteira-scaled.jpg","type":"image\/jpeg"}],"twitter_card":"summary_large_image","twitter_site":"@sunoresearch","twitter_misc":{"Est. tempo de leitura":"3 minutos"},"schema":{"@context":"https:\/\/schema.org","@graph":[{"@type":"Article","@id":"https:\/\/www.suno.com.br\/noticias\/colunas\/eliane-gasetta\/lei-trabalhista-mudanca\/#article","isPartOf":{"@id":"https:\/\/www.suno.com.br\/noticias\/colunas\/eliane-gasetta\/lei-trabalhista-mudanca\/"},"author":{"name":"Eliane Gasetta","@id":"https:\/\/www.suno.com.br\/noticias\/#\/schema\/person\/c825193e0ea694f6cda8267495964a63"},"headline":"Principais mudan\u00e7as na lei trabalhista. Voc\u00ea sabe quais s\u00e3o?","datePublished":"2022-11-29T15:00:00+00:00","mainEntityOfPage":{"@id":"https:\/\/www.suno.com.br\/noticias\/colunas\/eliane-gasetta\/lei-trabalhista-mudanca\/"},"wordCount":586,"publisher":{"@id":"https:\/\/www.suno.com.br\/noticias\/#organization"},"image":{"@id":"https:\/\/www.suno.com.br\/noticias\/colunas\/eliane-gasetta\/lei-trabalhista-mudanca\/#primaryimage"},"thumbnailUrl":"https:\/\/files.sunoresearch.com.br\/n\/uploads\/2022\/01\/Carteira-scaled.jpg","inLanguage":"pt-BR"},{"@type":"WebPage","@id":"https:\/\/www.suno.com.br\/noticias\/colunas\/eliane-gasetta\/lei-trabalhista-mudanca\/","url":"https:\/\/www.suno.com.br\/noticias\/colunas\/eliane-gasetta\/lei-trabalhista-mudanca\/","name":"Principais mudan\u00e7as na lei trabalhista. Voc\u00ea sabe quais s\u00e3o? - Suno Not\u00edcias","isPartOf":{"@id":"https:\/\/www.suno.com.br\/noticias\/#website"},"primaryImageOfPage":{"@id":"https:\/\/www.suno.com.br\/noticias\/colunas\/eliane-gasetta\/lei-trabalhista-mudanca\/#primaryimage"},"image":{"@id":"https:\/\/www.suno.com.br\/noticias\/colunas\/eliane-gasetta\/lei-trabalhista-mudanca\/#primaryimage"},"thumbnailUrl":"https:\/\/files.sunoresearch.com.br\/n\/uploads\/2022\/01\/Carteira-scaled.jpg","datePublished":"2022-11-29T15:00:00+00:00","description":"Em 2017 foi criada a reforma trabalhista, acompanhando as mudan\u00e7as ao longo dos anos para abranger rela\u00e7\u00f5es de trabalho n\u00e3o previstas em Lei","breadcrumb":{"@id":"https:\/\/www.suno.com.br\/noticias\/colunas\/eliane-gasetta\/lei-trabalhista-mudanca\/#breadcrumb"},"inLanguage":"pt-BR","potentialAction":[{"@type":"ReadAction","target":["https:\/\/www.suno.com.br\/noticias\/colunas\/eliane-gasetta\/lei-trabalhista-mudanca\/"]}]},{"@type":"ImageObject","inLanguage":"pt-BR","@id":"https:\/\/www.suno.com.br\/noticias\/colunas\/eliane-gasetta\/lei-trabalhista-mudanca\/#primaryimage","url":"https:\/\/files.sunoresearch.com.br\/n\/uploads\/2022\/01\/Carteira-scaled.jpg","contentUrl":"https:\/\/files.sunoresearch.com.br\/n\/uploads\/2022\/01\/Carteira-scaled.jpg","width":2560,"height":1707,"caption":"Foto: Marcelo Camargo\/Ag\u00eancia Brasil"},{"@type":"BreadcrumbList","@id":"https:\/\/www.suno.com.br\/noticias\/colunas\/eliane-gasetta\/lei-trabalhista-mudanca\/#breadcrumb","itemListElement":[{"@type":"ListItem","position":1,"name":"Not\u00edcias","item":"https:\/\/www.suno.com.br\/noticias\/"},{"@type":"ListItem","position":2,"name":"Colunas","item":"https:\/\/www.suno.com.br\/noticias\/colunas\/"},{"@type":"ListItem","position":3,"name":"Principais mudan\u00e7as na lei trabalhista. Voc\u00ea sabe quais s\u00e3o?"}]},{"@type":"WebSite","@id":"https:\/\/www.suno.com.br\/noticias\/#website","url":"https:\/\/www.suno.com.br\/noticias\/","name":"Suno Not\u00edcias","description":"Seu portal de informa\u00e7\u00e3o sobre o mundo dos investimentos","publisher":{"@id":"https:\/\/www.suno.com.br\/noticias\/#organization"},"potentialAction":[{"@type":"SearchAction","target":{"@type":"EntryPoint","urlTemplate":"https:\/\/www.suno.com.br\/noticias\/?s={search_term_string}"},"query-input":{"@type":"PropertyValueSpecification","valueRequired":true,"valueName":"search_term_string"}}],"inLanguage":"pt-BR"},{"@type":"Organization","@id":"https:\/\/www.suno.com.br\/noticias\/#organization","name":"Suno Not\u00edcias","url":"https:\/\/www.suno.com.br\/noticias\/","logo":{"@type":"ImageObject","inLanguage":"pt-BR","@id":"https:\/\/www.suno.com.br\/noticias\/#\/schema\/logo\/image\/","url":"https:\/\/files.sunoresearch.com.br\/n\/uploads\/2021\/09\/suno-logo.png","contentUrl":"https:\/\/files.sunoresearch.com.br\/n\/uploads\/2021\/09\/suno-logo.png","width":180,"height":180,"caption":"Suno Not\u00edcias"},"image":{"@id":"https:\/\/www.suno.com.br\/noticias\/#\/schema\/logo\/image\/"},"sameAs":["https:\/\/facebook.com\/sunoresearch","https:\/\/x.com\/sunoresearch","https:\/\/www.instagram.com\/suno","https:\/\/www.linkedin.com\/company\/suno-research\/","https:\/\/www.youtube.com\/c\/sunoresearch"]},{"@type":"Person","@id":"https:\/\/www.suno.com.br\/noticias\/#\/schema\/person\/c825193e0ea694f6cda8267495964a63","name":"Eliane Gasetta","image":{"@type":"ImageObject","inLanguage":"pt-BR","@id":"https:\/\/www.suno.com.br\/noticias\/#\/schema\/person\/image\/","url":"https:\/\/secure.gravatar.com\/avatar\/0f1be8d49235d1f07e06270ed0859e1e?s=96&r=g","contentUrl":"https:\/\/secure.gravatar.com\/avatar\/0f1be8d49235d1f07e06270ed0859e1e?s=96&r=g","caption":"Eliane Gasetta"},"description":"Advogada formada pela Universidade Cidade de S\u00e3o Paulo, p\u00f3s graduada em Direito Processual Civil pela PUC e Direito e Economia nos Neg\u00f3cios pelo CEDES. S\u00f3cia do Escrit\u00f3rio Eliane Gasetta Advocacia e Consultoria Jur\u00eddica. Atua\u00e7\u00e3o em Direito e Processo do trabalho, Direito Processual Civil, Empresarial. Certificada pela Privacy Academy em implementa\u00e7\u00e3o da Lei Geral de Prote\u00e7\u00e3o de dados.","url":"https:\/\/www.suno.com.br\/noticias\/author\/eliane-gasetta\/"}]}},"amp_enabled":true,"_links":{"self":[{"href":"https:\/\/www.suno.com.br\/noticias\/wp-json\/wp\/v2\/suno_column\/324127"}],"collection":[{"href":"https:\/\/www.suno.com.br\/noticias\/wp-json\/wp\/v2\/suno_column"}],"about":[{"href":"https:\/\/www.suno.com.br\/noticias\/wp-json\/wp\/v2\/types\/suno_column"}],"author":[{"embeddable":true,"href":"https:\/\/www.suno.com.br\/noticias\/wp-json\/wp\/v2\/users\/239"}],"wp:featuredmedia":[{"embeddable":true,"href":"https:\/\/www.suno.com.br\/noticias\/wp-json\/wp\/v2\/media\/227054"}],"wp:attachment":[{"href":"https:\/\/www.suno.com.br\/noticias\/wp-json\/wp\/v2\/media?parent=324127"}],"wp:term":[{"taxonomy":"post_tag","embeddable":true,"href":"https:\/\/www.suno.com.br\/noticias\/wp-json\/wp\/v2\/tags?post=324127"}],"curies":[{"name":"wp","href":"https:\/\/api.w.org\/{rel}","templated":true}]}}