{"id":323202,"date":"2022-11-25T08:00:35","date_gmt":"2022-11-25T11:00:35","guid":{"rendered":"https:\/\/www.suno.com.br\/noticias\/colunas\/marco-lopes\/\/"},"modified":"2022-11-24T17:00:32","modified_gmt":"2022-11-24T20:00:32","slug":"impacto-desinflacao-fundos-imobiliarios-papel","status":"publish","type":"suno_column","link":"https:\/\/www.suno.com.br\/noticias\/colunas\/vitor-nery-fagnani\/impacto-desinflacao-fundos-imobiliarios-papel\/","title":{"rendered":"O impacto da desinfla\u00e7\u00e3o nos fundos imobili\u00e1rios de papel e como isso afeta nossas decis\u00f5es"},"content":{"rendered":"<p>Boa parte dos investidores se depararam com os impactos da desinfla\u00e7\u00e3o nos rendimentos dos <strong>fundos de pap\u00e9is<\/strong> neste segundo semestre de 2022. Enquanto o Banco Central comemora&nbsp; os efeitos de redu\u00e7\u00e3o da infla\u00e7\u00e3o, uma vez que essa \u00e9 uma das miss\u00f5es desta autarquia, os <strong>cotistas dos fundos<\/strong> ficaram tristes com a diminui\u00e7\u00e3o dos <a class=\"suno-keyword\" href=\"https:\/\/www.suno.com.br\/guias\/dividendos\/\" target=\"_blank\" rel=\"noopener\" data-force=\"no\" data-priority=\"1\">dividendos<\/a> e que tamb\u00e9m impactou o pre\u00e7o das cotas negativamente.<\/p>\t<div class=\"wrapper-featured-image\">\n\t\t<figure class=\"spotlightImg\">\n\n\t\t\t<picture>\n\t\t\t\t<source media=\"(max-width: 768px)\" srcset=\"https:\/\/files.sunoresearch.com.br\/n\/uploads\/2022\/10\/city-gce41cabfa_1280-400x200.jpg\">\n\t\t\t\t<img loading=\"lazy\" decoding=\"async\" class=\"newsContent__article__imgCapa lazyloadDisabled \" src=\"https:\/\/files.sunoresearch.com.br\/n\/uploads\/2022\/10\/city-gce41cabfa_1280-800x450.jpg\" width=\"800\" height=\"450\" alt=\"O impacto da desinfla\u00e7\u00e3o nos fundos imobili\u00e1rios de papel e como isso afeta nossas decis\u00f5es\" fetchpriority=high \/>\n\t\t\t<\/picture>\n\n\t\t\t<figcaption class=\"wp-caption-text wp-caption-text--show\">Fundos imobili\u00e1rios - Foto: Pixabay<\/figcaption>\n\t\t<\/figure>\n\t<\/div>\n\n\n\n\n\n\t<p>\n\t\t<a href=\"https:\/\/lp.suno.com.br\/planilha-controle-gastos\/\" target=\"_blank\" data-element=\"shortcode-suno-banner\" title=\"Banner SUNO, clique e saiba mais\">\n\t\t\t<picture>\n\t\t\t\t<source media=\"(max-width: 500px)\" srcset=\"https:\/\/files.sunoresearch.com.br\/n\/uploads\/2023\/03\/400x300-Planilha-controle-de-gastos.png\">\n\t\t\t\t<img class=\"newsContent__article__imgCapa newsContent__article__imgCapa--banner\"\n\t\t\t\t\tsrc=\"https:\/\/files.sunoresearch.com.br\/n\/uploads\/2023\/03\/1420x240-Planilha-controle-de-gastos.png\"\n\t\t\t\t\tdata-promo-id=\"311945\"\t\t\t\t\t\t\t\t\t\twidth='1420' height='240'\t\t\t\t\talt=\"https:\/\/files.sunoresearch.com.br\/n\/uploads\/2023\/03\/1420x240-Planilha-controle-de-gastos.png\"\n\t\t\t\t>\n\t\t\t<\/picture>\n\t\t<\/a>\n\t<\/p>\n\n\n\n\n\n<p>Em suma, para entendermos como a infla\u00e7\u00e3o se relaciona com os rendimentos dos fundos, precisamos primeiro entender as diferen\u00e7as das classes de <strong>fundos imobili\u00e1rios<\/strong>. De forma abrangente, dividimos entre <strong>fundos de tijolos<\/strong> e <strong>fundos de receb\u00edveis<\/strong> (tamb\u00e9m chamados de fundo de pap\u00e9is).<\/p>\n\n\n\n<p>Inquestionavelmente, o investidor de <a class=\"suno-keyword\" href=\"https:\/\/www.suno.com.br\/artigos\/longo-prazo\/\" target=\"_blank\" rel=\"noopener\" data-force=\"no\" data-priority=\"1\">longo prazo<\/a> deve ter as duas classes de ativos para montar uma carteira mais robusta para cen\u00e1rios adversos. Isso ajuda aliviar a tens\u00e3o em momentos macroecon\u00f4micos ruins, uma vez que, o jogo dos investimentos \u00e9 um jogo psicol\u00f3gico.<\/p>\n\n\n\n<h2 class=\"wp-block-heading\" id=\"h-real-estate-e-recebiveis-imobiliarios\">Real Estate e Receb\u00edveis Imobili\u00e1rios<\/h2>\n\n\n\n<p>Primeiramente vamos olhar para os fundos de receb\u00edveis, que possuem em seus portf\u00f3lios os t\u00edtulos de d\u00edvida chamados <a class=\"suno-keyword\" href=\"https:\/\/www.suno.com.br\/artigos\/certificados-recebiveis-imobiliarios\/\" target=\"_blank\" rel=\"noopener\" data-force=\"no\" data-priority=\"1\">certificados de receb\u00edveis imobili\u00e1rios<\/a> (<strong>CRI<\/strong>). Esses t\u00edtulos s\u00e3o utilizados como financiamento do setor de constru\u00e7\u00e3o civil e sua capta\u00e7\u00e3o de recursos \u00e9 feita via <a class=\"suno-keyword\" href=\"https:\/\/www.suno.com.br\/artigos\/mercado-de-capitais-conceito\/\" target=\"_blank\" rel=\"noopener\" data-force=\"no\" data-priority=\"1\">mercado de capitais<\/a>. Portanto, trata-se de um <strong>t\u00edtulo de renda fixa<\/strong> e lastreado em cr\u00e9ditos imobili\u00e1rios.<\/p>\n\n\n\n<p>E tamb\u00e9m, por se tratar em um contrato de d\u00edvida, al\u00e9m do juro contratado h\u00e1 uma forma de corre\u00e7\u00e3o por um indexador podendo ser o IPCA, CDI, IGP-M e etc. Na maioria dos casos, os CRIs s\u00e3o corrigidos pelo IPCA, muitas vezes por conta dos prazos desses contratos, e dessa forma a varia\u00e7\u00e3o desse \u00edndice acaba influenciando nos rendimentos de forma mensal.<\/p>\n\n\n\n<p>Mas isso ainda n\u00e3o explica a queda dos dividendos, certo? Para continuarmos a explica\u00e7\u00e3o, \u00e9 necess\u00e1rio entender uma das principais diferen\u00e7as entre o fundo de tijolo e o de receb\u00edveis que seria o repasse da infla\u00e7\u00e3o. Assim, os fundos de tijolos tamb\u00e9m possuem seus contratos com os inquilinos atrelados a algum indexador, por\u00e9m s\u00e3o reajustados anualmente e os fundos de pap\u00e9is a infla\u00e7\u00e3o \u00e9 repassada mensalmente nos <strong>dividendos<\/strong>. Isso nos ajuda a entender o motivo das diferen\u00e7as do valor dos pagamentos.<\/p>\n\n\n\n<p>Nos fundos de receb\u00edveis temos uma carteira composta de CRIs que acabam pagando os juros contratados e amortizando o valor do IPCA do per\u00edodo de 2 meses atr\u00e1s geralmente. Dessa maneira, conseguimos receber em m\u00e3os, e claro de forma isenta de IR, o valor do IPCA de um per\u00edodo pr\u00f3ximo. Para ser mais claro, os resultados apurados ao longo de outubro (distribu\u00eddos aos investidores em novembro) refletem aproximadamente a varia\u00e7\u00e3o do IPCA referente aos meses de agosto (-0,36%) e setembro (-0,29%), acrescida do cupom de juros fixo de cada uma das opera\u00e7\u00f5es.<\/p>\n\n\n\n<p>Unificando os conceitos apresentados com as oscila\u00e7\u00f5es da infla\u00e7\u00e3o neste ano, o IBGE apresentou entre janeiro a junho uma varia\u00e7\u00e3o de 5,49% e entre julho a outubro, -0,7% da infla\u00e7\u00e3o registrada. O que resultou, para fundos imobili\u00e1rios de papel atrelados ao IPCA, em excelentes <a class=\"suno-keyword\" href=\"https:\/\/www.suno.com.br\/guias\/dividendos\/\" target=\"_blank\" rel=\"noopener\" data-force=\"no\" data-priority=\"1\">dividendos<\/a> no primeiro semestre e baixos retornos no segundo.<\/p>\n\n\n\n<p>Por sua vez, essas varia\u00e7\u00f5es podem impactar os <a class=\"suno-keyword\" href=\"https:\/\/www.suno.com.br\/guias\/dividendos\/\" target=\"_blank\" rel=\"noopener\" data-force=\"no\" data-priority=\"1\">dividendos<\/a> e as cota\u00e7\u00f5es, uma vez que com a diminui\u00e7\u00e3o dos dividendos temos um aumento da for\u00e7a vendedora no mercado. O interessante \u00e9 poder entender esse conceito e, dessa forma, saber que se tratam de aspectos macroecon\u00f4micos e n\u00e3o propriamente de algum problema interno no fundo.<\/p>\n\n\n\t<p>\n\t\t<a href=\"https:\/\/lp.suno.com.br\/ebook-como-analisar-uma-acao\/\" target=\"_blank\" data-element=\"shortcode-suno-banner\" title=\"Banner SUNO, clique e saiba mais\">\n\t\t\t<picture>\n\t\t\t\t<source media=\"(max-width: 500px)\" srcset=\"https:\/\/files.sunoresearch.com.br\/n\/uploads\/2023\/03\/Ebook-Acoes-Mobile.jpg\">\n\t\t\t\t<img class=\"newsContent__article__imgCapa newsContent__article__imgCapa--banner\"\n\t\t\t\t\tsrc=\"https:\/\/files.sunoresearch.com.br\/n\/uploads\/2023\/03\/Ebook-Acoes-Desktop.jpg\"\n\t\t\t\t\tdata-promo-id=\"311946\"\t\t\t\t\t\t\t\t\t\twidth='1420' height='286'\t\t\t\t\talt=\"https:\/\/files.sunoresearch.com.br\/n\/uploads\/2023\/03\/Ebook-Acoes-Desktop.jpg\"\n\t\t\t\t>\n\t\t\t<\/picture>\n\t\t<\/a>\n\t<\/p>\n\n\n\n\n\n<h2 class=\"wp-block-heading\" id=\"h-resumo\">Resumo<\/h2>\n\n\n\n<p>Ent\u00e3o, conseguimos entender uma das vari\u00e1veis que pode impactar nos fundos imobili\u00e1rios e qualquer outro ativo que esteja atrelado a um fator de corre\u00e7\u00e3o. Com a ind\u00fastria mais consolidada, j\u00e1 temos fundos divididos em <strong>estrat\u00e9gias de indexadores<\/strong>, como fundos com pap\u00e9is apenas corrigidos pelos CDI ou apenas pelo IPCA e at\u00e9 mesmo estrat\u00e9gias com ambos.<\/p>\n\n\n\n<p>Nesse caso, a velha dica da diversifica\u00e7\u00e3o pode blindar sua carteira dessas fortes oscila\u00e7\u00f5es que em sua maioria n\u00e3o aparecem nos radares dos investidores previamente. Logo, j\u00e1 era esperada uma diminui\u00e7\u00e3o da infla\u00e7\u00e3o, por\u00e9m era dif\u00edcil prever qual seria a magnitude e quando ocorreria.<\/p>\n\n\n\n<p>Isso ressalta tamb\u00e9m a import\u00e2ncia de investir em <strong>fundos de tijolos<\/strong> que, mesmo distribuindo rendimentos menores que os de pap\u00e9is, acabam entregando os <a class=\"suno-keyword\" href=\"https:\/\/www.suno.com.br\/guias\/dividendos\/\" target=\"_blank\" rel=\"noopener\" data-force=\"no\" data-priority=\"1\">dividendos<\/a> de forma mais linear (mantendo o <strong>n\u00edvel de vac\u00e2ncia<\/strong>) e que possuem a capacidade dos ativos f\u00edsicos se valorizarem ao longo do tempo. Diante disso, tem-se a possibilidade dos ganhos dos dividendos e dos ganhos de capital com as valoriza\u00e7\u00f5es das cotas que podem acompanhar o aumento do <a class=\"suno-keyword\" href=\"https:\/\/www.suno.com.br\/artigos\/valor-patrimonial\/\" target=\"_blank\" rel=\"noopener\" data-force=\"no\" data-priority=\"1\"><strong>valor patrimonial<\/strong><\/a> dos fundos com a valoriza\u00e7\u00e3o dos im\u00f3veis.<\/p>\n\n\n\n<p>Sendo assim, al\u00e9m da relev\u00e2ncia da diversifica\u00e7\u00e3o para diminuir a volatilidade da sua <a class=\"suno-keyword\" href=\"https:\/\/www.suno.com.br\/guias\/carteira-de-investimentos\/\" target=\"_blank\" rel=\"noopener\" data-force=\"no\" data-priority=\"1\"><strong>carteira de investimentos<\/strong><\/a>, temos tamb\u00e9m que considerar que esses momentos apresentam oportunidades. Cabe ao investidor com sangue frio avaliar primeiro o contexto que estamos vivendo antes de vender seus ativos em um mercado de baixa.<\/p>\n\n\n\t<p>\n\t\t<a href=\"https:\/\/lp.suno.com.br\/ebook-investindo-em-fiis\/\" target=\"_blank\" data-element=\"shortcode-suno-banner\" title=\"Banner SUNO, clique e saiba mais\">\n\t\t\t<picture>\n\t\t\t\t<source media=\"(max-width: 500px)\" srcset=\"https:\/\/files.sunoresearch.com.br\/n\/uploads\/2023\/03\/Ebook-Fundos-Imobiliarios-Mobile-1.jpg\">\n\t\t\t\t<img class=\"newsContent__article__imgCapa newsContent__article__imgCapa--banner\"\n\t\t\t\t\tsrc=\"https:\/\/files.sunoresearch.com.br\/n\/uploads\/2023\/03\/Ebook-Fundos-Imobiliarios-Desktop-1.jpg\"\n\t\t\t\t\tdata-promo-id=\"313843\"\t\t\t\t\t\t\t\t\t\twidth='1420' height='286'\t\t\t\t\talt=\"https:\/\/files.sunoresearch.com.br\/n\/uploads\/2023\/03\/Ebook-Fundos-Imobiliarios-Desktop-1.jpg\"\n\t\t\t\t>\n\t\t\t<\/picture>\n\t\t<\/a>\n\t<\/p>\n\n\n","protected":false},"excerpt":{"rendered":"<p>Boa parte dos investidores se depararam com os impactos da desinfla\u00e7\u00e3o nos rendimentos dos fundos de pap\u00e9is neste segundo semestre de 2022. Enquanto o Banco Central co&#8230;<\/p>\n","protected":false},"author":237,"featured_media":304443,"template":"","tags":[315],"class_list":["post-323202","suno_column","type-suno_column","status-publish","has-post-thumbnail","hentry","tag-fundos-imobiliarios-fiis"],"yoast_head":"<!-- This site is optimized with the Yoast SEO plugin v24.4 - https:\/\/yoast.com\/wordpress\/plugins\/seo\/ -->\n<title>O impacto da desinfla\u00e7\u00e3o nos fundos imobili\u00e1rios de papel e como isso afeta nossas decis\u00f5es - Suno Not\u00edcias<\/title>\n<meta name=\"description\" content=\"Enquanto o Banco Central comemora\u00a0 os efeitos de redu\u00e7\u00e3o da infla\u00e7\u00e3o, os cotistas dos fundos ficaram tristes com a diminui\u00e7\u00e3o dos dividendos\" \/>\n<meta name=\"robots\" content=\"index, follow, max-snippet:-1, max-image-preview:large, max-video-preview:-1\" \/>\n<link rel=\"canonical\" href=\"https:\/\/www.suno.com.br\/noticias\/colunas\/vitor-nery-fagnani\/impacto-desinflacao-fundos-imobiliarios-papel\/\" \/>\n<meta property=\"og:locale\" content=\"pt_BR\" \/>\n<meta property=\"og:type\" content=\"article\" \/>\n<meta property=\"og:title\" content=\"O impacto da desinfla\u00e7\u00e3o nos fundos imobili\u00e1rios de papel e como isso afeta nossas decis\u00f5es - Suno Not\u00edcias\" \/>\n<meta property=\"og:description\" content=\"Enquanto o Banco Central comemora\u00a0 os efeitos de redu\u00e7\u00e3o da infla\u00e7\u00e3o, os cotistas dos fundos ficaram tristes com a diminui\u00e7\u00e3o dos dividendos\" \/>\n<meta property=\"og:url\" content=\"https:\/\/www.suno.com.br\/noticias\/colunas\/vitor-nery-fagnani\/impacto-desinflacao-fundos-imobiliarios-papel\/\" \/>\n<meta property=\"og:site_name\" content=\"Suno Not\u00edcias\" \/>\n<meta property=\"article:publisher\" content=\"https:\/\/facebook.com\/sunoresearch\" \/>\n<meta property=\"og:image\" content=\"https:\/\/files.sunoresearch.com.br\/n\/uploads\/2022\/10\/city-gce41cabfa_1280.jpg\" \/>\n\t<meta property=\"og:image:width\" content=\"1280\" \/>\n\t<meta property=\"og:image:height\" content=\"960\" \/>\n\t<meta property=\"og:image:type\" content=\"image\/jpeg\" \/>\n<meta name=\"twitter:card\" content=\"summary_large_image\" \/>\n<meta name=\"twitter:site\" content=\"@sunoresearch\" \/>\n<meta name=\"twitter:label1\" content=\"Est. tempo de leitura\" \/>\n\t<meta name=\"twitter:data1\" content=\"5 minutos\" \/>\n<script type=\"application\/ld+json\" class=\"yoast-schema-graph\">{\"@context\":\"https:\/\/schema.org\",\"@graph\":[{\"@type\":\"Article\",\"@id\":\"https:\/\/www.suno.com.br\/noticias\/colunas\/vitor-nery-fagnani\/impacto-desinflacao-fundos-imobiliarios-papel\/#article\",\"isPartOf\":{\"@id\":\"https:\/\/www.suno.com.br\/noticias\/colunas\/vitor-nery-fagnani\/impacto-desinflacao-fundos-imobiliarios-papel\/\"},\"author\":{\"name\":\"Vitor Nery Fagnani\",\"@id\":\"https:\/\/www.suno.com.br\/noticias\/#\/schema\/person\/d84519ae7b909a3971972c9d32b9fff7\"},\"headline\":\"O impacto da desinfla\u00e7\u00e3o nos fundos imobili\u00e1rios de papel e como isso afeta nossas decis\u00f5es\",\"datePublished\":\"2022-11-25T11:00:35+00:00\",\"mainEntityOfPage\":{\"@id\":\"https:\/\/www.suno.com.br\/noticias\/colunas\/vitor-nery-fagnani\/impacto-desinflacao-fundos-imobiliarios-papel\/\"},\"wordCount\":899,\"publisher\":{\"@id\":\"https:\/\/www.suno.com.br\/noticias\/#organization\"},\"image\":{\"@id\":\"https:\/\/www.suno.com.br\/noticias\/colunas\/vitor-nery-fagnani\/impacto-desinflacao-fundos-imobiliarios-papel\/#primaryimage\"},\"thumbnailUrl\":\"https:\/\/files.sunoresearch.com.br\/n\/uploads\/2022\/10\/city-gce41cabfa_1280.jpg\",\"keywords\":[\"Fundos Imobili\u00e1rios (FIIs)\"],\"inLanguage\":\"pt-BR\"},{\"@type\":\"WebPage\",\"@id\":\"https:\/\/www.suno.com.br\/noticias\/colunas\/vitor-nery-fagnani\/impacto-desinflacao-fundos-imobiliarios-papel\/\",\"url\":\"https:\/\/www.suno.com.br\/noticias\/colunas\/vitor-nery-fagnani\/impacto-desinflacao-fundos-imobiliarios-papel\/\",\"name\":\"O impacto da desinfla\u00e7\u00e3o nos fundos imobili\u00e1rios de papel e como isso afeta nossas decis\u00f5es - Suno Not\u00edcias\",\"isPartOf\":{\"@id\":\"https:\/\/www.suno.com.br\/noticias\/#website\"},\"primaryImageOfPage\":{\"@id\":\"https:\/\/www.suno.com.br\/noticias\/colunas\/vitor-nery-fagnani\/impacto-desinflacao-fundos-imobiliarios-papel\/#primaryimage\"},\"image\":{\"@id\":\"https:\/\/www.suno.com.br\/noticias\/colunas\/vitor-nery-fagnani\/impacto-desinflacao-fundos-imobiliarios-papel\/#primaryimage\"},\"thumbnailUrl\":\"https:\/\/files.sunoresearch.com.br\/n\/uploads\/2022\/10\/city-gce41cabfa_1280.jpg\",\"datePublished\":\"2022-11-25T11:00:35+00:00\",\"description\":\"Enquanto o Banco Central comemora\u00a0 os efeitos de redu\u00e7\u00e3o da infla\u00e7\u00e3o, os cotistas dos fundos ficaram tristes com a diminui\u00e7\u00e3o dos dividendos\",\"breadcrumb\":{\"@id\":\"https:\/\/www.suno.com.br\/noticias\/colunas\/vitor-nery-fagnani\/impacto-desinflacao-fundos-imobiliarios-papel\/#breadcrumb\"},\"inLanguage\":\"pt-BR\",\"potentialAction\":[{\"@type\":\"ReadAction\",\"target\":[\"https:\/\/www.suno.com.br\/noticias\/colunas\/vitor-nery-fagnani\/impacto-desinflacao-fundos-imobiliarios-papel\/\"]}]},{\"@type\":\"ImageObject\",\"inLanguage\":\"pt-BR\",\"@id\":\"https:\/\/www.suno.com.br\/noticias\/colunas\/vitor-nery-fagnani\/impacto-desinflacao-fundos-imobiliarios-papel\/#primaryimage\",\"url\":\"https:\/\/files.sunoresearch.com.br\/n\/uploads\/2022\/10\/city-gce41cabfa_1280.jpg\",\"contentUrl\":\"https:\/\/files.sunoresearch.com.br\/n\/uploads\/2022\/10\/city-gce41cabfa_1280.jpg\",\"width\":1280,\"height\":960,\"caption\":\"Fundos imobili\u00e1rios - Foto: Pixabay\"},{\"@type\":\"BreadcrumbList\",\"@id\":\"https:\/\/www.suno.com.br\/noticias\/colunas\/vitor-nery-fagnani\/impacto-desinflacao-fundos-imobiliarios-papel\/#breadcrumb\",\"itemListElement\":[{\"@type\":\"ListItem\",\"position\":1,\"name\":\"Not\u00edcias\",\"item\":\"https:\/\/www.suno.com.br\/noticias\/\"},{\"@type\":\"ListItem\",\"position\":2,\"name\":\"Colunas\",\"item\":\"https:\/\/www.suno.com.br\/noticias\/colunas\/\"},{\"@type\":\"ListItem\",\"position\":3,\"name\":\"O impacto da desinfla\u00e7\u00e3o nos fundos imobili\u00e1rios de papel e como isso afeta nossas decis\u00f5es\"}]},{\"@type\":\"WebSite\",\"@id\":\"https:\/\/www.suno.com.br\/noticias\/#website\",\"url\":\"https:\/\/www.suno.com.br\/noticias\/\",\"name\":\"Suno Not\u00edcias\",\"description\":\"Seu portal de informa\u00e7\u00e3o sobre o mundo dos investimentos\",\"publisher\":{\"@id\":\"https:\/\/www.suno.com.br\/noticias\/#organization\"},\"potentialAction\":[{\"@type\":\"SearchAction\",\"target\":{\"@type\":\"EntryPoint\",\"urlTemplate\":\"https:\/\/www.suno.com.br\/noticias\/?s={search_term_string}\"},\"query-input\":{\"@type\":\"PropertyValueSpecification\",\"valueRequired\":true,\"valueName\":\"search_term_string\"}}],\"inLanguage\":\"pt-BR\"},{\"@type\":\"Organization\",\"@id\":\"https:\/\/www.suno.com.br\/noticias\/#organization\",\"name\":\"Suno Not\u00edcias\",\"url\":\"https:\/\/www.suno.com.br\/noticias\/\",\"logo\":{\"@type\":\"ImageObject\",\"inLanguage\":\"pt-BR\",\"@id\":\"https:\/\/www.suno.com.br\/noticias\/#\/schema\/logo\/image\/\",\"url\":\"https:\/\/files.sunoresearch.com.br\/n\/uploads\/2021\/09\/suno-logo.png\",\"contentUrl\":\"https:\/\/files.sunoresearch.com.br\/n\/uploads\/2021\/09\/suno-logo.png\",\"width\":180,\"height\":180,\"caption\":\"Suno Not\u00edcias\"},\"image\":{\"@id\":\"https:\/\/www.suno.com.br\/noticias\/#\/schema\/logo\/image\/\"},\"sameAs\":[\"https:\/\/facebook.com\/sunoresearch\",\"https:\/\/x.com\/sunoresearch\",\"https:\/\/www.instagram.com\/suno\",\"https:\/\/www.linkedin.com\/company\/suno-research\/\",\"https:\/\/www.youtube.com\/c\/sunoresearch\"]},{\"@type\":\"Person\",\"@id\":\"https:\/\/www.suno.com.br\/noticias\/#\/schema\/person\/d84519ae7b909a3971972c9d32b9fff7\",\"name\":\"Vitor Nery Fagnani\",\"image\":{\"@type\":\"ImageObject\",\"inLanguage\":\"pt-BR\",\"@id\":\"https:\/\/www.suno.com.br\/noticias\/#\/schema\/person\/image\/\",\"url\":\"https:\/\/secure.gravatar.com\/avatar\/2911b1cdedfc0c88e21857cca98837cc?s=96&r=g\",\"contentUrl\":\"https:\/\/secure.gravatar.com\/avatar\/2911b1cdedfc0c88e21857cca98837cc?s=96&r=g\",\"caption\":\"Vitor Nery Fagnani\"},\"description\":\"\u00c9 analista Pleno de fundos Listados e Renda Fixa. Certifica\u00e7\u00f5es CGA e Ancord\",\"url\":\"https:\/\/www.suno.com.br\/noticias\/author\/vitor-nery-fagnani\/\"}]}<\/script>\n<!-- \/ Yoast SEO plugin. -->","yoast_head_json":{"title":"O impacto da desinfla\u00e7\u00e3o nos fundos imobili\u00e1rios de papel e como isso afeta nossas decis\u00f5es - Suno Not\u00edcias","description":"Enquanto o Banco Central comemora\u00a0 os efeitos de redu\u00e7\u00e3o da infla\u00e7\u00e3o, os cotistas dos fundos ficaram tristes com a diminui\u00e7\u00e3o dos dividendos","robots":{"index":"index","follow":"follow","max-snippet":"max-snippet:-1","max-image-preview":"max-image-preview:large","max-video-preview":"max-video-preview:-1"},"canonical":"https:\/\/www.suno.com.br\/noticias\/colunas\/vitor-nery-fagnani\/impacto-desinflacao-fundos-imobiliarios-papel\/","og_locale":"pt_BR","og_type":"article","og_title":"O impacto da desinfla\u00e7\u00e3o nos fundos imobili\u00e1rios de papel e como isso afeta nossas decis\u00f5es - Suno Not\u00edcias","og_description":"Enquanto o Banco Central comemora\u00a0 os efeitos de redu\u00e7\u00e3o da infla\u00e7\u00e3o, os cotistas dos fundos ficaram tristes com a diminui\u00e7\u00e3o dos dividendos","og_url":"https:\/\/www.suno.com.br\/noticias\/colunas\/vitor-nery-fagnani\/impacto-desinflacao-fundos-imobiliarios-papel\/","og_site_name":"Suno Not\u00edcias","article_publisher":"https:\/\/facebook.com\/sunoresearch","og_image":[{"width":1280,"height":960,"url":"https:\/\/files.sunoresearch.com.br\/n\/uploads\/2022\/10\/city-gce41cabfa_1280.jpg","type":"image\/jpeg"}],"twitter_card":"summary_large_image","twitter_site":"@sunoresearch","twitter_misc":{"Est. tempo de leitura":"5 minutos"},"schema":{"@context":"https:\/\/schema.org","@graph":[{"@type":"Article","@id":"https:\/\/www.suno.com.br\/noticias\/colunas\/vitor-nery-fagnani\/impacto-desinflacao-fundos-imobiliarios-papel\/#article","isPartOf":{"@id":"https:\/\/www.suno.com.br\/noticias\/colunas\/vitor-nery-fagnani\/impacto-desinflacao-fundos-imobiliarios-papel\/"},"author":{"name":"Vitor Nery Fagnani","@id":"https:\/\/www.suno.com.br\/noticias\/#\/schema\/person\/d84519ae7b909a3971972c9d32b9fff7"},"headline":"O impacto da desinfla\u00e7\u00e3o nos fundos imobili\u00e1rios de papel e como isso afeta nossas decis\u00f5es","datePublished":"2022-11-25T11:00:35+00:00","mainEntityOfPage":{"@id":"https:\/\/www.suno.com.br\/noticias\/colunas\/vitor-nery-fagnani\/impacto-desinflacao-fundos-imobiliarios-papel\/"},"wordCount":899,"publisher":{"@id":"https:\/\/www.suno.com.br\/noticias\/#organization"},"image":{"@id":"https:\/\/www.suno.com.br\/noticias\/colunas\/vitor-nery-fagnani\/impacto-desinflacao-fundos-imobiliarios-papel\/#primaryimage"},"thumbnailUrl":"https:\/\/files.sunoresearch.com.br\/n\/uploads\/2022\/10\/city-gce41cabfa_1280.jpg","keywords":["Fundos Imobili\u00e1rios (FIIs)"],"inLanguage":"pt-BR"},{"@type":"WebPage","@id":"https:\/\/www.suno.com.br\/noticias\/colunas\/vitor-nery-fagnani\/impacto-desinflacao-fundos-imobiliarios-papel\/","url":"https:\/\/www.suno.com.br\/noticias\/colunas\/vitor-nery-fagnani\/impacto-desinflacao-fundos-imobiliarios-papel\/","name":"O impacto da desinfla\u00e7\u00e3o nos fundos imobili\u00e1rios de papel e como isso afeta nossas decis\u00f5es - Suno Not\u00edcias","isPartOf":{"@id":"https:\/\/www.suno.com.br\/noticias\/#website"},"primaryImageOfPage":{"@id":"https:\/\/www.suno.com.br\/noticias\/colunas\/vitor-nery-fagnani\/impacto-desinflacao-fundos-imobiliarios-papel\/#primaryimage"},"image":{"@id":"https:\/\/www.suno.com.br\/noticias\/colunas\/vitor-nery-fagnani\/impacto-desinflacao-fundos-imobiliarios-papel\/#primaryimage"},"thumbnailUrl":"https:\/\/files.sunoresearch.com.br\/n\/uploads\/2022\/10\/city-gce41cabfa_1280.jpg","datePublished":"2022-11-25T11:00:35+00:00","description":"Enquanto o Banco Central comemora\u00a0 os efeitos de redu\u00e7\u00e3o da infla\u00e7\u00e3o, os cotistas dos fundos ficaram tristes com a diminui\u00e7\u00e3o dos dividendos","breadcrumb":{"@id":"https:\/\/www.suno.com.br\/noticias\/colunas\/vitor-nery-fagnani\/impacto-desinflacao-fundos-imobiliarios-papel\/#breadcrumb"},"inLanguage":"pt-BR","potentialAction":[{"@type":"ReadAction","target":["https:\/\/www.suno.com.br\/noticias\/colunas\/vitor-nery-fagnani\/impacto-desinflacao-fundos-imobiliarios-papel\/"]}]},{"@type":"ImageObject","inLanguage":"pt-BR","@id":"https:\/\/www.suno.com.br\/noticias\/colunas\/vitor-nery-fagnani\/impacto-desinflacao-fundos-imobiliarios-papel\/#primaryimage","url":"https:\/\/files.sunoresearch.com.br\/n\/uploads\/2022\/10\/city-gce41cabfa_1280.jpg","contentUrl":"https:\/\/files.sunoresearch.com.br\/n\/uploads\/2022\/10\/city-gce41cabfa_1280.jpg","width":1280,"height":960,"caption":"Fundos imobili\u00e1rios - Foto: Pixabay"},{"@type":"BreadcrumbList","@id":"https:\/\/www.suno.com.br\/noticias\/colunas\/vitor-nery-fagnani\/impacto-desinflacao-fundos-imobiliarios-papel\/#breadcrumb","itemListElement":[{"@type":"ListItem","position":1,"name":"Not\u00edcias","item":"https:\/\/www.suno.com.br\/noticias\/"},{"@type":"ListItem","position":2,"name":"Colunas","item":"https:\/\/www.suno.com.br\/noticias\/colunas\/"},{"@type":"ListItem","position":3,"name":"O impacto da desinfla\u00e7\u00e3o nos fundos imobili\u00e1rios de papel e como isso afeta nossas decis\u00f5es"}]},{"@type":"WebSite","@id":"https:\/\/www.suno.com.br\/noticias\/#website","url":"https:\/\/www.suno.com.br\/noticias\/","name":"Suno Not\u00edcias","description":"Seu portal de informa\u00e7\u00e3o sobre o mundo dos investimentos","publisher":{"@id":"https:\/\/www.suno.com.br\/noticias\/#organization"},"potentialAction":[{"@type":"SearchAction","target":{"@type":"EntryPoint","urlTemplate":"https:\/\/www.suno.com.br\/noticias\/?s={search_term_string}"},"query-input":{"@type":"PropertyValueSpecification","valueRequired":true,"valueName":"search_term_string"}}],"inLanguage":"pt-BR"},{"@type":"Organization","@id":"https:\/\/www.suno.com.br\/noticias\/#organization","name":"Suno Not\u00edcias","url":"https:\/\/www.suno.com.br\/noticias\/","logo":{"@type":"ImageObject","inLanguage":"pt-BR","@id":"https:\/\/www.suno.com.br\/noticias\/#\/schema\/logo\/image\/","url":"https:\/\/files.sunoresearch.com.br\/n\/uploads\/2021\/09\/suno-logo.png","contentUrl":"https:\/\/files.sunoresearch.com.br\/n\/uploads\/2021\/09\/suno-logo.png","width":180,"height":180,"caption":"Suno Not\u00edcias"},"image":{"@id":"https:\/\/www.suno.com.br\/noticias\/#\/schema\/logo\/image\/"},"sameAs":["https:\/\/facebook.com\/sunoresearch","https:\/\/x.com\/sunoresearch","https:\/\/www.instagram.com\/suno","https:\/\/www.linkedin.com\/company\/suno-research\/","https:\/\/www.youtube.com\/c\/sunoresearch"]},{"@type":"Person","@id":"https:\/\/www.suno.com.br\/noticias\/#\/schema\/person\/d84519ae7b909a3971972c9d32b9fff7","name":"Vitor Nery Fagnani","image":{"@type":"ImageObject","inLanguage":"pt-BR","@id":"https:\/\/www.suno.com.br\/noticias\/#\/schema\/person\/image\/","url":"https:\/\/secure.gravatar.com\/avatar\/2911b1cdedfc0c88e21857cca98837cc?s=96&r=g","contentUrl":"https:\/\/secure.gravatar.com\/avatar\/2911b1cdedfc0c88e21857cca98837cc?s=96&r=g","caption":"Vitor Nery Fagnani"},"description":"\u00c9 analista Pleno de fundos Listados e Renda Fixa. Certifica\u00e7\u00f5es CGA e Ancord","url":"https:\/\/www.suno.com.br\/noticias\/author\/vitor-nery-fagnani\/"}]}},"amp_enabled":true,"_links":{"self":[{"href":"https:\/\/www.suno.com.br\/noticias\/wp-json\/wp\/v2\/suno_column\/323202"}],"collection":[{"href":"https:\/\/www.suno.com.br\/noticias\/wp-json\/wp\/v2\/suno_column"}],"about":[{"href":"https:\/\/www.suno.com.br\/noticias\/wp-json\/wp\/v2\/types\/suno_column"}],"author":[{"embeddable":true,"href":"https:\/\/www.suno.com.br\/noticias\/wp-json\/wp\/v2\/users\/237"}],"wp:featuredmedia":[{"embeddable":true,"href":"https:\/\/www.suno.com.br\/noticias\/wp-json\/wp\/v2\/media\/304443"}],"wp:attachment":[{"href":"https:\/\/www.suno.com.br\/noticias\/wp-json\/wp\/v2\/media?parent=323202"}],"wp:term":[{"taxonomy":"post_tag","embeddable":true,"href":"https:\/\/www.suno.com.br\/noticias\/wp-json\/wp\/v2\/tags?post=323202"}],"curies":[{"name":"wp","href":"https:\/\/api.w.org\/{rel}","templated":true}]}}