{"id":319557,"date":"2022-11-17T08:00:29","date_gmt":"2022-11-17T11:00:29","guid":{"rendered":"https:\/\/www.suno.com.br\/noticias\/colunas\/marco-lopes\/\/"},"modified":"2022-11-16T23:22:42","modified_gmt":"2022-11-17T02:22:42","slug":"por-que-as-pmes-precisam-de-ajuda-para-crescer-no-brasil","status":"publish","type":"suno_column","link":"https:\/\/www.suno.com.br\/noticias\/colunas\/daniel-benevides\/por-que-as-pmes-precisam-de-ajuda-para-crescer-no-brasil\/","title":{"rendered":"Por que as PMEs precisam de ajuda para crescer no Brasil?"},"content":{"rendered":"<p>O cen\u00e1rio econ\u00f4mico brasileiro atual tem sido um ambiente desafiador para as pequenas e m\u00e9dias empresas (<strong>PMEs<\/strong>). Taxa de juros do pa\u00eds na casa dos 13,75%, segundo o BC, infla\u00e7\u00e3o acumulada em 12 meses em cerca de 7%, de acordo com o <strong>IBGE<\/strong>, e proje\u00e7\u00e3o t\u00edmida para o PIB em 2023, de 0,59%, conforme dados do Boletim Focus. \u00c9. Esse quadro reflete em custos maiores para o caixa dos empreendedores que, por vezes, se encontram com capital escasso e despreparados para poss\u00edveis tempestades \u00e0 frente. \u00c9 nesse mar que essas empresas, que est\u00e3o em busca de crescimento, est\u00e3o navegando.<\/p>\n\t<p>\n\t\t<a href=\"https:\/\/lp.suno.com.br\/planilha-controle-gastos\/\" target=\"_blank\" data-element=\"shortcode-suno-banner\" title=\"Banner SUNO, clique e saiba mais\">\n\t\t\t<picture>\n\t\t\t\t<source media=\"(max-width: 500px)\" srcset=\"https:\/\/files.sunoresearch.com.br\/n\/uploads\/2023\/03\/400x300-Planilha-controle-de-gastos.png\">\n\t\t\t\t<img class=\"newsContent__article__imgCapa newsContent__article__imgCapa--banner\"\n\t\t\t\t\tsrc=\"https:\/\/files.sunoresearch.com.br\/n\/uploads\/2023\/03\/1420x240-Planilha-controle-de-gastos.png\"\n\t\t\t\t\tdata-promo-id=\"311945\"\t\t\t\t\t\t\t\t\t\twidth='1420' height='240'\t\t\t\t\talt=\"https:\/\/files.sunoresearch.com.br\/n\/uploads\/2023\/03\/1420x240-Planilha-controle-de-gastos.png\"\n\t\t\t\t>\n\t\t\t<\/picture>\n\t\t<\/a>\n\t<\/p>\n\n\n<p>A necessidade de nadar contra a mar\u00e9 e alavancar o neg\u00f3cio em \u00e1guas bravas faz com que muitas PMEs acabem deixando de lado o cuidado com suas finan\u00e7as, o que \u00e9 bastante preocupante. Prova disso \u00e9 o resultado mais recente do Indicador de Inadimpl\u00eancia das Empresas da <strong>Serasa Experian<\/strong>, que revelou a exist\u00eancia de 6,3 milh\u00f5es de empresas com o nome no vermelho no m\u00eas passado. No montante total, o levantamento ainda mostrou que elas acumulam 44,6 milh\u00f5es de d\u00edvidas negativadas, que, em valor, representam R$ 105,2 bilh\u00f5es somente no per\u00edodo. \u00c9 um n\u00famero significativo.<\/p>\n<p>E essa falta de cuidado com a gest\u00e3o financeira muitas vezes custa a vida da PME. Em uma pesquisa feita pelo IBGE, 48% dessas companhias n\u00e3o conseguem seguir operando por mais de tr\u00eas anos por causa da falta de controle financeiro e acabam baixando as portas.<\/p>\n<p>Na contram\u00e3o, gra\u00e7as aos avan\u00e7os tecnol\u00f3gicos e a digitaliza\u00e7\u00e3o, as PMEs hoje podem contar com empresas parceiras que se dedicam a oferecer solu\u00e7\u00f5es para facilitar a vida de quem est\u00e1 \u00e0 frente da tarefa de zelar pela manuten\u00e7\u00e3o da sa\u00fade financeira do caixa, minimizando riscos para a opera\u00e7\u00e3o.<\/p>\n\t<p>\n\t\t<a href=\"https:\/\/lp.suno.com.br\/ebook-como-analisar-uma-acao\/\" target=\"_blank\" data-element=\"shortcode-suno-banner\" title=\"Banner SUNO, clique e saiba mais\">\n\t\t\t<picture>\n\t\t\t\t<source media=\"(max-width: 500px)\" srcset=\"https:\/\/files.sunoresearch.com.br\/n\/uploads\/2023\/03\/Ebook-Acoes-Mobile.jpg\">\n\t\t\t\t<img class=\"newsContent__article__imgCapa newsContent__article__imgCapa--banner\"\n\t\t\t\t\tsrc=\"https:\/\/files.sunoresearch.com.br\/n\/uploads\/2023\/03\/Ebook-Acoes-Desktop.jpg\"\n\t\t\t\t\tdata-promo-id=\"311946\"\t\t\t\t\t\t\t\t\t\twidth='1420' height='286'\t\t\t\t\talt=\"https:\/\/files.sunoresearch.com.br\/n\/uploads\/2023\/03\/Ebook-Acoes-Desktop.jpg\"\n\t\t\t\t>\n\t\t\t<\/picture>\n\t\t<\/a>\n\t<\/p>\n\n\n<p>Nesse quesito, os <strong>bancos digitais<\/strong> largaram na frente para atender essa demanda por melhor gest\u00e3o financeira, t\u00e3o relegada pelas institui\u00e7\u00f5es financeiras tradicionais. Nos \u00faltimos dois anos temos visto avan\u00e7os importantes rumo a uma vis\u00e3o integrada entre produtos financeiros e solu\u00e7\u00f5es para gerir o dia a dia do caixa dessas pequenas e m\u00e9dias empresas.<\/p>\n<p>Desde sua cria\u00e7\u00e3o, o Linker tem como foco atender \u00e0s necessidades desse p\u00fablico, entendendo as caracter\u00edsticas de cada fase de seu crescimento. A fintech, que j\u00e1 oferece conta digital, cart\u00f5es corporativos, nota fiscal e uma gama de solu\u00e7\u00f5es voltadas \u00e0 gest\u00e3o financeira, agora traz uma nova proposta com Cashback de 0,5% e consultorias estrat\u00e9gicas para PMEs de alto crescimento.<\/p>\n<p>O novo plano Ultra vem para refor\u00e7ar o conceito do &#8220;beyond banking&#8221; no Brasil, uma nova experi\u00eancia que j\u00e1 \u00e9 reconhecida no exterior, na qual os clientes enxergam valor na personaliza\u00e7\u00e3o dos servi\u00e7os oferecidos, que v\u00e3o al\u00e9m das op\u00e7\u00f5es encontradas nas institui\u00e7\u00f5es tradicionais. Nesse produto o cliente tem acesso ao atendimento com um executivo de conta, que est\u00e1 \u00e0 disposi\u00e7\u00e3o para sanar todas as suas d\u00favidas sobre os servi\u00e7os. De quebra, participa de consultorias de neg\u00f3cios e marketing digital com especialistas parceiros do banco para ajudar a alavancar o neg\u00f3cio.<\/p>\n<p>O plano Ultra inclui todos os itens que j\u00e1 turbinam as demais assinaturas do Linker como Pix, TED boletos gratuitos, Cart\u00f5es adicionais, <strong>Open Finance<\/strong>, emiss\u00e3o de nota fiscal e a possibilidade de criar perfis de acesso \u00e0 conta para o financeiro e contador da empresa. Uma mar\u00e9 agitada requer mais aten\u00e7\u00e3o para se navegar, mas acreditamos que h\u00e1 um oceano de oportunidades para os empreendedores que se preparam para isso. O Linker se disp\u00f5e a ser a ferramenta que ajudar\u00e1 a sua empresa a ter mais efici\u00eancia na gest\u00e3o financeira e atingir os objetivos no horizonte.<\/p>\n\t<p>\n\t\t<a href=\"https:\/\/lp.suno.com.br\/ebook-investindo-em-fiis\/\" target=\"_blank\" data-element=\"shortcode-suno-banner\" title=\"Banner SUNO, clique e saiba mais\">\n\t\t\t<picture>\n\t\t\t\t<source media=\"(max-width: 500px)\" srcset=\"https:\/\/files.sunoresearch.com.br\/n\/uploads\/2023\/03\/Ebook-Fundos-Imobiliarios-Mobile-1.jpg\">\n\t\t\t\t<img class=\"newsContent__article__imgCapa newsContent__article__imgCapa--banner\"\n\t\t\t\t\tsrc=\"https:\/\/files.sunoresearch.com.br\/n\/uploads\/2023\/03\/Ebook-Fundos-Imobiliarios-Desktop-1.jpg\"\n\t\t\t\t\tdata-promo-id=\"313843\"\t\t\t\t\t\t\t\t\t\twidth='1420' height='286'\t\t\t\t\talt=\"https:\/\/files.sunoresearch.com.br\/n\/uploads\/2023\/03\/Ebook-Fundos-Imobiliarios-Desktop-1.jpg\"\n\t\t\t\t>\n\t\t\t<\/picture>\n\t\t<\/a>\n\t<\/p>\n\n\n","protected":false},"excerpt":{"rendered":"<p>O cen\u00e1rio econ\u00f4mico brasileiro atual tem sido um ambiente desafiador para as pequenas e m\u00e9dias empresas (PMEs). Taxa de juros do pa\u00eds na casa dos 13,75%, segundo o BC,&#8230;<\/p>\n","protected":false},"author":231,"featured_media":0,"template":"","tags":[106297],"class_list":["post-319557","suno_column","type-suno_column","status-publish","hentry","tag-pequenas-e-medias-empresas-pmes"],"yoast_head":"<!-- This site is optimized with the Yoast SEO plugin v24.4 - https:\/\/yoast.com\/wordpress\/plugins\/seo\/ -->\n<title>Por que as PMEs precisam de ajuda para crescer no Brasil? - Suno Not\u00edcias<\/title>\n<meta name=\"description\" content=\"Segundo o IBGE, 48% dessas companhias n\u00e3o conseguem seguir operando por mais de tr\u00eas anos e acabam baixando as portas\" \/>\n<meta name=\"robots\" content=\"index, follow, max-snippet:-1, max-image-preview:large, max-video-preview:-1\" \/>\n<link rel=\"canonical\" href=\"https:\/\/www.suno.com.br\/noticias\/colunas\/daniel-benevides\/por-que-as-pmes-precisam-de-ajuda-para-crescer-no-brasil\/\" \/>\n<meta property=\"og:locale\" content=\"pt_BR\" \/>\n<meta property=\"og:type\" content=\"article\" \/>\n<meta property=\"og:title\" content=\"Por que as PMEs precisam de ajuda para crescer no Brasil? - Suno Not\u00edcias\" \/>\n<meta property=\"og:description\" content=\"Segundo o IBGE, 48% dessas companhias n\u00e3o conseguem seguir operando por mais de tr\u00eas anos e acabam baixando as portas\" \/>\n<meta property=\"og:url\" content=\"https:\/\/www.suno.com.br\/noticias\/colunas\/daniel-benevides\/por-que-as-pmes-precisam-de-ajuda-para-crescer-no-brasil\/\" \/>\n<meta property=\"og:site_name\" content=\"Suno Not\u00edcias\" \/>\n<meta property=\"article:publisher\" content=\"https:\/\/facebook.com\/sunoresearch\" \/>\n<meta property=\"og:image\" content=\"https:\/\/files.sunoresearch.com.br\/n\/uploads\/2022\/06\/Modelo2.jpg\" \/>\n\t<meta property=\"og:image:width\" content=\"1200\" \/>\n\t<meta property=\"og:image:height\" content=\"627\" \/>\n\t<meta property=\"og:image:type\" content=\"image\/jpeg\" \/>\n<meta name=\"twitter:card\" content=\"summary_large_image\" \/>\n<meta name=\"twitter:site\" content=\"@sunoresearch\" \/>\n<meta name=\"twitter:label1\" content=\"Est. tempo de leitura\" \/>\n\t<meta name=\"twitter:data1\" content=\"4 minutos\" \/>\n<script type=\"application\/ld+json\" class=\"yoast-schema-graph\">{\"@context\":\"https:\/\/schema.org\",\"@graph\":[{\"@type\":\"Article\",\"@id\":\"https:\/\/www.suno.com.br\/noticias\/colunas\/daniel-benevides\/por-que-as-pmes-precisam-de-ajuda-para-crescer-no-brasil\/#article\",\"isPartOf\":{\"@id\":\"https:\/\/www.suno.com.br\/noticias\/colunas\/daniel-benevides\/por-que-as-pmes-precisam-de-ajuda-para-crescer-no-brasil\/\"},\"author\":{\"name\":\"Daniel Benevides\",\"@id\":\"https:\/\/www.suno.com.br\/noticias\/#\/schema\/person\/cb8cc8468897b848134a12b4a87daed9\"},\"headline\":\"Por que as PMEs precisam de ajuda para crescer no Brasil?\",\"datePublished\":\"2022-11-17T11:00:29+00:00\",\"mainEntityOfPage\":{\"@id\":\"https:\/\/www.suno.com.br\/noticias\/colunas\/daniel-benevides\/por-que-as-pmes-precisam-de-ajuda-para-crescer-no-brasil\/\"},\"wordCount\":651,\"publisher\":{\"@id\":\"https:\/\/www.suno.com.br\/noticias\/#organization\"},\"keywords\":[\"Pequenas e M\u00e9dias Empresas (PMEs)\"],\"inLanguage\":\"pt-BR\"},{\"@type\":\"WebPage\",\"@id\":\"https:\/\/www.suno.com.br\/noticias\/colunas\/daniel-benevides\/por-que-as-pmes-precisam-de-ajuda-para-crescer-no-brasil\/\",\"url\":\"https:\/\/www.suno.com.br\/noticias\/colunas\/daniel-benevides\/por-que-as-pmes-precisam-de-ajuda-para-crescer-no-brasil\/\",\"name\":\"Por que as PMEs precisam de ajuda para crescer no Brasil? - Suno Not\u00edcias\",\"isPartOf\":{\"@id\":\"https:\/\/www.suno.com.br\/noticias\/#website\"},\"datePublished\":\"2022-11-17T11:00:29+00:00\",\"description\":\"Segundo o IBGE, 48% dessas companhias n\u00e3o conseguem seguir operando por mais de tr\u00eas anos e acabam baixando as portas\",\"breadcrumb\":{\"@id\":\"https:\/\/www.suno.com.br\/noticias\/colunas\/daniel-benevides\/por-que-as-pmes-precisam-de-ajuda-para-crescer-no-brasil\/#breadcrumb\"},\"inLanguage\":\"pt-BR\",\"potentialAction\":[{\"@type\":\"ReadAction\",\"target\":[\"https:\/\/www.suno.com.br\/noticias\/colunas\/daniel-benevides\/por-que-as-pmes-precisam-de-ajuda-para-crescer-no-brasil\/\"]}]},{\"@type\":\"BreadcrumbList\",\"@id\":\"https:\/\/www.suno.com.br\/noticias\/colunas\/daniel-benevides\/por-que-as-pmes-precisam-de-ajuda-para-crescer-no-brasil\/#breadcrumb\",\"itemListElement\":[{\"@type\":\"ListItem\",\"position\":1,\"name\":\"Not\u00edcias\",\"item\":\"https:\/\/www.suno.com.br\/noticias\/\"},{\"@type\":\"ListItem\",\"position\":2,\"name\":\"Colunas\",\"item\":\"https:\/\/www.suno.com.br\/noticias\/colunas\/\"},{\"@type\":\"ListItem\",\"position\":3,\"name\":\"Por que as PMEs precisam de ajuda para crescer no Brasil?\"}]},{\"@type\":\"WebSite\",\"@id\":\"https:\/\/www.suno.com.br\/noticias\/#website\",\"url\":\"https:\/\/www.suno.com.br\/noticias\/\",\"name\":\"Suno Not\u00edcias\",\"description\":\"Seu portal de informa\u00e7\u00e3o sobre o mundo dos investimentos\",\"publisher\":{\"@id\":\"https:\/\/www.suno.com.br\/noticias\/#organization\"},\"potentialAction\":[{\"@type\":\"SearchAction\",\"target\":{\"@type\":\"EntryPoint\",\"urlTemplate\":\"https:\/\/www.suno.com.br\/noticias\/?s={search_term_string}\"},\"query-input\":{\"@type\":\"PropertyValueSpecification\",\"valueRequired\":true,\"valueName\":\"search_term_string\"}}],\"inLanguage\":\"pt-BR\"},{\"@type\":\"Organization\",\"@id\":\"https:\/\/www.suno.com.br\/noticias\/#organization\",\"name\":\"Suno Not\u00edcias\",\"url\":\"https:\/\/www.suno.com.br\/noticias\/\",\"logo\":{\"@type\":\"ImageObject\",\"inLanguage\":\"pt-BR\",\"@id\":\"https:\/\/www.suno.com.br\/noticias\/#\/schema\/logo\/image\/\",\"url\":\"https:\/\/files.sunoresearch.com.br\/n\/uploads\/2021\/09\/suno-logo.png\",\"contentUrl\":\"https:\/\/files.sunoresearch.com.br\/n\/uploads\/2021\/09\/suno-logo.png\",\"width\":180,\"height\":180,\"caption\":\"Suno Not\u00edcias\"},\"image\":{\"@id\":\"https:\/\/www.suno.com.br\/noticias\/#\/schema\/logo\/image\/\"},\"sameAs\":[\"https:\/\/facebook.com\/sunoresearch\",\"https:\/\/x.com\/sunoresearch\",\"https:\/\/www.instagram.com\/suno\",\"https:\/\/www.linkedin.com\/company\/suno-research\/\",\"https:\/\/www.youtube.com\/c\/sunoresearch\"]},{\"@type\":\"Person\",\"@id\":\"https:\/\/www.suno.com.br\/noticias\/#\/schema\/person\/cb8cc8468897b848134a12b4a87daed9\",\"name\":\"Daniel Benevides\",\"image\":{\"@type\":\"ImageObject\",\"inLanguage\":\"pt-BR\",\"@id\":\"https:\/\/www.suno.com.br\/noticias\/#\/schema\/person\/image\/\",\"url\":\"https:\/\/secure.gravatar.com\/avatar\/b53fd2eaaee1794b856e43122bf958b9?s=96&r=g\",\"contentUrl\":\"https:\/\/secure.gravatar.com\/avatar\/b53fd2eaaee1794b856e43122bf958b9?s=96&r=g\",\"caption\":\"Daniel Benevides\"},\"description\":\"Daniel Benevides \u00e9 cofundador e CDO do Linker\",\"url\":\"https:\/\/www.suno.com.br\/noticias\/author\/daniel-benevides\/\"}]}<\/script>\n<!-- \/ Yoast SEO plugin. -->","yoast_head_json":{"title":"Por que as PMEs precisam de ajuda para crescer no Brasil? - Suno Not\u00edcias","description":"Segundo o IBGE, 48% dessas companhias n\u00e3o conseguem seguir operando por mais de tr\u00eas anos e acabam baixando as portas","robots":{"index":"index","follow":"follow","max-snippet":"max-snippet:-1","max-image-preview":"max-image-preview:large","max-video-preview":"max-video-preview:-1"},"canonical":"https:\/\/www.suno.com.br\/noticias\/colunas\/daniel-benevides\/por-que-as-pmes-precisam-de-ajuda-para-crescer-no-brasil\/","og_locale":"pt_BR","og_type":"article","og_title":"Por que as PMEs precisam de ajuda para crescer no Brasil? - Suno Not\u00edcias","og_description":"Segundo o IBGE, 48% dessas companhias n\u00e3o conseguem seguir operando por mais de tr\u00eas anos e acabam baixando as portas","og_url":"https:\/\/www.suno.com.br\/noticias\/colunas\/daniel-benevides\/por-que-as-pmes-precisam-de-ajuda-para-crescer-no-brasil\/","og_site_name":"Suno Not\u00edcias","article_publisher":"https:\/\/facebook.com\/sunoresearch","og_image":[{"width":1200,"height":627,"url":"https:\/\/files.sunoresearch.com.br\/n\/uploads\/2022\/06\/Modelo2.jpg","type":"image\/jpeg"}],"twitter_card":"summary_large_image","twitter_site":"@sunoresearch","twitter_misc":{"Est. tempo de leitura":"4 minutos"},"schema":{"@context":"https:\/\/schema.org","@graph":[{"@type":"Article","@id":"https:\/\/www.suno.com.br\/noticias\/colunas\/daniel-benevides\/por-que-as-pmes-precisam-de-ajuda-para-crescer-no-brasil\/#article","isPartOf":{"@id":"https:\/\/www.suno.com.br\/noticias\/colunas\/daniel-benevides\/por-que-as-pmes-precisam-de-ajuda-para-crescer-no-brasil\/"},"author":{"name":"Daniel Benevides","@id":"https:\/\/www.suno.com.br\/noticias\/#\/schema\/person\/cb8cc8468897b848134a12b4a87daed9"},"headline":"Por que as PMEs precisam de ajuda para crescer no Brasil?","datePublished":"2022-11-17T11:00:29+00:00","mainEntityOfPage":{"@id":"https:\/\/www.suno.com.br\/noticias\/colunas\/daniel-benevides\/por-que-as-pmes-precisam-de-ajuda-para-crescer-no-brasil\/"},"wordCount":651,"publisher":{"@id":"https:\/\/www.suno.com.br\/noticias\/#organization"},"keywords":["Pequenas e M\u00e9dias Empresas (PMEs)"],"inLanguage":"pt-BR"},{"@type":"WebPage","@id":"https:\/\/www.suno.com.br\/noticias\/colunas\/daniel-benevides\/por-que-as-pmes-precisam-de-ajuda-para-crescer-no-brasil\/","url":"https:\/\/www.suno.com.br\/noticias\/colunas\/daniel-benevides\/por-que-as-pmes-precisam-de-ajuda-para-crescer-no-brasil\/","name":"Por que as PMEs precisam de ajuda para crescer no Brasil? - Suno Not\u00edcias","isPartOf":{"@id":"https:\/\/www.suno.com.br\/noticias\/#website"},"datePublished":"2022-11-17T11:00:29+00:00","description":"Segundo o IBGE, 48% dessas companhias n\u00e3o conseguem seguir operando por mais de tr\u00eas anos e acabam baixando as portas","breadcrumb":{"@id":"https:\/\/www.suno.com.br\/noticias\/colunas\/daniel-benevides\/por-que-as-pmes-precisam-de-ajuda-para-crescer-no-brasil\/#breadcrumb"},"inLanguage":"pt-BR","potentialAction":[{"@type":"ReadAction","target":["https:\/\/www.suno.com.br\/noticias\/colunas\/daniel-benevides\/por-que-as-pmes-precisam-de-ajuda-para-crescer-no-brasil\/"]}]},{"@type":"BreadcrumbList","@id":"https:\/\/www.suno.com.br\/noticias\/colunas\/daniel-benevides\/por-que-as-pmes-precisam-de-ajuda-para-crescer-no-brasil\/#breadcrumb","itemListElement":[{"@type":"ListItem","position":1,"name":"Not\u00edcias","item":"https:\/\/www.suno.com.br\/noticias\/"},{"@type":"ListItem","position":2,"name":"Colunas","item":"https:\/\/www.suno.com.br\/noticias\/colunas\/"},{"@type":"ListItem","position":3,"name":"Por que as PMEs precisam de ajuda para crescer no Brasil?"}]},{"@type":"WebSite","@id":"https:\/\/www.suno.com.br\/noticias\/#website","url":"https:\/\/www.suno.com.br\/noticias\/","name":"Suno Not\u00edcias","description":"Seu portal de informa\u00e7\u00e3o sobre o mundo dos investimentos","publisher":{"@id":"https:\/\/www.suno.com.br\/noticias\/#organization"},"potentialAction":[{"@type":"SearchAction","target":{"@type":"EntryPoint","urlTemplate":"https:\/\/www.suno.com.br\/noticias\/?s={search_term_string}"},"query-input":{"@type":"PropertyValueSpecification","valueRequired":true,"valueName":"search_term_string"}}],"inLanguage":"pt-BR"},{"@type":"Organization","@id":"https:\/\/www.suno.com.br\/noticias\/#organization","name":"Suno Not\u00edcias","url":"https:\/\/www.suno.com.br\/noticias\/","logo":{"@type":"ImageObject","inLanguage":"pt-BR","@id":"https:\/\/www.suno.com.br\/noticias\/#\/schema\/logo\/image\/","url":"https:\/\/files.sunoresearch.com.br\/n\/uploads\/2021\/09\/suno-logo.png","contentUrl":"https:\/\/files.sunoresearch.com.br\/n\/uploads\/2021\/09\/suno-logo.png","width":180,"height":180,"caption":"Suno Not\u00edcias"},"image":{"@id":"https:\/\/www.suno.com.br\/noticias\/#\/schema\/logo\/image\/"},"sameAs":["https:\/\/facebook.com\/sunoresearch","https:\/\/x.com\/sunoresearch","https:\/\/www.instagram.com\/suno","https:\/\/www.linkedin.com\/company\/suno-research\/","https:\/\/www.youtube.com\/c\/sunoresearch"]},{"@type":"Person","@id":"https:\/\/www.suno.com.br\/noticias\/#\/schema\/person\/cb8cc8468897b848134a12b4a87daed9","name":"Daniel Benevides","image":{"@type":"ImageObject","inLanguage":"pt-BR","@id":"https:\/\/www.suno.com.br\/noticias\/#\/schema\/person\/image\/","url":"https:\/\/secure.gravatar.com\/avatar\/b53fd2eaaee1794b856e43122bf958b9?s=96&r=g","contentUrl":"https:\/\/secure.gravatar.com\/avatar\/b53fd2eaaee1794b856e43122bf958b9?s=96&r=g","caption":"Daniel Benevides"},"description":"Daniel Benevides \u00e9 cofundador e CDO do Linker","url":"https:\/\/www.suno.com.br\/noticias\/author\/daniel-benevides\/"}]}},"amp_enabled":true,"_links":{"self":[{"href":"https:\/\/www.suno.com.br\/noticias\/wp-json\/wp\/v2\/suno_column\/319557"}],"collection":[{"href":"https:\/\/www.suno.com.br\/noticias\/wp-json\/wp\/v2\/suno_column"}],"about":[{"href":"https:\/\/www.suno.com.br\/noticias\/wp-json\/wp\/v2\/types\/suno_column"}],"author":[{"embeddable":true,"href":"https:\/\/www.suno.com.br\/noticias\/wp-json\/wp\/v2\/users\/231"}],"wp:attachment":[{"href":"https:\/\/www.suno.com.br\/noticias\/wp-json\/wp\/v2\/media?parent=319557"}],"wp:term":[{"taxonomy":"post_tag","embeddable":true,"href":"https:\/\/www.suno.com.br\/noticias\/wp-json\/wp\/v2\/tags?post=319557"}],"curies":[{"name":"wp","href":"https:\/\/api.w.org\/{rel}","templated":true}]}}