{"id":317470,"date":"2022-11-11T08:00:02","date_gmt":"2022-11-11T11:00:02","guid":{"rendered":"https:\/\/www.suno.com.br\/noticias\/colunas\/marco-lopes\/\/"},"modified":"2022-11-11T01:06:41","modified_gmt":"2022-11-11T04:06:41","slug":"novo-presidente-eleito-como-fica-a-tributacao-de-bolsa","status":"publish","type":"suno_column","link":"https:\/\/www.suno.com.br\/noticias\/colunas\/alice-porto\/novo-presidente-eleito-como-fica-a-tributacao-de-bolsa\/","title":{"rendered":"Novo presidente eleito: como fica a tributa\u00e7\u00e3o de Bolsa?"},"content":{"rendered":"<p>O in\u00edcio de novembro foi marcado por uma grande not\u00edcia: temos um novo presidente eleito. Opini\u00f5es particulares \u00e0 parte, \u00e9 sabido que a governan\u00e7a do Lula em 2023 influenciar\u00e1 &#8211; e, na verdade, j\u00e1 tem influenciado -, as <strong>oscila\u00e7\u00f5es da Bolsa<\/strong>.<\/p>\n\t<p>\n\t\t<a href=\"https:\/\/lp.suno.com.br\/planilha-controle-gastos\/\" target=\"_blank\" data-element=\"shortcode-suno-banner\" title=\"Banner SUNO, clique e saiba mais\">\n\t\t\t<picture>\n\t\t\t\t<source media=\"(max-width: 500px)\" srcset=\"https:\/\/files.sunoresearch.com.br\/n\/uploads\/2023\/03\/400x300-Planilha-controle-de-gastos.png\">\n\t\t\t\t<img class=\"newsContent__article__imgCapa newsContent__article__imgCapa--banner\"\n\t\t\t\t\tsrc=\"https:\/\/files.sunoresearch.com.br\/n\/uploads\/2023\/03\/1420x240-Planilha-controle-de-gastos.png\"\n\t\t\t\t\tdata-promo-id=\"311945\"\t\t\t\t\t\t\t\t\t\twidth='1420' height='240'\t\t\t\t\talt=\"https:\/\/files.sunoresearch.com.br\/n\/uploads\/2023\/03\/1420x240-Planilha-controle-de-gastos.png\"\n\t\t\t\t>\n\t\t\t<\/picture>\n\t\t<\/a>\n\t<\/p>\n\n\n<p>A elei\u00e7\u00e3o n\u00e3o define, entretanto, o que voc\u00ea, investidor, far\u00e1 com os pr\u00f3prios ativos. Essa \u00e9 uma decis\u00e3o sua. E a decis\u00e3o que voc\u00ea fizer ter\u00e1 impacto direto nos caminhos da sua <strong>tributa\u00e7\u00e3o de Bolsa<\/strong>. Voc\u00ea pode:<\/p>\n<p>Vender seus ativos. Mant\u00ea-los em carteira.<\/p>\n<p>Ambas as op\u00e7\u00f5es se ramificam em diferentes maneiras de cumprir suas <a class=\"suno-keyword\" href=\"https:\/\/www.suno.com.br\/artigos\/obrigacoes-fiscais\/\" target=\"_blank\" rel=\"noopener\" data-force=\"no\" data-priority=\"1\">obriga\u00e7\u00f5es fiscais<\/a> diante da <strong>Receita Federal<\/strong> e manter seu CPF livre da <strong><a class=\"suno-keyword\" href=\"https:\/\/www.suno.com.br\/artigos\/malha-fina\/\" target=\"_blank\" rel=\"noopener\" data-force=\"no\" data-priority=\"1\">malha fina<\/a><\/strong>. A verdade, investidor, \u00e9 que o presidente pode at\u00e9 mudar, mas a Receita continua a mesma.<\/p>\n<p>Em caso de venda de ativos:<\/p>\n<p>Caso voc\u00ea opte pela venda dos seus ativos, por achar que essa ser\u00e1 a estrat\u00e9gia mais vantajosa p\u00f3s elei\u00e7\u00e3o, ter\u00e1 tr\u00eas poss\u00edveis resultados: <a class=\"suno-keyword\" href=\"https:\/\/www.suno.com.br\/artigos\/lucro-tributavel\/\" target=\"_blank\" rel=\"noopener\" data-force=\"no\" data-priority=\"1\">lucro tribut\u00e1vel<\/a>, lucro isento ou preju\u00edzo. Cada um desses resultados possui uma regra diferente:<\/p>\n<p><strong>Lucro tribut\u00e1vel:<\/strong><br \/>\nNesse caso, h\u00e1 <strong>DARF<\/strong> a pagar;<br \/>\nVoc\u00ea deve informar o resultado no menu <strong>Renda Vari\u00e1vel da Declara\u00e7\u00e3o Anual<\/strong>, na aba do m\u00eas em que a venda ocorreu.<\/p>\n<p><strong>Lucro isento:<\/strong><br \/>\nUsufrua do lucro sem imposto. N\u00e3o h\u00e1 necessidade de DARF;<br \/>\nVoc\u00ea deve informar o resultado no menu Rendimentos Isentos e N\u00e3o Tribut\u00e1veis da Declara\u00e7\u00e3o Anual.<\/p>\n<p><strong>Preju\u00edzo:<\/strong><br \/>\nAnote o preju\u00edzo para compensar nos lucros que vai ter no futuro. Nesse caso, tamb\u00e9m n\u00e3o h\u00e1 DARF para pagar;<br \/>\nAssim como no caso do lucro tribut\u00e1vel, voc\u00ea deve informar o resultado de preju\u00edzo no menu Renda Vari\u00e1vel da Declara\u00e7\u00e3o Anual, na aba do m\u00eas em que a venda ocorreu.<\/p>\n<p><strong>Em caso de ativos mantidos em carteira:<\/strong><br \/>\nSe voc\u00ea tem perfil mais conservador e prefere manter seus ativos em carteira, n\u00e3o pense que n\u00e3o h\u00e1 regra de tributa\u00e7\u00e3o para voc\u00ea.<\/p>\n<p>Nesse caso, atente-se ao dia 31\/12\/2022: informe todos os ativos que virarem o ano na sua carteira no menu Bens e Direitos da Declara\u00e7\u00e3o Anual de 2023, pelo custo de aquisi\u00e7\u00e3o.<\/p>\n<p>N\u00e3o se deixe enganar, investidor: independente do presidente eleito, a regra permanece &#8211; investiu R$ 1,00 na Bolsa? Ent\u00e3o tem que entregar a Declara\u00e7\u00e3o Anual.<\/p>\n\t<p>\n\t\t<a href=\"https:\/\/lp.suno.com.br\/ebook-como-analisar-uma-acao\/\" target=\"_blank\" data-element=\"shortcode-suno-banner\" title=\"Banner SUNO, clique e saiba mais\">\n\t\t\t<picture>\n\t\t\t\t<source media=\"(max-width: 500px)\" srcset=\"https:\/\/files.sunoresearch.com.br\/n\/uploads\/2023\/03\/Ebook-Acoes-Mobile.jpg\">\n\t\t\t\t<img class=\"newsContent__article__imgCapa newsContent__article__imgCapa--banner\"\n\t\t\t\t\tsrc=\"https:\/\/files.sunoresearch.com.br\/n\/uploads\/2023\/03\/Ebook-Acoes-Desktop.jpg\"\n\t\t\t\t\tdata-promo-id=\"311946\"\t\t\t\t\t\t\t\t\t\twidth='1420' height='286'\t\t\t\t\talt=\"https:\/\/files.sunoresearch.com.br\/n\/uploads\/2023\/03\/Ebook-Acoes-Desktop.jpg\"\n\t\t\t\t>\n\t\t\t<\/picture>\n\t\t<\/a>\n\t<\/p>\n\n\n<h2>Tributa\u00e7\u00e3o de dividendos p\u00f3s-elei\u00e7\u00e3o<\/h2>\n<p>Caso voc\u00ea esteja se perguntando, o mesmo vale para os <strong>dividendos<\/strong>: quem recebe, deve inform\u00e1-los na Declara\u00e7\u00e3o Anual.<\/p>\n<p>\u00c9 verdade que tanto Bolsonaro quanto Lula, como proposto em suas poss\u00edveis reformas tribut\u00e1rias, j\u00e1 pretendiam tributar os proventos recebidos pelos investidores no decorrer do ano. Segundo o presidente eleito em 2022, \u201ca gente tem que desonerar o sal\u00e1rio para onerar as pessoas mais ricas desse pa\u00eds. Lucros e dividendos t\u00eam que pagar Imposto de Renda\u201d.<\/p>\n<p>Embora haja, sim, a possibilidade de mudan\u00e7as na tributa\u00e7\u00e3o dos dividendos &#8211; e, se houver, pode ficar tranquilo, porque estarei aqui para te explicar tudo -, por enquanto voc\u00ea pode respirar aliviado: eles continuam <strong>isentos de IR<\/strong>.<\/p>\n<p>Voc\u00ea deve se preocupar, portanto, apenas com o seu <strong>IRPF<\/strong>. Quando chegar a \u00e9poca de declarar suas movimenta\u00e7\u00f5es em Bolsa, ganhos de capital e preju\u00edzos, informe seus dividendos recebidos no menu Rendimentos Isentos e N\u00e3o Tribut\u00e1veis da Declara\u00e7\u00e3o.<\/p>\n<p>No final, investidor, quem ocupa a cadeira presidencial do nosso pa\u00eds pode at\u00e9 mudar, mas a Receita Federal permanece un\u00e2nime; e s\u00f3 quem pode livrar o seu CPF dela e da malha fina, \u00e9 a Declara\u00e7\u00e3o Anual.<\/p>\n\t<p>\n\t\t<a href=\"https:\/\/lp.suno.com.br\/ebook-investindo-em-fiis\/\" target=\"_blank\" data-element=\"shortcode-suno-banner\" title=\"Banner SUNO, clique e saiba mais\">\n\t\t\t<picture>\n\t\t\t\t<source media=\"(max-width: 500px)\" srcset=\"https:\/\/files.sunoresearch.com.br\/n\/uploads\/2023\/03\/Ebook-Fundos-Imobiliarios-Mobile-1.jpg\">\n\t\t\t\t<img class=\"newsContent__article__imgCapa newsContent__article__imgCapa--banner\"\n\t\t\t\t\tsrc=\"https:\/\/files.sunoresearch.com.br\/n\/uploads\/2023\/03\/Ebook-Fundos-Imobiliarios-Desktop-1.jpg\"\n\t\t\t\t\tdata-promo-id=\"313843\"\t\t\t\t\t\t\t\t\t\twidth='1420' height='286'\t\t\t\t\talt=\"https:\/\/files.sunoresearch.com.br\/n\/uploads\/2023\/03\/Ebook-Fundos-Imobiliarios-Desktop-1.jpg\"\n\t\t\t\t>\n\t\t\t<\/picture>\n\t\t<\/a>\n\t<\/p>\n\n\n","protected":false},"excerpt":{"rendered":"<p>O in\u00edcio de novembro foi marcado por uma grande not\u00edcia: temos um novo presidente eleito. Opini\u00f5es particulares \u00e0 parte, \u00e9 sabido que a governan\u00e7a do Lula em 2023 infl&#8230;<\/p>\n","protected":false},"author":96,"featured_media":0,"template":"","tags":[704,847],"class_list":["post-317470","suno_column","type-suno_column","status-publish","hentry","tag-impostos","tag-receita-federal"],"yoast_head":"<!-- This site is optimized with the Yoast SEO plugin v24.4 - https:\/\/yoast.com\/wordpress\/plugins\/seo\/ -->\n<title>Novo presidente eleito: como fica a tributa\u00e7\u00e3o de Bolsa? - Suno Not\u00edcias<\/title>\n<meta name=\"description\" content=\"Apesar do impacto que a elei\u00e7\u00e3o de Lula ter\u00e1 sobre a renda vari\u00e1vel, quem decide o que ser\u00e1 feito com seus ativos \u00e9 o investidor.\" \/>\n<meta name=\"robots\" content=\"index, follow, max-snippet:-1, max-image-preview:large, max-video-preview:-1\" \/>\n<link rel=\"canonical\" href=\"https:\/\/www.suno.com.br\/noticias\/colunas\/alice-porto\/novo-presidente-eleito-como-fica-a-tributacao-de-bolsa\/\" \/>\n<meta property=\"og:locale\" content=\"pt_BR\" \/>\n<meta property=\"og:type\" content=\"article\" \/>\n<meta property=\"og:title\" content=\"Novo presidente eleito: como fica a tributa\u00e7\u00e3o de Bolsa? - Suno Not\u00edcias\" \/>\n<meta property=\"og:description\" content=\"Apesar do impacto que a elei\u00e7\u00e3o de Lula ter\u00e1 sobre a renda vari\u00e1vel, quem decide o que ser\u00e1 feito com seus ativos \u00e9 o investidor.\" \/>\n<meta property=\"og:url\" content=\"https:\/\/www.suno.com.br\/noticias\/colunas\/alice-porto\/novo-presidente-eleito-como-fica-a-tributacao-de-bolsa\/\" \/>\n<meta property=\"og:site_name\" content=\"Suno Not\u00edcias\" \/>\n<meta property=\"article:publisher\" content=\"https:\/\/facebook.com\/sunoresearch\" \/>\n<meta property=\"og:image\" content=\"https:\/\/files.sunoresearch.com.br\/n\/uploads\/2022\/06\/Modelo2.jpg\" \/>\n\t<meta property=\"og:image:width\" content=\"1200\" \/>\n\t<meta property=\"og:image:height\" content=\"627\" \/>\n\t<meta property=\"og:image:type\" content=\"image\/jpeg\" \/>\n<meta name=\"twitter:card\" content=\"summary_large_image\" \/>\n<meta name=\"twitter:site\" content=\"@sunoresearch\" \/>\n<meta name=\"twitter:label1\" content=\"Est. tempo de leitura\" \/>\n\t<meta name=\"twitter:data1\" content=\"4 minutos\" \/>\n<script type=\"application\/ld+json\" class=\"yoast-schema-graph\">{\"@context\":\"https:\/\/schema.org\",\"@graph\":[{\"@type\":\"Article\",\"@id\":\"https:\/\/www.suno.com.br\/noticias\/colunas\/alice-porto\/novo-presidente-eleito-como-fica-a-tributacao-de-bolsa\/#article\",\"isPartOf\":{\"@id\":\"https:\/\/www.suno.com.br\/noticias\/colunas\/alice-porto\/novo-presidente-eleito-como-fica-a-tributacao-de-bolsa\/\"},\"author\":{\"name\":\"Alice Porto\",\"@id\":\"https:\/\/www.suno.com.br\/noticias\/#\/schema\/person\/7bace7aa1ad3a4850791903590cccb84\"},\"headline\":\"Novo presidente eleito: como fica a tributa\u00e7\u00e3o de Bolsa?\",\"datePublished\":\"2022-11-11T11:00:02+00:00\",\"mainEntityOfPage\":{\"@id\":\"https:\/\/www.suno.com.br\/noticias\/colunas\/alice-porto\/novo-presidente-eleito-como-fica-a-tributacao-de-bolsa\/\"},\"wordCount\":625,\"publisher\":{\"@id\":\"https:\/\/www.suno.com.br\/noticias\/#organization\"},\"keywords\":[\"impostos\",\"Receita Federal\"],\"inLanguage\":\"pt-BR\"},{\"@type\":\"WebPage\",\"@id\":\"https:\/\/www.suno.com.br\/noticias\/colunas\/alice-porto\/novo-presidente-eleito-como-fica-a-tributacao-de-bolsa\/\",\"url\":\"https:\/\/www.suno.com.br\/noticias\/colunas\/alice-porto\/novo-presidente-eleito-como-fica-a-tributacao-de-bolsa\/\",\"name\":\"Novo presidente eleito: como fica a tributa\u00e7\u00e3o de Bolsa? - Suno Not\u00edcias\",\"isPartOf\":{\"@id\":\"https:\/\/www.suno.com.br\/noticias\/#website\"},\"datePublished\":\"2022-11-11T11:00:02+00:00\",\"description\":\"Apesar do impacto que a elei\u00e7\u00e3o de Lula ter\u00e1 sobre a renda vari\u00e1vel, quem decide o que ser\u00e1 feito com seus ativos \u00e9 o investidor.\",\"breadcrumb\":{\"@id\":\"https:\/\/www.suno.com.br\/noticias\/colunas\/alice-porto\/novo-presidente-eleito-como-fica-a-tributacao-de-bolsa\/#breadcrumb\"},\"inLanguage\":\"pt-BR\",\"potentialAction\":[{\"@type\":\"ReadAction\",\"target\":[\"https:\/\/www.suno.com.br\/noticias\/colunas\/alice-porto\/novo-presidente-eleito-como-fica-a-tributacao-de-bolsa\/\"]}]},{\"@type\":\"BreadcrumbList\",\"@id\":\"https:\/\/www.suno.com.br\/noticias\/colunas\/alice-porto\/novo-presidente-eleito-como-fica-a-tributacao-de-bolsa\/#breadcrumb\",\"itemListElement\":[{\"@type\":\"ListItem\",\"position\":1,\"name\":\"Not\u00edcias\",\"item\":\"https:\/\/www.suno.com.br\/noticias\/\"},{\"@type\":\"ListItem\",\"position\":2,\"name\":\"Colunas\",\"item\":\"https:\/\/www.suno.com.br\/noticias\/colunas\/\"},{\"@type\":\"ListItem\",\"position\":3,\"name\":\"Novo presidente eleito: como fica a tributa\u00e7\u00e3o de Bolsa?\"}]},{\"@type\":\"WebSite\",\"@id\":\"https:\/\/www.suno.com.br\/noticias\/#website\",\"url\":\"https:\/\/www.suno.com.br\/noticias\/\",\"name\":\"Suno Not\u00edcias\",\"description\":\"Seu portal de informa\u00e7\u00e3o sobre o mundo dos investimentos\",\"publisher\":{\"@id\":\"https:\/\/www.suno.com.br\/noticias\/#organization\"},\"potentialAction\":[{\"@type\":\"SearchAction\",\"target\":{\"@type\":\"EntryPoint\",\"urlTemplate\":\"https:\/\/www.suno.com.br\/noticias\/?s={search_term_string}\"},\"query-input\":{\"@type\":\"PropertyValueSpecification\",\"valueRequired\":true,\"valueName\":\"search_term_string\"}}],\"inLanguage\":\"pt-BR\"},{\"@type\":\"Organization\",\"@id\":\"https:\/\/www.suno.com.br\/noticias\/#organization\",\"name\":\"Suno Not\u00edcias\",\"url\":\"https:\/\/www.suno.com.br\/noticias\/\",\"logo\":{\"@type\":\"ImageObject\",\"inLanguage\":\"pt-BR\",\"@id\":\"https:\/\/www.suno.com.br\/noticias\/#\/schema\/logo\/image\/\",\"url\":\"https:\/\/files.sunoresearch.com.br\/n\/uploads\/2021\/09\/suno-logo.png\",\"contentUrl\":\"https:\/\/files.sunoresearch.com.br\/n\/uploads\/2021\/09\/suno-logo.png\",\"width\":180,\"height\":180,\"caption\":\"Suno Not\u00edcias\"},\"image\":{\"@id\":\"https:\/\/www.suno.com.br\/noticias\/#\/schema\/logo\/image\/\"},\"sameAs\":[\"https:\/\/facebook.com\/sunoresearch\",\"https:\/\/x.com\/sunoresearch\",\"https:\/\/www.instagram.com\/suno\",\"https:\/\/www.linkedin.com\/company\/suno-research\/\",\"https:\/\/www.youtube.com\/c\/sunoresearch\"]},{\"@type\":\"Person\",\"@id\":\"https:\/\/www.suno.com.br\/noticias\/#\/schema\/person\/7bace7aa1ad3a4850791903590cccb84\",\"name\":\"Alice Porto\",\"image\":{\"@type\":\"ImageObject\",\"inLanguage\":\"pt-BR\",\"@id\":\"https:\/\/www.suno.com.br\/noticias\/#\/schema\/person\/image\/\",\"url\":\"https:\/\/secure.gravatar.com\/avatar\/ca59176af9d0c3b016a44136d2586050?s=96&r=g\",\"contentUrl\":\"https:\/\/secure.gravatar.com\/avatar\/ca59176af9d0c3b016a44136d2586050?s=96&r=g\",\"caption\":\"Alice Porto\"},\"description\":\"Alice Porto \u00e9 empreendedora com mais de 25 anos de experi\u00eancia multidisciplinar em Gest\u00e3o de Neg\u00f3cios, nos setores de ind\u00fastria, com\u00e9rcio e assessoria tribut\u00e1ria de investimentos de Bolsa, e tamb\u00e9m realiza um trabalho de forma\u00e7\u00e3o educacional tribut\u00e1ria, atrav\u00e9s de uma linguagem acess\u00edvel e inusitada nas redes sociais. \u00c9 a primeira profissional do Brasil especializada em tributa\u00e7\u00e3o para investidores de Bolsa brasileira e americana, e \u00e9 autora do livro \\\"101 Perguntas e Respostas Sobre Tributa\u00e7\u00e3o em Renda Vari\u00e1vel. Youtube: https:\/\/www.youtube.com\/c\/ContadoradaBolsa\",\"sameAs\":[\"https:\/\/www.youtube.com\/c\/ContadoradaBolsa\",\"https:\/\/www.instagram.com\/contadoradabolsa\",\"https:\/\/www.linkedin.com\/in\/alice-porto-14b28b9a\/\",\"https:\/\/x.com\/_aliceporto\"],\"url\":\"https:\/\/www.suno.com.br\/noticias\/author\/alice-porto\/\"}]}<\/script>\n<!-- \/ Yoast SEO plugin. -->","yoast_head_json":{"title":"Novo presidente eleito: como fica a tributa\u00e7\u00e3o de Bolsa? - Suno Not\u00edcias","description":"Apesar do impacto que a elei\u00e7\u00e3o de Lula ter\u00e1 sobre a renda vari\u00e1vel, quem decide o que ser\u00e1 feito com seus ativos \u00e9 o investidor.","robots":{"index":"index","follow":"follow","max-snippet":"max-snippet:-1","max-image-preview":"max-image-preview:large","max-video-preview":"max-video-preview:-1"},"canonical":"https:\/\/www.suno.com.br\/noticias\/colunas\/alice-porto\/novo-presidente-eleito-como-fica-a-tributacao-de-bolsa\/","og_locale":"pt_BR","og_type":"article","og_title":"Novo presidente eleito: como fica a tributa\u00e7\u00e3o de Bolsa? - Suno Not\u00edcias","og_description":"Apesar do impacto que a elei\u00e7\u00e3o de Lula ter\u00e1 sobre a renda vari\u00e1vel, quem decide o que ser\u00e1 feito com seus ativos \u00e9 o investidor.","og_url":"https:\/\/www.suno.com.br\/noticias\/colunas\/alice-porto\/novo-presidente-eleito-como-fica-a-tributacao-de-bolsa\/","og_site_name":"Suno Not\u00edcias","article_publisher":"https:\/\/facebook.com\/sunoresearch","og_image":[{"width":1200,"height":627,"url":"https:\/\/files.sunoresearch.com.br\/n\/uploads\/2022\/06\/Modelo2.jpg","type":"image\/jpeg"}],"twitter_card":"summary_large_image","twitter_site":"@sunoresearch","twitter_misc":{"Est. tempo de leitura":"4 minutos"},"schema":{"@context":"https:\/\/schema.org","@graph":[{"@type":"Article","@id":"https:\/\/www.suno.com.br\/noticias\/colunas\/alice-porto\/novo-presidente-eleito-como-fica-a-tributacao-de-bolsa\/#article","isPartOf":{"@id":"https:\/\/www.suno.com.br\/noticias\/colunas\/alice-porto\/novo-presidente-eleito-como-fica-a-tributacao-de-bolsa\/"},"author":{"name":"Alice Porto","@id":"https:\/\/www.suno.com.br\/noticias\/#\/schema\/person\/7bace7aa1ad3a4850791903590cccb84"},"headline":"Novo presidente eleito: como fica a tributa\u00e7\u00e3o de Bolsa?","datePublished":"2022-11-11T11:00:02+00:00","mainEntityOfPage":{"@id":"https:\/\/www.suno.com.br\/noticias\/colunas\/alice-porto\/novo-presidente-eleito-como-fica-a-tributacao-de-bolsa\/"},"wordCount":625,"publisher":{"@id":"https:\/\/www.suno.com.br\/noticias\/#organization"},"keywords":["impostos","Receita Federal"],"inLanguage":"pt-BR"},{"@type":"WebPage","@id":"https:\/\/www.suno.com.br\/noticias\/colunas\/alice-porto\/novo-presidente-eleito-como-fica-a-tributacao-de-bolsa\/","url":"https:\/\/www.suno.com.br\/noticias\/colunas\/alice-porto\/novo-presidente-eleito-como-fica-a-tributacao-de-bolsa\/","name":"Novo presidente eleito: como fica a tributa\u00e7\u00e3o de Bolsa? - Suno Not\u00edcias","isPartOf":{"@id":"https:\/\/www.suno.com.br\/noticias\/#website"},"datePublished":"2022-11-11T11:00:02+00:00","description":"Apesar do impacto que a elei\u00e7\u00e3o de Lula ter\u00e1 sobre a renda vari\u00e1vel, quem decide o que ser\u00e1 feito com seus ativos \u00e9 o investidor.","breadcrumb":{"@id":"https:\/\/www.suno.com.br\/noticias\/colunas\/alice-porto\/novo-presidente-eleito-como-fica-a-tributacao-de-bolsa\/#breadcrumb"},"inLanguage":"pt-BR","potentialAction":[{"@type":"ReadAction","target":["https:\/\/www.suno.com.br\/noticias\/colunas\/alice-porto\/novo-presidente-eleito-como-fica-a-tributacao-de-bolsa\/"]}]},{"@type":"BreadcrumbList","@id":"https:\/\/www.suno.com.br\/noticias\/colunas\/alice-porto\/novo-presidente-eleito-como-fica-a-tributacao-de-bolsa\/#breadcrumb","itemListElement":[{"@type":"ListItem","position":1,"name":"Not\u00edcias","item":"https:\/\/www.suno.com.br\/noticias\/"},{"@type":"ListItem","position":2,"name":"Colunas","item":"https:\/\/www.suno.com.br\/noticias\/colunas\/"},{"@type":"ListItem","position":3,"name":"Novo presidente eleito: como fica a tributa\u00e7\u00e3o de Bolsa?"}]},{"@type":"WebSite","@id":"https:\/\/www.suno.com.br\/noticias\/#website","url":"https:\/\/www.suno.com.br\/noticias\/","name":"Suno Not\u00edcias","description":"Seu portal de informa\u00e7\u00e3o sobre o mundo dos investimentos","publisher":{"@id":"https:\/\/www.suno.com.br\/noticias\/#organization"},"potentialAction":[{"@type":"SearchAction","target":{"@type":"EntryPoint","urlTemplate":"https:\/\/www.suno.com.br\/noticias\/?s={search_term_string}"},"query-input":{"@type":"PropertyValueSpecification","valueRequired":true,"valueName":"search_term_string"}}],"inLanguage":"pt-BR"},{"@type":"Organization","@id":"https:\/\/www.suno.com.br\/noticias\/#organization","name":"Suno Not\u00edcias","url":"https:\/\/www.suno.com.br\/noticias\/","logo":{"@type":"ImageObject","inLanguage":"pt-BR","@id":"https:\/\/www.suno.com.br\/noticias\/#\/schema\/logo\/image\/","url":"https:\/\/files.sunoresearch.com.br\/n\/uploads\/2021\/09\/suno-logo.png","contentUrl":"https:\/\/files.sunoresearch.com.br\/n\/uploads\/2021\/09\/suno-logo.png","width":180,"height":180,"caption":"Suno Not\u00edcias"},"image":{"@id":"https:\/\/www.suno.com.br\/noticias\/#\/schema\/logo\/image\/"},"sameAs":["https:\/\/facebook.com\/sunoresearch","https:\/\/x.com\/sunoresearch","https:\/\/www.instagram.com\/suno","https:\/\/www.linkedin.com\/company\/suno-research\/","https:\/\/www.youtube.com\/c\/sunoresearch"]},{"@type":"Person","@id":"https:\/\/www.suno.com.br\/noticias\/#\/schema\/person\/7bace7aa1ad3a4850791903590cccb84","name":"Alice Porto","image":{"@type":"ImageObject","inLanguage":"pt-BR","@id":"https:\/\/www.suno.com.br\/noticias\/#\/schema\/person\/image\/","url":"https:\/\/secure.gravatar.com\/avatar\/ca59176af9d0c3b016a44136d2586050?s=96&r=g","contentUrl":"https:\/\/secure.gravatar.com\/avatar\/ca59176af9d0c3b016a44136d2586050?s=96&r=g","caption":"Alice Porto"},"description":"Alice Porto \u00e9 empreendedora com mais de 25 anos de experi\u00eancia multidisciplinar em Gest\u00e3o de Neg\u00f3cios, nos setores de ind\u00fastria, com\u00e9rcio e assessoria tribut\u00e1ria de investimentos de Bolsa, e tamb\u00e9m realiza um trabalho de forma\u00e7\u00e3o educacional tribut\u00e1ria, atrav\u00e9s de uma linguagem acess\u00edvel e inusitada nas redes sociais. \u00c9 a primeira profissional do Brasil especializada em tributa\u00e7\u00e3o para investidores de Bolsa brasileira e americana, e \u00e9 autora do livro \"101 Perguntas e Respostas Sobre Tributa\u00e7\u00e3o em Renda Vari\u00e1vel. Youtube: https:\/\/www.youtube.com\/c\/ContadoradaBolsa","sameAs":["https:\/\/www.youtube.com\/c\/ContadoradaBolsa","https:\/\/www.instagram.com\/contadoradabolsa","https:\/\/www.linkedin.com\/in\/alice-porto-14b28b9a\/","https:\/\/x.com\/_aliceporto"],"url":"https:\/\/www.suno.com.br\/noticias\/author\/alice-porto\/"}]}},"amp_enabled":true,"_links":{"self":[{"href":"https:\/\/www.suno.com.br\/noticias\/wp-json\/wp\/v2\/suno_column\/317470"}],"collection":[{"href":"https:\/\/www.suno.com.br\/noticias\/wp-json\/wp\/v2\/suno_column"}],"about":[{"href":"https:\/\/www.suno.com.br\/noticias\/wp-json\/wp\/v2\/types\/suno_column"}],"author":[{"embeddable":true,"href":"https:\/\/www.suno.com.br\/noticias\/wp-json\/wp\/v2\/users\/96"}],"wp:attachment":[{"href":"https:\/\/www.suno.com.br\/noticias\/wp-json\/wp\/v2\/media?parent=317470"}],"wp:term":[{"taxonomy":"post_tag","embeddable":true,"href":"https:\/\/www.suno.com.br\/noticias\/wp-json\/wp\/v2\/tags?post=317470"}],"curies":[{"name":"wp","href":"https:\/\/api.w.org\/{rel}","templated":true}]}}