{"id":316685,"date":"2022-11-08T17:13:04","date_gmt":"2022-11-08T20:13:04","guid":{"rendered":"https:\/\/www.suno.com.br\/noticias\/colunas\/marco-lopes\/\/"},"modified":"2022-11-08T17:13:04","modified_gmt":"2022-11-08T20:13:04","slug":"um-governo-fiscalmente-responsavel","status":"publish","type":"suno_column","link":"https:\/\/www.suno.com.br\/noticias\/colunas\/luciano-costa\/um-governo-fiscalmente-responsavel\/","title":{"rendered":"Um governo fiscalmente respons\u00e1vel?"},"content":{"rendered":"<p>O resultado apertado da <strong>elei\u00e7\u00e3o presidencial<\/strong> dever\u00e1 resultar em um governo de coaliz\u00e3o no qual o centro do espectro pol\u00edtico, em especial PSDB e PMDB, estar\u00e1 representado por ideias e pessoas. O Congresso, os governadores do Sudeste e os apoios dos partidos devem levar a uma vis\u00e3o econ\u00f4mica ortodoxa.<\/p>\n\t<p>\n\t\t<a href=\"https:\/\/lp.suno.com.br\/planilha-controle-gastos\/\" target=\"_blank\" data-element=\"shortcode-suno-banner\" title=\"Banner SUNO, clique e saiba mais\">\n\t\t\t<picture>\n\t\t\t\t<source media=\"(max-width: 500px)\" srcset=\"https:\/\/files.sunoresearch.com.br\/n\/uploads\/2023\/03\/400x300-Planilha-controle-de-gastos.png\">\n\t\t\t\t<img class=\"newsContent__article__imgCapa newsContent__article__imgCapa--banner\"\n\t\t\t\t\tsrc=\"https:\/\/files.sunoresearch.com.br\/n\/uploads\/2023\/03\/1420x240-Planilha-controle-de-gastos.png\"\n\t\t\t\t\tdata-promo-id=\"311945\"\t\t\t\t\t\t\t\t\t\twidth='1420' height='240'\t\t\t\t\talt=\"https:\/\/files.sunoresearch.com.br\/n\/uploads\/2023\/03\/1420x240-Planilha-controle-de-gastos.png\"\n\t\t\t\t>\n\t\t\t<\/picture>\n\t\t<\/a>\n\t<\/p>\n\n\n<p>O desempenho mais forte do que o esperado de <strong>Bolsonaro<\/strong> deixa o Brasil dividido politicamente. Mas as condi\u00e7\u00f5es iniciais do <strong>terceiro mandato de Lula<\/strong> s\u00e3o diferentes de 2022, tanto em termos de cen\u00e1rio global como em termos de <a class=\"suno-keyword\" href=\"https:\/\/www.suno.com.br\/artigos\/ajuste-fiscal\/\" target=\"_blank\" rel=\"noopener\" data-force=\"no\" data-priority=\"1\">ajuste fiscal<\/a>.<\/p>\n<p>O novo <strong>governo<\/strong> n\u00e3o pode repetir os equ\u00edvocos do segundo mandato do ex-presidente e de Dilma Rousseff na macroeconomia e no campo regulat\u00f3rio, pois isso colocaria a estabilidade econ\u00f4mica brasileira em risco.<\/p>\n<p>Por isso, espera-se um governo economicamente de centro. Entendemos que Lula buscar\u00e1 algu\u00e9m para servir de negociador no Minist\u00e9rio, ou seja, um articulador para montar uma boa equipe e isol\u00e1-la das press\u00f5es e do fogo amigo.<\/p>\n<p>A <strong>alta de juros<\/strong> nos Estados Unidos mudou o ambiente indulgente dos mercados em rela\u00e7\u00e3o \u00e0s expans\u00f5es fiscais que prevaleceram entre 2010 e 2021. Na Inglaterra, o governo de Liz Truss durou apenas 45 dias depois de enveredar pelo populismo tentando evitar o necess\u00e1rio ajuste fiscal.<\/p>\n<p>Lula sabe disso e \u00e9 pragm\u00e1tico, fazendo seu desafio desviar da armadilha de trazer de volta as ideias e indiv\u00edduos associados \u00e0 <a class=\"suno-keyword\" href=\"https:\/\/www.suno.com.br\/artigos\/nova-matriz-economica\/\" target=\"_blank\" rel=\"noopener\" data-force=\"no\" data-priority=\"1\">nova Matriz Econ\u00f4mica<\/a> do per\u00edodo 2005-14, cujo fracasso gerou a maior recess\u00e3o da hist\u00f3ria do pa\u00eds e \u00fanica end\u00f3gena.<\/p>\n<p>O <strong>desafio fiscal<\/strong> tamb\u00e9m \u00e9 consideravelmente mais complexo. Diferentemente de 2002, quando herdou o ajuste feito e s\u00f3 teve que perseverar, dessa vez a heran\u00e7a reflete a competi\u00e7\u00e3o populista que caracterizou a campanha eleitoral.<\/p>\n<p>O Brasil tem uma d\u00edvida grande, cara e curta, e a rea\u00e7\u00e3o do mercado ao populismo na Inglaterra deixou uma li\u00e7\u00e3o valiosa. Paradoxalmente, as piores condi\u00e7\u00f5es de contorno praticamente inviabilizam qualquer caminho que n\u00e3o assegure um <a class=\"suno-keyword\" href=\"https:\/\/www.suno.com.br\/artigos\/superavit-primario\/\" target=\"_blank\" rel=\"noopener\" data-force=\"no\" data-priority=\"1\">super\u00e1vit prim\u00e1rio<\/a> de, no m\u00ednimo, 1% do <strong>PIB<\/strong> em 2024, condi\u00e7\u00e3o para que a rela\u00e7\u00e3o d\u00edvida\/PIB n\u00e3o seja explosiva.<\/p>\n<p>Nos mercados, nossa expectativa \u00e9 de que, assegurada uma conduta fiscal adequada no Brasil, a percep\u00e7\u00e3o do fim do ciclo de aperto de juros pelo Federal Reserve (Fed) nos Estados Unidos, esperada para o primeiro trimestre de 2023, tende a trazer um fluxo de recursos capaz de gerar uma alta significativa dos ativos brasileiros &#8211; desde que, conforme dito anteriormente, exista equil\u00edbrio nas contas p\u00fablicas.<\/p>\n\t<p>\n\t\t<a href=\"https:\/\/lp.suno.com.br\/ebook-como-analisar-uma-acao\/\" target=\"_blank\" data-element=\"shortcode-suno-banner\" title=\"Banner SUNO, clique e saiba mais\">\n\t\t\t<picture>\n\t\t\t\t<source media=\"(max-width: 500px)\" srcset=\"https:\/\/files.sunoresearch.com.br\/n\/uploads\/2023\/03\/Ebook-Acoes-Mobile.jpg\">\n\t\t\t\t<img class=\"newsContent__article__imgCapa newsContent__article__imgCapa--banner\"\n\t\t\t\t\tsrc=\"https:\/\/files.sunoresearch.com.br\/n\/uploads\/2023\/03\/Ebook-Acoes-Desktop.jpg\"\n\t\t\t\t\tdata-promo-id=\"311946\"\t\t\t\t\t\t\t\t\t\twidth='1420' height='286'\t\t\t\t\talt=\"https:\/\/files.sunoresearch.com.br\/n\/uploads\/2023\/03\/Ebook-Acoes-Desktop.jpg\"\n\t\t\t\t>\n\t\t\t<\/picture>\n\t\t<\/a>\n\t<\/p>\n\n\n<p>No exterior, a continuidade das surpresas inflacion\u00e1rias com o <strong>n\u00facleo do CPI<\/strong> acima do esperado e gera\u00e7\u00e3o de empregos aquecida &#8211; com n\u00edveis de desemprego nas m\u00ednimas hist\u00f3ricas &#8211; mantiveram a <a class=\"suno-keyword\" href=\"https:\/\/www.suno.com.br\/artigos\/curva-de-juros\/\" target=\"_blank\" rel=\"noopener\" data-force=\"no\" data-priority=\"1\">curva de juros<\/a> americana pressionada.<\/p>\n<p>As Treasuries de dois e dez anos subiram 20 bps e 22 bps e atingiram os patamares de 4,49% e 4,05% ao ano, respectivamente, no final de outubro.<\/p>\n<p>A percep\u00e7\u00e3o de que a campanha de alta de juros terminar\u00e1 com os <strong><a class=\"suno-keyword\" href=\"https:\/\/www.suno.com.br\/artigos\/fed-funds\/\" target=\"_blank\" rel=\"noopener\" data-force=\"no\" data-priority=\"1\">Fed Funds<\/a><\/strong> em pelo menos 5% ao ano deveria manter os t\u00edtulos de dez anos na faixa de 4% e 4,50% ao ano nos pr\u00f3ximos meses.<\/p>\n<p>Nas bolsas globais, os resultados das empresas acima das expectativas dos analistas e indicadores favor\u00e1veis da economia americana favoreceram a classe de ativos. O <strong>S&amp;P 500<\/strong>, <strong>Dow Jones<\/strong> e <strong>Nasdaq<\/strong> subiram 8%, 14% e 3,9% respectivamente em outubro.<\/p>\n<p>As incertezas geopol\u00edticas e o corte de produ\u00e7\u00e3o feito pela OPEP fizeram o <strong><a class=\"suno-keyword\" href=\"https:\/\/www.suno.com.br\/artigos\/preco-do-petroleo\/\" target=\"_blank\" rel=\"noopener\" data-force=\"no\" data-priority=\"1\">pre\u00e7o do petr\u00f3leo<\/a><\/strong> (WTI) subir 9,9% e atingir o patamar de US$ 86,5 o barril. O min\u00e9rio de ferro e o cobre, refletindo a manuten\u00e7\u00e3o de restri\u00e7\u00f5es devido \u00e0 covid-19 e aus\u00eancia de medidas de est\u00edmulo na China, ca\u00edram 17,4% e 1,1%.<\/p>\n<p>O DXY caiu 0,5% em outubro, mas acumula forte alta de 16,6% no ano. Por outro lado, o ouro recuou 1,6% no per\u00edodo e acumula queda de 10,7% em 2022.<\/p>\n<p>No mercado dom\u00e9stico, a defini\u00e7\u00e3o das elei\u00e7\u00f5es e a confirma\u00e7\u00e3o de um governo de centro juntamente com a trajet\u00f3ria de desinfla\u00e7\u00e3o favor\u00e1vel nos pr\u00f3ximos meses dever\u00e1 elevar a precifica\u00e7\u00e3o de cortes em 2023 e 2024, o que beneficiar\u00e1 os principais v\u00e9rtices de janeiro de 2024 e janeiro de 2025.<\/p>\n<p>Na <strong><a class=\"suno-keyword\" href=\"https:\/\/www.suno.com.br\/guias\/investimento-renda-fixa\/\" target=\"_blank\" rel=\"noopener\" data-force=\"no\" data-priority=\"2\">renda fixa<\/a><\/strong> dom\u00e9stica, a din\u00e2mica favor\u00e1vel da infla\u00e7\u00e3o e nossa expectativa de antecipa\u00e7\u00e3o dos cortes que devem ser mais intensos que o esperado pelo mercado geram uma percep\u00e7\u00e3o de pr\u00eamio na curva.<\/p>\n<p>Isso justifica posi\u00e7\u00f5es aplicadas em <strong>contratos futuros de DI<\/strong> Janeiro 2024 e Janeiro 2025. A expectativa de alta dos juros das <strong>Treasuries<\/strong> de dez anos tamb\u00e9m tende a favorecer aloca\u00e7\u00f5es em contratos futuros de janeiro de 2027.<\/p>\n<p>Nos <strong>fundos imobili\u00e1rios<\/strong>, a expectativa de cortes de juros e redu\u00e7\u00e3o de risco mant\u00eam a atratividade dessa classe de ativos com <a class=\"suno-keyword\" href=\"https:\/\/www.suno.com.br\/artigos\/fundos-de-tijolo\/\" target=\"_blank\" rel=\"noopener\" data-force=\"no\" data-priority=\"1\">fundos de tijolo<\/a> negociando com maiores descontos, gerando interesse renovado por parte dos investidores.<\/p>\n<p>No mercado de renda fixa global, as surpresas inflacion\u00e1rias e o mercado de trabalho aquecido refor\u00e7am a expectativa de eleva\u00e7\u00e3o dos Fed Funds para pelo menos 5% ao ano, o que refor\u00e7a a tese de posi\u00e7\u00f5es tomadas em Treasuries de dois e dez anos.<\/p>\n<p>Al\u00e9m disso, a expectativa da manuten\u00e7\u00e3o da postura hawkish do <strong>Federal Reserve<\/strong> mant\u00e9m um vi\u00e9s positivo para o d\u00f3lar frente ao euro.<\/p>\n<p>No caso do real, a conclus\u00e3o da elei\u00e7\u00e3o juntamente com a expectativa do an\u00fancio da nova equipe econ\u00f4mica convidam o investidor a ter uma postura neutra em rela\u00e7\u00e3o \u00e0 moeda brasileira.<\/p>\n<p>Na <strong><a class=\"suno-keyword\" href=\"https:\/\/www.suno.com.br\/artigos\/renda-variavel-7-dicas\/\" target=\"_blank\" rel=\"noopener\" data-force=\"no\" data-priority=\"2\">renda vari\u00e1vel<\/a><\/strong>, o aperto da liquidez e a expectativa de menor crescimento global reduzem a valoriza\u00e7\u00e3o das empresas de commodities. O resultado eleitoral aumenta a probabilidade de pol\u00edticas que sejam ben\u00e9ficas para empresas ligadas \u00e0 educa\u00e7\u00e3o, consumo e constru\u00e7\u00e3o civil.<\/p>\n<p>Por outro lado, companhias estatais possuem menor expectativa de valoriza\u00e7\u00e3o pela incerteza de como ser\u00e3o administradas.<\/p>\n<p>Nas bolsas globais, a expectativa de eleva\u00e7\u00e3o de juros pelo Fed justifica uma posi\u00e7\u00e3o vendida em S&amp;P 500 com alvo em torno de 3.500 pontos.<\/p>\n<p>O crescimento moderado da <strong>economia chinesa<\/strong> no terceiro trimestre seguido de medidas de restri\u00e7\u00e3o contra a covid-19 e aus\u00eancia de est\u00edmulos do governo preocupam e tamb\u00e9m convidam os investidores a se posicionarem contra o MSCI de emergentes.<\/p>\n<p>Nas commodities energ\u00e9ticas, os cortes de produ\u00e7\u00e3o anunciados pela<strong> OPEP<\/strong> e o in\u00edcio do inverno no hemisf\u00e9rio norte apontam para a manuten\u00e7\u00e3o de posi\u00e7\u00e3o comprada no petr\u00f3leo.<\/p>\n<p>Nas met\u00e1licas, um menor crescimento da economia global e a frustra\u00e7\u00e3o com rela\u00e7\u00e3o ao an\u00fancio de medidas de est\u00edmulo pela China sugerem uma postura neutra.<\/p>\n\t<p>\n\t\t<a href=\"https:\/\/lp.suno.com.br\/ebook-investindo-em-fiis\/\" target=\"_blank\" data-element=\"shortcode-suno-banner\" title=\"Banner SUNO, clique e saiba mais\">\n\t\t\t<picture>\n\t\t\t\t<source media=\"(max-width: 500px)\" srcset=\"https:\/\/files.sunoresearch.com.br\/n\/uploads\/2023\/03\/Ebook-Fundos-Imobiliarios-Mobile-1.jpg\">\n\t\t\t\t<img class=\"newsContent__article__imgCapa newsContent__article__imgCapa--banner\"\n\t\t\t\t\tsrc=\"https:\/\/files.sunoresearch.com.br\/n\/uploads\/2023\/03\/Ebook-Fundos-Imobiliarios-Desktop-1.jpg\"\n\t\t\t\t\tdata-promo-id=\"313843\"\t\t\t\t\t\t\t\t\t\twidth='1420' height='286'\t\t\t\t\talt=\"https:\/\/files.sunoresearch.com.br\/n\/uploads\/2023\/03\/Ebook-Fundos-Imobiliarios-Desktop-1.jpg\"\n\t\t\t\t>\n\t\t\t<\/picture>\n\t\t<\/a>\n\t<\/p>\n\n\n","protected":false},"excerpt":{"rendered":"<p>O resultado apertado da elei\u00e7\u00e3o presidencial dever\u00e1 resultar em um governo de coaliz\u00e3o no qual o centro do espectro pol\u00edtico, em especial PSDB e PMDB, estar\u00e1 represent&#8230;<\/p>\n","protected":false},"author":228,"featured_media":0,"template":"","tags":[104703,2006,776,719,709,964,1128,807,2667,83329],"class_list":["post-316685","suno_column","type-suno_column","status-publish","hentry","tag-bolsas-mundiais","tag-dow-jones","tag-federal-reseve-fed","tag-jair-bolsonaro","tag-lula","tag-nasdaq","tag-orcamento-publico","tag-produto-interno-bruto-pib","tag-sp-500","tag-teto-de-gastos"],"yoast_head":"<!-- This site is optimized with the Yoast SEO plugin v24.4 - https:\/\/yoast.com\/wordpress\/plugins\/seo\/ -->\n<title>Um governo fiscalmente respons\u00e1vel? - Suno Not\u00edcias<\/title>\n<meta name=\"description\" content=\"O novo governo n\u00e3o pode repetir os equ\u00edvocos do segundo mandato do ex-presidente e de Dilma Rousseff na macroeconomia e no campo regulat\u00f3rio\" \/>\n<meta name=\"robots\" content=\"index, follow, max-snippet:-1, max-image-preview:large, max-video-preview:-1\" \/>\n<link rel=\"canonical\" href=\"https:\/\/www.suno.com.br\/noticias\/colunas\/luciano-costa\/um-governo-fiscalmente-responsavel\/\" \/>\n<meta property=\"og:locale\" content=\"pt_BR\" \/>\n<meta property=\"og:type\" content=\"article\" \/>\n<meta property=\"og:title\" content=\"Um governo fiscalmente respons\u00e1vel? - Suno Not\u00edcias\" \/>\n<meta property=\"og:description\" content=\"O novo governo n\u00e3o pode repetir os equ\u00edvocos do segundo mandato do ex-presidente e de Dilma Rousseff na macroeconomia e no campo regulat\u00f3rio\" \/>\n<meta property=\"og:url\" content=\"https:\/\/www.suno.com.br\/noticias\/colunas\/luciano-costa\/um-governo-fiscalmente-responsavel\/\" \/>\n<meta property=\"og:site_name\" content=\"Suno Not\u00edcias\" \/>\n<meta property=\"article:publisher\" content=\"https:\/\/facebook.com\/sunoresearch\" \/>\n<meta property=\"og:image\" content=\"https:\/\/files.sunoresearch.com.br\/n\/uploads\/2022\/06\/Modelo2.jpg\" \/>\n\t<meta property=\"og:image:width\" content=\"1200\" \/>\n\t<meta property=\"og:image:height\" content=\"627\" \/>\n\t<meta property=\"og:image:type\" content=\"image\/jpeg\" \/>\n<meta name=\"twitter:card\" content=\"summary_large_image\" \/>\n<meta name=\"twitter:site\" content=\"@sunoresearch\" \/>\n<meta name=\"twitter:label1\" content=\"Est. tempo de leitura\" \/>\n\t<meta name=\"twitter:data1\" content=\"6 minutos\" \/>\n<script type=\"application\/ld+json\" class=\"yoast-schema-graph\">{\"@context\":\"https:\/\/schema.org\",\"@graph\":[{\"@type\":\"Article\",\"@id\":\"https:\/\/www.suno.com.br\/noticias\/colunas\/luciano-costa\/um-governo-fiscalmente-responsavel\/#article\",\"isPartOf\":{\"@id\":\"https:\/\/www.suno.com.br\/noticias\/colunas\/luciano-costa\/um-governo-fiscalmente-responsavel\/\"},\"author\":{\"name\":\"Luciano Costa\",\"@id\":\"https:\/\/www.suno.com.br\/noticias\/#\/schema\/person\/5928ff3feca72898a2dd78294bf046c2\"},\"headline\":\"Um governo fiscalmente respons\u00e1vel?\",\"datePublished\":\"2022-11-08T20:13:04+00:00\",\"mainEntityOfPage\":{\"@id\":\"https:\/\/www.suno.com.br\/noticias\/colunas\/luciano-costa\/um-governo-fiscalmente-responsavel\/\"},\"wordCount\":1150,\"publisher\":{\"@id\":\"https:\/\/www.suno.com.br\/noticias\/#organization\"},\"keywords\":[\"Bolsas mundiais\",\"Dow Jones\",\"Federal Reserve (FED)\",\"Jair Bolsonaro\",\"Lula\",\"Nasdaq\",\"Or\u00e7amento P\u00fablico\",\"Produto Interno Bruto (PIB)\",\"S&amp;P 500\",\"teto de gastos\"],\"inLanguage\":\"pt-BR\"},{\"@type\":\"WebPage\",\"@id\":\"https:\/\/www.suno.com.br\/noticias\/colunas\/luciano-costa\/um-governo-fiscalmente-responsavel\/\",\"url\":\"https:\/\/www.suno.com.br\/noticias\/colunas\/luciano-costa\/um-governo-fiscalmente-responsavel\/\",\"name\":\"Um governo fiscalmente respons\u00e1vel? - Suno Not\u00edcias\",\"isPartOf\":{\"@id\":\"https:\/\/www.suno.com.br\/noticias\/#website\"},\"datePublished\":\"2022-11-08T20:13:04+00:00\",\"description\":\"O novo governo n\u00e3o pode repetir os equ\u00edvocos do segundo mandato do ex-presidente e de Dilma Rousseff na macroeconomia e no campo regulat\u00f3rio\",\"breadcrumb\":{\"@id\":\"https:\/\/www.suno.com.br\/noticias\/colunas\/luciano-costa\/um-governo-fiscalmente-responsavel\/#breadcrumb\"},\"inLanguage\":\"pt-BR\",\"potentialAction\":[{\"@type\":\"ReadAction\",\"target\":[\"https:\/\/www.suno.com.br\/noticias\/colunas\/luciano-costa\/um-governo-fiscalmente-responsavel\/\"]}]},{\"@type\":\"BreadcrumbList\",\"@id\":\"https:\/\/www.suno.com.br\/noticias\/colunas\/luciano-costa\/um-governo-fiscalmente-responsavel\/#breadcrumb\",\"itemListElement\":[{\"@type\":\"ListItem\",\"position\":1,\"name\":\"Not\u00edcias\",\"item\":\"https:\/\/www.suno.com.br\/noticias\/\"},{\"@type\":\"ListItem\",\"position\":2,\"name\":\"Colunas\",\"item\":\"https:\/\/www.suno.com.br\/noticias\/colunas\/\"},{\"@type\":\"ListItem\",\"position\":3,\"name\":\"Um governo fiscalmente respons\u00e1vel?\"}]},{\"@type\":\"WebSite\",\"@id\":\"https:\/\/www.suno.com.br\/noticias\/#website\",\"url\":\"https:\/\/www.suno.com.br\/noticias\/\",\"name\":\"Suno Not\u00edcias\",\"description\":\"Seu portal de informa\u00e7\u00e3o sobre o mundo dos investimentos\",\"publisher\":{\"@id\":\"https:\/\/www.suno.com.br\/noticias\/#organization\"},\"potentialAction\":[{\"@type\":\"SearchAction\",\"target\":{\"@type\":\"EntryPoint\",\"urlTemplate\":\"https:\/\/www.suno.com.br\/noticias\/?s={search_term_string}\"},\"query-input\":{\"@type\":\"PropertyValueSpecification\",\"valueRequired\":true,\"valueName\":\"search_term_string\"}}],\"inLanguage\":\"pt-BR\"},{\"@type\":\"Organization\",\"@id\":\"https:\/\/www.suno.com.br\/noticias\/#organization\",\"name\":\"Suno Not\u00edcias\",\"url\":\"https:\/\/www.suno.com.br\/noticias\/\",\"logo\":{\"@type\":\"ImageObject\",\"inLanguage\":\"pt-BR\",\"@id\":\"https:\/\/www.suno.com.br\/noticias\/#\/schema\/logo\/image\/\",\"url\":\"https:\/\/files.sunoresearch.com.br\/n\/uploads\/2021\/09\/suno-logo.png\",\"contentUrl\":\"https:\/\/files.sunoresearch.com.br\/n\/uploads\/2021\/09\/suno-logo.png\",\"width\":180,\"height\":180,\"caption\":\"Suno Not\u00edcias\"},\"image\":{\"@id\":\"https:\/\/www.suno.com.br\/noticias\/#\/schema\/logo\/image\/\"},\"sameAs\":[\"https:\/\/facebook.com\/sunoresearch\",\"https:\/\/x.com\/sunoresearch\",\"https:\/\/www.instagram.com\/suno\",\"https:\/\/www.linkedin.com\/company\/suno-research\/\",\"https:\/\/www.youtube.com\/c\/sunoresearch\"]},{\"@type\":\"Person\",\"@id\":\"https:\/\/www.suno.com.br\/noticias\/#\/schema\/person\/5928ff3feca72898a2dd78294bf046c2\",\"name\":\"Luciano Costa\",\"image\":{\"@type\":\"ImageObject\",\"inLanguage\":\"pt-BR\",\"@id\":\"https:\/\/www.suno.com.br\/noticias\/#\/schema\/person\/image\/\",\"url\":\"https:\/\/secure.gravatar.com\/avatar\/2c4c184e27cefc0be78cd65e867883fc?s=96&r=g\",\"contentUrl\":\"https:\/\/secure.gravatar.com\/avatar\/2c4c184e27cefc0be78cd65e867883fc?s=96&r=g\",\"caption\":\"Luciano Costa\"},\"description\":\"Jos\u00e9 Luciano da Silva Costa \u00e9 economista-chefe e s\u00f3cio da Monte Bravo. Formado em economia pela FEA-USP e com mestrado em economia pela FGV-SP. Durante sua carreira se especializou em pol\u00edtica monet\u00e1ria, modelagem econom\u00e9trica e a cobertura de economia local e global. Com experi\u00eancia de mais de 20 anos foi Gerente Executivo de Renda Fixa e Macroeconomia da Funda\u00e7\u00e3o Petrobras de Seguridade Social (PETROS). Anteriormente, foi economista s\u00eanior e economista-chefe na Bradesco Asset Management, Ita\u00fa Asset Management e Unibanco Asset Management. Tamb\u00e9m trabalhou como economista pleno no Banco Ita\u00fa e no ABN AMRO Bank.\",\"url\":\"https:\/\/www.suno.com.br\/noticias\/author\/luciano-costa\/\"}]}<\/script>\n<!-- \/ Yoast SEO plugin. -->","yoast_head_json":{"title":"Um governo fiscalmente respons\u00e1vel? - Suno Not\u00edcias","description":"O novo governo n\u00e3o pode repetir os equ\u00edvocos do segundo mandato do ex-presidente e de Dilma Rousseff na macroeconomia e no campo regulat\u00f3rio","robots":{"index":"index","follow":"follow","max-snippet":"max-snippet:-1","max-image-preview":"max-image-preview:large","max-video-preview":"max-video-preview:-1"},"canonical":"https:\/\/www.suno.com.br\/noticias\/colunas\/luciano-costa\/um-governo-fiscalmente-responsavel\/","og_locale":"pt_BR","og_type":"article","og_title":"Um governo fiscalmente respons\u00e1vel? - Suno Not\u00edcias","og_description":"O novo governo n\u00e3o pode repetir os equ\u00edvocos do segundo mandato do ex-presidente e de Dilma Rousseff na macroeconomia e no campo regulat\u00f3rio","og_url":"https:\/\/www.suno.com.br\/noticias\/colunas\/luciano-costa\/um-governo-fiscalmente-responsavel\/","og_site_name":"Suno Not\u00edcias","article_publisher":"https:\/\/facebook.com\/sunoresearch","og_image":[{"width":1200,"height":627,"url":"https:\/\/files.sunoresearch.com.br\/n\/uploads\/2022\/06\/Modelo2.jpg","type":"image\/jpeg"}],"twitter_card":"summary_large_image","twitter_site":"@sunoresearch","twitter_misc":{"Est. tempo de leitura":"6 minutos"},"schema":{"@context":"https:\/\/schema.org","@graph":[{"@type":"Article","@id":"https:\/\/www.suno.com.br\/noticias\/colunas\/luciano-costa\/um-governo-fiscalmente-responsavel\/#article","isPartOf":{"@id":"https:\/\/www.suno.com.br\/noticias\/colunas\/luciano-costa\/um-governo-fiscalmente-responsavel\/"},"author":{"name":"Luciano Costa","@id":"https:\/\/www.suno.com.br\/noticias\/#\/schema\/person\/5928ff3feca72898a2dd78294bf046c2"},"headline":"Um governo fiscalmente respons\u00e1vel?","datePublished":"2022-11-08T20:13:04+00:00","mainEntityOfPage":{"@id":"https:\/\/www.suno.com.br\/noticias\/colunas\/luciano-costa\/um-governo-fiscalmente-responsavel\/"},"wordCount":1150,"publisher":{"@id":"https:\/\/www.suno.com.br\/noticias\/#organization"},"keywords":["Bolsas mundiais","Dow Jones","Federal Reserve (FED)","Jair Bolsonaro","Lula","Nasdaq","Or\u00e7amento P\u00fablico","Produto Interno Bruto (PIB)","S&amp;P 500","teto de gastos"],"inLanguage":"pt-BR"},{"@type":"WebPage","@id":"https:\/\/www.suno.com.br\/noticias\/colunas\/luciano-costa\/um-governo-fiscalmente-responsavel\/","url":"https:\/\/www.suno.com.br\/noticias\/colunas\/luciano-costa\/um-governo-fiscalmente-responsavel\/","name":"Um governo fiscalmente respons\u00e1vel? - Suno Not\u00edcias","isPartOf":{"@id":"https:\/\/www.suno.com.br\/noticias\/#website"},"datePublished":"2022-11-08T20:13:04+00:00","description":"O novo governo n\u00e3o pode repetir os equ\u00edvocos do segundo mandato do ex-presidente e de Dilma Rousseff na macroeconomia e no campo regulat\u00f3rio","breadcrumb":{"@id":"https:\/\/www.suno.com.br\/noticias\/colunas\/luciano-costa\/um-governo-fiscalmente-responsavel\/#breadcrumb"},"inLanguage":"pt-BR","potentialAction":[{"@type":"ReadAction","target":["https:\/\/www.suno.com.br\/noticias\/colunas\/luciano-costa\/um-governo-fiscalmente-responsavel\/"]}]},{"@type":"BreadcrumbList","@id":"https:\/\/www.suno.com.br\/noticias\/colunas\/luciano-costa\/um-governo-fiscalmente-responsavel\/#breadcrumb","itemListElement":[{"@type":"ListItem","position":1,"name":"Not\u00edcias","item":"https:\/\/www.suno.com.br\/noticias\/"},{"@type":"ListItem","position":2,"name":"Colunas","item":"https:\/\/www.suno.com.br\/noticias\/colunas\/"},{"@type":"ListItem","position":3,"name":"Um governo fiscalmente respons\u00e1vel?"}]},{"@type":"WebSite","@id":"https:\/\/www.suno.com.br\/noticias\/#website","url":"https:\/\/www.suno.com.br\/noticias\/","name":"Suno Not\u00edcias","description":"Seu portal de informa\u00e7\u00e3o sobre o mundo dos investimentos","publisher":{"@id":"https:\/\/www.suno.com.br\/noticias\/#organization"},"potentialAction":[{"@type":"SearchAction","target":{"@type":"EntryPoint","urlTemplate":"https:\/\/www.suno.com.br\/noticias\/?s={search_term_string}"},"query-input":{"@type":"PropertyValueSpecification","valueRequired":true,"valueName":"search_term_string"}}],"inLanguage":"pt-BR"},{"@type":"Organization","@id":"https:\/\/www.suno.com.br\/noticias\/#organization","name":"Suno Not\u00edcias","url":"https:\/\/www.suno.com.br\/noticias\/","logo":{"@type":"ImageObject","inLanguage":"pt-BR","@id":"https:\/\/www.suno.com.br\/noticias\/#\/schema\/logo\/image\/","url":"https:\/\/files.sunoresearch.com.br\/n\/uploads\/2021\/09\/suno-logo.png","contentUrl":"https:\/\/files.sunoresearch.com.br\/n\/uploads\/2021\/09\/suno-logo.png","width":180,"height":180,"caption":"Suno Not\u00edcias"},"image":{"@id":"https:\/\/www.suno.com.br\/noticias\/#\/schema\/logo\/image\/"},"sameAs":["https:\/\/facebook.com\/sunoresearch","https:\/\/x.com\/sunoresearch","https:\/\/www.instagram.com\/suno","https:\/\/www.linkedin.com\/company\/suno-research\/","https:\/\/www.youtube.com\/c\/sunoresearch"]},{"@type":"Person","@id":"https:\/\/www.suno.com.br\/noticias\/#\/schema\/person\/5928ff3feca72898a2dd78294bf046c2","name":"Luciano Costa","image":{"@type":"ImageObject","inLanguage":"pt-BR","@id":"https:\/\/www.suno.com.br\/noticias\/#\/schema\/person\/image\/","url":"https:\/\/secure.gravatar.com\/avatar\/2c4c184e27cefc0be78cd65e867883fc?s=96&r=g","contentUrl":"https:\/\/secure.gravatar.com\/avatar\/2c4c184e27cefc0be78cd65e867883fc?s=96&r=g","caption":"Luciano Costa"},"description":"Jos\u00e9 Luciano da Silva Costa \u00e9 economista-chefe e s\u00f3cio da Monte Bravo. Formado em economia pela FEA-USP e com mestrado em economia pela FGV-SP. Durante sua carreira se especializou em pol\u00edtica monet\u00e1ria, modelagem econom\u00e9trica e a cobertura de economia local e global. Com experi\u00eancia de mais de 20 anos foi Gerente Executivo de Renda Fixa e Macroeconomia da Funda\u00e7\u00e3o Petrobras de Seguridade Social (PETROS). Anteriormente, foi economista s\u00eanior e economista-chefe na Bradesco Asset Management, Ita\u00fa Asset Management e Unibanco Asset Management. Tamb\u00e9m trabalhou como economista pleno no Banco Ita\u00fa e no ABN AMRO Bank.","url":"https:\/\/www.suno.com.br\/noticias\/author\/luciano-costa\/"}]}},"amp_enabled":true,"_links":{"self":[{"href":"https:\/\/www.suno.com.br\/noticias\/wp-json\/wp\/v2\/suno_column\/316685"}],"collection":[{"href":"https:\/\/www.suno.com.br\/noticias\/wp-json\/wp\/v2\/suno_column"}],"about":[{"href":"https:\/\/www.suno.com.br\/noticias\/wp-json\/wp\/v2\/types\/suno_column"}],"author":[{"embeddable":true,"href":"https:\/\/www.suno.com.br\/noticias\/wp-json\/wp\/v2\/users\/228"}],"wp:attachment":[{"href":"https:\/\/www.suno.com.br\/noticias\/wp-json\/wp\/v2\/media?parent=316685"}],"wp:term":[{"taxonomy":"post_tag","embeddable":true,"href":"https:\/\/www.suno.com.br\/noticias\/wp-json\/wp\/v2\/tags?post=316685"}],"curies":[{"name":"wp","href":"https:\/\/api.w.org\/{rel}","templated":true}]}}