{"id":315666,"date":"2022-11-07T08:00:51","date_gmt":"2022-11-07T11:00:51","guid":{"rendered":"https:\/\/www.suno.com.br\/noticias\/colunas\/marco-lopes\/\/"},"modified":"2022-11-04T22:05:19","modified_gmt":"2022-11-05T01:05:19","slug":"principais-mudancas-no-mercado-de-renda-fixa-para-2023","status":"publish","type":"suno_column","link":"https:\/\/www.suno.com.br\/noticias\/colunas\/rodrigo-amato\/principais-mudancas-no-mercado-de-renda-fixa-para-2023\/","title":{"rendered":"Principais mudan\u00e7as no mercado de renda fixa para 2023"},"content":{"rendered":"<p>H\u00e1 v\u00e1rios tipos de investimentos em <strong>renda fixa<\/strong>, mas este mercado n\u00e3o \u00e9 est\u00e1tico. \u00c9 inovador e sempre surgem produtos diferentes, para a ampla gama de necessidades dos investidores e das empresas. Vamos abordar hoje o que se espera para o pr\u00f3ximo ano neste segmento e no sistema financeiro.<\/p>\n\t<p>\n\t\t<a href=\"https:\/\/lp.suno.com.br\/planilha-controle-gastos\/\" target=\"_blank\" data-element=\"shortcode-suno-banner\" title=\"Banner SUNO, clique e saiba mais\">\n\t\t\t<picture>\n\t\t\t\t<source media=\"(max-width: 500px)\" srcset=\"https:\/\/files.sunoresearch.com.br\/n\/uploads\/2023\/03\/400x300-Planilha-controle-de-gastos.png\">\n\t\t\t\t<img class=\"newsContent__article__imgCapa newsContent__article__imgCapa--banner\"\n\t\t\t\t\tsrc=\"https:\/\/files.sunoresearch.com.br\/n\/uploads\/2023\/03\/1420x240-Planilha-controle-de-gastos.png\"\n\t\t\t\t\tdata-promo-id=\"311945\"\t\t\t\t\t\t\t\t\t\twidth='1420' height='240'\t\t\t\t\talt=\"https:\/\/files.sunoresearch.com.br\/n\/uploads\/2023\/03\/1420x240-Planilha-controle-de-gastos.png\"\n\t\t\t\t>\n\t\t\t<\/picture>\n\t\t<\/a>\n\t<\/p>\n\n\n<p>J\u00e1 s\u00e3o conhecidas no <strong>mercado de capitais<\/strong> as siglas <strong>CRI<\/strong> (Certificado de Receb\u00edveis Imobili\u00e1rios) e <strong>CRA<\/strong> (Certificado de Receb\u00edveis do Agroneg\u00f3cio). Essas alternativas de investimentos s\u00e3o muito usadas por pessoas f\u00edsicas, por conta da isen\u00e7\u00e3o de imposto sobre seus rendimentos. Estes s\u00e3o t\u00edtulos hoje j\u00e1 mais maduros e populares.<\/p>\n<p>Em 2022, o mercado conheceu o irm\u00e3o mais novo da fam\u00edlia, o <strong>Certificado de Receb\u00edveis<\/strong> (CR). A principal semelhan\u00e7a entre eles \u00e9 serem t\u00edtulos lastreados por receb\u00edveis, sendo que no caso dos CR podem ser de qualquer tipo, como da \u00e1rea educacional e das fintechs, entre tantos. Mas este n\u00e3o tem a <strong>isen\u00e7\u00e3o de IR<\/strong> para o investidor pessoa f\u00edsica como os CRIs e os CRAs.<\/p>\n<p>Al\u00e9m da flexibiliza\u00e7\u00e3o do uso dos recursos, os certificados de receb\u00edveis facilitam o acesso ao mercado de capitais para empresas de menor porte. Historicamente, as emiss\u00f5es tradicionais ficavam limitadas \u00e0quelas com montantes acima das centenas de milh\u00f5es de reais e para setores espec\u00edficos, sendo que fica aberto o caminho para novos tipos de receb\u00edveis com emiss\u00f5es que come\u00e7am perto do R$ 1 milh\u00e3o, como temos visto no mercado e em pipeline hoje.<\/p>\n<p>Um produto de investimento que deve ganhar tra\u00e7\u00e3o \u00e9 a <strong>C\u00e9dula do Produtor Rural<\/strong> (CPR), mas com maior apelo ao investidor institucional e qualificado (Fundos de Investimento). Ao longo de 2022, o governo federal tem tomado diversas medidas para democratizar o acesso a financiamento por meio do mercado de capitais, e a composi\u00e7\u00e3o de carteiras de Fiagro com este tipo de t\u00edtulo parece ser uma alternativa muito interessante em termos de retornos e seguran\u00e7a.<\/p>\n\t<p>\n\t\t<a href=\"https:\/\/lp.suno.com.br\/ebook-como-analisar-uma-acao\/\" target=\"_blank\" data-element=\"shortcode-suno-banner\" title=\"Banner SUNO, clique e saiba mais\">\n\t\t\t<picture>\n\t\t\t\t<source media=\"(max-width: 500px)\" srcset=\"https:\/\/files.sunoresearch.com.br\/n\/uploads\/2023\/03\/Ebook-Acoes-Mobile.jpg\">\n\t\t\t\t<img class=\"newsContent__article__imgCapa newsContent__article__imgCapa--banner\"\n\t\t\t\t\tsrc=\"https:\/\/files.sunoresearch.com.br\/n\/uploads\/2023\/03\/Ebook-Acoes-Desktop.jpg\"\n\t\t\t\t\tdata-promo-id=\"311946\"\t\t\t\t\t\t\t\t\t\twidth='1420' height='286'\t\t\t\t\talt=\"https:\/\/files.sunoresearch.com.br\/n\/uploads\/2023\/03\/Ebook-Acoes-Desktop.jpg\"\n\t\t\t\t>\n\t\t\t<\/picture>\n\t\t<\/a>\n\t<\/p>\n\n\n<p>A CPR, institu\u00edda em 1994, passou por uma revis\u00e3o muito relevante neste ano. A CPR 3.0, como vem sendo chamada, amplia o conceito de produtor rural, oferece novas formas de financiamento para o agroneg\u00f3cio, traz mais seguran\u00e7a e pluralidade nos m\u00e9todos de capta\u00e7\u00e3o j\u00e1 existentes.<\/p>\n<p>A nova normativa passa a permitir capta\u00e7\u00e3o de recursos para projetos de conserva\u00e7\u00e3o e <strong>preserva\u00e7\u00e3o ambiental<\/strong> (CPR Verde) e para financiar outros elos da cadeia produtiva, como fornecimento de insumos, fornecimento de equipamentos, industrializa\u00e7\u00e3o de produtos resultantes da atividade rural, entre outros.<\/p>\n<p>Por fim, lembremos que a CPR conta com isen\u00e7\u00e3o IOF de cr\u00e9dito, apresentando custos de capta\u00e7\u00e3o inferiores a outras linhas tradicionais de cr\u00e9dito para os produtores rurais, al\u00e9m de contar com a isen\u00e7\u00e3o de imposto de renda para pessoas f\u00edsicas que venham a investir neste tipo de t\u00edtulo.<\/p>\n<p>Por fim, mas n\u00e3o menos importante, temos a nota comercial. Um t\u00edtulo novo, que completa seu primeiro ano de vida em 2022 e j\u00e1 demonstrou ser de boa aceita\u00e7\u00e3o por diversos p\u00fablicos e desenvolveu-se rapidamente. Pela facilidade de emiss\u00e3o (menor burocracia e menos intermedi\u00e1rios) e seus menores custos, ela tem se mostrado um excelente instrumento de esteira no mercado de capitais para empresas que desejam iniciar seu processo de equil\u00edbrio entre fontes de financiamento que n\u00e3o o setor banc\u00e1rio. Ainda assim, dentre os principais tomadores das notas comerciais, ainda vemos os pr\u00f3prios bancos, que devem, em breve, ter iniciativas para o fomento do mercado secund\u00e1rio deste tipo de t\u00edtulo e, ent\u00e3o, sua populariza\u00e7\u00e3o entre investidores deve se consolidar a partir de 2023.<\/p>\n\t<p>\n\t\t<a href=\"https:\/\/lp.suno.com.br\/ebook-investindo-em-fiis\/\" target=\"_blank\" data-element=\"shortcode-suno-banner\" title=\"Banner SUNO, clique e saiba mais\">\n\t\t\t<picture>\n\t\t\t\t<source media=\"(max-width: 500px)\" srcset=\"https:\/\/files.sunoresearch.com.br\/n\/uploads\/2023\/03\/Ebook-Fundos-Imobiliarios-Mobile-1.jpg\">\n\t\t\t\t<img class=\"newsContent__article__imgCapa newsContent__article__imgCapa--banner\"\n\t\t\t\t\tsrc=\"https:\/\/files.sunoresearch.com.br\/n\/uploads\/2023\/03\/Ebook-Fundos-Imobiliarios-Desktop-1.jpg\"\n\t\t\t\t\tdata-promo-id=\"313843\"\t\t\t\t\t\t\t\t\t\twidth='1420' height='286'\t\t\t\t\talt=\"https:\/\/files.sunoresearch.com.br\/n\/uploads\/2023\/03\/Ebook-Fundos-Imobiliarios-Desktop-1.jpg\"\n\t\t\t\t>\n\t\t\t<\/picture>\n\t\t<\/a>\n\t<\/p>\n\n\n","protected":false},"excerpt":{"rendered":"<p>H\u00e1 v\u00e1rios tipos de investimentos em renda fixa, mas este mercado n\u00e3o \u00e9 est\u00e1tico. \u00c9 inovador e sempre surgem produtos diferentes, para a ampla gama de necessidades dos &#8230;<\/p>\n","protected":false},"author":84,"featured_media":0,"template":"","tags":[308],"class_list":["post-315666","suno_column","type-suno_column","status-publish","hentry","tag-renda-fixa"],"yoast_head":"<!-- This site is optimized with the Yoast SEO plugin v24.4 - https:\/\/yoast.com\/wordpress\/plugins\/seo\/ -->\n<title>Principais mudan\u00e7as no mercado de renda fixa para 2023 - Suno Not\u00edcias<\/title>\n<meta name=\"description\" content=\"Este mercado n\u00e3o \u00e9 est\u00e1tico. \u00c9 inovador e sempre surgem produtos diferentes, para a ampla gama de necessidades dos investidores e das empresas\" \/>\n<meta name=\"robots\" content=\"index, follow, max-snippet:-1, max-image-preview:large, max-video-preview:-1\" \/>\n<link rel=\"canonical\" href=\"https:\/\/www.suno.com.br\/noticias\/colunas\/rodrigo-amato\/principais-mudancas-no-mercado-de-renda-fixa-para-2023\/\" \/>\n<meta property=\"og:locale\" content=\"pt_BR\" \/>\n<meta property=\"og:type\" content=\"article\" \/>\n<meta property=\"og:title\" content=\"Principais mudan\u00e7as no mercado de renda fixa para 2023 - Suno Not\u00edcias\" \/>\n<meta property=\"og:description\" content=\"Este mercado n\u00e3o \u00e9 est\u00e1tico. \u00c9 inovador e sempre surgem produtos diferentes, para a ampla gama de necessidades dos investidores e das empresas\" \/>\n<meta property=\"og:url\" content=\"https:\/\/www.suno.com.br\/noticias\/colunas\/rodrigo-amato\/principais-mudancas-no-mercado-de-renda-fixa-para-2023\/\" \/>\n<meta property=\"og:site_name\" content=\"Suno Not\u00edcias\" \/>\n<meta property=\"article:publisher\" content=\"https:\/\/facebook.com\/sunoresearch\" \/>\n<meta property=\"og:image\" content=\"https:\/\/files.sunoresearch.com.br\/n\/uploads\/2022\/06\/Modelo2.jpg\" \/>\n\t<meta property=\"og:image:width\" content=\"1200\" \/>\n\t<meta property=\"og:image:height\" content=\"627\" \/>\n\t<meta property=\"og:image:type\" content=\"image\/jpeg\" \/>\n<meta name=\"twitter:card\" content=\"summary_large_image\" \/>\n<meta name=\"twitter:site\" content=\"@sunoresearch\" \/>\n<meta name=\"twitter:label1\" content=\"Est. tempo de leitura\" \/>\n\t<meta name=\"twitter:data1\" content=\"4 minutos\" \/>\n<script type=\"application\/ld+json\" class=\"yoast-schema-graph\">{\"@context\":\"https:\/\/schema.org\",\"@graph\":[{\"@type\":\"Article\",\"@id\":\"https:\/\/www.suno.com.br\/noticias\/colunas\/rodrigo-amato\/principais-mudancas-no-mercado-de-renda-fixa-para-2023\/#article\",\"isPartOf\":{\"@id\":\"https:\/\/www.suno.com.br\/noticias\/colunas\/rodrigo-amato\/principais-mudancas-no-mercado-de-renda-fixa-para-2023\/\"},\"author\":{\"name\":\"Rodrigo Amato\",\"@id\":\"https:\/\/www.suno.com.br\/noticias\/#\/schema\/person\/c8f66d046654c3876829fba1fdcfcf61\"},\"headline\":\"Principais mudan\u00e7as no mercado de renda fixa para 2023\",\"datePublished\":\"2022-11-07T11:00:51+00:00\",\"mainEntityOfPage\":{\"@id\":\"https:\/\/www.suno.com.br\/noticias\/colunas\/rodrigo-amato\/principais-mudancas-no-mercado-de-renda-fixa-para-2023\/\"},\"wordCount\":644,\"publisher\":{\"@id\":\"https:\/\/www.suno.com.br\/noticias\/#organization\"},\"keywords\":[\"Renda Fixa\"],\"inLanguage\":\"pt-BR\"},{\"@type\":\"WebPage\",\"@id\":\"https:\/\/www.suno.com.br\/noticias\/colunas\/rodrigo-amato\/principais-mudancas-no-mercado-de-renda-fixa-para-2023\/\",\"url\":\"https:\/\/www.suno.com.br\/noticias\/colunas\/rodrigo-amato\/principais-mudancas-no-mercado-de-renda-fixa-para-2023\/\",\"name\":\"Principais mudan\u00e7as no mercado de renda fixa para 2023 - Suno Not\u00edcias\",\"isPartOf\":{\"@id\":\"https:\/\/www.suno.com.br\/noticias\/#website\"},\"datePublished\":\"2022-11-07T11:00:51+00:00\",\"description\":\"Este mercado n\u00e3o \u00e9 est\u00e1tico. \u00c9 inovador e sempre surgem produtos diferentes, para a ampla gama de necessidades dos investidores e das empresas\",\"breadcrumb\":{\"@id\":\"https:\/\/www.suno.com.br\/noticias\/colunas\/rodrigo-amato\/principais-mudancas-no-mercado-de-renda-fixa-para-2023\/#breadcrumb\"},\"inLanguage\":\"pt-BR\",\"potentialAction\":[{\"@type\":\"ReadAction\",\"target\":[\"https:\/\/www.suno.com.br\/noticias\/colunas\/rodrigo-amato\/principais-mudancas-no-mercado-de-renda-fixa-para-2023\/\"]}]},{\"@type\":\"BreadcrumbList\",\"@id\":\"https:\/\/www.suno.com.br\/noticias\/colunas\/rodrigo-amato\/principais-mudancas-no-mercado-de-renda-fixa-para-2023\/#breadcrumb\",\"itemListElement\":[{\"@type\":\"ListItem\",\"position\":1,\"name\":\"Not\u00edcias\",\"item\":\"https:\/\/www.suno.com.br\/noticias\/\"},{\"@type\":\"ListItem\",\"position\":2,\"name\":\"Colunas\",\"item\":\"https:\/\/www.suno.com.br\/noticias\/colunas\/\"},{\"@type\":\"ListItem\",\"position\":3,\"name\":\"Principais mudan\u00e7as no mercado de renda fixa para 2023\"}]},{\"@type\":\"WebSite\",\"@id\":\"https:\/\/www.suno.com.br\/noticias\/#website\",\"url\":\"https:\/\/www.suno.com.br\/noticias\/\",\"name\":\"Suno Not\u00edcias\",\"description\":\"Seu portal de informa\u00e7\u00e3o sobre o mundo dos investimentos\",\"publisher\":{\"@id\":\"https:\/\/www.suno.com.br\/noticias\/#organization\"},\"potentialAction\":[{\"@type\":\"SearchAction\",\"target\":{\"@type\":\"EntryPoint\",\"urlTemplate\":\"https:\/\/www.suno.com.br\/noticias\/?s={search_term_string}\"},\"query-input\":{\"@type\":\"PropertyValueSpecification\",\"valueRequired\":true,\"valueName\":\"search_term_string\"}}],\"inLanguage\":\"pt-BR\"},{\"@type\":\"Organization\",\"@id\":\"https:\/\/www.suno.com.br\/noticias\/#organization\",\"name\":\"Suno Not\u00edcias\",\"url\":\"https:\/\/www.suno.com.br\/noticias\/\",\"logo\":{\"@type\":\"ImageObject\",\"inLanguage\":\"pt-BR\",\"@id\":\"https:\/\/www.suno.com.br\/noticias\/#\/schema\/logo\/image\/\",\"url\":\"https:\/\/files.sunoresearch.com.br\/n\/uploads\/2021\/09\/suno-logo.png\",\"contentUrl\":\"https:\/\/files.sunoresearch.com.br\/n\/uploads\/2021\/09\/suno-logo.png\",\"width\":180,\"height\":180,\"caption\":\"Suno Not\u00edcias\"},\"image\":{\"@id\":\"https:\/\/www.suno.com.br\/noticias\/#\/schema\/logo\/image\/\"},\"sameAs\":[\"https:\/\/facebook.com\/sunoresearch\",\"https:\/\/x.com\/sunoresearch\",\"https:\/\/www.instagram.com\/suno\",\"https:\/\/www.linkedin.com\/company\/suno-research\/\",\"https:\/\/www.youtube.com\/c\/sunoresearch\"]},{\"@type\":\"Person\",\"@id\":\"https:\/\/www.suno.com.br\/noticias\/#\/schema\/person\/c8f66d046654c3876829fba1fdcfcf61\",\"name\":\"Rodrigo Amato\",\"image\":{\"@type\":\"ImageObject\",\"inLanguage\":\"pt-BR\",\"@id\":\"https:\/\/www.suno.com.br\/noticias\/#\/schema\/person\/image\/\",\"url\":\"https:\/\/secure.gravatar.com\/avatar\/ab183a34f6146f1f7f37662e153fe6b1?s=96&r=g\",\"contentUrl\":\"https:\/\/secure.gravatar.com\/avatar\/ab183a34f6146f1f7f37662e153fe6b1?s=96&r=g\",\"caption\":\"Rodrigo Amato\"},\"description\":\"Fundador e CEO da Laqus, empresa de tecnologia com ampla experi\u00eancia em assuntos relacionados \u00e0 tesouraria e gest\u00e3o de risco. Em junho de 2021, obteve a homologa\u00e7\u00e3o junto \u00e0 Comiss\u00e3o de Valores Mobili\u00e1rios (CVM) para atuar como Central Deposit\u00e1ria de Valores Mobili\u00e1rios, sendo a \u00fanica companhia al\u00e9m da B3 autorizada a operar neste mercado.\",\"sameAs\":[\"https:\/\/www.mark2market.com.br\/\",\"https:\/\/www.linkedin.com\/company\/mark2market\/\"],\"url\":\"https:\/\/www.suno.com.br\/noticias\/author\/rodrigo-amato\/\"}]}<\/script>\n<!-- \/ Yoast SEO plugin. -->","yoast_head_json":{"title":"Principais mudan\u00e7as no mercado de renda fixa para 2023 - Suno Not\u00edcias","description":"Este mercado n\u00e3o \u00e9 est\u00e1tico. \u00c9 inovador e sempre surgem produtos diferentes, para a ampla gama de necessidades dos investidores e das empresas","robots":{"index":"index","follow":"follow","max-snippet":"max-snippet:-1","max-image-preview":"max-image-preview:large","max-video-preview":"max-video-preview:-1"},"canonical":"https:\/\/www.suno.com.br\/noticias\/colunas\/rodrigo-amato\/principais-mudancas-no-mercado-de-renda-fixa-para-2023\/","og_locale":"pt_BR","og_type":"article","og_title":"Principais mudan\u00e7as no mercado de renda fixa para 2023 - Suno Not\u00edcias","og_description":"Este mercado n\u00e3o \u00e9 est\u00e1tico. \u00c9 inovador e sempre surgem produtos diferentes, para a ampla gama de necessidades dos investidores e das empresas","og_url":"https:\/\/www.suno.com.br\/noticias\/colunas\/rodrigo-amato\/principais-mudancas-no-mercado-de-renda-fixa-para-2023\/","og_site_name":"Suno Not\u00edcias","article_publisher":"https:\/\/facebook.com\/sunoresearch","og_image":[{"width":1200,"height":627,"url":"https:\/\/files.sunoresearch.com.br\/n\/uploads\/2022\/06\/Modelo2.jpg","type":"image\/jpeg"}],"twitter_card":"summary_large_image","twitter_site":"@sunoresearch","twitter_misc":{"Est. tempo de leitura":"4 minutos"},"schema":{"@context":"https:\/\/schema.org","@graph":[{"@type":"Article","@id":"https:\/\/www.suno.com.br\/noticias\/colunas\/rodrigo-amato\/principais-mudancas-no-mercado-de-renda-fixa-para-2023\/#article","isPartOf":{"@id":"https:\/\/www.suno.com.br\/noticias\/colunas\/rodrigo-amato\/principais-mudancas-no-mercado-de-renda-fixa-para-2023\/"},"author":{"name":"Rodrigo Amato","@id":"https:\/\/www.suno.com.br\/noticias\/#\/schema\/person\/c8f66d046654c3876829fba1fdcfcf61"},"headline":"Principais mudan\u00e7as no mercado de renda fixa para 2023","datePublished":"2022-11-07T11:00:51+00:00","mainEntityOfPage":{"@id":"https:\/\/www.suno.com.br\/noticias\/colunas\/rodrigo-amato\/principais-mudancas-no-mercado-de-renda-fixa-para-2023\/"},"wordCount":644,"publisher":{"@id":"https:\/\/www.suno.com.br\/noticias\/#organization"},"keywords":["Renda Fixa"],"inLanguage":"pt-BR"},{"@type":"WebPage","@id":"https:\/\/www.suno.com.br\/noticias\/colunas\/rodrigo-amato\/principais-mudancas-no-mercado-de-renda-fixa-para-2023\/","url":"https:\/\/www.suno.com.br\/noticias\/colunas\/rodrigo-amato\/principais-mudancas-no-mercado-de-renda-fixa-para-2023\/","name":"Principais mudan\u00e7as no mercado de renda fixa para 2023 - Suno Not\u00edcias","isPartOf":{"@id":"https:\/\/www.suno.com.br\/noticias\/#website"},"datePublished":"2022-11-07T11:00:51+00:00","description":"Este mercado n\u00e3o \u00e9 est\u00e1tico. \u00c9 inovador e sempre surgem produtos diferentes, para a ampla gama de necessidades dos investidores e das empresas","breadcrumb":{"@id":"https:\/\/www.suno.com.br\/noticias\/colunas\/rodrigo-amato\/principais-mudancas-no-mercado-de-renda-fixa-para-2023\/#breadcrumb"},"inLanguage":"pt-BR","potentialAction":[{"@type":"ReadAction","target":["https:\/\/www.suno.com.br\/noticias\/colunas\/rodrigo-amato\/principais-mudancas-no-mercado-de-renda-fixa-para-2023\/"]}]},{"@type":"BreadcrumbList","@id":"https:\/\/www.suno.com.br\/noticias\/colunas\/rodrigo-amato\/principais-mudancas-no-mercado-de-renda-fixa-para-2023\/#breadcrumb","itemListElement":[{"@type":"ListItem","position":1,"name":"Not\u00edcias","item":"https:\/\/www.suno.com.br\/noticias\/"},{"@type":"ListItem","position":2,"name":"Colunas","item":"https:\/\/www.suno.com.br\/noticias\/colunas\/"},{"@type":"ListItem","position":3,"name":"Principais mudan\u00e7as no mercado de renda fixa para 2023"}]},{"@type":"WebSite","@id":"https:\/\/www.suno.com.br\/noticias\/#website","url":"https:\/\/www.suno.com.br\/noticias\/","name":"Suno Not\u00edcias","description":"Seu portal de informa\u00e7\u00e3o sobre o mundo dos investimentos","publisher":{"@id":"https:\/\/www.suno.com.br\/noticias\/#organization"},"potentialAction":[{"@type":"SearchAction","target":{"@type":"EntryPoint","urlTemplate":"https:\/\/www.suno.com.br\/noticias\/?s={search_term_string}"},"query-input":{"@type":"PropertyValueSpecification","valueRequired":true,"valueName":"search_term_string"}}],"inLanguage":"pt-BR"},{"@type":"Organization","@id":"https:\/\/www.suno.com.br\/noticias\/#organization","name":"Suno Not\u00edcias","url":"https:\/\/www.suno.com.br\/noticias\/","logo":{"@type":"ImageObject","inLanguage":"pt-BR","@id":"https:\/\/www.suno.com.br\/noticias\/#\/schema\/logo\/image\/","url":"https:\/\/files.sunoresearch.com.br\/n\/uploads\/2021\/09\/suno-logo.png","contentUrl":"https:\/\/files.sunoresearch.com.br\/n\/uploads\/2021\/09\/suno-logo.png","width":180,"height":180,"caption":"Suno Not\u00edcias"},"image":{"@id":"https:\/\/www.suno.com.br\/noticias\/#\/schema\/logo\/image\/"},"sameAs":["https:\/\/facebook.com\/sunoresearch","https:\/\/x.com\/sunoresearch","https:\/\/www.instagram.com\/suno","https:\/\/www.linkedin.com\/company\/suno-research\/","https:\/\/www.youtube.com\/c\/sunoresearch"]},{"@type":"Person","@id":"https:\/\/www.suno.com.br\/noticias\/#\/schema\/person\/c8f66d046654c3876829fba1fdcfcf61","name":"Rodrigo Amato","image":{"@type":"ImageObject","inLanguage":"pt-BR","@id":"https:\/\/www.suno.com.br\/noticias\/#\/schema\/person\/image\/","url":"https:\/\/secure.gravatar.com\/avatar\/ab183a34f6146f1f7f37662e153fe6b1?s=96&r=g","contentUrl":"https:\/\/secure.gravatar.com\/avatar\/ab183a34f6146f1f7f37662e153fe6b1?s=96&r=g","caption":"Rodrigo Amato"},"description":"Fundador e CEO da Laqus, empresa de tecnologia com ampla experi\u00eancia em assuntos relacionados \u00e0 tesouraria e gest\u00e3o de risco. Em junho de 2021, obteve a homologa\u00e7\u00e3o junto \u00e0 Comiss\u00e3o de Valores Mobili\u00e1rios (CVM) para atuar como Central Deposit\u00e1ria de Valores Mobili\u00e1rios, sendo a \u00fanica companhia al\u00e9m da B3 autorizada a operar neste mercado.","sameAs":["https:\/\/www.mark2market.com.br\/","https:\/\/www.linkedin.com\/company\/mark2market\/"],"url":"https:\/\/www.suno.com.br\/noticias\/author\/rodrigo-amato\/"}]}},"amp_enabled":true,"_links":{"self":[{"href":"https:\/\/www.suno.com.br\/noticias\/wp-json\/wp\/v2\/suno_column\/315666"}],"collection":[{"href":"https:\/\/www.suno.com.br\/noticias\/wp-json\/wp\/v2\/suno_column"}],"about":[{"href":"https:\/\/www.suno.com.br\/noticias\/wp-json\/wp\/v2\/types\/suno_column"}],"author":[{"embeddable":true,"href":"https:\/\/www.suno.com.br\/noticias\/wp-json\/wp\/v2\/users\/84"}],"wp:attachment":[{"href":"https:\/\/www.suno.com.br\/noticias\/wp-json\/wp\/v2\/media?parent=315666"}],"wp:term":[{"taxonomy":"post_tag","embeddable":true,"href":"https:\/\/www.suno.com.br\/noticias\/wp-json\/wp\/v2\/tags?post=315666"}],"curies":[{"name":"wp","href":"https:\/\/api.w.org\/{rel}","templated":true}]}}