{"id":308196,"date":"2022-10-14T08:00:45","date_gmt":"2022-10-14T11:00:45","guid":{"rendered":"https:\/\/www.suno.com.br\/noticias\/colunas\/marco-lopes\/\/"},"modified":"2022-10-13T14:25:39","modified_gmt":"2022-10-13T17:25:39","slug":"situacao-positiva-do-brasil-contrasta-com-panorama-global","status":"publish","type":"suno_column","link":"https:\/\/www.suno.com.br\/noticias\/colunas\/rodrigo\/situacao-positiva-do-brasil-contrasta-com-panorama-global\/","title":{"rendered":"Situa\u00e7\u00e3o positiva do Brasil contrasta com panorama global"},"content":{"rendered":"<p>Depois de tantos meses de afli\u00e7\u00e3o, com n\u00fameros ruins em v\u00e1rias frentes, a economia brasileira reagiu e apresentou sinais consistentes de melhora nas \u00faltimas semanas \u2013 tanto do ponto de vista macroecon\u00f4mico, quanto do <strong><a class=\"suno-keyword\" href=\"https:\/\/www.suno.com.br\/guias\/mercado-financeiro\/\" target=\"_blank\" rel=\"noopener\" data-force=\"no\" data-priority=\"2\">mercado financeiro<\/a><\/strong>. A situa\u00e7\u00e3o contrasta com um agravamento do cen\u00e1rio internacional, em que h\u00e1 um aumento do risco de <strong>recess\u00e3o<\/strong> e continuidade do aperto monet\u00e1rio, que devem ser observados com cautela pelos brasileiros.<\/p>\n\t<p>\n\t\t<a href=\"\" target=\"_blank\" data-element=\"shortcode-suno-banner\" title=\"Banner SUNO, clique e saiba mais\">\n\t\t\t<picture>\n\t\t\t\t<source media=\"(max-width: 500px)\" srcset=\"\">\n\t\t\t\t<img class=\"newsContent__article__imgCapa newsContent__article__imgCapa--banner\"\n\t\t\t\t\tsrc=\"\"\n\t\t\t\t\tdata-promo-id=\"240038\"\t\t\t\t\t\t\t\t\t\t\t\t\t\t\talt=\"\"\n\t\t\t\t>\n\t\t\t<\/picture>\n\t\t<\/a>\n\t<\/p>\n\n\n<p>A <strong>infla\u00e7\u00e3o<\/strong> arrepiante vista at\u00e9 meados deste ano parece contida. \u00c9 o que mostram os sucessivos resultados dos indicadores oficiais. O mais recente, o IPCA-15 de setembro (que \u00e9 a pr\u00e9via do \u00edndice oficial, o IPCA) recuou 0,37% em rela\u00e7\u00e3o ao m\u00eas anterior, acumulando uma alta de 4,63% no ano e de 7,96% nos \u00faltimos 12 meses. Trata-se, portanto, de uma surpresa positiva, j\u00e1 que o mercado esperava um recuo mensal menor, de 0,20%, e um acumulado anual de 9,60%.<\/p>\n<p>O Brasil tamb\u00e9m vem sendo considerado um bom neg\u00f3cio para os investidores. O <strong>Ibovespa<\/strong>, principal \u00edndice da bolsa brasileira, obteve o melhor desempenho do mundo no acumulado do ano, com retorno de +5% em reais e de +8% em d\u00f3lares. A efeito de compara\u00e7\u00e3o, o <a class=\"suno-keyword\" href=\"https:\/\/www.suno.com.br\/artigos\/sp-500\/\" target=\"_blank\" rel=\"noopener\" data-force=\"no\" data-priority=\"3\">S&amp;P 500<\/a> acumula baixa de 25% em 2022. As a\u00e7\u00f5es das empresas brasileiras est\u00e3o atrativas (apesar da taxa Selic mantida em 13,75%), gra\u00e7as aos pre\u00e7os baixos e ao n\u00edvel de <a class=\"suno-keyword\" href=\"https:\/\/www.suno.com.br\/artigos\/premio-de-risco\/\" target=\"_blank\" rel=\"noopener\" data-force=\"no\" data-priority=\"1\">Pr\u00eamio de Risco<\/a> em 9,4%, patamar superior \u00e0 m\u00e9dia hist\u00f3rica.<\/p>\n<p>L\u00e1 fora, os pa\u00edses ainda sofrem para controlar a<strong> alta de pre\u00e7os<\/strong>. Na <a class=\"suno-keyword\" href=\"https:\/\/www.suno.com.br\/artigos\/zona-do-euro\/\" target=\"_blank\" rel=\"noopener\" data-force=\"no\" data-priority=\"1\">zona do euro<\/a>, por exemplo, a infla\u00e7\u00e3o aumentou 1,2% em setembro (o mercado projetava alta de 0,9%), o que elevou a taxa anual a hist\u00f3ricos 10%, batendo um novo recorde \u2013 resultado bastante disseminado entre pa\u00edses e setores, o que torna o panorama ainda mais negativo. J\u00e1 nos Estados Unidos, o \u00edndice PCE Deflator, que \u00e9 o mais usado pelo Federal Reserve (Fed), teve uma leve melhora, subindo 0,4% no m\u00eas e 6,2% em 12 meses, mas ainda bastante alto.<\/p>\n\t<p>\n\t\t<a href=\"https:\/\/lp.suno.com.br\/ebook-como-analisar-uma-acao\/\" target=\"_blank\" data-element=\"shortcode-suno-banner\" title=\"Banner SUNO, clique e saiba mais\">\n\t\t\t<picture>\n\t\t\t\t<source media=\"(max-width: 500px)\" srcset=\"https:\/\/files.sunoresearch.com.br\/n\/uploads\/2023\/03\/Ebook-Acoes-Mobile-1.jpg\">\n\t\t\t\t<img class=\"newsContent__article__imgCapa newsContent__article__imgCapa--banner\"\n\t\t\t\t\tsrc=\"https:\/\/files.sunoresearch.com.br\/n\/uploads\/2023\/03\/Ebook-Acoes-Desktop-1.jpg\"\n\t\t\t\t\tdata-promo-id=\"171998\"\t\t\t\t\t\t\t\t\t\twidth='1420' height='286'\t\t\t\t\talt=\"https:\/\/files.sunoresearch.com.br\/n\/uploads\/2023\/03\/Ebook-Acoes-Desktop-1.jpg\"\n\t\t\t\t>\n\t\t\t<\/picture>\n\t\t<\/a>\n\t<\/p>\n\n\n<p>Para enfrentar um problema dessa magnitude, um rem\u00e9dio amargo. O <strong>Fed<\/strong> elevou em 0,75 ponto percentual a taxa de juros americana. \u00c9 a terceira alta consecutiva e est\u00e1 longe de ser a \u00faltima, segundo a autoridade monet\u00e1ria. No Velho Continente, o Banco Central Europeu tamb\u00e9m adotou uma postura mais agressiva, elevando os juros em 0,75 p.p., assim como o Banco da Inglaterra, que subiu em 0,50 p.p.<\/p>\n<p>Preocupa\u00e7\u00e3o a m\u00e9dio prazo<\/p>\n<p>De fato, o cen\u00e1rio no Brasil est\u00e1 bem mais positivo, mas n\u00e3o se pode baixar a guarda. A movimenta\u00e7\u00e3o no exterior pode nos afetar de diferentes formas. A primeira \u00e9 que o aumento robusto e brusco dos juros nos EUA tende a fortalecer ainda mais o d\u00f3lar, prejudicando outras moedas. Isso vem sendo observado, principalmente, na Europa, quando se compara o valor do euro e da libra com a moeda americana. E num momento de escassez de energia e em que a maior economia do mundo \u00e9 exportadora de petr\u00f3leo e g\u00e1s, sua moeda tamb\u00e9m se beneficia.<\/p>\n<p>Outro fator de aten\u00e7\u00e3o \u00e9 a <strong>recess\u00e3o global<\/strong> que se avizinha e \u00e9 cada vez mais tida como certa pelas previs\u00f5es do mercado. Al\u00e9m do aperto monet\u00e1rio, h\u00e1 um temor pela desacelera\u00e7\u00e3o da economia chinesa e dos riscos geopol\u00edticos, sobretudo relacionados ao prolongamento e \u00e0s consequ\u00eancias posteriores da guerra na Ucr\u00e2nia. Isso vem gerando um aumento da <a class=\"suno-keyword\" href=\"https:\/\/www.suno.com.br\/artigos\/aversao-ao-risco\/\" target=\"_blank\" rel=\"noopener\" data-force=\"no\" data-priority=\"1\">avers\u00e3o ao risco<\/a> por parte dos investidores internacionais, que tendem a buscar seguran\u00e7a nos ativos mais seguros do mundo, os t\u00edtulos da d\u00edvida dos EUA, que tamb\u00e9m est\u00e3o pagando mais.<\/p>\n<p>O que o Brasil pode fazer para se proteger dessa piora de perspectivas? A d\u00edvida e o <a class=\"suno-keyword\" href=\"https:\/\/www.suno.com.br\/artigos\/servico-da-divida\/\" target=\"_blank\" rel=\"noopener\" data-force=\"no\" data-priority=\"1\">servi\u00e7o da d\u00edvida<\/a> do pa\u00eds est\u00e3o elevados e, por isso, a responsabilidade na <a class=\"suno-keyword\" href=\"https:\/\/www.suno.com.br\/artigos\/politica-fiscal\/\" target=\"_blank\" rel=\"noopener\" data-force=\"no\" data-priority=\"1\">pol\u00edtica fiscal<\/a> entre a reta final deste ano e 2023 \u00e9 fundamental para quem quer que esteja no poder. Com o controle nos gastos p\u00fablicos, aumentam as chances de a infla\u00e7\u00e3o seguir caindo e, consequentemente, de o <strong>Banco Central<\/strong> encontrar espa\u00e7o para reduzir os juros, criando um ambiente prop\u00edcio ao crescimento econ\u00f4mico.<\/p>\n\t<p>\n\t\t<a href=\"https:\/\/lp.suno.com.br\/planilha-de-controle-de-investimentos\/\" target=\"_blank\" data-element=\"shortcode-suno-banner\" title=\"Banner SUNO, clique e saiba mais\">\n\t\t\t<picture>\n\t\t\t\t<source media=\"(max-width: 500px)\" srcset=\"https:\/\/files.sunoresearch.com.br\/n\/uploads\/2023\/03\/400x300-Controle-de-Investimentos.png\">\n\t\t\t\t<img class=\"newsContent__article__imgCapa newsContent__article__imgCapa--banner\"\n\t\t\t\t\tsrc=\"https:\/\/files.sunoresearch.com.br\/n\/uploads\/2023\/03\/1420x240-Controle-de-Investimentos.png\"\n\t\t\t\t\tdata-promo-id=\"75934\"\t\t\t\t\t\t\t\t\t\twidth='1420' height='240'\t\t\t\t\talt=\"https:\/\/files.sunoresearch.com.br\/n\/uploads\/2023\/03\/1420x240-Controle-de-Investimentos.png\"\n\t\t\t\t>\n\t\t\t<\/picture>\n\t\t<\/a>\n\t<\/p>\n\n\n","protected":false},"excerpt":{"rendered":"<p>Depois de tantos meses de afli\u00e7\u00e3o, com n\u00fameros ruins em v\u00e1rias frentes, a economia brasileira reagiu e apresentou sinais consistentes de melhora nas \u00faltimas semanas \u2013 &#8230;<\/p>\n","protected":false},"author":150,"featured_media":0,"template":"","tags":[850,1635,1881],"class_list":["post-308196","suno_column","type-suno_column","status-publish","hentry","tag-inflacao","tag-mercado-financeiro","tag-recessao"],"yoast_head":"<!-- This site is optimized with the Yoast SEO plugin v24.4 - https:\/\/yoast.com\/wordpress\/plugins\/seo\/ -->\n<title>Situa\u00e7\u00e3o positiva do Brasil contrasta com panorama global - Suno Not\u00edcias<\/title>\n<meta name=\"description\" content=\"Ap\u00f3s meses de afli\u00e7\u00e3o, com n\u00fameros ruins em v\u00e1rias frentes, a economia brasileira reagiu e apresentou sinais consistentes de melhora\" \/>\n<meta name=\"robots\" content=\"index, follow, max-snippet:-1, max-image-preview:large, max-video-preview:-1\" \/>\n<link rel=\"canonical\" href=\"https:\/\/www.suno.com.br\/noticias\/colunas\/rodrigo\/situacao-positiva-do-brasil-contrasta-com-panorama-global\/\" \/>\n<meta property=\"og:locale\" content=\"pt_BR\" \/>\n<meta property=\"og:type\" content=\"article\" \/>\n<meta property=\"og:title\" content=\"Situa\u00e7\u00e3o positiva do Brasil contrasta com panorama global - Suno Not\u00edcias\" \/>\n<meta property=\"og:description\" content=\"Ap\u00f3s meses de afli\u00e7\u00e3o, com n\u00fameros ruins em v\u00e1rias frentes, a economia brasileira reagiu e apresentou sinais consistentes de melhora\" \/>\n<meta property=\"og:url\" content=\"https:\/\/www.suno.com.br\/noticias\/colunas\/rodrigo\/situacao-positiva-do-brasil-contrasta-com-panorama-global\/\" \/>\n<meta property=\"og:site_name\" content=\"Suno Not\u00edcias\" \/>\n<meta property=\"article:publisher\" content=\"https:\/\/facebook.com\/sunoresearch\" \/>\n<meta property=\"og:image\" content=\"https:\/\/files.sunoresearch.com.br\/n\/uploads\/2022\/06\/Modelo2.jpg\" \/>\n\t<meta property=\"og:image:width\" content=\"1200\" \/>\n\t<meta property=\"og:image:height\" content=\"627\" \/>\n\t<meta property=\"og:image:type\" content=\"image\/jpeg\" \/>\n<meta name=\"twitter:card\" content=\"summary_large_image\" \/>\n<meta name=\"twitter:site\" content=\"@sunoresearch\" \/>\n<meta name=\"twitter:label1\" content=\"Est. tempo de leitura\" \/>\n\t<meta name=\"twitter:data1\" content=\"4 minutos\" \/>\n<script type=\"application\/ld+json\" class=\"yoast-schema-graph\">{\"@context\":\"https:\/\/schema.org\",\"@graph\":[{\"@type\":\"Article\",\"@id\":\"https:\/\/www.suno.com.br\/noticias\/colunas\/rodrigo\/situacao-positiva-do-brasil-contrasta-com-panorama-global\/#article\",\"isPartOf\":{\"@id\":\"https:\/\/www.suno.com.br\/noticias\/colunas\/rodrigo\/situacao-positiva-do-brasil-contrasta-com-panorama-global\/\"},\"author\":{\"name\":\"Rodrigo Sodr\u00e9\",\"@id\":\"https:\/\/www.suno.com.br\/noticias\/#\/schema\/person\/fdc736d1230a181088e887a23cd1cc29\"},\"headline\":\"Situa\u00e7\u00e3o positiva do Brasil contrasta com panorama global\",\"datePublished\":\"2022-10-14T11:00:45+00:00\",\"mainEntityOfPage\":{\"@id\":\"https:\/\/www.suno.com.br\/noticias\/colunas\/rodrigo\/situacao-positiva-do-brasil-contrasta-com-panorama-global\/\"},\"wordCount\":717,\"publisher\":{\"@id\":\"https:\/\/www.suno.com.br\/noticias\/#organization\"},\"keywords\":[\"infla\u00e7\u00e3o\",\"mercado financeiro\",\"recess\u00e3o\"],\"inLanguage\":\"pt-BR\"},{\"@type\":\"WebPage\",\"@id\":\"https:\/\/www.suno.com.br\/noticias\/colunas\/rodrigo\/situacao-positiva-do-brasil-contrasta-com-panorama-global\/\",\"url\":\"https:\/\/www.suno.com.br\/noticias\/colunas\/rodrigo\/situacao-positiva-do-brasil-contrasta-com-panorama-global\/\",\"name\":\"Situa\u00e7\u00e3o positiva do Brasil contrasta com panorama global - Suno Not\u00edcias\",\"isPartOf\":{\"@id\":\"https:\/\/www.suno.com.br\/noticias\/#website\"},\"datePublished\":\"2022-10-14T11:00:45+00:00\",\"description\":\"Ap\u00f3s meses de afli\u00e7\u00e3o, com n\u00fameros ruins em v\u00e1rias frentes, a economia brasileira reagiu e apresentou sinais consistentes de melhora\",\"breadcrumb\":{\"@id\":\"https:\/\/www.suno.com.br\/noticias\/colunas\/rodrigo\/situacao-positiva-do-brasil-contrasta-com-panorama-global\/#breadcrumb\"},\"inLanguage\":\"pt-BR\",\"potentialAction\":[{\"@type\":\"ReadAction\",\"target\":[\"https:\/\/www.suno.com.br\/noticias\/colunas\/rodrigo\/situacao-positiva-do-brasil-contrasta-com-panorama-global\/\"]}]},{\"@type\":\"BreadcrumbList\",\"@id\":\"https:\/\/www.suno.com.br\/noticias\/colunas\/rodrigo\/situacao-positiva-do-brasil-contrasta-com-panorama-global\/#breadcrumb\",\"itemListElement\":[{\"@type\":\"ListItem\",\"position\":1,\"name\":\"Not\u00edcias\",\"item\":\"https:\/\/www.suno.com.br\/noticias\/\"},{\"@type\":\"ListItem\",\"position\":2,\"name\":\"Colunas\",\"item\":\"https:\/\/www.suno.com.br\/noticias\/colunas\/\"},{\"@type\":\"ListItem\",\"position\":3,\"name\":\"Situa\u00e7\u00e3o positiva do Brasil contrasta com panorama global\"}]},{\"@type\":\"WebSite\",\"@id\":\"https:\/\/www.suno.com.br\/noticias\/#website\",\"url\":\"https:\/\/www.suno.com.br\/noticias\/\",\"name\":\"Suno Not\u00edcias\",\"description\":\"Seu portal de informa\u00e7\u00e3o sobre o mundo dos investimentos\",\"publisher\":{\"@id\":\"https:\/\/www.suno.com.br\/noticias\/#organization\"},\"potentialAction\":[{\"@type\":\"SearchAction\",\"target\":{\"@type\":\"EntryPoint\",\"urlTemplate\":\"https:\/\/www.suno.com.br\/noticias\/?s={search_term_string}\"},\"query-input\":{\"@type\":\"PropertyValueSpecification\",\"valueRequired\":true,\"valueName\":\"search_term_string\"}}],\"inLanguage\":\"pt-BR\"},{\"@type\":\"Organization\",\"@id\":\"https:\/\/www.suno.com.br\/noticias\/#organization\",\"name\":\"Suno Not\u00edcias\",\"url\":\"https:\/\/www.suno.com.br\/noticias\/\",\"logo\":{\"@type\":\"ImageObject\",\"inLanguage\":\"pt-BR\",\"@id\":\"https:\/\/www.suno.com.br\/noticias\/#\/schema\/logo\/image\/\",\"url\":\"https:\/\/files.sunoresearch.com.br\/n\/uploads\/2021\/09\/suno-logo.png\",\"contentUrl\":\"https:\/\/files.sunoresearch.com.br\/n\/uploads\/2021\/09\/suno-logo.png\",\"width\":180,\"height\":180,\"caption\":\"Suno Not\u00edcias\"},\"image\":{\"@id\":\"https:\/\/www.suno.com.br\/noticias\/#\/schema\/logo\/image\/\"},\"sameAs\":[\"https:\/\/facebook.com\/sunoresearch\",\"https:\/\/x.com\/sunoresearch\",\"https:\/\/www.instagram.com\/suno\",\"https:\/\/www.linkedin.com\/company\/suno-research\/\",\"https:\/\/www.youtube.com\/c\/sunoresearch\"]},{\"@type\":\"Person\",\"@id\":\"https:\/\/www.suno.com.br\/noticias\/#\/schema\/person\/fdc736d1230a181088e887a23cd1cc29\",\"name\":\"Rodrigo Sodr\u00e9\",\"image\":{\"@type\":\"ImageObject\",\"inLanguage\":\"pt-BR\",\"@id\":\"https:\/\/www.suno.com.br\/noticias\/#\/schema\/person\/image\/\",\"url\":\"https:\/\/secure.gravatar.com\/avatar\/d770e5f6552fa0043989d2c8c46b622b?s=96&r=g\",\"contentUrl\":\"https:\/\/secure.gravatar.com\/avatar\/d770e5f6552fa0043989d2c8c46b622b?s=96&r=g\",\"caption\":\"Rodrigo Sodr\u00e9\"},\"description\":\"Economista formado pelo Ibmec com MBA em Investimento e Riscos pela Funda\u00e7\u00e3o Getulio Vargas (FGV) e s\u00f3cio da BRA. Tem experi\u00eancia de mais de 11 anos em gest\u00e3o de carteiras de renda fixa e vari\u00e1vel\",\"url\":\"https:\/\/www.suno.com.br\/noticias\/author\/rodrigo\/\"}]}<\/script>\n<!-- \/ Yoast SEO plugin. -->","yoast_head_json":{"title":"Situa\u00e7\u00e3o positiva do Brasil contrasta com panorama global - Suno Not\u00edcias","description":"Ap\u00f3s meses de afli\u00e7\u00e3o, com n\u00fameros ruins em v\u00e1rias frentes, a economia brasileira reagiu e apresentou sinais consistentes de melhora","robots":{"index":"index","follow":"follow","max-snippet":"max-snippet:-1","max-image-preview":"max-image-preview:large","max-video-preview":"max-video-preview:-1"},"canonical":"https:\/\/www.suno.com.br\/noticias\/colunas\/rodrigo\/situacao-positiva-do-brasil-contrasta-com-panorama-global\/","og_locale":"pt_BR","og_type":"article","og_title":"Situa\u00e7\u00e3o positiva do Brasil contrasta com panorama global - Suno Not\u00edcias","og_description":"Ap\u00f3s meses de afli\u00e7\u00e3o, com n\u00fameros ruins em v\u00e1rias frentes, a economia brasileira reagiu e apresentou sinais consistentes de melhora","og_url":"https:\/\/www.suno.com.br\/noticias\/colunas\/rodrigo\/situacao-positiva-do-brasil-contrasta-com-panorama-global\/","og_site_name":"Suno Not\u00edcias","article_publisher":"https:\/\/facebook.com\/sunoresearch","og_image":[{"width":1200,"height":627,"url":"https:\/\/files.sunoresearch.com.br\/n\/uploads\/2022\/06\/Modelo2.jpg","type":"image\/jpeg"}],"twitter_card":"summary_large_image","twitter_site":"@sunoresearch","twitter_misc":{"Est. tempo de leitura":"4 minutos"},"schema":{"@context":"https:\/\/schema.org","@graph":[{"@type":"Article","@id":"https:\/\/www.suno.com.br\/noticias\/colunas\/rodrigo\/situacao-positiva-do-brasil-contrasta-com-panorama-global\/#article","isPartOf":{"@id":"https:\/\/www.suno.com.br\/noticias\/colunas\/rodrigo\/situacao-positiva-do-brasil-contrasta-com-panorama-global\/"},"author":{"name":"Rodrigo Sodr\u00e9","@id":"https:\/\/www.suno.com.br\/noticias\/#\/schema\/person\/fdc736d1230a181088e887a23cd1cc29"},"headline":"Situa\u00e7\u00e3o positiva do Brasil contrasta com panorama global","datePublished":"2022-10-14T11:00:45+00:00","mainEntityOfPage":{"@id":"https:\/\/www.suno.com.br\/noticias\/colunas\/rodrigo\/situacao-positiva-do-brasil-contrasta-com-panorama-global\/"},"wordCount":717,"publisher":{"@id":"https:\/\/www.suno.com.br\/noticias\/#organization"},"keywords":["infla\u00e7\u00e3o","mercado financeiro","recess\u00e3o"],"inLanguage":"pt-BR"},{"@type":"WebPage","@id":"https:\/\/www.suno.com.br\/noticias\/colunas\/rodrigo\/situacao-positiva-do-brasil-contrasta-com-panorama-global\/","url":"https:\/\/www.suno.com.br\/noticias\/colunas\/rodrigo\/situacao-positiva-do-brasil-contrasta-com-panorama-global\/","name":"Situa\u00e7\u00e3o positiva do Brasil contrasta com panorama global - Suno Not\u00edcias","isPartOf":{"@id":"https:\/\/www.suno.com.br\/noticias\/#website"},"datePublished":"2022-10-14T11:00:45+00:00","description":"Ap\u00f3s meses de afli\u00e7\u00e3o, com n\u00fameros ruins em v\u00e1rias frentes, a economia brasileira reagiu e apresentou sinais consistentes de melhora","breadcrumb":{"@id":"https:\/\/www.suno.com.br\/noticias\/colunas\/rodrigo\/situacao-positiva-do-brasil-contrasta-com-panorama-global\/#breadcrumb"},"inLanguage":"pt-BR","potentialAction":[{"@type":"ReadAction","target":["https:\/\/www.suno.com.br\/noticias\/colunas\/rodrigo\/situacao-positiva-do-brasil-contrasta-com-panorama-global\/"]}]},{"@type":"BreadcrumbList","@id":"https:\/\/www.suno.com.br\/noticias\/colunas\/rodrigo\/situacao-positiva-do-brasil-contrasta-com-panorama-global\/#breadcrumb","itemListElement":[{"@type":"ListItem","position":1,"name":"Not\u00edcias","item":"https:\/\/www.suno.com.br\/noticias\/"},{"@type":"ListItem","position":2,"name":"Colunas","item":"https:\/\/www.suno.com.br\/noticias\/colunas\/"},{"@type":"ListItem","position":3,"name":"Situa\u00e7\u00e3o positiva do Brasil contrasta com panorama global"}]},{"@type":"WebSite","@id":"https:\/\/www.suno.com.br\/noticias\/#website","url":"https:\/\/www.suno.com.br\/noticias\/","name":"Suno Not\u00edcias","description":"Seu portal de informa\u00e7\u00e3o sobre o mundo dos investimentos","publisher":{"@id":"https:\/\/www.suno.com.br\/noticias\/#organization"},"potentialAction":[{"@type":"SearchAction","target":{"@type":"EntryPoint","urlTemplate":"https:\/\/www.suno.com.br\/noticias\/?s={search_term_string}"},"query-input":{"@type":"PropertyValueSpecification","valueRequired":true,"valueName":"search_term_string"}}],"inLanguage":"pt-BR"},{"@type":"Organization","@id":"https:\/\/www.suno.com.br\/noticias\/#organization","name":"Suno Not\u00edcias","url":"https:\/\/www.suno.com.br\/noticias\/","logo":{"@type":"ImageObject","inLanguage":"pt-BR","@id":"https:\/\/www.suno.com.br\/noticias\/#\/schema\/logo\/image\/","url":"https:\/\/files.sunoresearch.com.br\/n\/uploads\/2021\/09\/suno-logo.png","contentUrl":"https:\/\/files.sunoresearch.com.br\/n\/uploads\/2021\/09\/suno-logo.png","width":180,"height":180,"caption":"Suno Not\u00edcias"},"image":{"@id":"https:\/\/www.suno.com.br\/noticias\/#\/schema\/logo\/image\/"},"sameAs":["https:\/\/facebook.com\/sunoresearch","https:\/\/x.com\/sunoresearch","https:\/\/www.instagram.com\/suno","https:\/\/www.linkedin.com\/company\/suno-research\/","https:\/\/www.youtube.com\/c\/sunoresearch"]},{"@type":"Person","@id":"https:\/\/www.suno.com.br\/noticias\/#\/schema\/person\/fdc736d1230a181088e887a23cd1cc29","name":"Rodrigo Sodr\u00e9","image":{"@type":"ImageObject","inLanguage":"pt-BR","@id":"https:\/\/www.suno.com.br\/noticias\/#\/schema\/person\/image\/","url":"https:\/\/secure.gravatar.com\/avatar\/d770e5f6552fa0043989d2c8c46b622b?s=96&r=g","contentUrl":"https:\/\/secure.gravatar.com\/avatar\/d770e5f6552fa0043989d2c8c46b622b?s=96&r=g","caption":"Rodrigo Sodr\u00e9"},"description":"Economista formado pelo Ibmec com MBA em Investimento e Riscos pela Funda\u00e7\u00e3o Getulio Vargas (FGV) e s\u00f3cio da BRA. Tem experi\u00eancia de mais de 11 anos em gest\u00e3o de carteiras de renda fixa e vari\u00e1vel","url":"https:\/\/www.suno.com.br\/noticias\/author\/rodrigo\/"}]}},"amp_enabled":true,"_links":{"self":[{"href":"https:\/\/www.suno.com.br\/noticias\/wp-json\/wp\/v2\/suno_column\/308196"}],"collection":[{"href":"https:\/\/www.suno.com.br\/noticias\/wp-json\/wp\/v2\/suno_column"}],"about":[{"href":"https:\/\/www.suno.com.br\/noticias\/wp-json\/wp\/v2\/types\/suno_column"}],"author":[{"embeddable":true,"href":"https:\/\/www.suno.com.br\/noticias\/wp-json\/wp\/v2\/users\/150"}],"wp:attachment":[{"href":"https:\/\/www.suno.com.br\/noticias\/wp-json\/wp\/v2\/media?parent=308196"}],"wp:term":[{"taxonomy":"post_tag","embeddable":true,"href":"https:\/\/www.suno.com.br\/noticias\/wp-json\/wp\/v2\/tags?post=308196"}],"curies":[{"name":"wp","href":"https:\/\/api.w.org\/{rel}","templated":true}]}}