{"id":303426,"date":"2022-09-30T15:44:21","date_gmt":"2022-09-30T18:44:21","guid":{"rendered":"https:\/\/www.suno.com.br\/noticias\/colunas\/marco-lopes\/\/"},"modified":"2022-09-30T15:44:21","modified_gmt":"2022-09-30T18:44:21","slug":"agenda-esg-e-a-remuneracao-variavel","status":"publish","type":"suno_column","link":"https:\/\/www.suno.com.br\/noticias\/colunas\/julian-tonioli\/agenda-esg-e-a-remuneracao-variavel\/","title":{"rendered":"Agenda ESG e a remunera\u00e7\u00e3o vari\u00e1vel"},"content":{"rendered":"<p>Num mundo cada vez mais impactado pelo desenvolvimento tecnol\u00f3gico e por temas humanit\u00e1rios, sociais, culturais e ambientais, o <strong>ambiente de neg\u00f3cios<\/strong> vem buscando se adaptar para lidar com as diversas mudan\u00e7as. \u00c9 fundamental manter sua competitividade e longevidade, al\u00e9m do alinhamento do seu prop\u00f3sito de neg\u00f3cio (<a class=\"suno-keyword\" href=\"https:\/\/www.suno.com.br\/artigos\/core-business\/\" target=\"_blank\" rel=\"noopener\" data-force=\"no\" data-priority=\"1\">core business<\/a>) com as crescentes demandas regulat\u00f3rias para a constru\u00e7\u00e3o de um mundo mais \u00e9tico e sustent\u00e1vel.<\/p>\n\t<p>\n\t\t<a href=\"\" target=\"_blank\" data-element=\"shortcode-suno-banner\" title=\"Banner SUNO, clique e saiba mais\">\n\t\t\t<picture>\n\t\t\t\t<source media=\"(max-width: 500px)\" srcset=\"\">\n\t\t\t\t<img class=\"newsContent__article__imgCapa newsContent__article__imgCapa--banner\"\n\t\t\t\t\tsrc=\"\"\n\t\t\t\t\tdata-promo-id=\"240038\"\t\t\t\t\t\t\t\t\t\t\t\t\t\t\talt=\"\"\n\t\t\t\t>\n\t\t\t<\/picture>\n\t\t<\/a>\n\t<\/p>\n\n\n<p>Nesse cen\u00e1rio, o cumprimento dos <strong>crit\u00e9rios ESG<\/strong> (sigla em ingl\u00eas para Ambientais, Sociais e de Governan\u00e7a) torna-se cada vez mais relevante na gest\u00e3o dos neg\u00f3cios, condicionando, inclusive, investimentos no desenvolvimento das organiza\u00e7\u00f5es. No contexto global, empresas consideram iniciativas como o Pacto Global, os Princ\u00edpios para Investimentos \u00c9ticos e os ODS (Objetivos de Desenvolvimento Sustent\u00e1vel) da ONU como instrumentos que fomentam o fluxo de novos recursos nessa dire\u00e7\u00e3o. Na Uni\u00e3o Europeia, o Regulamento 2020\/852 e a Diretiva n\u00ba 2013\/34 buscam fomentar a governan\u00e7a e aumentar investimentos mais sustent\u00e1veis. Segundo a ag\u00eancia Reuters, at\u00e9 o final de novembro de 2021, cerca de US$ 649 bilh\u00f5es foram investidos em <a class=\"suno-keyword\" href=\"https:\/\/www.suno.com.br\/artigos\/fundos-esg\/\" target=\"_blank\" rel=\"noopener\" data-force=\"no\" data-priority=\"1\">fundos ESG<\/a> em todo o mundo, um valor recorde, quando comparado com os US$ 542 bilh\u00f5es investidos em 2020 e aos US$ 285 bilh\u00f5es aplicados nesses fundos em 2019.<\/p>\n<p>No Brasil, quando comparado com Europa e Am\u00e9rica do Norte, o comprometimento com as iniciativas corporativas endere\u00e7adas ao contexto ESG ainda \u00e9 t\u00edmido, conforme dados do <strong>Relat\u00f3rio de Sustentabilidade da Anbima<\/strong> &#8211; Associa\u00e7\u00e3o Brasileira das Entidades dos Mercados Financeiro e de Capitais (2018). O estudo, que contou com a participa\u00e7\u00e3o de 110 gestoras de recursos (das 520 convidadas a participar), mostrou que 66% das respondentes n\u00e3o tinham uma \u00e1rea espec\u00edfica para tratar das <strong>quest\u00f5es ESG<\/strong> e apenas 18,7% das gestoras tinham mais de 10% do seu patrim\u00f4nio sob gest\u00e3o aplicado em investimentos de impacto em fundos, ativos ou neg\u00f3cios de impacto social e\/ou ambiental. A ades\u00e3o volunt\u00e1ria em iniciativas para o desenvolvimento respons\u00e1vel, como o CDP (Carbon Disclosure Project), o PRI (Principles for Responsible Investment) e o B Corp (Sistema B), n\u00e3o foi efetivada por mais de 48% das empresas participantes.<\/p>\n<p>Entretanto, mais recentemente, a\u00e7\u00f5es como a cria\u00e7\u00e3o do Pacto de Promo\u00e7\u00e3o da Equidade Racial e a Resolu\u00e7\u00e3o 59\/2021 da Comiss\u00e3o de Valores Mobili\u00e1rios (<strong>CVM<\/strong>) v\u00eam ampliando o debate e impulsionando as empresas em rela\u00e7\u00e3o aos crit\u00e9rios ESG. A primeira pretende implementar um Protocolo ESG Racial para o Brasil e trazer a quest\u00e3o racial para o centro do debate econ\u00f4mico no pa\u00eds. A Resolu\u00e7\u00e3o 59\/2021, que prop\u00f4s altera\u00e7\u00f5es nas Instru\u00e7\u00f5es CVM 480 e 481\/2009, determina e esclarece a padroniza\u00e7\u00e3o das informa\u00e7\u00f5es sobre as quest\u00f5es sociais, ambientais e de <a class=\"suno-keyword\" href=\"https:\/\/www.suno.com.br\/artigos\/governanca-corporativa\/\" target=\"_blank\" rel=\"noopener\" data-force=\"no\" data-priority=\"2\">governan\u00e7a corporativa<\/a> em seus Relat\u00f3rios de Refer\u00eancia disponibilizados ao mercado.<\/p>\n\t<p>\n\t\t<a href=\"https:\/\/lp.suno.com.br\/ebook-como-analisar-uma-acao\/\" target=\"_blank\" data-element=\"shortcode-suno-banner\" title=\"Banner SUNO, clique e saiba mais\">\n\t\t\t<picture>\n\t\t\t\t<source media=\"(max-width: 500px)\" srcset=\"https:\/\/files.sunoresearch.com.br\/n\/uploads\/2023\/03\/Ebook-Acoes-Mobile-1.jpg\">\n\t\t\t\t<img class=\"newsContent__article__imgCapa newsContent__article__imgCapa--banner\"\n\t\t\t\t\tsrc=\"https:\/\/files.sunoresearch.com.br\/n\/uploads\/2023\/03\/Ebook-Acoes-Desktop-1.jpg\"\n\t\t\t\t\tdata-promo-id=\"171998\"\t\t\t\t\t\t\t\t\t\twidth='1420' height='286'\t\t\t\t\talt=\"https:\/\/files.sunoresearch.com.br\/n\/uploads\/2023\/03\/Ebook-Acoes-Desktop-1.jpg\"\n\t\t\t\t>\n\t\t\t<\/picture>\n\t\t<\/a>\n\t<\/p>\n\n\n<p>Sem d\u00favida, \u00e9 de se esperar um comprometimento cada vez maior das companhias em aplicar recursos em organiza\u00e7\u00f5es que atuam para a execu\u00e7\u00e3o da sua miss\u00e3o em acordo com padr\u00f5es ambientais, sociais, \u00e9ticos e legais. Contudo, uma vez firmado o compromisso da organiza\u00e7\u00e3o em implementar a\u00e7\u00f5es em acordo com os crit\u00e9rios ESG surge mais um desafio: como garantir o engajamento efetivo de colaboradores e gestores com esses objetivos que, na maioria das vezes, s\u00e3o de <a class=\"suno-keyword\" href=\"https:\/\/www.suno.com.br\/artigos\/longo-prazo\/\" target=\"_blank\" rel=\"noopener\" data-force=\"no\" data-priority=\"1\">longo prazo<\/a>? Uma das respostas pode ser a remunera\u00e7\u00e3o vari\u00e1vel. A, a partir do estabelecimento de indicadores chave de desempenho (<strong>KPIs<\/strong> &#8211; Key Performance Indicators, em ingl\u00eas) e das respectivas m\u00e9tricas para seu acompanhamento, \u00e9 poss\u00edvel atrelar a remunera\u00e7\u00e3o do time a seus resultados e ao cumprimento das metas definidas para a agenda ESG.<\/p>\n<p>Existem alguns <strong>modelos de remunera\u00e7\u00e3o<\/strong> que t\u00eam o objetivo de atender as demandas do neg\u00f3cio &#8211; frente aos concorrentes, \u00e0 legisla\u00e7\u00e3o e aos clientes, assim como as expectativas dos colaboradores, em seus respectivos momentos de crescimento e desenvolvimento profissional. Busca-se recompensar n\u00e3o somente a conclus\u00e3o do trabalho, mas tamb\u00e9m o comportamento alinhado com a <a class=\"suno-keyword\" href=\"https:\/\/www.suno.com.br\/artigos\/cultura-organizacional\/\" target=\"_blank\" rel=\"noopener\" data-force=\"no\" data-priority=\"2\">cultura organizacional<\/a> da empresa, suas normas e pol\u00edticas. E ainda cria um ambiente favor\u00e1vel a uma cultura \u00e9tica e de meritocracia, em ambiente favor\u00e1vel \u00e0 sustentabilidade, estimulando e recompensando as contribui\u00e7\u00f5es (e inova\u00e7\u00f5es) dos colaboradores em dire\u00e7\u00e3o aos objetivos de gest\u00e3o sustent\u00e1vel da empresa e do mercado.<\/p>\n<p>Na <strong><a class=\"suno-keyword\" href=\"https:\/\/www.suno.com.br\/acoes\/NTCO3\/\" target=\"_blank\" rel=\"noopener\" data-force=\"yes\" data-priority=\"2\">Natura (NTCO3)<\/a><\/strong>, por exemplo, 20% da remunera\u00e7\u00e3o vari\u00e1vel dos executivos s\u00e3o atreladas a metas ESG. S\u00e3o 31 objetivos associados a pr\u00e1ticas ESG com metas at\u00e9 2030.<\/p>\n<p>No <strong><a class=\"suno-keyword\" href=\"https:\/\/www.suno.com.br\/acoes\/ITUB4\/\" target=\"_blank\" rel=\"noopener\" data-force=\"yes\" data-priority=\"2\">Ita\u00fa (ITUB4)<\/a><\/strong>, tamb\u00e9m h\u00e1 uma s\u00e9rie de metas ao redor de 10 compromissos com a agenda ESG no ciclo de desenvolvimento at\u00e9 2030. Essas metas afetam de forma direta a remunera\u00e7\u00e3o de executivos, bem como a avalia\u00e7\u00e3o de cr\u00e9dito do banco e gest\u00e3o de fornecedores e da cadeia de atua\u00e7\u00e3o do banco.<\/p>\n<p>Ao acreditar que a <strong>agenda ESG<\/strong> gera valor para a sociedade e para os acionistas, nada mais justo que associar tamb\u00e9m a remunera\u00e7\u00e3o dos times diretamente respons\u00e1veis por essas pautas nas companhias \u00e0 participa\u00e7\u00e3o na varia\u00e7\u00e3o do valuation do neg\u00f3cio e\/ou remunera\u00e7\u00f5es baseadas em a\u00e7\u00f5es. Trata-se de um instrumento de alinhamento mais efetivo. Remunera\u00e7\u00f5es de <a class=\"suno-keyword\" href=\"https:\/\/www.suno.com.br\/artigos\/curto-prazo\/\" target=\"_blank\" rel=\"noopener\" data-force=\"no\" data-priority=\"1\">curto prazo<\/a> podem afetar e distorcer a rela\u00e7\u00e3o a\u00e7\u00e3o &#8211; resultado e t\u00eam sido alvo de preocupa\u00e7\u00e3o por parte de Conselhos e Acionistas. Assim, os planos de remunera\u00e7\u00e3o vari\u00e1vel podem ser aplicados em diversos tipos de neg\u00f3cios, independentemente do seu tamanho, do seu segmento e da sua caracteriza\u00e7\u00e3o jur\u00eddica. Os tr\u00eas principais objetivos de um plano de remunera\u00e7\u00e3o vari\u00e1vel s\u00e3o: ajustar a <a class=\"suno-keyword\" href=\"https:\/\/www.suno.com.br\/artigos\/capacidade-de-pagamento\/\" target=\"_blank\" rel=\"noopener\" data-force=\"no\" data-priority=\"1\">capacidade de pagamento<\/a> ao valor gerado pelas pessoas; promover o alinhamento de a\u00e7\u00f5es e incentivos com a cultura da organiza\u00e7\u00e3o; e alinhar interesses monet\u00e1rios de curto e longo prazo.<\/p>\n<p>Dentre os modelos de remunera\u00e7\u00e3o vari\u00e1vel, os mais utilizados na atualidade s\u00e3o os de Remunera\u00e7\u00e3o Vari\u00e1vel de Curto Prazo (RVCP) e de remunera\u00e7\u00e3o Vari\u00e1vel de Longo Prazo (RVLP). A RVCP pode ser composta por comiss\u00f5es recorrentes (por vendas, produ\u00e7\u00e3o, dentre outros), b\u00f4nus por per\u00edodos espec\u00edficos (premia\u00e7\u00e3o pontual) e misto (comiss\u00f5es + b\u00f4nus). Al\u00e9m disso, podem ter car\u00e1ter individual ou coletivo, premiando a atua\u00e7\u00e3o do time. A RVLP \u00e9 composta, basicamente, por tr\u00eas modelos: Plano de Incentivo de Longo Prazo (PILP); Partnership; Employee Stock Option Plan ou A\u00e7\u00f5es (ESOP). Nesse contexto, \u00e9 poss\u00edvel estabelecer a conex\u00e3o entre o que se espera do ponto de vista estrat\u00e9gico, incluindo a agenda ESG, e a forma de recompensa e direcionamento de seus times. Objetivos ESG podem ser mapeados como metas qualitativas, que afetem de forma direta o modelo de remunera\u00e7\u00e3o, acelerando ou garantindo seu cumprimento.<\/p>\n<p>Adicionalmente, de forma indireta, o pr\u00f3prio valuation das empresas ser\u00e1 influenciado pela agenda ESG. Ent\u00e3o, garantir que seus colaboradores participem dessa atribui\u00e7\u00e3o de valor, tamb\u00e9m os alinha com essa pauta. As organiza\u00e7\u00f5es precisam continuar criando condi\u00e7\u00f5es favor\u00e1veis para a observa\u00e7\u00e3o e a adequa\u00e7\u00e3o das suas atividades aos aspectos ambientais, sociais e de governan\u00e7a (ESG).<\/p>\n<p>A remunera\u00e7\u00e3o vari\u00e1vel surge como um instrumento eficaz para aumentar o engajamento de todo o time em dire\u00e7\u00e3o aos objetivos estrat\u00e9gicos da organiza\u00e7\u00e3o. Estes precisam estar em sinergia com o prop\u00f3sito do neg\u00f3cio e alinhados com os interesses dos clientes internos e externos. Essa mudan\u00e7a aumenta a motiva\u00e7\u00e3o das equipes, promove a cultura de diversidade prote\u00e7\u00e3o ao meio ambiente e a maior transpar\u00eancia das opera\u00e7\u00f5es, como forma de crescimento e desenvolvimento sustent\u00e1vel.<\/p>\n<p>Parafraseando <strong>Larry Flink<\/strong>, CEO da Black Rock: \u201ccolocar o prop\u00f3sito da sua empresa na base de seus relacionamentos com os stakeholders \u00e9 fundamental para o sucesso no longo prazo\u201d.<\/p>\n\t<p>\n\t\t<a href=\"https:\/\/lp.suno.com.br\/planilha-de-controle-de-investimentos\/\" target=\"_blank\" data-element=\"shortcode-suno-banner\" title=\"Banner SUNO, clique e saiba mais\">\n\t\t\t<picture>\n\t\t\t\t<source media=\"(max-width: 500px)\" srcset=\"https:\/\/files.sunoresearch.com.br\/n\/uploads\/2023\/03\/400x300-Controle-de-Investimentos.png\">\n\t\t\t\t<img class=\"newsContent__article__imgCapa newsContent__article__imgCapa--banner\"\n\t\t\t\t\tsrc=\"https:\/\/files.sunoresearch.com.br\/n\/uploads\/2023\/03\/1420x240-Controle-de-Investimentos.png\"\n\t\t\t\t\tdata-promo-id=\"75934\"\t\t\t\t\t\t\t\t\t\twidth='1420' height='240'\t\t\t\t\talt=\"https:\/\/files.sunoresearch.com.br\/n\/uploads\/2023\/03\/1420x240-Controle-de-Investimentos.png\"\n\t\t\t\t>\n\t\t\t<\/picture>\n\t\t<\/a>\n\t<\/p>\n\n\n","protected":false},"excerpt":{"rendered":"<p>Num mundo cada vez mais impactado pelo desenvolvimento tecnol\u00f3gico e por temas humanit\u00e1rios, sociais, culturais e ambientais, o ambiente de neg\u00f3cios vem buscando se ad&#8230;<\/p>\n","protected":false},"author":204,"featured_media":0,"template":"","tags":[75364,519,574],"class_list":["post-303426","suno_column","type-suno_column","status-publish","hentry","tag-esg","tag-itau-unibanco-itub3-itub4","tag-natura-ntco3"],"yoast_head":"<!-- This site is optimized with the Yoast SEO plugin v24.4 - https:\/\/yoast.com\/wordpress\/plugins\/seo\/ -->\n<title>Agenda ESG e a remunera\u00e7\u00e3o vari\u00e1vel - Suno Not\u00edcias<\/title>\n<meta name=\"description\" content=\"O cumprimento dos crit\u00e9rios ESG torna-se cada vez mais relevante na gest\u00e3o dos neg\u00f3cios. Saiba mais clicando aqui\" \/>\n<meta name=\"robots\" content=\"index, follow, max-snippet:-1, max-image-preview:large, max-video-preview:-1\" \/>\n<link rel=\"canonical\" href=\"https:\/\/www.suno.com.br\/noticias\/colunas\/julian-tonioli\/agenda-esg-e-a-remuneracao-variavel\/\" \/>\n<meta property=\"og:locale\" content=\"pt_BR\" \/>\n<meta property=\"og:type\" content=\"article\" \/>\n<meta property=\"og:title\" content=\"Agenda ESG e a remunera\u00e7\u00e3o vari\u00e1vel - Suno Not\u00edcias\" \/>\n<meta property=\"og:description\" content=\"O cumprimento dos crit\u00e9rios ESG torna-se cada vez mais relevante na gest\u00e3o dos neg\u00f3cios. Saiba mais clicando aqui\" \/>\n<meta property=\"og:url\" content=\"https:\/\/www.suno.com.br\/noticias\/colunas\/julian-tonioli\/agenda-esg-e-a-remuneracao-variavel\/\" \/>\n<meta property=\"og:site_name\" content=\"Suno Not\u00edcias\" \/>\n<meta property=\"article:publisher\" content=\"https:\/\/facebook.com\/sunoresearch\" \/>\n<meta property=\"og:image\" content=\"https:\/\/files.sunoresearch.com.br\/n\/uploads\/2022\/06\/Modelo2.jpg\" \/>\n\t<meta property=\"og:image:width\" content=\"1200\" \/>\n\t<meta property=\"og:image:height\" content=\"627\" \/>\n\t<meta property=\"og:image:type\" content=\"image\/jpeg\" \/>\n<meta name=\"twitter:card\" content=\"summary_large_image\" \/>\n<meta name=\"twitter:site\" content=\"@sunoresearch\" \/>\n<meta name=\"twitter:label1\" content=\"Est. tempo de leitura\" \/>\n\t<meta name=\"twitter:data1\" content=\"7 minutos\" \/>\n<script type=\"application\/ld+json\" class=\"yoast-schema-graph\">{\"@context\":\"https:\/\/schema.org\",\"@graph\":[{\"@type\":\"Article\",\"@id\":\"https:\/\/www.suno.com.br\/noticias\/colunas\/julian-tonioli\/agenda-esg-e-a-remuneracao-variavel\/#article\",\"isPartOf\":{\"@id\":\"https:\/\/www.suno.com.br\/noticias\/colunas\/julian-tonioli\/agenda-esg-e-a-remuneracao-variavel\/\"},\"author\":{\"name\":\"Julian Tonioli\",\"@id\":\"https:\/\/www.suno.com.br\/noticias\/#\/schema\/person\/12329d723ffd00e64ca225258cff2734\"},\"headline\":\"Agenda ESG e a remunera\u00e7\u00e3o vari\u00e1vel\",\"datePublished\":\"2022-09-30T18:44:21+00:00\",\"mainEntityOfPage\":{\"@id\":\"https:\/\/www.suno.com.br\/noticias\/colunas\/julian-tonioli\/agenda-esg-e-a-remuneracao-variavel\/\"},\"wordCount\":1352,\"publisher\":{\"@id\":\"https:\/\/www.suno.com.br\/noticias\/#organization\"},\"keywords\":[\"ESG\",\"Ita\u00fa Unibanco (ITUB3\/ITUB4)\",\"Natura (NTCO3)\"],\"inLanguage\":\"pt-BR\"},{\"@type\":\"WebPage\",\"@id\":\"https:\/\/www.suno.com.br\/noticias\/colunas\/julian-tonioli\/agenda-esg-e-a-remuneracao-variavel\/\",\"url\":\"https:\/\/www.suno.com.br\/noticias\/colunas\/julian-tonioli\/agenda-esg-e-a-remuneracao-variavel\/\",\"name\":\"Agenda ESG e a remunera\u00e7\u00e3o vari\u00e1vel - Suno Not\u00edcias\",\"isPartOf\":{\"@id\":\"https:\/\/www.suno.com.br\/noticias\/#website\"},\"datePublished\":\"2022-09-30T18:44:21+00:00\",\"description\":\"O cumprimento dos crit\u00e9rios ESG torna-se cada vez mais relevante na gest\u00e3o dos neg\u00f3cios. Saiba mais clicando aqui\",\"breadcrumb\":{\"@id\":\"https:\/\/www.suno.com.br\/noticias\/colunas\/julian-tonioli\/agenda-esg-e-a-remuneracao-variavel\/#breadcrumb\"},\"inLanguage\":\"pt-BR\",\"potentialAction\":[{\"@type\":\"ReadAction\",\"target\":[\"https:\/\/www.suno.com.br\/noticias\/colunas\/julian-tonioli\/agenda-esg-e-a-remuneracao-variavel\/\"]}]},{\"@type\":\"BreadcrumbList\",\"@id\":\"https:\/\/www.suno.com.br\/noticias\/colunas\/julian-tonioli\/agenda-esg-e-a-remuneracao-variavel\/#breadcrumb\",\"itemListElement\":[{\"@type\":\"ListItem\",\"position\":1,\"name\":\"Not\u00edcias\",\"item\":\"https:\/\/www.suno.com.br\/noticias\/\"},{\"@type\":\"ListItem\",\"position\":2,\"name\":\"Colunas\",\"item\":\"https:\/\/www.suno.com.br\/noticias\/colunas\/\"},{\"@type\":\"ListItem\",\"position\":3,\"name\":\"Agenda ESG e a remunera\u00e7\u00e3o vari\u00e1vel\"}]},{\"@type\":\"WebSite\",\"@id\":\"https:\/\/www.suno.com.br\/noticias\/#website\",\"url\":\"https:\/\/www.suno.com.br\/noticias\/\",\"name\":\"Suno Not\u00edcias\",\"description\":\"Seu portal de informa\u00e7\u00e3o sobre o mundo dos investimentos\",\"publisher\":{\"@id\":\"https:\/\/www.suno.com.br\/noticias\/#organization\"},\"potentialAction\":[{\"@type\":\"SearchAction\",\"target\":{\"@type\":\"EntryPoint\",\"urlTemplate\":\"https:\/\/www.suno.com.br\/noticias\/?s={search_term_string}\"},\"query-input\":{\"@type\":\"PropertyValueSpecification\",\"valueRequired\":true,\"valueName\":\"search_term_string\"}}],\"inLanguage\":\"pt-BR\"},{\"@type\":\"Organization\",\"@id\":\"https:\/\/www.suno.com.br\/noticias\/#organization\",\"name\":\"Suno Not\u00edcias\",\"url\":\"https:\/\/www.suno.com.br\/noticias\/\",\"logo\":{\"@type\":\"ImageObject\",\"inLanguage\":\"pt-BR\",\"@id\":\"https:\/\/www.suno.com.br\/noticias\/#\/schema\/logo\/image\/\",\"url\":\"https:\/\/files.sunoresearch.com.br\/n\/uploads\/2021\/09\/suno-logo.png\",\"contentUrl\":\"https:\/\/files.sunoresearch.com.br\/n\/uploads\/2021\/09\/suno-logo.png\",\"width\":180,\"height\":180,\"caption\":\"Suno Not\u00edcias\"},\"image\":{\"@id\":\"https:\/\/www.suno.com.br\/noticias\/#\/schema\/logo\/image\/\"},\"sameAs\":[\"https:\/\/facebook.com\/sunoresearch\",\"https:\/\/x.com\/sunoresearch\",\"https:\/\/www.instagram.com\/suno\",\"https:\/\/www.linkedin.com\/company\/suno-research\/\",\"https:\/\/www.youtube.com\/c\/sunoresearch\"]},{\"@type\":\"Person\",\"@id\":\"https:\/\/www.suno.com.br\/noticias\/#\/schema\/person\/12329d723ffd00e64ca225258cff2734\",\"name\":\"Julian Tonioli\",\"image\":{\"@type\":\"ImageObject\",\"inLanguage\":\"pt-BR\",\"@id\":\"https:\/\/www.suno.com.br\/noticias\/#\/schema\/person\/image\/\",\"url\":\"https:\/\/secure.gravatar.com\/avatar\/035d05c4419a832a5299687d2f734d40?s=96&r=g\",\"contentUrl\":\"https:\/\/secure.gravatar.com\/avatar\/035d05c4419a832a5299687d2f734d40?s=96&r=g\",\"caption\":\"Julian Tonioli\"},\"description\":\"S\u00f3cio Fundador da Auddas. H\u00e1 mais de 20 anos atuando em Vendas e Opera\u00e7\u00f5es, Engenheiro \u2013 POLI \u2013 USP, MSc SCM e PDM\u2013 POLI \u2013 USP, investidor anjo e BoD Member de empresas no setor de Servi\u00e7os e Tecnologia.\",\"url\":\"https:\/\/www.suno.com.br\/noticias\/author\/julian-tonioli\/\"}]}<\/script>\n<!-- \/ Yoast SEO plugin. -->","yoast_head_json":{"title":"Agenda ESG e a remunera\u00e7\u00e3o vari\u00e1vel - Suno Not\u00edcias","description":"O cumprimento dos crit\u00e9rios ESG torna-se cada vez mais relevante na gest\u00e3o dos neg\u00f3cios. Saiba mais clicando aqui","robots":{"index":"index","follow":"follow","max-snippet":"max-snippet:-1","max-image-preview":"max-image-preview:large","max-video-preview":"max-video-preview:-1"},"canonical":"https:\/\/www.suno.com.br\/noticias\/colunas\/julian-tonioli\/agenda-esg-e-a-remuneracao-variavel\/","og_locale":"pt_BR","og_type":"article","og_title":"Agenda ESG e a remunera\u00e7\u00e3o vari\u00e1vel - Suno Not\u00edcias","og_description":"O cumprimento dos crit\u00e9rios ESG torna-se cada vez mais relevante na gest\u00e3o dos neg\u00f3cios. Saiba mais clicando aqui","og_url":"https:\/\/www.suno.com.br\/noticias\/colunas\/julian-tonioli\/agenda-esg-e-a-remuneracao-variavel\/","og_site_name":"Suno Not\u00edcias","article_publisher":"https:\/\/facebook.com\/sunoresearch","og_image":[{"width":1200,"height":627,"url":"https:\/\/files.sunoresearch.com.br\/n\/uploads\/2022\/06\/Modelo2.jpg","type":"image\/jpeg"}],"twitter_card":"summary_large_image","twitter_site":"@sunoresearch","twitter_misc":{"Est. tempo de leitura":"7 minutos"},"schema":{"@context":"https:\/\/schema.org","@graph":[{"@type":"Article","@id":"https:\/\/www.suno.com.br\/noticias\/colunas\/julian-tonioli\/agenda-esg-e-a-remuneracao-variavel\/#article","isPartOf":{"@id":"https:\/\/www.suno.com.br\/noticias\/colunas\/julian-tonioli\/agenda-esg-e-a-remuneracao-variavel\/"},"author":{"name":"Julian Tonioli","@id":"https:\/\/www.suno.com.br\/noticias\/#\/schema\/person\/12329d723ffd00e64ca225258cff2734"},"headline":"Agenda ESG e a remunera\u00e7\u00e3o vari\u00e1vel","datePublished":"2022-09-30T18:44:21+00:00","mainEntityOfPage":{"@id":"https:\/\/www.suno.com.br\/noticias\/colunas\/julian-tonioli\/agenda-esg-e-a-remuneracao-variavel\/"},"wordCount":1352,"publisher":{"@id":"https:\/\/www.suno.com.br\/noticias\/#organization"},"keywords":["ESG","Ita\u00fa Unibanco (ITUB3\/ITUB4)","Natura (NTCO3)"],"inLanguage":"pt-BR"},{"@type":"WebPage","@id":"https:\/\/www.suno.com.br\/noticias\/colunas\/julian-tonioli\/agenda-esg-e-a-remuneracao-variavel\/","url":"https:\/\/www.suno.com.br\/noticias\/colunas\/julian-tonioli\/agenda-esg-e-a-remuneracao-variavel\/","name":"Agenda ESG e a remunera\u00e7\u00e3o vari\u00e1vel - Suno Not\u00edcias","isPartOf":{"@id":"https:\/\/www.suno.com.br\/noticias\/#website"},"datePublished":"2022-09-30T18:44:21+00:00","description":"O cumprimento dos crit\u00e9rios ESG torna-se cada vez mais relevante na gest\u00e3o dos neg\u00f3cios. Saiba mais clicando aqui","breadcrumb":{"@id":"https:\/\/www.suno.com.br\/noticias\/colunas\/julian-tonioli\/agenda-esg-e-a-remuneracao-variavel\/#breadcrumb"},"inLanguage":"pt-BR","potentialAction":[{"@type":"ReadAction","target":["https:\/\/www.suno.com.br\/noticias\/colunas\/julian-tonioli\/agenda-esg-e-a-remuneracao-variavel\/"]}]},{"@type":"BreadcrumbList","@id":"https:\/\/www.suno.com.br\/noticias\/colunas\/julian-tonioli\/agenda-esg-e-a-remuneracao-variavel\/#breadcrumb","itemListElement":[{"@type":"ListItem","position":1,"name":"Not\u00edcias","item":"https:\/\/www.suno.com.br\/noticias\/"},{"@type":"ListItem","position":2,"name":"Colunas","item":"https:\/\/www.suno.com.br\/noticias\/colunas\/"},{"@type":"ListItem","position":3,"name":"Agenda ESG e a remunera\u00e7\u00e3o vari\u00e1vel"}]},{"@type":"WebSite","@id":"https:\/\/www.suno.com.br\/noticias\/#website","url":"https:\/\/www.suno.com.br\/noticias\/","name":"Suno Not\u00edcias","description":"Seu portal de informa\u00e7\u00e3o sobre o mundo dos investimentos","publisher":{"@id":"https:\/\/www.suno.com.br\/noticias\/#organization"},"potentialAction":[{"@type":"SearchAction","target":{"@type":"EntryPoint","urlTemplate":"https:\/\/www.suno.com.br\/noticias\/?s={search_term_string}"},"query-input":{"@type":"PropertyValueSpecification","valueRequired":true,"valueName":"search_term_string"}}],"inLanguage":"pt-BR"},{"@type":"Organization","@id":"https:\/\/www.suno.com.br\/noticias\/#organization","name":"Suno Not\u00edcias","url":"https:\/\/www.suno.com.br\/noticias\/","logo":{"@type":"ImageObject","inLanguage":"pt-BR","@id":"https:\/\/www.suno.com.br\/noticias\/#\/schema\/logo\/image\/","url":"https:\/\/files.sunoresearch.com.br\/n\/uploads\/2021\/09\/suno-logo.png","contentUrl":"https:\/\/files.sunoresearch.com.br\/n\/uploads\/2021\/09\/suno-logo.png","width":180,"height":180,"caption":"Suno Not\u00edcias"},"image":{"@id":"https:\/\/www.suno.com.br\/noticias\/#\/schema\/logo\/image\/"},"sameAs":["https:\/\/facebook.com\/sunoresearch","https:\/\/x.com\/sunoresearch","https:\/\/www.instagram.com\/suno","https:\/\/www.linkedin.com\/company\/suno-research\/","https:\/\/www.youtube.com\/c\/sunoresearch"]},{"@type":"Person","@id":"https:\/\/www.suno.com.br\/noticias\/#\/schema\/person\/12329d723ffd00e64ca225258cff2734","name":"Julian Tonioli","image":{"@type":"ImageObject","inLanguage":"pt-BR","@id":"https:\/\/www.suno.com.br\/noticias\/#\/schema\/person\/image\/","url":"https:\/\/secure.gravatar.com\/avatar\/035d05c4419a832a5299687d2f734d40?s=96&r=g","contentUrl":"https:\/\/secure.gravatar.com\/avatar\/035d05c4419a832a5299687d2f734d40?s=96&r=g","caption":"Julian Tonioli"},"description":"S\u00f3cio Fundador da Auddas. H\u00e1 mais de 20 anos atuando em Vendas e Opera\u00e7\u00f5es, Engenheiro \u2013 POLI \u2013 USP, MSc SCM e PDM\u2013 POLI \u2013 USP, investidor anjo e BoD Member de empresas no setor de Servi\u00e7os e Tecnologia.","url":"https:\/\/www.suno.com.br\/noticias\/author\/julian-tonioli\/"}]}},"amp_enabled":true,"_links":{"self":[{"href":"https:\/\/www.suno.com.br\/noticias\/wp-json\/wp\/v2\/suno_column\/303426"}],"collection":[{"href":"https:\/\/www.suno.com.br\/noticias\/wp-json\/wp\/v2\/suno_column"}],"about":[{"href":"https:\/\/www.suno.com.br\/noticias\/wp-json\/wp\/v2\/types\/suno_column"}],"author":[{"embeddable":true,"href":"https:\/\/www.suno.com.br\/noticias\/wp-json\/wp\/v2\/users\/204"}],"wp:attachment":[{"href":"https:\/\/www.suno.com.br\/noticias\/wp-json\/wp\/v2\/media?parent=303426"}],"wp:term":[{"taxonomy":"post_tag","embeddable":true,"href":"https:\/\/www.suno.com.br\/noticias\/wp-json\/wp\/v2\/tags?post=303426"}],"curies":[{"name":"wp","href":"https:\/\/api.w.org\/{rel}","templated":true}]}}