{"id":301846,"date":"2022-09-27T08:00:21","date_gmt":"2022-09-27T11:00:21","guid":{"rendered":"https:\/\/www.suno.com.br\/noticias\/colunas\/marco-lopes\/\/"},"modified":"2022-09-26T20:41:28","modified_gmt":"2022-09-26T23:41:28","slug":"como-a-deflacao-impacta-a-renda-fixa","status":"publish","type":"suno_column","link":"https:\/\/www.suno.com.br\/noticias\/colunas\/van-moorsel\/como-a-deflacao-impacta-a-renda-fixa\/","title":{"rendered":"Como a defla\u00e7\u00e3o impacta a renda fixa?"},"content":{"rendered":"<p>As \u00faltimas divulga\u00e7\u00f5es do <strong>IPCA<\/strong>, referentes aos meses de julho e agosto, registraram defla\u00e7\u00e3o. As leituras em campo negativo (-0,68% m\/m e -0,36% m\/m, respectivamente) refletiram sobretudo as desonera\u00e7\u00f5es tribut\u00e1rias em energia e combust\u00edveis e as redu\u00e7\u00f5es de pre\u00e7o promovidas pela <a class=\"suno-keyword\" href=\"https:\/\/www.suno.com.br\/acoes\/PETR4\/\" target=\"_blank\" rel=\"noopener\" data-force=\"yes\" data-priority=\"2\">Petrobras (PETR4)<\/a>.<\/p>\n\t<p>\n\t\t<a href=\"\" target=\"_blank\" data-element=\"shortcode-suno-banner\" title=\"Banner SUNO, clique e saiba mais\">\n\t\t\t<picture>\n\t\t\t\t<source media=\"(max-width: 500px)\" srcset=\"\">\n\t\t\t\t<img class=\"newsContent__article__imgCapa newsContent__article__imgCapa--banner\"\n\t\t\t\t\tsrc=\"\"\n\t\t\t\t\tdata-promo-id=\"240038\"\t\t\t\t\t\t\t\t\t\t\t\t\t\t\talt=\"\"\n\t\t\t\t>\n\t\t\t<\/picture>\n\t\t<\/a>\n\t<\/p>\n\n\n<p>Para relembrar, em junho o governo aprovou o PL 18\/2022, convertido em LC 194\/22, que reduziu o ICMS em car\u00e1ter permanente e zerou at\u00e9 o final deste ano a <strong>tributa\u00e7\u00e3o de PIS\/Cofins<\/strong> de combust\u00edveis. Ademais, a Petrobras anunciou, em julho, o in\u00edcio do corte nos pre\u00e7os dos combust\u00edveis. Desconsiderando os efeitos de tais medidas, a infla\u00e7\u00e3o continuaria registrando varia\u00e7\u00e3o positiva.<\/p>\n<p>Apesar da leitura do IPCA em agosto em territ\u00f3rio negativo, a composi\u00e7\u00e3o apresentou deteriora\u00e7\u00e3o na abertura do \u00edndice, devido principalmente \u00e0 acelera\u00e7\u00e3o da m\u00e9dia dos n\u00facleos e avan\u00e7o dos indicadores de difus\u00e3o \u2013 percentual de itens com aumento de pre\u00e7os. Al\u00e9m disso, os principais catalisadores baixistas permaneceram em itens vol\u00e1teis, como combust\u00edveis e alimentos, e servi\u00e7os permanecem em alta.<\/p>\n<p>\u00c9 verdade que a <strong>leitura do IPCA<\/strong> em setembro provavelmente tamb\u00e9m ser\u00e1 negativa. Mas, assim como as revis\u00f5es baixistas para a infla\u00e7\u00e3o projetada em 2022, o cen\u00e1rio inflacion\u00e1rio continua preocupante. O presidente do Banco Central, <a class=\"suno-keyword\" href=\"https:\/\/www.suno.com.br\/tudo-sobre\/roberto-campos-neto\/\" target=\"_blank\" rel=\"noopener\" data-force=\"no\" data-priority=\"2\">Roberto Campos Neto<\/a>, advertiu recentemente que a infla\u00e7\u00e3o ainda apresenta caracter\u00edsticas que inspiram cuidados. Alertou tamb\u00e9m que \u201cvamos passar por tr\u00eas meses de defla\u00e7\u00e3o, mas a batalha n\u00e3o est\u00e1 ganha\u201d. Bruno Serra, diretor de <a class=\"suno-keyword\" href=\"https:\/\/www.suno.com.br\/artigos\/politica-monetaria\/\" target=\"_blank\" rel=\"noopener\" data-force=\"no\" data-priority=\"1\">pol\u00edtica monet\u00e1ria<\/a>, tamb\u00e9m recomendou cautela.<\/p>\n\t<p>\n\t\t<a href=\"https:\/\/lp.suno.com.br\/ebook-como-analisar-uma-acao\/\" target=\"_blank\" data-element=\"shortcode-suno-banner\" title=\"Banner SUNO, clique e saiba mais\">\n\t\t\t<picture>\n\t\t\t\t<source media=\"(max-width: 500px)\" srcset=\"https:\/\/files.sunoresearch.com.br\/n\/uploads\/2023\/03\/Ebook-Acoes-Mobile-1.jpg\">\n\t\t\t\t<img class=\"newsContent__article__imgCapa newsContent__article__imgCapa--banner\"\n\t\t\t\t\tsrc=\"https:\/\/files.sunoresearch.com.br\/n\/uploads\/2023\/03\/Ebook-Acoes-Desktop-1.jpg\"\n\t\t\t\t\tdata-promo-id=\"171998\"\t\t\t\t\t\t\t\t\t\twidth='1420' height='286'\t\t\t\t\talt=\"https:\/\/files.sunoresearch.com.br\/n\/uploads\/2023\/03\/Ebook-Acoes-Desktop-1.jpg\"\n\t\t\t\t>\n\t\t\t<\/picture>\n\t\t<\/a>\n\t<\/p>\n\n\n<p>Os riscos altistas do balan\u00e7o, como os custos elevados, as condi\u00e7\u00f5es clim\u00e1ticas e quest\u00f5es geopol\u00edticas, comprimem o potencial de quedas grandes o suficiente conduzirem a infla\u00e7\u00e3o ao consumidor ao campo negativo ap\u00f3s setembro.<\/p>\n<h2>Impactos na renda fixa<\/h2>\n<p>A <strong>corre\u00e7\u00e3o mensal da infla\u00e7\u00e3o<\/strong> reflete nos t\u00edtulos atrelados ao IPCA, quase sempre positivamente. Mas, quando o \u00edndice registra uma defla\u00e7\u00e3o, o rendimento final do ativo indexado ao IPCA \u00e9 reduzido devido \u00e0 corre\u00e7\u00e3o negativa do <a class=\"suno-keyword\" href=\"https:\/\/www.suno.com.br\/artigos\/valor-nominal\/\" target=\"_blank\" rel=\"noopener\" data-force=\"no\" data-priority=\"1\">Valor Nominal<\/a> Atualizado.<\/p>\n<p>Para o <a class=\"suno-keyword\" href=\"https:\/\/www.suno.com.br\/artigos\/tesouro-ipca\/\" target=\"_blank\" rel=\"noopener\" data-force=\"no\" data-priority=\"1\">Tesouro IPCA<\/a>+, por exemplo, o VNA era de R$ 1.000,00 em sua data base (15\/07\/2000). Desde ent\u00e3o, ele \u00e9 atualizado conforme a evolu\u00e7\u00e3o do indexador. Assim, a varia\u00e7\u00e3o do VNA entre duas datas indica qual foi a varia\u00e7\u00e3o da infla\u00e7\u00e3o no per\u00edodo. O VNA facilita o acompanhamento da evolu\u00e7\u00e3o do indexador.<\/p>\n<p>Uma das vari\u00e1veis que comp\u00f5em o c\u00e1lculo de pre\u00e7o do ativo \u00e9 o Valor Nominal Atualizado. Ou seja, leituras negativas do IPCA reduzem o pre\u00e7o do t\u00edtulo justamente porque impactam o VNA negativamente.<\/p>\n<h2>E agora, o que fazer?<\/h2>\n<p>A despeito das revis\u00f5es baixistas para o IPCA em 2022, devido \u00e0 desonera\u00e7\u00e3o fiscal e redu\u00e7\u00e3o de <strong>pre\u00e7o dos combust\u00edveis<\/strong>, a infla\u00e7\u00e3o corrente permanece elevada e apresentou deteriora\u00e7\u00e3o recentemente, fato este que corrobora a import\u00e2ncia da classe nos portf\u00f3lios.<\/p>\n<p>\u00c9 comum observar movimento de avers\u00e3o aos <strong>ativos indexados ao IPCA<\/strong> por parte dos investidores em momentos em que os pre\u00e7os dos t\u00edtulos se desvalorizam \u2013 movimento, em minha vis\u00e3o, muitas vezes equivocado.<\/p>\n<p>A justificativa da queda nos pre\u00e7os parece passageira e a defla\u00e7\u00e3o atual tem natureza de <a class=\"suno-keyword\" href=\"https:\/\/www.suno.com.br\/artigos\/curto-prazo\/\" target=\"_blank\" rel=\"noopener\" data-force=\"no\" data-priority=\"1\">curto prazo<\/a>. Somando ainda os n\u00edveis atuais de taxas de juros reais, os t\u00edtulos IPCA+ continuam sendo bons investimentos, principalmente para prazos m\u00e9dios e longos.<\/p>\n\t<p>\n\t\t<a href=\"https:\/\/lp.suno.com.br\/planilha-de-controle-de-investimentos\/\" target=\"_blank\" data-element=\"shortcode-suno-banner\" title=\"Banner SUNO, clique e saiba mais\">\n\t\t\t<picture>\n\t\t\t\t<source media=\"(max-width: 500px)\" srcset=\"https:\/\/files.sunoresearch.com.br\/n\/uploads\/2023\/03\/400x300-Controle-de-Investimentos.png\">\n\t\t\t\t<img class=\"newsContent__article__imgCapa newsContent__article__imgCapa--banner\"\n\t\t\t\t\tsrc=\"https:\/\/files.sunoresearch.com.br\/n\/uploads\/2023\/03\/1420x240-Controle-de-Investimentos.png\"\n\t\t\t\t\tdata-promo-id=\"75934\"\t\t\t\t\t\t\t\t\t\twidth='1420' height='240'\t\t\t\t\talt=\"https:\/\/files.sunoresearch.com.br\/n\/uploads\/2023\/03\/1420x240-Controle-de-Investimentos.png\"\n\t\t\t\t>\n\t\t\t<\/picture>\n\t\t<\/a>\n\t<\/p>\n\n\n","protected":false},"excerpt":{"rendered":"<p>As \u00faltimas divulga\u00e7\u00f5es do IPCA, referentes aos meses de julho e agosto, registraram defla\u00e7\u00e3o. As leituras em campo negativo (-0,68% m\/m e -0,36% m\/m, respectivamente) &#8230;<\/p>\n","protected":false},"author":201,"featured_media":0,"template":"","tags":[2167],"class_list":["post-301846","suno_column","type-suno_column","status-publish","hentry","tag-investimento-direto"],"yoast_head":"<!-- This site is optimized with the Yoast SEO plugin v24.4 - https:\/\/yoast.com\/wordpress\/plugins\/seo\/ -->\n<title>Como a defla\u00e7\u00e3o impacta a renda fixa? - Suno Not\u00edcias<\/title>\n<meta name=\"description\" content=\"Quando o IPCA registra uma defla\u00e7\u00e3o, o rendimento final do ativo indexado ao IPCA \u00e9 reduzido, Entenda como clicando aqui\" \/>\n<meta name=\"robots\" content=\"index, follow, max-snippet:-1, max-image-preview:large, max-video-preview:-1\" \/>\n<link rel=\"canonical\" href=\"https:\/\/www.suno.com.br\/noticias\/colunas\/van-moorsel\/como-a-deflacao-impacta-a-renda-fixa\/\" \/>\n<meta property=\"og:locale\" content=\"pt_BR\" \/>\n<meta property=\"og:type\" content=\"article\" \/>\n<meta property=\"og:title\" content=\"Como a defla\u00e7\u00e3o impacta a renda fixa? - Suno Not\u00edcias\" \/>\n<meta property=\"og:description\" content=\"Quando o IPCA registra uma defla\u00e7\u00e3o, o rendimento final do ativo indexado ao IPCA \u00e9 reduzido, Entenda como clicando aqui\" \/>\n<meta property=\"og:url\" content=\"https:\/\/www.suno.com.br\/noticias\/colunas\/van-moorsel\/como-a-deflacao-impacta-a-renda-fixa\/\" \/>\n<meta property=\"og:site_name\" content=\"Suno Not\u00edcias\" \/>\n<meta property=\"article:publisher\" content=\"https:\/\/facebook.com\/sunoresearch\" \/>\n<meta property=\"og:image\" content=\"https:\/\/files.sunoresearch.com.br\/n\/uploads\/2022\/06\/Modelo2.jpg\" \/>\n\t<meta property=\"og:image:width\" content=\"1200\" \/>\n\t<meta property=\"og:image:height\" content=\"627\" \/>\n\t<meta property=\"og:image:type\" content=\"image\/jpeg\" \/>\n<meta name=\"twitter:card\" content=\"summary_large_image\" \/>\n<meta name=\"twitter:site\" content=\"@sunoresearch\" \/>\n<meta name=\"twitter:label1\" content=\"Est. tempo de leitura\" \/>\n\t<meta name=\"twitter:data1\" content=\"3 minutos\" \/>\n<script type=\"application\/ld+json\" class=\"yoast-schema-graph\">{\"@context\":\"https:\/\/schema.org\",\"@graph\":[{\"@type\":\"Article\",\"@id\":\"https:\/\/www.suno.com.br\/noticias\/colunas\/van-moorsel\/como-a-deflacao-impacta-a-renda-fixa\/#article\",\"isPartOf\":{\"@id\":\"https:\/\/www.suno.com.br\/noticias\/colunas\/van-moorsel\/como-a-deflacao-impacta-a-renda-fixa\/\"},\"author\":{\"name\":\"Antonio van Moorsel\",\"@id\":\"https:\/\/www.suno.com.br\/noticias\/#\/schema\/person\/654e3e07b51c606ce69a8b8478bd1509\"},\"headline\":\"Como a defla\u00e7\u00e3o impacta a renda fixa?\",\"datePublished\":\"2022-09-27T11:00:21+00:00\",\"mainEntityOfPage\":{\"@id\":\"https:\/\/www.suno.com.br\/noticias\/colunas\/van-moorsel\/como-a-deflacao-impacta-a-renda-fixa\/\"},\"wordCount\":604,\"publisher\":{\"@id\":\"https:\/\/www.suno.com.br\/noticias\/#organization\"},\"keywords\":[\"investimento direto\"],\"inLanguage\":\"pt-BR\"},{\"@type\":\"WebPage\",\"@id\":\"https:\/\/www.suno.com.br\/noticias\/colunas\/van-moorsel\/como-a-deflacao-impacta-a-renda-fixa\/\",\"url\":\"https:\/\/www.suno.com.br\/noticias\/colunas\/van-moorsel\/como-a-deflacao-impacta-a-renda-fixa\/\",\"name\":\"Como a defla\u00e7\u00e3o impacta a renda fixa? - Suno Not\u00edcias\",\"isPartOf\":{\"@id\":\"https:\/\/www.suno.com.br\/noticias\/#website\"},\"datePublished\":\"2022-09-27T11:00:21+00:00\",\"description\":\"Quando o IPCA registra uma defla\u00e7\u00e3o, o rendimento final do ativo indexado ao IPCA \u00e9 reduzido, Entenda como clicando aqui\",\"breadcrumb\":{\"@id\":\"https:\/\/www.suno.com.br\/noticias\/colunas\/van-moorsel\/como-a-deflacao-impacta-a-renda-fixa\/#breadcrumb\"},\"inLanguage\":\"pt-BR\",\"potentialAction\":[{\"@type\":\"ReadAction\",\"target\":[\"https:\/\/www.suno.com.br\/noticias\/colunas\/van-moorsel\/como-a-deflacao-impacta-a-renda-fixa\/\"]}]},{\"@type\":\"BreadcrumbList\",\"@id\":\"https:\/\/www.suno.com.br\/noticias\/colunas\/van-moorsel\/como-a-deflacao-impacta-a-renda-fixa\/#breadcrumb\",\"itemListElement\":[{\"@type\":\"ListItem\",\"position\":1,\"name\":\"Not\u00edcias\",\"item\":\"https:\/\/www.suno.com.br\/noticias\/\"},{\"@type\":\"ListItem\",\"position\":2,\"name\":\"Colunas\",\"item\":\"https:\/\/www.suno.com.br\/noticias\/colunas\/\"},{\"@type\":\"ListItem\",\"position\":3,\"name\":\"Como a defla\u00e7\u00e3o impacta a renda fixa?\"}]},{\"@type\":\"WebSite\",\"@id\":\"https:\/\/www.suno.com.br\/noticias\/#website\",\"url\":\"https:\/\/www.suno.com.br\/noticias\/\",\"name\":\"Suno Not\u00edcias\",\"description\":\"Seu portal de informa\u00e7\u00e3o sobre o mundo dos investimentos\",\"publisher\":{\"@id\":\"https:\/\/www.suno.com.br\/noticias\/#organization\"},\"potentialAction\":[{\"@type\":\"SearchAction\",\"target\":{\"@type\":\"EntryPoint\",\"urlTemplate\":\"https:\/\/www.suno.com.br\/noticias\/?s={search_term_string}\"},\"query-input\":{\"@type\":\"PropertyValueSpecification\",\"valueRequired\":true,\"valueName\":\"search_term_string\"}}],\"inLanguage\":\"pt-BR\"},{\"@type\":\"Organization\",\"@id\":\"https:\/\/www.suno.com.br\/noticias\/#organization\",\"name\":\"Suno Not\u00edcias\",\"url\":\"https:\/\/www.suno.com.br\/noticias\/\",\"logo\":{\"@type\":\"ImageObject\",\"inLanguage\":\"pt-BR\",\"@id\":\"https:\/\/www.suno.com.br\/noticias\/#\/schema\/logo\/image\/\",\"url\":\"https:\/\/files.sunoresearch.com.br\/n\/uploads\/2021\/09\/suno-logo.png\",\"contentUrl\":\"https:\/\/files.sunoresearch.com.br\/n\/uploads\/2021\/09\/suno-logo.png\",\"width\":180,\"height\":180,\"caption\":\"Suno Not\u00edcias\"},\"image\":{\"@id\":\"https:\/\/www.suno.com.br\/noticias\/#\/schema\/logo\/image\/\"},\"sameAs\":[\"https:\/\/facebook.com\/sunoresearch\",\"https:\/\/x.com\/sunoresearch\",\"https:\/\/www.instagram.com\/suno\",\"https:\/\/www.linkedin.com\/company\/suno-research\/\",\"https:\/\/www.youtube.com\/c\/sunoresearch\"]},{\"@type\":\"Person\",\"@id\":\"https:\/\/www.suno.com.br\/noticias\/#\/schema\/person\/654e3e07b51c606ce69a8b8478bd1509\",\"name\":\"Antonio van Moorsel\",\"image\":{\"@type\":\"ImageObject\",\"inLanguage\":\"pt-BR\",\"@id\":\"https:\/\/www.suno.com.br\/noticias\/#\/schema\/person\/image\/\",\"url\":\"https:\/\/secure.gravatar.com\/avatar\/4d6409aeaa45cd062472c0e43fada24e?s=96&r=g\",\"contentUrl\":\"https:\/\/secure.gravatar.com\/avatar\/4d6409aeaa45cd062472c0e43fada24e?s=96&r=g\",\"caption\":\"Antonio van Moorsel\"},\"description\":\"Estrategista-chefe da Acqua Vero, iniciou sua trajet\u00f3ria no mercado financeiro na Acqua Investimentos. Bacharelado em Administra\u00e7\u00e3o de Empresas pela FAAP-SP, se credenciou como assessor de investimentos pela CVM, fun\u00e7\u00e3o que exerceu at\u00e9 o in\u00edcio de 2020. Atualmente \u00e9 analista de investimentos pleno (CNPI-P) pela Apimec, mestrando em Economia pelo Insper.\",\"url\":\"https:\/\/www.suno.com.br\/noticias\/author\/van-moorsel\/\"}]}<\/script>\n<!-- \/ Yoast SEO plugin. -->","yoast_head_json":{"title":"Como a defla\u00e7\u00e3o impacta a renda fixa? - Suno Not\u00edcias","description":"Quando o IPCA registra uma defla\u00e7\u00e3o, o rendimento final do ativo indexado ao IPCA \u00e9 reduzido, Entenda como clicando aqui","robots":{"index":"index","follow":"follow","max-snippet":"max-snippet:-1","max-image-preview":"max-image-preview:large","max-video-preview":"max-video-preview:-1"},"canonical":"https:\/\/www.suno.com.br\/noticias\/colunas\/van-moorsel\/como-a-deflacao-impacta-a-renda-fixa\/","og_locale":"pt_BR","og_type":"article","og_title":"Como a defla\u00e7\u00e3o impacta a renda fixa? - Suno Not\u00edcias","og_description":"Quando o IPCA registra uma defla\u00e7\u00e3o, o rendimento final do ativo indexado ao IPCA \u00e9 reduzido, Entenda como clicando aqui","og_url":"https:\/\/www.suno.com.br\/noticias\/colunas\/van-moorsel\/como-a-deflacao-impacta-a-renda-fixa\/","og_site_name":"Suno Not\u00edcias","article_publisher":"https:\/\/facebook.com\/sunoresearch","og_image":[{"width":1200,"height":627,"url":"https:\/\/files.sunoresearch.com.br\/n\/uploads\/2022\/06\/Modelo2.jpg","type":"image\/jpeg"}],"twitter_card":"summary_large_image","twitter_site":"@sunoresearch","twitter_misc":{"Est. tempo de leitura":"3 minutos"},"schema":{"@context":"https:\/\/schema.org","@graph":[{"@type":"Article","@id":"https:\/\/www.suno.com.br\/noticias\/colunas\/van-moorsel\/como-a-deflacao-impacta-a-renda-fixa\/#article","isPartOf":{"@id":"https:\/\/www.suno.com.br\/noticias\/colunas\/van-moorsel\/como-a-deflacao-impacta-a-renda-fixa\/"},"author":{"name":"Antonio van Moorsel","@id":"https:\/\/www.suno.com.br\/noticias\/#\/schema\/person\/654e3e07b51c606ce69a8b8478bd1509"},"headline":"Como a defla\u00e7\u00e3o impacta a renda fixa?","datePublished":"2022-09-27T11:00:21+00:00","mainEntityOfPage":{"@id":"https:\/\/www.suno.com.br\/noticias\/colunas\/van-moorsel\/como-a-deflacao-impacta-a-renda-fixa\/"},"wordCount":604,"publisher":{"@id":"https:\/\/www.suno.com.br\/noticias\/#organization"},"keywords":["investimento direto"],"inLanguage":"pt-BR"},{"@type":"WebPage","@id":"https:\/\/www.suno.com.br\/noticias\/colunas\/van-moorsel\/como-a-deflacao-impacta-a-renda-fixa\/","url":"https:\/\/www.suno.com.br\/noticias\/colunas\/van-moorsel\/como-a-deflacao-impacta-a-renda-fixa\/","name":"Como a defla\u00e7\u00e3o impacta a renda fixa? - Suno Not\u00edcias","isPartOf":{"@id":"https:\/\/www.suno.com.br\/noticias\/#website"},"datePublished":"2022-09-27T11:00:21+00:00","description":"Quando o IPCA registra uma defla\u00e7\u00e3o, o rendimento final do ativo indexado ao IPCA \u00e9 reduzido, Entenda como clicando aqui","breadcrumb":{"@id":"https:\/\/www.suno.com.br\/noticias\/colunas\/van-moorsel\/como-a-deflacao-impacta-a-renda-fixa\/#breadcrumb"},"inLanguage":"pt-BR","potentialAction":[{"@type":"ReadAction","target":["https:\/\/www.suno.com.br\/noticias\/colunas\/van-moorsel\/como-a-deflacao-impacta-a-renda-fixa\/"]}]},{"@type":"BreadcrumbList","@id":"https:\/\/www.suno.com.br\/noticias\/colunas\/van-moorsel\/como-a-deflacao-impacta-a-renda-fixa\/#breadcrumb","itemListElement":[{"@type":"ListItem","position":1,"name":"Not\u00edcias","item":"https:\/\/www.suno.com.br\/noticias\/"},{"@type":"ListItem","position":2,"name":"Colunas","item":"https:\/\/www.suno.com.br\/noticias\/colunas\/"},{"@type":"ListItem","position":3,"name":"Como a defla\u00e7\u00e3o impacta a renda fixa?"}]},{"@type":"WebSite","@id":"https:\/\/www.suno.com.br\/noticias\/#website","url":"https:\/\/www.suno.com.br\/noticias\/","name":"Suno Not\u00edcias","description":"Seu portal de informa\u00e7\u00e3o sobre o mundo dos investimentos","publisher":{"@id":"https:\/\/www.suno.com.br\/noticias\/#organization"},"potentialAction":[{"@type":"SearchAction","target":{"@type":"EntryPoint","urlTemplate":"https:\/\/www.suno.com.br\/noticias\/?s={search_term_string}"},"query-input":{"@type":"PropertyValueSpecification","valueRequired":true,"valueName":"search_term_string"}}],"inLanguage":"pt-BR"},{"@type":"Organization","@id":"https:\/\/www.suno.com.br\/noticias\/#organization","name":"Suno Not\u00edcias","url":"https:\/\/www.suno.com.br\/noticias\/","logo":{"@type":"ImageObject","inLanguage":"pt-BR","@id":"https:\/\/www.suno.com.br\/noticias\/#\/schema\/logo\/image\/","url":"https:\/\/files.sunoresearch.com.br\/n\/uploads\/2021\/09\/suno-logo.png","contentUrl":"https:\/\/files.sunoresearch.com.br\/n\/uploads\/2021\/09\/suno-logo.png","width":180,"height":180,"caption":"Suno Not\u00edcias"},"image":{"@id":"https:\/\/www.suno.com.br\/noticias\/#\/schema\/logo\/image\/"},"sameAs":["https:\/\/facebook.com\/sunoresearch","https:\/\/x.com\/sunoresearch","https:\/\/www.instagram.com\/suno","https:\/\/www.linkedin.com\/company\/suno-research\/","https:\/\/www.youtube.com\/c\/sunoresearch"]},{"@type":"Person","@id":"https:\/\/www.suno.com.br\/noticias\/#\/schema\/person\/654e3e07b51c606ce69a8b8478bd1509","name":"Antonio van Moorsel","image":{"@type":"ImageObject","inLanguage":"pt-BR","@id":"https:\/\/www.suno.com.br\/noticias\/#\/schema\/person\/image\/","url":"https:\/\/secure.gravatar.com\/avatar\/4d6409aeaa45cd062472c0e43fada24e?s=96&r=g","contentUrl":"https:\/\/secure.gravatar.com\/avatar\/4d6409aeaa45cd062472c0e43fada24e?s=96&r=g","caption":"Antonio van Moorsel"},"description":"Estrategista-chefe da Acqua Vero, iniciou sua trajet\u00f3ria no mercado financeiro na Acqua Investimentos. Bacharelado em Administra\u00e7\u00e3o de Empresas pela FAAP-SP, se credenciou como assessor de investimentos pela CVM, fun\u00e7\u00e3o que exerceu at\u00e9 o in\u00edcio de 2020. Atualmente \u00e9 analista de investimentos pleno (CNPI-P) pela Apimec, mestrando em Economia pelo Insper.","url":"https:\/\/www.suno.com.br\/noticias\/author\/van-moorsel\/"}]}},"amp_enabled":true,"_links":{"self":[{"href":"https:\/\/www.suno.com.br\/noticias\/wp-json\/wp\/v2\/suno_column\/301846"}],"collection":[{"href":"https:\/\/www.suno.com.br\/noticias\/wp-json\/wp\/v2\/suno_column"}],"about":[{"href":"https:\/\/www.suno.com.br\/noticias\/wp-json\/wp\/v2\/types\/suno_column"}],"author":[{"embeddable":true,"href":"https:\/\/www.suno.com.br\/noticias\/wp-json\/wp\/v2\/users\/201"}],"wp:attachment":[{"href":"https:\/\/www.suno.com.br\/noticias\/wp-json\/wp\/v2\/media?parent=301846"}],"wp:term":[{"taxonomy":"post_tag","embeddable":true,"href":"https:\/\/www.suno.com.br\/noticias\/wp-json\/wp\/v2\/tags?post=301846"}],"curies":[{"name":"wp","href":"https:\/\/api.w.org\/{rel}","templated":true}]}}