{"id":291127,"date":"2022-08-30T08:00:41","date_gmt":"2022-08-30T11:00:41","guid":{"rendered":"https:\/\/www.suno.com.br\/noticias\/colunas\/marco-lopes\/\/"},"modified":"2022-08-29T23:00:10","modified_gmt":"2022-08-30T02:00:10","slug":"como-se-preparar-e-reagir-as-oscilacoes-da-economia","status":"publish","type":"suno_column","link":"https:\/\/www.suno.com.br\/noticias\/colunas\/pedro-signorelli\/como-se-preparar-e-reagir-as-oscilacoes-da-economia\/","title":{"rendered":"Como se preparar e reagir \u00e0s oscila\u00e7\u00f5es da economia"},"content":{"rendered":"<p>De acordo com uma pesquisa do Instituto Brasileiro de Economia da Funda\u00e7\u00e3o Get\u00falio Vargas (IBRE\/FGV) o \u00edndice da <strong>economia<\/strong> na Am\u00e9rica Latina voltou a cair, de 67,3 para 54,7. Seguindo a tend\u00eancia de decl\u00ednio iniciada no quarto trimestre de 2021, o ICE recua 12,6 pontos no 3\u00ba trimestre de 2022, ao passar de 67,3 pontos para 54,7 pontos.<\/p>\n\t<p>\n\t\t<a href=\"\" target=\"_blank\" data-element=\"shortcode-suno-banner\" title=\"Banner SUNO, clique e saiba mais\">\n\t\t\t<picture>\n\t\t\t\t<source media=\"(max-width: 500px)\" srcset=\"\">\n\t\t\t\t<img class=\"newsContent__article__imgCapa newsContent__article__imgCapa--banner\"\n\t\t\t\t\tsrc=\"\"\n\t\t\t\t\tdata-promo-id=\"240038\"\t\t\t\t\t\t\t\t\t\t\t\t\t\t\talt=\"\"\n\t\t\t\t>\n\t\t\t<\/picture>\n\t\t<\/a>\n\t<\/p>\n\n\n<p>Os dois Indicadores-Componentes do ICE registraram queda em rela\u00e7\u00e3o ao trimestre anterior. O IE (<strong>Indicador das Expectativas<\/strong>) recuou 21,7 pontos, para 65,5 pontos. O ISA (Indicador da Situa\u00e7\u00e3o Atual) caiu 4,5 pontos, passando de 48,8 pontos para 43,3 pontos. A piora nas expectativas acende um sinal de alerta, pois indica que os especialistas esperam uma <strong>desacelera\u00e7\u00e3o econ\u00f4mica<\/strong> para os pr\u00f3ximos meses. Todos os indicadores est\u00e3o na zona desfavor\u00e1vel do <a class=\"suno-keyword\" href=\"https:\/\/www.suno.com.br\/artigos\/ciclo-economico\/\" target=\"_blank\" rel=\"noopener\" data-force=\"no\" data-priority=\"1\">ciclo econ\u00f4mico<\/a>.<\/p>\n<p>No mundo globalizado em que vivemos, oscila\u00e7\u00f5es nas economias dos pa\u00edses acabam afetando os demais pa\u00edses, em umas \u00e1reas mais e outras menos, mas no final da linha est\u00e3o as empresas. Portanto, \u00e9 imprescind\u00edvel que os executivos estejam alertas a essas oscila\u00e7\u00f5es e desenvolvam planejamentos de <a class=\"suno-keyword\" href=\"https:\/\/www.suno.com.br\/artigos\/curto-prazo\/\" target=\"_blank\" rel=\"noopener\" data-force=\"no\" data-priority=\"1\">curto prazo<\/a>, para n\u00e3o serem pegos de surpresa e causem preju\u00edzos financeiros na organiza\u00e7\u00e3o.<\/p>\n\t<p>\n\t\t<a href=\"https:\/\/lp.suno.com.br\/ebook-como-analisar-uma-acao\/\" target=\"_blank\" data-element=\"shortcode-suno-banner\" title=\"Banner SUNO, clique e saiba mais\">\n\t\t\t<picture>\n\t\t\t\t<source media=\"(max-width: 500px)\" srcset=\"https:\/\/files.sunoresearch.com.br\/n\/uploads\/2023\/03\/Ebook-Acoes-Mobile-1.jpg\">\n\t\t\t\t<img class=\"newsContent__article__imgCapa newsContent__article__imgCapa--banner\"\n\t\t\t\t\tsrc=\"https:\/\/files.sunoresearch.com.br\/n\/uploads\/2023\/03\/Ebook-Acoes-Desktop-1.jpg\"\n\t\t\t\t\tdata-promo-id=\"171998\"\t\t\t\t\t\t\t\t\t\twidth='1420' height='286'\t\t\t\t\talt=\"https:\/\/files.sunoresearch.com.br\/n\/uploads\/2023\/03\/Ebook-Acoes-Desktop-1.jpg\"\n\t\t\t\t>\n\t\t\t<\/picture>\n\t\t<\/a>\n\t<\/p>\n\n\n<p>Percebo que muitos ainda est\u00e3o apegados aos planejamentos de <a class=\"suno-keyword\" href=\"https:\/\/www.suno.com.br\/artigos\/longo-prazo\/\" target=\"_blank\" rel=\"noopener\" data-force=\"no\" data-priority=\"1\">longo prazo<\/a>. Sim, eles continuam sendo necess\u00e1rios, mas deixaram de ser condi\u00e7\u00e3o suficiente para navegar adequadamente em mares t\u00e3o revoltos. E \u00e9 bom ir se acostumando, pois esse cen\u00e1rio ocorre h\u00e1 muito tempo. John Kotter j\u00e1 dizia em seu livro \u201cLiderando Mudan\u00e7as\u201d, lan\u00e7ado em 1996: \u201cA quantidade de mudan\u00e7as significativas nas organiza\u00e7\u00f5es tem crescido substancialmente ao longo das duas \u00faltimas d\u00e9cadas. (&#8230;) Poderosas for\u00e7as macroecon\u00f4micas funcionam aqui, podendo crescer mais ainda nas pr\u00f3ximas d\u00e9cadas&#8221;. Ele fez esse apontamento h\u00e1 mais de 25 anos. Se eu tivesse que prever o futuro, diria que ele foi at\u00e9 conservador, pois acho que se acelerou mais do que ele poderia imaginar.<\/p>\n<p>Montanha russa mal planejada \u00e9 o que os sistemas de gest\u00e3o com metas anuais parecem para as pessoas. Um sistema de gest\u00e3o com revis\u00e3o de prioridades a cada tr\u00eas meses, caso dos sistemas que usam os <strong>OKRs<\/strong> &#8211; Objectives and Keys Results (Objetivos e Resultados Chaves) deixam a organiza\u00e7\u00e3o em estado de prontid\u00e3o para as mudan\u00e7as que vir\u00e3o, porque v\u00e3o vir mesmo, \u00e9 quest\u00e3o de tempo, de pouco tempo. Isso sem contar guerras e pandemia, que atingiram a todos, e que efetivamente n\u00e3o podiam ser previstos. Por mais que esse tipo de informa\u00e7\u00e3o circule dentro dos governos, jamais ser\u00e1 ventilada previamente. Por isso, sempre \u00e9 importante estar de olho na <strong>trajet\u00f3ria da infla\u00e7\u00e3o,<\/strong> <a class=\"suno-keyword\" href=\"https:\/\/www.suno.com.br\/artigos\/curva-de-juros\/\" target=\"_blank\" rel=\"noopener\" data-force=\"no\" data-priority=\"1\">curva de juros<\/a> futuros, <a class=\"suno-keyword\" href=\"https:\/\/www.suno.com.br\/artigos\/capacidade-instalada\/\" target=\"_blank\" rel=\"noopener\" data-force=\"no\" data-priority=\"1\">capacidade instalada<\/a> da ind\u00fastria, <a class=\"suno-keyword\" href=\"https:\/\/www.suno.com.br\/artigos\/formacao-bruta-capital-fixo-fbcf\/\" target=\"_blank\" rel=\"noopener\" data-force=\"no\" data-priority=\"1\">forma\u00e7\u00e3o bruta de capital fixo<\/a>, entre outros indicadores.<\/p>\n<p>Al\u00e9m disso, \u00e9 essencial estar em condi\u00e7\u00f5es de tomar uma decis\u00e3o, seja de reagir ou de esperar e diminuir a chance de ter o neg\u00f3cio severamente impactado. Se a decis\u00e3o for (re)agir, que o tempo de mobiliza\u00e7\u00e3o e resposta da organiza\u00e7\u00e3o sejam r\u00e1pidos, e isso ser\u00e1 t\u00e3o mais complexo quanto maior a organiza\u00e7\u00e3o. Especialmente nesses casos, o sistema de gest\u00e3o tem que ser \u00e1gil e leve, apoiado em uma comunica\u00e7\u00e3o clara e assertiva entre todos.<\/p>\n<p>Nesse sentido, os OKRs se encaixam como uma luva, pois trabalham com objetivos muito claros, de curto prazo e s\u00e3o ferramentas de comunica\u00e7\u00e3o que sintetizam a estrat\u00e9gia de maneira objetiva apoiada em m\u00e9tricas acion\u00e1veis pelos times que est\u00e3o envolvidos em cada uma delas, ajudando a tornar palp\u00e1vel a estrat\u00e9gia da organiza\u00e7\u00e3o em todos os n\u00edveis rapidamente.<\/p>\n\t<p>\n\t\t<a href=\"https:\/\/lp.suno.com.br\/planilha-de-controle-de-investimentos\/\" target=\"_blank\" data-element=\"shortcode-suno-banner\" title=\"Banner SUNO, clique e saiba mais\">\n\t\t\t<picture>\n\t\t\t\t<source media=\"(max-width: 500px)\" srcset=\"https:\/\/files.sunoresearch.com.br\/n\/uploads\/2023\/03\/400x300-Controle-de-Investimentos.png\">\n\t\t\t\t<img class=\"newsContent__article__imgCapa newsContent__article__imgCapa--banner\"\n\t\t\t\t\tsrc=\"https:\/\/files.sunoresearch.com.br\/n\/uploads\/2023\/03\/1420x240-Controle-de-Investimentos.png\"\n\t\t\t\t\tdata-promo-id=\"75934\"\t\t\t\t\t\t\t\t\t\twidth='1420' height='240'\t\t\t\t\talt=\"https:\/\/files.sunoresearch.com.br\/n\/uploads\/2023\/03\/1420x240-Controle-de-Investimentos.png\"\n\t\t\t\t>\n\t\t\t<\/picture>\n\t\t<\/a>\n\t<\/p>\n\n\n","protected":false},"excerpt":{"rendered":"<p>De acordo com uma pesquisa do Instituto Brasileiro de Economia da Funda\u00e7\u00e3o Get\u00falio Vargas (IBRE\/FGV) o \u00edndice da economia na Am\u00e9rica Latina voltou a cair, de 67,3 para&#8230;<\/p>\n","protected":false},"author":115,"featured_media":0,"template":"","tags":[93040],"class_list":["post-291127","suno_column","type-suno_column","status-publish","hentry","tag-economia-global"],"yoast_head":"<!-- This site is optimized with the Yoast SEO plugin v24.4 - https:\/\/yoast.com\/wordpress\/plugins\/seo\/ -->\n<title>Como se preparar e reagir \u00e0s oscila\u00e7\u00f5es da economia - Suno Not\u00edcias<\/title>\n<meta name=\"description\" content=\"\u00c9 imprescind\u00edvel que os executivos estejam alertas a essas oscila\u00e7\u00f5es e desenvolvam planejamentos de curto prazo. Saiba mais\" \/>\n<meta name=\"robots\" content=\"index, follow, max-snippet:-1, max-image-preview:large, max-video-preview:-1\" \/>\n<link rel=\"canonical\" href=\"https:\/\/www.suno.com.br\/noticias\/colunas\/pedro-signorelli\/como-se-preparar-e-reagir-as-oscilacoes-da-economia\/\" \/>\n<meta property=\"og:locale\" content=\"pt_BR\" \/>\n<meta property=\"og:type\" content=\"article\" \/>\n<meta property=\"og:title\" content=\"Como se preparar e reagir \u00e0s oscila\u00e7\u00f5es da economia - Suno Not\u00edcias\" \/>\n<meta property=\"og:description\" content=\"\u00c9 imprescind\u00edvel que os executivos estejam alertas a essas oscila\u00e7\u00f5es e desenvolvam planejamentos de curto prazo. Saiba mais\" \/>\n<meta property=\"og:url\" content=\"https:\/\/www.suno.com.br\/noticias\/colunas\/pedro-signorelli\/como-se-preparar-e-reagir-as-oscilacoes-da-economia\/\" \/>\n<meta property=\"og:site_name\" content=\"Suno Not\u00edcias\" \/>\n<meta property=\"article:publisher\" content=\"https:\/\/facebook.com\/sunoresearch\" \/>\n<meta property=\"og:image\" content=\"https:\/\/files.sunoresearch.com.br\/n\/uploads\/2022\/06\/Modelo2.jpg\" \/>\n\t<meta property=\"og:image:width\" content=\"1200\" \/>\n\t<meta property=\"og:image:height\" content=\"627\" \/>\n\t<meta property=\"og:image:type\" content=\"image\/jpeg\" \/>\n<meta name=\"twitter:card\" content=\"summary_large_image\" \/>\n<meta name=\"twitter:site\" content=\"@sunoresearch\" \/>\n<meta name=\"twitter:label1\" content=\"Est. tempo de leitura\" \/>\n\t<meta name=\"twitter:data1\" content=\"4 minutos\" \/>\n<script type=\"application\/ld+json\" class=\"yoast-schema-graph\">{\"@context\":\"https:\/\/schema.org\",\"@graph\":[{\"@type\":\"Article\",\"@id\":\"https:\/\/www.suno.com.br\/noticias\/colunas\/pedro-signorelli\/como-se-preparar-e-reagir-as-oscilacoes-da-economia\/#article\",\"isPartOf\":{\"@id\":\"https:\/\/www.suno.com.br\/noticias\/colunas\/pedro-signorelli\/como-se-preparar-e-reagir-as-oscilacoes-da-economia\/\"},\"author\":{\"name\":\"Pedro Signorelli\",\"@id\":\"https:\/\/www.suno.com.br\/noticias\/#\/schema\/person\/6385c52ff9d123bfc99eecc3a056a741\"},\"headline\":\"Como se preparar e reagir \u00e0s oscila\u00e7\u00f5es da economia\",\"datePublished\":\"2022-08-30T11:00:41+00:00\",\"mainEntityOfPage\":{\"@id\":\"https:\/\/www.suno.com.br\/noticias\/colunas\/pedro-signorelli\/como-se-preparar-e-reagir-as-oscilacoes-da-economia\/\"},\"wordCount\":638,\"publisher\":{\"@id\":\"https:\/\/www.suno.com.br\/noticias\/#organization\"},\"keywords\":[\"economia global\"],\"inLanguage\":\"pt-BR\"},{\"@type\":\"WebPage\",\"@id\":\"https:\/\/www.suno.com.br\/noticias\/colunas\/pedro-signorelli\/como-se-preparar-e-reagir-as-oscilacoes-da-economia\/\",\"url\":\"https:\/\/www.suno.com.br\/noticias\/colunas\/pedro-signorelli\/como-se-preparar-e-reagir-as-oscilacoes-da-economia\/\",\"name\":\"Como se preparar e reagir \u00e0s oscila\u00e7\u00f5es da economia - Suno Not\u00edcias\",\"isPartOf\":{\"@id\":\"https:\/\/www.suno.com.br\/noticias\/#website\"},\"datePublished\":\"2022-08-30T11:00:41+00:00\",\"description\":\"\u00c9 imprescind\u00edvel que os executivos estejam alertas a essas oscila\u00e7\u00f5es e desenvolvam planejamentos de curto prazo. Saiba mais\",\"breadcrumb\":{\"@id\":\"https:\/\/www.suno.com.br\/noticias\/colunas\/pedro-signorelli\/como-se-preparar-e-reagir-as-oscilacoes-da-economia\/#breadcrumb\"},\"inLanguage\":\"pt-BR\",\"potentialAction\":[{\"@type\":\"ReadAction\",\"target\":[\"https:\/\/www.suno.com.br\/noticias\/colunas\/pedro-signorelli\/como-se-preparar-e-reagir-as-oscilacoes-da-economia\/\"]}]},{\"@type\":\"BreadcrumbList\",\"@id\":\"https:\/\/www.suno.com.br\/noticias\/colunas\/pedro-signorelli\/como-se-preparar-e-reagir-as-oscilacoes-da-economia\/#breadcrumb\",\"itemListElement\":[{\"@type\":\"ListItem\",\"position\":1,\"name\":\"Not\u00edcias\",\"item\":\"https:\/\/www.suno.com.br\/noticias\/\"},{\"@type\":\"ListItem\",\"position\":2,\"name\":\"Colunas\",\"item\":\"https:\/\/www.suno.com.br\/noticias\/colunas\/\"},{\"@type\":\"ListItem\",\"position\":3,\"name\":\"Como se preparar e reagir \u00e0s oscila\u00e7\u00f5es da economia\"}]},{\"@type\":\"WebSite\",\"@id\":\"https:\/\/www.suno.com.br\/noticias\/#website\",\"url\":\"https:\/\/www.suno.com.br\/noticias\/\",\"name\":\"Suno Not\u00edcias\",\"description\":\"Seu portal de informa\u00e7\u00e3o sobre o mundo dos investimentos\",\"publisher\":{\"@id\":\"https:\/\/www.suno.com.br\/noticias\/#organization\"},\"potentialAction\":[{\"@type\":\"SearchAction\",\"target\":{\"@type\":\"EntryPoint\",\"urlTemplate\":\"https:\/\/www.suno.com.br\/noticias\/?s={search_term_string}\"},\"query-input\":{\"@type\":\"PropertyValueSpecification\",\"valueRequired\":true,\"valueName\":\"search_term_string\"}}],\"inLanguage\":\"pt-BR\"},{\"@type\":\"Organization\",\"@id\":\"https:\/\/www.suno.com.br\/noticias\/#organization\",\"name\":\"Suno Not\u00edcias\",\"url\":\"https:\/\/www.suno.com.br\/noticias\/\",\"logo\":{\"@type\":\"ImageObject\",\"inLanguage\":\"pt-BR\",\"@id\":\"https:\/\/www.suno.com.br\/noticias\/#\/schema\/logo\/image\/\",\"url\":\"https:\/\/files.sunoresearch.com.br\/n\/uploads\/2021\/09\/suno-logo.png\",\"contentUrl\":\"https:\/\/files.sunoresearch.com.br\/n\/uploads\/2021\/09\/suno-logo.png\",\"width\":180,\"height\":180,\"caption\":\"Suno Not\u00edcias\"},\"image\":{\"@id\":\"https:\/\/www.suno.com.br\/noticias\/#\/schema\/logo\/image\/\"},\"sameAs\":[\"https:\/\/facebook.com\/sunoresearch\",\"https:\/\/x.com\/sunoresearch\",\"https:\/\/www.instagram.com\/suno\",\"https:\/\/www.linkedin.com\/company\/suno-research\/\",\"https:\/\/www.youtube.com\/c\/sunoresearch\"]},{\"@type\":\"Person\",\"@id\":\"https:\/\/www.suno.com.br\/noticias\/#\/schema\/person\/6385c52ff9d123bfc99eecc3a056a741\",\"name\":\"Pedro Signorelli\",\"image\":{\"@type\":\"ImageObject\",\"inLanguage\":\"pt-BR\",\"@id\":\"https:\/\/www.suno.com.br\/noticias\/#\/schema\/person\/image\/\",\"url\":\"https:\/\/secure.gravatar.com\/avatar\/2ede14d9d34352dfc1fb58af8a73db29?s=96&r=g\",\"contentUrl\":\"https:\/\/secure.gravatar.com\/avatar\/2ede14d9d34352dfc1fb58af8a73db29?s=96&r=g\",\"caption\":\"Pedro Signorelli\"},\"url\":\"https:\/\/www.suno.com.br\/noticias\/author\/pedro-signorelli\/\"}]}<\/script>\n<!-- \/ Yoast SEO plugin. -->","yoast_head_json":{"title":"Como se preparar e reagir \u00e0s oscila\u00e7\u00f5es da economia - Suno Not\u00edcias","description":"\u00c9 imprescind\u00edvel que os executivos estejam alertas a essas oscila\u00e7\u00f5es e desenvolvam planejamentos de curto prazo. Saiba mais","robots":{"index":"index","follow":"follow","max-snippet":"max-snippet:-1","max-image-preview":"max-image-preview:large","max-video-preview":"max-video-preview:-1"},"canonical":"https:\/\/www.suno.com.br\/noticias\/colunas\/pedro-signorelli\/como-se-preparar-e-reagir-as-oscilacoes-da-economia\/","og_locale":"pt_BR","og_type":"article","og_title":"Como se preparar e reagir \u00e0s oscila\u00e7\u00f5es da economia - Suno Not\u00edcias","og_description":"\u00c9 imprescind\u00edvel que os executivos estejam alertas a essas oscila\u00e7\u00f5es e desenvolvam planejamentos de curto prazo. Saiba mais","og_url":"https:\/\/www.suno.com.br\/noticias\/colunas\/pedro-signorelli\/como-se-preparar-e-reagir-as-oscilacoes-da-economia\/","og_site_name":"Suno Not\u00edcias","article_publisher":"https:\/\/facebook.com\/sunoresearch","og_image":[{"width":1200,"height":627,"url":"https:\/\/files.sunoresearch.com.br\/n\/uploads\/2022\/06\/Modelo2.jpg","type":"image\/jpeg"}],"twitter_card":"summary_large_image","twitter_site":"@sunoresearch","twitter_misc":{"Est. tempo de leitura":"4 minutos"},"schema":{"@context":"https:\/\/schema.org","@graph":[{"@type":"Article","@id":"https:\/\/www.suno.com.br\/noticias\/colunas\/pedro-signorelli\/como-se-preparar-e-reagir-as-oscilacoes-da-economia\/#article","isPartOf":{"@id":"https:\/\/www.suno.com.br\/noticias\/colunas\/pedro-signorelli\/como-se-preparar-e-reagir-as-oscilacoes-da-economia\/"},"author":{"name":"Pedro Signorelli","@id":"https:\/\/www.suno.com.br\/noticias\/#\/schema\/person\/6385c52ff9d123bfc99eecc3a056a741"},"headline":"Como se preparar e reagir \u00e0s oscila\u00e7\u00f5es da economia","datePublished":"2022-08-30T11:00:41+00:00","mainEntityOfPage":{"@id":"https:\/\/www.suno.com.br\/noticias\/colunas\/pedro-signorelli\/como-se-preparar-e-reagir-as-oscilacoes-da-economia\/"},"wordCount":638,"publisher":{"@id":"https:\/\/www.suno.com.br\/noticias\/#organization"},"keywords":["economia global"],"inLanguage":"pt-BR"},{"@type":"WebPage","@id":"https:\/\/www.suno.com.br\/noticias\/colunas\/pedro-signorelli\/como-se-preparar-e-reagir-as-oscilacoes-da-economia\/","url":"https:\/\/www.suno.com.br\/noticias\/colunas\/pedro-signorelli\/como-se-preparar-e-reagir-as-oscilacoes-da-economia\/","name":"Como se preparar e reagir \u00e0s oscila\u00e7\u00f5es da economia - Suno Not\u00edcias","isPartOf":{"@id":"https:\/\/www.suno.com.br\/noticias\/#website"},"datePublished":"2022-08-30T11:00:41+00:00","description":"\u00c9 imprescind\u00edvel que os executivos estejam alertas a essas oscila\u00e7\u00f5es e desenvolvam planejamentos de curto prazo. Saiba mais","breadcrumb":{"@id":"https:\/\/www.suno.com.br\/noticias\/colunas\/pedro-signorelli\/como-se-preparar-e-reagir-as-oscilacoes-da-economia\/#breadcrumb"},"inLanguage":"pt-BR","potentialAction":[{"@type":"ReadAction","target":["https:\/\/www.suno.com.br\/noticias\/colunas\/pedro-signorelli\/como-se-preparar-e-reagir-as-oscilacoes-da-economia\/"]}]},{"@type":"BreadcrumbList","@id":"https:\/\/www.suno.com.br\/noticias\/colunas\/pedro-signorelli\/como-se-preparar-e-reagir-as-oscilacoes-da-economia\/#breadcrumb","itemListElement":[{"@type":"ListItem","position":1,"name":"Not\u00edcias","item":"https:\/\/www.suno.com.br\/noticias\/"},{"@type":"ListItem","position":2,"name":"Colunas","item":"https:\/\/www.suno.com.br\/noticias\/colunas\/"},{"@type":"ListItem","position":3,"name":"Como se preparar e reagir \u00e0s oscila\u00e7\u00f5es da economia"}]},{"@type":"WebSite","@id":"https:\/\/www.suno.com.br\/noticias\/#website","url":"https:\/\/www.suno.com.br\/noticias\/","name":"Suno Not\u00edcias","description":"Seu portal de informa\u00e7\u00e3o sobre o mundo dos investimentos","publisher":{"@id":"https:\/\/www.suno.com.br\/noticias\/#organization"},"potentialAction":[{"@type":"SearchAction","target":{"@type":"EntryPoint","urlTemplate":"https:\/\/www.suno.com.br\/noticias\/?s={search_term_string}"},"query-input":{"@type":"PropertyValueSpecification","valueRequired":true,"valueName":"search_term_string"}}],"inLanguage":"pt-BR"},{"@type":"Organization","@id":"https:\/\/www.suno.com.br\/noticias\/#organization","name":"Suno Not\u00edcias","url":"https:\/\/www.suno.com.br\/noticias\/","logo":{"@type":"ImageObject","inLanguage":"pt-BR","@id":"https:\/\/www.suno.com.br\/noticias\/#\/schema\/logo\/image\/","url":"https:\/\/files.sunoresearch.com.br\/n\/uploads\/2021\/09\/suno-logo.png","contentUrl":"https:\/\/files.sunoresearch.com.br\/n\/uploads\/2021\/09\/suno-logo.png","width":180,"height":180,"caption":"Suno Not\u00edcias"},"image":{"@id":"https:\/\/www.suno.com.br\/noticias\/#\/schema\/logo\/image\/"},"sameAs":["https:\/\/facebook.com\/sunoresearch","https:\/\/x.com\/sunoresearch","https:\/\/www.instagram.com\/suno","https:\/\/www.linkedin.com\/company\/suno-research\/","https:\/\/www.youtube.com\/c\/sunoresearch"]},{"@type":"Person","@id":"https:\/\/www.suno.com.br\/noticias\/#\/schema\/person\/6385c52ff9d123bfc99eecc3a056a741","name":"Pedro Signorelli","image":{"@type":"ImageObject","inLanguage":"pt-BR","@id":"https:\/\/www.suno.com.br\/noticias\/#\/schema\/person\/image\/","url":"https:\/\/secure.gravatar.com\/avatar\/2ede14d9d34352dfc1fb58af8a73db29?s=96&r=g","contentUrl":"https:\/\/secure.gravatar.com\/avatar\/2ede14d9d34352dfc1fb58af8a73db29?s=96&r=g","caption":"Pedro Signorelli"},"url":"https:\/\/www.suno.com.br\/noticias\/author\/pedro-signorelli\/"}]}},"amp_enabled":true,"_links":{"self":[{"href":"https:\/\/www.suno.com.br\/noticias\/wp-json\/wp\/v2\/suno_column\/291127"}],"collection":[{"href":"https:\/\/www.suno.com.br\/noticias\/wp-json\/wp\/v2\/suno_column"}],"about":[{"href":"https:\/\/www.suno.com.br\/noticias\/wp-json\/wp\/v2\/types\/suno_column"}],"author":[{"embeddable":true,"href":"https:\/\/www.suno.com.br\/noticias\/wp-json\/wp\/v2\/users\/115"}],"wp:attachment":[{"href":"https:\/\/www.suno.com.br\/noticias\/wp-json\/wp\/v2\/media?parent=291127"}],"wp:term":[{"taxonomy":"post_tag","embeddable":true,"href":"https:\/\/www.suno.com.br\/noticias\/wp-json\/wp\/v2\/tags?post=291127"}],"curies":[{"name":"wp","href":"https:\/\/api.w.org\/{rel}","templated":true}]}}