{"id":278675,"date":"2022-07-27T08:00:57","date_gmt":"2022-07-27T11:00:57","guid":{"rendered":"https:\/\/www.suno.com.br\/noticias\/colunas\/marco-lopes\/\/"},"modified":"2022-07-26T17:01:56","modified_gmt":"2022-07-26T20:01:56","slug":"desafios-da-gestao-voce-gerencia-pelo-amor-ou-pela-dor","status":"publish","type":"suno_column","link":"https:\/\/www.suno.com.br\/noticias\/colunas\/pedro-signorelli\/desafios-da-gestao-voce-gerencia-pelo-amor-ou-pela-dor\/","title":{"rendered":"Desafios da gest\u00e3o: voc\u00ea gerencia pelo amor ou pela dor?"},"content":{"rendered":"<p>&#8220;As pessoas n\u00e3o deixam as empresas, deixam seus l\u00edderes&#8221;. Quantas vezes n\u00e3o vimos esta frase por a\u00ed nas redes sociais? O fil\u00f3sofo italiano Nicolau Maquiavel, em seu emblem\u00e1tico livro \u201cO Pr\u00edncipe\u201d, afirmava que para um governante era melhor ser temido do que amado, assim ele poderia manter e expandir seu poder. Ser\u00e1 que estamos colhendo os frutos desta filosofia quase 500 anos depois?<\/p>\n\t<p>\n\t\t<a href=\"\" target=\"_blank\" data-element=\"shortcode-suno-banner\" title=\"Banner SUNO, clique e saiba mais\">\n\t\t\t<picture>\n\t\t\t\t<source media=\"(max-width: 500px)\" srcset=\"\">\n\t\t\t\t<img class=\"newsContent__article__imgCapa newsContent__article__imgCapa--banner\"\n\t\t\t\t\tsrc=\"\"\n\t\t\t\t\tdata-promo-id=\"240038\"\t\t\t\t\t\t\t\t\t\t\t\t\t\t\talt=\"\"\n\t\t\t\t>\n\t\t\t<\/picture>\n\t\t<\/a>\n\t<\/p>\n\n\n<p>Fato \u00e9 que alguns <strong>gestores<\/strong> acreditam que manter uma postura mais fria e distante pode ser uma boa forma de agir, j\u00e1 que est\u00e3o em posi\u00e7\u00f5es altas na hierarquia da empresa e essa \u00e9 uma forma de preservar seu poder e, no fim, de se preservar. Por\u00e9m, a tend\u00eancia \u00e9 de que tal atitude leve a uma rela\u00e7\u00e3o mais \u00e1spera com os colaboradores, o que deve tornar a conviv\u00eancia mais dif\u00edcil e, consequentemente, que n\u00e3o gera engajamento, impactando o desempenho individual dos colaboradores e do time, limitando o alcance dos resultados<\/p>\n<p>Por outro lado, precisamos deixar claro que, se algu\u00e9m tem um comportamento mais firme, n\u00e3o significa que quer o mal dos outros &#8211; pode ser apenas uma caracter\u00edstica do perfil dessa pessoa. Al\u00e9m disso, \u00e9 normal que, na correria da rotina, \u00e0s vezes surja alguma fala considerada grosseira, mas pode acontecer com qualquer um que esteja tendo problemas no trabalho ou simplesmente um dia ruim. N\u00e3o justifica, mas \u00e9 fato.<\/p>\n\t<p>\n\t\t<a href=\"https:\/\/lp.suno.com.br\/planilha-de-controle-de-investimentos\/\" target=\"_blank\" data-element=\"shortcode-suno-banner\" title=\"Banner SUNO, clique e saiba mais\">\n\t\t\t<picture>\n\t\t\t\t<source media=\"(max-width: 500px)\" srcset=\"https:\/\/files.sunoresearch.com.br\/n\/uploads\/2023\/03\/400x300-Controle-de-Investimentos.png\">\n\t\t\t\t<img class=\"newsContent__article__imgCapa newsContent__article__imgCapa--banner\"\n\t\t\t\t\tsrc=\"https:\/\/files.sunoresearch.com.br\/n\/uploads\/2023\/03\/1420x240-Controle-de-Investimentos.png\"\n\t\t\t\t\tdata-promo-id=\"75934\"\t\t\t\t\t\t\t\t\t\twidth='1420' height='240'\t\t\t\t\talt=\"https:\/\/files.sunoresearch.com.br\/n\/uploads\/2023\/03\/1420x240-Controle-de-Investimentos.png\"\n\t\t\t\t>\n\t\t\t<\/picture>\n\t\t<\/a>\n\t<\/p>\n\n\n<p>Visto isso, um <strong>bom gestor<\/strong> n\u00e3o \u00e9 aquele que necessariamente escolhe o amor ou a dor para gerenciar a empresa, pois essa escolha poderia levar a caminhos extremos, que n\u00e3o funcionariam para o crescimento e a evolu\u00e7\u00e3o do time. O bom gestor \u00e9 aquele que consegue manter um equil\u00edbrio entre amor e dor, tendo a no\u00e7\u00e3o de que a diferen\u00e7a entre os dois pode estar em uma linha t\u00eanue.<\/p>\n<p>Um artigo da Harvard Business Review traz uma provoca\u00e7\u00e3o que n\u00e3o s\u00f3 eu concordo bastante, como foi uma das grandes descobertas e que me fez mudar o rumo da minha carreira. Em vez de lidar com puni\u00e7\u00e3o ou simplesmente um b\u00f4nus l\u00e1 na frente, \u00e9 preciso entender que &#8220;n\u00e3o existe mais forte motiva\u00e7\u00e3o para os colaboradores do que entender que o trabalho deles importa e \u00e9 relevante para algu\u00e9m ou algo al\u00e9m de uma linha no balan\u00e7o financeiro&#8221;. O amor seria para a tratativa com os colaboradores, que quanto mais se sentirem em um ambiente de trabalho seguro e perceberem que podem confiar em voc\u00ea e na sua lideran\u00e7a, melhor.<\/p>\n\t<p>\n\t\t<a href=\"https:\/\/lp.suno.com.br\/planilha-da-vida-financeira\/\" target=\"_blank\" data-element=\"shortcode-suno-banner\" title=\"Banner SUNO, clique e saiba mais\">\n\t\t\t<picture>\n\t\t\t\t<source media=\"(max-width: 500px)\" srcset=\"https:\/\/files.sunoresearch.com.br\/n\/uploads\/2023\/04\/400x300-Planilha-vida-financeira-true.png\">\n\t\t\t\t<img class=\"newsContent__article__imgCapa newsContent__article__imgCapa--banner\"\n\t\t\t\t\tsrc=\"https:\/\/files.sunoresearch.com.br\/n\/uploads\/2023\/04\/1420x240-Planilha-vida-financeira-true.png\"\n\t\t\t\t\tdata-promo-id=\"106682\"\t\t\t\t\t\t\t\t\t\twidth='1420' height='240'\t\t\t\t\talt=\"https:\/\/files.sunoresearch.com.br\/n\/uploads\/2023\/04\/1420x240-Planilha-vida-financeira-true.png\"\n\t\t\t\t>\n\t\t\t<\/picture>\n\t\t<\/a>\n\t<\/p>\n\n\n<p>Os <strong>OKRs<\/strong> &#8211; Objectives and Key Results &#8211; Objetivos e Resultados Chave &#8211; s\u00e3o uma ferramenta moderna de gest\u00e3o, que ajudam a trazer o melhor e incorporam v\u00e1rios princ\u00edpios fundamentais para um bom desempenho de pessoas, times e organiza\u00e7\u00f5es. A primeira raz\u00e3o para isso \u00e9 que \u00e9 caracter\u00edstica do OKR envolver todo o time no processo de constru\u00e7\u00e3o das <strong>metas priorit\u00e1rias<\/strong>, al\u00e9m de dar transpar\u00eancia para a dire\u00e7\u00e3o da companhia como um todo. Isso gera muito engajamento, se bem feito.<\/p>\n\t<p>\n\t\t<a href=\"https:\/\/lp.suno.com.br\/ebook-como-analisar-uma-acao\/\" target=\"_blank\" data-element=\"shortcode-suno-banner\" title=\"Banner SUNO, clique e saiba mais\">\n\t\t\t<picture>\n\t\t\t\t<source media=\"(max-width: 500px)\" srcset=\"https:\/\/files.sunoresearch.com.br\/n\/uploads\/2023\/03\/Ebook-Acoes-Mobile-1.jpg\">\n\t\t\t\t<img class=\"newsContent__article__imgCapa newsContent__article__imgCapa--banner\"\n\t\t\t\t\tsrc=\"https:\/\/files.sunoresearch.com.br\/n\/uploads\/2023\/03\/Ebook-Acoes-Desktop-1.jpg\"\n\t\t\t\t\tdata-promo-id=\"171998\"\t\t\t\t\t\t\t\t\t\twidth='1420' height='286'\t\t\t\t\talt=\"https:\/\/files.sunoresearch.com.br\/n\/uploads\/2023\/03\/Ebook-Acoes-Desktop-1.jpg\"\n\t\t\t\t>\n\t\t\t<\/picture>\n\t\t<\/a>\n\t<\/p>\n\n\n<p>Outro ponto importante, e que tamb\u00e9m \u00e9 premissa do OKR, s\u00e3o os ajustes constantes nos rumos da empresa, sem que isso possa indicar, ou parecer, para cada membro do time, que a companhia esteja quebrando, como se costuma dizer. N\u00e3o, todos entendem que as mudan\u00e7as fazem parte do processo e servem para ajustar algum caminho escolhido e que n\u00e3o esteja dando o resultado esperado.<\/p>\n\t<p>\n\t\t<a href=\"https:\/\/lp.suno.com.br\/planilha-controle-gastos\/\" target=\"_blank\" data-element=\"shortcode-suno-banner\" title=\"Banner SUNO, clique e saiba mais\">\n\t\t\t<picture>\n\t\t\t\t<source media=\"(max-width: 500px)\" srcset=\"https:\/\/files.sunoresearch.com.br\/n\/uploads\/2023\/03\/400x300-Planilha-controle-de-gastos.png\">\n\t\t\t\t<img class=\"newsContent__article__imgCapa newsContent__article__imgCapa--banner\"\n\t\t\t\t\tsrc=\"https:\/\/files.sunoresearch.com.br\/n\/uploads\/2023\/03\/1420x240-Planilha-controle-de-gastos.png\"\n\t\t\t\t\tdata-promo-id=\"101751\"\t\t\t\t\t\t\t\t\t\twidth='1420' height='240'\t\t\t\t\talt=\"https:\/\/files.sunoresearch.com.br\/n\/uploads\/2023\/03\/1420x240-Planilha-controle-de-gastos.png\"\n\t\t\t\t>\n\t\t\t<\/picture>\n\t\t<\/a>\n\t<\/p>\n\n\n<p>Vamos pensar no cen\u00e1rio atual: guerra, sa\u00edda &#8211; ou quase &#8211; de uma pandemia que abalou o mundo inteiro, pre\u00e7o do barril do petr\u00f3leo nas alturas, Brasil de volta ao mapa da fome da ONU e v\u00e1rios outros fatores que demonstram a necessidade de adapta\u00e7\u00e3o, em todos os sentidos. Mas aqui me concentro na gest\u00e3o, que n\u00e3o pode ser s\u00f3 pela dor, e tamb\u00e9m n\u00e3o d\u00e1 para ser somente pelo amor, por\u00e9m, certamente ser\u00e1 melhor, se adotar <strong>ferramentas modernas de gest\u00e3o<\/strong> que lhe permitem ajustes constantes, sem que isso cause o desconforto e surpresa na equipe.<\/p>\n","protected":false},"excerpt":{"rendered":"<p>&#8220;As pessoas n\u00e3o deixam as empresas, deixam seus l\u00edderes&#8221;. Quantas vezes n\u00e3o vimos esta frase por a\u00ed nas redes sociais? O fil\u00f3sofo italiano Nicolau Maquiave&#8230;<\/p>\n","protected":false},"author":115,"featured_media":0,"template":"","tags":[],"class_list":["post-278675","suno_column","type-suno_column","status-publish","hentry"],"yoast_head":"<!-- This site is optimized with the Yoast SEO plugin v24.4 - https:\/\/yoast.com\/wordpress\/plugins\/seo\/ -->\n<title>Desafios da gest\u00e3o: voc\u00ea gerencia pelo amor ou pela dor? - Suno Not\u00edcias<\/title>\n<meta name=\"description\" content=\"Atitude mais fria do gestor pode levar a uma rela\u00e7\u00e3o mais \u00e1spera com os colaboradores, o que deve tornar a conviv\u00eancia mais dif\u00edcil\" \/>\n<meta name=\"robots\" content=\"index, follow, max-snippet:-1, max-image-preview:large, max-video-preview:-1\" \/>\n<link rel=\"canonical\" href=\"https:\/\/www.suno.com.br\/noticias\/colunas\/pedro-signorelli\/desafios-da-gestao-voce-gerencia-pelo-amor-ou-pela-dor\/\" \/>\n<meta property=\"og:locale\" content=\"pt_BR\" \/>\n<meta property=\"og:type\" content=\"article\" \/>\n<meta property=\"og:title\" content=\"Desafios da gest\u00e3o: voc\u00ea gerencia pelo amor ou pela dor? - Suno Not\u00edcias\" \/>\n<meta property=\"og:description\" content=\"Atitude mais fria do gestor pode levar a uma rela\u00e7\u00e3o mais \u00e1spera com os colaboradores, o que deve tornar a conviv\u00eancia mais dif\u00edcil\" \/>\n<meta property=\"og:url\" content=\"https:\/\/www.suno.com.br\/noticias\/colunas\/pedro-signorelli\/desafios-da-gestao-voce-gerencia-pelo-amor-ou-pela-dor\/\" \/>\n<meta property=\"og:site_name\" content=\"Suno Not\u00edcias\" \/>\n<meta property=\"article:publisher\" content=\"https:\/\/facebook.com\/sunoresearch\" \/>\n<meta property=\"og:image\" content=\"https:\/\/files.sunoresearch.com.br\/n\/uploads\/2022\/06\/Modelo2.jpg\" \/>\n\t<meta property=\"og:image:width\" content=\"1200\" \/>\n\t<meta property=\"og:image:height\" content=\"627\" \/>\n\t<meta property=\"og:image:type\" content=\"image\/jpeg\" \/>\n<meta name=\"twitter:card\" content=\"summary_large_image\" \/>\n<meta name=\"twitter:site\" content=\"@sunoresearch\" \/>\n<meta name=\"twitter:label1\" content=\"Est. tempo de leitura\" \/>\n\t<meta name=\"twitter:data1\" content=\"4 minutos\" \/>\n<script type=\"application\/ld+json\" class=\"yoast-schema-graph\">{\"@context\":\"https:\/\/schema.org\",\"@graph\":[{\"@type\":\"Article\",\"@id\":\"https:\/\/www.suno.com.br\/noticias\/colunas\/pedro-signorelli\/desafios-da-gestao-voce-gerencia-pelo-amor-ou-pela-dor\/#article\",\"isPartOf\":{\"@id\":\"https:\/\/www.suno.com.br\/noticias\/colunas\/pedro-signorelli\/desafios-da-gestao-voce-gerencia-pelo-amor-ou-pela-dor\/\"},\"author\":{\"name\":\"Pedro Signorelli\",\"@id\":\"https:\/\/www.suno.com.br\/noticias\/#\/schema\/person\/6385c52ff9d123bfc99eecc3a056a741\"},\"headline\":\"Desafios da gest\u00e3o: voc\u00ea gerencia pelo amor ou pela dor?\",\"datePublished\":\"2022-07-27T11:00:57+00:00\",\"mainEntityOfPage\":{\"@id\":\"https:\/\/www.suno.com.br\/noticias\/colunas\/pedro-signorelli\/desafios-da-gestao-voce-gerencia-pelo-amor-ou-pela-dor\/\"},\"wordCount\":721,\"publisher\":{\"@id\":\"https:\/\/www.suno.com.br\/noticias\/#organization\"},\"inLanguage\":\"pt-BR\"},{\"@type\":\"WebPage\",\"@id\":\"https:\/\/www.suno.com.br\/noticias\/colunas\/pedro-signorelli\/desafios-da-gestao-voce-gerencia-pelo-amor-ou-pela-dor\/\",\"url\":\"https:\/\/www.suno.com.br\/noticias\/colunas\/pedro-signorelli\/desafios-da-gestao-voce-gerencia-pelo-amor-ou-pela-dor\/\",\"name\":\"Desafios da gest\u00e3o: voc\u00ea gerencia pelo amor ou pela dor? - Suno Not\u00edcias\",\"isPartOf\":{\"@id\":\"https:\/\/www.suno.com.br\/noticias\/#website\"},\"datePublished\":\"2022-07-27T11:00:57+00:00\",\"description\":\"Atitude mais fria do gestor pode levar a uma rela\u00e7\u00e3o mais \u00e1spera com os colaboradores, o que deve tornar a conviv\u00eancia mais dif\u00edcil\",\"breadcrumb\":{\"@id\":\"https:\/\/www.suno.com.br\/noticias\/colunas\/pedro-signorelli\/desafios-da-gestao-voce-gerencia-pelo-amor-ou-pela-dor\/#breadcrumb\"},\"inLanguage\":\"pt-BR\",\"potentialAction\":[{\"@type\":\"ReadAction\",\"target\":[\"https:\/\/www.suno.com.br\/noticias\/colunas\/pedro-signorelli\/desafios-da-gestao-voce-gerencia-pelo-amor-ou-pela-dor\/\"]}]},{\"@type\":\"BreadcrumbList\",\"@id\":\"https:\/\/www.suno.com.br\/noticias\/colunas\/pedro-signorelli\/desafios-da-gestao-voce-gerencia-pelo-amor-ou-pela-dor\/#breadcrumb\",\"itemListElement\":[{\"@type\":\"ListItem\",\"position\":1,\"name\":\"Not\u00edcias\",\"item\":\"https:\/\/www.suno.com.br\/noticias\/\"},{\"@type\":\"ListItem\",\"position\":2,\"name\":\"Colunas\",\"item\":\"https:\/\/www.suno.com.br\/noticias\/colunas\/\"},{\"@type\":\"ListItem\",\"position\":3,\"name\":\"Desafios da gest\u00e3o: voc\u00ea gerencia pelo amor ou pela dor?\"}]},{\"@type\":\"WebSite\",\"@id\":\"https:\/\/www.suno.com.br\/noticias\/#website\",\"url\":\"https:\/\/www.suno.com.br\/noticias\/\",\"name\":\"Suno Not\u00edcias\",\"description\":\"Seu portal de informa\u00e7\u00e3o sobre o mundo dos investimentos\",\"publisher\":{\"@id\":\"https:\/\/www.suno.com.br\/noticias\/#organization\"},\"potentialAction\":[{\"@type\":\"SearchAction\",\"target\":{\"@type\":\"EntryPoint\",\"urlTemplate\":\"https:\/\/www.suno.com.br\/noticias\/?s={search_term_string}\"},\"query-input\":{\"@type\":\"PropertyValueSpecification\",\"valueRequired\":true,\"valueName\":\"search_term_string\"}}],\"inLanguage\":\"pt-BR\"},{\"@type\":\"Organization\",\"@id\":\"https:\/\/www.suno.com.br\/noticias\/#organization\",\"name\":\"Suno Not\u00edcias\",\"url\":\"https:\/\/www.suno.com.br\/noticias\/\",\"logo\":{\"@type\":\"ImageObject\",\"inLanguage\":\"pt-BR\",\"@id\":\"https:\/\/www.suno.com.br\/noticias\/#\/schema\/logo\/image\/\",\"url\":\"https:\/\/files.sunoresearch.com.br\/n\/uploads\/2021\/09\/suno-logo.png\",\"contentUrl\":\"https:\/\/files.sunoresearch.com.br\/n\/uploads\/2021\/09\/suno-logo.png\",\"width\":180,\"height\":180,\"caption\":\"Suno Not\u00edcias\"},\"image\":{\"@id\":\"https:\/\/www.suno.com.br\/noticias\/#\/schema\/logo\/image\/\"},\"sameAs\":[\"https:\/\/facebook.com\/sunoresearch\",\"https:\/\/x.com\/sunoresearch\",\"https:\/\/www.instagram.com\/suno\",\"https:\/\/www.linkedin.com\/company\/suno-research\/\",\"https:\/\/www.youtube.com\/c\/sunoresearch\"]},{\"@type\":\"Person\",\"@id\":\"https:\/\/www.suno.com.br\/noticias\/#\/schema\/person\/6385c52ff9d123bfc99eecc3a056a741\",\"name\":\"Pedro Signorelli\",\"image\":{\"@type\":\"ImageObject\",\"inLanguage\":\"pt-BR\",\"@id\":\"https:\/\/www.suno.com.br\/noticias\/#\/schema\/person\/image\/\",\"url\":\"https:\/\/secure.gravatar.com\/avatar\/2ede14d9d34352dfc1fb58af8a73db29?s=96&r=g\",\"contentUrl\":\"https:\/\/secure.gravatar.com\/avatar\/2ede14d9d34352dfc1fb58af8a73db29?s=96&r=g\",\"caption\":\"Pedro Signorelli\"},\"url\":\"https:\/\/www.suno.com.br\/noticias\/author\/pedro-signorelli\/\"}]}<\/script>\n<!-- \/ Yoast SEO plugin. -->","yoast_head_json":{"title":"Desafios da gest\u00e3o: voc\u00ea gerencia pelo amor ou pela dor? - Suno Not\u00edcias","description":"Atitude mais fria do gestor pode levar a uma rela\u00e7\u00e3o mais \u00e1spera com os colaboradores, o que deve tornar a conviv\u00eancia mais dif\u00edcil","robots":{"index":"index","follow":"follow","max-snippet":"max-snippet:-1","max-image-preview":"max-image-preview:large","max-video-preview":"max-video-preview:-1"},"canonical":"https:\/\/www.suno.com.br\/noticias\/colunas\/pedro-signorelli\/desafios-da-gestao-voce-gerencia-pelo-amor-ou-pela-dor\/","og_locale":"pt_BR","og_type":"article","og_title":"Desafios da gest\u00e3o: voc\u00ea gerencia pelo amor ou pela dor? - Suno Not\u00edcias","og_description":"Atitude mais fria do gestor pode levar a uma rela\u00e7\u00e3o mais \u00e1spera com os colaboradores, o que deve tornar a conviv\u00eancia mais dif\u00edcil","og_url":"https:\/\/www.suno.com.br\/noticias\/colunas\/pedro-signorelli\/desafios-da-gestao-voce-gerencia-pelo-amor-ou-pela-dor\/","og_site_name":"Suno Not\u00edcias","article_publisher":"https:\/\/facebook.com\/sunoresearch","og_image":[{"width":1200,"height":627,"url":"https:\/\/files.sunoresearch.com.br\/n\/uploads\/2022\/06\/Modelo2.jpg","type":"image\/jpeg"}],"twitter_card":"summary_large_image","twitter_site":"@sunoresearch","twitter_misc":{"Est. tempo de leitura":"4 minutos"},"schema":{"@context":"https:\/\/schema.org","@graph":[{"@type":"Article","@id":"https:\/\/www.suno.com.br\/noticias\/colunas\/pedro-signorelli\/desafios-da-gestao-voce-gerencia-pelo-amor-ou-pela-dor\/#article","isPartOf":{"@id":"https:\/\/www.suno.com.br\/noticias\/colunas\/pedro-signorelli\/desafios-da-gestao-voce-gerencia-pelo-amor-ou-pela-dor\/"},"author":{"name":"Pedro Signorelli","@id":"https:\/\/www.suno.com.br\/noticias\/#\/schema\/person\/6385c52ff9d123bfc99eecc3a056a741"},"headline":"Desafios da gest\u00e3o: voc\u00ea gerencia pelo amor ou pela dor?","datePublished":"2022-07-27T11:00:57+00:00","mainEntityOfPage":{"@id":"https:\/\/www.suno.com.br\/noticias\/colunas\/pedro-signorelli\/desafios-da-gestao-voce-gerencia-pelo-amor-ou-pela-dor\/"},"wordCount":721,"publisher":{"@id":"https:\/\/www.suno.com.br\/noticias\/#organization"},"inLanguage":"pt-BR"},{"@type":"WebPage","@id":"https:\/\/www.suno.com.br\/noticias\/colunas\/pedro-signorelli\/desafios-da-gestao-voce-gerencia-pelo-amor-ou-pela-dor\/","url":"https:\/\/www.suno.com.br\/noticias\/colunas\/pedro-signorelli\/desafios-da-gestao-voce-gerencia-pelo-amor-ou-pela-dor\/","name":"Desafios da gest\u00e3o: voc\u00ea gerencia pelo amor ou pela dor? - Suno Not\u00edcias","isPartOf":{"@id":"https:\/\/www.suno.com.br\/noticias\/#website"},"datePublished":"2022-07-27T11:00:57+00:00","description":"Atitude mais fria do gestor pode levar a uma rela\u00e7\u00e3o mais \u00e1spera com os colaboradores, o que deve tornar a conviv\u00eancia mais dif\u00edcil","breadcrumb":{"@id":"https:\/\/www.suno.com.br\/noticias\/colunas\/pedro-signorelli\/desafios-da-gestao-voce-gerencia-pelo-amor-ou-pela-dor\/#breadcrumb"},"inLanguage":"pt-BR","potentialAction":[{"@type":"ReadAction","target":["https:\/\/www.suno.com.br\/noticias\/colunas\/pedro-signorelli\/desafios-da-gestao-voce-gerencia-pelo-amor-ou-pela-dor\/"]}]},{"@type":"BreadcrumbList","@id":"https:\/\/www.suno.com.br\/noticias\/colunas\/pedro-signorelli\/desafios-da-gestao-voce-gerencia-pelo-amor-ou-pela-dor\/#breadcrumb","itemListElement":[{"@type":"ListItem","position":1,"name":"Not\u00edcias","item":"https:\/\/www.suno.com.br\/noticias\/"},{"@type":"ListItem","position":2,"name":"Colunas","item":"https:\/\/www.suno.com.br\/noticias\/colunas\/"},{"@type":"ListItem","position":3,"name":"Desafios da gest\u00e3o: voc\u00ea gerencia pelo amor ou pela dor?"}]},{"@type":"WebSite","@id":"https:\/\/www.suno.com.br\/noticias\/#website","url":"https:\/\/www.suno.com.br\/noticias\/","name":"Suno Not\u00edcias","description":"Seu portal de informa\u00e7\u00e3o sobre o mundo dos investimentos","publisher":{"@id":"https:\/\/www.suno.com.br\/noticias\/#organization"},"potentialAction":[{"@type":"SearchAction","target":{"@type":"EntryPoint","urlTemplate":"https:\/\/www.suno.com.br\/noticias\/?s={search_term_string}"},"query-input":{"@type":"PropertyValueSpecification","valueRequired":true,"valueName":"search_term_string"}}],"inLanguage":"pt-BR"},{"@type":"Organization","@id":"https:\/\/www.suno.com.br\/noticias\/#organization","name":"Suno Not\u00edcias","url":"https:\/\/www.suno.com.br\/noticias\/","logo":{"@type":"ImageObject","inLanguage":"pt-BR","@id":"https:\/\/www.suno.com.br\/noticias\/#\/schema\/logo\/image\/","url":"https:\/\/files.sunoresearch.com.br\/n\/uploads\/2021\/09\/suno-logo.png","contentUrl":"https:\/\/files.sunoresearch.com.br\/n\/uploads\/2021\/09\/suno-logo.png","width":180,"height":180,"caption":"Suno Not\u00edcias"},"image":{"@id":"https:\/\/www.suno.com.br\/noticias\/#\/schema\/logo\/image\/"},"sameAs":["https:\/\/facebook.com\/sunoresearch","https:\/\/x.com\/sunoresearch","https:\/\/www.instagram.com\/suno","https:\/\/www.linkedin.com\/company\/suno-research\/","https:\/\/www.youtube.com\/c\/sunoresearch"]},{"@type":"Person","@id":"https:\/\/www.suno.com.br\/noticias\/#\/schema\/person\/6385c52ff9d123bfc99eecc3a056a741","name":"Pedro Signorelli","image":{"@type":"ImageObject","inLanguage":"pt-BR","@id":"https:\/\/www.suno.com.br\/noticias\/#\/schema\/person\/image\/","url":"https:\/\/secure.gravatar.com\/avatar\/2ede14d9d34352dfc1fb58af8a73db29?s=96&r=g","contentUrl":"https:\/\/secure.gravatar.com\/avatar\/2ede14d9d34352dfc1fb58af8a73db29?s=96&r=g","caption":"Pedro Signorelli"},"url":"https:\/\/www.suno.com.br\/noticias\/author\/pedro-signorelli\/"}]}},"amp_enabled":true,"_links":{"self":[{"href":"https:\/\/www.suno.com.br\/noticias\/wp-json\/wp\/v2\/suno_column\/278675"}],"collection":[{"href":"https:\/\/www.suno.com.br\/noticias\/wp-json\/wp\/v2\/suno_column"}],"about":[{"href":"https:\/\/www.suno.com.br\/noticias\/wp-json\/wp\/v2\/types\/suno_column"}],"author":[{"embeddable":true,"href":"https:\/\/www.suno.com.br\/noticias\/wp-json\/wp\/v2\/users\/115"}],"wp:attachment":[{"href":"https:\/\/www.suno.com.br\/noticias\/wp-json\/wp\/v2\/media?parent=278675"}],"wp:term":[{"taxonomy":"post_tag","embeddable":true,"href":"https:\/\/www.suno.com.br\/noticias\/wp-json\/wp\/v2\/tags?post=278675"}],"curies":[{"name":"wp","href":"https:\/\/api.w.org\/{rel}","templated":true}]}}