{"id":276503,"date":"2022-07-18T08:00:27","date_gmt":"2022-07-18T11:00:27","guid":{"rendered":"https:\/\/www.suno.com.br\/noticias\/colunas\/marco-lopes\/\/"},"modified":"2022-07-15T23:18:40","modified_gmt":"2022-07-16T02:18:40","slug":"projecao-de-ipca-negativo-em-julho-e-os-impactos-nos-fiis","status":"publish","type":"suno_column","link":"https:\/\/www.suno.com.br\/noticias\/colunas\/solzki\/projecao-de-ipca-negativo-em-julho-e-os-impactos-nos-fiis\/","title":{"rendered":"Proje\u00e7\u00e3o de IPCA negativo em julho e os impactos nos FIIs"},"content":{"rendered":"<p>Ap\u00f3s um longo per\u00edodo observando \u00edndices mensais de infla\u00e7\u00e3o, medidos pelo IPCA, em patamares elevados (muitas vezes acima de 1% ao m\u00eas), temos uma proje\u00e7\u00e3o de \u00edndice mensal negativo para o m\u00eas de julho, a primeira desde abril de 2020. Ainda que seja por medidas pontuais para redu\u00e7\u00e3o do pre\u00e7o dos combust\u00edveis no pa\u00eds e n\u00e3o por uma revers\u00e3o da tend\u00eancia inflacion\u00e1ria global, a perspectiva do \u00edndice mais baixo para o segundo semestre pode alterar a din\u00e2mica de distribui\u00e7\u00e3o de rendimentos de alguns setores dos <a class=\"suno-keyword\" href=\"https:\/\/www.suno.com.br\/fundos-imobiliarios\/\" target=\"_blank\" rel=\"noopener\" data-force=\"no\" data-priority=\"2\">Fundos Imobili\u00e1rios<\/a><strong> (FIIs)<\/strong>.<\/p>\n\t<p>\n\t\t<a href=\"\" target=\"_blank\" data-element=\"shortcode-suno-banner\" title=\"Banner SUNO, clique e saiba mais\">\n\t\t\t<picture>\n\t\t\t\t<source media=\"(max-width: 500px)\" srcset=\"\">\n\t\t\t\t<img class=\"newsContent__article__imgCapa newsContent__article__imgCapa--banner\"\n\t\t\t\t\tsrc=\"\"\n\t\t\t\t\tdata-promo-id=\"77050\"\t\t\t\t\t\t\t\t\t\t\t\t\t\t\talt=\"\"\n\t\t\t\t>\n\t\t\t<\/picture>\n\t\t<\/a>\n\t<\/p>\n\n\n<p>Para analisar como os setores de <strong>fundos imobili\u00e1rios<\/strong> podem reagir a esse prov\u00e1vel <strong>IPCA<\/strong> mensal negativo e tend\u00eancia de um \u00edndice em patamares mais comportados no segundo semestre de 2022, \u00e9 necess\u00e1rio separar os fundos em dois grupos: o primeiro com os chamados \u201c<strong>FIIs de Tijolo<\/strong>\u201d, que s\u00e3o os fundos que investem diretamente em im\u00f3veis como <a class=\"suno-keyword\" href=\"https:\/\/www.suno.com.br\/artigos\/lajes-corporativas\/\" target=\"_blank\" rel=\"noopener\" data-force=\"no\" data-priority=\"1\">lajes corporativas<\/a>, shoppings e galp\u00f5es log\u00edsticos, entre outros. O segundo grupo s\u00e3o os \u201cFIIs de CRI\u201d, que investem em opera\u00e7\u00f5es de cr\u00e9dito imobili\u00e1rio, por meio dos <a class=\"suno-keyword\" href=\"https:\/\/www.suno.com.br\/artigos\/certificados-recebiveis-imobiliarios\/\" target=\"_blank\" rel=\"noopener\" data-force=\"no\" data-priority=\"1\">certificados de receb\u00edveis imobili\u00e1rios<\/a> e, atualmente, possuem a maior participa\u00e7\u00e3o no IFIX.<\/p>\n<p>Nos FIIs de Tijolo, a corre\u00e7\u00e3o monet\u00e1ria dos contratos de loca\u00e7\u00e3o ocorre, de maneira geral, anualmente. A cada 12 meses da data de in\u00edcio do contrato de loca\u00e7\u00e3o o valor do aluguel \u00e9 atualizado pela infla\u00e7\u00e3o do per\u00edodo. Dessa forma, o impacto de um \u00fanico m\u00eas de um \u00edndice negativo de infla\u00e7\u00e3o \u00e9 limitado, apenas diminuir\u00e1 a infla\u00e7\u00e3o total acumulada no per\u00edodo, n\u00e3o sendo necess\u00e1rio aprofundar a discuss\u00e3o dessa classe.<\/p>\n<p>\u00c9 importante apenas destacar que a capacidade de repassar a infla\u00e7\u00e3o nos contratos de aluguel, principalmente quando os \u00edndices apresentam varia\u00e7\u00f5es elevadas, depende de diversos fatores ligados ao momento de cada setor no ciclo imobili\u00e1rio. Por exemplo, em momentos em que o ciclo est\u00e1 favor\u00e1vel ao propriet\u00e1rio, como em cen\u00e1rios de excesso de demanda de potenciais inquilinos por \u00e1reas, os alugu\u00e9is tendem a ser corrigidos integralmente pela infla\u00e7\u00e3o e, eventualmente, ainda gerar ganhos reais no valor do aluguel durante as revisionais.<\/p>\n<p>Por outro lado, nos <strong>FIIs de CRI<\/strong> que possuem opera\u00e7\u00f5es indexadas \u00e0 infla\u00e7\u00e3o, o efeito da corre\u00e7\u00e3o monet\u00e1ria tende a ser observado rapidamente nas distribui\u00e7\u00f5es de rendimentos, considerando que as opera\u00e7\u00f5es de <a class=\"suno-keyword\" href=\"https:\/\/www.suno.com.br\/guias\/investimento-renda-fixa\/\" target=\"_blank\" rel=\"noopener\" data-force=\"no\" data-priority=\"2\">renda fixa<\/a> s\u00e3o atualizadas diariamente pelos \u00edndices estabelecidos nos contratos, que normalmente observam a infla\u00e7\u00e3o do m\u00eas imediatamente anterior ao atual ou do segundo m\u00eas anterior.<\/p>\n\t<p>\n\t\t<a href=\"https:\/\/lp.suno.com.br\/planilha-da-vida-financeira\/\" target=\"_blank\" data-element=\"shortcode-suno-banner\" title=\"Banner SUNO, clique e saiba mais\">\n\t\t\t<picture>\n\t\t\t\t<source media=\"(max-width: 500px)\" srcset=\"https:\/\/files.sunoresearch.com.br\/n\/uploads\/2023\/04\/400x300-Planilha-vida-financeira-true.png\">\n\t\t\t\t<img class=\"newsContent__article__imgCapa newsContent__article__imgCapa--banner\"\n\t\t\t\t\tsrc=\"https:\/\/files.sunoresearch.com.br\/n\/uploads\/2023\/04\/1420x240-Planilha-vida-financeira-true.png\"\n\t\t\t\t\tdata-promo-id=\"106682\"\t\t\t\t\t\t\t\t\t\twidth='1420' height='240'\t\t\t\t\talt=\"https:\/\/files.sunoresearch.com.br\/n\/uploads\/2023\/04\/1420x240-Planilha-vida-financeira-true.png\"\n\t\t\t\t>\n\t\t\t<\/picture>\n\t\t<\/a>\n\t<\/p>\n\n\n<p>Assim, os Fundos de CRI com a maioria das opera\u00e7\u00f5es indexados ao IPCA distribu\u00edram rendimentos elevados nos \u00faltimos per\u00edodos, beneficiados pelos altos \u00edndices mensais de infla\u00e7\u00e3o. Esses devem ser os fundos que devem sofrer o maior impacto com essa mudan\u00e7a de tend\u00eancia no \u00edndice inflacion\u00e1rio, que deve se refletir em uma redu\u00e7\u00e3o nos patamares de rendimentos distribu\u00eddos. O momento exato e a magnitude com que ocorrer\u00e1 o impacto nos rendimentos depende de diversos fatores espec\u00edficos de cada fundo, alguns inclusive podem um montante alto de resultados acumulados dos per\u00edodos anteriores que os rendimentos nem sejam impactados.<\/p>\n<p>Ser\u00e1 interessante analisar o comportamento dos rendimentos desses fundos nos pr\u00f3ximos meses e como o mercado reagir\u00e1 aos novos patamares, que podem ser considerados normais para esses fundos, ap\u00f3s um longo per\u00edodo de rendimento acima da m\u00e9dia. Um dos efeitos poder\u00e1 ser a diferencia\u00e7\u00e3o dos fundos que possuem n\u00edveis mais elevados de spread na carteira \u2013 maiores taxas m\u00e9dias de remunera\u00e7\u00e3o na carteira de CRIs &#8211; em rela\u00e7\u00e3o aos fundos com n\u00edveis de spreads inferiores.<\/p>\n\t<p>\n\t\t<a href=\"https:\/\/lp.suno.com.br\/planilha-controle-gastos\/\" target=\"_blank\" data-element=\"shortcode-suno-banner\" title=\"Banner SUNO, clique e saiba mais\">\n\t\t\t<picture>\n\t\t\t\t<source media=\"(max-width: 500px)\" srcset=\"https:\/\/files.sunoresearch.com.br\/n\/uploads\/2023\/03\/400x300-Planilha-controle-de-gastos.png\">\n\t\t\t\t<img class=\"newsContent__article__imgCapa newsContent__article__imgCapa--banner\"\n\t\t\t\t\tsrc=\"https:\/\/files.sunoresearch.com.br\/n\/uploads\/2023\/03\/1420x240-Planilha-controle-de-gastos.png\"\n\t\t\t\t\tdata-promo-id=\"101751\"\t\t\t\t\t\t\t\t\t\twidth='1420' height='240'\t\t\t\t\talt=\"https:\/\/files.sunoresearch.com.br\/n\/uploads\/2023\/03\/1420x240-Planilha-controle-de-gastos.png\"\n\t\t\t\t>\n\t\t\t<\/picture>\n\t\t<\/a>\n\t<\/p>\n\n\n<p>Essa nova realidade tamb\u00e9m pode abrir espa\u00e7o para investidores voltarem suas aten\u00e7\u00f5es para setores que estavam fora do radar e podem representar boas oportunidades, por exemplo os <strong><a class=\"suno-keyword\" href=\"https:\/\/www.suno.com.br\/artigos\/fundos-de-fundos\/\" target=\"_blank\" rel=\"noopener\" data-force=\"no\" data-priority=\"1\">Fundos de Fundos<\/a><\/strong> Imobili\u00e1rios &#8211; FOFs. Os <strong>FOFs<\/strong> atualmente apresentam desconto m\u00e9dio de aproximadamente 15% em rela\u00e7\u00e3o ao <a class=\"suno-keyword\" href=\"https:\/\/www.suno.com.br\/artigos\/valor-patrimonial\/\" target=\"_blank\" rel=\"noopener\" data-force=\"no\" data-priority=\"1\">valor patrimonial<\/a>, chegando aos 20% de desconto em alguns casos e distribui\u00e7\u00f5es de rendimento alcan\u00e7ando patamares de 13% a.a.<\/p>\n<p>Para os diversos setores de <a class=\"suno-keyword\" href=\"https:\/\/www.suno.com.br\/artigos\/fundos-de-tijolo\/\" target=\"_blank\" rel=\"noopener\" data-force=\"no\" data-priority=\"1\">fundos de tijolo<\/a>, como shoppings e <strong>lajes corporativas<\/strong>, que possuem descontos m\u00e9dios em rela\u00e7\u00e3o ao valor patrimonial ainda maiores que os FOFs, esse pode representar o in\u00edcio de uma virada, mas uma recupera\u00e7\u00e3o mais robusta s\u00f3 deve ocorrer quando o cen\u00e1rio macroecon\u00f4mico permitir que o t\u00f3pico \u201credu\u00e7\u00e3o das taxas de juros\u201d entre na pauta das discuss\u00f5es. No entanto, esse \u00e9 um assunto para outro momento e outro artigo, visto que ainda nem chegamos ao fim do ciclo de alta atual.<\/p>\n\t<p>\n\t\t<a href=\"https:\/\/lp.suno.com.br\/ebook-como-analisar-uma-acao\/\" target=\"_blank\" data-element=\"shortcode-suno-banner\" title=\"Banner SUNO, clique e saiba mais\">\n\t\t\t<picture>\n\t\t\t\t<source media=\"(max-width: 500px)\" srcset=\"https:\/\/files.sunoresearch.com.br\/n\/uploads\/2023\/03\/Ebook-Acoes-Mobile-1.jpg\">\n\t\t\t\t<img class=\"newsContent__article__imgCapa newsContent__article__imgCapa--banner\"\n\t\t\t\t\tsrc=\"https:\/\/files.sunoresearch.com.br\/n\/uploads\/2023\/03\/Ebook-Acoes-Desktop-1.jpg\"\n\t\t\t\t\tdata-promo-id=\"171998\"\t\t\t\t\t\t\t\t\t\twidth='1420' height='286'\t\t\t\t\talt=\"https:\/\/files.sunoresearch.com.br\/n\/uploads\/2023\/03\/Ebook-Acoes-Desktop-1.jpg\"\n\t\t\t\t>\n\t\t\t<\/picture>\n\t\t<\/a>\n\t<\/p>\n\n\n","protected":false},"excerpt":{"rendered":"<p>Ap\u00f3s um longo per\u00edodo observando \u00edndices mensais de infla\u00e7\u00e3o, medidos pelo IPCA, em patamares elevados (muitas vezes acima de 1% ao m\u00eas), temos uma proje\u00e7\u00e3o de \u00edndice &#8230;<\/p>\n","protected":false},"author":177,"featured_media":0,"template":"","tags":[315],"class_list":["post-276503","suno_column","type-suno_column","status-publish","hentry","tag-fundos-imobiliarios-fiis"],"yoast_head":"<!-- This site is optimized with the Yoast SEO plugin v24.4 - https:\/\/yoast.com\/wordpress\/plugins\/seo\/ -->\n<title>Proje\u00e7\u00e3o de IPCA negativo em julho e os impactos nos FIIs - Suno Not\u00edcias<\/title>\n<meta name=\"description\" content=\"A perspectiva do \u00edndice mais baixo para o 2\u00ba semestre pode alterar a din\u00e2mica de distribui\u00e7\u00e3o de rendimentos de alguns setores dos FIIs\" \/>\n<meta name=\"robots\" content=\"index, follow, max-snippet:-1, max-image-preview:large, max-video-preview:-1\" \/>\n<link rel=\"canonical\" href=\"https:\/\/www.suno.com.br\/noticias\/colunas\/solzki\/projecao-de-ipca-negativo-em-julho-e-os-impactos-nos-fiis\/\" \/>\n<meta property=\"og:locale\" content=\"pt_BR\" \/>\n<meta property=\"og:type\" content=\"article\" \/>\n<meta property=\"og:title\" content=\"Proje\u00e7\u00e3o de IPCA negativo em julho e os impactos nos FIIs - Suno Not\u00edcias\" \/>\n<meta property=\"og:description\" content=\"A perspectiva do \u00edndice mais baixo para o 2\u00ba semestre pode alterar a din\u00e2mica de distribui\u00e7\u00e3o de rendimentos de alguns setores dos FIIs\" \/>\n<meta property=\"og:url\" content=\"https:\/\/www.suno.com.br\/noticias\/colunas\/solzki\/projecao-de-ipca-negativo-em-julho-e-os-impactos-nos-fiis\/\" \/>\n<meta property=\"og:site_name\" content=\"Suno Not\u00edcias\" \/>\n<meta property=\"article:publisher\" content=\"https:\/\/facebook.com\/sunoresearch\" \/>\n<meta property=\"og:image\" content=\"https:\/\/files.sunoresearch.com.br\/n\/uploads\/2022\/06\/Modelo2.jpg\" \/>\n\t<meta property=\"og:image:width\" content=\"1200\" \/>\n\t<meta property=\"og:image:height\" content=\"627\" \/>\n\t<meta property=\"og:image:type\" content=\"image\/jpeg\" \/>\n<meta name=\"twitter:card\" content=\"summary_large_image\" \/>\n<meta name=\"twitter:site\" content=\"@sunoresearch\" \/>\n<meta name=\"twitter:label1\" content=\"Est. tempo de leitura\" \/>\n\t<meta name=\"twitter:data1\" content=\"4 minutos\" \/>\n<script type=\"application\/ld+json\" class=\"yoast-schema-graph\">{\"@context\":\"https:\/\/schema.org\",\"@graph\":[{\"@type\":\"Article\",\"@id\":\"https:\/\/www.suno.com.br\/noticias\/colunas\/solzki\/projecao-de-ipca-negativo-em-julho-e-os-impactos-nos-fiis\/#article\",\"isPartOf\":{\"@id\":\"https:\/\/www.suno.com.br\/noticias\/colunas\/solzki\/projecao-de-ipca-negativo-em-julho-e-os-impactos-nos-fiis\/\"},\"author\":{\"name\":\"Felipe Solzki\",\"@id\":\"https:\/\/www.suno.com.br\/noticias\/#\/schema\/person\/4744229f9b52ff594f2369bb2db91373\"},\"headline\":\"Proje\u00e7\u00e3o de IPCA negativo em julho e os impactos nos FIIs\",\"datePublished\":\"2022-07-18T11:00:27+00:00\",\"mainEntityOfPage\":{\"@id\":\"https:\/\/www.suno.com.br\/noticias\/colunas\/solzki\/projecao-de-ipca-negativo-em-julho-e-os-impactos-nos-fiis\/\"},\"wordCount\":824,\"publisher\":{\"@id\":\"https:\/\/www.suno.com.br\/noticias\/#organization\"},\"keywords\":[\"Fundos Imobili\u00e1rios (FIIs)\"],\"inLanguage\":\"pt-BR\"},{\"@type\":\"WebPage\",\"@id\":\"https:\/\/www.suno.com.br\/noticias\/colunas\/solzki\/projecao-de-ipca-negativo-em-julho-e-os-impactos-nos-fiis\/\",\"url\":\"https:\/\/www.suno.com.br\/noticias\/colunas\/solzki\/projecao-de-ipca-negativo-em-julho-e-os-impactos-nos-fiis\/\",\"name\":\"Proje\u00e7\u00e3o de IPCA negativo em julho e os impactos nos FIIs - Suno Not\u00edcias\",\"isPartOf\":{\"@id\":\"https:\/\/www.suno.com.br\/noticias\/#website\"},\"datePublished\":\"2022-07-18T11:00:27+00:00\",\"description\":\"A perspectiva do \u00edndice mais baixo para o 2\u00ba semestre pode alterar a din\u00e2mica de distribui\u00e7\u00e3o de rendimentos de alguns setores dos FIIs\",\"breadcrumb\":{\"@id\":\"https:\/\/www.suno.com.br\/noticias\/colunas\/solzki\/projecao-de-ipca-negativo-em-julho-e-os-impactos-nos-fiis\/#breadcrumb\"},\"inLanguage\":\"pt-BR\",\"potentialAction\":[{\"@type\":\"ReadAction\",\"target\":[\"https:\/\/www.suno.com.br\/noticias\/colunas\/solzki\/projecao-de-ipca-negativo-em-julho-e-os-impactos-nos-fiis\/\"]}]},{\"@type\":\"BreadcrumbList\",\"@id\":\"https:\/\/www.suno.com.br\/noticias\/colunas\/solzki\/projecao-de-ipca-negativo-em-julho-e-os-impactos-nos-fiis\/#breadcrumb\",\"itemListElement\":[{\"@type\":\"ListItem\",\"position\":1,\"name\":\"Not\u00edcias\",\"item\":\"https:\/\/www.suno.com.br\/noticias\/\"},{\"@type\":\"ListItem\",\"position\":2,\"name\":\"Colunas\",\"item\":\"https:\/\/www.suno.com.br\/noticias\/colunas\/\"},{\"@type\":\"ListItem\",\"position\":3,\"name\":\"Proje\u00e7\u00e3o de IPCA negativo em julho e os impactos nos FIIs\"}]},{\"@type\":\"WebSite\",\"@id\":\"https:\/\/www.suno.com.br\/noticias\/#website\",\"url\":\"https:\/\/www.suno.com.br\/noticias\/\",\"name\":\"Suno Not\u00edcias\",\"description\":\"Seu portal de informa\u00e7\u00e3o sobre o mundo dos investimentos\",\"publisher\":{\"@id\":\"https:\/\/www.suno.com.br\/noticias\/#organization\"},\"potentialAction\":[{\"@type\":\"SearchAction\",\"target\":{\"@type\":\"EntryPoint\",\"urlTemplate\":\"https:\/\/www.suno.com.br\/noticias\/?s={search_term_string}\"},\"query-input\":{\"@type\":\"PropertyValueSpecification\",\"valueRequired\":true,\"valueName\":\"search_term_string\"}}],\"inLanguage\":\"pt-BR\"},{\"@type\":\"Organization\",\"@id\":\"https:\/\/www.suno.com.br\/noticias\/#organization\",\"name\":\"Suno Not\u00edcias\",\"url\":\"https:\/\/www.suno.com.br\/noticias\/\",\"logo\":{\"@type\":\"ImageObject\",\"inLanguage\":\"pt-BR\",\"@id\":\"https:\/\/www.suno.com.br\/noticias\/#\/schema\/logo\/image\/\",\"url\":\"https:\/\/files.sunoresearch.com.br\/n\/uploads\/2021\/09\/suno-logo.png\",\"contentUrl\":\"https:\/\/files.sunoresearch.com.br\/n\/uploads\/2021\/09\/suno-logo.png\",\"width\":180,\"height\":180,\"caption\":\"Suno Not\u00edcias\"},\"image\":{\"@id\":\"https:\/\/www.suno.com.br\/noticias\/#\/schema\/logo\/image\/\"},\"sameAs\":[\"https:\/\/facebook.com\/sunoresearch\",\"https:\/\/x.com\/sunoresearch\",\"https:\/\/www.instagram.com\/suno\",\"https:\/\/www.linkedin.com\/company\/suno-research\/\",\"https:\/\/www.youtube.com\/c\/sunoresearch\"]},{\"@type\":\"Person\",\"@id\":\"https:\/\/www.suno.com.br\/noticias\/#\/schema\/person\/4744229f9b52ff594f2369bb2db91373\",\"name\":\"Felipe Solzki\",\"image\":{\"@type\":\"ImageObject\",\"inLanguage\":\"pt-BR\",\"@id\":\"https:\/\/www.suno.com.br\/noticias\/#\/schema\/person\/image\/\",\"url\":\"https:\/\/secure.gravatar.com\/avatar\/14e0ae02f36516f1512cd33d470cf095?s=96&r=g\",\"contentUrl\":\"https:\/\/secure.gravatar.com\/avatar\/14e0ae02f36516f1512cd33d470cf095?s=96&r=g\",\"caption\":\"Felipe Solzki\"},\"description\":\"S\u00f3cio e gestor de Fundos na Galapagos Asset Management. Anteriormente, foi membro da equipe de investimentos em Real Estate do BTG Pactual, onde foi respons\u00e1vel pela gest\u00e3o de Fundos de cr\u00e9dito imobili\u00e1rio e hotelaria. Antes disso, integrou a equipe de desenvolvimento de produtos da B3. Solzki \u00e9 formado em Economia e possui as certifica\u00e7\u00f5es CFA e CGA.\",\"sameAs\":[\"https:\/\/www.linkedin.com\/in\/felipe-solzki-cfa-11391585\"],\"url\":\"https:\/\/www.suno.com.br\/noticias\/author\/solzki\/\"}]}<\/script>\n<!-- \/ Yoast SEO plugin. -->","yoast_head_json":{"title":"Proje\u00e7\u00e3o de IPCA negativo em julho e os impactos nos FIIs - Suno Not\u00edcias","description":"A perspectiva do \u00edndice mais baixo para o 2\u00ba semestre pode alterar a din\u00e2mica de distribui\u00e7\u00e3o de rendimentos de alguns setores dos FIIs","robots":{"index":"index","follow":"follow","max-snippet":"max-snippet:-1","max-image-preview":"max-image-preview:large","max-video-preview":"max-video-preview:-1"},"canonical":"https:\/\/www.suno.com.br\/noticias\/colunas\/solzki\/projecao-de-ipca-negativo-em-julho-e-os-impactos-nos-fiis\/","og_locale":"pt_BR","og_type":"article","og_title":"Proje\u00e7\u00e3o de IPCA negativo em julho e os impactos nos FIIs - Suno Not\u00edcias","og_description":"A perspectiva do \u00edndice mais baixo para o 2\u00ba semestre pode alterar a din\u00e2mica de distribui\u00e7\u00e3o de rendimentos de alguns setores dos FIIs","og_url":"https:\/\/www.suno.com.br\/noticias\/colunas\/solzki\/projecao-de-ipca-negativo-em-julho-e-os-impactos-nos-fiis\/","og_site_name":"Suno Not\u00edcias","article_publisher":"https:\/\/facebook.com\/sunoresearch","og_image":[{"width":1200,"height":627,"url":"https:\/\/files.sunoresearch.com.br\/n\/uploads\/2022\/06\/Modelo2.jpg","type":"image\/jpeg"}],"twitter_card":"summary_large_image","twitter_site":"@sunoresearch","twitter_misc":{"Est. tempo de leitura":"4 minutos"},"schema":{"@context":"https:\/\/schema.org","@graph":[{"@type":"Article","@id":"https:\/\/www.suno.com.br\/noticias\/colunas\/solzki\/projecao-de-ipca-negativo-em-julho-e-os-impactos-nos-fiis\/#article","isPartOf":{"@id":"https:\/\/www.suno.com.br\/noticias\/colunas\/solzki\/projecao-de-ipca-negativo-em-julho-e-os-impactos-nos-fiis\/"},"author":{"name":"Felipe Solzki","@id":"https:\/\/www.suno.com.br\/noticias\/#\/schema\/person\/4744229f9b52ff594f2369bb2db91373"},"headline":"Proje\u00e7\u00e3o de IPCA negativo em julho e os impactos nos FIIs","datePublished":"2022-07-18T11:00:27+00:00","mainEntityOfPage":{"@id":"https:\/\/www.suno.com.br\/noticias\/colunas\/solzki\/projecao-de-ipca-negativo-em-julho-e-os-impactos-nos-fiis\/"},"wordCount":824,"publisher":{"@id":"https:\/\/www.suno.com.br\/noticias\/#organization"},"keywords":["Fundos Imobili\u00e1rios (FIIs)"],"inLanguage":"pt-BR"},{"@type":"WebPage","@id":"https:\/\/www.suno.com.br\/noticias\/colunas\/solzki\/projecao-de-ipca-negativo-em-julho-e-os-impactos-nos-fiis\/","url":"https:\/\/www.suno.com.br\/noticias\/colunas\/solzki\/projecao-de-ipca-negativo-em-julho-e-os-impactos-nos-fiis\/","name":"Proje\u00e7\u00e3o de IPCA negativo em julho e os impactos nos FIIs - Suno Not\u00edcias","isPartOf":{"@id":"https:\/\/www.suno.com.br\/noticias\/#website"},"datePublished":"2022-07-18T11:00:27+00:00","description":"A perspectiva do \u00edndice mais baixo para o 2\u00ba semestre pode alterar a din\u00e2mica de distribui\u00e7\u00e3o de rendimentos de alguns setores dos FIIs","breadcrumb":{"@id":"https:\/\/www.suno.com.br\/noticias\/colunas\/solzki\/projecao-de-ipca-negativo-em-julho-e-os-impactos-nos-fiis\/#breadcrumb"},"inLanguage":"pt-BR","potentialAction":[{"@type":"ReadAction","target":["https:\/\/www.suno.com.br\/noticias\/colunas\/solzki\/projecao-de-ipca-negativo-em-julho-e-os-impactos-nos-fiis\/"]}]},{"@type":"BreadcrumbList","@id":"https:\/\/www.suno.com.br\/noticias\/colunas\/solzki\/projecao-de-ipca-negativo-em-julho-e-os-impactos-nos-fiis\/#breadcrumb","itemListElement":[{"@type":"ListItem","position":1,"name":"Not\u00edcias","item":"https:\/\/www.suno.com.br\/noticias\/"},{"@type":"ListItem","position":2,"name":"Colunas","item":"https:\/\/www.suno.com.br\/noticias\/colunas\/"},{"@type":"ListItem","position":3,"name":"Proje\u00e7\u00e3o de IPCA negativo em julho e os impactos nos FIIs"}]},{"@type":"WebSite","@id":"https:\/\/www.suno.com.br\/noticias\/#website","url":"https:\/\/www.suno.com.br\/noticias\/","name":"Suno Not\u00edcias","description":"Seu portal de informa\u00e7\u00e3o sobre o mundo dos investimentos","publisher":{"@id":"https:\/\/www.suno.com.br\/noticias\/#organization"},"potentialAction":[{"@type":"SearchAction","target":{"@type":"EntryPoint","urlTemplate":"https:\/\/www.suno.com.br\/noticias\/?s={search_term_string}"},"query-input":{"@type":"PropertyValueSpecification","valueRequired":true,"valueName":"search_term_string"}}],"inLanguage":"pt-BR"},{"@type":"Organization","@id":"https:\/\/www.suno.com.br\/noticias\/#organization","name":"Suno Not\u00edcias","url":"https:\/\/www.suno.com.br\/noticias\/","logo":{"@type":"ImageObject","inLanguage":"pt-BR","@id":"https:\/\/www.suno.com.br\/noticias\/#\/schema\/logo\/image\/","url":"https:\/\/files.sunoresearch.com.br\/n\/uploads\/2021\/09\/suno-logo.png","contentUrl":"https:\/\/files.sunoresearch.com.br\/n\/uploads\/2021\/09\/suno-logo.png","width":180,"height":180,"caption":"Suno Not\u00edcias"},"image":{"@id":"https:\/\/www.suno.com.br\/noticias\/#\/schema\/logo\/image\/"},"sameAs":["https:\/\/facebook.com\/sunoresearch","https:\/\/x.com\/sunoresearch","https:\/\/www.instagram.com\/suno","https:\/\/www.linkedin.com\/company\/suno-research\/","https:\/\/www.youtube.com\/c\/sunoresearch"]},{"@type":"Person","@id":"https:\/\/www.suno.com.br\/noticias\/#\/schema\/person\/4744229f9b52ff594f2369bb2db91373","name":"Felipe Solzki","image":{"@type":"ImageObject","inLanguage":"pt-BR","@id":"https:\/\/www.suno.com.br\/noticias\/#\/schema\/person\/image\/","url":"https:\/\/secure.gravatar.com\/avatar\/14e0ae02f36516f1512cd33d470cf095?s=96&r=g","contentUrl":"https:\/\/secure.gravatar.com\/avatar\/14e0ae02f36516f1512cd33d470cf095?s=96&r=g","caption":"Felipe Solzki"},"description":"S\u00f3cio e gestor de Fundos na Galapagos Asset Management. Anteriormente, foi membro da equipe de investimentos em Real Estate do BTG Pactual, onde foi respons\u00e1vel pela gest\u00e3o de Fundos de cr\u00e9dito imobili\u00e1rio e hotelaria. Antes disso, integrou a equipe de desenvolvimento de produtos da B3. Solzki \u00e9 formado em Economia e possui as certifica\u00e7\u00f5es CFA e CGA.","sameAs":["https:\/\/www.linkedin.com\/in\/felipe-solzki-cfa-11391585"],"url":"https:\/\/www.suno.com.br\/noticias\/author\/solzki\/"}]}},"amp_enabled":true,"_links":{"self":[{"href":"https:\/\/www.suno.com.br\/noticias\/wp-json\/wp\/v2\/suno_column\/276503"}],"collection":[{"href":"https:\/\/www.suno.com.br\/noticias\/wp-json\/wp\/v2\/suno_column"}],"about":[{"href":"https:\/\/www.suno.com.br\/noticias\/wp-json\/wp\/v2\/types\/suno_column"}],"author":[{"embeddable":true,"href":"https:\/\/www.suno.com.br\/noticias\/wp-json\/wp\/v2\/users\/177"}],"wp:attachment":[{"href":"https:\/\/www.suno.com.br\/noticias\/wp-json\/wp\/v2\/media?parent=276503"}],"wp:term":[{"taxonomy":"post_tag","embeddable":true,"href":"https:\/\/www.suno.com.br\/noticias\/wp-json\/wp\/v2\/tags?post=276503"}],"curies":[{"name":"wp","href":"https:\/\/api.w.org\/{rel}","templated":true}]}}