{"id":276225,"date":"2022-07-15T08:00:15","date_gmt":"2022-07-15T11:00:15","guid":{"rendered":"https:\/\/www.suno.com.br\/noticias\/colunas\/marco-lopes\/\/"},"modified":"2022-07-14T23:13:47","modified_gmt":"2022-07-15T02:13:47","slug":"o-meio-do-ano-e-o-recalculo-de-rotas-na-economia","status":"publish","type":"suno_column","link":"https:\/\/www.suno.com.br\/noticias\/colunas\/rodrigo\/o-meio-do-ano-e-o-recalculo-de-rotas-na-economia\/","title":{"rendered":"O meio do ano e o rec\u00e1lculo de rotas na economia"},"content":{"rendered":"<p>Infla\u00e7\u00e3o recorde, aperto monet\u00e1rio e recess\u00e3o \u00e0 vista. Apesar de boas not\u00edcias pontuais, o <strong>cen\u00e1rio macroecon\u00f4mico<\/strong> mundial traz diversos desafios aos investidores. Os est\u00edmulos que as autoridades monet\u00e1rias concederam nos \u00faltimos anos contribu\u00edram para a alta de pre\u00e7os. Ent\u00e3o, o fim dessas medidas com a recupera\u00e7\u00e3o ap\u00f3s a fase mais grave da pandemia j\u00e1 era esperado, mas ocorre em um momento que coincide com a guerra na Ucr\u00e2nia \u2013 fato que trouxe novas pe\u00e7as ao tabuleiro.<\/p>\n\t<p>\n\t\t<a href=\"\" target=\"_blank\" data-element=\"shortcode-suno-banner\" title=\"Banner SUNO, clique e saiba mais\">\n\t\t\t<picture>\n\t\t\t\t<source media=\"(max-width: 500px)\" srcset=\"\">\n\t\t\t\t<img class=\"newsContent__article__imgCapa newsContent__article__imgCapa--banner\"\n\t\t\t\t\tsrc=\"\"\n\t\t\t\t\tdata-promo-id=\"240038\"\t\t\t\t\t\t\t\t\t\t\t\t\t\t\talt=\"\"\n\t\t\t\t>\n\t\t\t<\/picture>\n\t\t<\/a>\n\t<\/p>\n\n\n<p>No primeiro semestre, as <strong>commodities<\/strong> dispararam, tanto que o <strong>petr\u00f3leo<\/strong> foi o ativo que mais valorizou (47,6%), alcan\u00e7ando o patamar mais alto em 14 anos. Outras mat\u00e9rias primas tamb\u00e9m subiram, o que beneficiou o Brasil e injetou d\u00f3lares por aqui, beneficiando o nosso mercado de a\u00e7\u00f5es, que sofreu menos do que outros pa\u00edses. No entanto, o temor de uma recess\u00e3o global na metade do ano provocou efeito inverso, com queda de pre\u00e7o desses produtos, apesar da reabertura da economia chinesa e das promessas de est\u00edmulos por parte do gigante asi\u00e1tico.<\/p>\n<p>As posturas do Oriente contrastam com o que se v\u00ea no outro hemisf\u00e9rio. A cautela dos investidores se justifica, afinal o <strong>Federal Reserve<\/strong> (Fed) elevou seus juros de quase 0% para a faixa entre 1,5% e 1,75%, o maior reajuste desde 1994. Medidas semelhantes j\u00e1 v\u00eam sendo tomadas por bancos centrais mundo afora e devem alcan\u00e7ar outras autoridades monet\u00e1rias de grandes economias, como o Banco Central Europeu. No Velho Continente, ali\u00e1s, os ind\u00edcios de recess\u00e3o s\u00e3o mais evidentes, dado que as economias s\u00e3o mais afetadas pelos cortes do suprimento de g\u00e1s e petr\u00f3leo derivados das san\u00e7\u00f5es \u00e0 R\u00fassia.<\/p>\n\t<p>\n\t\t<a href=\"https:\/\/lp.suno.com.br\/ebook-como-analisar-uma-acao\/\" target=\"_blank\" data-element=\"shortcode-suno-banner\" title=\"Banner SUNO, clique e saiba mais\">\n\t\t\t<picture>\n\t\t\t\t<source media=\"(max-width: 500px)\" srcset=\"https:\/\/files.sunoresearch.com.br\/n\/uploads\/2023\/03\/Ebook-Acoes-Mobile-1.jpg\">\n\t\t\t\t<img class=\"newsContent__article__imgCapa newsContent__article__imgCapa--banner\"\n\t\t\t\t\tsrc=\"https:\/\/files.sunoresearch.com.br\/n\/uploads\/2023\/03\/Ebook-Acoes-Desktop-1.jpg\"\n\t\t\t\t\tdata-promo-id=\"171998\"\t\t\t\t\t\t\t\t\t\twidth='1420' height='286'\t\t\t\t\talt=\"https:\/\/files.sunoresearch.com.br\/n\/uploads\/2023\/03\/Ebook-Acoes-Desktop-1.jpg\"\n\t\t\t\t>\n\t\t\t<\/picture>\n\t\t<\/a>\n\t<\/p>\n\n\n<p>Com o globo fechando a torneira da liquidez, vai embora o apetite do mercado por ativos de maior risco, como algumas a\u00e7\u00f5es e criptomoedas. O bitcoin despencou 59,6% no semestre, enquanto o \u00edndice Standard &amp; Poor&#8217;s 500 (S&amp;P 500), um dos principais de Wall Street, teve o pior desempenho em mais de 40 anos, com queda de 21% este ano. Ambos os fen\u00f4menos est\u00e3o diretamente relacionados \u00e0 subida de juros nos Estados Unidos, que gerou uma migra\u00e7\u00e3o do capital para os t\u00edtulos do tesouro norte-americano, tidos como mais seguros.<\/p>\n<p>No Brasil, o cen\u00e1rio \u00e9 ainda mais incerto. Por um lado, as <strong>vendas no varejo<\/strong> tiveram quatro altas seguidas e, em abril, aumentaram 0,9% na compara\u00e7\u00e3o mensal, de acordo com a Pesquisa Mensal de Com\u00e9rcio (PMC), elaborada pelo IBGE. Outro dado positivo veio da gera\u00e7\u00e3o de empregos: a Pnad Cont\u00ednua apontou que a taxa de desocupa\u00e7\u00e3o alcan\u00e7ou 9,8% no trimestre m\u00f3vel encerrado em maio, menor percentual desde 2015. Esse cen\u00e1rio relativamente otimista, por\u00e9m, pode n\u00e3o perdurar.<\/p>\n<p>Em junho, a infla\u00e7\u00e3o acelerou. O IPCA registrou alta de 0,67%, acima dos 0,47% observados no m\u00eas anterior. No semestre, a infla\u00e7\u00e3o acumulada chegou a 5,49%, maior valor desde 2015. A <strong>redu\u00e7\u00e3o do ICMS<\/strong> sobre os combust\u00edveis e a perspectiva de que n\u00e3o haver\u00e1 novos reajustes desses insumos apontam para um poss\u00edvel freio na alta de pre\u00e7os, mas o incremento \u00e0 atividade econ\u00f4mica e o aquecimento da demanda gerados pela concess\u00e3o de diversos benef\u00edcios sociais devem afetar esses c\u00e1lculos. O maior risco fiscal do pa\u00eds pode provocar, ainda, uma alta do d\u00f3lar.<\/p>\n\t<p>\n\t\t<a href=\"https:\/\/lp.suno.com.br\/planilha-da-vida-financeira\/\" target=\"_blank\" data-element=\"shortcode-suno-banner\" title=\"Banner SUNO, clique e saiba mais\">\n\t\t\t<picture>\n\t\t\t\t<source media=\"(max-width: 500px)\" srcset=\"https:\/\/files.sunoresearch.com.br\/n\/uploads\/2023\/04\/400x300-Planilha-vida-financeira-true.png\">\n\t\t\t\t<img class=\"newsContent__article__imgCapa newsContent__article__imgCapa--banner\"\n\t\t\t\t\tsrc=\"https:\/\/files.sunoresearch.com.br\/n\/uploads\/2023\/04\/1420x240-Planilha-vida-financeira-true.png\"\n\t\t\t\t\tdata-promo-id=\"106682\"\t\t\t\t\t\t\t\t\t\twidth='1420' height='240'\t\t\t\t\talt=\"https:\/\/files.sunoresearch.com.br\/n\/uploads\/2023\/04\/1420x240-Planilha-vida-financeira-true.png\"\n\t\t\t\t>\n\t\t\t<\/picture>\n\t\t<\/a>\n\t<\/p>\n\n\n<p>Vale lembrar que, segundo o pr\u00f3prio Banco Central, a cada 10% de deprecia\u00e7\u00e3o do real, h\u00e1 um aumento de 1,1 ponto percentual do IPCA em 12 meses. Desde a aprova\u00e7\u00e3o da PEC, h\u00e1 duas semanas, o c\u00e2mbio j\u00e1 desvalorizou 9,25%. Diante disso, o trabalho da autoridade monet\u00e1ria para guiar o \u00edndice \u00e0 desinfla\u00e7\u00e3o e, consequentemente, \u00e0 meta do indicador se torna bem mais dif\u00edcil, e o mercado j\u00e1 projeta a taxa Selic mantida no patamar de dois d\u00edgitos por mais tempo. Isso deve comprometer o crescimento da economia ap\u00f3s os efeitos imediatos da inje\u00e7\u00e3o de dinheiro por meio dos aux\u00edlios.<\/p>\n\t<p>\n\t\t<a href=\"https:\/\/lp.suno.com.br\/planilha-controle-gastos\/\" target=\"_blank\" data-element=\"shortcode-suno-banner\" title=\"Banner SUNO, clique e saiba mais\">\n\t\t\t<picture>\n\t\t\t\t<source media=\"(max-width: 500px)\" srcset=\"https:\/\/files.sunoresearch.com.br\/n\/uploads\/2023\/03\/400x300-Planilha-controle-de-gastos.png\">\n\t\t\t\t<img class=\"newsContent__article__imgCapa newsContent__article__imgCapa--banner\"\n\t\t\t\t\tsrc=\"https:\/\/files.sunoresearch.com.br\/n\/uploads\/2023\/03\/1420x240-Planilha-controle-de-gastos.png\"\n\t\t\t\t\tdata-promo-id=\"101751\"\t\t\t\t\t\t\t\t\t\twidth='1420' height='240'\t\t\t\t\talt=\"https:\/\/files.sunoresearch.com.br\/n\/uploads\/2023\/03\/1420x240-Planilha-controle-de-gastos.png\"\n\t\t\t\t>\n\t\t\t<\/picture>\n\t\t<\/a>\n\t<\/p>\n\n\n<p>Nesta segunda metade de 2022, o mundo dever\u00e1 ficar de olho na balan\u00e7a entre <strong>apertos monet\u00e1rios<\/strong> e crescimento econ\u00f4mico. Em um cen\u00e1rio ideal, n\u00e3o haveria choques, mas uma desinfla\u00e7\u00e3o gradual, permitindo que os bancos centrais fossem mais brandos na eleva\u00e7\u00e3o dos juros. Uma desacelera\u00e7\u00e3o \u00e9 praticamente inevit\u00e1vel diante do que se v\u00ea hoje, mas as esperan\u00e7as se voltam para um cen\u00e1rio sem recess\u00e3o. Ser\u00e1 fundamental observar como a economia europeia reagir\u00e1 \u00e0 falta de insumos energ\u00e9ticos, se a China (o Brasil foi o s\u00e9timo pa\u00eds que mais vendeu ao Imp\u00e9rio do Meio em 2021) conseguir\u00e1 crescer e movimentar o mundo e se os EUA ser\u00e3o capazes de controlar a infla\u00e7\u00e3o recorde e afastar o fantasma da recess\u00e3o.<\/p>\n\t<p>\n\t\t<a href=\"https:\/\/lp.suno.com.br\/planilha-de-controle-de-investimentos\/\" target=\"_blank\" data-element=\"shortcode-suno-banner\" title=\"Banner SUNO, clique e saiba mais\">\n\t\t\t<picture>\n\t\t\t\t<source media=\"(max-width: 500px)\" srcset=\"https:\/\/files.sunoresearch.com.br\/n\/uploads\/2023\/03\/400x300-Controle-de-Investimentos.png\">\n\t\t\t\t<img class=\"newsContent__article__imgCapa newsContent__article__imgCapa--banner\"\n\t\t\t\t\tsrc=\"https:\/\/files.sunoresearch.com.br\/n\/uploads\/2023\/03\/1420x240-Controle-de-Investimentos.png\"\n\t\t\t\t\tdata-promo-id=\"75934\"\t\t\t\t\t\t\t\t\t\twidth='1420' height='240'\t\t\t\t\talt=\"https:\/\/files.sunoresearch.com.br\/n\/uploads\/2023\/03\/1420x240-Controle-de-Investimentos.png\"\n\t\t\t\t>\n\t\t\t<\/picture>\n\t\t<\/a>\n\t<\/p>\n\n\n","protected":false},"excerpt":{"rendered":"<p>Infla\u00e7\u00e3o recorde, aperto monet\u00e1rio e recess\u00e3o \u00e0 vista. Apesar de boas not\u00edcias pontuais, o cen\u00e1rio macroecon\u00f4mico mundial traz diversos desafios aos investidores. Os e&#8230;<\/p>\n","protected":false},"author":150,"featured_media":0,"template":"","tags":[1842,94403,776,850,966],"class_list":["post-276225","suno_column","type-suno_column","status-publish","hentry","tag-banco-central-bc","tag-commodities","tag-federal-reseve-fed","tag-inflacao","tag-ipca"],"yoast_head":"<!-- This site is optimized with the Yoast SEO plugin v24.4 - https:\/\/yoast.com\/wordpress\/plugins\/seo\/ -->\n<title>O meio do ano e o rec\u00e1lculo de rotas na economia - Suno Not\u00edcias<\/title>\n<meta name=\"description\" content=\"Nesta segunda metade de 2022, o mundo dever\u00e1 ficar de olho na balan\u00e7a entre apertos monet\u00e1rios e crescimento econ\u00f4mico\" \/>\n<meta name=\"robots\" content=\"index, follow, max-snippet:-1, max-image-preview:large, max-video-preview:-1\" \/>\n<link rel=\"canonical\" href=\"https:\/\/www.suno.com.br\/noticias\/colunas\/rodrigo\/o-meio-do-ano-e-o-recalculo-de-rotas-na-economia\/\" \/>\n<meta property=\"og:locale\" content=\"pt_BR\" \/>\n<meta property=\"og:type\" content=\"article\" \/>\n<meta property=\"og:title\" content=\"O meio do ano e o rec\u00e1lculo de rotas na economia - Suno Not\u00edcias\" \/>\n<meta property=\"og:description\" content=\"Nesta segunda metade de 2022, o mundo dever\u00e1 ficar de olho na balan\u00e7a entre apertos monet\u00e1rios e crescimento econ\u00f4mico\" \/>\n<meta property=\"og:url\" content=\"https:\/\/www.suno.com.br\/noticias\/colunas\/rodrigo\/o-meio-do-ano-e-o-recalculo-de-rotas-na-economia\/\" \/>\n<meta property=\"og:site_name\" content=\"Suno Not\u00edcias\" \/>\n<meta property=\"article:publisher\" content=\"https:\/\/facebook.com\/sunoresearch\" \/>\n<meta property=\"og:image\" content=\"https:\/\/files.sunoresearch.com.br\/n\/uploads\/2022\/06\/Modelo2.jpg\" \/>\n\t<meta property=\"og:image:width\" content=\"1200\" \/>\n\t<meta property=\"og:image:height\" content=\"627\" \/>\n\t<meta property=\"og:image:type\" content=\"image\/jpeg\" \/>\n<meta name=\"twitter:card\" content=\"summary_large_image\" \/>\n<meta name=\"twitter:site\" content=\"@sunoresearch\" \/>\n<meta name=\"twitter:label1\" content=\"Est. tempo de leitura\" \/>\n\t<meta name=\"twitter:data1\" content=\"5 minutos\" \/>\n<script type=\"application\/ld+json\" class=\"yoast-schema-graph\">{\"@context\":\"https:\/\/schema.org\",\"@graph\":[{\"@type\":\"Article\",\"@id\":\"https:\/\/www.suno.com.br\/noticias\/colunas\/rodrigo\/o-meio-do-ano-e-o-recalculo-de-rotas-na-economia\/#article\",\"isPartOf\":{\"@id\":\"https:\/\/www.suno.com.br\/noticias\/colunas\/rodrigo\/o-meio-do-ano-e-o-recalculo-de-rotas-na-economia\/\"},\"author\":{\"name\":\"Rodrigo Sodr\u00e9\",\"@id\":\"https:\/\/www.suno.com.br\/noticias\/#\/schema\/person\/fdc736d1230a181088e887a23cd1cc29\"},\"headline\":\"O meio do ano e o rec\u00e1lculo de rotas na economia\",\"datePublished\":\"2022-07-15T11:00:15+00:00\",\"mainEntityOfPage\":{\"@id\":\"https:\/\/www.suno.com.br\/noticias\/colunas\/rodrigo\/o-meio-do-ano-e-o-recalculo-de-rotas-na-economia\/\"},\"wordCount\":833,\"publisher\":{\"@id\":\"https:\/\/www.suno.com.br\/noticias\/#organization\"},\"keywords\":[\"Banco Central (BC)\",\"commodities\",\"Federal Reserve (FED)\",\"infla\u00e7\u00e3o\",\"IPCA\"],\"inLanguage\":\"pt-BR\"},{\"@type\":\"WebPage\",\"@id\":\"https:\/\/www.suno.com.br\/noticias\/colunas\/rodrigo\/o-meio-do-ano-e-o-recalculo-de-rotas-na-economia\/\",\"url\":\"https:\/\/www.suno.com.br\/noticias\/colunas\/rodrigo\/o-meio-do-ano-e-o-recalculo-de-rotas-na-economia\/\",\"name\":\"O meio do ano e o rec\u00e1lculo de rotas na economia - Suno Not\u00edcias\",\"isPartOf\":{\"@id\":\"https:\/\/www.suno.com.br\/noticias\/#website\"},\"datePublished\":\"2022-07-15T11:00:15+00:00\",\"description\":\"Nesta segunda metade de 2022, o mundo dever\u00e1 ficar de olho na balan\u00e7a entre apertos monet\u00e1rios e crescimento econ\u00f4mico\",\"breadcrumb\":{\"@id\":\"https:\/\/www.suno.com.br\/noticias\/colunas\/rodrigo\/o-meio-do-ano-e-o-recalculo-de-rotas-na-economia\/#breadcrumb\"},\"inLanguage\":\"pt-BR\",\"potentialAction\":[{\"@type\":\"ReadAction\",\"target\":[\"https:\/\/www.suno.com.br\/noticias\/colunas\/rodrigo\/o-meio-do-ano-e-o-recalculo-de-rotas-na-economia\/\"]}]},{\"@type\":\"BreadcrumbList\",\"@id\":\"https:\/\/www.suno.com.br\/noticias\/colunas\/rodrigo\/o-meio-do-ano-e-o-recalculo-de-rotas-na-economia\/#breadcrumb\",\"itemListElement\":[{\"@type\":\"ListItem\",\"position\":1,\"name\":\"Not\u00edcias\",\"item\":\"https:\/\/www.suno.com.br\/noticias\/\"},{\"@type\":\"ListItem\",\"position\":2,\"name\":\"Colunas\",\"item\":\"https:\/\/www.suno.com.br\/noticias\/colunas\/\"},{\"@type\":\"ListItem\",\"position\":3,\"name\":\"O meio do ano e o rec\u00e1lculo de rotas na economia\"}]},{\"@type\":\"WebSite\",\"@id\":\"https:\/\/www.suno.com.br\/noticias\/#website\",\"url\":\"https:\/\/www.suno.com.br\/noticias\/\",\"name\":\"Suno Not\u00edcias\",\"description\":\"Seu portal de informa\u00e7\u00e3o sobre o mundo dos investimentos\",\"publisher\":{\"@id\":\"https:\/\/www.suno.com.br\/noticias\/#organization\"},\"potentialAction\":[{\"@type\":\"SearchAction\",\"target\":{\"@type\":\"EntryPoint\",\"urlTemplate\":\"https:\/\/www.suno.com.br\/noticias\/?s={search_term_string}\"},\"query-input\":{\"@type\":\"PropertyValueSpecification\",\"valueRequired\":true,\"valueName\":\"search_term_string\"}}],\"inLanguage\":\"pt-BR\"},{\"@type\":\"Organization\",\"@id\":\"https:\/\/www.suno.com.br\/noticias\/#organization\",\"name\":\"Suno Not\u00edcias\",\"url\":\"https:\/\/www.suno.com.br\/noticias\/\",\"logo\":{\"@type\":\"ImageObject\",\"inLanguage\":\"pt-BR\",\"@id\":\"https:\/\/www.suno.com.br\/noticias\/#\/schema\/logo\/image\/\",\"url\":\"https:\/\/files.sunoresearch.com.br\/n\/uploads\/2021\/09\/suno-logo.png\",\"contentUrl\":\"https:\/\/files.sunoresearch.com.br\/n\/uploads\/2021\/09\/suno-logo.png\",\"width\":180,\"height\":180,\"caption\":\"Suno Not\u00edcias\"},\"image\":{\"@id\":\"https:\/\/www.suno.com.br\/noticias\/#\/schema\/logo\/image\/\"},\"sameAs\":[\"https:\/\/facebook.com\/sunoresearch\",\"https:\/\/x.com\/sunoresearch\",\"https:\/\/www.instagram.com\/suno\",\"https:\/\/www.linkedin.com\/company\/suno-research\/\",\"https:\/\/www.youtube.com\/c\/sunoresearch\"]},{\"@type\":\"Person\",\"@id\":\"https:\/\/www.suno.com.br\/noticias\/#\/schema\/person\/fdc736d1230a181088e887a23cd1cc29\",\"name\":\"Rodrigo Sodr\u00e9\",\"image\":{\"@type\":\"ImageObject\",\"inLanguage\":\"pt-BR\",\"@id\":\"https:\/\/www.suno.com.br\/noticias\/#\/schema\/person\/image\/\",\"url\":\"https:\/\/secure.gravatar.com\/avatar\/d770e5f6552fa0043989d2c8c46b622b?s=96&r=g\",\"contentUrl\":\"https:\/\/secure.gravatar.com\/avatar\/d770e5f6552fa0043989d2c8c46b622b?s=96&r=g\",\"caption\":\"Rodrigo Sodr\u00e9\"},\"description\":\"Economista formado pelo Ibmec com MBA em Investimento e Riscos pela Funda\u00e7\u00e3o Getulio Vargas (FGV) e s\u00f3cio da BRA. Tem experi\u00eancia de mais de 11 anos em gest\u00e3o de carteiras de renda fixa e vari\u00e1vel\",\"url\":\"https:\/\/www.suno.com.br\/noticias\/author\/rodrigo\/\"}]}<\/script>\n<!-- \/ Yoast SEO plugin. -->","yoast_head_json":{"title":"O meio do ano e o rec\u00e1lculo de rotas na economia - Suno Not\u00edcias","description":"Nesta segunda metade de 2022, o mundo dever\u00e1 ficar de olho na balan\u00e7a entre apertos monet\u00e1rios e crescimento econ\u00f4mico","robots":{"index":"index","follow":"follow","max-snippet":"max-snippet:-1","max-image-preview":"max-image-preview:large","max-video-preview":"max-video-preview:-1"},"canonical":"https:\/\/www.suno.com.br\/noticias\/colunas\/rodrigo\/o-meio-do-ano-e-o-recalculo-de-rotas-na-economia\/","og_locale":"pt_BR","og_type":"article","og_title":"O meio do ano e o rec\u00e1lculo de rotas na economia - Suno Not\u00edcias","og_description":"Nesta segunda metade de 2022, o mundo dever\u00e1 ficar de olho na balan\u00e7a entre apertos monet\u00e1rios e crescimento econ\u00f4mico","og_url":"https:\/\/www.suno.com.br\/noticias\/colunas\/rodrigo\/o-meio-do-ano-e-o-recalculo-de-rotas-na-economia\/","og_site_name":"Suno Not\u00edcias","article_publisher":"https:\/\/facebook.com\/sunoresearch","og_image":[{"width":1200,"height":627,"url":"https:\/\/files.sunoresearch.com.br\/n\/uploads\/2022\/06\/Modelo2.jpg","type":"image\/jpeg"}],"twitter_card":"summary_large_image","twitter_site":"@sunoresearch","twitter_misc":{"Est. tempo de leitura":"5 minutos"},"schema":{"@context":"https:\/\/schema.org","@graph":[{"@type":"Article","@id":"https:\/\/www.suno.com.br\/noticias\/colunas\/rodrigo\/o-meio-do-ano-e-o-recalculo-de-rotas-na-economia\/#article","isPartOf":{"@id":"https:\/\/www.suno.com.br\/noticias\/colunas\/rodrigo\/o-meio-do-ano-e-o-recalculo-de-rotas-na-economia\/"},"author":{"name":"Rodrigo Sodr\u00e9","@id":"https:\/\/www.suno.com.br\/noticias\/#\/schema\/person\/fdc736d1230a181088e887a23cd1cc29"},"headline":"O meio do ano e o rec\u00e1lculo de rotas na economia","datePublished":"2022-07-15T11:00:15+00:00","mainEntityOfPage":{"@id":"https:\/\/www.suno.com.br\/noticias\/colunas\/rodrigo\/o-meio-do-ano-e-o-recalculo-de-rotas-na-economia\/"},"wordCount":833,"publisher":{"@id":"https:\/\/www.suno.com.br\/noticias\/#organization"},"keywords":["Banco Central (BC)","commodities","Federal Reserve (FED)","infla\u00e7\u00e3o","IPCA"],"inLanguage":"pt-BR"},{"@type":"WebPage","@id":"https:\/\/www.suno.com.br\/noticias\/colunas\/rodrigo\/o-meio-do-ano-e-o-recalculo-de-rotas-na-economia\/","url":"https:\/\/www.suno.com.br\/noticias\/colunas\/rodrigo\/o-meio-do-ano-e-o-recalculo-de-rotas-na-economia\/","name":"O meio do ano e o rec\u00e1lculo de rotas na economia - Suno Not\u00edcias","isPartOf":{"@id":"https:\/\/www.suno.com.br\/noticias\/#website"},"datePublished":"2022-07-15T11:00:15+00:00","description":"Nesta segunda metade de 2022, o mundo dever\u00e1 ficar de olho na balan\u00e7a entre apertos monet\u00e1rios e crescimento econ\u00f4mico","breadcrumb":{"@id":"https:\/\/www.suno.com.br\/noticias\/colunas\/rodrigo\/o-meio-do-ano-e-o-recalculo-de-rotas-na-economia\/#breadcrumb"},"inLanguage":"pt-BR","potentialAction":[{"@type":"ReadAction","target":["https:\/\/www.suno.com.br\/noticias\/colunas\/rodrigo\/o-meio-do-ano-e-o-recalculo-de-rotas-na-economia\/"]}]},{"@type":"BreadcrumbList","@id":"https:\/\/www.suno.com.br\/noticias\/colunas\/rodrigo\/o-meio-do-ano-e-o-recalculo-de-rotas-na-economia\/#breadcrumb","itemListElement":[{"@type":"ListItem","position":1,"name":"Not\u00edcias","item":"https:\/\/www.suno.com.br\/noticias\/"},{"@type":"ListItem","position":2,"name":"Colunas","item":"https:\/\/www.suno.com.br\/noticias\/colunas\/"},{"@type":"ListItem","position":3,"name":"O meio do ano e o rec\u00e1lculo de rotas na economia"}]},{"@type":"WebSite","@id":"https:\/\/www.suno.com.br\/noticias\/#website","url":"https:\/\/www.suno.com.br\/noticias\/","name":"Suno Not\u00edcias","description":"Seu portal de informa\u00e7\u00e3o sobre o mundo dos investimentos","publisher":{"@id":"https:\/\/www.suno.com.br\/noticias\/#organization"},"potentialAction":[{"@type":"SearchAction","target":{"@type":"EntryPoint","urlTemplate":"https:\/\/www.suno.com.br\/noticias\/?s={search_term_string}"},"query-input":{"@type":"PropertyValueSpecification","valueRequired":true,"valueName":"search_term_string"}}],"inLanguage":"pt-BR"},{"@type":"Organization","@id":"https:\/\/www.suno.com.br\/noticias\/#organization","name":"Suno Not\u00edcias","url":"https:\/\/www.suno.com.br\/noticias\/","logo":{"@type":"ImageObject","inLanguage":"pt-BR","@id":"https:\/\/www.suno.com.br\/noticias\/#\/schema\/logo\/image\/","url":"https:\/\/files.sunoresearch.com.br\/n\/uploads\/2021\/09\/suno-logo.png","contentUrl":"https:\/\/files.sunoresearch.com.br\/n\/uploads\/2021\/09\/suno-logo.png","width":180,"height":180,"caption":"Suno Not\u00edcias"},"image":{"@id":"https:\/\/www.suno.com.br\/noticias\/#\/schema\/logo\/image\/"},"sameAs":["https:\/\/facebook.com\/sunoresearch","https:\/\/x.com\/sunoresearch","https:\/\/www.instagram.com\/suno","https:\/\/www.linkedin.com\/company\/suno-research\/","https:\/\/www.youtube.com\/c\/sunoresearch"]},{"@type":"Person","@id":"https:\/\/www.suno.com.br\/noticias\/#\/schema\/person\/fdc736d1230a181088e887a23cd1cc29","name":"Rodrigo Sodr\u00e9","image":{"@type":"ImageObject","inLanguage":"pt-BR","@id":"https:\/\/www.suno.com.br\/noticias\/#\/schema\/person\/image\/","url":"https:\/\/secure.gravatar.com\/avatar\/d770e5f6552fa0043989d2c8c46b622b?s=96&r=g","contentUrl":"https:\/\/secure.gravatar.com\/avatar\/d770e5f6552fa0043989d2c8c46b622b?s=96&r=g","caption":"Rodrigo Sodr\u00e9"},"description":"Economista formado pelo Ibmec com MBA em Investimento e Riscos pela Funda\u00e7\u00e3o Getulio Vargas (FGV) e s\u00f3cio da BRA. Tem experi\u00eancia de mais de 11 anos em gest\u00e3o de carteiras de renda fixa e vari\u00e1vel","url":"https:\/\/www.suno.com.br\/noticias\/author\/rodrigo\/"}]}},"amp_enabled":true,"_links":{"self":[{"href":"https:\/\/www.suno.com.br\/noticias\/wp-json\/wp\/v2\/suno_column\/276225"}],"collection":[{"href":"https:\/\/www.suno.com.br\/noticias\/wp-json\/wp\/v2\/suno_column"}],"about":[{"href":"https:\/\/www.suno.com.br\/noticias\/wp-json\/wp\/v2\/types\/suno_column"}],"author":[{"embeddable":true,"href":"https:\/\/www.suno.com.br\/noticias\/wp-json\/wp\/v2\/users\/150"}],"wp:attachment":[{"href":"https:\/\/www.suno.com.br\/noticias\/wp-json\/wp\/v2\/media?parent=276225"}],"wp:term":[{"taxonomy":"post_tag","embeddable":true,"href":"https:\/\/www.suno.com.br\/noticias\/wp-json\/wp\/v2\/tags?post=276225"}],"curies":[{"name":"wp","href":"https:\/\/api.w.org\/{rel}","templated":true}]}}