{"id":273765,"date":"2022-07-06T08:00:02","date_gmt":"2022-07-06T11:00:02","guid":{"rendered":"https:\/\/www.suno.com.br\/noticias\/colunas\/marco-lopes\/\/"},"modified":"2022-07-05T20:17:26","modified_gmt":"2022-07-05T23:17:26","slug":"o-ciclo-agricola-e-o-ponto-de-inflexao","status":"publish","type":"suno_column","link":"https:\/\/www.suno.com.br\/noticias\/colunas\/gabriel-diniz-junqueira\/o-ciclo-agricola-e-o-ponto-de-inflexao\/","title":{"rendered":"O Ciclo Agr\u00edcola e o Ponto de Inflex\u00e3o"},"content":{"rendered":"<p>Os \u00faltimos 2 anos foram, sem d\u00favida alguma, estelares para o <strong>setor do agroneg\u00f3cio<\/strong>. As empresas demonstraram extrema resili\u00eancia durante a pandemia.\u00a0 Enquanto todos diminu\u00edam o ritmo, o agro n\u00e3o s\u00f3 continuou a produzir como expandiu margens e apresentou os melhores resultados at\u00e9 ent\u00e3o.<\/p>\n\t<p>\n\t\t<a href=\"\" target=\"_blank\" data-element=\"shortcode-suno-banner\" title=\"Banner SUNO, clique e saiba mais\">\n\t\t\t<picture>\n\t\t\t\t<source media=\"(max-width: 500px)\" srcset=\"\">\n\t\t\t\t<img class=\"newsContent__article__imgCapa newsContent__article__imgCapa--banner\"\n\t\t\t\t\tsrc=\"\"\n\t\t\t\t\tdata-promo-id=\"240038\"\t\t\t\t\t\t\t\t\t\t\t\t\t\t\talt=\"\"\n\t\t\t\t>\n\t\t\t<\/picture>\n\t\t<\/a>\n\t<\/p>\n\n\n<p>Analisando o fen\u00f4meno que se passou com mais calma \u00e9 poss\u00edvel descrev\u00ea-lo como a jun\u00e7\u00e3o de um cen\u00e1rio macro extremamente favor\u00e1vel (alta significativa nas principais commodities produzidas) com um bom micro (aumento de produtividade e clima est\u00e1vel em quase todas as regi\u00f5es produtoras). Outro fator que se deve considerar \u00e9 que o <strong>custo de produ\u00e7\u00e3o<\/strong> n\u00e3o teve os mesmos f\u00f4lego e \u00edmpeto de aumento dos<strong> pre\u00e7os das commodities<\/strong>, assim possibilitando uma forte gera\u00e7\u00e3o de caixa no setor.<\/p>\n\t<p>\n\t\t<a href=\"https:\/\/lp.suno.com.br\/ebook-como-analisar-uma-acao\/\" target=\"_blank\" data-element=\"shortcode-suno-banner\" title=\"Banner SUNO, clique e saiba mais\">\n\t\t\t<picture>\n\t\t\t\t<source media=\"(max-width: 500px)\" srcset=\"https:\/\/files.sunoresearch.com.br\/n\/uploads\/2023\/03\/Ebook-Acoes-Mobile-1.jpg\">\n\t\t\t\t<img class=\"newsContent__article__imgCapa newsContent__article__imgCapa--banner\"\n\t\t\t\t\tsrc=\"https:\/\/files.sunoresearch.com.br\/n\/uploads\/2023\/03\/Ebook-Acoes-Desktop-1.jpg\"\n\t\t\t\t\tdata-promo-id=\"171998\"\t\t\t\t\t\t\t\t\t\twidth='1420' height='286'\t\t\t\t\talt=\"https:\/\/files.sunoresearch.com.br\/n\/uploads\/2023\/03\/Ebook-Acoes-Desktop-1.jpg\"\n\t\t\t\t>\n\t\t\t<\/picture>\n\t\t<\/a>\n\t<\/p>\n\n\n<p>No entanto, as proje\u00e7\u00f5es para frente n\u00e3o ser\u00e3o somente flores. O custo, em especial dos fertilizantes, aumentou significativamente para a safra 22\/23 e os fatores que contribu\u00edram para o <strong>rally dos gr\u00e3os<\/strong> j\u00e1 n\u00e3o est\u00e3o com a mesma for\u00e7a de outrora. Isso fica mais evidente quando se analisa a curva dos pre\u00e7os futuros da soja; seu comportamento apresenta-se invertido, isto \u00e9, os pre\u00e7os futuros em patamares menores que os atuais.<\/p>\n<p><img loading=\"lazy\" decoding=\"async\" class=\"alignnone size-full wp-image-273779\" src=\"https:\/\/files.sunoresearch.com.br\/n\/uploads\/2022\/07\/grafico-coluna-gabriel-diniz.jpg\" alt=\"\" width=\"755\" height=\"418\" srcset=\"https:\/\/files.sunoresearch.com.br\/n\/uploads\/2022\/07\/grafico-coluna-gabriel-diniz.jpg 755w, https:\/\/files.sunoresearch.com.br\/n\/uploads\/2022\/07\/grafico-coluna-gabriel-diniz-300x166.jpg 300w, https:\/\/files.sunoresearch.com.br\/n\/uploads\/2022\/07\/grafico-coluna-gabriel-diniz-150x83.jpg 150w\" sizes=\"(max-width: 755px) 100vw, 755px\" \/><\/p>\n<p>Outro ponto a ser analisado \u00e9 a expectativa de gera\u00e7\u00e3o de caixa do produtor rural, uma vez que quando ele se encontra capitalizado aumenta os investimentos e o setor se aquece naturalmente. Para isso, a an\u00e1lise da margem EBITDA esperada \u00e9 muito importante. No gr\u00e1fico abaixo, nota-se uma clara compress\u00e3o da margem e uma tend\u00eancia de retorno aos resultados de antes da pandemia. Isso se explica pelo aperto dos custos e estabiliza\u00e7\u00e3o dos pre\u00e7os das commodities.<\/p>\n\t<p>\n\t\t<a href=\"https:\/\/lp.suno.com.br\/planilha-da-vida-financeira\/\" target=\"_blank\" data-element=\"shortcode-suno-banner\" title=\"Banner SUNO, clique e saiba mais\">\n\t\t\t<picture>\n\t\t\t\t<source media=\"(max-width: 500px)\" srcset=\"https:\/\/files.sunoresearch.com.br\/n\/uploads\/2023\/04\/400x300-Planilha-vida-financeira-true.png\">\n\t\t\t\t<img class=\"newsContent__article__imgCapa newsContent__article__imgCapa--banner\"\n\t\t\t\t\tsrc=\"https:\/\/files.sunoresearch.com.br\/n\/uploads\/2023\/04\/1420x240-Planilha-vida-financeira-true.png\"\n\t\t\t\t\tdata-promo-id=\"106682\"\t\t\t\t\t\t\t\t\t\twidth='1420' height='240'\t\t\t\t\talt=\"https:\/\/files.sunoresearch.com.br\/n\/uploads\/2023\/04\/1420x240-Planilha-vida-financeira-true.png\"\n\t\t\t\t>\n\t\t\t<\/picture>\n\t\t<\/a>\n\t<\/p>\n\n\n<figure id=\"attachment_273780\" aria-describedby=\"caption-attachment-273780\" style=\"width: 737px\" class=\"wp-caption alignnone\"><img loading=\"lazy\" decoding=\"async\" class=\"wp-image-273780 size-full\" src=\"https:\/\/files.sunoresearch.com.br\/n\/uploads\/2022\/07\/coluna-soja-gabriel-diniz-.jpg\" alt=\"\" width=\"737\" height=\"398\" srcset=\"https:\/\/files.sunoresearch.com.br\/n\/uploads\/2022\/07\/coluna-soja-gabriel-diniz-.jpg 737w, https:\/\/files.sunoresearch.com.br\/n\/uploads\/2022\/07\/coluna-soja-gabriel-diniz--300x162.jpg 300w, https:\/\/files.sunoresearch.com.br\/n\/uploads\/2022\/07\/coluna-soja-gabriel-diniz--150x81.jpg 150w\" sizes=\"(max-width: 737px) 100vw, 737px\" \/><figcaption id=\"caption-attachment-273780\" class=\"wp-caption-text\"><em>Fonte: COGO Intelig\u00eancia em Agroneg\u00f3cio <\/em><\/figcaption><\/figure>\n<p>Ap\u00f3s essa an\u00e1lise, resta responder \u00e0 pergunta: como o investidor pode se comportar em um cen\u00e1rio desses? A resposta que vem \u00e9: cautela. O agroneg\u00f3cio \u00e9 a principal componente do PIB Brasileiro e um setor extremamente pujante.<\/p>\n\t<p>\n\t\t<a href=\"https:\/\/lp.suno.com.br\/planilha-controle-gastos\/\" target=\"_blank\" data-element=\"shortcode-suno-banner\" title=\"Banner SUNO, clique e saiba mais\">\n\t\t\t<picture>\n\t\t\t\t<source media=\"(max-width: 500px)\" srcset=\"https:\/\/files.sunoresearch.com.br\/n\/uploads\/2023\/03\/400x300-Planilha-controle-de-gastos.png\">\n\t\t\t\t<img class=\"newsContent__article__imgCapa newsContent__article__imgCapa--banner\"\n\t\t\t\t\tsrc=\"https:\/\/files.sunoresearch.com.br\/n\/uploads\/2023\/03\/1420x240-Planilha-controle-de-gastos.png\"\n\t\t\t\t\tdata-promo-id=\"101751\"\t\t\t\t\t\t\t\t\t\twidth='1420' height='240'\t\t\t\t\talt=\"https:\/\/files.sunoresearch.com.br\/n\/uploads\/2023\/03\/1420x240-Planilha-controle-de-gastos.png\"\n\t\t\t\t>\n\t\t\t<\/picture>\n\t\t<\/a>\n\t<\/p>\n\n\n<p>No entanto o brilhantismo dos \u00faltimos anos deve ser visto com ressalvas, uma vez que historicamente apresenta riscos espec\u00edficos, volatilidade em seus resultados e ciclicidade nos pre\u00e7os. Existem anos bons e anos ruins e isso faz parte do neg\u00f3cio. Dessa forma, vale a m\u00e1xima: \u201cPerformance passada n\u00e3o \u00e9 garantia de resultado futuro\u201d.<\/p>\n<p>Agro \u00e9 Top, Agro \u00e9 Pop, FIAGRO \u00e9 Agro!<\/p>\n\t<p>\n\t\t<a href=\"https:\/\/lp.suno.com.br\/planilha-de-controle-de-investimentos\/\" target=\"_blank\" data-element=\"shortcode-suno-banner\" title=\"Banner SUNO, clique e saiba mais\">\n\t\t\t<picture>\n\t\t\t\t<source media=\"(max-width: 500px)\" srcset=\"https:\/\/files.sunoresearch.com.br\/n\/uploads\/2023\/03\/400x300-Controle-de-Investimentos.png\">\n\t\t\t\t<img class=\"newsContent__article__imgCapa newsContent__article__imgCapa--banner\"\n\t\t\t\t\tsrc=\"https:\/\/files.sunoresearch.com.br\/n\/uploads\/2023\/03\/1420x240-Controle-de-Investimentos.png\"\n\t\t\t\t\tdata-promo-id=\"75934\"\t\t\t\t\t\t\t\t\t\twidth='1420' height='240'\t\t\t\t\talt=\"https:\/\/files.sunoresearch.com.br\/n\/uploads\/2023\/03\/1420x240-Controle-de-Investimentos.png\"\n\t\t\t\t>\n\t\t\t<\/picture>\n\t\t<\/a>\n\t<\/p>\n\n\n","protected":false},"excerpt":{"rendered":"<p>Os \u00faltimos 2 anos foram, sem d\u00favida alguma, estelares para o setor do agroneg\u00f3cio. As empresas demonstraram extrema resili\u00eancia durante a pandemia.\u00a0 Enquanto todos dim&#8230;<\/p>\n","protected":false},"author":130,"featured_media":0,"template":"","tags":[1121],"class_list":["post-273765","suno_column","type-suno_column","status-publish","hentry","tag-agronegocio"],"yoast_head":"<!-- This site is optimized with the Yoast SEO plugin v24.4 - https:\/\/yoast.com\/wordpress\/plugins\/seo\/ -->\n<title>O Ciclo Agr\u00edcola e o Ponto de Inflex\u00e3o - Suno Not\u00edcias<\/title>\n<meta name=\"description\" content=\"Os \u00faltimos 2 anos foram estelares para o setor do agroneg\u00f3cio. No entanto, as proje\u00e7\u00f5es para frente n\u00e3o ser\u00e3o somente flores.\" \/>\n<meta name=\"robots\" content=\"index, follow, max-snippet:-1, max-image-preview:large, max-video-preview:-1\" \/>\n<link rel=\"canonical\" href=\"https:\/\/www.suno.com.br\/noticias\/colunas\/gabriel-diniz-junqueira\/o-ciclo-agricola-e-o-ponto-de-inflexao\/\" \/>\n<meta property=\"og:locale\" content=\"pt_BR\" \/>\n<meta property=\"og:type\" content=\"article\" \/>\n<meta property=\"og:title\" content=\"O Ciclo Agr\u00edcola e o Ponto de Inflex\u00e3o - Suno Not\u00edcias\" \/>\n<meta property=\"og:description\" content=\"Os \u00faltimos 2 anos foram estelares para o setor do agroneg\u00f3cio. No entanto, as proje\u00e7\u00f5es para frente n\u00e3o ser\u00e3o somente flores.\" \/>\n<meta property=\"og:url\" content=\"https:\/\/www.suno.com.br\/noticias\/colunas\/gabriel-diniz-junqueira\/o-ciclo-agricola-e-o-ponto-de-inflexao\/\" \/>\n<meta property=\"og:site_name\" content=\"Suno Not\u00edcias\" \/>\n<meta property=\"article:publisher\" content=\"https:\/\/facebook.com\/sunoresearch\" \/>\n<meta property=\"og:image\" content=\"https:\/\/files.sunoresearch.com.br\/n\/uploads\/2022\/07\/grafico-coluna-gabriel-diniz.jpg\" \/>\n<meta name=\"twitter:card\" content=\"summary_large_image\" \/>\n<meta name=\"twitter:site\" content=\"@sunoresearch\" \/>\n<meta name=\"twitter:label1\" content=\"Est. tempo de leitura\" \/>\n\t<meta name=\"twitter:data1\" content=\"3 minutos\" \/>\n<script type=\"application\/ld+json\" class=\"yoast-schema-graph\">{\"@context\":\"https:\/\/schema.org\",\"@graph\":[{\"@type\":\"Article\",\"@id\":\"https:\/\/www.suno.com.br\/noticias\/colunas\/gabriel-diniz-junqueira\/o-ciclo-agricola-e-o-ponto-de-inflexao\/#article\",\"isPartOf\":{\"@id\":\"https:\/\/www.suno.com.br\/noticias\/colunas\/gabriel-diniz-junqueira\/o-ciclo-agricola-e-o-ponto-de-inflexao\/\"},\"author\":{\"name\":\"Gabriel Diniz Junqueira\",\"@id\":\"https:\/\/www.suno.com.br\/noticias\/#\/schema\/person\/b1826056e4acd7d0b2d5078b56d74c55\"},\"headline\":\"O Ciclo Agr\u00edcola e o Ponto de Inflex\u00e3o\",\"datePublished\":\"2022-07-06T11:00:02+00:00\",\"mainEntityOfPage\":{\"@id\":\"https:\/\/www.suno.com.br\/noticias\/colunas\/gabriel-diniz-junqueira\/o-ciclo-agricola-e-o-ponto-de-inflexao\/\"},\"wordCount\":435,\"publisher\":{\"@id\":\"https:\/\/www.suno.com.br\/noticias\/#organization\"},\"image\":{\"@id\":\"https:\/\/www.suno.com.br\/noticias\/colunas\/gabriel-diniz-junqueira\/o-ciclo-agricola-e-o-ponto-de-inflexao\/#primaryimage\"},\"thumbnailUrl\":\"https:\/\/files.sunoresearch.com.br\/n\/uploads\/2022\/07\/grafico-coluna-gabriel-diniz.jpg\",\"keywords\":[\"Agroneg\u00f3cio\"],\"inLanguage\":\"pt-BR\"},{\"@type\":\"WebPage\",\"@id\":\"https:\/\/www.suno.com.br\/noticias\/colunas\/gabriel-diniz-junqueira\/o-ciclo-agricola-e-o-ponto-de-inflexao\/\",\"url\":\"https:\/\/www.suno.com.br\/noticias\/colunas\/gabriel-diniz-junqueira\/o-ciclo-agricola-e-o-ponto-de-inflexao\/\",\"name\":\"O Ciclo Agr\u00edcola e o Ponto de Inflex\u00e3o - Suno Not\u00edcias\",\"isPartOf\":{\"@id\":\"https:\/\/www.suno.com.br\/noticias\/#website\"},\"primaryImageOfPage\":{\"@id\":\"https:\/\/www.suno.com.br\/noticias\/colunas\/gabriel-diniz-junqueira\/o-ciclo-agricola-e-o-ponto-de-inflexao\/#primaryimage\"},\"image\":{\"@id\":\"https:\/\/www.suno.com.br\/noticias\/colunas\/gabriel-diniz-junqueira\/o-ciclo-agricola-e-o-ponto-de-inflexao\/#primaryimage\"},\"thumbnailUrl\":\"https:\/\/files.sunoresearch.com.br\/n\/uploads\/2022\/07\/grafico-coluna-gabriel-diniz.jpg\",\"datePublished\":\"2022-07-06T11:00:02+00:00\",\"description\":\"Os \u00faltimos 2 anos foram estelares para o setor do agroneg\u00f3cio. No entanto, as proje\u00e7\u00f5es para frente n\u00e3o ser\u00e3o somente flores.\",\"breadcrumb\":{\"@id\":\"https:\/\/www.suno.com.br\/noticias\/colunas\/gabriel-diniz-junqueira\/o-ciclo-agricola-e-o-ponto-de-inflexao\/#breadcrumb\"},\"inLanguage\":\"pt-BR\",\"potentialAction\":[{\"@type\":\"ReadAction\",\"target\":[\"https:\/\/www.suno.com.br\/noticias\/colunas\/gabriel-diniz-junqueira\/o-ciclo-agricola-e-o-ponto-de-inflexao\/\"]}]},{\"@type\":\"ImageObject\",\"inLanguage\":\"pt-BR\",\"@id\":\"https:\/\/www.suno.com.br\/noticias\/colunas\/gabriel-diniz-junqueira\/o-ciclo-agricola-e-o-ponto-de-inflexao\/#primaryimage\",\"url\":\"https:\/\/files.sunoresearch.com.br\/n\/uploads\/2022\/07\/grafico-coluna-gabriel-diniz.jpg\",\"contentUrl\":\"https:\/\/files.sunoresearch.com.br\/n\/uploads\/2022\/07\/grafico-coluna-gabriel-diniz.jpg\"},{\"@type\":\"BreadcrumbList\",\"@id\":\"https:\/\/www.suno.com.br\/noticias\/colunas\/gabriel-diniz-junqueira\/o-ciclo-agricola-e-o-ponto-de-inflexao\/#breadcrumb\",\"itemListElement\":[{\"@type\":\"ListItem\",\"position\":1,\"name\":\"Not\u00edcias\",\"item\":\"https:\/\/www.suno.com.br\/noticias\/\"},{\"@type\":\"ListItem\",\"position\":2,\"name\":\"Colunas\",\"item\":\"https:\/\/www.suno.com.br\/noticias\/colunas\/\"},{\"@type\":\"ListItem\",\"position\":3,\"name\":\"O Ciclo Agr\u00edcola e o Ponto de Inflex\u00e3o\"}]},{\"@type\":\"WebSite\",\"@id\":\"https:\/\/www.suno.com.br\/noticias\/#website\",\"url\":\"https:\/\/www.suno.com.br\/noticias\/\",\"name\":\"Suno Not\u00edcias\",\"description\":\"Seu portal de informa\u00e7\u00e3o sobre o mundo dos investimentos\",\"publisher\":{\"@id\":\"https:\/\/www.suno.com.br\/noticias\/#organization\"},\"potentialAction\":[{\"@type\":\"SearchAction\",\"target\":{\"@type\":\"EntryPoint\",\"urlTemplate\":\"https:\/\/www.suno.com.br\/noticias\/?s={search_term_string}\"},\"query-input\":{\"@type\":\"PropertyValueSpecification\",\"valueRequired\":true,\"valueName\":\"search_term_string\"}}],\"inLanguage\":\"pt-BR\"},{\"@type\":\"Organization\",\"@id\":\"https:\/\/www.suno.com.br\/noticias\/#organization\",\"name\":\"Suno Not\u00edcias\",\"url\":\"https:\/\/www.suno.com.br\/noticias\/\",\"logo\":{\"@type\":\"ImageObject\",\"inLanguage\":\"pt-BR\",\"@id\":\"https:\/\/www.suno.com.br\/noticias\/#\/schema\/logo\/image\/\",\"url\":\"https:\/\/files.sunoresearch.com.br\/n\/uploads\/2021\/09\/suno-logo.png\",\"contentUrl\":\"https:\/\/files.sunoresearch.com.br\/n\/uploads\/2021\/09\/suno-logo.png\",\"width\":180,\"height\":180,\"caption\":\"Suno Not\u00edcias\"},\"image\":{\"@id\":\"https:\/\/www.suno.com.br\/noticias\/#\/schema\/logo\/image\/\"},\"sameAs\":[\"https:\/\/facebook.com\/sunoresearch\",\"https:\/\/x.com\/sunoresearch\",\"https:\/\/www.instagram.com\/suno\",\"https:\/\/www.linkedin.com\/company\/suno-research\/\",\"https:\/\/www.youtube.com\/c\/sunoresearch\"]},{\"@type\":\"Person\",\"@id\":\"https:\/\/www.suno.com.br\/noticias\/#\/schema\/person\/b1826056e4acd7d0b2d5078b56d74c55\",\"name\":\"Gabriel Diniz Junqueira\",\"image\":{\"@type\":\"ImageObject\",\"inLanguage\":\"pt-BR\",\"@id\":\"https:\/\/www.suno.com.br\/noticias\/#\/schema\/person\/image\/\",\"url\":\"https:\/\/secure.gravatar.com\/avatar\/66203fb9349983855fb0f20b18db3291?s=96&r=g\",\"contentUrl\":\"https:\/\/secure.gravatar.com\/avatar\/66203fb9349983855fb0f20b18db3291?s=96&r=g\",\"caption\":\"Gabriel Diniz Junqueira\"},\"description\":\"Engenheiro Civil pela Poli\/USP, iniciou sua carreia no JP Morgan na \u00e1rea de Private Banking e especializou-se em an\u00e1lise de empresas voltadas ao setor agro, estudando profundamente a estrutura\u00e7\u00e3o dos FIAGROS no mundo.\",\"sameAs\":[\"https:\/\/www.instagram.com\/santafe_investimentos\/\",\"https:\/\/br.linkedin.com\/company\/santa-fe-investimentos\",\"https:\/\/www.youtube.com\/channel\/UCCekNzSLGS8qu28M4ADIkBw\"],\"url\":\"https:\/\/www.suno.com.br\/noticias\/author\/gabriel-diniz-junqueira\/\"}]}<\/script>\n<!-- \/ Yoast SEO plugin. -->","yoast_head_json":{"title":"O Ciclo Agr\u00edcola e o Ponto de Inflex\u00e3o - Suno Not\u00edcias","description":"Os \u00faltimos 2 anos foram estelares para o setor do agroneg\u00f3cio. No entanto, as proje\u00e7\u00f5es para frente n\u00e3o ser\u00e3o somente flores.","robots":{"index":"index","follow":"follow","max-snippet":"max-snippet:-1","max-image-preview":"max-image-preview:large","max-video-preview":"max-video-preview:-1"},"canonical":"https:\/\/www.suno.com.br\/noticias\/colunas\/gabriel-diniz-junqueira\/o-ciclo-agricola-e-o-ponto-de-inflexao\/","og_locale":"pt_BR","og_type":"article","og_title":"O Ciclo Agr\u00edcola e o Ponto de Inflex\u00e3o - Suno Not\u00edcias","og_description":"Os \u00faltimos 2 anos foram estelares para o setor do agroneg\u00f3cio. No entanto, as proje\u00e7\u00f5es para frente n\u00e3o ser\u00e3o somente flores.","og_url":"https:\/\/www.suno.com.br\/noticias\/colunas\/gabriel-diniz-junqueira\/o-ciclo-agricola-e-o-ponto-de-inflexao\/","og_site_name":"Suno Not\u00edcias","article_publisher":"https:\/\/facebook.com\/sunoresearch","og_image":[{"url":"https:\/\/files.sunoresearch.com.br\/n\/uploads\/2022\/07\/grafico-coluna-gabriel-diniz.jpg","type":"","width":"","height":""}],"twitter_card":"summary_large_image","twitter_site":"@sunoresearch","twitter_misc":{"Est. tempo de leitura":"3 minutos"},"schema":{"@context":"https:\/\/schema.org","@graph":[{"@type":"Article","@id":"https:\/\/www.suno.com.br\/noticias\/colunas\/gabriel-diniz-junqueira\/o-ciclo-agricola-e-o-ponto-de-inflexao\/#article","isPartOf":{"@id":"https:\/\/www.suno.com.br\/noticias\/colunas\/gabriel-diniz-junqueira\/o-ciclo-agricola-e-o-ponto-de-inflexao\/"},"author":{"name":"Gabriel Diniz Junqueira","@id":"https:\/\/www.suno.com.br\/noticias\/#\/schema\/person\/b1826056e4acd7d0b2d5078b56d74c55"},"headline":"O Ciclo Agr\u00edcola e o Ponto de Inflex\u00e3o","datePublished":"2022-07-06T11:00:02+00:00","mainEntityOfPage":{"@id":"https:\/\/www.suno.com.br\/noticias\/colunas\/gabriel-diniz-junqueira\/o-ciclo-agricola-e-o-ponto-de-inflexao\/"},"wordCount":435,"publisher":{"@id":"https:\/\/www.suno.com.br\/noticias\/#organization"},"image":{"@id":"https:\/\/www.suno.com.br\/noticias\/colunas\/gabriel-diniz-junqueira\/o-ciclo-agricola-e-o-ponto-de-inflexao\/#primaryimage"},"thumbnailUrl":"https:\/\/files.sunoresearch.com.br\/n\/uploads\/2022\/07\/grafico-coluna-gabriel-diniz.jpg","keywords":["Agroneg\u00f3cio"],"inLanguage":"pt-BR"},{"@type":"WebPage","@id":"https:\/\/www.suno.com.br\/noticias\/colunas\/gabriel-diniz-junqueira\/o-ciclo-agricola-e-o-ponto-de-inflexao\/","url":"https:\/\/www.suno.com.br\/noticias\/colunas\/gabriel-diniz-junqueira\/o-ciclo-agricola-e-o-ponto-de-inflexao\/","name":"O Ciclo Agr\u00edcola e o Ponto de Inflex\u00e3o - Suno Not\u00edcias","isPartOf":{"@id":"https:\/\/www.suno.com.br\/noticias\/#website"},"primaryImageOfPage":{"@id":"https:\/\/www.suno.com.br\/noticias\/colunas\/gabriel-diniz-junqueira\/o-ciclo-agricola-e-o-ponto-de-inflexao\/#primaryimage"},"image":{"@id":"https:\/\/www.suno.com.br\/noticias\/colunas\/gabriel-diniz-junqueira\/o-ciclo-agricola-e-o-ponto-de-inflexao\/#primaryimage"},"thumbnailUrl":"https:\/\/files.sunoresearch.com.br\/n\/uploads\/2022\/07\/grafico-coluna-gabriel-diniz.jpg","datePublished":"2022-07-06T11:00:02+00:00","description":"Os \u00faltimos 2 anos foram estelares para o setor do agroneg\u00f3cio. No entanto, as proje\u00e7\u00f5es para frente n\u00e3o ser\u00e3o somente flores.","breadcrumb":{"@id":"https:\/\/www.suno.com.br\/noticias\/colunas\/gabriel-diniz-junqueira\/o-ciclo-agricola-e-o-ponto-de-inflexao\/#breadcrumb"},"inLanguage":"pt-BR","potentialAction":[{"@type":"ReadAction","target":["https:\/\/www.suno.com.br\/noticias\/colunas\/gabriel-diniz-junqueira\/o-ciclo-agricola-e-o-ponto-de-inflexao\/"]}]},{"@type":"ImageObject","inLanguage":"pt-BR","@id":"https:\/\/www.suno.com.br\/noticias\/colunas\/gabriel-diniz-junqueira\/o-ciclo-agricola-e-o-ponto-de-inflexao\/#primaryimage","url":"https:\/\/files.sunoresearch.com.br\/n\/uploads\/2022\/07\/grafico-coluna-gabriel-diniz.jpg","contentUrl":"https:\/\/files.sunoresearch.com.br\/n\/uploads\/2022\/07\/grafico-coluna-gabriel-diniz.jpg"},{"@type":"BreadcrumbList","@id":"https:\/\/www.suno.com.br\/noticias\/colunas\/gabriel-diniz-junqueira\/o-ciclo-agricola-e-o-ponto-de-inflexao\/#breadcrumb","itemListElement":[{"@type":"ListItem","position":1,"name":"Not\u00edcias","item":"https:\/\/www.suno.com.br\/noticias\/"},{"@type":"ListItem","position":2,"name":"Colunas","item":"https:\/\/www.suno.com.br\/noticias\/colunas\/"},{"@type":"ListItem","position":3,"name":"O Ciclo Agr\u00edcola e o Ponto de Inflex\u00e3o"}]},{"@type":"WebSite","@id":"https:\/\/www.suno.com.br\/noticias\/#website","url":"https:\/\/www.suno.com.br\/noticias\/","name":"Suno Not\u00edcias","description":"Seu portal de informa\u00e7\u00e3o sobre o mundo dos investimentos","publisher":{"@id":"https:\/\/www.suno.com.br\/noticias\/#organization"},"potentialAction":[{"@type":"SearchAction","target":{"@type":"EntryPoint","urlTemplate":"https:\/\/www.suno.com.br\/noticias\/?s={search_term_string}"},"query-input":{"@type":"PropertyValueSpecification","valueRequired":true,"valueName":"search_term_string"}}],"inLanguage":"pt-BR"},{"@type":"Organization","@id":"https:\/\/www.suno.com.br\/noticias\/#organization","name":"Suno Not\u00edcias","url":"https:\/\/www.suno.com.br\/noticias\/","logo":{"@type":"ImageObject","inLanguage":"pt-BR","@id":"https:\/\/www.suno.com.br\/noticias\/#\/schema\/logo\/image\/","url":"https:\/\/files.sunoresearch.com.br\/n\/uploads\/2021\/09\/suno-logo.png","contentUrl":"https:\/\/files.sunoresearch.com.br\/n\/uploads\/2021\/09\/suno-logo.png","width":180,"height":180,"caption":"Suno Not\u00edcias"},"image":{"@id":"https:\/\/www.suno.com.br\/noticias\/#\/schema\/logo\/image\/"},"sameAs":["https:\/\/facebook.com\/sunoresearch","https:\/\/x.com\/sunoresearch","https:\/\/www.instagram.com\/suno","https:\/\/www.linkedin.com\/company\/suno-research\/","https:\/\/www.youtube.com\/c\/sunoresearch"]},{"@type":"Person","@id":"https:\/\/www.suno.com.br\/noticias\/#\/schema\/person\/b1826056e4acd7d0b2d5078b56d74c55","name":"Gabriel Diniz Junqueira","image":{"@type":"ImageObject","inLanguage":"pt-BR","@id":"https:\/\/www.suno.com.br\/noticias\/#\/schema\/person\/image\/","url":"https:\/\/secure.gravatar.com\/avatar\/66203fb9349983855fb0f20b18db3291?s=96&r=g","contentUrl":"https:\/\/secure.gravatar.com\/avatar\/66203fb9349983855fb0f20b18db3291?s=96&r=g","caption":"Gabriel Diniz Junqueira"},"description":"Engenheiro Civil pela Poli\/USP, iniciou sua carreia no JP Morgan na \u00e1rea de Private Banking e especializou-se em an\u00e1lise de empresas voltadas ao setor agro, estudando profundamente a estrutura\u00e7\u00e3o dos FIAGROS no mundo.","sameAs":["https:\/\/www.instagram.com\/santafe_investimentos\/","https:\/\/br.linkedin.com\/company\/santa-fe-investimentos","https:\/\/www.youtube.com\/channel\/UCCekNzSLGS8qu28M4ADIkBw"],"url":"https:\/\/www.suno.com.br\/noticias\/author\/gabriel-diniz-junqueira\/"}]}},"amp_enabled":true,"_links":{"self":[{"href":"https:\/\/www.suno.com.br\/noticias\/wp-json\/wp\/v2\/suno_column\/273765"}],"collection":[{"href":"https:\/\/www.suno.com.br\/noticias\/wp-json\/wp\/v2\/suno_column"}],"about":[{"href":"https:\/\/www.suno.com.br\/noticias\/wp-json\/wp\/v2\/types\/suno_column"}],"author":[{"embeddable":true,"href":"https:\/\/www.suno.com.br\/noticias\/wp-json\/wp\/v2\/users\/130"}],"wp:attachment":[{"href":"https:\/\/www.suno.com.br\/noticias\/wp-json\/wp\/v2\/media?parent=273765"}],"wp:term":[{"taxonomy":"post_tag","embeddable":true,"href":"https:\/\/www.suno.com.br\/noticias\/wp-json\/wp\/v2\/tags?post=273765"}],"curies":[{"name":"wp","href":"https:\/\/api.w.org\/{rel}","templated":true}]}}