{"id":266410,"date":"2022-06-10T10:00:59","date_gmt":"2022-06-10T13:00:59","guid":{"rendered":"https:\/\/www.suno.com.br\/noticias\/colunas\/marco-lopes\/\/"},"modified":"2022-06-10T00:17:01","modified_gmt":"2022-06-10T03:17:01","slug":"investidor-da-bolsa-o-que-fazer-para-quem-perdeu-o-prazo-de-entrega-da-declaracao-do-ir-2022","status":"publish","type":"suno_column","link":"https:\/\/www.suno.com.br\/noticias\/colunas\/alice-porto\/investidor-da-bolsa-o-que-fazer-para-quem-perdeu-o-prazo-de-entrega-da-declaracao-do-ir-2022\/","title":{"rendered":"Investidor da Bolsa: o que fazer para quem perdeu o prazo de entrega da Declara\u00e7\u00e3o do IR 2022"},"content":{"rendered":"<p>O prazo para entrega da declara\u00e7\u00e3o do <strong><a class=\"suno-keyword\" href=\"https:\/\/www.suno.com.br\/guias\/imposto-de-renda-guia\/\" target=\"_blank\" rel=\"noopener\" data-force=\"no\" data-priority=\"2\">Imposto de Renda<\/a><\/strong> neste ano terminou no dia 31 de maio, \u00e0s 23:59. De acordo com a Receita Federal, foram recebidas 36.322.912 declara\u00e7\u00f5es <a class=\"suno-keyword\" href=\"https:\/\/www.suno.com.br\/artigos\/pessoa-fisica\/\" target=\"_blank\" rel=\"noopener\" data-force=\"no\" data-priority=\"1\">Pessoa F\u00edsica<\/a> em 2022, um recorde e cerca de 6% acima da previs\u00e3o de 34.100.000 entregas neste ano.<\/p>\n\t<p>\n\t\t<a href=\"\" target=\"_blank\" data-element=\"shortcode-suno-banner\" title=\"Banner SUNO, clique e saiba mais\">\n\t\t\t<picture>\n\t\t\t\t<source media=\"(max-width: 500px)\" srcset=\"\">\n\t\t\t\t<img class=\"newsContent__article__imgCapa newsContent__article__imgCapa--banner\"\n\t\t\t\t\tsrc=\"\"\n\t\t\t\t\tdata-promo-id=\"138420\"\t\t\t\t\t\t\t\t\t\t\t\t\t\t\talt=\"\"\n\t\t\t\t>\n\t\t\t<\/picture>\n\t\t<\/a>\n\t<\/p>\n\n\n<p>Quem acabou perdendo o prazo e n\u00e3o <strong>entregou a declara\u00e7\u00e3o<\/strong> deve correr para regularizar sua situa\u00e7\u00e3o e evitar ainda mais problemas e custos. A multa, que vai de R$ 165,74 at\u00e9 20% do valor devido, \u00e9 gerada na hora da entrega da declara\u00e7\u00e3o em atraso e deve ser paga em at\u00e9 30 dias. Caso passe os 30 dias, o valor ser\u00e1 acrescido de juros com base na taxa Selic e o contribuinte dever\u00e1 emitir <strong>novo DARF<\/strong> atualizado para pagamento.<\/p>\n\t<p>\n\t\t<a href=\"https:\/\/lp.suno.com.br\/ebook-como-analisar-uma-acao\/\" target=\"_blank\" data-element=\"shortcode-suno-banner\" title=\"Banner SUNO, clique e saiba mais\">\n\t\t\t<picture>\n\t\t\t\t<source media=\"(max-width: 500px)\" srcset=\"https:\/\/files.sunoresearch.com.br\/n\/uploads\/2023\/03\/Ebook-Acoes-Mobile-1.jpg\">\n\t\t\t\t<img class=\"newsContent__article__imgCapa newsContent__article__imgCapa--banner\"\n\t\t\t\t\tsrc=\"https:\/\/files.sunoresearch.com.br\/n\/uploads\/2023\/03\/Ebook-Acoes-Desktop-1.jpg\"\n\t\t\t\t\tdata-promo-id=\"171998\"\t\t\t\t\t\t\t\t\t\twidth='1420' height='286'\t\t\t\t\talt=\"https:\/\/files.sunoresearch.com.br\/n\/uploads\/2023\/03\/Ebook-Acoes-Desktop-1.jpg\"\n\t\t\t\t>\n\t\t\t<\/picture>\n\t\t<\/a>\n\t<\/p>\n\n\n<p>Vale lembrar que, enquanto o contribuinte n\u00e3o entregar ou n\u00e3o pagar a multa, sua situa\u00e7\u00e3o com o Le\u00e3o estar\u00e1 IRREGULAR, podendo acarretar mais aborrecimentos e precisar se explicar com a Receita. E se demorar mais de 20 meses para regularizar a sua situa\u00e7\u00e3o, a multa vai ser ainda maior e o contribuinte poder\u00e1 sofrer processos legais de sonega\u00e7\u00e3o fiscal.<\/p>\n<p>Al\u00e9m disso, o <strong>investidor de bolsa<\/strong> que n\u00e3o entregou no prazo corre o risco de cair na <a class=\"suno-keyword\" href=\"https:\/\/www.suno.com.br\/artigos\/malha-fina\/\" target=\"_blank\" rel=\"noopener\" data-force=\"no\" data-priority=\"1\">malha fina<\/a> e ter suas contas banc\u00e1rias bloqueadas pela Receita Federal. Em casos mais extremos, o contribuinte pode ter o CPF bloqueado pela Receita, o que vai causar ainda mais dor de cabe\u00e7a e custos extras, como por exemplo, n\u00e3o poder\u00e1 usar cart\u00e3o de cr\u00e9dito, movimentar conta banc\u00e1ria, tirar\/renovar passaporte, operar na bolsa de valores, comprar rem\u00e9dio controlado, renovar carteirinha do conselho da sua profiss\u00e3o, fazer financiamento de carro ou im\u00f3vel, pegar <a class=\"suno-keyword\" href=\"https:\/\/www.suno.com.br\/artigos\/emprestimo-bancario\/\" target=\"_blank\" rel=\"noopener\" data-force=\"no\" data-priority=\"1\">empr\u00e9stimo banc\u00e1rio<\/a> e at\u00e9 mesmo receber sal\u00e1rio (no caso de servidor p\u00fablico).<\/p>\n\t<p>\n\t\t<a href=\"https:\/\/lp.suno.com.br\/planilha-controle-gastos\/\" target=\"_blank\" data-element=\"shortcode-suno-banner\" title=\"Banner SUNO, clique e saiba mais\">\n\t\t\t<picture>\n\t\t\t\t<source media=\"(max-width: 500px)\" srcset=\"https:\/\/files.sunoresearch.com.br\/n\/uploads\/2023\/03\/400x300-Planilha-controle-de-gastos.png\">\n\t\t\t\t<img class=\"newsContent__article__imgCapa newsContent__article__imgCapa--banner\"\n\t\t\t\t\tsrc=\"https:\/\/files.sunoresearch.com.br\/n\/uploads\/2023\/03\/1420x240-Planilha-controle-de-gastos.png\"\n\t\t\t\t\tdata-promo-id=\"101751\"\t\t\t\t\t\t\t\t\t\twidth='1420' height='240'\t\t\t\t\talt=\"https:\/\/files.sunoresearch.com.br\/n\/uploads\/2023\/03\/1420x240-Planilha-controle-de-gastos.png\"\n\t\t\t\t>\n\t\t\t<\/picture>\n\t\t<\/a>\n\t<\/p>\n\n\n<p>Se o contribuinte percebeu que preencheu algum dado errado antes mesmo do resultado do <strong>processamento da declara\u00e7\u00e3o<\/strong> na Receita, tamb\u00e9m pode consertar por conta pr\u00f3pria atrav\u00e9s da declara\u00e7\u00e3o retificadora.<\/p>\n<p>E se a declara\u00e7\u00e3o j\u00e1 foi retida em malha, pois tem informa\u00e7\u00f5es incorretas ou incompletas e o contribuinte n\u00e3o ficou atento que constatou pend\u00eancia durante o processamento, ele deve regularizar o quanto antes utilizando o <strong>programa IRPF<\/strong> por meio da declara\u00e7\u00e3o retificadora ou a <strong>retifica\u00e7\u00e3o online<\/strong> pelo e-cac. Mas, aten\u00e7\u00e3o, n\u00e3o \u00e9 poss\u00edvel retificar a declara\u00e7\u00e3o ap\u00f3s in\u00edcio de procedimento de of\u00edcio. Nesse caso, uma mensagem de impedimento ser\u00e1 exibida no momento da transmiss\u00e3o.<\/p>\n\t<p>\n\t\t<a href=\"https:\/\/lp.suno.com.br\/planilha-de-controle-de-investimentos\/\" target=\"_blank\" data-element=\"shortcode-suno-banner\" title=\"Banner SUNO, clique e saiba mais\">\n\t\t\t<picture>\n\t\t\t\t<source media=\"(max-width: 500px)\" srcset=\"https:\/\/files.sunoresearch.com.br\/n\/uploads\/2023\/03\/400x300-Controle-de-Investimentos.png\">\n\t\t\t\t<img class=\"newsContent__article__imgCapa newsContent__article__imgCapa--banner\"\n\t\t\t\t\tsrc=\"https:\/\/files.sunoresearch.com.br\/n\/uploads\/2023\/03\/1420x240-Controle-de-Investimentos.png\"\n\t\t\t\t\tdata-promo-id=\"75934\"\t\t\t\t\t\t\t\t\t\twidth='1420' height='240'\t\t\t\t\talt=\"https:\/\/files.sunoresearch.com.br\/n\/uploads\/2023\/03\/1420x240-Controle-de-Investimentos.png\"\n\t\t\t\t>\n\t\t\t<\/picture>\n\t\t<\/a>\n\t<\/p>\n\n\n<p>Caso a declara\u00e7\u00e3o retida em malha esteja correta e o contribuinte tenha toda a documenta\u00e7\u00e3o comprobat\u00f3ria das informa\u00e7\u00f5es declaradas, aguarde o Termo de Intima\u00e7\u00e3o ou a Notifica\u00e7\u00e3o de Lan\u00e7amento da <strong>Receita Federal<\/strong> ou agende atendimento para a entrega da documenta\u00e7\u00e3o comprobat\u00f3ria das informa\u00e7\u00f5es declaradas.<\/p>\n\t<p>\n\t\t<a href=\"https:\/\/lp.suno.com.br\/planilha-da-vida-financeira\/\" target=\"_blank\" data-element=\"shortcode-suno-banner\" title=\"Banner SUNO, clique e saiba mais\">\n\t\t\t<picture>\n\t\t\t\t<source media=\"(max-width: 500px)\" srcset=\"https:\/\/files.sunoresearch.com.br\/n\/uploads\/2023\/04\/400x300-Planilha-vida-financeira-true.png\">\n\t\t\t\t<img class=\"newsContent__article__imgCapa newsContent__article__imgCapa--banner\"\n\t\t\t\t\tsrc=\"https:\/\/files.sunoresearch.com.br\/n\/uploads\/2023\/04\/1420x240-Planilha-vida-financeira-true.png\"\n\t\t\t\t\tdata-promo-id=\"106682\"\t\t\t\t\t\t\t\t\t\twidth='1420' height='240'\t\t\t\t\talt=\"https:\/\/files.sunoresearch.com.br\/n\/uploads\/2023\/04\/1420x240-Planilha-vida-financeira-true.png\"\n\t\t\t\t>\n\t\t\t<\/picture>\n\t\t<\/a>\n\t<\/p>\n\n\n","protected":false},"excerpt":{"rendered":"<p>O prazo para entrega da declara\u00e7\u00e3o do Imposto de Renda neste ano terminou no dia 31 de maio, \u00e0s 23:59. De acordo com a Receita Federal, foram recebidas 36.322.912 decl&#8230;<\/p>\n","protected":false},"author":96,"featured_media":0,"template":"","tags":[303,847],"class_list":["post-266410","suno_column","type-suno_column","status-publish","hentry","tag-imposto-de-renda","tag-receita-federal"],"yoast_head":"<!-- This site is optimized with the Yoast SEO plugin v24.4 - https:\/\/yoast.com\/wordpress\/plugins\/seo\/ -->\n<title>Investidor da Bolsa: o que fazer se voc\u00ea perdeu o prazo do IR 2022<\/title>\n<meta name=\"description\" content=\"O investidor que n\u00e3o entregou no prazo corre o risco de cair na malha fina e ter suas contas banc\u00e1rias bloqueadas pela Receita Federal\" \/>\n<meta name=\"robots\" content=\"index, follow, max-snippet:-1, max-image-preview:large, max-video-preview:-1\" \/>\n<link rel=\"canonical\" href=\"https:\/\/www.suno.com.br\/noticias\/colunas\/alice-porto\/investidor-da-bolsa-o-que-fazer-para-quem-perdeu-o-prazo-de-entrega-da-declaracao-do-ir-2022\/\" \/>\n<meta property=\"og:locale\" content=\"pt_BR\" \/>\n<meta property=\"og:type\" content=\"article\" \/>\n<meta property=\"og:title\" content=\"Investidor da Bolsa: o que fazer se voc\u00ea perdeu o prazo do IR 2022\" \/>\n<meta property=\"og:description\" content=\"O investidor que n\u00e3o entregou no prazo corre o risco de cair na malha fina e ter suas contas banc\u00e1rias bloqueadas pela Receita Federal\" \/>\n<meta property=\"og:url\" content=\"https:\/\/www.suno.com.br\/noticias\/colunas\/alice-porto\/investidor-da-bolsa-o-que-fazer-para-quem-perdeu-o-prazo-de-entrega-da-declaracao-do-ir-2022\/\" \/>\n<meta property=\"og:site_name\" content=\"Suno Not\u00edcias\" \/>\n<meta property=\"article:publisher\" content=\"https:\/\/facebook.com\/sunoresearch\" \/>\n<meta property=\"og:image\" content=\"https:\/\/files.sunoresearch.com.br\/n\/uploads\/2022\/06\/Modelo2.jpg\" \/>\n\t<meta property=\"og:image:width\" content=\"1200\" \/>\n\t<meta property=\"og:image:height\" content=\"627\" \/>\n\t<meta property=\"og:image:type\" content=\"image\/jpeg\" \/>\n<meta name=\"twitter:card\" content=\"summary_large_image\" \/>\n<meta name=\"twitter:site\" content=\"@sunoresearch\" \/>\n<meta name=\"twitter:label1\" content=\"Est. tempo de leitura\" \/>\n\t<meta name=\"twitter:data1\" content=\"2 minutos\" \/>\n<script type=\"application\/ld+json\" class=\"yoast-schema-graph\">{\"@context\":\"https:\/\/schema.org\",\"@graph\":[{\"@type\":\"Article\",\"@id\":\"https:\/\/www.suno.com.br\/noticias\/colunas\/alice-porto\/investidor-da-bolsa-o-que-fazer-para-quem-perdeu-o-prazo-de-entrega-da-declaracao-do-ir-2022\/#article\",\"isPartOf\":{\"@id\":\"https:\/\/www.suno.com.br\/noticias\/colunas\/alice-porto\/investidor-da-bolsa-o-que-fazer-para-quem-perdeu-o-prazo-de-entrega-da-declaracao-do-ir-2022\/\"},\"author\":{\"name\":\"Alice Porto\",\"@id\":\"https:\/\/www.suno.com.br\/noticias\/#\/schema\/person\/7bace7aa1ad3a4850791903590cccb84\"},\"headline\":\"Investidor da Bolsa: o que fazer para quem perdeu o prazo de entrega da Declara\u00e7\u00e3o do IR 2022\",\"datePublished\":\"2022-06-10T13:00:59+00:00\",\"mainEntityOfPage\":{\"@id\":\"https:\/\/www.suno.com.br\/noticias\/colunas\/alice-porto\/investidor-da-bolsa-o-que-fazer-para-quem-perdeu-o-prazo-de-entrega-da-declaracao-do-ir-2022\/\"},\"wordCount\":513,\"publisher\":{\"@id\":\"https:\/\/www.suno.com.br\/noticias\/#organization\"},\"keywords\":[\"Imposto de Renda\",\"Receita Federal\"],\"inLanguage\":\"pt-BR\"},{\"@type\":\"WebPage\",\"@id\":\"https:\/\/www.suno.com.br\/noticias\/colunas\/alice-porto\/investidor-da-bolsa-o-que-fazer-para-quem-perdeu-o-prazo-de-entrega-da-declaracao-do-ir-2022\/\",\"url\":\"https:\/\/www.suno.com.br\/noticias\/colunas\/alice-porto\/investidor-da-bolsa-o-que-fazer-para-quem-perdeu-o-prazo-de-entrega-da-declaracao-do-ir-2022\/\",\"name\":\"Investidor da Bolsa: o que fazer se voc\u00ea perdeu o prazo do IR 2022\",\"isPartOf\":{\"@id\":\"https:\/\/www.suno.com.br\/noticias\/#website\"},\"datePublished\":\"2022-06-10T13:00:59+00:00\",\"description\":\"O investidor que n\u00e3o entregou no prazo corre o risco de cair na malha fina e ter suas contas banc\u00e1rias bloqueadas pela Receita Federal\",\"breadcrumb\":{\"@id\":\"https:\/\/www.suno.com.br\/noticias\/colunas\/alice-porto\/investidor-da-bolsa-o-que-fazer-para-quem-perdeu-o-prazo-de-entrega-da-declaracao-do-ir-2022\/#breadcrumb\"},\"inLanguage\":\"pt-BR\",\"potentialAction\":[{\"@type\":\"ReadAction\",\"target\":[\"https:\/\/www.suno.com.br\/noticias\/colunas\/alice-porto\/investidor-da-bolsa-o-que-fazer-para-quem-perdeu-o-prazo-de-entrega-da-declaracao-do-ir-2022\/\"]}]},{\"@type\":\"BreadcrumbList\",\"@id\":\"https:\/\/www.suno.com.br\/noticias\/colunas\/alice-porto\/investidor-da-bolsa-o-que-fazer-para-quem-perdeu-o-prazo-de-entrega-da-declaracao-do-ir-2022\/#breadcrumb\",\"itemListElement\":[{\"@type\":\"ListItem\",\"position\":1,\"name\":\"Not\u00edcias\",\"item\":\"https:\/\/www.suno.com.br\/noticias\/\"},{\"@type\":\"ListItem\",\"position\":2,\"name\":\"Colunas\",\"item\":\"https:\/\/www.suno.com.br\/noticias\/colunas\/\"},{\"@type\":\"ListItem\",\"position\":3,\"name\":\"Investidor da Bolsa: o que fazer para quem perdeu o prazo de entrega da Declara\u00e7\u00e3o do IR 2022\"}]},{\"@type\":\"WebSite\",\"@id\":\"https:\/\/www.suno.com.br\/noticias\/#website\",\"url\":\"https:\/\/www.suno.com.br\/noticias\/\",\"name\":\"Suno Not\u00edcias\",\"description\":\"Seu portal de informa\u00e7\u00e3o sobre o mundo dos investimentos\",\"publisher\":{\"@id\":\"https:\/\/www.suno.com.br\/noticias\/#organization\"},\"potentialAction\":[{\"@type\":\"SearchAction\",\"target\":{\"@type\":\"EntryPoint\",\"urlTemplate\":\"https:\/\/www.suno.com.br\/noticias\/?s={search_term_string}\"},\"query-input\":{\"@type\":\"PropertyValueSpecification\",\"valueRequired\":true,\"valueName\":\"search_term_string\"}}],\"inLanguage\":\"pt-BR\"},{\"@type\":\"Organization\",\"@id\":\"https:\/\/www.suno.com.br\/noticias\/#organization\",\"name\":\"Suno Not\u00edcias\",\"url\":\"https:\/\/www.suno.com.br\/noticias\/\",\"logo\":{\"@type\":\"ImageObject\",\"inLanguage\":\"pt-BR\",\"@id\":\"https:\/\/www.suno.com.br\/noticias\/#\/schema\/logo\/image\/\",\"url\":\"https:\/\/files.sunoresearch.com.br\/n\/uploads\/2021\/09\/suno-logo.png\",\"contentUrl\":\"https:\/\/files.sunoresearch.com.br\/n\/uploads\/2021\/09\/suno-logo.png\",\"width\":180,\"height\":180,\"caption\":\"Suno Not\u00edcias\"},\"image\":{\"@id\":\"https:\/\/www.suno.com.br\/noticias\/#\/schema\/logo\/image\/\"},\"sameAs\":[\"https:\/\/facebook.com\/sunoresearch\",\"https:\/\/x.com\/sunoresearch\",\"https:\/\/www.instagram.com\/suno\",\"https:\/\/www.linkedin.com\/company\/suno-research\/\",\"https:\/\/www.youtube.com\/c\/sunoresearch\"]},{\"@type\":\"Person\",\"@id\":\"https:\/\/www.suno.com.br\/noticias\/#\/schema\/person\/7bace7aa1ad3a4850791903590cccb84\",\"name\":\"Alice Porto\",\"image\":{\"@type\":\"ImageObject\",\"inLanguage\":\"pt-BR\",\"@id\":\"https:\/\/www.suno.com.br\/noticias\/#\/schema\/person\/image\/\",\"url\":\"https:\/\/secure.gravatar.com\/avatar\/ca59176af9d0c3b016a44136d2586050?s=96&r=g\",\"contentUrl\":\"https:\/\/secure.gravatar.com\/avatar\/ca59176af9d0c3b016a44136d2586050?s=96&r=g\",\"caption\":\"Alice Porto\"},\"description\":\"Alice Porto \u00e9 empreendedora com mais de 25 anos de experi\u00eancia multidisciplinar em Gest\u00e3o de Neg\u00f3cios, nos setores de ind\u00fastria, com\u00e9rcio e assessoria tribut\u00e1ria de investimentos de Bolsa, e tamb\u00e9m realiza um trabalho de forma\u00e7\u00e3o educacional tribut\u00e1ria, atrav\u00e9s de uma linguagem acess\u00edvel e inusitada nas redes sociais. \u00c9 a primeira profissional do Brasil especializada em tributa\u00e7\u00e3o para investidores de Bolsa brasileira e americana, e \u00e9 autora do livro \\\"101 Perguntas e Respostas Sobre Tributa\u00e7\u00e3o em Renda Vari\u00e1vel. Youtube: https:\/\/www.youtube.com\/c\/ContadoradaBolsa\",\"sameAs\":[\"https:\/\/www.youtube.com\/c\/ContadoradaBolsa\",\"https:\/\/www.instagram.com\/contadoradabolsa\",\"https:\/\/www.linkedin.com\/in\/alice-porto-14b28b9a\/\",\"https:\/\/x.com\/_aliceporto\"],\"url\":\"https:\/\/www.suno.com.br\/noticias\/author\/alice-porto\/\"}]}<\/script>\n<!-- \/ Yoast SEO plugin. -->","yoast_head_json":{"title":"Investidor da Bolsa: o que fazer se voc\u00ea perdeu o prazo do IR 2022","description":"O investidor que n\u00e3o entregou no prazo corre o risco de cair na malha fina e ter suas contas banc\u00e1rias bloqueadas pela Receita Federal","robots":{"index":"index","follow":"follow","max-snippet":"max-snippet:-1","max-image-preview":"max-image-preview:large","max-video-preview":"max-video-preview:-1"},"canonical":"https:\/\/www.suno.com.br\/noticias\/colunas\/alice-porto\/investidor-da-bolsa-o-que-fazer-para-quem-perdeu-o-prazo-de-entrega-da-declaracao-do-ir-2022\/","og_locale":"pt_BR","og_type":"article","og_title":"Investidor da Bolsa: o que fazer se voc\u00ea perdeu o prazo do IR 2022","og_description":"O investidor que n\u00e3o entregou no prazo corre o risco de cair na malha fina e ter suas contas banc\u00e1rias bloqueadas pela Receita Federal","og_url":"https:\/\/www.suno.com.br\/noticias\/colunas\/alice-porto\/investidor-da-bolsa-o-que-fazer-para-quem-perdeu-o-prazo-de-entrega-da-declaracao-do-ir-2022\/","og_site_name":"Suno Not\u00edcias","article_publisher":"https:\/\/facebook.com\/sunoresearch","og_image":[{"width":1200,"height":627,"url":"https:\/\/files.sunoresearch.com.br\/n\/uploads\/2022\/06\/Modelo2.jpg","type":"image\/jpeg"}],"twitter_card":"summary_large_image","twitter_site":"@sunoresearch","twitter_misc":{"Est. tempo de leitura":"2 minutos"},"schema":{"@context":"https:\/\/schema.org","@graph":[{"@type":"Article","@id":"https:\/\/www.suno.com.br\/noticias\/colunas\/alice-porto\/investidor-da-bolsa-o-que-fazer-para-quem-perdeu-o-prazo-de-entrega-da-declaracao-do-ir-2022\/#article","isPartOf":{"@id":"https:\/\/www.suno.com.br\/noticias\/colunas\/alice-porto\/investidor-da-bolsa-o-que-fazer-para-quem-perdeu-o-prazo-de-entrega-da-declaracao-do-ir-2022\/"},"author":{"name":"Alice Porto","@id":"https:\/\/www.suno.com.br\/noticias\/#\/schema\/person\/7bace7aa1ad3a4850791903590cccb84"},"headline":"Investidor da Bolsa: o que fazer para quem perdeu o prazo de entrega da Declara\u00e7\u00e3o do IR 2022","datePublished":"2022-06-10T13:00:59+00:00","mainEntityOfPage":{"@id":"https:\/\/www.suno.com.br\/noticias\/colunas\/alice-porto\/investidor-da-bolsa-o-que-fazer-para-quem-perdeu-o-prazo-de-entrega-da-declaracao-do-ir-2022\/"},"wordCount":513,"publisher":{"@id":"https:\/\/www.suno.com.br\/noticias\/#organization"},"keywords":["Imposto de Renda","Receita Federal"],"inLanguage":"pt-BR"},{"@type":"WebPage","@id":"https:\/\/www.suno.com.br\/noticias\/colunas\/alice-porto\/investidor-da-bolsa-o-que-fazer-para-quem-perdeu-o-prazo-de-entrega-da-declaracao-do-ir-2022\/","url":"https:\/\/www.suno.com.br\/noticias\/colunas\/alice-porto\/investidor-da-bolsa-o-que-fazer-para-quem-perdeu-o-prazo-de-entrega-da-declaracao-do-ir-2022\/","name":"Investidor da Bolsa: o que fazer se voc\u00ea perdeu o prazo do IR 2022","isPartOf":{"@id":"https:\/\/www.suno.com.br\/noticias\/#website"},"datePublished":"2022-06-10T13:00:59+00:00","description":"O investidor que n\u00e3o entregou no prazo corre o risco de cair na malha fina e ter suas contas banc\u00e1rias bloqueadas pela Receita Federal","breadcrumb":{"@id":"https:\/\/www.suno.com.br\/noticias\/colunas\/alice-porto\/investidor-da-bolsa-o-que-fazer-para-quem-perdeu-o-prazo-de-entrega-da-declaracao-do-ir-2022\/#breadcrumb"},"inLanguage":"pt-BR","potentialAction":[{"@type":"ReadAction","target":["https:\/\/www.suno.com.br\/noticias\/colunas\/alice-porto\/investidor-da-bolsa-o-que-fazer-para-quem-perdeu-o-prazo-de-entrega-da-declaracao-do-ir-2022\/"]}]},{"@type":"BreadcrumbList","@id":"https:\/\/www.suno.com.br\/noticias\/colunas\/alice-porto\/investidor-da-bolsa-o-que-fazer-para-quem-perdeu-o-prazo-de-entrega-da-declaracao-do-ir-2022\/#breadcrumb","itemListElement":[{"@type":"ListItem","position":1,"name":"Not\u00edcias","item":"https:\/\/www.suno.com.br\/noticias\/"},{"@type":"ListItem","position":2,"name":"Colunas","item":"https:\/\/www.suno.com.br\/noticias\/colunas\/"},{"@type":"ListItem","position":3,"name":"Investidor da Bolsa: o que fazer para quem perdeu o prazo de entrega da Declara\u00e7\u00e3o do IR 2022"}]},{"@type":"WebSite","@id":"https:\/\/www.suno.com.br\/noticias\/#website","url":"https:\/\/www.suno.com.br\/noticias\/","name":"Suno Not\u00edcias","description":"Seu portal de informa\u00e7\u00e3o sobre o mundo dos investimentos","publisher":{"@id":"https:\/\/www.suno.com.br\/noticias\/#organization"},"potentialAction":[{"@type":"SearchAction","target":{"@type":"EntryPoint","urlTemplate":"https:\/\/www.suno.com.br\/noticias\/?s={search_term_string}"},"query-input":{"@type":"PropertyValueSpecification","valueRequired":true,"valueName":"search_term_string"}}],"inLanguage":"pt-BR"},{"@type":"Organization","@id":"https:\/\/www.suno.com.br\/noticias\/#organization","name":"Suno Not\u00edcias","url":"https:\/\/www.suno.com.br\/noticias\/","logo":{"@type":"ImageObject","inLanguage":"pt-BR","@id":"https:\/\/www.suno.com.br\/noticias\/#\/schema\/logo\/image\/","url":"https:\/\/files.sunoresearch.com.br\/n\/uploads\/2021\/09\/suno-logo.png","contentUrl":"https:\/\/files.sunoresearch.com.br\/n\/uploads\/2021\/09\/suno-logo.png","width":180,"height":180,"caption":"Suno Not\u00edcias"},"image":{"@id":"https:\/\/www.suno.com.br\/noticias\/#\/schema\/logo\/image\/"},"sameAs":["https:\/\/facebook.com\/sunoresearch","https:\/\/x.com\/sunoresearch","https:\/\/www.instagram.com\/suno","https:\/\/www.linkedin.com\/company\/suno-research\/","https:\/\/www.youtube.com\/c\/sunoresearch"]},{"@type":"Person","@id":"https:\/\/www.suno.com.br\/noticias\/#\/schema\/person\/7bace7aa1ad3a4850791903590cccb84","name":"Alice Porto","image":{"@type":"ImageObject","inLanguage":"pt-BR","@id":"https:\/\/www.suno.com.br\/noticias\/#\/schema\/person\/image\/","url":"https:\/\/secure.gravatar.com\/avatar\/ca59176af9d0c3b016a44136d2586050?s=96&r=g","contentUrl":"https:\/\/secure.gravatar.com\/avatar\/ca59176af9d0c3b016a44136d2586050?s=96&r=g","caption":"Alice Porto"},"description":"Alice Porto \u00e9 empreendedora com mais de 25 anos de experi\u00eancia multidisciplinar em Gest\u00e3o de Neg\u00f3cios, nos setores de ind\u00fastria, com\u00e9rcio e assessoria tribut\u00e1ria de investimentos de Bolsa, e tamb\u00e9m realiza um trabalho de forma\u00e7\u00e3o educacional tribut\u00e1ria, atrav\u00e9s de uma linguagem acess\u00edvel e inusitada nas redes sociais. \u00c9 a primeira profissional do Brasil especializada em tributa\u00e7\u00e3o para investidores de Bolsa brasileira e americana, e \u00e9 autora do livro \"101 Perguntas e Respostas Sobre Tributa\u00e7\u00e3o em Renda Vari\u00e1vel. Youtube: https:\/\/www.youtube.com\/c\/ContadoradaBolsa","sameAs":["https:\/\/www.youtube.com\/c\/ContadoradaBolsa","https:\/\/www.instagram.com\/contadoradabolsa","https:\/\/www.linkedin.com\/in\/alice-porto-14b28b9a\/","https:\/\/x.com\/_aliceporto"],"url":"https:\/\/www.suno.com.br\/noticias\/author\/alice-porto\/"}]}},"amp_enabled":true,"_links":{"self":[{"href":"https:\/\/www.suno.com.br\/noticias\/wp-json\/wp\/v2\/suno_column\/266410"}],"collection":[{"href":"https:\/\/www.suno.com.br\/noticias\/wp-json\/wp\/v2\/suno_column"}],"about":[{"href":"https:\/\/www.suno.com.br\/noticias\/wp-json\/wp\/v2\/types\/suno_column"}],"author":[{"embeddable":true,"href":"https:\/\/www.suno.com.br\/noticias\/wp-json\/wp\/v2\/users\/96"}],"wp:attachment":[{"href":"https:\/\/www.suno.com.br\/noticias\/wp-json\/wp\/v2\/media?parent=266410"}],"wp:term":[{"taxonomy":"post_tag","embeddable":true,"href":"https:\/\/www.suno.com.br\/noticias\/wp-json\/wp\/v2\/tags?post=266410"}],"curies":[{"name":"wp","href":"https:\/\/api.w.org\/{rel}","templated":true}]}}