{"id":256558,"date":"2022-05-06T08:00:39","date_gmt":"2022-05-06T11:00:39","guid":{"rendered":"https:\/\/www.suno.com.br\/noticias\/colunas\/marco-lopes\/\/"},"modified":"2022-05-05T14:33:38","modified_gmt":"2022-05-05T17:33:38","slug":"agrishow-2022-insights-sobre-o-setor-agro","status":"publish","type":"suno_column","link":"https:\/\/www.suno.com.br\/noticias\/colunas\/gabriel-diniz-junqueira\/agrishow-2022-insights-sobre-o-setor-agro\/","title":{"rendered":"Agrishow 2022: Insights sobre o Setor Agro"},"content":{"rendered":"<p>De 25 a 29 de abril, a cidade de Ribeir\u00e3o Preto (SP) sediou a 27\u00aa Edi\u00e7\u00e3o da <strong>Agrishow<\/strong>, uma das maiores feiras agr\u00edcolas do mundo. A edi\u00e7\u00e3o deste ano \u00e9 a primeira ap\u00f3s 2 anos de pandemia e uma experi\u00eancia \u00fanica para conhecer as principais inova\u00e7\u00f5es no manejo rural e tend\u00eancias do setor. Tive a possibilidade de visitar a Feira na quinta feira dia 28 e com isso tomei algumas anota\u00e7\u00f5es importantes sobre o <strong>agroneg\u00f3cio<\/strong> que podem ser \u00fateis para a performance dos investidores nele interessados.<\/p>\n\t<p>\n\t\t<a href=\"\" target=\"_blank\" data-element=\"shortcode-suno-banner\" title=\"Banner SUNO, clique e saiba mais\">\n\t\t\t<picture>\n\t\t\t\t<source media=\"(max-width: 500px)\" srcset=\"\">\n\t\t\t\t<img class=\"newsContent__article__imgCapa newsContent__article__imgCapa--banner\"\n\t\t\t\t\tsrc=\"\"\n\t\t\t\t\tdata-promo-id=\"240038\"\t\t\t\t\t\t\t\t\t\t\t\t\t\t\talt=\"\"\n\t\t\t\t>\n\t\t\t<\/picture>\n\t\t<\/a>\n\t<\/p>\n\n\n<p>O primeiro ponto a destacar \u00e9 o n\u00famero elevado de visitantes e a pujan\u00e7a vista. Praticamente todas as principais marcas de <strong>produtos agro<\/strong> estavam expondo para visitantes de todos os cantos do Brasil que andavam pelos mais de 520.000 metros quadrados da Feira. Em conversa com as principais marcas de maquin\u00e1rio agr\u00edcola, utilit\u00e1rios e outros, pude perceber que o sentimento geral \u00e9 de otimismo e recorde de vendas, quando comparado ao \u00faltimo ano de Feira, 2019.<\/p>\n\t<p>\n\t\t<a href=\"https:\/\/lp.suno.com.br\/planilha-controle-gastos\/\" target=\"_blank\" data-element=\"shortcode-suno-banner\" title=\"Banner SUNO, clique e saiba mais\">\n\t\t\t<picture>\n\t\t\t\t<source media=\"(max-width: 500px)\" srcset=\"https:\/\/files.sunoresearch.com.br\/n\/uploads\/2023\/03\/400x300-Planilha-controle-de-gastos.png\">\n\t\t\t\t<img class=\"newsContent__article__imgCapa newsContent__article__imgCapa--banner\"\n\t\t\t\t\tsrc=\"https:\/\/files.sunoresearch.com.br\/n\/uploads\/2023\/03\/1420x240-Planilha-controle-de-gastos.png\"\n\t\t\t\t\tdata-promo-id=\"101751\"\t\t\t\t\t\t\t\t\t\twidth='1420' height='240'\t\t\t\t\talt=\"https:\/\/files.sunoresearch.com.br\/n\/uploads\/2023\/03\/1420x240-Planilha-controle-de-gastos.png\"\n\t\t\t\t>\n\t\t\t<\/picture>\n\t\t<\/a>\n\t<\/p>\n\n\n<p>O setor de <strong>maquin\u00e1rios agr\u00edcolas<\/strong> nos mostrou uma realidade que tamb\u00e9m j\u00e1 era esperada pela desestabiliza\u00e7\u00e3o das cadeias log\u00edsticas vista na pandemia: excesso de demanda para uma <a class=\"suno-keyword\" href=\"https:\/\/www.suno.com.br\/artigos\/oferta-restrita\/\" target=\"_blank\" rel=\"noopener\" data-force=\"no\" data-priority=\"1\">oferta restrita<\/a>. Muitos agricultores impulsionados pelas altas margens obtidas na safra passada buscam investir em sua atividade para alcan\u00e7ar melhores produtividades, por\u00e9m a oferta de maquin\u00e1rio como colheitadeiras, plantadeiras e outros est\u00e1 baixa com pouqu\u00edssimas m\u00e1quinas para pronta entrega e pre\u00e7os bem elevados (aumentos de mais de 100% em rela\u00e7\u00e3o a 2019).<\/p>\n<p>O mesmo efeito pode ser visto com as empresas de utilit\u00e1rios ligados ao agro, mas com um detalhe importante: por se tratar de um ativo que n\u00e3o necessariamente aumenta a produtividade\/lucratividade do produtor, a demanda acaba ficando mais controlada e equalizando com a oferta.<\/p>\n\t<p>\n\t\t<a href=\"https:\/\/lp.suno.com.br\/ebook-como-analisar-uma-acao\/\" target=\"_blank\" data-element=\"shortcode-suno-banner\" title=\"Banner SUNO, clique e saiba mais\">\n\t\t\t<picture>\n\t\t\t\t<source media=\"(max-width: 500px)\" srcset=\"https:\/\/files.sunoresearch.com.br\/n\/uploads\/2023\/03\/Ebook-Acoes-Mobile-1.jpg\">\n\t\t\t\t<img class=\"newsContent__article__imgCapa newsContent__article__imgCapa--banner\"\n\t\t\t\t\tsrc=\"https:\/\/files.sunoresearch.com.br\/n\/uploads\/2023\/03\/Ebook-Acoes-Desktop-1.jpg\"\n\t\t\t\t\tdata-promo-id=\"171998\"\t\t\t\t\t\t\t\t\t\twidth='1420' height='286'\t\t\t\t\talt=\"https:\/\/files.sunoresearch.com.br\/n\/uploads\/2023\/03\/Ebook-Acoes-Desktop-1.jpg\"\n\t\t\t\t>\n\t\t\t<\/picture>\n\t\t<\/a>\n\t<\/p>\n\n\n<p>Um destaque importante a ser dado \u00e9 o <strong>setor de biotecnologia<\/strong>. Conversamos com uma das principais empresas no setor e esta mostrou n\u00fameros muito fortes. Isso demonstra que o agricultor n\u00e3o somente est\u00e1 atento \u00e0s novas tend\u00eancias de manejo mais sustent\u00e1vel como est\u00e1 buscando insistentemente essas solu\u00e7\u00f5es para a sua lavoura. Solu\u00e7\u00f5es que conversam com o meio ambiente s\u00e3o essenciais para o pleno desenvolvimento da atividade rural.<\/p>\n<p>Por fim, um dos pontos cr\u00edticos levantados na Feira \u00e9 a <strong>situa\u00e7\u00e3o dos juros<\/strong> no pa\u00eds. Praticamente todos os neg\u00f3cios fechados na Agrishow s\u00e3o a prazo e a fun\u00e7\u00e3o dos bancos \u00e9 essencial. O que foi visto na Feira \u00e9 uma atua\u00e7\u00e3o muito forte destes para facilitar o acesso a capital pelo produtor e com isso vale destacar a atua\u00e7\u00e3o agressiva da Caixa Econ\u00f4mica Federal. Outro ponto levantado nesse \u00e2mbito \u00e9 o aumento de <a class=\"suno-keyword\" href=\"https:\/\/www.suno.com.br\/artigos\/poder-de-compra\/\" target=\"_blank\" rel=\"noopener\" data-force=\"no\" data-priority=\"1\">poder de compra<\/a> do agro nos \u00faltimos anos. Presenciamos um verdadeiro rally nos <strong>pre\u00e7os das commodities<\/strong> com custos ainda defasados. Isso aumentou significativamente a <strong><a class=\"suno-keyword\" href=\"https:\/\/www.suno.com.br\/artigos\/geracao-de-caixa\/\" target=\"_blank\" rel=\"noopener\" data-force=\"no\" data-priority=\"1\">gera\u00e7\u00e3o de caixa<\/a><\/strong> e assim abrindo espa\u00e7o para investimentos na atividade mesmo em um cen\u00e1rio desafiador de cr\u00e9dito.<\/p>\n\t<p>\n\t\t<a href=\"https:\/\/lp.suno.com.br\/planilha-da-vida-financeira\/\" target=\"_blank\" data-element=\"shortcode-suno-banner\" title=\"Banner SUNO, clique e saiba mais\">\n\t\t\t<picture>\n\t\t\t\t<source media=\"(max-width: 500px)\" srcset=\"https:\/\/files.sunoresearch.com.br\/n\/uploads\/2023\/04\/400x300-Planilha-vida-financeira-true.png\">\n\t\t\t\t<img class=\"newsContent__article__imgCapa newsContent__article__imgCapa--banner\"\n\t\t\t\t\tsrc=\"https:\/\/files.sunoresearch.com.br\/n\/uploads\/2023\/04\/1420x240-Planilha-vida-financeira-true.png\"\n\t\t\t\t\tdata-promo-id=\"106682\"\t\t\t\t\t\t\t\t\t\twidth='1420' height='240'\t\t\t\t\talt=\"https:\/\/files.sunoresearch.com.br\/n\/uploads\/2023\/04\/1420x240-Planilha-vida-financeira-true.png\"\n\t\t\t\t>\n\t\t\t<\/picture>\n\t\t<\/a>\n\t<\/p>\n\n\n<p>Para finalizar, a vis\u00e3o para o setor \u00e9 bastante construtiva no curto\/m\u00e9dio prazos, por\u00e9m vale destacar que as margens na<strong> pr\u00f3xima safra<\/strong> devem apresentar uma compress\u00e3o uma vez que os custos est\u00e3o aumentando e o pre\u00e7o das commodities se estabilizou. O investidor que estiver interessado no <strong>setor agr\u00edcola<\/strong> deve estudar com carinho as oportunidades no mercado para a tomada de decis\u00e3o!<\/p>\n<p><strong>Agrishow 2022<\/strong><\/p>\n<p><img loading=\"lazy\" decoding=\"async\" class=\"alignnone size-full wp-image-256567\" src=\"https:\/\/files.sunoresearch.com.br\/n\/uploads\/2022\/05\/coluna-gabriel-diniz-agrishow.jpg\" alt=\"\" width=\"531\" height=\"507\" srcset=\"https:\/\/files.sunoresearch.com.br\/n\/uploads\/2022\/05\/coluna-gabriel-diniz-agrishow.jpg 531w, https:\/\/files.sunoresearch.com.br\/n\/uploads\/2022\/05\/coluna-gabriel-diniz-agrishow-300x286.jpg 300w, https:\/\/files.sunoresearch.com.br\/n\/uploads\/2022\/05\/coluna-gabriel-diniz-agrishow-150x143.jpg 150w\" sizes=\"(max-width: 531px) 100vw, 531px\" \/><\/p>\n<p>Agro \u00e9 Top, Agro \u00e9 Pop, FIAGRO \u00e9 Agro!<\/p>\n\t<p>\n\t\t<a href=\"https:\/\/lp.suno.com.br\/planilha-de-controle-de-investimentos\/\" target=\"_blank\" data-element=\"shortcode-suno-banner\" title=\"Banner SUNO, clique e saiba mais\">\n\t\t\t<picture>\n\t\t\t\t<source media=\"(max-width: 500px)\" srcset=\"https:\/\/files.sunoresearch.com.br\/n\/uploads\/2023\/03\/400x300-Controle-de-Investimentos.png\">\n\t\t\t\t<img class=\"newsContent__article__imgCapa newsContent__article__imgCapa--banner\"\n\t\t\t\t\tsrc=\"https:\/\/files.sunoresearch.com.br\/n\/uploads\/2023\/03\/1420x240-Controle-de-Investimentos.png\"\n\t\t\t\t\tdata-promo-id=\"75934\"\t\t\t\t\t\t\t\t\t\twidth='1420' height='240'\t\t\t\t\talt=\"https:\/\/files.sunoresearch.com.br\/n\/uploads\/2023\/03\/1420x240-Controle-de-Investimentos.png\"\n\t\t\t\t>\n\t\t\t<\/picture>\n\t\t<\/a>\n\t<\/p>\n\n\n","protected":false},"excerpt":{"rendered":"<p>De 25 a 29 de abril, a cidade de Ribeir\u00e3o Preto (SP) sediou a 27\u00aa Edi\u00e7\u00e3o da Agrishow, uma das maiores feiras agr\u00edcolas do mundo. A edi\u00e7\u00e3o deste ano \u00e9 a primeira ap\u00f3s 2&#8230;<\/p>\n","protected":false},"author":130,"featured_media":0,"template":"","tags":[],"class_list":["post-256558","suno_column","type-suno_column","status-publish","hentry"],"yoast_head":"<!-- This site is optimized with the Yoast SEO plugin v24.4 - https:\/\/yoast.com\/wordpress\/plugins\/seo\/ -->\n<title>Agrishow 2022: Insights sobre o Setor Agro - Suno Not\u00edcias<\/title>\n<meta name=\"description\" content=\"A edi\u00e7\u00e3o deste ano \u00e9 a primeira ap\u00f3s 2 anos e uma experi\u00eancia \u00fanica para conhecer as inova\u00e7\u00f5es no manejo rural e tend\u00eancias do setor\" \/>\n<meta name=\"robots\" content=\"index, follow, max-snippet:-1, max-image-preview:large, max-video-preview:-1\" \/>\n<link rel=\"canonical\" href=\"https:\/\/www.suno.com.br\/noticias\/colunas\/gabriel-diniz-junqueira\/agrishow-2022-insights-sobre-o-setor-agro\/\" \/>\n<meta property=\"og:locale\" content=\"pt_BR\" \/>\n<meta property=\"og:type\" content=\"article\" \/>\n<meta property=\"og:title\" content=\"Agrishow 2022: Insights sobre o Setor Agro - Suno Not\u00edcias\" \/>\n<meta property=\"og:description\" content=\"A edi\u00e7\u00e3o deste ano \u00e9 a primeira ap\u00f3s 2 anos e uma experi\u00eancia \u00fanica para conhecer as inova\u00e7\u00f5es no manejo rural e tend\u00eancias do setor\" \/>\n<meta property=\"og:url\" content=\"https:\/\/www.suno.com.br\/noticias\/colunas\/gabriel-diniz-junqueira\/agrishow-2022-insights-sobre-o-setor-agro\/\" \/>\n<meta property=\"og:site_name\" content=\"Suno Not\u00edcias\" \/>\n<meta property=\"article:publisher\" content=\"https:\/\/facebook.com\/sunoresearch\" \/>\n<meta property=\"og:image\" content=\"https:\/\/files.sunoresearch.com.br\/n\/uploads\/2022\/05\/coluna-gabriel-diniz-agrishow.jpg\" \/>\n<meta name=\"twitter:card\" content=\"summary_large_image\" \/>\n<meta name=\"twitter:site\" content=\"@sunoresearch\" \/>\n<meta name=\"twitter:label1\" content=\"Est. tempo de leitura\" \/>\n\t<meta name=\"twitter:data1\" content=\"3 minutos\" \/>\n<script type=\"application\/ld+json\" class=\"yoast-schema-graph\">{\"@context\":\"https:\/\/schema.org\",\"@graph\":[{\"@type\":\"Article\",\"@id\":\"https:\/\/www.suno.com.br\/noticias\/colunas\/gabriel-diniz-junqueira\/agrishow-2022-insights-sobre-o-setor-agro\/#article\",\"isPartOf\":{\"@id\":\"https:\/\/www.suno.com.br\/noticias\/colunas\/gabriel-diniz-junqueira\/agrishow-2022-insights-sobre-o-setor-agro\/\"},\"author\":{\"name\":\"Gabriel Diniz Junqueira\",\"@id\":\"https:\/\/www.suno.com.br\/noticias\/#\/schema\/person\/b1826056e4acd7d0b2d5078b56d74c55\"},\"headline\":\"Agrishow 2022: Insights sobre o Setor Agro\",\"datePublished\":\"2022-05-06T11:00:39+00:00\",\"mainEntityOfPage\":{\"@id\":\"https:\/\/www.suno.com.br\/noticias\/colunas\/gabriel-diniz-junqueira\/agrishow-2022-insights-sobre-o-setor-agro\/\"},\"wordCount\":600,\"publisher\":{\"@id\":\"https:\/\/www.suno.com.br\/noticias\/#organization\"},\"image\":{\"@id\":\"https:\/\/www.suno.com.br\/noticias\/colunas\/gabriel-diniz-junqueira\/agrishow-2022-insights-sobre-o-setor-agro\/#primaryimage\"},\"thumbnailUrl\":\"https:\/\/files.sunoresearch.com.br\/n\/uploads\/2022\/05\/coluna-gabriel-diniz-agrishow.jpg\",\"inLanguage\":\"pt-BR\"},{\"@type\":\"WebPage\",\"@id\":\"https:\/\/www.suno.com.br\/noticias\/colunas\/gabriel-diniz-junqueira\/agrishow-2022-insights-sobre-o-setor-agro\/\",\"url\":\"https:\/\/www.suno.com.br\/noticias\/colunas\/gabriel-diniz-junqueira\/agrishow-2022-insights-sobre-o-setor-agro\/\",\"name\":\"Agrishow 2022: Insights sobre o Setor Agro - Suno Not\u00edcias\",\"isPartOf\":{\"@id\":\"https:\/\/www.suno.com.br\/noticias\/#website\"},\"primaryImageOfPage\":{\"@id\":\"https:\/\/www.suno.com.br\/noticias\/colunas\/gabriel-diniz-junqueira\/agrishow-2022-insights-sobre-o-setor-agro\/#primaryimage\"},\"image\":{\"@id\":\"https:\/\/www.suno.com.br\/noticias\/colunas\/gabriel-diniz-junqueira\/agrishow-2022-insights-sobre-o-setor-agro\/#primaryimage\"},\"thumbnailUrl\":\"https:\/\/files.sunoresearch.com.br\/n\/uploads\/2022\/05\/coluna-gabriel-diniz-agrishow.jpg\",\"datePublished\":\"2022-05-06T11:00:39+00:00\",\"description\":\"A edi\u00e7\u00e3o deste ano \u00e9 a primeira ap\u00f3s 2 anos e uma experi\u00eancia \u00fanica para conhecer as inova\u00e7\u00f5es no manejo rural e tend\u00eancias do setor\",\"breadcrumb\":{\"@id\":\"https:\/\/www.suno.com.br\/noticias\/colunas\/gabriel-diniz-junqueira\/agrishow-2022-insights-sobre-o-setor-agro\/#breadcrumb\"},\"inLanguage\":\"pt-BR\",\"potentialAction\":[{\"@type\":\"ReadAction\",\"target\":[\"https:\/\/www.suno.com.br\/noticias\/colunas\/gabriel-diniz-junqueira\/agrishow-2022-insights-sobre-o-setor-agro\/\"]}]},{\"@type\":\"ImageObject\",\"inLanguage\":\"pt-BR\",\"@id\":\"https:\/\/www.suno.com.br\/noticias\/colunas\/gabriel-diniz-junqueira\/agrishow-2022-insights-sobre-o-setor-agro\/#primaryimage\",\"url\":\"https:\/\/files.sunoresearch.com.br\/n\/uploads\/2022\/05\/coluna-gabriel-diniz-agrishow.jpg\",\"contentUrl\":\"https:\/\/files.sunoresearch.com.br\/n\/uploads\/2022\/05\/coluna-gabriel-diniz-agrishow.jpg\"},{\"@type\":\"BreadcrumbList\",\"@id\":\"https:\/\/www.suno.com.br\/noticias\/colunas\/gabriel-diniz-junqueira\/agrishow-2022-insights-sobre-o-setor-agro\/#breadcrumb\",\"itemListElement\":[{\"@type\":\"ListItem\",\"position\":1,\"name\":\"Not\u00edcias\",\"item\":\"https:\/\/www.suno.com.br\/noticias\/\"},{\"@type\":\"ListItem\",\"position\":2,\"name\":\"Colunas\",\"item\":\"https:\/\/www.suno.com.br\/noticias\/colunas\/\"},{\"@type\":\"ListItem\",\"position\":3,\"name\":\"Agrishow 2022: Insights sobre o Setor Agro\"}]},{\"@type\":\"WebSite\",\"@id\":\"https:\/\/www.suno.com.br\/noticias\/#website\",\"url\":\"https:\/\/www.suno.com.br\/noticias\/\",\"name\":\"Suno Not\u00edcias\",\"description\":\"Seu portal de informa\u00e7\u00e3o sobre o mundo dos investimentos\",\"publisher\":{\"@id\":\"https:\/\/www.suno.com.br\/noticias\/#organization\"},\"potentialAction\":[{\"@type\":\"SearchAction\",\"target\":{\"@type\":\"EntryPoint\",\"urlTemplate\":\"https:\/\/www.suno.com.br\/noticias\/?s={search_term_string}\"},\"query-input\":{\"@type\":\"PropertyValueSpecification\",\"valueRequired\":true,\"valueName\":\"search_term_string\"}}],\"inLanguage\":\"pt-BR\"},{\"@type\":\"Organization\",\"@id\":\"https:\/\/www.suno.com.br\/noticias\/#organization\",\"name\":\"Suno Not\u00edcias\",\"url\":\"https:\/\/www.suno.com.br\/noticias\/\",\"logo\":{\"@type\":\"ImageObject\",\"inLanguage\":\"pt-BR\",\"@id\":\"https:\/\/www.suno.com.br\/noticias\/#\/schema\/logo\/image\/\",\"url\":\"https:\/\/files.sunoresearch.com.br\/n\/uploads\/2021\/09\/suno-logo.png\",\"contentUrl\":\"https:\/\/files.sunoresearch.com.br\/n\/uploads\/2021\/09\/suno-logo.png\",\"width\":180,\"height\":180,\"caption\":\"Suno Not\u00edcias\"},\"image\":{\"@id\":\"https:\/\/www.suno.com.br\/noticias\/#\/schema\/logo\/image\/\"},\"sameAs\":[\"https:\/\/facebook.com\/sunoresearch\",\"https:\/\/x.com\/sunoresearch\",\"https:\/\/www.instagram.com\/suno\",\"https:\/\/www.linkedin.com\/company\/suno-research\/\",\"https:\/\/www.youtube.com\/c\/sunoresearch\"]},{\"@type\":\"Person\",\"@id\":\"https:\/\/www.suno.com.br\/noticias\/#\/schema\/person\/b1826056e4acd7d0b2d5078b56d74c55\",\"name\":\"Gabriel Diniz Junqueira\",\"image\":{\"@type\":\"ImageObject\",\"inLanguage\":\"pt-BR\",\"@id\":\"https:\/\/www.suno.com.br\/noticias\/#\/schema\/person\/image\/\",\"url\":\"https:\/\/secure.gravatar.com\/avatar\/66203fb9349983855fb0f20b18db3291?s=96&r=g\",\"contentUrl\":\"https:\/\/secure.gravatar.com\/avatar\/66203fb9349983855fb0f20b18db3291?s=96&r=g\",\"caption\":\"Gabriel Diniz Junqueira\"},\"description\":\"Engenheiro Civil pela Poli\/USP, iniciou sua carreia no JP Morgan na \u00e1rea de Private Banking e especializou-se em an\u00e1lise de empresas voltadas ao setor agro, estudando profundamente a estrutura\u00e7\u00e3o dos FIAGROS no mundo.\",\"sameAs\":[\"https:\/\/www.instagram.com\/santafe_investimentos\/\",\"https:\/\/br.linkedin.com\/company\/santa-fe-investimentos\",\"https:\/\/www.youtube.com\/channel\/UCCekNzSLGS8qu28M4ADIkBw\"],\"url\":\"https:\/\/www.suno.com.br\/noticias\/author\/gabriel-diniz-junqueira\/\"}]}<\/script>\n<!-- \/ Yoast SEO plugin. -->","yoast_head_json":{"title":"Agrishow 2022: Insights sobre o Setor Agro - Suno Not\u00edcias","description":"A edi\u00e7\u00e3o deste ano \u00e9 a primeira ap\u00f3s 2 anos e uma experi\u00eancia \u00fanica para conhecer as inova\u00e7\u00f5es no manejo rural e tend\u00eancias do setor","robots":{"index":"index","follow":"follow","max-snippet":"max-snippet:-1","max-image-preview":"max-image-preview:large","max-video-preview":"max-video-preview:-1"},"canonical":"https:\/\/www.suno.com.br\/noticias\/colunas\/gabriel-diniz-junqueira\/agrishow-2022-insights-sobre-o-setor-agro\/","og_locale":"pt_BR","og_type":"article","og_title":"Agrishow 2022: Insights sobre o Setor Agro - Suno Not\u00edcias","og_description":"A edi\u00e7\u00e3o deste ano \u00e9 a primeira ap\u00f3s 2 anos e uma experi\u00eancia \u00fanica para conhecer as inova\u00e7\u00f5es no manejo rural e tend\u00eancias do setor","og_url":"https:\/\/www.suno.com.br\/noticias\/colunas\/gabriel-diniz-junqueira\/agrishow-2022-insights-sobre-o-setor-agro\/","og_site_name":"Suno Not\u00edcias","article_publisher":"https:\/\/facebook.com\/sunoresearch","og_image":[{"url":"https:\/\/files.sunoresearch.com.br\/n\/uploads\/2022\/05\/coluna-gabriel-diniz-agrishow.jpg","type":"","width":"","height":""}],"twitter_card":"summary_large_image","twitter_site":"@sunoresearch","twitter_misc":{"Est. tempo de leitura":"3 minutos"},"schema":{"@context":"https:\/\/schema.org","@graph":[{"@type":"Article","@id":"https:\/\/www.suno.com.br\/noticias\/colunas\/gabriel-diniz-junqueira\/agrishow-2022-insights-sobre-o-setor-agro\/#article","isPartOf":{"@id":"https:\/\/www.suno.com.br\/noticias\/colunas\/gabriel-diniz-junqueira\/agrishow-2022-insights-sobre-o-setor-agro\/"},"author":{"name":"Gabriel Diniz Junqueira","@id":"https:\/\/www.suno.com.br\/noticias\/#\/schema\/person\/b1826056e4acd7d0b2d5078b56d74c55"},"headline":"Agrishow 2022: Insights sobre o Setor Agro","datePublished":"2022-05-06T11:00:39+00:00","mainEntityOfPage":{"@id":"https:\/\/www.suno.com.br\/noticias\/colunas\/gabriel-diniz-junqueira\/agrishow-2022-insights-sobre-o-setor-agro\/"},"wordCount":600,"publisher":{"@id":"https:\/\/www.suno.com.br\/noticias\/#organization"},"image":{"@id":"https:\/\/www.suno.com.br\/noticias\/colunas\/gabriel-diniz-junqueira\/agrishow-2022-insights-sobre-o-setor-agro\/#primaryimage"},"thumbnailUrl":"https:\/\/files.sunoresearch.com.br\/n\/uploads\/2022\/05\/coluna-gabriel-diniz-agrishow.jpg","inLanguage":"pt-BR"},{"@type":"WebPage","@id":"https:\/\/www.suno.com.br\/noticias\/colunas\/gabriel-diniz-junqueira\/agrishow-2022-insights-sobre-o-setor-agro\/","url":"https:\/\/www.suno.com.br\/noticias\/colunas\/gabriel-diniz-junqueira\/agrishow-2022-insights-sobre-o-setor-agro\/","name":"Agrishow 2022: Insights sobre o Setor Agro - Suno Not\u00edcias","isPartOf":{"@id":"https:\/\/www.suno.com.br\/noticias\/#website"},"primaryImageOfPage":{"@id":"https:\/\/www.suno.com.br\/noticias\/colunas\/gabriel-diniz-junqueira\/agrishow-2022-insights-sobre-o-setor-agro\/#primaryimage"},"image":{"@id":"https:\/\/www.suno.com.br\/noticias\/colunas\/gabriel-diniz-junqueira\/agrishow-2022-insights-sobre-o-setor-agro\/#primaryimage"},"thumbnailUrl":"https:\/\/files.sunoresearch.com.br\/n\/uploads\/2022\/05\/coluna-gabriel-diniz-agrishow.jpg","datePublished":"2022-05-06T11:00:39+00:00","description":"A edi\u00e7\u00e3o deste ano \u00e9 a primeira ap\u00f3s 2 anos e uma experi\u00eancia \u00fanica para conhecer as inova\u00e7\u00f5es no manejo rural e tend\u00eancias do setor","breadcrumb":{"@id":"https:\/\/www.suno.com.br\/noticias\/colunas\/gabriel-diniz-junqueira\/agrishow-2022-insights-sobre-o-setor-agro\/#breadcrumb"},"inLanguage":"pt-BR","potentialAction":[{"@type":"ReadAction","target":["https:\/\/www.suno.com.br\/noticias\/colunas\/gabriel-diniz-junqueira\/agrishow-2022-insights-sobre-o-setor-agro\/"]}]},{"@type":"ImageObject","inLanguage":"pt-BR","@id":"https:\/\/www.suno.com.br\/noticias\/colunas\/gabriel-diniz-junqueira\/agrishow-2022-insights-sobre-o-setor-agro\/#primaryimage","url":"https:\/\/files.sunoresearch.com.br\/n\/uploads\/2022\/05\/coluna-gabriel-diniz-agrishow.jpg","contentUrl":"https:\/\/files.sunoresearch.com.br\/n\/uploads\/2022\/05\/coluna-gabriel-diniz-agrishow.jpg"},{"@type":"BreadcrumbList","@id":"https:\/\/www.suno.com.br\/noticias\/colunas\/gabriel-diniz-junqueira\/agrishow-2022-insights-sobre-o-setor-agro\/#breadcrumb","itemListElement":[{"@type":"ListItem","position":1,"name":"Not\u00edcias","item":"https:\/\/www.suno.com.br\/noticias\/"},{"@type":"ListItem","position":2,"name":"Colunas","item":"https:\/\/www.suno.com.br\/noticias\/colunas\/"},{"@type":"ListItem","position":3,"name":"Agrishow 2022: Insights sobre o Setor Agro"}]},{"@type":"WebSite","@id":"https:\/\/www.suno.com.br\/noticias\/#website","url":"https:\/\/www.suno.com.br\/noticias\/","name":"Suno Not\u00edcias","description":"Seu portal de informa\u00e7\u00e3o sobre o mundo dos investimentos","publisher":{"@id":"https:\/\/www.suno.com.br\/noticias\/#organization"},"potentialAction":[{"@type":"SearchAction","target":{"@type":"EntryPoint","urlTemplate":"https:\/\/www.suno.com.br\/noticias\/?s={search_term_string}"},"query-input":{"@type":"PropertyValueSpecification","valueRequired":true,"valueName":"search_term_string"}}],"inLanguage":"pt-BR"},{"@type":"Organization","@id":"https:\/\/www.suno.com.br\/noticias\/#organization","name":"Suno Not\u00edcias","url":"https:\/\/www.suno.com.br\/noticias\/","logo":{"@type":"ImageObject","inLanguage":"pt-BR","@id":"https:\/\/www.suno.com.br\/noticias\/#\/schema\/logo\/image\/","url":"https:\/\/files.sunoresearch.com.br\/n\/uploads\/2021\/09\/suno-logo.png","contentUrl":"https:\/\/files.sunoresearch.com.br\/n\/uploads\/2021\/09\/suno-logo.png","width":180,"height":180,"caption":"Suno Not\u00edcias"},"image":{"@id":"https:\/\/www.suno.com.br\/noticias\/#\/schema\/logo\/image\/"},"sameAs":["https:\/\/facebook.com\/sunoresearch","https:\/\/x.com\/sunoresearch","https:\/\/www.instagram.com\/suno","https:\/\/www.linkedin.com\/company\/suno-research\/","https:\/\/www.youtube.com\/c\/sunoresearch"]},{"@type":"Person","@id":"https:\/\/www.suno.com.br\/noticias\/#\/schema\/person\/b1826056e4acd7d0b2d5078b56d74c55","name":"Gabriel Diniz Junqueira","image":{"@type":"ImageObject","inLanguage":"pt-BR","@id":"https:\/\/www.suno.com.br\/noticias\/#\/schema\/person\/image\/","url":"https:\/\/secure.gravatar.com\/avatar\/66203fb9349983855fb0f20b18db3291?s=96&r=g","contentUrl":"https:\/\/secure.gravatar.com\/avatar\/66203fb9349983855fb0f20b18db3291?s=96&r=g","caption":"Gabriel Diniz Junqueira"},"description":"Engenheiro Civil pela Poli\/USP, iniciou sua carreia no JP Morgan na \u00e1rea de Private Banking e especializou-se em an\u00e1lise de empresas voltadas ao setor agro, estudando profundamente a estrutura\u00e7\u00e3o dos FIAGROS no mundo.","sameAs":["https:\/\/www.instagram.com\/santafe_investimentos\/","https:\/\/br.linkedin.com\/company\/santa-fe-investimentos","https:\/\/www.youtube.com\/channel\/UCCekNzSLGS8qu28M4ADIkBw"],"url":"https:\/\/www.suno.com.br\/noticias\/author\/gabriel-diniz-junqueira\/"}]}},"amp_enabled":true,"_links":{"self":[{"href":"https:\/\/www.suno.com.br\/noticias\/wp-json\/wp\/v2\/suno_column\/256558"}],"collection":[{"href":"https:\/\/www.suno.com.br\/noticias\/wp-json\/wp\/v2\/suno_column"}],"about":[{"href":"https:\/\/www.suno.com.br\/noticias\/wp-json\/wp\/v2\/types\/suno_column"}],"author":[{"embeddable":true,"href":"https:\/\/www.suno.com.br\/noticias\/wp-json\/wp\/v2\/users\/130"}],"wp:attachment":[{"href":"https:\/\/www.suno.com.br\/noticias\/wp-json\/wp\/v2\/media?parent=256558"}],"wp:term":[{"taxonomy":"post_tag","embeddable":true,"href":"https:\/\/www.suno.com.br\/noticias\/wp-json\/wp\/v2\/tags?post=256558"}],"curies":[{"name":"wp","href":"https:\/\/api.w.org\/{rel}","templated":true}]}}