{"id":254138,"date":"2022-04-28T08:00:08","date_gmt":"2022-04-28T11:00:08","guid":{"rendered":"https:\/\/www.suno.com.br\/noticias\/colunas\/marco-lopes\/\/"},"modified":"2022-04-27T13:13:00","modified_gmt":"2022-04-27T16:13:00","slug":"mercado-de-notas-comerciais-cresce-mas-ainda-precisa-amadurecer","status":"publish","type":"suno_column","link":"https:\/\/www.suno.com.br\/noticias\/colunas\/rodrigo-amato\/mercado-de-notas-comerciais-cresce-mas-ainda-precisa-amadurecer\/","title":{"rendered":"Mercado de notas comerciais cresce, mas ainda precisa amadurecer"},"content":{"rendered":"<p>Neste primeiro trimestre do ano, observamos uma evolu\u00e7\u00e3o do <strong>mercado de notas comerciais<\/strong> (NC), com 25 emiss\u00f5es p\u00fablicas registradas na <a class=\"suno-keyword\" href=\"https:\/\/www.suno.com.br\/artigos\/cvm\/\" target=\"_blank\" rel=\"noopener\" data-force=\"no\" data-priority=\"2\">Comiss\u00e3o de Valores Mobili\u00e1rios (CVM)<\/a> para distribui\u00e7\u00e3o com esfor\u00e7os amplos (ICVM 400) ou restritos (ICVM 476), representando um total de R$ 9,910 bilh\u00f5es. Comparativamente, um mercado mais maduro como o de <strong>deb\u00eantures<\/strong>, que teve o melhor 1\u00ba trimestre dos \u00faltimos 10 anos, teve emiss\u00f5es no volume total de R$ 56 bilh\u00f5es distribu\u00eddos em 85 opera\u00e7\u00f5es.<\/p>\n<p>Por\u00e9m, apesar dos volumes j\u00e1 serem representativos, a abertura destes n\u00fameros ainda mostra que h\u00e1 grande espa\u00e7o para crescimento do<strong> mercado de NC<\/strong> por si e pela <strong>migra\u00e7\u00e3o de deb\u00eantures<\/strong>. Para se ter uma ideia, a NC tem emiss\u00e3o mais simples e menos burocr\u00e1tica do que a deb\u00eanture e, se considerarmos que 34,2% das deb\u00eantures emitidas t\u00eam como destino dos recursos o <strong><a class=\"suno-keyword\" href=\"https:\/\/www.suno.com.br\/artigos\/capital-giro\/\" target=\"_blank\" rel=\"noopener\" data-force=\"no\" data-priority=\"2\">capital de giro<\/a><\/strong>, um recurso normalmente de <a class=\"suno-keyword\" href=\"https:\/\/www.suno.com.br\/artigos\/curto-prazo\/\" target=\"_blank\" rel=\"noopener\" data-force=\"no\" data-priority=\"1\">curto prazo<\/a>, seria natural vermos o uso da NC nestes casos. Em contrapartida, o volume m\u00e9dio das emiss\u00f5es de NC ainda parece alto (R$ 400 milh\u00f5es), bem como seu prazo (52% acima de um ano).<\/p>\n<p>Sua simplicidade sugere que devemos ver mais empresas menores buscando o acesso ao <strong><a class=\"suno-keyword\" href=\"https:\/\/www.suno.com.br\/artigos\/mercado-de-capitais-conceito\/\" target=\"_blank\" rel=\"noopener\" data-force=\"no\" data-priority=\"1\">mercado de capitais<\/a><\/strong> a partir deste instrumento.<\/p>\n<p>Estes n\u00fameros nos dizem que o mercado j\u00e1 antecipa um bom uso das NC, que vai se popularizando, mas ainda precisa amadurecer no seu melhor uso, algo natural \u00e0 medida que os participantes em geral ganham conforto operacional e fiscal com o seu uso. \u00c9 preciso dizer que o artif\u00edcio das <strong>ofertas privadas<\/strong> tende a ser mais utilizado tamb\u00e9m, ainda se considerarmos que, recentemente, a CVM instituiu cobran\u00e7a sobre quaisquer emissores p\u00fablicos. Sabe-se que as ofertas privadas de NC est\u00e3o ganhando popularidade perante bancos m\u00e9dios e FIDC, e esta busca por efici\u00eancia \u00e9 que nortear\u00e1 o desenvolvimento do mercado de capitais para um financiamento mais din\u00e2mico, de tickets menores e prazos mais curtos.<\/p>\n","protected":false},"excerpt":{"rendered":"<p>Neste primeiro trimestre do ano, observamos uma evolu\u00e7\u00e3o do mercado de notas comerciais (NC), com 25 emiss\u00f5es p\u00fablicas registradas na Comiss\u00e3o de Valores Mobili\u00e1rios (&#8230;<\/p>\n","protected":false},"author":84,"featured_media":0,"template":"","tags":[902,1151],"class_list":["post-254138","suno_column","type-suno_column","status-publish","hentry","tag-comissao-de-valores-mobiliarios-cvm","tag-debentures"],"yoast_head":"<!-- This site is optimized with the Yoast SEO plugin v24.4 - https:\/\/yoast.com\/wordpress\/plugins\/seo\/ -->\n<title>Mercado de notas comerciais cresce, mas ainda precisa amadurecer - Suno Not\u00edcias<\/title>\n<meta name=\"description\" content=\"Neste primeiro trimestre do ano, observamos uma evolu\u00e7\u00e3o do mercado de notas comerciais (NC), com 25 emiss\u00f5es p\u00fablicas registradas na CVM\" \/>\n<meta name=\"robots\" content=\"index, follow, max-snippet:-1, max-image-preview:large, max-video-preview:-1\" \/>\n<link rel=\"canonical\" href=\"https:\/\/www.suno.com.br\/noticias\/colunas\/rodrigo-amato\/mercado-de-notas-comerciais-cresce-mas-ainda-precisa-amadurecer\/\" \/>\n<meta property=\"og:locale\" content=\"pt_BR\" \/>\n<meta property=\"og:type\" content=\"article\" \/>\n<meta property=\"og:title\" content=\"Mercado de notas comerciais cresce, mas ainda precisa amadurecer - Suno Not\u00edcias\" \/>\n<meta property=\"og:description\" content=\"Neste primeiro trimestre do ano, observamos uma evolu\u00e7\u00e3o do mercado de notas comerciais (NC), com 25 emiss\u00f5es p\u00fablicas registradas na CVM\" \/>\n<meta property=\"og:url\" content=\"https:\/\/www.suno.com.br\/noticias\/colunas\/rodrigo-amato\/mercado-de-notas-comerciais-cresce-mas-ainda-precisa-amadurecer\/\" \/>\n<meta property=\"og:site_name\" content=\"Suno Not\u00edcias\" \/>\n<meta property=\"article:publisher\" content=\"https:\/\/facebook.com\/sunoresearch\" \/>\n<meta property=\"og:image\" content=\"https:\/\/files.sunoresearch.com.br\/n\/uploads\/2022\/06\/Modelo2.jpg\" \/>\n\t<meta property=\"og:image:width\" content=\"1200\" \/>\n\t<meta property=\"og:image:height\" content=\"627\" \/>\n\t<meta property=\"og:image:type\" content=\"image\/jpeg\" \/>\n<meta name=\"twitter:card\" content=\"summary_large_image\" \/>\n<meta name=\"twitter:site\" content=\"@sunoresearch\" \/>\n<meta name=\"twitter:label1\" content=\"Est. tempo de leitura\" \/>\n\t<meta name=\"twitter:data1\" content=\"2 minutos\" \/>\n<script type=\"application\/ld+json\" class=\"yoast-schema-graph\">{\"@context\":\"https:\/\/schema.org\",\"@graph\":[{\"@type\":\"Article\",\"@id\":\"https:\/\/www.suno.com.br\/noticias\/colunas\/rodrigo-amato\/mercado-de-notas-comerciais-cresce-mas-ainda-precisa-amadurecer\/#article\",\"isPartOf\":{\"@id\":\"https:\/\/www.suno.com.br\/noticias\/colunas\/rodrigo-amato\/mercado-de-notas-comerciais-cresce-mas-ainda-precisa-amadurecer\/\"},\"author\":{\"name\":\"Rodrigo Amato\",\"@id\":\"https:\/\/www.suno.com.br\/noticias\/#\/schema\/person\/c8f66d046654c3876829fba1fdcfcf61\"},\"headline\":\"Mercado de notas comerciais cresce, mas ainda precisa amadurecer\",\"datePublished\":\"2022-04-28T11:00:08+00:00\",\"mainEntityOfPage\":{\"@id\":\"https:\/\/www.suno.com.br\/noticias\/colunas\/rodrigo-amato\/mercado-de-notas-comerciais-cresce-mas-ainda-precisa-amadurecer\/\"},\"wordCount\":342,\"publisher\":{\"@id\":\"https:\/\/www.suno.com.br\/noticias\/#organization\"},\"keywords\":[\"Comiss\u00e3o de Valores Mobili\u00e1rios (CVM)\",\"deb\u00eantures\"],\"inLanguage\":\"pt-BR\"},{\"@type\":\"WebPage\",\"@id\":\"https:\/\/www.suno.com.br\/noticias\/colunas\/rodrigo-amato\/mercado-de-notas-comerciais-cresce-mas-ainda-precisa-amadurecer\/\",\"url\":\"https:\/\/www.suno.com.br\/noticias\/colunas\/rodrigo-amato\/mercado-de-notas-comerciais-cresce-mas-ainda-precisa-amadurecer\/\",\"name\":\"Mercado de notas comerciais cresce, mas ainda precisa amadurecer - Suno Not\u00edcias\",\"isPartOf\":{\"@id\":\"https:\/\/www.suno.com.br\/noticias\/#website\"},\"datePublished\":\"2022-04-28T11:00:08+00:00\",\"description\":\"Neste primeiro trimestre do ano, observamos uma evolu\u00e7\u00e3o do mercado de notas comerciais (NC), com 25 emiss\u00f5es p\u00fablicas registradas na CVM\",\"breadcrumb\":{\"@id\":\"https:\/\/www.suno.com.br\/noticias\/colunas\/rodrigo-amato\/mercado-de-notas-comerciais-cresce-mas-ainda-precisa-amadurecer\/#breadcrumb\"},\"inLanguage\":\"pt-BR\",\"potentialAction\":[{\"@type\":\"ReadAction\",\"target\":[\"https:\/\/www.suno.com.br\/noticias\/colunas\/rodrigo-amato\/mercado-de-notas-comerciais-cresce-mas-ainda-precisa-amadurecer\/\"]}]},{\"@type\":\"BreadcrumbList\",\"@id\":\"https:\/\/www.suno.com.br\/noticias\/colunas\/rodrigo-amato\/mercado-de-notas-comerciais-cresce-mas-ainda-precisa-amadurecer\/#breadcrumb\",\"itemListElement\":[{\"@type\":\"ListItem\",\"position\":1,\"name\":\"Not\u00edcias\",\"item\":\"https:\/\/www.suno.com.br\/noticias\/\"},{\"@type\":\"ListItem\",\"position\":2,\"name\":\"Colunas\",\"item\":\"https:\/\/www.suno.com.br\/noticias\/colunas\/\"},{\"@type\":\"ListItem\",\"position\":3,\"name\":\"Mercado de notas comerciais cresce, mas ainda precisa amadurecer\"}]},{\"@type\":\"WebSite\",\"@id\":\"https:\/\/www.suno.com.br\/noticias\/#website\",\"url\":\"https:\/\/www.suno.com.br\/noticias\/\",\"name\":\"Suno Not\u00edcias\",\"description\":\"Seu portal de informa\u00e7\u00e3o sobre o mundo dos investimentos\",\"publisher\":{\"@id\":\"https:\/\/www.suno.com.br\/noticias\/#organization\"},\"potentialAction\":[{\"@type\":\"SearchAction\",\"target\":{\"@type\":\"EntryPoint\",\"urlTemplate\":\"https:\/\/www.suno.com.br\/noticias\/?s={search_term_string}\"},\"query-input\":{\"@type\":\"PropertyValueSpecification\",\"valueRequired\":true,\"valueName\":\"search_term_string\"}}],\"inLanguage\":\"pt-BR\"},{\"@type\":\"Organization\",\"@id\":\"https:\/\/www.suno.com.br\/noticias\/#organization\",\"name\":\"Suno Not\u00edcias\",\"url\":\"https:\/\/www.suno.com.br\/noticias\/\",\"logo\":{\"@type\":\"ImageObject\",\"inLanguage\":\"pt-BR\",\"@id\":\"https:\/\/www.suno.com.br\/noticias\/#\/schema\/logo\/image\/\",\"url\":\"https:\/\/files.sunoresearch.com.br\/n\/uploads\/2021\/09\/suno-logo.png\",\"contentUrl\":\"https:\/\/files.sunoresearch.com.br\/n\/uploads\/2021\/09\/suno-logo.png\",\"width\":180,\"height\":180,\"caption\":\"Suno Not\u00edcias\"},\"image\":{\"@id\":\"https:\/\/www.suno.com.br\/noticias\/#\/schema\/logo\/image\/\"},\"sameAs\":[\"https:\/\/facebook.com\/sunoresearch\",\"https:\/\/x.com\/sunoresearch\",\"https:\/\/www.instagram.com\/suno\",\"https:\/\/www.linkedin.com\/company\/suno-research\/\",\"https:\/\/www.youtube.com\/c\/sunoresearch\"]},{\"@type\":\"Person\",\"@id\":\"https:\/\/www.suno.com.br\/noticias\/#\/schema\/person\/c8f66d046654c3876829fba1fdcfcf61\",\"name\":\"Rodrigo Amato\",\"image\":{\"@type\":\"ImageObject\",\"inLanguage\":\"pt-BR\",\"@id\":\"https:\/\/www.suno.com.br\/noticias\/#\/schema\/person\/image\/\",\"url\":\"https:\/\/secure.gravatar.com\/avatar\/ab183a34f6146f1f7f37662e153fe6b1?s=96&r=g\",\"contentUrl\":\"https:\/\/secure.gravatar.com\/avatar\/ab183a34f6146f1f7f37662e153fe6b1?s=96&r=g\",\"caption\":\"Rodrigo Amato\"},\"description\":\"Fundador e CEO da Laqus, empresa de tecnologia com ampla experi\u00eancia em assuntos relacionados \u00e0 tesouraria e gest\u00e3o de risco. Em junho de 2021, obteve a homologa\u00e7\u00e3o junto \u00e0 Comiss\u00e3o de Valores Mobili\u00e1rios (CVM) para atuar como Central Deposit\u00e1ria de Valores Mobili\u00e1rios, sendo a \u00fanica companhia al\u00e9m da B3 autorizada a operar neste mercado.\",\"sameAs\":[\"https:\/\/www.mark2market.com.br\/\",\"https:\/\/www.linkedin.com\/company\/mark2market\/\"],\"url\":\"https:\/\/www.suno.com.br\/noticias\/author\/rodrigo-amato\/\"}]}<\/script>\n<!-- \/ Yoast SEO plugin. -->","yoast_head_json":{"title":"Mercado de notas comerciais cresce, mas ainda precisa amadurecer - Suno Not\u00edcias","description":"Neste primeiro trimestre do ano, observamos uma evolu\u00e7\u00e3o do mercado de notas comerciais (NC), com 25 emiss\u00f5es p\u00fablicas registradas na CVM","robots":{"index":"index","follow":"follow","max-snippet":"max-snippet:-1","max-image-preview":"max-image-preview:large","max-video-preview":"max-video-preview:-1"},"canonical":"https:\/\/www.suno.com.br\/noticias\/colunas\/rodrigo-amato\/mercado-de-notas-comerciais-cresce-mas-ainda-precisa-amadurecer\/","og_locale":"pt_BR","og_type":"article","og_title":"Mercado de notas comerciais cresce, mas ainda precisa amadurecer - Suno Not\u00edcias","og_description":"Neste primeiro trimestre do ano, observamos uma evolu\u00e7\u00e3o do mercado de notas comerciais (NC), com 25 emiss\u00f5es p\u00fablicas registradas na CVM","og_url":"https:\/\/www.suno.com.br\/noticias\/colunas\/rodrigo-amato\/mercado-de-notas-comerciais-cresce-mas-ainda-precisa-amadurecer\/","og_site_name":"Suno Not\u00edcias","article_publisher":"https:\/\/facebook.com\/sunoresearch","og_image":[{"width":1200,"height":627,"url":"https:\/\/files.sunoresearch.com.br\/n\/uploads\/2022\/06\/Modelo2.jpg","type":"image\/jpeg"}],"twitter_card":"summary_large_image","twitter_site":"@sunoresearch","twitter_misc":{"Est. tempo de leitura":"2 minutos"},"schema":{"@context":"https:\/\/schema.org","@graph":[{"@type":"Article","@id":"https:\/\/www.suno.com.br\/noticias\/colunas\/rodrigo-amato\/mercado-de-notas-comerciais-cresce-mas-ainda-precisa-amadurecer\/#article","isPartOf":{"@id":"https:\/\/www.suno.com.br\/noticias\/colunas\/rodrigo-amato\/mercado-de-notas-comerciais-cresce-mas-ainda-precisa-amadurecer\/"},"author":{"name":"Rodrigo Amato","@id":"https:\/\/www.suno.com.br\/noticias\/#\/schema\/person\/c8f66d046654c3876829fba1fdcfcf61"},"headline":"Mercado de notas comerciais cresce, mas ainda precisa amadurecer","datePublished":"2022-04-28T11:00:08+00:00","mainEntityOfPage":{"@id":"https:\/\/www.suno.com.br\/noticias\/colunas\/rodrigo-amato\/mercado-de-notas-comerciais-cresce-mas-ainda-precisa-amadurecer\/"},"wordCount":342,"publisher":{"@id":"https:\/\/www.suno.com.br\/noticias\/#organization"},"keywords":["Comiss\u00e3o de Valores Mobili\u00e1rios (CVM)","deb\u00eantures"],"inLanguage":"pt-BR"},{"@type":"WebPage","@id":"https:\/\/www.suno.com.br\/noticias\/colunas\/rodrigo-amato\/mercado-de-notas-comerciais-cresce-mas-ainda-precisa-amadurecer\/","url":"https:\/\/www.suno.com.br\/noticias\/colunas\/rodrigo-amato\/mercado-de-notas-comerciais-cresce-mas-ainda-precisa-amadurecer\/","name":"Mercado de notas comerciais cresce, mas ainda precisa amadurecer - Suno Not\u00edcias","isPartOf":{"@id":"https:\/\/www.suno.com.br\/noticias\/#website"},"datePublished":"2022-04-28T11:00:08+00:00","description":"Neste primeiro trimestre do ano, observamos uma evolu\u00e7\u00e3o do mercado de notas comerciais (NC), com 25 emiss\u00f5es p\u00fablicas registradas na CVM","breadcrumb":{"@id":"https:\/\/www.suno.com.br\/noticias\/colunas\/rodrigo-amato\/mercado-de-notas-comerciais-cresce-mas-ainda-precisa-amadurecer\/#breadcrumb"},"inLanguage":"pt-BR","potentialAction":[{"@type":"ReadAction","target":["https:\/\/www.suno.com.br\/noticias\/colunas\/rodrigo-amato\/mercado-de-notas-comerciais-cresce-mas-ainda-precisa-amadurecer\/"]}]},{"@type":"BreadcrumbList","@id":"https:\/\/www.suno.com.br\/noticias\/colunas\/rodrigo-amato\/mercado-de-notas-comerciais-cresce-mas-ainda-precisa-amadurecer\/#breadcrumb","itemListElement":[{"@type":"ListItem","position":1,"name":"Not\u00edcias","item":"https:\/\/www.suno.com.br\/noticias\/"},{"@type":"ListItem","position":2,"name":"Colunas","item":"https:\/\/www.suno.com.br\/noticias\/colunas\/"},{"@type":"ListItem","position":3,"name":"Mercado de notas comerciais cresce, mas ainda precisa amadurecer"}]},{"@type":"WebSite","@id":"https:\/\/www.suno.com.br\/noticias\/#website","url":"https:\/\/www.suno.com.br\/noticias\/","name":"Suno Not\u00edcias","description":"Seu portal de informa\u00e7\u00e3o sobre o mundo dos investimentos","publisher":{"@id":"https:\/\/www.suno.com.br\/noticias\/#organization"},"potentialAction":[{"@type":"SearchAction","target":{"@type":"EntryPoint","urlTemplate":"https:\/\/www.suno.com.br\/noticias\/?s={search_term_string}"},"query-input":{"@type":"PropertyValueSpecification","valueRequired":true,"valueName":"search_term_string"}}],"inLanguage":"pt-BR"},{"@type":"Organization","@id":"https:\/\/www.suno.com.br\/noticias\/#organization","name":"Suno Not\u00edcias","url":"https:\/\/www.suno.com.br\/noticias\/","logo":{"@type":"ImageObject","inLanguage":"pt-BR","@id":"https:\/\/www.suno.com.br\/noticias\/#\/schema\/logo\/image\/","url":"https:\/\/files.sunoresearch.com.br\/n\/uploads\/2021\/09\/suno-logo.png","contentUrl":"https:\/\/files.sunoresearch.com.br\/n\/uploads\/2021\/09\/suno-logo.png","width":180,"height":180,"caption":"Suno Not\u00edcias"},"image":{"@id":"https:\/\/www.suno.com.br\/noticias\/#\/schema\/logo\/image\/"},"sameAs":["https:\/\/facebook.com\/sunoresearch","https:\/\/x.com\/sunoresearch","https:\/\/www.instagram.com\/suno","https:\/\/www.linkedin.com\/company\/suno-research\/","https:\/\/www.youtube.com\/c\/sunoresearch"]},{"@type":"Person","@id":"https:\/\/www.suno.com.br\/noticias\/#\/schema\/person\/c8f66d046654c3876829fba1fdcfcf61","name":"Rodrigo Amato","image":{"@type":"ImageObject","inLanguage":"pt-BR","@id":"https:\/\/www.suno.com.br\/noticias\/#\/schema\/person\/image\/","url":"https:\/\/secure.gravatar.com\/avatar\/ab183a34f6146f1f7f37662e153fe6b1?s=96&r=g","contentUrl":"https:\/\/secure.gravatar.com\/avatar\/ab183a34f6146f1f7f37662e153fe6b1?s=96&r=g","caption":"Rodrigo Amato"},"description":"Fundador e CEO da Laqus, empresa de tecnologia com ampla experi\u00eancia em assuntos relacionados \u00e0 tesouraria e gest\u00e3o de risco. Em junho de 2021, obteve a homologa\u00e7\u00e3o junto \u00e0 Comiss\u00e3o de Valores Mobili\u00e1rios (CVM) para atuar como Central Deposit\u00e1ria de Valores Mobili\u00e1rios, sendo a \u00fanica companhia al\u00e9m da B3 autorizada a operar neste mercado.","sameAs":["https:\/\/www.mark2market.com.br\/","https:\/\/www.linkedin.com\/company\/mark2market\/"],"url":"https:\/\/www.suno.com.br\/noticias\/author\/rodrigo-amato\/"}]}},"amp_enabled":true,"_links":{"self":[{"href":"https:\/\/www.suno.com.br\/noticias\/wp-json\/wp\/v2\/suno_column\/254138"}],"collection":[{"href":"https:\/\/www.suno.com.br\/noticias\/wp-json\/wp\/v2\/suno_column"}],"about":[{"href":"https:\/\/www.suno.com.br\/noticias\/wp-json\/wp\/v2\/types\/suno_column"}],"author":[{"embeddable":true,"href":"https:\/\/www.suno.com.br\/noticias\/wp-json\/wp\/v2\/users\/84"}],"wp:attachment":[{"href":"https:\/\/www.suno.com.br\/noticias\/wp-json\/wp\/v2\/media?parent=254138"}],"wp:term":[{"taxonomy":"post_tag","embeddable":true,"href":"https:\/\/www.suno.com.br\/noticias\/wp-json\/wp\/v2\/tags?post=254138"}],"curies":[{"name":"wp","href":"https:\/\/api.w.org\/{rel}","templated":true}]}}