{"id":251649,"date":"2022-04-20T08:00:57","date_gmt":"2022-04-20T11:00:57","guid":{"rendered":"https:\/\/www.suno.com.br\/noticias\/colunas\/marco-lopes\/\/"},"modified":"2022-04-19T15:36:02","modified_gmt":"2022-04-19T18:36:02","slug":"o-recem-nascido-investidor-de-renda-variavel-e-aprendizados-sobre-a-inflacao","status":"publish","type":"suno_column","link":"https:\/\/www.suno.com.br\/noticias\/colunas\/peres\/o-recem-nascido-investidor-de-renda-variavel-e-aprendizados-sobre-a-inflacao\/","title":{"rendered":"O rec\u00e9m-nascido investidor de renda vari\u00e1vel e aprendizados sobre a infla\u00e7\u00e3o"},"content":{"rendered":"<p>Nos \u00faltimos anos, o \u201crec\u00e9m-nascido\u201d investidor brasileiro foi apresentado para a <strong><a class=\"suno-keyword\" href=\"https:\/\/www.suno.com.br\/artigos\/renda-variavel-7-dicas\/\" target=\"_blank\" rel=\"noopener\" data-force=\"no\" data-priority=\"2\">renda vari\u00e1vel<\/a><\/strong> e, a princ\u00edpio, gostou. Na \u00faltima d\u00e9cada, o n\u00famero de <strong>investidores <a class=\"suno-keyword\" href=\"https:\/\/www.suno.com.br\/artigos\/pessoa-fisica\/\" target=\"_blank\" rel=\"noopener\" data-force=\"no\" data-priority=\"1\">pessoa f\u00edsica<\/a><\/strong> saltou de aproximadamente 500 mil para 3,1 milh\u00f5es. Tudo isso em meio a um <a class=\"suno-keyword\" href=\"https:\/\/www.suno.com.br\/artigos\/bull-market\/\" target=\"_blank\" rel=\"noopener\" data-force=\"no\" data-priority=\"1\">bull market<\/a> gerado por anos de <strong>recompra de ativos<\/strong> pelos bancos centrais ao redor do mundo, <strong>taxas de juros<\/strong> pr\u00f3ximas de zero e um per\u00edodo em que (pelo menos nas economias desenvolvidas), quase n\u00e3o existiu infla\u00e7\u00e3o. Em v\u00e1rios momentos ouvimos que os mercados estavam no \u201call time high\u201d e foi dif\u00edcil n\u00e3o ganhar dinheiro com bolsa durante esse per\u00edodo.<\/p>\n\t<p>\n\t\t<a href=\"\" target=\"_blank\" data-element=\"shortcode-suno-banner\" title=\"Banner SUNO, clique e saiba mais\">\n\t\t\t<picture>\n\t\t\t\t<source media=\"(max-width: 500px)\" srcset=\"\">\n\t\t\t\t<img class=\"newsContent__article__imgCapa newsContent__article__imgCapa--banner\"\n\t\t\t\t\tsrc=\"\"\n\t\t\t\t\tdata-promo-id=\"138420\"\t\t\t\t\t\t\t\t\t\t\t\t\t\t\talt=\"\"\n\t\t\t\t>\n\t\t\t<\/picture>\n\t\t<\/a>\n\t<\/p>\n\n\n<p>Por\u00e9m, o mercado \u00e9 c\u00edclico. N\u00e3o conseguimos prever quando come\u00e7am e nem por quanto tempo duram esses ciclos, mas, parafraseando o maior investidor de todos os tempos, <strong><a class=\"suno-keyword\" href=\"https:\/\/www.suno.com.br\/tudo-sobre\/warren-buffett\/\" target=\"_blank\" rel=\"noopener\" data-force=\"no\" data-priority=\"1\">Warren Buffet<\/a><\/strong>, \u201ca hist\u00f3ria n\u00e3o se repete, mas ela rima\u201d.<\/p>\n<p>Com o final da pandemia e por conta de todos os est\u00edmulos fiscais que foram concedidos (al\u00e9m daqueles que j\u00e1 vinham sendo dados ao longo da \u00faltima d\u00e9cada), a infla\u00e7\u00e3o, que havia ficado esquecida e quase inexistente, voltou a aparecer no mundo todo e o discurso do <strong>Federal Reserve<\/strong> (Fed) de que a infla\u00e7\u00e3o era transit\u00f3ria come\u00e7ou a cair por terra. Isso tem for\u00e7ado os bancos centrais do mundo todo a sinalizar ou iniciar ciclos de <strong>aumento nas taxas de juros<\/strong>, al\u00e9m de redu\u00e7\u00e3o nas recompras de ativos (tapering) para tentar conter o avan\u00e7o da infla\u00e7\u00e3o, que n\u00e3o era transit\u00f3ria. Com isso, temos visto uma forte migra\u00e7\u00e3o de recursos das <a class=\"suno-keyword\" href=\"https:\/\/www.suno.com.br\/artigos\/pessoa-fisica\/\" target=\"_blank\" rel=\"noopener\" data-force=\"no\" data-priority=\"2\">pessoas f\u00edsicas<\/a> que estavam alocados em renda vari\u00e1vel retornando para a renda fixa. A pergunta que precisa ser respondida \u00e9: a tradicional renda fixa \u00e9 a melhor alternativa para se investir em um cen\u00e1rio inflacion\u00e1rio como estamos vivendo hoje?<\/p>\n<p>O primeiro ponto a ser compreendido \u00e9: o que de fato \u00e9 infla\u00e7\u00e3o? Um <strong>aumento do pre\u00e7o<\/strong> de um determinado produto pode ser considerado infla\u00e7\u00e3o?<br \/>\nSegundo a teoria econ\u00f4mica, infla\u00e7\u00e3o \u00e9 entendida como um aumento generalizado dos pre\u00e7os, e isso ocorre na maioria das vezes pelo excesso de dinheiro na economia.<\/p>\n<p>Entretanto, recursos s\u00e3o escassos por defini\u00e7\u00e3o, seja esse recurso a <a class=\"suno-keyword\" href=\"https:\/\/www.suno.com.br\/artigos\/capacidade-produtiva\/\" target=\"_blank\" rel=\"noopener\" data-force=\"no\" data-priority=\"1\">capacidade produtiva<\/a> de uma f\u00e1brica ou a quantidade de min\u00e9rio de ferro em uma mina. Em momento de<strong> alta liquidez<\/strong> e grandes <a class=\"suno-keyword\" href=\"https:\/\/www.suno.com.br\/artigos\/incentivos-fiscais\/\" target=\"_blank\" rel=\"noopener\" data-force=\"no\" data-priority=\"1\">incentivos fiscais<\/a> (taxas de juros baixas, isen\u00e7\u00e3o de impostos, programas sociais), \u00e9 criada uma press\u00e3o na demanda por produtos e recursos, fazendo com que a infla\u00e7\u00e3o apare\u00e7a, sempre de forma generalizada e n\u00e3o em produtos isolados, assim como j\u00e1 citado.<\/p>\n<p>Desde que as economias migraram para um modelo fiduci\u00e1rio de moedas, em que as moedas n\u00e3o t\u00eam mais um lastro em <a class=\"suno-keyword\" href=\"https:\/\/www.suno.com.br\/artigos\/ativos-reais\/\" target=\"_blank\" rel=\"noopener\" data-force=\"no\" data-priority=\"1\">ativos reais<\/a> (ouro), o principal papel dos bancos centrais passou ser garantir a confiabilidade das moedas. Em um cen\u00e1rio de infla\u00e7\u00e3o acelerando, a resposta natural do banqueiro central, que precisa garantir o <a class=\"suno-keyword\" href=\"https:\/\/www.suno.com.br\/artigos\/poder-de-compra\/\" target=\"_blank\" rel=\"noopener\" data-force=\"no\" data-priority=\"1\">poder de compra<\/a> da moeda, \u00e9 iniciar um ciclo de \u201c<strong>aperto monet\u00e1rio<\/strong>\u201d, e a forma mais comum de se colocar esse aperto monet\u00e1rio em pr\u00e1tica \u00e9 subir as taxas b\u00e1sicas de juros para retirar dinheiro da economia.<\/p>\n<p>Uma das principais cr\u00edticas que os economistas mais liberais fazem a essa abordagem monetarista \u00e9 que existe uma demora para refletir o efeito de um <strong>aumento dos juros<\/strong> por todo o mecanismo de transmiss\u00e3o da <a class=\"suno-keyword\" href=\"https:\/\/www.suno.com.br\/artigos\/politica-monetaria\/\" target=\"_blank\" rel=\"noopener\" data-force=\"no\" data-priority=\"1\">pol\u00edtica monet\u00e1ria<\/a>, aliado ao fator de que os dados inflacion\u00e1rios que levaram a decis\u00e3o de um aumento na taxa de juros refletem o passado (geralmente um acumulado dos \u00faltimos 12 meses). Dessa forma, quando os juros realmente refletirem na economia, o cen\u00e1rio inflacion\u00e1rio ser\u00e1 outro, e n\u00e3o o que se apresentava quando a decis\u00e3o foi tomada.<\/p>\n\t<p>\n\t\t<a href=\"https:\/\/lp.suno.com.br\/ebook-como-analisar-uma-acao\/\" target=\"_blank\" data-element=\"shortcode-suno-banner\" title=\"Banner SUNO, clique e saiba mais\">\n\t\t\t<picture>\n\t\t\t\t<source media=\"(max-width: 500px)\" srcset=\"https:\/\/files.sunoresearch.com.br\/n\/uploads\/2023\/03\/Ebook-Acoes-Mobile-1.jpg\">\n\t\t\t\t<img class=\"newsContent__article__imgCapa newsContent__article__imgCapa--banner\"\n\t\t\t\t\tsrc=\"https:\/\/files.sunoresearch.com.br\/n\/uploads\/2023\/03\/Ebook-Acoes-Desktop-1.jpg\"\n\t\t\t\t\tdata-promo-id=\"171998\"\t\t\t\t\t\t\t\t\t\twidth='1420' height='286'\t\t\t\t\talt=\"https:\/\/files.sunoresearch.com.br\/n\/uploads\/2023\/03\/Ebook-Acoes-Desktop-1.jpg\"\n\t\t\t\t>\n\t\t\t<\/picture>\n\t\t<\/a>\n\t<\/p>\n\n\n<p>Esse aumento das taxas de juros e infla\u00e7\u00e3o faz com que a renda fixa \u201centre em competi\u00e7\u00e3o com a bolsa\u201d. Os recursos para as empresas continuarem financiando seu crescimento ficam mais caros, sejam eles de terceiros (banc\u00e1rios ou mercado de d\u00edvidas), como o custo do <a class=\"suno-keyword\" href=\"https:\/\/www.suno.com.br\/artigos\/capital-proprio\/\" target=\"_blank\" rel=\"noopener\" data-force=\"no\" data-priority=\"1\">capital pr\u00f3prio<\/a> (acionistas), que passaram a exigir um retorno mais elevado para o capital alocado. Al\u00e9m do impacto na ponta consumidora que j\u00e1 vinha sendo corro\u00edda pela infla\u00e7\u00e3o, agora o consumidor tem um pr\u00eamio maior para poupar o <a class=\"suno-keyword\" href=\"https:\/\/www.suno.com.br\/artigos\/seu-dinheiro\/\" target=\"_blank\" rel=\"noopener\" data-force=\"no\" data-priority=\"1\">seu dinheiro<\/a> (taxas de juros mais altas) e isso leva a uma mudan\u00e7a nos ciclos de mercado citados no come\u00e7o desse texto. O investidor brasileiro, que at\u00e9 o momento vivia momentos de bonan\u00e7a e lua de mel com a renda vari\u00e1vel, come\u00e7a a se perguntar se \u00e9 hora de liquidar as posi\u00e7\u00f5es e migrar novamente para a boa e velha conhecida renda fixa. Fundos de investimentos em a\u00e7\u00f5es, que cresceram muito a base de clientes pessoa f\u00edsica nos \u00faltimos anos, come\u00e7am a sofrer com os reflexos dessa mudan\u00e7a de ciclo assim como pode-se ver a seguir:<\/p>\n<p><img loading=\"lazy\" decoding=\"async\" class=\"alignnone size-full wp-image-251651\" src=\"https:\/\/files.sunoresearch.com.br\/n\/uploads\/2022\/04\/tabela-coluna.jpg\" alt=\"\" width=\"715\" height=\"389\" srcset=\"https:\/\/files.sunoresearch.com.br\/n\/uploads\/2022\/04\/tabela-coluna.jpg 715w, https:\/\/files.sunoresearch.com.br\/n\/uploads\/2022\/04\/tabela-coluna-300x163.jpg 300w, https:\/\/files.sunoresearch.com.br\/n\/uploads\/2022\/04\/tabela-coluna-150x82.jpg 150w\" sizes=\"(max-width: 715px) 100vw, 715px\" \/><\/p>\n<p>Aparentemente, uma parte dos investidores brasileiros encontrou a resposta da pergunta e tem liquidado as posi\u00e7\u00f5es em renda vari\u00e1vel, mas ser\u00e1 que essa \u00e9 realmente a melhor alternativa?<\/p>\n<p>Fazendo uma compara\u00e7\u00e3o desde 2018 entre CDI, IPCA e <a class=\"suno-keyword\" href=\"https:\/\/www.suno.com.br\/guias\/tesouro-selic\/\" target=\"_blank\" rel=\"noopener\" data-force=\"no\" data-priority=\"2\">Tesouro Selic<\/a> com vencimento para 2025, temos alguns resultados interessantes, encontrados no gr\u00e1fico abaixo:<\/p>\n<p>&nbsp;<\/p>\n<p>&nbsp;<\/p>\n<figure id=\"attachment_252105\" aria-describedby=\"caption-attachment-252105\" style=\"width: 567px\" class=\"wp-caption alignnone\"><img loading=\"lazy\" decoding=\"async\" class=\"wp-image-252105 size-full\" src=\"https:\/\/files.sunoresearch.com.br\/n\/uploads\/2022\/04\/grafico2.jpg\" alt=\"\" width=\"567\" height=\"182\" srcset=\"https:\/\/files.sunoresearch.com.br\/n\/uploads\/2022\/04\/grafico2.jpg 567w, https:\/\/files.sunoresearch.com.br\/n\/uploads\/2022\/04\/grafico2-300x96.jpg 300w, https:\/\/files.sunoresearch.com.br\/n\/uploads\/2022\/04\/grafico2-150x48.jpg 150w\" sizes=\"(max-width: 567px) 100vw, 567px\" \/><figcaption id=\"caption-attachment-252105\" class=\"wp-caption-text\">Fonte: Comparador de ativos<\/figcaption><\/figure>\n<p>Se olharmos para esses ativos durante a janela apresentada, podemos perceber que apenas no segundo semestre de 2021 a infla\u00e7\u00e3o superou o <strong>tesouro Selic<\/strong> e o CDI acumulado. Por\u00e9m, precisamos levar em considera\u00e7\u00e3o o imposto de renda que um investidor pessoa f\u00edsica pagaria em t\u00edtulos de renda fixa que repliquem o CDI ou no Tesouro Selic (exceto isentos), fazendo com que a rentabilidade fosse menor do que a mostrada no gr\u00e1fico. Em <a class=\"suno-keyword\" href=\"https:\/\/www.suno.com.br\/artigos\/longo-prazo\/\" target=\"_blank\" rel=\"noopener\" data-force=\"no\" data-priority=\"1\">longo prazo<\/a>, podemos observar o efeito da demora de repasse da taxa de juros na infla\u00e7\u00e3o, pois, mesmo com os aumentos da <a class=\"suno-keyword\" href=\"https:\/\/www.suno.com.br\/artigos\/taxa-de-juros\/\" target=\"_blank\" rel=\"noopener\" data-force=\"no\" data-priority=\"1\">taxa b\u00e1sica de juros<\/a>, a infla\u00e7\u00e3o segue acelerando e superando os rendimentos.<\/p>\n\t<p>\n\t\t<a href=\"https:\/\/lp.suno.com.br\/planilha-da-vida-financeira\/\" target=\"_blank\" data-element=\"shortcode-suno-banner\" title=\"Banner SUNO, clique e saiba mais\">\n\t\t\t<picture>\n\t\t\t\t<source media=\"(max-width: 500px)\" srcset=\"https:\/\/files.sunoresearch.com.br\/n\/uploads\/2023\/04\/400x300-Planilha-vida-financeira-true.png\">\n\t\t\t\t<img class=\"newsContent__article__imgCapa newsContent__article__imgCapa--banner\"\n\t\t\t\t\tsrc=\"https:\/\/files.sunoresearch.com.br\/n\/uploads\/2023\/04\/1420x240-Planilha-vida-financeira-true.png\"\n\t\t\t\t\tdata-promo-id=\"106682\"\t\t\t\t\t\t\t\t\t\twidth='1420' height='240'\t\t\t\t\talt=\"https:\/\/files.sunoresearch.com.br\/n\/uploads\/2023\/04\/1420x240-Planilha-vida-financeira-true.png\"\n\t\t\t\t>\n\t\t\t<\/picture>\n\t\t<\/a>\n\t<\/p>\n\n\n<p>Contudo, n\u00e3o existem apenas t\u00edtulos p\u00f3s fixados. Os t\u00edtulos h\u00edbridos, que garantem uma rentabilidade acima da infla\u00e7\u00e3o, podem ser uma alternativa. No gr\u00e1fico abaixo pode-se observar a compara\u00e7\u00e3o com esses t\u00edtulos:<\/p>\n<p><img loading=\"lazy\" decoding=\"async\" class=\"alignnone size-full wp-image-252106\" src=\"https:\/\/files.sunoresearch.com.br\/n\/uploads\/2022\/04\/grafico3.jpg\" alt=\"\" width=\"567\" height=\"203\" srcset=\"https:\/\/files.sunoresearch.com.br\/n\/uploads\/2022\/04\/grafico3.jpg 567w, https:\/\/files.sunoresearch.com.br\/n\/uploads\/2022\/04\/grafico3-300x107.jpg 300w, https:\/\/files.sunoresearch.com.br\/n\/uploads\/2022\/04\/grafico3-150x54.jpg 150w\" sizes=\"(max-width: 567px) 100vw, 567px\" \/><\/p>\n<p>Observa-se o CDI vs IPCA vs <a class=\"suno-keyword\" href=\"https:\/\/www.suno.com.br\/artigos\/tesouro-ipca\/\" target=\"_blank\" rel=\"noopener\" data-force=\"no\" data-priority=\"1\">Tesouro IPCA<\/a> 2055 vs Tesouro IPCA 2026, todos marcados a mercado (cotados diariamente e n\u00e3o com os juros acumulados diariamente) e, como podemos observar, os resultados s\u00e3o bem pr\u00f3ximos para os dois t\u00edtulos e para a bolsa, principalmente por conta da <a class=\"suno-keyword\" href=\"https:\/\/www.suno.com.br\/artigos\/marcacao-mercado\/\" target=\"_blank\" rel=\"noopener\" data-force=\"no\" data-priority=\"1\">marca\u00e7\u00e3o a mercado<\/a>, que mostra uma abordagem realista da volatilidade desses t\u00edtulos.<\/p>\n<p>Logo entendemos que o rendimento que realmente interessa para o investidor \u00e9 aquele acima da infla\u00e7\u00e3o em<strong> longo prazo<\/strong>, o famoso ganho real. Dessa forma o investidor consegue repor o valor do aumento generalizado dos pre\u00e7os, preservando o poder de compra do seu patrim\u00f4nio e conseguindo um aumento real de capital em longo prazo.<\/p>\n<p>Para essa finalidade, a longo prazo, os t\u00edtulos h\u00edbridos e a bolsa se mostram mais eficientes do que os tradicionais t\u00edtulos de renda fixa p\u00f3s fixados \u201csem risco\u201d.<\/p>\n<p>Um dos maiores d\u00e9ficits informacionais que o investidor brasileiro precisa entender \u00e9 essa compreens\u00e3o de risco apenas como volatilidade, e ignorar todas as outras possibilidades de risco, como <a class=\"suno-keyword\" href=\"https:\/\/www.suno.com.br\/artigos\/risco-de-credito\/\" target=\"_blank\" rel=\"noopener\" data-force=\"no\" data-priority=\"1\">risco de cr\u00e9dito<\/a>, risco jur\u00eddico, <a class=\"suno-keyword\" href=\"https:\/\/www.suno.com.br\/artigos\/risco-de-imagem\/\" target=\"_blank\" rel=\"noopener\" data-force=\"no\" data-priority=\"1\">risco de imagem<\/a>, ou at\u00e9 mesmo o risco de ter o poder de compra corro\u00eddo pela infla\u00e7\u00e3o.<\/p>\n\t<p>\n\t\t<a href=\"https:\/\/lp.suno.com.br\/planilha-controle-gastos\/\" target=\"_blank\" data-element=\"shortcode-suno-banner\" title=\"Banner SUNO, clique e saiba mais\">\n\t\t\t<picture>\n\t\t\t\t<source media=\"(max-width: 500px)\" srcset=\"https:\/\/files.sunoresearch.com.br\/n\/uploads\/2023\/03\/400x300-Planilha-controle-de-gastos.png\">\n\t\t\t\t<img class=\"newsContent__article__imgCapa newsContent__article__imgCapa--banner\"\n\t\t\t\t\tsrc=\"https:\/\/files.sunoresearch.com.br\/n\/uploads\/2023\/03\/1420x240-Planilha-controle-de-gastos.png\"\n\t\t\t\t\tdata-promo-id=\"101751\"\t\t\t\t\t\t\t\t\t\twidth='1420' height='240'\t\t\t\t\talt=\"https:\/\/files.sunoresearch.com.br\/n\/uploads\/2023\/03\/1420x240-Planilha-controle-de-gastos.png\"\n\t\t\t\t>\n\t\t\t<\/picture>\n\t\t<\/a>\n\t<\/p>\n\n\n<p>Em longo prazo, apesar da volatilidade, os <a class=\"suno-keyword\" href=\"https:\/\/www.suno.com.br\/artigos\/titulos-publicos\/\" target=\"_blank\" rel=\"noopener\" data-force=\"no\" data-priority=\"1\">t\u00edtulos p\u00fablicos<\/a> atrelados \u00e0 infla\u00e7\u00e3o e \u00e0 bolsa conseguiram superar a infla\u00e7\u00e3o e repor esses ganhos. Para os t\u00edtulos de renda fixa, a compreens\u00e3o pode ser mais simples, dado que eles garantem uma rentabilidade acima da infla\u00e7\u00e3o. Por\u00e9m, para a bolsa muitas vezes essa rela\u00e7\u00e3o n\u00e3o \u00e9 clara na cabe\u00e7a do investidor. Pense que por tr\u00e1s dos gr\u00e1ficos coloridos e dos pre\u00e7os piscando na tela do home broker, existem empresas que atuam na economia real e vendem produtos na economia real, e que bons neg\u00f3cios por defini\u00e7\u00e3o t\u00eam poder de precifica\u00e7\u00e3o dos seus produtos frente ao consumidor. Um exemplo claro \u00e9 uma mineradora, que, por causa do aumento dos pre\u00e7os do min\u00e9rio de ferro, vende o min\u00e9rio mais caro, ou uma petroleira que faz o mesmo com o petr\u00f3leo. Essas analogias podem ser estendidas para diversos setores, mas o fato \u00e9 que os ciclos se repetem e o investidor segue entendendo <strong>volatilidade de <a class=\"suno-keyword\" href=\"https:\/\/www.suno.com.br\/artigos\/curto-prazo\/\" target=\"_blank\" rel=\"noopener\" data-force=\"no\" data-priority=\"1\">curto prazo<\/a><\/strong> como o \u00fanico risco envolvido nas opera\u00e7\u00f5es.<\/p>\n<p>\u00c9 fundamental para o rec\u00e9m-nascido investidor brasileiro entender essa rela\u00e7\u00e3o. Aprender com os ciclos de baixa \u00e9 essencial, al\u00e9m de entender sobre vieses comportamentais que o levam a comprar na alta e vender na baixa, quando intuitivamente ele deveria fazer o oposto. Controle emocional no final do dia tende a trazer mais resultados do que previs\u00f5es econom\u00e9tricas que mudam a cada tr\u00eas meses. A grande mudan\u00e7a para o investidor pessoa f\u00edsica vir\u00e1 quando ele tirar um pouco do foco de previs\u00f5es macroecon\u00f4micas, gr\u00e1ficos complexos e modelos de valuations elaborados. N\u00e3o por esses m\u00e9todos n\u00e3o serem importantes, mas porque \u00e9 necess\u00e1ria uma abordagem profissional para realmente compreender e colocar em pr\u00e1tica todas essas t\u00e9cnicas. \u00c9 preciso direcionar o foco para entender os vieses emocionais que fazem com que decis\u00f5es sejam tomadas, entender o seu <strong><a class=\"suno-keyword\" href=\"https:\/\/www.suno.com.br\/artigos\/perfil-de-risco\/\" target=\"_blank\" rel=\"noopener\" data-force=\"no\" data-priority=\"1\">perfil de risco<\/a><\/strong> e desenhar uma <a class=\"suno-keyword\" href=\"https:\/\/www.suno.com.br\/artigos\/estrategia-de-investimento\/\" target=\"_blank\" rel=\"noopener\" data-force=\"no\" data-priority=\"1\">estrat\u00e9gia de investimento<\/a> clara e simples, de acordo com os objetivos pessoais.<\/p>\n\t<p>\n\t\t<a href=\"https:\/\/lp.suno.com.br\/planilha-de-controle-de-investimentos\/\" target=\"_blank\" data-element=\"shortcode-suno-banner\" title=\"Banner SUNO, clique e saiba mais\">\n\t\t\t<picture>\n\t\t\t\t<source media=\"(max-width: 500px)\" srcset=\"https:\/\/files.sunoresearch.com.br\/n\/uploads\/2023\/03\/400x300-Controle-de-Investimentos.png\">\n\t\t\t\t<img class=\"newsContent__article__imgCapa newsContent__article__imgCapa--banner\"\n\t\t\t\t\tsrc=\"https:\/\/files.sunoresearch.com.br\/n\/uploads\/2023\/03\/1420x240-Controle-de-Investimentos.png\"\n\t\t\t\t\tdata-promo-id=\"75934\"\t\t\t\t\t\t\t\t\t\twidth='1420' height='240'\t\t\t\t\talt=\"https:\/\/files.sunoresearch.com.br\/n\/uploads\/2023\/03\/1420x240-Controle-de-Investimentos.png\"\n\t\t\t\t>\n\t\t\t<\/picture>\n\t\t<\/a>\n\t<\/p>\n\n\n<p><strong><em>Esta artigo foi escrito pelo time da Suno Consultoria. Para conhecer melhor este servi\u00e7o da Suno, <a href=\"https:\/\/www.suno.com.br\/consultoria\/\">clique aqui<\/a><\/em><\/strong><\/p>\n","protected":false},"excerpt":{"rendered":"<p>Nos \u00faltimos anos, o \u201crec\u00e9m-nascido\u201d investidor brasileiro foi apresentado para a renda vari\u00e1vel e, a princ\u00edpio, gostou. Na \u00faltima d\u00e9cada, o n\u00famero de investidores pess&#8230;<\/p>\n","protected":false},"author":164,"featured_media":0,"template":"","tags":[776,313,1752],"class_list":["post-251649","suno_column","type-suno_column","status-publish","hentry","tag-federal-reseve-fed","tag-fundos-de-investimento","tag-taxa-de-juros"],"yoast_head":"<!-- This site is optimized with the Yoast SEO plugin v24.4 - https:\/\/yoast.com\/wordpress\/plugins\/seo\/ -->\n<title>O rec\u00e9m-nascido investidor de renda vari\u00e1vel e aprendizados sobre a infla\u00e7\u00e3o - Suno Not\u00edcias<\/title>\n<meta name=\"description\" content=\"O investidor brasileiro come\u00e7a a se perguntar se \u00e9 hora de liquidar as posi\u00e7\u00f5es e migrar novamente para a boa e velha conhecida renda fixa\" \/>\n<meta name=\"robots\" content=\"index, follow, max-snippet:-1, max-image-preview:large, max-video-preview:-1\" \/>\n<link rel=\"canonical\" href=\"https:\/\/www.suno.com.br\/noticias\/colunas\/peres\/o-recem-nascido-investidor-de-renda-variavel-e-aprendizados-sobre-a-inflacao\/\" \/>\n<meta property=\"og:locale\" content=\"pt_BR\" \/>\n<meta property=\"og:type\" content=\"article\" \/>\n<meta property=\"og:title\" content=\"O rec\u00e9m-nascido investidor de renda vari\u00e1vel e aprendizados sobre a infla\u00e7\u00e3o - Suno Not\u00edcias\" \/>\n<meta property=\"og:description\" content=\"O investidor brasileiro come\u00e7a a se perguntar se \u00e9 hora de liquidar as posi\u00e7\u00f5es e migrar novamente para a boa e velha conhecida renda fixa\" \/>\n<meta property=\"og:url\" content=\"https:\/\/www.suno.com.br\/noticias\/colunas\/peres\/o-recem-nascido-investidor-de-renda-variavel-e-aprendizados-sobre-a-inflacao\/\" \/>\n<meta property=\"og:site_name\" content=\"Suno Not\u00edcias\" \/>\n<meta property=\"article:publisher\" content=\"https:\/\/facebook.com\/sunoresearch\" \/>\n<meta property=\"og:image\" content=\"https:\/\/files.sunoresearch.com.br\/n\/uploads\/2022\/04\/tabela-coluna.jpg\" \/>\n<meta name=\"twitter:card\" content=\"summary_large_image\" \/>\n<meta name=\"twitter:site\" content=\"@sunoresearch\" \/>\n<meta name=\"twitter:label1\" content=\"Est. tempo de leitura\" \/>\n\t<meta name=\"twitter:data1\" content=\"8 minutos\" \/>\n<script type=\"application\/ld+json\" class=\"yoast-schema-graph\">{\"@context\":\"https:\/\/schema.org\",\"@graph\":[{\"@type\":\"Article\",\"@id\":\"https:\/\/www.suno.com.br\/noticias\/colunas\/peres\/o-recem-nascido-investidor-de-renda-variavel-e-aprendizados-sobre-a-inflacao\/#article\",\"isPartOf\":{\"@id\":\"https:\/\/www.suno.com.br\/noticias\/colunas\/peres\/o-recem-nascido-investidor-de-renda-variavel-e-aprendizados-sobre-a-inflacao\/\"},\"author\":{\"name\":\"Filipe Peres\",\"@id\":\"https:\/\/www.suno.com.br\/noticias\/#\/schema\/person\/5152ee804599cf67b64dce8447d8d627\"},\"headline\":\"O rec\u00e9m-nascido investidor de renda vari\u00e1vel e aprendizados sobre a infla\u00e7\u00e3o\",\"datePublished\":\"2022-04-20T11:00:57+00:00\",\"mainEntityOfPage\":{\"@id\":\"https:\/\/www.suno.com.br\/noticias\/colunas\/peres\/o-recem-nascido-investidor-de-renda-variavel-e-aprendizados-sobre-a-inflacao\/\"},\"wordCount\":1673,\"publisher\":{\"@id\":\"https:\/\/www.suno.com.br\/noticias\/#organization\"},\"image\":{\"@id\":\"https:\/\/www.suno.com.br\/noticias\/colunas\/peres\/o-recem-nascido-investidor-de-renda-variavel-e-aprendizados-sobre-a-inflacao\/#primaryimage\"},\"thumbnailUrl\":\"https:\/\/files.sunoresearch.com.br\/n\/uploads\/2022\/04\/tabela-coluna.jpg\",\"keywords\":[\"Federal Reserve (FED)\",\"Fundos de investimento\",\"taxa de juros\"],\"inLanguage\":\"pt-BR\"},{\"@type\":\"WebPage\",\"@id\":\"https:\/\/www.suno.com.br\/noticias\/colunas\/peres\/o-recem-nascido-investidor-de-renda-variavel-e-aprendizados-sobre-a-inflacao\/\",\"url\":\"https:\/\/www.suno.com.br\/noticias\/colunas\/peres\/o-recem-nascido-investidor-de-renda-variavel-e-aprendizados-sobre-a-inflacao\/\",\"name\":\"O rec\u00e9m-nascido investidor de renda vari\u00e1vel e aprendizados sobre a infla\u00e7\u00e3o - Suno Not\u00edcias\",\"isPartOf\":{\"@id\":\"https:\/\/www.suno.com.br\/noticias\/#website\"},\"primaryImageOfPage\":{\"@id\":\"https:\/\/www.suno.com.br\/noticias\/colunas\/peres\/o-recem-nascido-investidor-de-renda-variavel-e-aprendizados-sobre-a-inflacao\/#primaryimage\"},\"image\":{\"@id\":\"https:\/\/www.suno.com.br\/noticias\/colunas\/peres\/o-recem-nascido-investidor-de-renda-variavel-e-aprendizados-sobre-a-inflacao\/#primaryimage\"},\"thumbnailUrl\":\"https:\/\/files.sunoresearch.com.br\/n\/uploads\/2022\/04\/tabela-coluna.jpg\",\"datePublished\":\"2022-04-20T11:00:57+00:00\",\"description\":\"O investidor brasileiro come\u00e7a a se perguntar se \u00e9 hora de liquidar as posi\u00e7\u00f5es e migrar novamente para a boa e velha conhecida renda fixa\",\"breadcrumb\":{\"@id\":\"https:\/\/www.suno.com.br\/noticias\/colunas\/peres\/o-recem-nascido-investidor-de-renda-variavel-e-aprendizados-sobre-a-inflacao\/#breadcrumb\"},\"inLanguage\":\"pt-BR\",\"potentialAction\":[{\"@type\":\"ReadAction\",\"target\":[\"https:\/\/www.suno.com.br\/noticias\/colunas\/peres\/o-recem-nascido-investidor-de-renda-variavel-e-aprendizados-sobre-a-inflacao\/\"]}]},{\"@type\":\"ImageObject\",\"inLanguage\":\"pt-BR\",\"@id\":\"https:\/\/www.suno.com.br\/noticias\/colunas\/peres\/o-recem-nascido-investidor-de-renda-variavel-e-aprendizados-sobre-a-inflacao\/#primaryimage\",\"url\":\"https:\/\/files.sunoresearch.com.br\/n\/uploads\/2022\/04\/tabela-coluna.jpg\",\"contentUrl\":\"https:\/\/files.sunoresearch.com.br\/n\/uploads\/2022\/04\/tabela-coluna.jpg\"},{\"@type\":\"BreadcrumbList\",\"@id\":\"https:\/\/www.suno.com.br\/noticias\/colunas\/peres\/o-recem-nascido-investidor-de-renda-variavel-e-aprendizados-sobre-a-inflacao\/#breadcrumb\",\"itemListElement\":[{\"@type\":\"ListItem\",\"position\":1,\"name\":\"Not\u00edcias\",\"item\":\"https:\/\/www.suno.com.br\/noticias\/\"},{\"@type\":\"ListItem\",\"position\":2,\"name\":\"Colunas\",\"item\":\"https:\/\/www.suno.com.br\/noticias\/colunas\/\"},{\"@type\":\"ListItem\",\"position\":3,\"name\":\"O rec\u00e9m-nascido investidor de renda vari\u00e1vel e aprendizados sobre a infla\u00e7\u00e3o\"}]},{\"@type\":\"WebSite\",\"@id\":\"https:\/\/www.suno.com.br\/noticias\/#website\",\"url\":\"https:\/\/www.suno.com.br\/noticias\/\",\"name\":\"Suno Not\u00edcias\",\"description\":\"Seu portal de informa\u00e7\u00e3o sobre o mundo dos investimentos\",\"publisher\":{\"@id\":\"https:\/\/www.suno.com.br\/noticias\/#organization\"},\"potentialAction\":[{\"@type\":\"SearchAction\",\"target\":{\"@type\":\"EntryPoint\",\"urlTemplate\":\"https:\/\/www.suno.com.br\/noticias\/?s={search_term_string}\"},\"query-input\":{\"@type\":\"PropertyValueSpecification\",\"valueRequired\":true,\"valueName\":\"search_term_string\"}}],\"inLanguage\":\"pt-BR\"},{\"@type\":\"Organization\",\"@id\":\"https:\/\/www.suno.com.br\/noticias\/#organization\",\"name\":\"Suno Not\u00edcias\",\"url\":\"https:\/\/www.suno.com.br\/noticias\/\",\"logo\":{\"@type\":\"ImageObject\",\"inLanguage\":\"pt-BR\",\"@id\":\"https:\/\/www.suno.com.br\/noticias\/#\/schema\/logo\/image\/\",\"url\":\"https:\/\/files.sunoresearch.com.br\/n\/uploads\/2021\/09\/suno-logo.png\",\"contentUrl\":\"https:\/\/files.sunoresearch.com.br\/n\/uploads\/2021\/09\/suno-logo.png\",\"width\":180,\"height\":180,\"caption\":\"Suno Not\u00edcias\"},\"image\":{\"@id\":\"https:\/\/www.suno.com.br\/noticias\/#\/schema\/logo\/image\/\"},\"sameAs\":[\"https:\/\/facebook.com\/sunoresearch\",\"https:\/\/x.com\/sunoresearch\",\"https:\/\/www.instagram.com\/suno\",\"https:\/\/www.linkedin.com\/company\/suno-research\/\",\"https:\/\/www.youtube.com\/c\/sunoresearch\"]},{\"@type\":\"Person\",\"@id\":\"https:\/\/www.suno.com.br\/noticias\/#\/schema\/person\/5152ee804599cf67b64dce8447d8d627\",\"name\":\"Filipe Peres\",\"image\":{\"@type\":\"ImageObject\",\"inLanguage\":\"pt-BR\",\"@id\":\"https:\/\/www.suno.com.br\/noticias\/#\/schema\/person\/image\/\",\"url\":\"https:\/\/secure.gravatar.com\/avatar\/73986621eef1569508c71ecc960f6f37?s=96&r=g\",\"contentUrl\":\"https:\/\/secure.gravatar.com\/avatar\/73986621eef1569508c71ecc960f6f37?s=96&r=g\",\"caption\":\"Filipe Peres\"},\"description\":\"Membro da Equipe da Suno Consultoria, \u00e9 Consultor de Investimentos. Formado em administra\u00e7\u00e3o de empresas, profissional CFP\u00ae desde 2019, e no mercado desde 2015. \\\"Acredito muito no poder transformacional que os investimentos e a educa\u00e7\u00e3o financeira podem ter na vida dos investidores. Desde o in\u00edcio da minha carreira sempre fui apaixonado pelo mercado financeiro e por investimentos e esse direcionamento mudou minha vida profissional e pessoal. Acredito que levando um pouco dessa paix\u00e3o e conhecimento adquirido ao longo desses anos posso ajudar outras pessoas a terem suas vidas transformadas.\\\"\",\"sameAs\":[\"marco.lopes@sunoresearch.com.br\"],\"url\":\"https:\/\/www.suno.com.br\/noticias\/author\/peres\/\"}]}<\/script>\n<!-- \/ Yoast SEO plugin. -->","yoast_head_json":{"title":"O rec\u00e9m-nascido investidor de renda vari\u00e1vel e aprendizados sobre a infla\u00e7\u00e3o - Suno Not\u00edcias","description":"O investidor brasileiro come\u00e7a a se perguntar se \u00e9 hora de liquidar as posi\u00e7\u00f5es e migrar novamente para a boa e velha conhecida renda fixa","robots":{"index":"index","follow":"follow","max-snippet":"max-snippet:-1","max-image-preview":"max-image-preview:large","max-video-preview":"max-video-preview:-1"},"canonical":"https:\/\/www.suno.com.br\/noticias\/colunas\/peres\/o-recem-nascido-investidor-de-renda-variavel-e-aprendizados-sobre-a-inflacao\/","og_locale":"pt_BR","og_type":"article","og_title":"O rec\u00e9m-nascido investidor de renda vari\u00e1vel e aprendizados sobre a infla\u00e7\u00e3o - Suno Not\u00edcias","og_description":"O investidor brasileiro come\u00e7a a se perguntar se \u00e9 hora de liquidar as posi\u00e7\u00f5es e migrar novamente para a boa e velha conhecida renda fixa","og_url":"https:\/\/www.suno.com.br\/noticias\/colunas\/peres\/o-recem-nascido-investidor-de-renda-variavel-e-aprendizados-sobre-a-inflacao\/","og_site_name":"Suno Not\u00edcias","article_publisher":"https:\/\/facebook.com\/sunoresearch","og_image":[{"url":"https:\/\/files.sunoresearch.com.br\/n\/uploads\/2022\/04\/tabela-coluna.jpg","type":"","width":"","height":""}],"twitter_card":"summary_large_image","twitter_site":"@sunoresearch","twitter_misc":{"Est. tempo de leitura":"8 minutos"},"schema":{"@context":"https:\/\/schema.org","@graph":[{"@type":"Article","@id":"https:\/\/www.suno.com.br\/noticias\/colunas\/peres\/o-recem-nascido-investidor-de-renda-variavel-e-aprendizados-sobre-a-inflacao\/#article","isPartOf":{"@id":"https:\/\/www.suno.com.br\/noticias\/colunas\/peres\/o-recem-nascido-investidor-de-renda-variavel-e-aprendizados-sobre-a-inflacao\/"},"author":{"name":"Filipe Peres","@id":"https:\/\/www.suno.com.br\/noticias\/#\/schema\/person\/5152ee804599cf67b64dce8447d8d627"},"headline":"O rec\u00e9m-nascido investidor de renda vari\u00e1vel e aprendizados sobre a infla\u00e7\u00e3o","datePublished":"2022-04-20T11:00:57+00:00","mainEntityOfPage":{"@id":"https:\/\/www.suno.com.br\/noticias\/colunas\/peres\/o-recem-nascido-investidor-de-renda-variavel-e-aprendizados-sobre-a-inflacao\/"},"wordCount":1673,"publisher":{"@id":"https:\/\/www.suno.com.br\/noticias\/#organization"},"image":{"@id":"https:\/\/www.suno.com.br\/noticias\/colunas\/peres\/o-recem-nascido-investidor-de-renda-variavel-e-aprendizados-sobre-a-inflacao\/#primaryimage"},"thumbnailUrl":"https:\/\/files.sunoresearch.com.br\/n\/uploads\/2022\/04\/tabela-coluna.jpg","keywords":["Federal Reserve (FED)","Fundos de investimento","taxa de juros"],"inLanguage":"pt-BR"},{"@type":"WebPage","@id":"https:\/\/www.suno.com.br\/noticias\/colunas\/peres\/o-recem-nascido-investidor-de-renda-variavel-e-aprendizados-sobre-a-inflacao\/","url":"https:\/\/www.suno.com.br\/noticias\/colunas\/peres\/o-recem-nascido-investidor-de-renda-variavel-e-aprendizados-sobre-a-inflacao\/","name":"O rec\u00e9m-nascido investidor de renda vari\u00e1vel e aprendizados sobre a infla\u00e7\u00e3o - Suno Not\u00edcias","isPartOf":{"@id":"https:\/\/www.suno.com.br\/noticias\/#website"},"primaryImageOfPage":{"@id":"https:\/\/www.suno.com.br\/noticias\/colunas\/peres\/o-recem-nascido-investidor-de-renda-variavel-e-aprendizados-sobre-a-inflacao\/#primaryimage"},"image":{"@id":"https:\/\/www.suno.com.br\/noticias\/colunas\/peres\/o-recem-nascido-investidor-de-renda-variavel-e-aprendizados-sobre-a-inflacao\/#primaryimage"},"thumbnailUrl":"https:\/\/files.sunoresearch.com.br\/n\/uploads\/2022\/04\/tabela-coluna.jpg","datePublished":"2022-04-20T11:00:57+00:00","description":"O investidor brasileiro come\u00e7a a se perguntar se \u00e9 hora de liquidar as posi\u00e7\u00f5es e migrar novamente para a boa e velha conhecida renda fixa","breadcrumb":{"@id":"https:\/\/www.suno.com.br\/noticias\/colunas\/peres\/o-recem-nascido-investidor-de-renda-variavel-e-aprendizados-sobre-a-inflacao\/#breadcrumb"},"inLanguage":"pt-BR","potentialAction":[{"@type":"ReadAction","target":["https:\/\/www.suno.com.br\/noticias\/colunas\/peres\/o-recem-nascido-investidor-de-renda-variavel-e-aprendizados-sobre-a-inflacao\/"]}]},{"@type":"ImageObject","inLanguage":"pt-BR","@id":"https:\/\/www.suno.com.br\/noticias\/colunas\/peres\/o-recem-nascido-investidor-de-renda-variavel-e-aprendizados-sobre-a-inflacao\/#primaryimage","url":"https:\/\/files.sunoresearch.com.br\/n\/uploads\/2022\/04\/tabela-coluna.jpg","contentUrl":"https:\/\/files.sunoresearch.com.br\/n\/uploads\/2022\/04\/tabela-coluna.jpg"},{"@type":"BreadcrumbList","@id":"https:\/\/www.suno.com.br\/noticias\/colunas\/peres\/o-recem-nascido-investidor-de-renda-variavel-e-aprendizados-sobre-a-inflacao\/#breadcrumb","itemListElement":[{"@type":"ListItem","position":1,"name":"Not\u00edcias","item":"https:\/\/www.suno.com.br\/noticias\/"},{"@type":"ListItem","position":2,"name":"Colunas","item":"https:\/\/www.suno.com.br\/noticias\/colunas\/"},{"@type":"ListItem","position":3,"name":"O rec\u00e9m-nascido investidor de renda vari\u00e1vel e aprendizados sobre a infla\u00e7\u00e3o"}]},{"@type":"WebSite","@id":"https:\/\/www.suno.com.br\/noticias\/#website","url":"https:\/\/www.suno.com.br\/noticias\/","name":"Suno Not\u00edcias","description":"Seu portal de informa\u00e7\u00e3o sobre o mundo dos investimentos","publisher":{"@id":"https:\/\/www.suno.com.br\/noticias\/#organization"},"potentialAction":[{"@type":"SearchAction","target":{"@type":"EntryPoint","urlTemplate":"https:\/\/www.suno.com.br\/noticias\/?s={search_term_string}"},"query-input":{"@type":"PropertyValueSpecification","valueRequired":true,"valueName":"search_term_string"}}],"inLanguage":"pt-BR"},{"@type":"Organization","@id":"https:\/\/www.suno.com.br\/noticias\/#organization","name":"Suno Not\u00edcias","url":"https:\/\/www.suno.com.br\/noticias\/","logo":{"@type":"ImageObject","inLanguage":"pt-BR","@id":"https:\/\/www.suno.com.br\/noticias\/#\/schema\/logo\/image\/","url":"https:\/\/files.sunoresearch.com.br\/n\/uploads\/2021\/09\/suno-logo.png","contentUrl":"https:\/\/files.sunoresearch.com.br\/n\/uploads\/2021\/09\/suno-logo.png","width":180,"height":180,"caption":"Suno Not\u00edcias"},"image":{"@id":"https:\/\/www.suno.com.br\/noticias\/#\/schema\/logo\/image\/"},"sameAs":["https:\/\/facebook.com\/sunoresearch","https:\/\/x.com\/sunoresearch","https:\/\/www.instagram.com\/suno","https:\/\/www.linkedin.com\/company\/suno-research\/","https:\/\/www.youtube.com\/c\/sunoresearch"]},{"@type":"Person","@id":"https:\/\/www.suno.com.br\/noticias\/#\/schema\/person\/5152ee804599cf67b64dce8447d8d627","name":"Filipe Peres","image":{"@type":"ImageObject","inLanguage":"pt-BR","@id":"https:\/\/www.suno.com.br\/noticias\/#\/schema\/person\/image\/","url":"https:\/\/secure.gravatar.com\/avatar\/73986621eef1569508c71ecc960f6f37?s=96&r=g","contentUrl":"https:\/\/secure.gravatar.com\/avatar\/73986621eef1569508c71ecc960f6f37?s=96&r=g","caption":"Filipe Peres"},"description":"Membro da Equipe da Suno Consultoria, \u00e9 Consultor de Investimentos. Formado em administra\u00e7\u00e3o de empresas, profissional CFP\u00ae desde 2019, e no mercado desde 2015. \"Acredito muito no poder transformacional que os investimentos e a educa\u00e7\u00e3o financeira podem ter na vida dos investidores. Desde o in\u00edcio da minha carreira sempre fui apaixonado pelo mercado financeiro e por investimentos e esse direcionamento mudou minha vida profissional e pessoal. Acredito que levando um pouco dessa paix\u00e3o e conhecimento adquirido ao longo desses anos posso ajudar outras pessoas a terem suas vidas transformadas.\"","sameAs":["marco.lopes@sunoresearch.com.br"],"url":"https:\/\/www.suno.com.br\/noticias\/author\/peres\/"}]}},"amp_enabled":true,"_links":{"self":[{"href":"https:\/\/www.suno.com.br\/noticias\/wp-json\/wp\/v2\/suno_column\/251649"}],"collection":[{"href":"https:\/\/www.suno.com.br\/noticias\/wp-json\/wp\/v2\/suno_column"}],"about":[{"href":"https:\/\/www.suno.com.br\/noticias\/wp-json\/wp\/v2\/types\/suno_column"}],"author":[{"embeddable":true,"href":"https:\/\/www.suno.com.br\/noticias\/wp-json\/wp\/v2\/users\/164"}],"wp:attachment":[{"href":"https:\/\/www.suno.com.br\/noticias\/wp-json\/wp\/v2\/media?parent=251649"}],"wp:term":[{"taxonomy":"post_tag","embeddable":true,"href":"https:\/\/www.suno.com.br\/noticias\/wp-json\/wp\/v2\/tags?post=251649"}],"curies":[{"name":"wp","href":"https:\/\/api.w.org\/{rel}","templated":true}]}}