{"id":246844,"date":"2022-04-01T08:00:26","date_gmt":"2022-04-01T11:00:26","guid":{"rendered":"https:\/\/www.suno.com.br\/noticias\/colunas\/marco-lopes\/\/"},"modified":"2022-04-01T13:42:25","modified_gmt":"2022-04-01T16:42:25","slug":"para-onde-vai-o-real","status":"publish","type":"suno_column","link":"https:\/\/www.suno.com.br\/noticias\/colunas\/alan-gandelman\/para-onde-vai-o-real\/","title":{"rendered":"Para onde vai o real?"},"content":{"rendered":"<p>Na verdade essa n\u00e3o e a pergunta certa. A pergunta \u00e9 por que tanta <strong>valoriza\u00e7\u00e3o do real<\/strong> em cen\u00e1rio ainda p\u00f3s-pandemia, guerra na Ucr\u00e2nia, ano eleitoral, lockdowns na China e tantas outras quest\u00f5es de menor import\u00e2ncia que as supracitadas que normalmente fariam com que este d\u00f3lar frente ao real estivesse bem mais forte\u2026\u00a0 Ah, faltou falar da alta de juros nos Estados Unidos e da infla\u00e7\u00e3o global\u00a0 &#8211; enfim, \u00e9 uma cesta de ingredientes que geraria mais programas gastron\u00f4micos do que os v\u00e1rios exibidos pelo GNT e c\u00e1 estamos com o d\u00f3lar em m\u00ednimas vistas desde antes da pandemia. Vamos \u00e0s explica\u00e7\u00f5es:<\/p>\n\t<p>\n\t\t<a href=\"\" target=\"_blank\" data-element=\"shortcode-suno-banner\" title=\"Banner SUNO, clique e saiba mais\">\n\t\t\t<picture>\n\t\t\t\t<source media=\"(max-width: 500px)\" srcset=\"\">\n\t\t\t\t<img class=\"newsContent__article__imgCapa newsContent__article__imgCapa--banner\"\n\t\t\t\t\tsrc=\"\"\n\t\t\t\t\tdata-promo-id=\"77035\"\t\t\t\t\t\t\t\t\t\t\t\t\t\t\talt=\"\"\n\t\t\t\t>\n\t\t\t<\/picture>\n\t\t<\/a>\n\t<\/p>\n\n\n<p>1 &#8211; Os juros reais altos no Brasil (Selic a 12.75 e infla\u00e7\u00e3o beirando os 6.5%) favorecem o chamado \u2018<a class=\"suno-keyword\" href=\"https:\/\/www.suno.com.br\/artigos\/carry-trade\/\" target=\"_blank\" rel=\"noopener\" data-force=\"no\" data-priority=\"1\">carry trade<\/a> \u2018 que \u00e9 quando o <a class=\"suno-keyword\" href=\"https:\/\/www.suno.com.br\/artigos\/investidor-estrangeiro\/\" target=\"_blank\" rel=\"noopener\" data-force=\"no\" data-priority=\"1\">investidor estrangeiro<\/a> toma recursos a taxas bem mais baixas que a nossa Selic e os aplica no Brasil, aproveitando essa arbitragem de juros.<\/p>\n<p>2 &#8211; Alta do <strong>pre\u00e7o das commodities<\/strong> por influ\u00eancia direta dos fatores geopol\u00edticos que estamos vivendo. Como somos exportadores de commodities, os recursos que aqui est\u00e3o entrando s\u00e3o mais um fator para a <a class=\"suno-keyword\" href=\"https:\/\/www.suno.com.br\/artigos\/queda-dolar\/\" target=\"_blank\" rel=\"noopener\" data-force=\"no\" data-priority=\"1\">queda do d\u00f3lar<\/a> &#8211; grande contribuinte, ali\u00e1s\u2026<\/p>\n\t<p>\n\t\t<a href=\"https:\/\/lp.suno.com.br\/planilha-da-vida-financeira\/\" target=\"_blank\" data-element=\"shortcode-suno-banner\" title=\"Banner SUNO, clique e saiba mais\">\n\t\t\t<picture>\n\t\t\t\t<source media=\"(max-width: 500px)\" srcset=\"https:\/\/files.sunoresearch.com.br\/n\/uploads\/2023\/04\/400x300-Planilha-vida-financeira-true.png\">\n\t\t\t\t<img class=\"newsContent__article__imgCapa newsContent__article__imgCapa--banner\"\n\t\t\t\t\tsrc=\"https:\/\/files.sunoresearch.com.br\/n\/uploads\/2023\/04\/1420x240-Planilha-vida-financeira-true.png\"\n\t\t\t\t\tdata-promo-id=\"106682\"\t\t\t\t\t\t\t\t\t\twidth='1420' height='240'\t\t\t\t\talt=\"https:\/\/files.sunoresearch.com.br\/n\/uploads\/2023\/04\/1420x240-Planilha-vida-financeira-true.png\"\n\t\t\t\t>\n\t\t\t<\/picture>\n\t\t<\/a>\n\t<\/p>\n\n\n<p>3 &#8211; R\u00fassia por ora fora do radar dos investidores. Esse fator faz com que grandes investidores em ativos, tanto em <strong>renda fixa<\/strong> como em <strong>renda vari\u00e1vel<\/strong> principalmente, rebalancem suas posi\u00e7\u00f5es em mercados emergentes, aumentando proporcionalmente suas carteiras em outros pa\u00edses dos recursos que estavam alocados \u00e0 R\u00fassia, que hoje e carta fora do baralho.<\/p>\n\t<p>\n\t\t<a href=\"https:\/\/lp.suno.com.br\/planilha-controle-gastos\/\" target=\"_blank\" data-element=\"shortcode-suno-banner\" title=\"Banner SUNO, clique e saiba mais\">\n\t\t\t<picture>\n\t\t\t\t<source media=\"(max-width: 500px)\" srcset=\"https:\/\/files.sunoresearch.com.br\/n\/uploads\/2023\/03\/400x300-Planilha-controle-de-gastos.png\">\n\t\t\t\t<img class=\"newsContent__article__imgCapa newsContent__article__imgCapa--banner\"\n\t\t\t\t\tsrc=\"https:\/\/files.sunoresearch.com.br\/n\/uploads\/2023\/03\/1420x240-Planilha-controle-de-gastos.png\"\n\t\t\t\t\tdata-promo-id=\"101751\"\t\t\t\t\t\t\t\t\t\twidth='1420' height='240'\t\t\t\t\talt=\"https:\/\/files.sunoresearch.com.br\/n\/uploads\/2023\/03\/1420x240-Planilha-controle-de-gastos.png\"\n\t\t\t\t>\n\t\t\t<\/picture>\n\t\t<\/a>\n\t<\/p>\n\n\n<p>4 &#8211; Cada vez mais vemos a possibilidade de uma elei\u00e7\u00e3o polarizada entre Lula e Bolsonaro, o que n\u00e3o assusta o mercado e n\u00e3o causa o tsunami eleitoral que acontece normalmente de quatro em quatro anos\u2026<\/p>\n\t<p>\n\t\t<a href=\"https:\/\/lp.suno.com.br\/ebook-como-analisar-uma-acao\/\" target=\"_blank\" data-element=\"shortcode-suno-banner\" title=\"Banner SUNO, clique e saiba mais\">\n\t\t\t<picture>\n\t\t\t\t<source media=\"(max-width: 500px)\" srcset=\"https:\/\/files.sunoresearch.com.br\/n\/uploads\/2023\/03\/Ebook-Acoes-Mobile-1.jpg\">\n\t\t\t\t<img class=\"newsContent__article__imgCapa newsContent__article__imgCapa--banner\"\n\t\t\t\t\tsrc=\"https:\/\/files.sunoresearch.com.br\/n\/uploads\/2023\/03\/Ebook-Acoes-Desktop-1.jpg\"\n\t\t\t\t\tdata-promo-id=\"171998\"\t\t\t\t\t\t\t\t\t\twidth='1420' height='286'\t\t\t\t\talt=\"https:\/\/files.sunoresearch.com.br\/n\/uploads\/2023\/03\/Ebook-Acoes-Desktop-1.jpg\"\n\t\t\t\t>\n\t\t\t<\/picture>\n\t\t<\/a>\n\t<\/p>\n\n\n<p>Dadas essas explica\u00e7\u00f5es, agora sim respondo para onde vai o <strong>real<\/strong>. Para os que acompanham esta coluna, quando o d\u00f3lar estava a R$ 5.50, ousei dizer que voltaria para R$ 5. Me chamaram de louco. Mais recentemente, quando o d\u00f3lar rompeu para baixo de R$ 5.10, disse para a fam\u00edlia, amigos e vizinhos que iria para R$ 4.75. Mais uma vez fui chamado de louco, mas desta vez no privado. Agora, mais uma vez vou apostar, dado tudo que relatei, que em breve veremos o d\u00f3lar a R$ 4.50\u2026 Sim, estou botando mais uma vez minha cara a tapa &#8211; mas pelo menos os leitores que est\u00e3o loucos para voltarem a ir para a Disney v\u00e3o gostar das minhas proje\u00e7\u00f5es.<\/p>\n\t<p>\n\t\t<a href=\"https:\/\/lp.suno.com.br\/planilha-de-controle-de-investimentos\/\" target=\"_blank\" data-element=\"shortcode-suno-banner\" title=\"Banner SUNO, clique e saiba mais\">\n\t\t\t<picture>\n\t\t\t\t<source media=\"(max-width: 500px)\" srcset=\"https:\/\/files.sunoresearch.com.br\/n\/uploads\/2023\/03\/400x300-Controle-de-Investimentos.png\">\n\t\t\t\t<img class=\"newsContent__article__imgCapa newsContent__article__imgCapa--banner\"\n\t\t\t\t\tsrc=\"https:\/\/files.sunoresearch.com.br\/n\/uploads\/2023\/03\/1420x240-Controle-de-Investimentos.png\"\n\t\t\t\t\tdata-promo-id=\"75934\"\t\t\t\t\t\t\t\t\t\twidth='1420' height='240'\t\t\t\t\talt=\"https:\/\/files.sunoresearch.com.br\/n\/uploads\/2023\/03\/1420x240-Controle-de-Investimentos.png\"\n\t\t\t\t>\n\t\t\t<\/picture>\n\t\t<\/a>\n\t<\/p>\n\n\n","protected":false},"excerpt":{"rendered":"<p>Na verdade essa n\u00e3o e a pergunta certa. A pergunta \u00e9 por que tanta valoriza\u00e7\u00e3o do real em cen\u00e1rio ainda p\u00f3s-pandemia, guerra na Ucr\u00e2nia, ano eleitoral, lockdowns na Ch&#8230;<\/p>\n","protected":false},"author":133,"featured_media":0,"template":"","tags":[],"class_list":["post-246844","suno_column","type-suno_column","status-publish","hentry"],"yoast_head":"<!-- This site is optimized with the Yoast SEO plugin v24.4 - https:\/\/yoast.com\/wordpress\/plugins\/seo\/ -->\n<title>Para onde vai o Real?<\/title>\n<meta name=\"description\" content=\"Por que tanta valoriza\u00e7\u00e3o do real em cen\u00e1rio ainda p\u00f3s-pandemia, guerra na Ucr\u00e2nia, ano eleitoral, lockdowns na China e outras quest\u00f5es?\" \/>\n<meta name=\"robots\" content=\"index, follow, max-snippet:-1, max-image-preview:large, max-video-preview:-1\" \/>\n<link rel=\"canonical\" href=\"https:\/\/www.suno.com.br\/noticias\/colunas\/alan-gandelman\/para-onde-vai-o-real\/\" \/>\n<meta property=\"og:locale\" content=\"pt_BR\" \/>\n<meta property=\"og:type\" content=\"article\" \/>\n<meta property=\"og:title\" content=\"Para onde vai o Real?\" \/>\n<meta property=\"og:description\" content=\"Por que tanta valoriza\u00e7\u00e3o do real em cen\u00e1rio ainda p\u00f3s-pandemia, guerra na Ucr\u00e2nia, ano eleitoral, lockdowns na China e outras quest\u00f5es?\" \/>\n<meta property=\"og:url\" content=\"https:\/\/www.suno.com.br\/noticias\/colunas\/alan-gandelman\/para-onde-vai-o-real\/\" \/>\n<meta property=\"og:site_name\" content=\"Suno Not\u00edcias\" \/>\n<meta property=\"article:publisher\" content=\"https:\/\/facebook.com\/sunoresearch\" \/>\n<meta property=\"og:image\" content=\"https:\/\/files.sunoresearch.com.br\/n\/uploads\/2022\/06\/Modelo2.jpg\" \/>\n\t<meta property=\"og:image:width\" content=\"1200\" \/>\n\t<meta property=\"og:image:height\" content=\"627\" \/>\n\t<meta property=\"og:image:type\" content=\"image\/jpeg\" \/>\n<meta name=\"twitter:card\" content=\"summary_large_image\" \/>\n<meta name=\"twitter:site\" content=\"@sunoresearch\" \/>\n<meta name=\"twitter:label1\" content=\"Est. tempo de leitura\" \/>\n\t<meta name=\"twitter:data1\" content=\"2 minutos\" \/>\n<script type=\"application\/ld+json\" class=\"yoast-schema-graph\">{\"@context\":\"https:\/\/schema.org\",\"@graph\":[{\"@type\":\"Article\",\"@id\":\"https:\/\/www.suno.com.br\/noticias\/colunas\/alan-gandelman\/para-onde-vai-o-real\/#article\",\"isPartOf\":{\"@id\":\"https:\/\/www.suno.com.br\/noticias\/colunas\/alan-gandelman\/para-onde-vai-o-real\/\"},\"author\":{\"name\":\"Alan Gandelman\",\"@id\":\"https:\/\/www.suno.com.br\/noticias\/#\/schema\/person\/316fb6ba899e8c2812694e5b0b32e316\"},\"headline\":\"Para onde vai o real?\",\"datePublished\":\"2022-04-01T11:00:26+00:00\",\"dateModified\":\"2022-04-01T16:42:25+00:00\",\"mainEntityOfPage\":{\"@id\":\"https:\/\/www.suno.com.br\/noticias\/colunas\/alan-gandelman\/para-onde-vai-o-real\/\"},\"wordCount\":444,\"publisher\":{\"@id\":\"https:\/\/www.suno.com.br\/noticias\/#organization\"},\"inLanguage\":\"pt-BR\"},{\"@type\":\"WebPage\",\"@id\":\"https:\/\/www.suno.com.br\/noticias\/colunas\/alan-gandelman\/para-onde-vai-o-real\/\",\"url\":\"https:\/\/www.suno.com.br\/noticias\/colunas\/alan-gandelman\/para-onde-vai-o-real\/\",\"name\":\"Para onde vai o Real?\",\"isPartOf\":{\"@id\":\"https:\/\/www.suno.com.br\/noticias\/#website\"},\"datePublished\":\"2022-04-01T11:00:26+00:00\",\"dateModified\":\"2022-04-01T16:42:25+00:00\",\"description\":\"Por que tanta valoriza\u00e7\u00e3o do real em cen\u00e1rio ainda p\u00f3s-pandemia, guerra na Ucr\u00e2nia, ano eleitoral, lockdowns na China e outras quest\u00f5es?\",\"breadcrumb\":{\"@id\":\"https:\/\/www.suno.com.br\/noticias\/colunas\/alan-gandelman\/para-onde-vai-o-real\/#breadcrumb\"},\"inLanguage\":\"pt-BR\",\"potentialAction\":[{\"@type\":\"ReadAction\",\"target\":[\"https:\/\/www.suno.com.br\/noticias\/colunas\/alan-gandelman\/para-onde-vai-o-real\/\"]}]},{\"@type\":\"BreadcrumbList\",\"@id\":\"https:\/\/www.suno.com.br\/noticias\/colunas\/alan-gandelman\/para-onde-vai-o-real\/#breadcrumb\",\"itemListElement\":[{\"@type\":\"ListItem\",\"position\":1,\"name\":\"Not\u00edcias\",\"item\":\"https:\/\/www.suno.com.br\/noticias\/\"},{\"@type\":\"ListItem\",\"position\":2,\"name\":\"Colunas\",\"item\":\"https:\/\/www.suno.com.br\/noticias\/colunas\/\"},{\"@type\":\"ListItem\",\"position\":3,\"name\":\"Para onde vai o real?\"}]},{\"@type\":\"WebSite\",\"@id\":\"https:\/\/www.suno.com.br\/noticias\/#website\",\"url\":\"https:\/\/www.suno.com.br\/noticias\/\",\"name\":\"Suno Not\u00edcias\",\"description\":\"Seu portal de informa\u00e7\u00e3o sobre o mundo dos investimentos\",\"publisher\":{\"@id\":\"https:\/\/www.suno.com.br\/noticias\/#organization\"},\"potentialAction\":[{\"@type\":\"SearchAction\",\"target\":{\"@type\":\"EntryPoint\",\"urlTemplate\":\"https:\/\/www.suno.com.br\/noticias\/?s={search_term_string}\"},\"query-input\":{\"@type\":\"PropertyValueSpecification\",\"valueRequired\":true,\"valueName\":\"search_term_string\"}}],\"inLanguage\":\"pt-BR\"},{\"@type\":\"Organization\",\"@id\":\"https:\/\/www.suno.com.br\/noticias\/#organization\",\"name\":\"Suno Not\u00edcias\",\"url\":\"https:\/\/www.suno.com.br\/noticias\/\",\"logo\":{\"@type\":\"ImageObject\",\"inLanguage\":\"pt-BR\",\"@id\":\"https:\/\/www.suno.com.br\/noticias\/#\/schema\/logo\/image\/\",\"url\":\"https:\/\/files.sunoresearch.com.br\/n\/uploads\/2021\/09\/suno-logo.png\",\"contentUrl\":\"https:\/\/files.sunoresearch.com.br\/n\/uploads\/2021\/09\/suno-logo.png\",\"width\":180,\"height\":180,\"caption\":\"Suno Not\u00edcias\"},\"image\":{\"@id\":\"https:\/\/www.suno.com.br\/noticias\/#\/schema\/logo\/image\/\"},\"sameAs\":[\"https:\/\/facebook.com\/sunoresearch\",\"https:\/\/x.com\/sunoresearch\",\"https:\/\/www.instagram.com\/suno\",\"https:\/\/www.linkedin.com\/company\/suno-research\/\",\"https:\/\/www.youtube.com\/c\/sunoresearch\"]},{\"@type\":\"Person\",\"@id\":\"https:\/\/www.suno.com.br\/noticias\/#\/schema\/person\/316fb6ba899e8c2812694e5b0b32e316\",\"name\":\"Alan Gandelman\",\"image\":{\"@type\":\"ImageObject\",\"inLanguage\":\"pt-BR\",\"@id\":\"https:\/\/www.suno.com.br\/noticias\/#\/schema\/person\/image\/\",\"url\":\"https:\/\/secure.gravatar.com\/avatar\/f6092ed573a488cd4b712f95b9293f9c?s=96&r=g\",\"contentUrl\":\"https:\/\/secure.gravatar.com\/avatar\/f6092ed573a488cd4b712f95b9293f9c?s=96&r=g\",\"caption\":\"Alan Gandelman\"},\"description\":\"Trabalhou no exterior em bancos como Goldman Sachs e Bear Sterns. Foi s\u00f3cio da Agora corretora, fundou e foi CEO da Icap no Brasil, Vice presidente da BGC em Dubai para mercados emergentes e hoje \u00e9 Vice Presidente do grupo Planner e CEO da corretora.\",\"url\":\"https:\/\/www.suno.com.br\/noticias\/author\/alan-gandelman\/\"}]}<\/script>\n<!-- \/ Yoast SEO plugin. -->","yoast_head_json":{"title":"Para onde vai o Real?","description":"Por que tanta valoriza\u00e7\u00e3o do real em cen\u00e1rio ainda p\u00f3s-pandemia, guerra na Ucr\u00e2nia, ano eleitoral, lockdowns na China e outras quest\u00f5es?","robots":{"index":"index","follow":"follow","max-snippet":"max-snippet:-1","max-image-preview":"max-image-preview:large","max-video-preview":"max-video-preview:-1"},"canonical":"https:\/\/www.suno.com.br\/noticias\/colunas\/alan-gandelman\/para-onde-vai-o-real\/","og_locale":"pt_BR","og_type":"article","og_title":"Para onde vai o Real?","og_description":"Por que tanta valoriza\u00e7\u00e3o do real em cen\u00e1rio ainda p\u00f3s-pandemia, guerra na Ucr\u00e2nia, ano eleitoral, lockdowns na China e outras quest\u00f5es?","og_url":"https:\/\/www.suno.com.br\/noticias\/colunas\/alan-gandelman\/para-onde-vai-o-real\/","og_site_name":"Suno Not\u00edcias","article_publisher":"https:\/\/facebook.com\/sunoresearch","og_image":[{"width":1200,"height":627,"url":"https:\/\/files.sunoresearch.com.br\/n\/uploads\/2022\/06\/Modelo2.jpg","type":"image\/jpeg"}],"twitter_card":"summary_large_image","twitter_site":"@sunoresearch","twitter_misc":{"Est. tempo de leitura":"2 minutos"},"schema":{"@context":"https:\/\/schema.org","@graph":[{"@type":"Article","@id":"https:\/\/www.suno.com.br\/noticias\/colunas\/alan-gandelman\/para-onde-vai-o-real\/#article","isPartOf":{"@id":"https:\/\/www.suno.com.br\/noticias\/colunas\/alan-gandelman\/para-onde-vai-o-real\/"},"author":{"name":"Alan Gandelman","@id":"https:\/\/www.suno.com.br\/noticias\/#\/schema\/person\/316fb6ba899e8c2812694e5b0b32e316"},"headline":"Para onde vai o real?","datePublished":"2022-04-01T11:00:26+00:00","dateModified":"2022-04-01T16:42:25+00:00","mainEntityOfPage":{"@id":"https:\/\/www.suno.com.br\/noticias\/colunas\/alan-gandelman\/para-onde-vai-o-real\/"},"wordCount":444,"publisher":{"@id":"https:\/\/www.suno.com.br\/noticias\/#organization"},"inLanguage":"pt-BR"},{"@type":"WebPage","@id":"https:\/\/www.suno.com.br\/noticias\/colunas\/alan-gandelman\/para-onde-vai-o-real\/","url":"https:\/\/www.suno.com.br\/noticias\/colunas\/alan-gandelman\/para-onde-vai-o-real\/","name":"Para onde vai o Real?","isPartOf":{"@id":"https:\/\/www.suno.com.br\/noticias\/#website"},"datePublished":"2022-04-01T11:00:26+00:00","dateModified":"2022-04-01T16:42:25+00:00","description":"Por que tanta valoriza\u00e7\u00e3o do real em cen\u00e1rio ainda p\u00f3s-pandemia, guerra na Ucr\u00e2nia, ano eleitoral, lockdowns na China e outras quest\u00f5es?","breadcrumb":{"@id":"https:\/\/www.suno.com.br\/noticias\/colunas\/alan-gandelman\/para-onde-vai-o-real\/#breadcrumb"},"inLanguage":"pt-BR","potentialAction":[{"@type":"ReadAction","target":["https:\/\/www.suno.com.br\/noticias\/colunas\/alan-gandelman\/para-onde-vai-o-real\/"]}]},{"@type":"BreadcrumbList","@id":"https:\/\/www.suno.com.br\/noticias\/colunas\/alan-gandelman\/para-onde-vai-o-real\/#breadcrumb","itemListElement":[{"@type":"ListItem","position":1,"name":"Not\u00edcias","item":"https:\/\/www.suno.com.br\/noticias\/"},{"@type":"ListItem","position":2,"name":"Colunas","item":"https:\/\/www.suno.com.br\/noticias\/colunas\/"},{"@type":"ListItem","position":3,"name":"Para onde vai o real?"}]},{"@type":"WebSite","@id":"https:\/\/www.suno.com.br\/noticias\/#website","url":"https:\/\/www.suno.com.br\/noticias\/","name":"Suno Not\u00edcias","description":"Seu portal de informa\u00e7\u00e3o sobre o mundo dos investimentos","publisher":{"@id":"https:\/\/www.suno.com.br\/noticias\/#organization"},"potentialAction":[{"@type":"SearchAction","target":{"@type":"EntryPoint","urlTemplate":"https:\/\/www.suno.com.br\/noticias\/?s={search_term_string}"},"query-input":{"@type":"PropertyValueSpecification","valueRequired":true,"valueName":"search_term_string"}}],"inLanguage":"pt-BR"},{"@type":"Organization","@id":"https:\/\/www.suno.com.br\/noticias\/#organization","name":"Suno Not\u00edcias","url":"https:\/\/www.suno.com.br\/noticias\/","logo":{"@type":"ImageObject","inLanguage":"pt-BR","@id":"https:\/\/www.suno.com.br\/noticias\/#\/schema\/logo\/image\/","url":"https:\/\/files.sunoresearch.com.br\/n\/uploads\/2021\/09\/suno-logo.png","contentUrl":"https:\/\/files.sunoresearch.com.br\/n\/uploads\/2021\/09\/suno-logo.png","width":180,"height":180,"caption":"Suno Not\u00edcias"},"image":{"@id":"https:\/\/www.suno.com.br\/noticias\/#\/schema\/logo\/image\/"},"sameAs":["https:\/\/facebook.com\/sunoresearch","https:\/\/x.com\/sunoresearch","https:\/\/www.instagram.com\/suno","https:\/\/www.linkedin.com\/company\/suno-research\/","https:\/\/www.youtube.com\/c\/sunoresearch"]},{"@type":"Person","@id":"https:\/\/www.suno.com.br\/noticias\/#\/schema\/person\/316fb6ba899e8c2812694e5b0b32e316","name":"Alan Gandelman","image":{"@type":"ImageObject","inLanguage":"pt-BR","@id":"https:\/\/www.suno.com.br\/noticias\/#\/schema\/person\/image\/","url":"https:\/\/secure.gravatar.com\/avatar\/f6092ed573a488cd4b712f95b9293f9c?s=96&r=g","contentUrl":"https:\/\/secure.gravatar.com\/avatar\/f6092ed573a488cd4b712f95b9293f9c?s=96&r=g","caption":"Alan Gandelman"},"description":"Trabalhou no exterior em bancos como Goldman Sachs e Bear Sterns. Foi s\u00f3cio da Agora corretora, fundou e foi CEO da Icap no Brasil, Vice presidente da BGC em Dubai para mercados emergentes e hoje \u00e9 Vice Presidente do grupo Planner e CEO da corretora.","url":"https:\/\/www.suno.com.br\/noticias\/author\/alan-gandelman\/"}]}},"amp_enabled":true,"_links":{"self":[{"href":"https:\/\/www.suno.com.br\/noticias\/wp-json\/wp\/v2\/suno_column\/246844"}],"collection":[{"href":"https:\/\/www.suno.com.br\/noticias\/wp-json\/wp\/v2\/suno_column"}],"about":[{"href":"https:\/\/www.suno.com.br\/noticias\/wp-json\/wp\/v2\/types\/suno_column"}],"author":[{"embeddable":true,"href":"https:\/\/www.suno.com.br\/noticias\/wp-json\/wp\/v2\/users\/133"}],"wp:attachment":[{"href":"https:\/\/www.suno.com.br\/noticias\/wp-json\/wp\/v2\/media?parent=246844"}],"wp:term":[{"taxonomy":"post_tag","embeddable":true,"href":"https:\/\/www.suno.com.br\/noticias\/wp-json\/wp\/v2\/tags?post=246844"}],"curies":[{"name":"wp","href":"https:\/\/api.w.org\/{rel}","templated":true}]}}