{"id":244358,"date":"2022-03-24T08:00:29","date_gmt":"2022-03-24T11:00:29","guid":{"rendered":"https:\/\/www.suno.com.br\/noticias\/colunas\/marco-lopes\/\/"},"modified":"2022-03-24T18:54:30","modified_gmt":"2022-03-24T21:54:30","slug":"o-impacto-russia-vs-ucrania-no-mercado-imobiliario-e-nos-investimentos","status":"publish","type":"suno_column","link":"https:\/\/www.suno.com.br\/noticias\/colunas\/carlos-vaz\/o-impacto-russia-vs-ucrania-no-mercado-imobiliario-e-nos-investimentos\/","title":{"rendered":"O impacto R\u00fassia vs Ucr\u00e2nia no mercado imobili\u00e1rio e nos investimentos"},"content":{"rendered":"<p>Desde as primeiras horas do dia 24 de fevereiro, portanto completando um m\u00eas, o mundo acompanha com perplexidade a<strong> invas\u00e3o russa \u00e0 Ucr\u00e2nia<\/strong> e os impactos disso no <strong>mercado econ\u00f4mico<\/strong> mundial. Embora os pa\u00edses europeus sofram as primeiras consequ\u00eancias, inevitavelmente as repercuss\u00f5es atingem o mundo todo, principalmente como resultado de <strong>san\u00e7\u00f5es mais duras<\/strong> dos EUA e da UE. Ap\u00f3s tentativas frustradas de cessar fogo, como est\u00e1 hoje, acredito que o crescimento econ\u00f4mico global seja 20 pontos base menor em 2022, em rela\u00e7\u00e3o \u00e0s previs\u00f5es pr\u00e9-invas\u00e3o.<\/p>\n\t<p>\n\t\t<a href=\"\" target=\"_blank\" data-element=\"shortcode-suno-banner\" title=\"Banner SUNO, clique e saiba mais\">\n\t\t\t<picture>\n\t\t\t\t<source media=\"(max-width: 500px)\" srcset=\"\">\n\t\t\t\t<img class=\"newsContent__article__imgCapa newsContent__article__imgCapa--banner\"\n\t\t\t\t\tsrc=\"\"\n\t\t\t\t\tdata-promo-id=\"138420\"\t\t\t\t\t\t\t\t\t\t\t\t\t\t\talt=\"\"\n\t\t\t\t>\n\t\t\t<\/picture>\n\t\t<\/a>\n\t<\/p>\n\n\n<p>O impacto de <a class=\"suno-keyword\" href=\"https:\/\/www.suno.com.br\/artigos\/curto-prazo\/\" target=\"_blank\" rel=\"noopener\" data-force=\"no\" data-priority=\"1\">curto prazo<\/a> mais significativo, certamente, recai sobre os <strong>pre\u00e7os das commodities<\/strong> e, em particular, sobre os <strong>pre\u00e7os do petr\u00f3leo<\/strong>, j\u00e1 que a R\u00fassia \u00e9 o maior exportador mundial de g\u00e1s natural e o segundo maior exportador de petr\u00f3leo. O mercado de gr\u00e3os foi atingido, e j\u00e1 est\u00e1 operando em alta, j\u00e1 que a Ucr\u00e2nia \u00e9 um dos maiores exportadores de milho, por exemplo. No primeiro dia da invas\u00e3o, os pre\u00e7os do <strong>petr\u00f3leo bruto Brent<\/strong> eclipsaram em US$ 100 por barril, pela primeira vez desde meados de 2014. No m\u00eas passado, os pre\u00e7os do petr\u00f3leo bruto Brent subiram 11,1%, refletindo a evolu\u00e7\u00e3o da din\u00e2mica geopol\u00edtica na Europa Oriental.<\/p>\n<p>E enquanto as tens\u00f5es na regi\u00e3o persistirem, compartilho da mesma sensa\u00e7\u00e3o de outros especialistas, e prevejo que os pre\u00e7os do petr\u00f3leo permane\u00e7am altos. Para os EUA, isso provavelmente se traduzir\u00e1 em <strong>infla\u00e7\u00e3o elevada<\/strong> no curto prazo. Embora os gastos no <strong>varejo americano<\/strong> tenham sido surpreendentemente robustos em janeiro, espera-se que os pre\u00e7os mais altos do petr\u00f3leo atinjam os gastos do consumidor americano, assim como no restante do mundo.<\/p>\n\t<p>\n\t\t<a href=\"https:\/\/lp.suno.com.br\/planilha-da-vida-financeira\/\" target=\"_blank\" data-element=\"shortcode-suno-banner\" title=\"Banner SUNO, clique e saiba mais\">\n\t\t\t<picture>\n\t\t\t\t<source media=\"(max-width: 500px)\" srcset=\"https:\/\/files.sunoresearch.com.br\/n\/uploads\/2023\/04\/400x300-Planilha-vida-financeira-true.png\">\n\t\t\t\t<img class=\"newsContent__article__imgCapa newsContent__article__imgCapa--banner\"\n\t\t\t\t\tsrc=\"https:\/\/files.sunoresearch.com.br\/n\/uploads\/2023\/04\/1420x240-Planilha-vida-financeira-true.png\"\n\t\t\t\t\tdata-promo-id=\"106682\"\t\t\t\t\t\t\t\t\t\twidth='1420' height='240'\t\t\t\t\talt=\"https:\/\/files.sunoresearch.com.br\/n\/uploads\/2023\/04\/1420x240-Planilha-vida-financeira-true.png\"\n\t\t\t\t>\n\t\t\t<\/picture>\n\t\t<\/a>\n\t<\/p>\n\n\n<p>Como pensado, o <strong>Federal Reserve<\/strong>, o banco central dos EUAs, deve manter o j\u00e1 iniciado aumento da <a class=\"suno-keyword\" href=\"https:\/\/www.suno.com.br\/artigos\/juros\/\" target=\"_blank\" rel=\"noopener\" data-force=\"no\" data-priority=\"2\">taxa de juros<\/a>, j\u00e1 que o ambiente geopol\u00edtico e seu impacto no crescimento econ\u00f4mico global pesam nas decis\u00f5es da institui\u00e7\u00e3o, \u00e0 medida que avan\u00e7a com uma <strong><a class=\"suno-keyword\" href=\"https:\/\/www.suno.com.br\/artigos\/politica-monetaria\/\" target=\"_blank\" rel=\"noopener\" data-force=\"no\" data-priority=\"1\">pol\u00edtica monet\u00e1ria<\/a><\/strong> mais apertada. O \u00edmpeto original para aumentos de taxas foi o r\u00e1pido aumento dos pre\u00e7os em um ambiente macroecon\u00f4mico geralmente forte. Com o risco de um crescimento econ\u00f4mico mais lento nos pr\u00f3ximos anos, como resultado da crise R\u00fassia vs Ucr\u00e2nia, o Fed far\u00e1 quest\u00e3o de encontrar o equil\u00edbrio certo entre controlar os pre\u00e7os e prolongar a atual expans\u00e3o econ\u00f4mica.<\/p>\n<p>Falando de tend\u00eancia, com este cen\u00e1rio, acreditamos que os <strong>Bancos Centrais<\/strong> mundiais, muito provavelmente, n\u00e3o revertam a alta de juros. O mercado prev\u00ea novas quedas em diversas aplica\u00e7\u00f5es \u2014 de a\u00e7\u00f5es de empresas europeias a moedas atreladas a commodities \u2014 \u00e0 medida que a crise geopol\u00edtica intensifica as press\u00f5es inflacion\u00e1rias globais. Risco e infla\u00e7\u00e3o altos deixam margem para poucas escolhas, ent\u00e3o a <a class=\"suno-keyword\" href=\"https:\/\/www.suno.com.br\/artigos\/diversificacao\/\" target=\"_blank\" rel=\"noopener\" data-force=\"no\" data-priority=\"1\">diversifica\u00e7\u00e3o de investimentos<\/a> pode ser um caminho para investidores que buscam seguran\u00e7a e minimizar perdas.<\/p>\n\t<p>\n\t\t<a href=\"https:\/\/lp.suno.com.br\/planilha-controle-gastos\/\" target=\"_blank\" data-element=\"shortcode-suno-banner\" title=\"Banner SUNO, clique e saiba mais\">\n\t\t\t<picture>\n\t\t\t\t<source media=\"(max-width: 500px)\" srcset=\"https:\/\/files.sunoresearch.com.br\/n\/uploads\/2023\/03\/400x300-Planilha-controle-de-gastos.png\">\n\t\t\t\t<img class=\"newsContent__article__imgCapa newsContent__article__imgCapa--banner\"\n\t\t\t\t\tsrc=\"https:\/\/files.sunoresearch.com.br\/n\/uploads\/2023\/03\/1420x240-Planilha-controle-de-gastos.png\"\n\t\t\t\t\tdata-promo-id=\"101751\"\t\t\t\t\t\t\t\t\t\twidth='1420' height='240'\t\t\t\t\talt=\"https:\/\/files.sunoresearch.com.br\/n\/uploads\/2023\/03\/1420x240-Planilha-controle-de-gastos.png\"\n\t\t\t\t>\n\t\t\t<\/picture>\n\t\t<\/a>\n\t<\/p>\n\n\n<p>Do ponto de vista do<strong> setor imobili\u00e1rio<\/strong> comercial (CRE) no Estados Unidos, em geral, \u00e9 um segmento percebido como um hedge de infla\u00e7\u00e3o eficaz. Como consequ\u00eancia do aumento da infla\u00e7\u00e3o, podemos esperar ver mais capital fluindo para o CRE dos EUA e para fora de a\u00e7\u00f5es vol\u00e1teis. De uma perspectiva mais ampla, a classe de ativos CRE pode ser impactada negativamente por uma expectativa de crescimento econ\u00f4mico mais lento, o que ocorreria por meio da desacelera\u00e7\u00e3o do crescimento do emprego. Por\u00e9m, com tudo considerado, n\u00e3o enxergo um impacto no crescimento econ\u00f4mico ou do <strong>emprego americano<\/strong>, no curto prazo. Desta forma, o setor imobili\u00e1rio \u00e9 percebido como uma prote\u00e7\u00e3o s\u00f3lida contra a infla\u00e7\u00e3o e as incertezas do mercado. Al\u00e9m disso, os Estados Unidos t\u00eam um sistema de estado de direito muito forte, que \u00e9 atraente para muitos investidores que buscam seguran\u00e7a. N\u00e3o existe um pa\u00eds com essa governan\u00e7a em <strong>real estate<\/strong> mais significativo que o EUA.<\/p>\n\t<p>\n\t\t<a href=\"https:\/\/lp.suno.com.br\/ebook-como-analisar-uma-acao\/\" target=\"_blank\" data-element=\"shortcode-suno-banner\" title=\"Banner SUNO, clique e saiba mais\">\n\t\t\t<picture>\n\t\t\t\t<source media=\"(max-width: 500px)\" srcset=\"https:\/\/files.sunoresearch.com.br\/n\/uploads\/2023\/03\/Ebook-Acoes-Mobile-1.jpg\">\n\t\t\t\t<img class=\"newsContent__article__imgCapa newsContent__article__imgCapa--banner\"\n\t\t\t\t\tsrc=\"https:\/\/files.sunoresearch.com.br\/n\/uploads\/2023\/03\/Ebook-Acoes-Desktop-1.jpg\"\n\t\t\t\t\tdata-promo-id=\"171998\"\t\t\t\t\t\t\t\t\t\twidth='1420' height='286'\t\t\t\t\talt=\"https:\/\/files.sunoresearch.com.br\/n\/uploads\/2023\/03\/Ebook-Acoes-Desktop-1.jpg\"\n\t\t\t\t>\n\t\t\t<\/picture>\n\t\t<\/a>\n\t<\/p>\n\n\n<p>Assim como no mercado global, a tend\u00eancia \u00e9 que tenhamos no Brasil um <strong>aumento de juros<\/strong> ainda maior que o previsto. O conflito traz um elemento adicional de incerteza para o investidor, que deve adotar um movimento de <strong>prote\u00e7\u00e3o de capital<\/strong>. Sendo assim, acredito que o mercado de real estate apresenta fundamentos s\u00f3lidos para uma recupera\u00e7\u00e3o ao longo de 2022, j\u00e1 que, historicamente, t\u00eam desempenho positivo em momentos de subida das taxas de juros, impulsionadas por crescimento econ\u00f4mico, que \u00e9 o cen\u00e1rio atual. Pode ser uma sa\u00edda.<\/p>\n\t<p>\n\t\t<a href=\"https:\/\/lp.suno.com.br\/planilha-de-controle-de-investimentos\/\" target=\"_blank\" data-element=\"shortcode-suno-banner\" title=\"Banner SUNO, clique e saiba mais\">\n\t\t\t<picture>\n\t\t\t\t<source media=\"(max-width: 500px)\" srcset=\"https:\/\/files.sunoresearch.com.br\/n\/uploads\/2023\/03\/400x300-Controle-de-Investimentos.png\">\n\t\t\t\t<img class=\"newsContent__article__imgCapa newsContent__article__imgCapa--banner\"\n\t\t\t\t\tsrc=\"https:\/\/files.sunoresearch.com.br\/n\/uploads\/2023\/03\/1420x240-Controle-de-Investimentos.png\"\n\t\t\t\t\tdata-promo-id=\"75934\"\t\t\t\t\t\t\t\t\t\twidth='1420' height='240'\t\t\t\t\talt=\"https:\/\/files.sunoresearch.com.br\/n\/uploads\/2023\/03\/1420x240-Controle-de-Investimentos.png\"\n\t\t\t\t>\n\t\t\t<\/picture>\n\t\t<\/a>\n\t<\/p>\n\n\n","protected":false},"excerpt":{"rendered":"<p>Desde as primeiras horas do dia 24 de fevereiro, portanto completando um m\u00eas, o mundo acompanha com perplexidade a invas\u00e3o russa \u00e0 Ucr\u00e2nia e os impactos disso no merca&#8230;<\/p>\n","protected":false},"author":134,"featured_media":0,"template":"","tags":[94403,776,766,104982,866],"class_list":["post-244358","suno_column","type-suno_column","status-publish","hentry","tag-commodities","tag-federal-reseve-fed","tag-petroleo","tag-petroleo-brent","tag-russia"],"yoast_head":"<!-- This site is optimized with the Yoast SEO plugin v24.4 - https:\/\/yoast.com\/wordpress\/plugins\/seo\/ -->\n<title>O impacto R\u00fassia vs Ucr\u00e2nia no mercado imobili\u00e1rio e nos investimentos<\/title>\n<meta name=\"description\" content=\"Setor imobili\u00e1rio \u00e9 percebido como uma prote\u00e7\u00e3o s\u00f3lida contra a infla\u00e7\u00e3o e as incertezas do mercado, mas h\u00e1 incertezas no horizonte\" \/>\n<meta name=\"robots\" content=\"index, follow, max-snippet:-1, max-image-preview:large, max-video-preview:-1\" \/>\n<link rel=\"canonical\" href=\"https:\/\/www.suno.com.br\/noticias\/colunas\/carlos-vaz\/o-impacto-russia-vs-ucrania-no-mercado-imobiliario-e-nos-investimentos\/\" \/>\n<meta property=\"og:locale\" content=\"pt_BR\" \/>\n<meta property=\"og:type\" content=\"article\" \/>\n<meta property=\"og:title\" content=\"O impacto R\u00fassia vs Ucr\u00e2nia no mercado imobili\u00e1rio e nos investimentos\" \/>\n<meta property=\"og:description\" content=\"Setor imobili\u00e1rio \u00e9 percebido como uma prote\u00e7\u00e3o s\u00f3lida contra a infla\u00e7\u00e3o e as incertezas do mercado, mas h\u00e1 incertezas no horizonte\" \/>\n<meta property=\"og:url\" content=\"https:\/\/www.suno.com.br\/noticias\/colunas\/carlos-vaz\/o-impacto-russia-vs-ucrania-no-mercado-imobiliario-e-nos-investimentos\/\" \/>\n<meta property=\"og:site_name\" content=\"Suno Not\u00edcias\" \/>\n<meta property=\"article:publisher\" content=\"https:\/\/facebook.com\/sunoresearch\" \/>\n<meta property=\"og:image\" content=\"https:\/\/files.sunoresearch.com.br\/n\/uploads\/2022\/06\/Modelo2.jpg\" \/>\n\t<meta property=\"og:image:width\" content=\"1200\" \/>\n\t<meta property=\"og:image:height\" content=\"627\" \/>\n\t<meta property=\"og:image:type\" content=\"image\/jpeg\" \/>\n<meta name=\"twitter:card\" content=\"summary_large_image\" \/>\n<meta name=\"twitter:site\" content=\"@sunoresearch\" \/>\n<meta name=\"twitter:label1\" content=\"Est. tempo de leitura\" \/>\n\t<meta name=\"twitter:data1\" content=\"4 minutos\" \/>\n<script type=\"application\/ld+json\" class=\"yoast-schema-graph\">{\"@context\":\"https:\/\/schema.org\",\"@graph\":[{\"@type\":\"Article\",\"@id\":\"https:\/\/www.suno.com.br\/noticias\/colunas\/carlos-vaz\/o-impacto-russia-vs-ucrania-no-mercado-imobiliario-e-nos-investimentos\/#article\",\"isPartOf\":{\"@id\":\"https:\/\/www.suno.com.br\/noticias\/colunas\/carlos-vaz\/o-impacto-russia-vs-ucrania-no-mercado-imobiliario-e-nos-investimentos\/\"},\"author\":{\"name\":\"Carlos Vaz\",\"@id\":\"https:\/\/www.suno.com.br\/noticias\/#\/schema\/person\/ab0f25eadc8d1022954e911f4f9f686a\"},\"headline\":\"O impacto R\u00fassia vs Ucr\u00e2nia no mercado imobili\u00e1rio e nos investimentos\",\"datePublished\":\"2022-03-24T11:00:29+00:00\",\"dateModified\":\"2022-03-24T21:54:30+00:00\",\"mainEntityOfPage\":{\"@id\":\"https:\/\/www.suno.com.br\/noticias\/colunas\/carlos-vaz\/o-impacto-russia-vs-ucrania-no-mercado-imobiliario-e-nos-investimentos\/\"},\"wordCount\":796,\"publisher\":{\"@id\":\"https:\/\/www.suno.com.br\/noticias\/#organization\"},\"keywords\":[\"commodities\",\"Federal Reserve (FED)\",\"Petr\u00f3leo\",\"Petr\u00f3leo Brent\",\"R\u00fassia\"],\"inLanguage\":\"pt-BR\"},{\"@type\":\"WebPage\",\"@id\":\"https:\/\/www.suno.com.br\/noticias\/colunas\/carlos-vaz\/o-impacto-russia-vs-ucrania-no-mercado-imobiliario-e-nos-investimentos\/\",\"url\":\"https:\/\/www.suno.com.br\/noticias\/colunas\/carlos-vaz\/o-impacto-russia-vs-ucrania-no-mercado-imobiliario-e-nos-investimentos\/\",\"name\":\"O impacto R\u00fassia vs Ucr\u00e2nia no mercado imobili\u00e1rio e nos investimentos\",\"isPartOf\":{\"@id\":\"https:\/\/www.suno.com.br\/noticias\/#website\"},\"datePublished\":\"2022-03-24T11:00:29+00:00\",\"dateModified\":\"2022-03-24T21:54:30+00:00\",\"description\":\"Setor imobili\u00e1rio \u00e9 percebido como uma prote\u00e7\u00e3o s\u00f3lida contra a infla\u00e7\u00e3o e as incertezas do mercado, mas h\u00e1 incertezas no horizonte\",\"breadcrumb\":{\"@id\":\"https:\/\/www.suno.com.br\/noticias\/colunas\/carlos-vaz\/o-impacto-russia-vs-ucrania-no-mercado-imobiliario-e-nos-investimentos\/#breadcrumb\"},\"inLanguage\":\"pt-BR\",\"potentialAction\":[{\"@type\":\"ReadAction\",\"target\":[\"https:\/\/www.suno.com.br\/noticias\/colunas\/carlos-vaz\/o-impacto-russia-vs-ucrania-no-mercado-imobiliario-e-nos-investimentos\/\"]}]},{\"@type\":\"BreadcrumbList\",\"@id\":\"https:\/\/www.suno.com.br\/noticias\/colunas\/carlos-vaz\/o-impacto-russia-vs-ucrania-no-mercado-imobiliario-e-nos-investimentos\/#breadcrumb\",\"itemListElement\":[{\"@type\":\"ListItem\",\"position\":1,\"name\":\"Not\u00edcias\",\"item\":\"https:\/\/www.suno.com.br\/noticias\/\"},{\"@type\":\"ListItem\",\"position\":2,\"name\":\"Colunas\",\"item\":\"https:\/\/www.suno.com.br\/noticias\/colunas\/\"},{\"@type\":\"ListItem\",\"position\":3,\"name\":\"O impacto R\u00fassia vs Ucr\u00e2nia no mercado imobili\u00e1rio e nos investimentos\"}]},{\"@type\":\"WebSite\",\"@id\":\"https:\/\/www.suno.com.br\/noticias\/#website\",\"url\":\"https:\/\/www.suno.com.br\/noticias\/\",\"name\":\"Suno Not\u00edcias\",\"description\":\"Seu portal de informa\u00e7\u00e3o sobre o mundo dos investimentos\",\"publisher\":{\"@id\":\"https:\/\/www.suno.com.br\/noticias\/#organization\"},\"potentialAction\":[{\"@type\":\"SearchAction\",\"target\":{\"@type\":\"EntryPoint\",\"urlTemplate\":\"https:\/\/www.suno.com.br\/noticias\/?s={search_term_string}\"},\"query-input\":{\"@type\":\"PropertyValueSpecification\",\"valueRequired\":true,\"valueName\":\"search_term_string\"}}],\"inLanguage\":\"pt-BR\"},{\"@type\":\"Organization\",\"@id\":\"https:\/\/www.suno.com.br\/noticias\/#organization\",\"name\":\"Suno Not\u00edcias\",\"url\":\"https:\/\/www.suno.com.br\/noticias\/\",\"logo\":{\"@type\":\"ImageObject\",\"inLanguage\":\"pt-BR\",\"@id\":\"https:\/\/www.suno.com.br\/noticias\/#\/schema\/logo\/image\/\",\"url\":\"https:\/\/files.sunoresearch.com.br\/n\/uploads\/2021\/09\/suno-logo.png\",\"contentUrl\":\"https:\/\/files.sunoresearch.com.br\/n\/uploads\/2021\/09\/suno-logo.png\",\"width\":180,\"height\":180,\"caption\":\"Suno Not\u00edcias\"},\"image\":{\"@id\":\"https:\/\/www.suno.com.br\/noticias\/#\/schema\/logo\/image\/\"},\"sameAs\":[\"https:\/\/facebook.com\/sunoresearch\",\"https:\/\/x.com\/sunoresearch\",\"https:\/\/www.instagram.com\/suno\",\"https:\/\/www.linkedin.com\/company\/suno-research\/\",\"https:\/\/www.youtube.com\/c\/sunoresearch\"]},{\"@type\":\"Person\",\"@id\":\"https:\/\/www.suno.com.br\/noticias\/#\/schema\/person\/ab0f25eadc8d1022954e911f4f9f686a\",\"name\":\"Carlos Vaz\",\"image\":{\"@type\":\"ImageObject\",\"inLanguage\":\"pt-BR\",\"@id\":\"https:\/\/www.suno.com.br\/noticias\/#\/schema\/person\/image\/\",\"url\":\"https:\/\/secure.gravatar.com\/avatar\/f9fe582ab15fef408c7fe346c349d6d3?s=96&r=g\",\"contentUrl\":\"https:\/\/secure.gravatar.com\/avatar\/f9fe582ab15fef408c7fe346c349d6d3?s=96&r=g\",\"caption\":\"Carlos Vaz\"},\"description\":\"CEO e fundador da CONTI Real Estate, uma gestora de investimentos com foco em fundos imobili\u00e1rios no segmento multifamily nos EUA.\",\"sameAs\":[\"https:\/\/www.linkedin.com\/in\/carlosvaz1\/\"],\"url\":\"https:\/\/www.suno.com.br\/noticias\/author\/carlos-vaz\/\"}]}<\/script>\n<!-- \/ Yoast SEO plugin. -->","yoast_head_json":{"title":"O impacto R\u00fassia vs Ucr\u00e2nia no mercado imobili\u00e1rio e nos investimentos","description":"Setor imobili\u00e1rio \u00e9 percebido como uma prote\u00e7\u00e3o s\u00f3lida contra a infla\u00e7\u00e3o e as incertezas do mercado, mas h\u00e1 incertezas no horizonte","robots":{"index":"index","follow":"follow","max-snippet":"max-snippet:-1","max-image-preview":"max-image-preview:large","max-video-preview":"max-video-preview:-1"},"canonical":"https:\/\/www.suno.com.br\/noticias\/colunas\/carlos-vaz\/o-impacto-russia-vs-ucrania-no-mercado-imobiliario-e-nos-investimentos\/","og_locale":"pt_BR","og_type":"article","og_title":"O impacto R\u00fassia vs Ucr\u00e2nia no mercado imobili\u00e1rio e nos investimentos","og_description":"Setor imobili\u00e1rio \u00e9 percebido como uma prote\u00e7\u00e3o s\u00f3lida contra a infla\u00e7\u00e3o e as incertezas do mercado, mas h\u00e1 incertezas no horizonte","og_url":"https:\/\/www.suno.com.br\/noticias\/colunas\/carlos-vaz\/o-impacto-russia-vs-ucrania-no-mercado-imobiliario-e-nos-investimentos\/","og_site_name":"Suno Not\u00edcias","article_publisher":"https:\/\/facebook.com\/sunoresearch","og_image":[{"width":1200,"height":627,"url":"https:\/\/files.sunoresearch.com.br\/n\/uploads\/2022\/06\/Modelo2.jpg","type":"image\/jpeg"}],"twitter_card":"summary_large_image","twitter_site":"@sunoresearch","twitter_misc":{"Est. tempo de leitura":"4 minutos"},"schema":{"@context":"https:\/\/schema.org","@graph":[{"@type":"Article","@id":"https:\/\/www.suno.com.br\/noticias\/colunas\/carlos-vaz\/o-impacto-russia-vs-ucrania-no-mercado-imobiliario-e-nos-investimentos\/#article","isPartOf":{"@id":"https:\/\/www.suno.com.br\/noticias\/colunas\/carlos-vaz\/o-impacto-russia-vs-ucrania-no-mercado-imobiliario-e-nos-investimentos\/"},"author":{"name":"Carlos Vaz","@id":"https:\/\/www.suno.com.br\/noticias\/#\/schema\/person\/ab0f25eadc8d1022954e911f4f9f686a"},"headline":"O impacto R\u00fassia vs Ucr\u00e2nia no mercado imobili\u00e1rio e nos investimentos","datePublished":"2022-03-24T11:00:29+00:00","dateModified":"2022-03-24T21:54:30+00:00","mainEntityOfPage":{"@id":"https:\/\/www.suno.com.br\/noticias\/colunas\/carlos-vaz\/o-impacto-russia-vs-ucrania-no-mercado-imobiliario-e-nos-investimentos\/"},"wordCount":796,"publisher":{"@id":"https:\/\/www.suno.com.br\/noticias\/#organization"},"keywords":["commodities","Federal Reserve (FED)","Petr\u00f3leo","Petr\u00f3leo Brent","R\u00fassia"],"inLanguage":"pt-BR"},{"@type":"WebPage","@id":"https:\/\/www.suno.com.br\/noticias\/colunas\/carlos-vaz\/o-impacto-russia-vs-ucrania-no-mercado-imobiliario-e-nos-investimentos\/","url":"https:\/\/www.suno.com.br\/noticias\/colunas\/carlos-vaz\/o-impacto-russia-vs-ucrania-no-mercado-imobiliario-e-nos-investimentos\/","name":"O impacto R\u00fassia vs Ucr\u00e2nia no mercado imobili\u00e1rio e nos investimentos","isPartOf":{"@id":"https:\/\/www.suno.com.br\/noticias\/#website"},"datePublished":"2022-03-24T11:00:29+00:00","dateModified":"2022-03-24T21:54:30+00:00","description":"Setor imobili\u00e1rio \u00e9 percebido como uma prote\u00e7\u00e3o s\u00f3lida contra a infla\u00e7\u00e3o e as incertezas do mercado, mas h\u00e1 incertezas no horizonte","breadcrumb":{"@id":"https:\/\/www.suno.com.br\/noticias\/colunas\/carlos-vaz\/o-impacto-russia-vs-ucrania-no-mercado-imobiliario-e-nos-investimentos\/#breadcrumb"},"inLanguage":"pt-BR","potentialAction":[{"@type":"ReadAction","target":["https:\/\/www.suno.com.br\/noticias\/colunas\/carlos-vaz\/o-impacto-russia-vs-ucrania-no-mercado-imobiliario-e-nos-investimentos\/"]}]},{"@type":"BreadcrumbList","@id":"https:\/\/www.suno.com.br\/noticias\/colunas\/carlos-vaz\/o-impacto-russia-vs-ucrania-no-mercado-imobiliario-e-nos-investimentos\/#breadcrumb","itemListElement":[{"@type":"ListItem","position":1,"name":"Not\u00edcias","item":"https:\/\/www.suno.com.br\/noticias\/"},{"@type":"ListItem","position":2,"name":"Colunas","item":"https:\/\/www.suno.com.br\/noticias\/colunas\/"},{"@type":"ListItem","position":3,"name":"O impacto R\u00fassia vs Ucr\u00e2nia no mercado imobili\u00e1rio e nos investimentos"}]},{"@type":"WebSite","@id":"https:\/\/www.suno.com.br\/noticias\/#website","url":"https:\/\/www.suno.com.br\/noticias\/","name":"Suno Not\u00edcias","description":"Seu portal de informa\u00e7\u00e3o sobre o mundo dos investimentos","publisher":{"@id":"https:\/\/www.suno.com.br\/noticias\/#organization"},"potentialAction":[{"@type":"SearchAction","target":{"@type":"EntryPoint","urlTemplate":"https:\/\/www.suno.com.br\/noticias\/?s={search_term_string}"},"query-input":{"@type":"PropertyValueSpecification","valueRequired":true,"valueName":"search_term_string"}}],"inLanguage":"pt-BR"},{"@type":"Organization","@id":"https:\/\/www.suno.com.br\/noticias\/#organization","name":"Suno Not\u00edcias","url":"https:\/\/www.suno.com.br\/noticias\/","logo":{"@type":"ImageObject","inLanguage":"pt-BR","@id":"https:\/\/www.suno.com.br\/noticias\/#\/schema\/logo\/image\/","url":"https:\/\/files.sunoresearch.com.br\/n\/uploads\/2021\/09\/suno-logo.png","contentUrl":"https:\/\/files.sunoresearch.com.br\/n\/uploads\/2021\/09\/suno-logo.png","width":180,"height":180,"caption":"Suno Not\u00edcias"},"image":{"@id":"https:\/\/www.suno.com.br\/noticias\/#\/schema\/logo\/image\/"},"sameAs":["https:\/\/facebook.com\/sunoresearch","https:\/\/x.com\/sunoresearch","https:\/\/www.instagram.com\/suno","https:\/\/www.linkedin.com\/company\/suno-research\/","https:\/\/www.youtube.com\/c\/sunoresearch"]},{"@type":"Person","@id":"https:\/\/www.suno.com.br\/noticias\/#\/schema\/person\/ab0f25eadc8d1022954e911f4f9f686a","name":"Carlos Vaz","image":{"@type":"ImageObject","inLanguage":"pt-BR","@id":"https:\/\/www.suno.com.br\/noticias\/#\/schema\/person\/image\/","url":"https:\/\/secure.gravatar.com\/avatar\/f9fe582ab15fef408c7fe346c349d6d3?s=96&r=g","contentUrl":"https:\/\/secure.gravatar.com\/avatar\/f9fe582ab15fef408c7fe346c349d6d3?s=96&r=g","caption":"Carlos Vaz"},"description":"CEO e fundador da CONTI Real Estate, uma gestora de investimentos com foco em fundos imobili\u00e1rios no segmento multifamily nos EUA.","sameAs":["https:\/\/www.linkedin.com\/in\/carlosvaz1\/"],"url":"https:\/\/www.suno.com.br\/noticias\/author\/carlos-vaz\/"}]}},"amp_enabled":true,"_links":{"self":[{"href":"https:\/\/www.suno.com.br\/noticias\/wp-json\/wp\/v2\/suno_column\/244358"}],"collection":[{"href":"https:\/\/www.suno.com.br\/noticias\/wp-json\/wp\/v2\/suno_column"}],"about":[{"href":"https:\/\/www.suno.com.br\/noticias\/wp-json\/wp\/v2\/types\/suno_column"}],"author":[{"embeddable":true,"href":"https:\/\/www.suno.com.br\/noticias\/wp-json\/wp\/v2\/users\/134"}],"wp:attachment":[{"href":"https:\/\/www.suno.com.br\/noticias\/wp-json\/wp\/v2\/media?parent=244358"}],"wp:term":[{"taxonomy":"post_tag","embeddable":true,"href":"https:\/\/www.suno.com.br\/noticias\/wp-json\/wp\/v2\/tags?post=244358"}],"curies":[{"name":"wp","href":"https:\/\/api.w.org\/{rel}","templated":true}]}}