{"id":237442,"date":"2022-03-04T08:00:12","date_gmt":"2022-03-04T11:00:12","guid":{"rendered":"https:\/\/www.suno.com.br\/noticias\/colunas\/marco-lopes\/\/"},"modified":"2022-03-03T22:18:47","modified_gmt":"2022-03-04T01:18:47","slug":"o-preco-dos-combustiveis-e-a-sanha-legiferante-que-so-trara-mais-problemas","status":"publish","type":"suno_column","link":"https:\/\/www.suno.com.br\/noticias\/colunas\/lucas-pedrosa\/o-preco-dos-combustiveis-e-a-sanha-legiferante-que-so-trara-mais-problemas\/","title":{"rendered":"O pre\u00e7o dos combust\u00edveis e a sanha legiferante que s\u00f3 trar\u00e1 mais problemas"},"content":{"rendered":"<p>Estamos com alt\u00edssimos <strong>pre\u00e7os de combust\u00edveis<\/strong> em pleno ano eleitoral. Isso faz com que toda a classe pol\u00edtica come\u00e7a a projetar \u201csolu\u00e7\u00f5es heterodoxas\u201d que esperam resolver os grandes problemas nacionais que enfrentamos. Isso faz parte do jogo, \u00e9 claro. Mas, como formuladores de pol\u00edticas p\u00fablicas, precisamos de um maior pragmatismo ao analisar tais quest\u00f5es.<\/p>\n\t<p>\n\t\t<a href=\"https:\/\/lp.suno.com.br\/planilha-controle-gastos\/\" target=\"_blank\" data-element=\"shortcode-suno-banner\" title=\"Banner SUNO, clique e saiba mais\">\n\t\t\t<picture>\n\t\t\t\t<source media=\"(max-width: 500px)\" srcset=\"https:\/\/files.sunoresearch.com.br\/n\/uploads\/2023\/03\/400x300-Planilha-controle-de-gastos.png\">\n\t\t\t\t<img class=\"newsContent__article__imgCapa newsContent__article__imgCapa--banner\"\n\t\t\t\t\tsrc=\"https:\/\/files.sunoresearch.com.br\/n\/uploads\/2023\/03\/1420x240-Planilha-controle-de-gastos.png\"\n\t\t\t\t\tdata-promo-id=\"101751\"\t\t\t\t\t\t\t\t\t\twidth='1420' height='240'\t\t\t\t\talt=\"https:\/\/files.sunoresearch.com.br\/n\/uploads\/2023\/03\/1420x240-Planilha-controle-de-gastos.png\"\n\t\t\t\t>\n\t\t\t<\/picture>\n\t\t<\/a>\n\t<\/p>\n\n\n<p>Em situa\u00e7\u00f5es como esta, gosto de refletir sobre a c\u00e9lebre frase do jornalista norte americano Henry Louis Mencken: &#8220;Para todo problema complexo, existe sempre uma solu\u00e7\u00e3o simples, elegante e completamente errada.\u201d<\/p>\n<p>As <strong>propostas legislativas<\/strong> que t\u00eam ido para a m\u00eddia como se fossem a solu\u00e7\u00e3o do impasse dos altos pre\u00e7os dos combust\u00edveis no Brasil n\u00e3o s\u00e3o nada mais que \u201csolu\u00e7\u00f5es tamp\u00e3o\u201d, que somente mudam o tipo de problema que temos, substituindo por outro problema, com potencial ainda mais nocivo.<\/p>\n<p>Primeiro que a <strong>infla\u00e7\u00e3o<\/strong> e a alta dos pre\u00e7os dos combust\u00edveis s\u00e3o um fen\u00f4meno mundial. Assim, n\u00e3o \u00e9 um problema tipicamente brasileiro: o mundo inteiro est\u00e1 lidando com isso. As pol\u00edticas mundiais de confinamento causaram uma quebra nas cadeias de produ\u00e7\u00e3o, o que levou a uma express\u00e3o redu\u00e7\u00e3o da oferta de bens e servi\u00e7os, elevando os seus pre\u00e7os.<\/p>\n<p>Agora com o estouro da<strong> guerra entre a R\u00fassia e a Ucr\u00e2nia<\/strong>, a situa\u00e7\u00e3o do <strong>pre\u00e7o do petr\u00f3leo<\/strong> j\u00e1 piorou e tende a piorar ainda mais. Com menos oferta russa no mercado e mais incerteza econ\u00f4mica internacional, os pre\u00e7os tendem a subir.<\/p>\n<p>Fizemos, como sociedade, uma escolha no enfrentamento da pandemia e, sem julgar o m\u00e9rito dessa escolha, precisamos agora lidar de forma s\u00e1bia com as consequ\u00eancias dela e n\u00e3o simplesmente ficar procurando culpados isolados al\u00e9m de n\u00f3s mesmos.<\/p>\n<p>Tamb\u00e9m, conv\u00e9m ressaltar que temos a ilus\u00e3o que se tem de que criar uma legisla\u00e7\u00e3o sobre qualquer coisa resolver\u00e1 o problema: por exemplo, a polui\u00e7\u00e3o \u00e9 um problema?<\/p>\n<p>Ent\u00e3o criemos uma lei proibindo v\u00e1rias formas de polui\u00e7\u00e3o. Ou, mais recentemente, como vi que aconteceu em S\u00e3o Paulo: est\u00e3o ocorrendo sequestros rel\u00e2mpagos nos quais a v\u00edtima \u00e9 obrigada realizar transfer\u00eancias via <strong>Pix<\/strong> para os criminosos? Vamos proibir o PIX. Simplesmente \u00e9 incr\u00edvel como muita gente acha que somente criar uma norma vai resolver quest\u00f5es complexas.<\/p>\n\t<p>\n\t\t<a href=\"https:\/\/lp.suno.com.br\/planilha-da-vida-financeira\/\" target=\"_blank\" data-element=\"shortcode-suno-banner\" title=\"Banner SUNO, clique e saiba mais\">\n\t\t\t<picture>\n\t\t\t\t<source media=\"(max-width: 500px)\" srcset=\"https:\/\/files.sunoresearch.com.br\/n\/uploads\/2023\/04\/400x300-Planilha-vida-financeira-true.png\">\n\t\t\t\t<img class=\"newsContent__article__imgCapa newsContent__article__imgCapa--banner\"\n\t\t\t\t\tsrc=\"https:\/\/files.sunoresearch.com.br\/n\/uploads\/2023\/04\/1420x240-Planilha-vida-financeira-true.png\"\n\t\t\t\t\tdata-promo-id=\"106682\"\t\t\t\t\t\t\t\t\t\twidth='1420' height='240'\t\t\t\t\talt=\"https:\/\/files.sunoresearch.com.br\/n\/uploads\/2023\/04\/1420x240-Planilha-vida-financeira-true.png\"\n\t\t\t\t>\n\t\t\t<\/picture>\n\t\t<\/a>\n\t<\/p>\n\n\n<p>O que nos esquecemos de fazer ao elaborar uma proposi\u00e7\u00e3o legislativa sobre qualquer tema \u00e9 analisar quais s\u00e3o todos os efeitos colaterais n\u00e3o previstos pelo legislador, quando achou que sua lei resolveria um grande problema. O legislador de fato tem boa inten\u00e7\u00e3o, mas muitas vezes os efeitos indiretos de <strong>propostas legislativas<\/strong> precisam ser avaliados por equipes multidisciplinares, afinal, n\u00e3o raramente, \u201co rem\u00e9dio acaba sendo pior que a doen\u00e7a\u201d.<\/p>\n<p>O exemplo mais recente desse problema s\u00e3o essas tentativas de reduzir os pre\u00e7os dos combust\u00edveis \u201cna marra\u201d.<\/p>\n\t<p>\n\t\t<a href=\"https:\/\/lp.suno.com.br\/planilha-de-controle-de-investimentos\/\" target=\"_blank\" data-element=\"shortcode-suno-banner\" title=\"Banner SUNO, clique e saiba mais\">\n\t\t\t<picture>\n\t\t\t\t<source media=\"(max-width: 500px)\" srcset=\"https:\/\/files.sunoresearch.com.br\/n\/uploads\/2023\/03\/400x300-Controle-de-Investimentos.png\">\n\t\t\t\t<img class=\"newsContent__article__imgCapa newsContent__article__imgCapa--banner\"\n\t\t\t\t\tsrc=\"https:\/\/files.sunoresearch.com.br\/n\/uploads\/2023\/03\/1420x240-Controle-de-Investimentos.png\"\n\t\t\t\t\tdata-promo-id=\"75934\"\t\t\t\t\t\t\t\t\t\twidth='1420' height='240'\t\t\t\t\talt=\"https:\/\/files.sunoresearch.com.br\/n\/uploads\/2023\/03\/1420x240-Controle-de-Investimentos.png\"\n\t\t\t\t>\n\t\t\t<\/picture>\n\t\t<\/a>\n\t<\/p>\n\n\n<p>Uma delas \u00e9 um congelamento do valor nominal do <strong>ICMS<\/strong>. Primeiro que o ICMS n\u00e3o \u00e9 o grande vil\u00e3o dos pre\u00e7os dos combust\u00edveis e h\u00e1 uma farta literatura provando isso.<\/p>\n<p>Segundo, isso retira a caracter\u00edsticas de imposto sobre valor adicionado. Podem mudar a natureza do imposto ent\u00e3o. Em terceiro lugar, isso cria uma complica\u00e7\u00e3o grande para a gest\u00e3o dos Estados, uma vez que possui muitas atribui\u00e7\u00f5es, mas n\u00e3o tem uma capacidade financeira t\u00e3o grande quanto a Uni\u00e3o. Sem falar que tamb\u00e9m n\u00e3o podem lan\u00e7ar t\u00edtulos de d\u00edvida no mercado para o r\u00e1pido financiamento de suas dificuldades de caixa. Assim, \u00e9 um ataque \u00e0s caracter\u00edsticas do ICMS como imposto e \u00e0 autonomia dos entes federados.<\/p>\n<p>Outra proposta \u00e9 a cria\u00e7\u00e3o de um fundo de compensa\u00e7\u00e3o para \u201csegurar\u201d os valores dos combust\u00edveis caso os pre\u00e7os subam. Esse fundo seria financiado com um imposto sobre a exporta\u00e7\u00e3o de <strong>petr\u00f3leo bruto<\/strong>. Cobrar um imposto sobre exporta\u00e7\u00e3o retiraria toda nossa competitividade no mercado internacional: ir\u00edamos perder muitos clientes estrangeiros que compram nosso petr\u00f3leo bruto. Isso iria ter um efeito colateral: o d\u00f3lar iria subir e isso aumentaria ainda mais os pre\u00e7os dos combust\u00edveis internamente.<\/p>\n<p>Al\u00e9m do mais, nenhum pa\u00eds que adota as melhores praticas econ\u00f4micas cobra <strong>imposto de exporta\u00e7\u00e3o<\/strong>. Isso faria de n\u00f3s um p\u00e1ria econ\u00f4mico internacional. N\u00e3o se deve exportar tributos. Isso destr\u00f3i a competitividade da uma economia.<\/p>\n\t<p>\n\t\t<a href=\"https:\/\/lp.suno.com.br\/ebook-como-analisar-uma-acao\/\" target=\"_blank\" data-element=\"shortcode-suno-banner\" title=\"Banner SUNO, clique e saiba mais\">\n\t\t\t<picture>\n\t\t\t\t<source media=\"(max-width: 500px)\" srcset=\"https:\/\/files.sunoresearch.com.br\/n\/uploads\/2023\/03\/Ebook-Acoes-Mobile-1.jpg\">\n\t\t\t\t<img class=\"newsContent__article__imgCapa newsContent__article__imgCapa--banner\"\n\t\t\t\t\tsrc=\"https:\/\/files.sunoresearch.com.br\/n\/uploads\/2023\/03\/Ebook-Acoes-Desktop-1.jpg\"\n\t\t\t\t\tdata-promo-id=\"171998\"\t\t\t\t\t\t\t\t\t\twidth='1420' height='286'\t\t\t\t\talt=\"https:\/\/files.sunoresearch.com.br\/n\/uploads\/2023\/03\/Ebook-Acoes-Desktop-1.jpg\"\n\t\t\t\t>\n\t\t\t<\/picture>\n\t\t<\/a>\n\t<\/p>\n\n\n<p>No mais, o pre\u00e7o dos combust\u00edveis no Brasil est\u00e1 alto, pois o combust\u00edvel refinado \u00e9 importado por n\u00f3s. Assim, seu pre\u00e7o depende tanto da cota\u00e7\u00e3o do d\u00f3lar quanto dos pre\u00e7os internacionais do petr\u00f3leo. Desses, o que podemos ter alguma influ\u00eancia \u00e9 na <strong>cota\u00e7\u00e3o do d\u00f3lar<\/strong>. Essa influ\u00eancia deve ocorrer, entretanto, de forma indireta. Se o mercado externo confiar na pujan\u00e7a da economia brasileira, os <strong>investimentos estrangeiros<\/strong> aqui ir\u00e3o aumentar, o que aumenta a oferta do d\u00f3lar e reduz sua cota\u00e7\u00e3o, impactando positivamente no valor dos combust\u00edveis. Para aumentar essa confian\u00e7a, precisamos de <strong>reformas econ\u00f4micas<\/strong> pr\u00f3-mercado, controle fiscal e seguran\u00e7a jur\u00eddica.<\/p>\n<p>Assim, a grande li\u00e7\u00e3o \u00e9 que uma legisla\u00e7\u00e3o n\u00e3o resolver\u00e1 nosso problema. Precisamos de um compromisso nacional no sentido de tornar o pa\u00eds mais politicamente est\u00e1vel, com economia mais livre e com maior seguran\u00e7a jur\u00eddica. Somente isso atrair\u00e1 maiores investimentos, tornar\u00e1 nossa economia mais pujante e solver\u00e1 os grandes estrangulamentos que hoje temos nas nossas <strong>cadeias de produ\u00e7\u00e3o<\/strong>.<\/p>\n\t<p>\n\t\t<a href=\"\" target=\"_blank\" data-element=\"shortcode-suno-banner\" title=\"Banner SUNO, clique e saiba mais\">\n\t\t\t<picture>\n\t\t\t\t<source media=\"(max-width: 500px)\" srcset=\"\">\n\t\t\t\t<img class=\"newsContent__article__imgCapa newsContent__article__imgCapa--banner\"\n\t\t\t\t\tsrc=\"\"\n\t\t\t\t\tdata-promo-id=\"184190\"\t\t\t\t\t\t\t\t\t\t\t\t\t\t\talt=\"\"\n\t\t\t\t>\n\t\t\t<\/picture>\n\t\t<\/a>\n\t<\/p>\n\n\n","protected":false},"excerpt":{"rendered":"<p>Estamos com alt\u00edssimos pre\u00e7os de combust\u00edveis em pleno ano eleitoral. Isso faz com que toda a classe pol\u00edtica come\u00e7a a projetar \u201csolu\u00e7\u00f5es heterodoxas\u201d que esperam reso&#8230;<\/p>\n","protected":false},"author":124,"featured_media":0,"template":"","tags":[766],"class_list":["post-237442","suno_column","type-suno_column","status-publish","hentry","tag-petroleo"],"yoast_head":"<!-- This site is optimized with the Yoast SEO plugin v24.4 - https:\/\/yoast.com\/wordpress\/plugins\/seo\/ -->\n<title>O pre\u00e7o dos combust\u00edveis e a sanha legiferante que s\u00f3 trar\u00e1 mais problemas - Suno Not\u00edcias<\/title>\n<meta name=\"description\" content=\"H\u00e1 pre\u00e7os alt\u00edssimos de combust\u00edveis em pleno ano eleitoral. Isso faz com que a classe pol\u00edtica comece a projetar \u201csolu\u00e7\u00f5es heterodoxas\u201d\" \/>\n<meta name=\"robots\" content=\"index, follow, max-snippet:-1, max-image-preview:large, max-video-preview:-1\" \/>\n<link rel=\"canonical\" href=\"https:\/\/www.suno.com.br\/noticias\/colunas\/lucas-pedrosa\/o-preco-dos-combustiveis-e-a-sanha-legiferante-que-so-trara-mais-problemas\/\" \/>\n<meta property=\"og:locale\" content=\"pt_BR\" \/>\n<meta property=\"og:type\" content=\"article\" \/>\n<meta property=\"og:title\" content=\"O pre\u00e7o dos combust\u00edveis e a sanha legiferante que s\u00f3 trar\u00e1 mais problemas - Suno Not\u00edcias\" \/>\n<meta property=\"og:description\" content=\"H\u00e1 pre\u00e7os alt\u00edssimos de combust\u00edveis em pleno ano eleitoral. Isso faz com que a classe pol\u00edtica comece a projetar \u201csolu\u00e7\u00f5es heterodoxas\u201d\" \/>\n<meta property=\"og:url\" content=\"https:\/\/www.suno.com.br\/noticias\/colunas\/lucas-pedrosa\/o-preco-dos-combustiveis-e-a-sanha-legiferante-que-so-trara-mais-problemas\/\" \/>\n<meta property=\"og:site_name\" content=\"Suno Not\u00edcias\" \/>\n<meta property=\"article:publisher\" content=\"https:\/\/facebook.com\/sunoresearch\" \/>\n<meta property=\"og:image\" content=\"https:\/\/files.sunoresearch.com.br\/n\/uploads\/2022\/06\/Modelo2.jpg\" \/>\n\t<meta property=\"og:image:width\" content=\"1200\" \/>\n\t<meta property=\"og:image:height\" content=\"627\" \/>\n\t<meta property=\"og:image:type\" content=\"image\/jpeg\" \/>\n<meta name=\"twitter:card\" content=\"summary_large_image\" \/>\n<meta name=\"twitter:site\" content=\"@sunoresearch\" \/>\n<meta name=\"twitter:label1\" content=\"Est. tempo de leitura\" \/>\n\t<meta name=\"twitter:data1\" content=\"4 minutos\" \/>\n<script type=\"application\/ld+json\" class=\"yoast-schema-graph\">{\"@context\":\"https:\/\/schema.org\",\"@graph\":[{\"@type\":\"Article\",\"@id\":\"https:\/\/www.suno.com.br\/noticias\/colunas\/lucas-pedrosa\/o-preco-dos-combustiveis-e-a-sanha-legiferante-que-so-trara-mais-problemas\/#article\",\"isPartOf\":{\"@id\":\"https:\/\/www.suno.com.br\/noticias\/colunas\/lucas-pedrosa\/o-preco-dos-combustiveis-e-a-sanha-legiferante-que-so-trara-mais-problemas\/\"},\"author\":{\"name\":\"Lucas Pedrosa\",\"@id\":\"https:\/\/www.suno.com.br\/noticias\/#\/schema\/person\/759a7b1ac843dbffd94dac7b7d7aa5ee\"},\"headline\":\"O pre\u00e7o dos combust\u00edveis e a sanha legiferante que s\u00f3 trar\u00e1 mais problemas\",\"datePublished\":\"2022-03-04T11:00:12+00:00\",\"mainEntityOfPage\":{\"@id\":\"https:\/\/www.suno.com.br\/noticias\/colunas\/lucas-pedrosa\/o-preco-dos-combustiveis-e-a-sanha-legiferante-que-so-trara-mais-problemas\/\"},\"wordCount\":979,\"publisher\":{\"@id\":\"https:\/\/www.suno.com.br\/noticias\/#organization\"},\"keywords\":[\"Petr\u00f3leo\"],\"inLanguage\":\"pt-BR\"},{\"@type\":\"WebPage\",\"@id\":\"https:\/\/www.suno.com.br\/noticias\/colunas\/lucas-pedrosa\/o-preco-dos-combustiveis-e-a-sanha-legiferante-que-so-trara-mais-problemas\/\",\"url\":\"https:\/\/www.suno.com.br\/noticias\/colunas\/lucas-pedrosa\/o-preco-dos-combustiveis-e-a-sanha-legiferante-que-so-trara-mais-problemas\/\",\"name\":\"O pre\u00e7o dos combust\u00edveis e a sanha legiferante que s\u00f3 trar\u00e1 mais problemas - Suno Not\u00edcias\",\"isPartOf\":{\"@id\":\"https:\/\/www.suno.com.br\/noticias\/#website\"},\"datePublished\":\"2022-03-04T11:00:12+00:00\",\"description\":\"H\u00e1 pre\u00e7os alt\u00edssimos de combust\u00edveis em pleno ano eleitoral. Isso faz com que a classe pol\u00edtica comece a projetar \u201csolu\u00e7\u00f5es heterodoxas\u201d\",\"breadcrumb\":{\"@id\":\"https:\/\/www.suno.com.br\/noticias\/colunas\/lucas-pedrosa\/o-preco-dos-combustiveis-e-a-sanha-legiferante-que-so-trara-mais-problemas\/#breadcrumb\"},\"inLanguage\":\"pt-BR\",\"potentialAction\":[{\"@type\":\"ReadAction\",\"target\":[\"https:\/\/www.suno.com.br\/noticias\/colunas\/lucas-pedrosa\/o-preco-dos-combustiveis-e-a-sanha-legiferante-que-so-trara-mais-problemas\/\"]}]},{\"@type\":\"BreadcrumbList\",\"@id\":\"https:\/\/www.suno.com.br\/noticias\/colunas\/lucas-pedrosa\/o-preco-dos-combustiveis-e-a-sanha-legiferante-que-so-trara-mais-problemas\/#breadcrumb\",\"itemListElement\":[{\"@type\":\"ListItem\",\"position\":1,\"name\":\"Not\u00edcias\",\"item\":\"https:\/\/www.suno.com.br\/noticias\/\"},{\"@type\":\"ListItem\",\"position\":2,\"name\":\"Colunas\",\"item\":\"https:\/\/www.suno.com.br\/noticias\/colunas\/\"},{\"@type\":\"ListItem\",\"position\":3,\"name\":\"O pre\u00e7o dos combust\u00edveis e a sanha legiferante que s\u00f3 trar\u00e1 mais problemas\"}]},{\"@type\":\"WebSite\",\"@id\":\"https:\/\/www.suno.com.br\/noticias\/#website\",\"url\":\"https:\/\/www.suno.com.br\/noticias\/\",\"name\":\"Suno Not\u00edcias\",\"description\":\"Seu portal de informa\u00e7\u00e3o sobre o mundo dos investimentos\",\"publisher\":{\"@id\":\"https:\/\/www.suno.com.br\/noticias\/#organization\"},\"potentialAction\":[{\"@type\":\"SearchAction\",\"target\":{\"@type\":\"EntryPoint\",\"urlTemplate\":\"https:\/\/www.suno.com.br\/noticias\/?s={search_term_string}\"},\"query-input\":{\"@type\":\"PropertyValueSpecification\",\"valueRequired\":true,\"valueName\":\"search_term_string\"}}],\"inLanguage\":\"pt-BR\"},{\"@type\":\"Organization\",\"@id\":\"https:\/\/www.suno.com.br\/noticias\/#organization\",\"name\":\"Suno Not\u00edcias\",\"url\":\"https:\/\/www.suno.com.br\/noticias\/\",\"logo\":{\"@type\":\"ImageObject\",\"inLanguage\":\"pt-BR\",\"@id\":\"https:\/\/www.suno.com.br\/noticias\/#\/schema\/logo\/image\/\",\"url\":\"https:\/\/files.sunoresearch.com.br\/n\/uploads\/2021\/09\/suno-logo.png\",\"contentUrl\":\"https:\/\/files.sunoresearch.com.br\/n\/uploads\/2021\/09\/suno-logo.png\",\"width\":180,\"height\":180,\"caption\":\"Suno Not\u00edcias\"},\"image\":{\"@id\":\"https:\/\/www.suno.com.br\/noticias\/#\/schema\/logo\/image\/\"},\"sameAs\":[\"https:\/\/facebook.com\/sunoresearch\",\"https:\/\/x.com\/sunoresearch\",\"https:\/\/www.instagram.com\/suno\",\"https:\/\/www.linkedin.com\/company\/suno-research\/\",\"https:\/\/www.youtube.com\/c\/sunoresearch\"]},{\"@type\":\"Person\",\"@id\":\"https:\/\/www.suno.com.br\/noticias\/#\/schema\/person\/759a7b1ac843dbffd94dac7b7d7aa5ee\",\"name\":\"Lucas Pedrosa\",\"image\":{\"@type\":\"ImageObject\",\"inLanguage\":\"pt-BR\",\"@id\":\"https:\/\/www.suno.com.br\/noticias\/#\/schema\/person\/image\/\",\"url\":\"https:\/\/secure.gravatar.com\/avatar\/8002a3752d04fc87c5daca7d3402c98a?s=96&r=g\",\"contentUrl\":\"https:\/\/secure.gravatar.com\/avatar\/8002a3752d04fc87c5daca7d3402c98a?s=96&r=g\",\"caption\":\"Lucas Pedrosa\"},\"description\":\"Lucas Pedrosa \u00e9 gestor p\u00fablico de carreira, professor universit\u00e1rio, membro de comit\u00ea de investimentos e pesquisador em temas econ\u00f4micos e de pol\u00edticas p\u00fablicas.\",\"sameAs\":[\"https:\/\/www.linkedin.com\/in\/lucas-pedrosa-2b86a572\/%20\"],\"url\":\"https:\/\/www.suno.com.br\/noticias\/author\/lucas-pedrosa\/\"}]}<\/script>\n<!-- \/ Yoast SEO plugin. -->","yoast_head_json":{"title":"O pre\u00e7o dos combust\u00edveis e a sanha legiferante que s\u00f3 trar\u00e1 mais problemas - Suno Not\u00edcias","description":"H\u00e1 pre\u00e7os alt\u00edssimos de combust\u00edveis em pleno ano eleitoral. Isso faz com que a classe pol\u00edtica comece a projetar \u201csolu\u00e7\u00f5es heterodoxas\u201d","robots":{"index":"index","follow":"follow","max-snippet":"max-snippet:-1","max-image-preview":"max-image-preview:large","max-video-preview":"max-video-preview:-1"},"canonical":"https:\/\/www.suno.com.br\/noticias\/colunas\/lucas-pedrosa\/o-preco-dos-combustiveis-e-a-sanha-legiferante-que-so-trara-mais-problemas\/","og_locale":"pt_BR","og_type":"article","og_title":"O pre\u00e7o dos combust\u00edveis e a sanha legiferante que s\u00f3 trar\u00e1 mais problemas - Suno Not\u00edcias","og_description":"H\u00e1 pre\u00e7os alt\u00edssimos de combust\u00edveis em pleno ano eleitoral. Isso faz com que a classe pol\u00edtica comece a projetar \u201csolu\u00e7\u00f5es heterodoxas\u201d","og_url":"https:\/\/www.suno.com.br\/noticias\/colunas\/lucas-pedrosa\/o-preco-dos-combustiveis-e-a-sanha-legiferante-que-so-trara-mais-problemas\/","og_site_name":"Suno Not\u00edcias","article_publisher":"https:\/\/facebook.com\/sunoresearch","og_image":[{"width":1200,"height":627,"url":"https:\/\/files.sunoresearch.com.br\/n\/uploads\/2022\/06\/Modelo2.jpg","type":"image\/jpeg"}],"twitter_card":"summary_large_image","twitter_site":"@sunoresearch","twitter_misc":{"Est. tempo de leitura":"4 minutos"},"schema":{"@context":"https:\/\/schema.org","@graph":[{"@type":"Article","@id":"https:\/\/www.suno.com.br\/noticias\/colunas\/lucas-pedrosa\/o-preco-dos-combustiveis-e-a-sanha-legiferante-que-so-trara-mais-problemas\/#article","isPartOf":{"@id":"https:\/\/www.suno.com.br\/noticias\/colunas\/lucas-pedrosa\/o-preco-dos-combustiveis-e-a-sanha-legiferante-que-so-trara-mais-problemas\/"},"author":{"name":"Lucas Pedrosa","@id":"https:\/\/www.suno.com.br\/noticias\/#\/schema\/person\/759a7b1ac843dbffd94dac7b7d7aa5ee"},"headline":"O pre\u00e7o dos combust\u00edveis e a sanha legiferante que s\u00f3 trar\u00e1 mais problemas","datePublished":"2022-03-04T11:00:12+00:00","mainEntityOfPage":{"@id":"https:\/\/www.suno.com.br\/noticias\/colunas\/lucas-pedrosa\/o-preco-dos-combustiveis-e-a-sanha-legiferante-que-so-trara-mais-problemas\/"},"wordCount":979,"publisher":{"@id":"https:\/\/www.suno.com.br\/noticias\/#organization"},"keywords":["Petr\u00f3leo"],"inLanguage":"pt-BR"},{"@type":"WebPage","@id":"https:\/\/www.suno.com.br\/noticias\/colunas\/lucas-pedrosa\/o-preco-dos-combustiveis-e-a-sanha-legiferante-que-so-trara-mais-problemas\/","url":"https:\/\/www.suno.com.br\/noticias\/colunas\/lucas-pedrosa\/o-preco-dos-combustiveis-e-a-sanha-legiferante-que-so-trara-mais-problemas\/","name":"O pre\u00e7o dos combust\u00edveis e a sanha legiferante que s\u00f3 trar\u00e1 mais problemas - Suno Not\u00edcias","isPartOf":{"@id":"https:\/\/www.suno.com.br\/noticias\/#website"},"datePublished":"2022-03-04T11:00:12+00:00","description":"H\u00e1 pre\u00e7os alt\u00edssimos de combust\u00edveis em pleno ano eleitoral. Isso faz com que a classe pol\u00edtica comece a projetar \u201csolu\u00e7\u00f5es heterodoxas\u201d","breadcrumb":{"@id":"https:\/\/www.suno.com.br\/noticias\/colunas\/lucas-pedrosa\/o-preco-dos-combustiveis-e-a-sanha-legiferante-que-so-trara-mais-problemas\/#breadcrumb"},"inLanguage":"pt-BR","potentialAction":[{"@type":"ReadAction","target":["https:\/\/www.suno.com.br\/noticias\/colunas\/lucas-pedrosa\/o-preco-dos-combustiveis-e-a-sanha-legiferante-que-so-trara-mais-problemas\/"]}]},{"@type":"BreadcrumbList","@id":"https:\/\/www.suno.com.br\/noticias\/colunas\/lucas-pedrosa\/o-preco-dos-combustiveis-e-a-sanha-legiferante-que-so-trara-mais-problemas\/#breadcrumb","itemListElement":[{"@type":"ListItem","position":1,"name":"Not\u00edcias","item":"https:\/\/www.suno.com.br\/noticias\/"},{"@type":"ListItem","position":2,"name":"Colunas","item":"https:\/\/www.suno.com.br\/noticias\/colunas\/"},{"@type":"ListItem","position":3,"name":"O pre\u00e7o dos combust\u00edveis e a sanha legiferante que s\u00f3 trar\u00e1 mais problemas"}]},{"@type":"WebSite","@id":"https:\/\/www.suno.com.br\/noticias\/#website","url":"https:\/\/www.suno.com.br\/noticias\/","name":"Suno Not\u00edcias","description":"Seu portal de informa\u00e7\u00e3o sobre o mundo dos investimentos","publisher":{"@id":"https:\/\/www.suno.com.br\/noticias\/#organization"},"potentialAction":[{"@type":"SearchAction","target":{"@type":"EntryPoint","urlTemplate":"https:\/\/www.suno.com.br\/noticias\/?s={search_term_string}"},"query-input":{"@type":"PropertyValueSpecification","valueRequired":true,"valueName":"search_term_string"}}],"inLanguage":"pt-BR"},{"@type":"Organization","@id":"https:\/\/www.suno.com.br\/noticias\/#organization","name":"Suno Not\u00edcias","url":"https:\/\/www.suno.com.br\/noticias\/","logo":{"@type":"ImageObject","inLanguage":"pt-BR","@id":"https:\/\/www.suno.com.br\/noticias\/#\/schema\/logo\/image\/","url":"https:\/\/files.sunoresearch.com.br\/n\/uploads\/2021\/09\/suno-logo.png","contentUrl":"https:\/\/files.sunoresearch.com.br\/n\/uploads\/2021\/09\/suno-logo.png","width":180,"height":180,"caption":"Suno Not\u00edcias"},"image":{"@id":"https:\/\/www.suno.com.br\/noticias\/#\/schema\/logo\/image\/"},"sameAs":["https:\/\/facebook.com\/sunoresearch","https:\/\/x.com\/sunoresearch","https:\/\/www.instagram.com\/suno","https:\/\/www.linkedin.com\/company\/suno-research\/","https:\/\/www.youtube.com\/c\/sunoresearch"]},{"@type":"Person","@id":"https:\/\/www.suno.com.br\/noticias\/#\/schema\/person\/759a7b1ac843dbffd94dac7b7d7aa5ee","name":"Lucas Pedrosa","image":{"@type":"ImageObject","inLanguage":"pt-BR","@id":"https:\/\/www.suno.com.br\/noticias\/#\/schema\/person\/image\/","url":"https:\/\/secure.gravatar.com\/avatar\/8002a3752d04fc87c5daca7d3402c98a?s=96&r=g","contentUrl":"https:\/\/secure.gravatar.com\/avatar\/8002a3752d04fc87c5daca7d3402c98a?s=96&r=g","caption":"Lucas Pedrosa"},"description":"Lucas Pedrosa \u00e9 gestor p\u00fablico de carreira, professor universit\u00e1rio, membro de comit\u00ea de investimentos e pesquisador em temas econ\u00f4micos e de pol\u00edticas p\u00fablicas.","sameAs":["https:\/\/www.linkedin.com\/in\/lucas-pedrosa-2b86a572\/%20"],"url":"https:\/\/www.suno.com.br\/noticias\/author\/lucas-pedrosa\/"}]}},"amp_enabled":true,"_links":{"self":[{"href":"https:\/\/www.suno.com.br\/noticias\/wp-json\/wp\/v2\/suno_column\/237442"}],"collection":[{"href":"https:\/\/www.suno.com.br\/noticias\/wp-json\/wp\/v2\/suno_column"}],"about":[{"href":"https:\/\/www.suno.com.br\/noticias\/wp-json\/wp\/v2\/types\/suno_column"}],"author":[{"embeddable":true,"href":"https:\/\/www.suno.com.br\/noticias\/wp-json\/wp\/v2\/users\/124"}],"wp:attachment":[{"href":"https:\/\/www.suno.com.br\/noticias\/wp-json\/wp\/v2\/media?parent=237442"}],"wp:term":[{"taxonomy":"post_tag","embeddable":true,"href":"https:\/\/www.suno.com.br\/noticias\/wp-json\/wp\/v2\/tags?post=237442"}],"curies":[{"name":"wp","href":"https:\/\/api.w.org\/{rel}","templated":true}]}}