{"id":235595,"date":"2022-02-25T08:00:33","date_gmt":"2022-02-25T11:00:33","guid":{"rendered":"https:\/\/www.suno.com.br\/noticias\/colunas\/marco-lopes\/\/"},"modified":"2022-02-24T22:56:17","modified_gmt":"2022-02-25T01:56:17","slug":"como-conversar-com-um-adolescente-consumista","status":"publish","type":"suno_column","link":"https:\/\/www.suno.com.br\/noticias\/colunas\/marcos-figueiredo\/como-conversar-com-um-adolescente-consumista\/","title":{"rendered":"Como conversar com um adolescente consumista?"},"content":{"rendered":"<p>Seus filhos pedem para voc\u00ea comprar coisas o tempo todo? Nessa fase, isso \u00e9 bem comum: s\u00e3o grandes as press\u00f5es para fazer parte do grupo, o que muitas vezes se reflete nos <strong>desejos de consumo<\/strong>. Para eles, o senso de pertencimento muitas vezes se resume a ter determinados bens materiais ou se vestir de uma certa maneira.<\/p>\n\t<p>\n\t\t<a href=\"https:\/\/lp.suno.com.br\/planilha-controle-gastos\/\" target=\"_blank\" data-element=\"shortcode-suno-banner\" title=\"Banner SUNO, clique e saiba mais\">\n\t\t\t<picture>\n\t\t\t\t<source media=\"(max-width: 500px)\" srcset=\"https:\/\/files.sunoresearch.com.br\/n\/uploads\/2023\/03\/400x300-Planilha-controle-de-gastos.png\">\n\t\t\t\t<img class=\"newsContent__article__imgCapa newsContent__article__imgCapa--banner\"\n\t\t\t\t\tsrc=\"https:\/\/files.sunoresearch.com.br\/n\/uploads\/2023\/03\/1420x240-Planilha-controle-de-gastos.png\"\n\t\t\t\t\tdata-promo-id=\"101751\"\t\t\t\t\t\t\t\t\t\twidth='1420' height='240'\t\t\t\t\talt=\"https:\/\/files.sunoresearch.com.br\/n\/uploads\/2023\/03\/1420x240-Planilha-controle-de-gastos.png\"\n\t\t\t\t>\n\t\t\t<\/picture>\n\t\t<\/a>\n\t<\/p>\n\n\n<p>Mas o <strong>consumismo exagerado<\/strong> n\u00e3o \u00e9 um problema s\u00f3 para o bolso dos pais. Os excessos custam caro tamb\u00e9m para o planeta! O interessante \u00e9 que muitos adolescentes compreendem bem essa preocupa\u00e7\u00e3o e at\u00e9 apoiam iniciativas ligadas \u00e0 prote\u00e7\u00e3o do meio ambiente. Por isso, talvez seja mais f\u00e1cil conversar com seus filhos sobre o consumismo excessivo pelo vi\u00e9s da sustentabilidade. Afinal, consumir de forma consciente \u00e9 uma das formas mais simples de n\u00f3s contribuirmos para uma vida mais sustent\u00e1vel, tanto ambientalmente quanto financeiramente.<\/p>\n\t<p>\n\t\t<a href=\"https:\/\/lp.suno.com.br\/planilha-de-controle-de-investimentos\/\" target=\"_blank\" data-element=\"shortcode-suno-banner\" title=\"Banner SUNO, clique e saiba mais\">\n\t\t\t<picture>\n\t\t\t\t<source media=\"(max-width: 500px)\" srcset=\"https:\/\/files.sunoresearch.com.br\/n\/uploads\/2023\/03\/400x300-Controle-de-Investimentos.png\">\n\t\t\t\t<img class=\"newsContent__article__imgCapa newsContent__article__imgCapa--banner\"\n\t\t\t\t\tsrc=\"https:\/\/files.sunoresearch.com.br\/n\/uploads\/2023\/03\/1420x240-Controle-de-Investimentos.png\"\n\t\t\t\t\tdata-promo-id=\"75934\"\t\t\t\t\t\t\t\t\t\twidth='1420' height='240'\t\t\t\t\talt=\"https:\/\/files.sunoresearch.com.br\/n\/uploads\/2023\/03\/1420x240-Controle-de-Investimentos.png\"\n\t\t\t\t>\n\t\t\t<\/picture>\n\t\t<\/a>\n\t<\/p>\n\n\n<p>Nesse sentido, o conceito da <strong>economia circular<\/strong> pode ajudar a entender o impacto do nosso estilo de vida sobre o meio ambiente. Trata-se de uma forma diferente de enxergar a <strong>cadeia produtiva<\/strong>. Em vez de pensar em termos lineares, come\u00e7ando pela extra\u00e7\u00e3o dos recursos, passando pela produ\u00e7\u00e3o e <strong>consumo dos bens<\/strong>, e finalizando com o descarte dos res\u00edduos, a economia \u00e9 vista como um ciclo completo. Afinal, sempre \u00e9 bom lembrar que na pr\u00e1tica n\u00f3s nunca jogamos nada \u201cfora\u201d: tudo o que \u00e9 descartado continua \u201cdentro\u201d do nosso planeta. Por isso, a economia circular prop\u00f5e eliminar \u2014 ou pelo menos minimizar \u2014 os res\u00edduos, transformando tudo em insumos para um novo ciclo de produ\u00e7\u00e3o e consumo.<\/p>\n\t<p>\n\t\t<a href=\"https:\/\/lp.suno.com.br\/planilha-da-vida-financeira\/\" target=\"_blank\" data-element=\"shortcode-suno-banner\" title=\"Banner SUNO, clique e saiba mais\">\n\t\t\t<picture>\n\t\t\t\t<source media=\"(max-width: 500px)\" srcset=\"https:\/\/files.sunoresearch.com.br\/n\/uploads\/2023\/04\/400x300-Planilha-vida-financeira-true.png\">\n\t\t\t\t<img class=\"newsContent__article__imgCapa newsContent__article__imgCapa--banner\"\n\t\t\t\t\tsrc=\"https:\/\/files.sunoresearch.com.br\/n\/uploads\/2023\/04\/1420x240-Planilha-vida-financeira-true.png\"\n\t\t\t\t\tdata-promo-id=\"106682\"\t\t\t\t\t\t\t\t\t\twidth='1420' height='240'\t\t\t\t\talt=\"https:\/\/files.sunoresearch.com.br\/n\/uploads\/2023\/04\/1420x240-Planilha-vida-financeira-true.png\"\n\t\t\t\t>\n\t\t\t<\/picture>\n\t\t<\/a>\n\t<\/p>\n\n\n<p>Pensando em tudo isso, que tal conversar com seus filhos sobre <strong><a class=\"suno-keyword\" href=\"https:\/\/www.suno.com.br\/artigos\/consumo-consciente\/\" target=\"_blank\" rel=\"noopener\" data-force=\"no\" data-priority=\"2\">consumo consciente<\/a><\/strong> levando em conta os conceitos da economia circular?<\/p>\n<p>\u25cf Para come\u00e7ar, fale com eles sobre o que est\u00e1 por tr\u00e1s do desejo de compra. Muitas vezes os adolescentes querem usar determinadas roupas para serem aceitos pelos amigos, por exemplo. Ou seja, o alvo nem \u00e9 o consumo em si, mas sim o pertencimento ao grupo.<br \/>\n\u25cf Outro ponto importante \u00e9 avaliarem, juntos, quais s\u00e3o as condi\u00e7\u00f5es da sua fam\u00edlia. Os adolescentes podem achar que t\u00eam muito ou pouco, dependendo da compara\u00e7\u00e3o com o<strong> padr\u00e3o de consumo<\/strong> e de renda dos colegas. Mas o estilo de vida deles precisa ser compat\u00edvel com a realidade da sua fam\u00edlia. Por isso, mesmo n\u00e3o sendo uma tarefa f\u00e1cil, argumente que eles n\u00e3o devem se comparar com os outros, mas buscar consumir de acordo com as possibilidades reais.<br \/>\n\u25cf A chamada <strong>Gera\u00e7\u00e3o Z<\/strong> d\u00e1 muito valor a quest\u00f5es \u00e9ticas e de <strong><a class=\"suno-keyword\" href=\"https:\/\/www.suno.com.br\/artigos\/responsabilidade-social\/\" target=\"_blank\" rel=\"noopener\" data-force=\"no\" data-priority=\"2\">responsabilidade social<\/a><\/strong> das marcas. Por isso, vale a pena escolher marcas que provoquem o menor impacto poss\u00edvel no meio ambiente. Comente que a <strong>ind\u00fastria do vestu\u00e1rio<\/strong> \u00e9 a segunda que mais provoca impacto ambiental, tanto pelo consumo de energia e recursos naturais quanto pelos res\u00edduos que s\u00e3o gerados. Pensar em tudo isso tamb\u00e9m \u00e9 parte do consumo consciente!<br \/>\n\u25cf Al\u00e9m disso, vale repensar se os desejos de consumo s\u00e3o mesmo necess\u00e1rios. Afinal, comprar produtos em excesso contribui para esgotar os recursos naturais.<br \/>\n\u25cf Tamb\u00e9m \u00e9 importante considerar que, quanto mais coisas novas n\u00f3s compramos, maior ser\u00e1 a quantidade de coisas que teremos que descartar no futuro. Essa atitude j\u00e1 est\u00e1 trazendo um grande problema: os \u201clix\u00f5es\u201d est\u00e3o lotados, impactando diretamente a qualidade de vida de milhares de pessoas.<br \/>\n\u25cf Por tudo isso, na hora de consumir \u00e9 fundamental pensar no ciclo completo do produto. Quando voc\u00ea e seus filhos comprarem algo, pensem em como aquilo foi produzido e como ser\u00e1 descartado.<\/p>\n\t<p>\n\t\t<a href=\"https:\/\/lp.suno.com.br\/ebook-como-analisar-uma-acao\/\" target=\"_blank\" data-element=\"shortcode-suno-banner\" title=\"Banner SUNO, clique e saiba mais\">\n\t\t\t<picture>\n\t\t\t\t<source media=\"(max-width: 500px)\" srcset=\"https:\/\/files.sunoresearch.com.br\/n\/uploads\/2023\/03\/Ebook-Acoes-Mobile-1.jpg\">\n\t\t\t\t<img class=\"newsContent__article__imgCapa newsContent__article__imgCapa--banner\"\n\t\t\t\t\tsrc=\"https:\/\/files.sunoresearch.com.br\/n\/uploads\/2023\/03\/Ebook-Acoes-Desktop-1.jpg\"\n\t\t\t\t\tdata-promo-id=\"171998\"\t\t\t\t\t\t\t\t\t\twidth='1420' height='286'\t\t\t\t\talt=\"https:\/\/files.sunoresearch.com.br\/n\/uploads\/2023\/03\/Ebook-Acoes-Desktop-1.jpg\"\n\t\t\t\t>\n\t\t\t<\/picture>\n\t\t<\/a>\n\t<\/p>\n\n\n<p>Em resumo, ao conversar com seus filhos sobre <strong>consumismo<\/strong>, lembre a eles que a consci\u00eancia sobre \u00e9tica e <strong>responsabilidade socioambiental<\/strong> tamb\u00e9m passa por todas essas reflex\u00f5es na hora de tomar as decis\u00f5es de compra. Para ajud\u00e1-los a entender essas quest\u00f5es, reforce a ideia de que a economia circular \u00e9 um conjunto de atitudes, tanto dos indiv\u00edduos quanto (principalmente) da cadeia produtiva, que contribuem para que o ecossistema reaproveite toda a energia e os recursos utilizados na produ\u00e7\u00e3o de bens. Ou seja, \u00e9 algo que come\u00e7a pelo <strong>consumo consciente<\/strong> e vai muito al\u00e9m.<\/p>\n<p>O que achou das dicas? Deixe sua opini\u00e3o no espa\u00e7o dos coment\u00e1rios!<\/p>\n\t<p>\n\t\t<a href=\"\" target=\"_blank\" data-element=\"shortcode-suno-banner\" title=\"Banner SUNO, clique e saiba mais\">\n\t\t\t<picture>\n\t\t\t\t<source media=\"(max-width: 500px)\" srcset=\"\">\n\t\t\t\t<img class=\"newsContent__article__imgCapa newsContent__article__imgCapa--banner\"\n\t\t\t\t\tsrc=\"\"\n\t\t\t\t\tdata-promo-id=\"184190\"\t\t\t\t\t\t\t\t\t\t\t\t\t\t\talt=\"\"\n\t\t\t\t>\n\t\t\t<\/picture>\n\t\t<\/a>\n\t<\/p>\n\n\n","protected":false},"excerpt":{"rendered":"<p>Seus filhos pedem para voc\u00ea comprar coisas o tempo todo? Nessa fase, isso \u00e9 bem comum: s\u00e3o grandes as press\u00f5es para fazer parte do grupo, o que muitas vezes se reflete&#8230;<\/p>\n","protected":false},"author":90,"featured_media":0,"template":"","tags":[1117],"class_list":["post-235595","suno_column","type-suno_column","status-publish","hentry","tag-sustentabilidade"],"yoast_head":"<!-- This site is optimized with the Yoast SEO plugin v24.4 - https:\/\/yoast.com\/wordpress\/plugins\/seo\/ -->\n<title>Como conversar com um adolescente consumista?<\/title>\n<meta name=\"description\" content=\"O consumo exagerado \u00e9 um problema para o bolso e para o planeta. A preocupa\u00e7\u00e3o com a sustentabilidade pode conter os impulsos de compras\" \/>\n<meta name=\"robots\" content=\"index, follow, max-snippet:-1, max-image-preview:large, max-video-preview:-1\" \/>\n<link rel=\"canonical\" href=\"https:\/\/www.suno.com.br\/noticias\/colunas\/marcos-figueiredo\/como-conversar-com-um-adolescente-consumista\/\" \/>\n<meta property=\"og:locale\" content=\"pt_BR\" \/>\n<meta property=\"og:type\" content=\"article\" \/>\n<meta property=\"og:title\" content=\"Como conversar com um adolescente consumista?\" \/>\n<meta property=\"og:description\" content=\"O consumo exagerado \u00e9 um problema para o bolso e para o planeta. A preocupa\u00e7\u00e3o com a sustentabilidade pode conter os impulsos de compras\" \/>\n<meta property=\"og:url\" content=\"https:\/\/www.suno.com.br\/noticias\/colunas\/marcos-figueiredo\/como-conversar-com-um-adolescente-consumista\/\" \/>\n<meta property=\"og:site_name\" content=\"Suno Not\u00edcias\" \/>\n<meta property=\"article:publisher\" content=\"https:\/\/facebook.com\/sunoresearch\" \/>\n<meta property=\"og:image\" content=\"https:\/\/files.sunoresearch.com.br\/n\/uploads\/2022\/06\/Modelo2.jpg\" \/>\n\t<meta property=\"og:image:width\" content=\"1200\" \/>\n\t<meta property=\"og:image:height\" content=\"627\" \/>\n\t<meta property=\"og:image:type\" content=\"image\/jpeg\" \/>\n<meta name=\"twitter:card\" content=\"summary_large_image\" \/>\n<meta name=\"twitter:site\" content=\"@sunoresearch\" \/>\n<meta name=\"twitter:label1\" content=\"Est. tempo de leitura\" \/>\n\t<meta name=\"twitter:data1\" content=\"4 minutos\" \/>\n<script type=\"application\/ld+json\" class=\"yoast-schema-graph\">{\"@context\":\"https:\/\/schema.org\",\"@graph\":[{\"@type\":\"Article\",\"@id\":\"https:\/\/www.suno.com.br\/noticias\/colunas\/marcos-figueiredo\/como-conversar-com-um-adolescente-consumista\/#article\",\"isPartOf\":{\"@id\":\"https:\/\/www.suno.com.br\/noticias\/colunas\/marcos-figueiredo\/como-conversar-com-um-adolescente-consumista\/\"},\"author\":{\"name\":\"Marcos Figueiredo\",\"@id\":\"https:\/\/www.suno.com.br\/noticias\/#\/schema\/person\/7c3a7601d5e7e006e2a91f42c997f256\"},\"headline\":\"Como conversar com um adolescente consumista?\",\"datePublished\":\"2022-02-25T11:00:33+00:00\",\"mainEntityOfPage\":{\"@id\":\"https:\/\/www.suno.com.br\/noticias\/colunas\/marcos-figueiredo\/como-conversar-com-um-adolescente-consumista\/\"},\"wordCount\":737,\"publisher\":{\"@id\":\"https:\/\/www.suno.com.br\/noticias\/#organization\"},\"keywords\":[\"Sustentabilidade\"],\"inLanguage\":\"pt-BR\"},{\"@type\":\"WebPage\",\"@id\":\"https:\/\/www.suno.com.br\/noticias\/colunas\/marcos-figueiredo\/como-conversar-com-um-adolescente-consumista\/\",\"url\":\"https:\/\/www.suno.com.br\/noticias\/colunas\/marcos-figueiredo\/como-conversar-com-um-adolescente-consumista\/\",\"name\":\"Como conversar com um adolescente consumista?\",\"isPartOf\":{\"@id\":\"https:\/\/www.suno.com.br\/noticias\/#website\"},\"datePublished\":\"2022-02-25T11:00:33+00:00\",\"description\":\"O consumo exagerado \u00e9 um problema para o bolso e para o planeta. A preocupa\u00e7\u00e3o com a sustentabilidade pode conter os impulsos de compras\",\"breadcrumb\":{\"@id\":\"https:\/\/www.suno.com.br\/noticias\/colunas\/marcos-figueiredo\/como-conversar-com-um-adolescente-consumista\/#breadcrumb\"},\"inLanguage\":\"pt-BR\",\"potentialAction\":[{\"@type\":\"ReadAction\",\"target\":[\"https:\/\/www.suno.com.br\/noticias\/colunas\/marcos-figueiredo\/como-conversar-com-um-adolescente-consumista\/\"]}]},{\"@type\":\"BreadcrumbList\",\"@id\":\"https:\/\/www.suno.com.br\/noticias\/colunas\/marcos-figueiredo\/como-conversar-com-um-adolescente-consumista\/#breadcrumb\",\"itemListElement\":[{\"@type\":\"ListItem\",\"position\":1,\"name\":\"Not\u00edcias\",\"item\":\"https:\/\/www.suno.com.br\/noticias\/\"},{\"@type\":\"ListItem\",\"position\":2,\"name\":\"Colunas\",\"item\":\"https:\/\/www.suno.com.br\/noticias\/colunas\/\"},{\"@type\":\"ListItem\",\"position\":3,\"name\":\"Como conversar com um adolescente consumista?\"}]},{\"@type\":\"WebSite\",\"@id\":\"https:\/\/www.suno.com.br\/noticias\/#website\",\"url\":\"https:\/\/www.suno.com.br\/noticias\/\",\"name\":\"Suno Not\u00edcias\",\"description\":\"Seu portal de informa\u00e7\u00e3o sobre o mundo dos investimentos\",\"publisher\":{\"@id\":\"https:\/\/www.suno.com.br\/noticias\/#organization\"},\"potentialAction\":[{\"@type\":\"SearchAction\",\"target\":{\"@type\":\"EntryPoint\",\"urlTemplate\":\"https:\/\/www.suno.com.br\/noticias\/?s={search_term_string}\"},\"query-input\":{\"@type\":\"PropertyValueSpecification\",\"valueRequired\":true,\"valueName\":\"search_term_string\"}}],\"inLanguage\":\"pt-BR\"},{\"@type\":\"Organization\",\"@id\":\"https:\/\/www.suno.com.br\/noticias\/#organization\",\"name\":\"Suno Not\u00edcias\",\"url\":\"https:\/\/www.suno.com.br\/noticias\/\",\"logo\":{\"@type\":\"ImageObject\",\"inLanguage\":\"pt-BR\",\"@id\":\"https:\/\/www.suno.com.br\/noticias\/#\/schema\/logo\/image\/\",\"url\":\"https:\/\/files.sunoresearch.com.br\/n\/uploads\/2021\/09\/suno-logo.png\",\"contentUrl\":\"https:\/\/files.sunoresearch.com.br\/n\/uploads\/2021\/09\/suno-logo.png\",\"width\":180,\"height\":180,\"caption\":\"Suno Not\u00edcias\"},\"image\":{\"@id\":\"https:\/\/www.suno.com.br\/noticias\/#\/schema\/logo\/image\/\"},\"sameAs\":[\"https:\/\/facebook.com\/sunoresearch\",\"https:\/\/x.com\/sunoresearch\",\"https:\/\/www.instagram.com\/suno\",\"https:\/\/www.linkedin.com\/company\/suno-research\/\",\"https:\/\/www.youtube.com\/c\/sunoresearch\"]},{\"@type\":\"Person\",\"@id\":\"https:\/\/www.suno.com.br\/noticias\/#\/schema\/person\/7c3a7601d5e7e006e2a91f42c997f256\",\"name\":\"Marcos Figueiredo\",\"image\":{\"@type\":\"ImageObject\",\"inLanguage\":\"pt-BR\",\"@id\":\"https:\/\/www.suno.com.br\/noticias\/#\/schema\/person\/image\/\",\"url\":\"https:\/\/secure.gravatar.com\/avatar\/dcd27deff8d0a23ff702d963790f2b0a?s=96&r=g\",\"contentUrl\":\"https:\/\/secure.gravatar.com\/avatar\/dcd27deff8d0a23ff702d963790f2b0a?s=96&r=g\",\"caption\":\"Marcos Figueiredo\"},\"description\":\"Cofundador do Blu By BS2, tem mais 20 anos de experi\u00eancia no mercado financeiro, desenvolvendo produtos de cr\u00e9dito e investimentos voltados para pessoas f\u00edsicas.\",\"sameAs\":[\"https:\/\/www.blubybs2.com\/\",\"linkedin.com\/in\/marcos-figueiredo-blubybs2\"],\"url\":\"https:\/\/www.suno.com.br\/noticias\/author\/marcos-figueiredo\/\"}]}<\/script>\n<!-- \/ Yoast SEO plugin. -->","yoast_head_json":{"title":"Como conversar com um adolescente consumista?","description":"O consumo exagerado \u00e9 um problema para o bolso e para o planeta. A preocupa\u00e7\u00e3o com a sustentabilidade pode conter os impulsos de compras","robots":{"index":"index","follow":"follow","max-snippet":"max-snippet:-1","max-image-preview":"max-image-preview:large","max-video-preview":"max-video-preview:-1"},"canonical":"https:\/\/www.suno.com.br\/noticias\/colunas\/marcos-figueiredo\/como-conversar-com-um-adolescente-consumista\/","og_locale":"pt_BR","og_type":"article","og_title":"Como conversar com um adolescente consumista?","og_description":"O consumo exagerado \u00e9 um problema para o bolso e para o planeta. A preocupa\u00e7\u00e3o com a sustentabilidade pode conter os impulsos de compras","og_url":"https:\/\/www.suno.com.br\/noticias\/colunas\/marcos-figueiredo\/como-conversar-com-um-adolescente-consumista\/","og_site_name":"Suno Not\u00edcias","article_publisher":"https:\/\/facebook.com\/sunoresearch","og_image":[{"width":1200,"height":627,"url":"https:\/\/files.sunoresearch.com.br\/n\/uploads\/2022\/06\/Modelo2.jpg","type":"image\/jpeg"}],"twitter_card":"summary_large_image","twitter_site":"@sunoresearch","twitter_misc":{"Est. tempo de leitura":"4 minutos"},"schema":{"@context":"https:\/\/schema.org","@graph":[{"@type":"Article","@id":"https:\/\/www.suno.com.br\/noticias\/colunas\/marcos-figueiredo\/como-conversar-com-um-adolescente-consumista\/#article","isPartOf":{"@id":"https:\/\/www.suno.com.br\/noticias\/colunas\/marcos-figueiredo\/como-conversar-com-um-adolescente-consumista\/"},"author":{"name":"Marcos Figueiredo","@id":"https:\/\/www.suno.com.br\/noticias\/#\/schema\/person\/7c3a7601d5e7e006e2a91f42c997f256"},"headline":"Como conversar com um adolescente consumista?","datePublished":"2022-02-25T11:00:33+00:00","mainEntityOfPage":{"@id":"https:\/\/www.suno.com.br\/noticias\/colunas\/marcos-figueiredo\/como-conversar-com-um-adolescente-consumista\/"},"wordCount":737,"publisher":{"@id":"https:\/\/www.suno.com.br\/noticias\/#organization"},"keywords":["Sustentabilidade"],"inLanguage":"pt-BR"},{"@type":"WebPage","@id":"https:\/\/www.suno.com.br\/noticias\/colunas\/marcos-figueiredo\/como-conversar-com-um-adolescente-consumista\/","url":"https:\/\/www.suno.com.br\/noticias\/colunas\/marcos-figueiredo\/como-conversar-com-um-adolescente-consumista\/","name":"Como conversar com um adolescente consumista?","isPartOf":{"@id":"https:\/\/www.suno.com.br\/noticias\/#website"},"datePublished":"2022-02-25T11:00:33+00:00","description":"O consumo exagerado \u00e9 um problema para o bolso e para o planeta. A preocupa\u00e7\u00e3o com a sustentabilidade pode conter os impulsos de compras","breadcrumb":{"@id":"https:\/\/www.suno.com.br\/noticias\/colunas\/marcos-figueiredo\/como-conversar-com-um-adolescente-consumista\/#breadcrumb"},"inLanguage":"pt-BR","potentialAction":[{"@type":"ReadAction","target":["https:\/\/www.suno.com.br\/noticias\/colunas\/marcos-figueiredo\/como-conversar-com-um-adolescente-consumista\/"]}]},{"@type":"BreadcrumbList","@id":"https:\/\/www.suno.com.br\/noticias\/colunas\/marcos-figueiredo\/como-conversar-com-um-adolescente-consumista\/#breadcrumb","itemListElement":[{"@type":"ListItem","position":1,"name":"Not\u00edcias","item":"https:\/\/www.suno.com.br\/noticias\/"},{"@type":"ListItem","position":2,"name":"Colunas","item":"https:\/\/www.suno.com.br\/noticias\/colunas\/"},{"@type":"ListItem","position":3,"name":"Como conversar com um adolescente consumista?"}]},{"@type":"WebSite","@id":"https:\/\/www.suno.com.br\/noticias\/#website","url":"https:\/\/www.suno.com.br\/noticias\/","name":"Suno Not\u00edcias","description":"Seu portal de informa\u00e7\u00e3o sobre o mundo dos investimentos","publisher":{"@id":"https:\/\/www.suno.com.br\/noticias\/#organization"},"potentialAction":[{"@type":"SearchAction","target":{"@type":"EntryPoint","urlTemplate":"https:\/\/www.suno.com.br\/noticias\/?s={search_term_string}"},"query-input":{"@type":"PropertyValueSpecification","valueRequired":true,"valueName":"search_term_string"}}],"inLanguage":"pt-BR"},{"@type":"Organization","@id":"https:\/\/www.suno.com.br\/noticias\/#organization","name":"Suno Not\u00edcias","url":"https:\/\/www.suno.com.br\/noticias\/","logo":{"@type":"ImageObject","inLanguage":"pt-BR","@id":"https:\/\/www.suno.com.br\/noticias\/#\/schema\/logo\/image\/","url":"https:\/\/files.sunoresearch.com.br\/n\/uploads\/2021\/09\/suno-logo.png","contentUrl":"https:\/\/files.sunoresearch.com.br\/n\/uploads\/2021\/09\/suno-logo.png","width":180,"height":180,"caption":"Suno Not\u00edcias"},"image":{"@id":"https:\/\/www.suno.com.br\/noticias\/#\/schema\/logo\/image\/"},"sameAs":["https:\/\/facebook.com\/sunoresearch","https:\/\/x.com\/sunoresearch","https:\/\/www.instagram.com\/suno","https:\/\/www.linkedin.com\/company\/suno-research\/","https:\/\/www.youtube.com\/c\/sunoresearch"]},{"@type":"Person","@id":"https:\/\/www.suno.com.br\/noticias\/#\/schema\/person\/7c3a7601d5e7e006e2a91f42c997f256","name":"Marcos Figueiredo","image":{"@type":"ImageObject","inLanguage":"pt-BR","@id":"https:\/\/www.suno.com.br\/noticias\/#\/schema\/person\/image\/","url":"https:\/\/secure.gravatar.com\/avatar\/dcd27deff8d0a23ff702d963790f2b0a?s=96&r=g","contentUrl":"https:\/\/secure.gravatar.com\/avatar\/dcd27deff8d0a23ff702d963790f2b0a?s=96&r=g","caption":"Marcos Figueiredo"},"description":"Cofundador do Blu By BS2, tem mais 20 anos de experi\u00eancia no mercado financeiro, desenvolvendo produtos de cr\u00e9dito e investimentos voltados para pessoas f\u00edsicas.","sameAs":["https:\/\/www.blubybs2.com\/","linkedin.com\/in\/marcos-figueiredo-blubybs2"],"url":"https:\/\/www.suno.com.br\/noticias\/author\/marcos-figueiredo\/"}]}},"amp_enabled":true,"_links":{"self":[{"href":"https:\/\/www.suno.com.br\/noticias\/wp-json\/wp\/v2\/suno_column\/235595"}],"collection":[{"href":"https:\/\/www.suno.com.br\/noticias\/wp-json\/wp\/v2\/suno_column"}],"about":[{"href":"https:\/\/www.suno.com.br\/noticias\/wp-json\/wp\/v2\/types\/suno_column"}],"author":[{"embeddable":true,"href":"https:\/\/www.suno.com.br\/noticias\/wp-json\/wp\/v2\/users\/90"}],"wp:attachment":[{"href":"https:\/\/www.suno.com.br\/noticias\/wp-json\/wp\/v2\/media?parent=235595"}],"wp:term":[{"taxonomy":"post_tag","embeddable":true,"href":"https:\/\/www.suno.com.br\/noticias\/wp-json\/wp\/v2\/tags?post=235595"}],"curies":[{"name":"wp","href":"https:\/\/api.w.org\/{rel}","templated":true}]}}