{"id":234989,"date":"2022-02-24T08:00:02","date_gmt":"2022-02-24T11:00:02","guid":{"rendered":"https:\/\/www.suno.com.br\/noticias\/colunas\/marco-lopes\/\/"},"modified":"2022-03-04T15:52:56","modified_gmt":"2022-03-04T18:52:56","slug":"investidores-na-bolsa-de-valores-devem-declarar-suas-operacoes-para-a-receita-federal-ate-30-de-abril","status":"publish","type":"suno_column","link":"https:\/\/www.suno.com.br\/noticias\/colunas\/alice-porto\/investidores-na-bolsa-de-valores-devem-declarar-suas-operacoes-para-a-receita-federal-ate-30-de-abril\/","title":{"rendered":"Investidores na Bolsa de Valores devem declarar suas opera\u00e7\u00f5es para a Receita Federal at\u00e9 30 de abril"},"content":{"rendered":"<p>O Carnaval se aproxima e, logo em seguida, a maior festa do Brasil traz a reboque uma das maiores preocupa\u00e7\u00f5es do povo brasileiro: a entrega da declara\u00e7\u00e3o do Imposto de Renda. De acordo com a <strong><a class=\"suno-keyword\" href=\"https:\/\/www.suno.com.br\/artigos\/receita-federal\/\" target=\"_blank\" rel=\"noopener\" data-force=\"no\" data-priority=\"3\">Receita Federal<\/a><\/strong>, neste ano, cerca de 33 milh\u00f5es de contribuintes ter\u00e3o de 7 de mar\u00e7o at\u00e9 29 de abril para preencher e enviar eletronicamente a sua declara\u00e7\u00e3o referente aos proventos de 2021.<\/p>\n<p>Devem fazer a <strong>entrega da declara\u00e7\u00e3o<\/strong> as pessoas que tiveram renda anual total maior do que R$ 28 mil; que venderam ou compraram im\u00f3veis e bens de valor acima de R$ 300 mil; estrangeiros que receberam qualquer provento em terras brasileiras; indiv\u00edduos que auferiram renda anual maior que R$ 142 mil em atividades rurais; qualquer pessoa que tenha recebido aux\u00edlio emergencial, com renda anual acima de R$ 22 mil; al\u00e9m de todos investidores que colocaram qualquer valor em <a class=\"suno-keyword\" href=\"https:\/\/www.suno.com.br\/artigos\/renda-variavel-7-dicas\/\" target=\"_blank\" rel=\"noopener\" data-force=\"no\" data-priority=\"2\">renda vari\u00e1vel<\/a> na Bolsa de Valores.<\/p>\n<p>A partir do momento que o investidor aplica um Real sequer em renda vari\u00e1vel na Bolsa de Valores, o radar da Receita \u00e9 acionado e ela vai querer saber o tamanho e o resultado das transa\u00e7\u00f5es realizadas. Nesse sentido, ela pode ter uma vis\u00e3o distorcida do cen\u00e1rio e achar que o contribuinte est\u00e1 nadando em milh\u00f5es. Consequentemente, vai querer tribut\u00e1-lo por isso. Ent\u00e3o, se o investidor declara os investimentos realizados na Bolsa de Valores, e informa exatamente aquilo que colocou na bolsa, de acordo com as notas de corretagem fornecidas pela <strong>corretora de valore<\/strong>s, ele esclarece para o governo tudo o que foi investido e elimina o risco da m\u00e1 interpreta\u00e7\u00e3o pela Receita, agindo assim, de forma proativa para proteger o seu patrim\u00f4nio da mordida do Le\u00e3o.<\/p>\n<p>Vale lembrar que para opera\u00e7\u00f5es<strong> <a class=\"suno-keyword\" href=\"https:\/\/www.suno.com.br\/artigos\/swing-trade\/\" target=\"_blank\" rel=\"noopener\" data-force=\"no\" data-priority=\"2\">swing trade<\/a><\/strong> realizadas com a\u00e7\u00f5es e ouro, h\u00e1 um limite de R$ 20.000 em vendas, para <strong>isen\u00e7\u00e3o do IR<\/strong>. Para vendas com lucro acima deste valor, a <strong>al\u00edquota de IR<\/strong> \u00e9 de 15%.<\/p>\n<p>Entretanto, nas <strong>opera\u00e7\u00f5es de daytrade<\/strong>, iniciadas e liquidadas no mesmo dia, n\u00e3o h\u00e1 isen\u00e7\u00e3o e o imposto \u00e9 de 20% sobre o lucro. Quando h\u00e1 lucro fora das regras de isen\u00e7\u00e3o, deve-se <strong>emitir um DARF<\/strong> para pagamento mensal, no \u00faltimo dia \u00fatil do m\u00eas seguinte \u00e0s opera\u00e7\u00f5es. Assim, \u00e9 preciso acompanhar de perto e, constantemente, a contabilidade dos investimentos realizados no ambiente do <a class=\"suno-keyword\" href=\"https:\/\/www.suno.com.br\/artigos\/mercado-de-capitais-conceito\/\" target=\"_blank\" rel=\"noopener\" data-force=\"no\" data-priority=\"1\">mercado de capitais<\/a>.<\/p>\n<p>Nas opera\u00e7\u00f5es de daytrade, assim como qualquer outra opera\u00e7\u00e3o realizada na bolsa, mesmo com o DARF emitido e o imposto j\u00e1 pago, \u00e9 necess\u00e1rio informar na declara\u00e7\u00e3o de ajuste anual, o <strong>lucro auferido<\/strong> no per\u00edodo e, principalmente, se as opera\u00e7\u00f5es resultaram em preju\u00edzo, que pode ser descontado do lucro dos investimentos nos meses seguintes. Al\u00e9m disso, faz-se necess\u00e1rio tamb\u00e9m informar os proventos recebidos ao longo do ano e os ativos que viraram o ano em carteira pelo seu custo de aquisi\u00e7\u00e3o.<\/p>\n<p>Quem perder o prazo, que encerra no pr\u00f3ximo dia 30 de abril, dever\u00e1 pagar multa no valor m\u00ednimo de R$ 165,74; ou de 1% at\u00e9 20% sobre o <strong>imposto devido<\/strong>. E, caso o investidor n\u00e3o informe corretamente as aplica\u00e7\u00f5es na Bolsa de Valores, pode cair na <strong><a class=\"suno-keyword\" href=\"https:\/\/www.suno.com.br\/artigos\/malha-fina\/\" target=\"_blank\" rel=\"noopener\" data-force=\"no\" data-priority=\"1\">malha fina<\/a><\/strong> e ter que se explicar para a Receita. Em casos mais extremos, a Receita poder\u00e1 ainda bloquear o <strong>CPF do contribuinte<\/strong>, o que pode causar muita dor de cabe\u00e7a e custos extras. Se isso acontecer, o contribuinte que teve o CPF bloqueado n\u00e3o poder\u00e1 usar cart\u00e3o de cr\u00e9dito, movimentar conta banc\u00e1ria, tirar\/renovar passaporte, operar na bolsa de valores, comprar rem\u00e9dio controlado, renovar carteirinha do conselho da sua profiss\u00e3o, fazer financiamento de carro ou im\u00f3vel, pegar <a class=\"suno-keyword\" href=\"https:\/\/www.suno.com.br\/artigos\/emprestimo-bancario\/\" target=\"_blank\" rel=\"noopener\" data-force=\"no\" data-priority=\"1\">empr\u00e9stimo banc\u00e1rio<\/a> e at\u00e9 mesmo receber sal\u00e1rio (no caso de servidor p\u00fablico).<\/p>\n<p>Em conclus\u00e3o, investir e ganhar dinheiro na <strong>Bolsa de Valores<\/strong> pode ser muito gratificante, mas \u00e9 fundamental gerenciar as opera\u00e7\u00f5es com bastante organiza\u00e7\u00e3o, regularidade e disciplina, mantendo as contas atualizadas mensalmente. Deve-se evitar o ac\u00famulo dos procedimentos administrativos e os c\u00e1lculos fiscais dos investimentos realizados para n\u00e3o incorrer em custos desnecess\u00e1rios, evitar problemas com o Fisco e finalmente prosperar na Bolsa de Valores.<\/p>\n","protected":false},"excerpt":{"rendered":"<p>O Carnaval se aproxima e, logo em seguida, a maior festa do Brasil traz a reboque uma das maiores preocupa\u00e7\u00f5es do povo brasileiro: a entrega da declara\u00e7\u00e3o do Imposto d&#8230;<\/p>\n","protected":false},"author":96,"featured_media":0,"template":"","tags":[309],"class_list":["post-234989","suno_column","type-suno_column","status-publish","hentry","tag-bolsa-de-valores"],"yoast_head":"<!-- This site is optimized with the Yoast SEO plugin v24.4 - https:\/\/yoast.com\/wordpress\/plugins\/seo\/ -->\n<title>Investidores na Bolsa de Valores devem declarar suas opera\u00e7\u00f5es para a Receita Federal at\u00e9 30 de abril<\/title>\n<meta name=\"description\" content=\"A partir do momento que o investidor aplica um Real sequer em renda vari\u00e1vel na Bolsa de Valores, o radar da Receita \u00e9 acionado\" \/>\n<meta name=\"robots\" content=\"index, follow, max-snippet:-1, max-image-preview:large, max-video-preview:-1\" \/>\n<link rel=\"canonical\" href=\"https:\/\/www.suno.com.br\/noticias\/colunas\/alice-porto\/investidores-na-bolsa-de-valores-devem-declarar-suas-operacoes-para-a-receita-federal-ate-30-de-abril\/\" \/>\n<meta property=\"og:locale\" content=\"pt_BR\" \/>\n<meta property=\"og:type\" content=\"article\" \/>\n<meta property=\"og:title\" content=\"Investidores na Bolsa de Valores devem declarar suas opera\u00e7\u00f5es para a Receita Federal at\u00e9 30 de abril\" \/>\n<meta property=\"og:description\" content=\"A partir do momento que o investidor aplica um Real sequer em renda vari\u00e1vel na Bolsa de Valores, o radar da Receita \u00e9 acionado\" \/>\n<meta property=\"og:url\" content=\"https:\/\/www.suno.com.br\/noticias\/colunas\/alice-porto\/investidores-na-bolsa-de-valores-devem-declarar-suas-operacoes-para-a-receita-federal-ate-30-de-abril\/\" \/>\n<meta property=\"og:site_name\" content=\"Suno Not\u00edcias\" \/>\n<meta property=\"article:publisher\" content=\"https:\/\/facebook.com\/sunoresearch\" \/>\n<meta property=\"og:image\" content=\"https:\/\/files.sunoresearch.com.br\/n\/uploads\/2022\/06\/Modelo2.jpg\" \/>\n\t<meta property=\"og:image:width\" content=\"1200\" \/>\n\t<meta property=\"og:image:height\" content=\"627\" \/>\n\t<meta property=\"og:image:type\" content=\"image\/jpeg\" \/>\n<meta name=\"twitter:card\" content=\"summary_large_image\" \/>\n<meta name=\"twitter:site\" content=\"@sunoresearch\" \/>\n<meta name=\"twitter:label1\" content=\"Est. tempo de leitura\" \/>\n\t<meta name=\"twitter:data1\" content=\"3 minutos\" \/>\n<script type=\"application\/ld+json\" class=\"yoast-schema-graph\">{\"@context\":\"https:\/\/schema.org\",\"@graph\":[{\"@type\":\"Article\",\"@id\":\"https:\/\/www.suno.com.br\/noticias\/colunas\/alice-porto\/investidores-na-bolsa-de-valores-devem-declarar-suas-operacoes-para-a-receita-federal-ate-30-de-abril\/#article\",\"isPartOf\":{\"@id\":\"https:\/\/www.suno.com.br\/noticias\/colunas\/alice-porto\/investidores-na-bolsa-de-valores-devem-declarar-suas-operacoes-para-a-receita-federal-ate-30-de-abril\/\"},\"author\":{\"name\":\"Alice Porto\",\"@id\":\"https:\/\/www.suno.com.br\/noticias\/#\/schema\/person\/7bace7aa1ad3a4850791903590cccb84\"},\"headline\":\"Investidores na Bolsa de Valores devem declarar suas opera\u00e7\u00f5es para a Receita Federal at\u00e9 30 de abril\",\"datePublished\":\"2022-02-24T11:00:02+00:00\",\"dateModified\":\"2022-03-04T18:52:56+00:00\",\"mainEntityOfPage\":{\"@id\":\"https:\/\/www.suno.com.br\/noticias\/colunas\/alice-porto\/investidores-na-bolsa-de-valores-devem-declarar-suas-operacoes-para-a-receita-federal-ate-30-de-abril\/\"},\"wordCount\":724,\"publisher\":{\"@id\":\"https:\/\/www.suno.com.br\/noticias\/#organization\"},\"keywords\":[\"Bolsa de Valores\"],\"inLanguage\":\"pt-BR\"},{\"@type\":\"WebPage\",\"@id\":\"https:\/\/www.suno.com.br\/noticias\/colunas\/alice-porto\/investidores-na-bolsa-de-valores-devem-declarar-suas-operacoes-para-a-receita-federal-ate-30-de-abril\/\",\"url\":\"https:\/\/www.suno.com.br\/noticias\/colunas\/alice-porto\/investidores-na-bolsa-de-valores-devem-declarar-suas-operacoes-para-a-receita-federal-ate-30-de-abril\/\",\"name\":\"Investidores na Bolsa de Valores devem declarar suas opera\u00e7\u00f5es para a Receita Federal at\u00e9 30 de abril\",\"isPartOf\":{\"@id\":\"https:\/\/www.suno.com.br\/noticias\/#website\"},\"datePublished\":\"2022-02-24T11:00:02+00:00\",\"dateModified\":\"2022-03-04T18:52:56+00:00\",\"description\":\"A partir do momento que o investidor aplica um Real sequer em renda vari\u00e1vel na Bolsa de Valores, o radar da Receita \u00e9 acionado\",\"breadcrumb\":{\"@id\":\"https:\/\/www.suno.com.br\/noticias\/colunas\/alice-porto\/investidores-na-bolsa-de-valores-devem-declarar-suas-operacoes-para-a-receita-federal-ate-30-de-abril\/#breadcrumb\"},\"inLanguage\":\"pt-BR\",\"potentialAction\":[{\"@type\":\"ReadAction\",\"target\":[\"https:\/\/www.suno.com.br\/noticias\/colunas\/alice-porto\/investidores-na-bolsa-de-valores-devem-declarar-suas-operacoes-para-a-receita-federal-ate-30-de-abril\/\"]}]},{\"@type\":\"BreadcrumbList\",\"@id\":\"https:\/\/www.suno.com.br\/noticias\/colunas\/alice-porto\/investidores-na-bolsa-de-valores-devem-declarar-suas-operacoes-para-a-receita-federal-ate-30-de-abril\/#breadcrumb\",\"itemListElement\":[{\"@type\":\"ListItem\",\"position\":1,\"name\":\"Not\u00edcias\",\"item\":\"https:\/\/www.suno.com.br\/noticias\/\"},{\"@type\":\"ListItem\",\"position\":2,\"name\":\"Colunas\",\"item\":\"https:\/\/www.suno.com.br\/noticias\/colunas\/\"},{\"@type\":\"ListItem\",\"position\":3,\"name\":\"Investidores na Bolsa de Valores devem declarar suas opera\u00e7\u00f5es para a Receita Federal at\u00e9 30 de abril\"}]},{\"@type\":\"WebSite\",\"@id\":\"https:\/\/www.suno.com.br\/noticias\/#website\",\"url\":\"https:\/\/www.suno.com.br\/noticias\/\",\"name\":\"Suno Not\u00edcias\",\"description\":\"Seu portal de informa\u00e7\u00e3o sobre o mundo dos investimentos\",\"publisher\":{\"@id\":\"https:\/\/www.suno.com.br\/noticias\/#organization\"},\"potentialAction\":[{\"@type\":\"SearchAction\",\"target\":{\"@type\":\"EntryPoint\",\"urlTemplate\":\"https:\/\/www.suno.com.br\/noticias\/?s={search_term_string}\"},\"query-input\":{\"@type\":\"PropertyValueSpecification\",\"valueRequired\":true,\"valueName\":\"search_term_string\"}}],\"inLanguage\":\"pt-BR\"},{\"@type\":\"Organization\",\"@id\":\"https:\/\/www.suno.com.br\/noticias\/#organization\",\"name\":\"Suno Not\u00edcias\",\"url\":\"https:\/\/www.suno.com.br\/noticias\/\",\"logo\":{\"@type\":\"ImageObject\",\"inLanguage\":\"pt-BR\",\"@id\":\"https:\/\/www.suno.com.br\/noticias\/#\/schema\/logo\/image\/\",\"url\":\"https:\/\/files.sunoresearch.com.br\/n\/uploads\/2021\/09\/suno-logo.png\",\"contentUrl\":\"https:\/\/files.sunoresearch.com.br\/n\/uploads\/2021\/09\/suno-logo.png\",\"width\":180,\"height\":180,\"caption\":\"Suno Not\u00edcias\"},\"image\":{\"@id\":\"https:\/\/www.suno.com.br\/noticias\/#\/schema\/logo\/image\/\"},\"sameAs\":[\"https:\/\/facebook.com\/sunoresearch\",\"https:\/\/x.com\/sunoresearch\",\"https:\/\/www.instagram.com\/suno\",\"https:\/\/www.linkedin.com\/company\/suno-research\/\",\"https:\/\/www.youtube.com\/c\/sunoresearch\"]},{\"@type\":\"Person\",\"@id\":\"https:\/\/www.suno.com.br\/noticias\/#\/schema\/person\/7bace7aa1ad3a4850791903590cccb84\",\"name\":\"Alice Porto\",\"image\":{\"@type\":\"ImageObject\",\"inLanguage\":\"pt-BR\",\"@id\":\"https:\/\/www.suno.com.br\/noticias\/#\/schema\/person\/image\/\",\"url\":\"https:\/\/secure.gravatar.com\/avatar\/ca59176af9d0c3b016a44136d2586050?s=96&r=g\",\"contentUrl\":\"https:\/\/secure.gravatar.com\/avatar\/ca59176af9d0c3b016a44136d2586050?s=96&r=g\",\"caption\":\"Alice Porto\"},\"description\":\"Alice Porto \u00e9 empreendedora com mais de 25 anos de experi\u00eancia multidisciplinar em Gest\u00e3o de Neg\u00f3cios, nos setores de ind\u00fastria, com\u00e9rcio e assessoria tribut\u00e1ria de investimentos de Bolsa, e tamb\u00e9m realiza um trabalho de forma\u00e7\u00e3o educacional tribut\u00e1ria, atrav\u00e9s de uma linguagem acess\u00edvel e inusitada nas redes sociais. \u00c9 a primeira profissional do Brasil especializada em tributa\u00e7\u00e3o para investidores de Bolsa brasileira e americana, e \u00e9 autora do livro \\\"101 Perguntas e Respostas Sobre Tributa\u00e7\u00e3o em Renda Vari\u00e1vel. Youtube: https:\/\/www.youtube.com\/c\/ContadoradaBolsa\",\"sameAs\":[\"https:\/\/www.youtube.com\/c\/ContadoradaBolsa\",\"https:\/\/www.instagram.com\/contadoradabolsa\",\"https:\/\/www.linkedin.com\/in\/alice-porto-14b28b9a\/\",\"https:\/\/x.com\/_aliceporto\"],\"url\":\"https:\/\/www.suno.com.br\/noticias\/author\/alice-porto\/\"}]}<\/script>\n<!-- \/ Yoast SEO plugin. -->","yoast_head_json":{"title":"Investidores na Bolsa de Valores devem declarar suas opera\u00e7\u00f5es para a Receita Federal at\u00e9 30 de abril","description":"A partir do momento que o investidor aplica um Real sequer em renda vari\u00e1vel na Bolsa de Valores, o radar da Receita \u00e9 acionado","robots":{"index":"index","follow":"follow","max-snippet":"max-snippet:-1","max-image-preview":"max-image-preview:large","max-video-preview":"max-video-preview:-1"},"canonical":"https:\/\/www.suno.com.br\/noticias\/colunas\/alice-porto\/investidores-na-bolsa-de-valores-devem-declarar-suas-operacoes-para-a-receita-federal-ate-30-de-abril\/","og_locale":"pt_BR","og_type":"article","og_title":"Investidores na Bolsa de Valores devem declarar suas opera\u00e7\u00f5es para a Receita Federal at\u00e9 30 de abril","og_description":"A partir do momento que o investidor aplica um Real sequer em renda vari\u00e1vel na Bolsa de Valores, o radar da Receita \u00e9 acionado","og_url":"https:\/\/www.suno.com.br\/noticias\/colunas\/alice-porto\/investidores-na-bolsa-de-valores-devem-declarar-suas-operacoes-para-a-receita-federal-ate-30-de-abril\/","og_site_name":"Suno Not\u00edcias","article_publisher":"https:\/\/facebook.com\/sunoresearch","og_image":[{"width":1200,"height":627,"url":"https:\/\/files.sunoresearch.com.br\/n\/uploads\/2022\/06\/Modelo2.jpg","type":"image\/jpeg"}],"twitter_card":"summary_large_image","twitter_site":"@sunoresearch","twitter_misc":{"Est. tempo de leitura":"3 minutos"},"schema":{"@context":"https:\/\/schema.org","@graph":[{"@type":"Article","@id":"https:\/\/www.suno.com.br\/noticias\/colunas\/alice-porto\/investidores-na-bolsa-de-valores-devem-declarar-suas-operacoes-para-a-receita-federal-ate-30-de-abril\/#article","isPartOf":{"@id":"https:\/\/www.suno.com.br\/noticias\/colunas\/alice-porto\/investidores-na-bolsa-de-valores-devem-declarar-suas-operacoes-para-a-receita-federal-ate-30-de-abril\/"},"author":{"name":"Alice Porto","@id":"https:\/\/www.suno.com.br\/noticias\/#\/schema\/person\/7bace7aa1ad3a4850791903590cccb84"},"headline":"Investidores na Bolsa de Valores devem declarar suas opera\u00e7\u00f5es para a Receita Federal at\u00e9 30 de abril","datePublished":"2022-02-24T11:00:02+00:00","dateModified":"2022-03-04T18:52:56+00:00","mainEntityOfPage":{"@id":"https:\/\/www.suno.com.br\/noticias\/colunas\/alice-porto\/investidores-na-bolsa-de-valores-devem-declarar-suas-operacoes-para-a-receita-federal-ate-30-de-abril\/"},"wordCount":724,"publisher":{"@id":"https:\/\/www.suno.com.br\/noticias\/#organization"},"keywords":["Bolsa de Valores"],"inLanguage":"pt-BR"},{"@type":"WebPage","@id":"https:\/\/www.suno.com.br\/noticias\/colunas\/alice-porto\/investidores-na-bolsa-de-valores-devem-declarar-suas-operacoes-para-a-receita-federal-ate-30-de-abril\/","url":"https:\/\/www.suno.com.br\/noticias\/colunas\/alice-porto\/investidores-na-bolsa-de-valores-devem-declarar-suas-operacoes-para-a-receita-federal-ate-30-de-abril\/","name":"Investidores na Bolsa de Valores devem declarar suas opera\u00e7\u00f5es para a Receita Federal at\u00e9 30 de abril","isPartOf":{"@id":"https:\/\/www.suno.com.br\/noticias\/#website"},"datePublished":"2022-02-24T11:00:02+00:00","dateModified":"2022-03-04T18:52:56+00:00","description":"A partir do momento que o investidor aplica um Real sequer em renda vari\u00e1vel na Bolsa de Valores, o radar da Receita \u00e9 acionado","breadcrumb":{"@id":"https:\/\/www.suno.com.br\/noticias\/colunas\/alice-porto\/investidores-na-bolsa-de-valores-devem-declarar-suas-operacoes-para-a-receita-federal-ate-30-de-abril\/#breadcrumb"},"inLanguage":"pt-BR","potentialAction":[{"@type":"ReadAction","target":["https:\/\/www.suno.com.br\/noticias\/colunas\/alice-porto\/investidores-na-bolsa-de-valores-devem-declarar-suas-operacoes-para-a-receita-federal-ate-30-de-abril\/"]}]},{"@type":"BreadcrumbList","@id":"https:\/\/www.suno.com.br\/noticias\/colunas\/alice-porto\/investidores-na-bolsa-de-valores-devem-declarar-suas-operacoes-para-a-receita-federal-ate-30-de-abril\/#breadcrumb","itemListElement":[{"@type":"ListItem","position":1,"name":"Not\u00edcias","item":"https:\/\/www.suno.com.br\/noticias\/"},{"@type":"ListItem","position":2,"name":"Colunas","item":"https:\/\/www.suno.com.br\/noticias\/colunas\/"},{"@type":"ListItem","position":3,"name":"Investidores na Bolsa de Valores devem declarar suas opera\u00e7\u00f5es para a Receita Federal at\u00e9 30 de abril"}]},{"@type":"WebSite","@id":"https:\/\/www.suno.com.br\/noticias\/#website","url":"https:\/\/www.suno.com.br\/noticias\/","name":"Suno Not\u00edcias","description":"Seu portal de informa\u00e7\u00e3o sobre o mundo dos investimentos","publisher":{"@id":"https:\/\/www.suno.com.br\/noticias\/#organization"},"potentialAction":[{"@type":"SearchAction","target":{"@type":"EntryPoint","urlTemplate":"https:\/\/www.suno.com.br\/noticias\/?s={search_term_string}"},"query-input":{"@type":"PropertyValueSpecification","valueRequired":true,"valueName":"search_term_string"}}],"inLanguage":"pt-BR"},{"@type":"Organization","@id":"https:\/\/www.suno.com.br\/noticias\/#organization","name":"Suno Not\u00edcias","url":"https:\/\/www.suno.com.br\/noticias\/","logo":{"@type":"ImageObject","inLanguage":"pt-BR","@id":"https:\/\/www.suno.com.br\/noticias\/#\/schema\/logo\/image\/","url":"https:\/\/files.sunoresearch.com.br\/n\/uploads\/2021\/09\/suno-logo.png","contentUrl":"https:\/\/files.sunoresearch.com.br\/n\/uploads\/2021\/09\/suno-logo.png","width":180,"height":180,"caption":"Suno Not\u00edcias"},"image":{"@id":"https:\/\/www.suno.com.br\/noticias\/#\/schema\/logo\/image\/"},"sameAs":["https:\/\/facebook.com\/sunoresearch","https:\/\/x.com\/sunoresearch","https:\/\/www.instagram.com\/suno","https:\/\/www.linkedin.com\/company\/suno-research\/","https:\/\/www.youtube.com\/c\/sunoresearch"]},{"@type":"Person","@id":"https:\/\/www.suno.com.br\/noticias\/#\/schema\/person\/7bace7aa1ad3a4850791903590cccb84","name":"Alice Porto","image":{"@type":"ImageObject","inLanguage":"pt-BR","@id":"https:\/\/www.suno.com.br\/noticias\/#\/schema\/person\/image\/","url":"https:\/\/secure.gravatar.com\/avatar\/ca59176af9d0c3b016a44136d2586050?s=96&r=g","contentUrl":"https:\/\/secure.gravatar.com\/avatar\/ca59176af9d0c3b016a44136d2586050?s=96&r=g","caption":"Alice Porto"},"description":"Alice Porto \u00e9 empreendedora com mais de 25 anos de experi\u00eancia multidisciplinar em Gest\u00e3o de Neg\u00f3cios, nos setores de ind\u00fastria, com\u00e9rcio e assessoria tribut\u00e1ria de investimentos de Bolsa, e tamb\u00e9m realiza um trabalho de forma\u00e7\u00e3o educacional tribut\u00e1ria, atrav\u00e9s de uma linguagem acess\u00edvel e inusitada nas redes sociais. \u00c9 a primeira profissional do Brasil especializada em tributa\u00e7\u00e3o para investidores de Bolsa brasileira e americana, e \u00e9 autora do livro \"101 Perguntas e Respostas Sobre Tributa\u00e7\u00e3o em Renda Vari\u00e1vel. Youtube: https:\/\/www.youtube.com\/c\/ContadoradaBolsa","sameAs":["https:\/\/www.youtube.com\/c\/ContadoradaBolsa","https:\/\/www.instagram.com\/contadoradabolsa","https:\/\/www.linkedin.com\/in\/alice-porto-14b28b9a\/","https:\/\/x.com\/_aliceporto"],"url":"https:\/\/www.suno.com.br\/noticias\/author\/alice-porto\/"}]}},"amp_enabled":true,"_links":{"self":[{"href":"https:\/\/www.suno.com.br\/noticias\/wp-json\/wp\/v2\/suno_column\/234989"}],"collection":[{"href":"https:\/\/www.suno.com.br\/noticias\/wp-json\/wp\/v2\/suno_column"}],"about":[{"href":"https:\/\/www.suno.com.br\/noticias\/wp-json\/wp\/v2\/types\/suno_column"}],"author":[{"embeddable":true,"href":"https:\/\/www.suno.com.br\/noticias\/wp-json\/wp\/v2\/users\/96"}],"wp:attachment":[{"href":"https:\/\/www.suno.com.br\/noticias\/wp-json\/wp\/v2\/media?parent=234989"}],"wp:term":[{"taxonomy":"post_tag","embeddable":true,"href":"https:\/\/www.suno.com.br\/noticias\/wp-json\/wp\/v2\/tags?post=234989"}],"curies":[{"name":"wp","href":"https:\/\/api.w.org\/{rel}","templated":true}]}}