{"id":234100,"date":"2022-02-21T13:33:21","date_gmt":"2022-02-21T16:33:21","guid":{"rendered":"https:\/\/www.suno.com.br\/noticias\/colunas\/felipe-areia\/\/"},"modified":"2022-02-22T15:42:37","modified_gmt":"2022-02-22T18:42:37","slug":"possivel-acord","status":"publish","type":"suno_column","link":"https:\/\/www.suno.com.br\/noticias\/colunas\/julio-hegedus-netto\/possivel-acord\/","title":{"rendered":"Poss\u00edvel acordo"},"content":{"rendered":"<p>Semana se inicia com os mercados atentos ao desenrolar das <strong>negocia\u00e7\u00f5es entre os pa\u00edses da OTAN e a R\u00fassia<\/strong>. Uma boa not\u00edcia foi nesta madrugada Macron avan\u00e7ar nos di\u00e1logos com Putin. Um acordo pode estar sendo \u201ccosturado\u201d neste momento cr\u00edtico de \u201cquase guerra\u201d.<\/p>\n\t<p>\n\t\t<a href=\"https:\/\/lp.suno.com.br\/planilha-controle-gastos\/\" target=\"_blank\" data-element=\"shortcode-suno-banner\" title=\"Banner SUNO, clique e saiba mais\">\n\t\t\t<picture>\n\t\t\t\t<source media=\"(max-width: 500px)\" srcset=\"https:\/\/files.sunoresearch.com.br\/n\/uploads\/2023\/03\/400x300-Planilha-controle-de-gastos.png\">\n\t\t\t\t<img class=\"newsContent__article__imgCapa newsContent__article__imgCapa--banner\"\n\t\t\t\t\tsrc=\"https:\/\/files.sunoresearch.com.br\/n\/uploads\/2023\/03\/1420x240-Planilha-controle-de-gastos.png\"\n\t\t\t\t\tdata-promo-id=\"101751\"\t\t\t\t\t\t\t\t\t\twidth='1420' height='240'\t\t\t\t\talt=\"https:\/\/files.sunoresearch.com.br\/n\/uploads\/2023\/03\/1420x240-Planilha-controle-de-gastos.png\"\n\t\t\t\t>\n\t\t\t<\/picture>\n\t\t<\/a>\n\t<\/p>\n\n\n<p>Hoje, feriado nos EUA (Dia do Presidente), com todos os mercados de NY fechados e menor liquidez nos outros mercados. Aguardemos o <strong>PCE<\/strong> na sexta-feira, medida muito usada pelo Fed para <strong>medir a varia\u00e7\u00e3o de pre\u00e7os.<\/strong><\/p>\n<p>No Brasil, \u00e9 destaque, antes do Carnaval, o <strong>IPCA-15 de fevereiro<\/strong> na quarta-feira, al\u00e9m de uma bateria de balan\u00e7os corporativos importantes, como Petrobras (PETR4) na quarta e Vale (VALE3) na quinta-feira. A quest\u00e3o fiscal volta \u00e0 ordem do dia, com a divulga\u00e7\u00e3o dos <strong>dados fiscais consolidados<\/strong> de janeiro e as negocia\u00e7\u00f5es no Senado sobre o projeto de isen\u00e7\u00e3o dos combust\u00edveis.<\/p>\n<table>\n<tbody>\n<tr>\n<td>Semana decisiva nas negocia\u00e7\u00f5es entre a OTAN e a R\u00fassia, neste imbr\u00f3glio sobre a invas\u00e3o da Ucr\u00e2nia. O clima de chantagens e exig\u00eancias preocupa. Quem est\u00e1 agindo de forma truculenta e errada? Dif\u00edcil saber neste momento.<\/td>\n<td>Pesquisa eleitoral do Ipespe mostra Tarc\u00edsio Freitas, ministro de Bolsonaro e candidato \u00e0 SP, com boas possibilidades. Na disputa nacional, Lula segue na frente, mas situa\u00e7\u00e3o j\u00e1 n\u00e3o \u00e9 mais t\u00e3o confort\u00e1vel.<\/td>\n<\/tr>\n<\/tbody>\n<\/table>\n<p><strong>A semana<\/strong><\/p>\n<p>Os mercados abrem nesta segunda-feira \u201c\u00e0 meia bomba\u201d pelo feriado nos EUA, mas tamb\u00e9m otimistas e atentos pelo desenrolar das negocia\u00e7\u00f5es em torno de uma poss\u00edvel tr\u00e9gua para o conflito b\u00e9lico do Leste Europeu.<\/p>\n<p>Uma conversa\u00e7\u00e3o, nesta madrugada, entre Macron e Putin, abriu uma janela de esperan\u00e7a de que esta amea\u00e7a seja dissipada, mas toda cautela \u00e9 necess\u00e1ria. O mercado global, numa <a class=\"suno-keyword\" href=\"https:\/\/www.suno.com.br\/artigos\/aversao-ao-risco\/\" target=\"_blank\" rel=\"noopener\" data-force=\"no\" data-priority=\"1\">avers\u00e3o ao risco<\/a> generalizada, atua na expectativa, mas lufadas de otimismo acontecem.<\/p>\n\t<p>\n\t\t<a href=\"https:\/\/lp.suno.com.br\/planilha-da-vida-financeira\/\" target=\"_blank\" data-element=\"shortcode-suno-banner\" title=\"Banner SUNO, clique e saiba mais\">\n\t\t\t<picture>\n\t\t\t\t<source media=\"(max-width: 500px)\" srcset=\"https:\/\/files.sunoresearch.com.br\/n\/uploads\/2023\/04\/400x300-Planilha-vida-financeira-true.png\">\n\t\t\t\t<img class=\"newsContent__article__imgCapa newsContent__article__imgCapa--banner\"\n\t\t\t\t\tsrc=\"https:\/\/files.sunoresearch.com.br\/n\/uploads\/2023\/04\/1420x240-Planilha-vida-financeira-true.png\"\n\t\t\t\t\tdata-promo-id=\"106682\"\t\t\t\t\t\t\t\t\t\twidth='1420' height='240'\t\t\t\t\talt=\"https:\/\/files.sunoresearch.com.br\/n\/uploads\/2023\/04\/1420x240-Planilha-vida-financeira-true.png\"\n\t\t\t\t>\n\t\t\t<\/picture>\n\t\t<\/a>\n\t<\/p>\n\n\n<p>Neste final de semana, com as tropas russas ainda se movimentando nas fronteiras, v\u00e1rios epis\u00f3dios de provoca\u00e7\u00e3o, entre os rebeldes separatistas do Leste e os soldados ucranianos, foram observados.<\/p>\n<p>Nas fronteiras, as movimenta\u00e7\u00f5es de tropas russas seguem intensas. S\u00e3o mais de 120 mil soldados, equipamentos pesados, e navios no Mar Negro. Em Donetsk, regi\u00e3o separatista, v\u00e1rias emboscadas ocorreram, partindo de ambos os lados, ucranianos e separatistas. Por l\u00e1, um ensaio de uma guerra aberta nos parece percept\u00edvel.<\/p>\n<p>Na madrugada deste domingo, Emmanuel Macron, presidente da Fran\u00e7a, e Vladimir Putin, avan\u00e7aram nas tratativas de negocia\u00e7\u00f5es de um acordo nesta semana. Al\u00edvio para os mercados, que j\u00e1 previam como certa uma invas\u00e3o.<\/p>\n<p>Estes, por\u00e9m, andam mais preocupados com o comportamento dos bancos centrais, em resposta \u00e0 uma infla\u00e7\u00e3o mais elevada neste momento p\u00f3s-Covid e a retomada global.<\/p>\n\t<p>\n\t\t<a href=\"https:\/\/lp.suno.com.br\/ebook-como-analisar-uma-acao\/\" target=\"_blank\" data-element=\"shortcode-suno-banner\" title=\"Banner SUNO, clique e saiba mais\">\n\t\t\t<picture>\n\t\t\t\t<source media=\"(max-width: 500px)\" srcset=\"https:\/\/files.sunoresearch.com.br\/n\/uploads\/2023\/03\/Ebook-Acoes-Mobile-1.jpg\">\n\t\t\t\t<img class=\"newsContent__article__imgCapa newsContent__article__imgCapa--banner\"\n\t\t\t\t\tsrc=\"https:\/\/files.sunoresearch.com.br\/n\/uploads\/2023\/03\/Ebook-Acoes-Desktop-1.jpg\"\n\t\t\t\t\tdata-promo-id=\"171998\"\t\t\t\t\t\t\t\t\t\twidth='1420' height='286'\t\t\t\t\talt=\"https:\/\/files.sunoresearch.com.br\/n\/uploads\/2023\/03\/Ebook-Acoes-Desktop-1.jpg\"\n\t\t\t\t>\n\t\t\t<\/picture>\n\t\t<\/a>\n\t<\/p>\n\n\n<p>No \u201crescaldo\u201d desta crise geopol\u00edtica, alguns meses s\u00e3o previstos de mais tens\u00f5es e intensa volatilidade nos mercados. A torcida de todos \u00e9 de que ambos os lados sentem numa mesa de negocia\u00e7\u00e3o e cheguem a um acordo. Isso porque neste demonstrativo de for\u00e7as, todos tendem a perder. Os custos econ\u00f4micos e pol\u00edticos s\u00e3o por demais elevados. A <a class=\"suno-keyword\" href=\"https:\/\/www.suno.com.br\/artigos\/uniao-europeia\/\" target=\"_blank\" rel=\"noopener\" data-force=\"no\" data-priority=\"2\">Uni\u00e3o Europeia<\/a>, por exemplo, seria uma das mais impactadas por 40% das suas importa\u00e7\u00f5es serem de g\u00e1s e 30% de petr\u00f3leo dos russos. Estes tamb\u00e9m acabariam impactados pela perda de receita. No mapa abaixo podemos ver como h\u00e1 capilaridades no fornecimento de g\u00e1s \u00e0 Europa.<\/p>\n<figure id=\"attachment_234106\" aria-describedby=\"caption-attachment-234106\" style=\"width: 682px\" class=\"wp-caption alignnone\"><img loading=\"lazy\" decoding=\"async\" class=\"size-full wp-image-234106\" src=\"https:\/\/files.sunoresearch.com.br\/n\/uploads\/2022\/02\/Imagem1-2.jpg\" alt=\"Log\u00edstica de g\u00e1s na Europa\" width=\"682\" height=\"377\" srcset=\"https:\/\/files.sunoresearch.com.br\/n\/uploads\/2022\/02\/Imagem1-2.jpg 682w, https:\/\/files.sunoresearch.com.br\/n\/uploads\/2022\/02\/Imagem1-2-300x166.jpg 300w, https:\/\/files.sunoresearch.com.br\/n\/uploads\/2022\/02\/Imagem1-2-150x83.jpg 150w\" sizes=\"(max-width: 682px) 100vw, 682px\" \/><figcaption id=\"caption-attachment-234106\" class=\"wp-caption-text\">Log\u00edstica de g\u00e1s na Europa<\/figcaption><\/figure>\n<p>INDICADORES<\/p>\n<p>Nos EUA<br \/>\nVendas de moradias usadas em janeiro subiram 6,7% contra proje\u00e7\u00e3o de queda de 1,3%. Em dezembro, a queda foi de 4,6%.<\/p>\n<p>No Reino Unido<br \/>\nVendas de varejo subiram 1,9% em janeiro contra dezembro, um pouco abaixo do previsto, de +2%.<\/p>\n<p>Na R\u00fassia<br \/>\nCrescimento do PIB foi de 4,7% em 2021, depois de queda de 2,7% em 2020 por causa da Covid.<\/p>\n<p>No Jap\u00e3o<br \/>\nNa leitura preliminar do PMI composto, a queda foi de 49,9 para 44,6 em fevereiro.<\/p>\n\t<p>\n\t\t<a href=\"https:\/\/lp.suno.com.br\/planilha-de-controle-de-investimentos\/\" target=\"_blank\" data-element=\"shortcode-suno-banner\" title=\"Banner SUNO, clique e saiba mais\">\n\t\t\t<picture>\n\t\t\t\t<source media=\"(max-width: 500px)\" srcset=\"https:\/\/files.sunoresearch.com.br\/n\/uploads\/2023\/03\/400x300-Controle-de-Investimentos.png\">\n\t\t\t\t<img class=\"newsContent__article__imgCapa newsContent__article__imgCapa--banner\"\n\t\t\t\t\tsrc=\"https:\/\/files.sunoresearch.com.br\/n\/uploads\/2023\/03\/1420x240-Controle-de-Investimentos.png\"\n\t\t\t\t\tdata-promo-id=\"75934\"\t\t\t\t\t\t\t\t\t\twidth='1420' height='240'\t\t\t\t\talt=\"https:\/\/files.sunoresearch.com.br\/n\/uploads\/2023\/03\/1420x240-Controle-de-Investimentos.png\"\n\t\t\t\t>\n\t\t\t<\/picture>\n\t\t<\/a>\n\t<\/p>\n\n\n<p>MERCADOS<br \/>\nMercados iniciam a semana num clima de mais otimismo, diante da sinaliza\u00e7\u00e3o de um acordo entre russos e a OTAN, sobre o conflito na Ucr\u00e2nia. Nos EUA, hoje \u00e9 feriado, Dia do Presidente.<\/p>\n<p>No Brasil, o Ibovespa fechou sexta-feira (18) em queda de 0,57%, a 112.879 pontos. J\u00e1 o d\u00f3lar fechou em queda de 0,49%, a R$ 5,141. Na semana, a moeda registrou queda de 1,93%, sexta desvaloriza\u00e7\u00e3o semanal.<\/p>\n<p>Nos futuros do dia 21 de fevereiro (5h11), o Ibov RECUAVA 0,69%, a 114.300 pontos e o d\u00f3lar a R$ 5,139. No mercado de Treasuries, BR 2Y RECUANDO FORTE 5,35%, a 11,53, BR 5Y -0,28%, a 11,11, e BR 10Y, -0,44%, a 11,21. Ao fim, o \u201c<a class=\"suno-keyword\" href=\"https:\/\/www.suno.com.br\/artigos\/embi\/\" target=\"_blank\" rel=\"noopener\" data-force=\"no\" data-priority=\"1\">risco Brasil<\/a>\u201d, CDS 5 ANOS, a 225,2 pontos.<\/p>\n<p>Na madrugada do dia 21\/02, na Europa (05h12), os mercados futuros operavam EM ALTA: DAX (Alemanha) +0,94%, a 15.184 pontos; <a class=\"suno-keyword\" href=\"https:\/\/www.suno.com.br\/artigos\/ftse-100\/\" target=\"_blank\" rel=\"noopener\" data-force=\"no\" data-priority=\"1\">FTSE 100<\/a> (Reino Unido), +0,62%, a 7.560 pontos; <a class=\"suno-keyword\" href=\"https:\/\/www.suno.com.br\/artigos\/cac-40\/\" target=\"_blank\" rel=\"noopener\" data-force=\"no\" data-priority=\"1\">CAC 40<\/a>, +0,70%, a 6.978 pontos, e EuroStoxx50 +0,67%, a 4.101 pontos.<\/p>\n<p>Na madrugada do dia 21\/02, na \u00c1sia (5h11), os mercados operaram MISTOS: S&amp;P\/ASX (Austr\u00e1lia), +0,16%, a 7.233 pontos; Nikkei (Jap\u00e3o) -0,78%, a 26.910 pontos; KOSPI (Cor\u00e9ia), -0,03%, a 2.743 pontos; Shanghai +0,04%, a 3.490, e <a class=\"suno-keyword\" href=\"https:\/\/www.suno.com.br\/artigos\/hang-seng\/\" target=\"_blank\" rel=\"noopener\" data-force=\"no\" data-priority=\"1\">Hang Seng<\/a>, -0,65%, a 24.169 pontos.<\/p>\n<p>Nos EUA, as bolsas de NY, NO <a class=\"suno-keyword\" href=\"https:\/\/www.suno.com.br\/artigos\/contrato-futuro\/\" target=\"_blank\" rel=\"noopener\" data-force=\"no\" data-priority=\"1\">MERCADO FUTURO<\/a>, operavam em ALTA (AJUSTE) neste dia 21\/02 (05h12): Dow Jones, +0,83%, 34.289 pontos; S&amp;P500 +0,83%, 4.379 pontos, e Nasdaq +0,70%, a 14.108 pontos. No VIX S&amp;P500, -3,26%, 27,23 pontos.<\/p>\n<p>No mercado de Treasuries, US 2Y RECUANDO 0,16%, a 1,4696, US 10Y -0,17%, a 1,9270, e US 30Y, -0,31%, a 2,2420. No DXY, o d\u00f3lar EM QUEDA DE 0,31%, a 95,72, e <a class=\"suno-keyword\" href=\"https:\/\/www.suno.com.br\/artigos\/wti\/\" target=\"_blank\" rel=\"noopener\" data-force=\"no\" data-priority=\"1\">Petr\u00f3leo WTI<\/a>, a US$ 89,69 (-0,58%) e Petr\u00f3leo Brent US$ 90,99 -0,44%); G\u00e1s Natural +3,86%, a US$ 4,55 e Min\u00e9rio de Ferro, +4,74%, a US$ 707.<\/p>\n<p>Agenda. Estejamos atentos \u00e0s tens\u00f5es no Leste Europeu, mas tamb\u00e9m no Brasil ao IPCA-15 de fevereiro na quarta-feira. Consenso de mercado \u00e9 de 0,80%. Na sexta-feira temos o IGP-M, com previs\u00e3o de 1,70%. Na quinta-feira temos a taxa de desemprego pela PNAD Cont\u00ednua, de dezembro \u00faltimo. Taxa deve gravitar em torno de 11,2% da PEA, com perspectiva de aumento de vagas formais. Concluindo a agenda local, temos os dados externos de janeiro na quarta-feira.<\/p>\n<p>Pela agenda internacional, destaque para o PIB do quarto trimestre, nos EUA na quinta-feira. Mercado prev\u00ea um avan\u00e7o entre 6,5% e 7,0% pela taxa anualizada. Estejamos atentos tamb\u00e9m ao Conference Board de Michigan na sexta-feira.<\/p>\n<p>Na Europa, os principais indicadores saem nesta segunda-feira: PMI: Alemanha, <a class=\"suno-keyword\" href=\"https:\/\/www.suno.com.br\/artigos\/zona-do-euro\/\" target=\"_blank\" rel=\"noopener\" data-force=\"no\" data-priority=\"1\">Zona do Euro<\/a> e Reino Unido.<\/p>\n<table>\n<tbody>\n<tr>\n<td><strong>Agenda Semanal<\/strong><\/td>\n<td><strong>\u00a0<\/strong><\/td>\n<\/tr>\n<tr>\n<td><strong>2\u00aa feira (21)<\/strong><\/td>\n<td>Boletim Focus (8h25); (\ud83c\uddea\ud83c\uddfa) Infla\u00e7\u00e3o da Alemanha (4h); (\ud83c\uddea\ud83c\uddfa) PMI alem\u00e3o (5h30); (\ud83c\uddea\ud83c\uddfa) PMI na zona do euro (6h); PMI do Reino Unido (6h30).<\/td>\n<\/tr>\n<tr>\n<td><strong>3\u00aa feira (22)<\/strong><\/td>\n<td>(Brasil) <a class=\"suno-keyword\" href=\"https:\/\/www.suno.com.br\/artigos\/confianca-do-consumidor\/\" target=\"_blank\" rel=\"noopener\" data-force=\"no\" data-priority=\"1\">Confian\u00e7a do consumidor<\/a> (8h); (EUA) PMI Industrial (11h45); e PMI do Setor de Servi\u00e7os (11h45); (Brasil) Resultados do 4T21 de BRF, Localiza, Raia Drogasil e Telef\u00f4nica.<\/td>\n<\/tr>\n<tr>\n<td><strong>4\u00aa feira (23)<\/strong><\/td>\n<td>(Brasil) IPCA-15 (9h); (Uni\u00e3o Europeia) IPC de Janeiro (7h); (Brasil) Resultados do 4T21 de Gerdau, GPA, Minerva, Odontoprev, Petrobras, S\u00e3o Carlos, Simpar, SulAm\u00e9rica, TIM e Ultrapar<\/td>\n<\/tr>\n<tr>\n<td><strong>5\u00aa feira (24)<\/strong><\/td>\n<td>(EUA) Pedidos Cont\u00ednuos por Seguro-Desemprego (10h30); (EUA) Produto Interno Bruto (PIB) (10h30); (Brasil) Governo Central de janeiro; (Brasil) Resultados do 4T21 de AES Brasil, Ambev, Americanas, Azul, CCR, Hypera, IRB Brasil, JHSF, Ouro Fino, Sanepar e Vale.<\/td>\n<\/tr>\n<tr>\n<td><strong>6\u00aa feira (25)<\/strong><\/td>\n<td>(Brasil) Dados do governo consolidado (Janeiro); (Brasil) \u00cdndice de Evolu\u00e7\u00e3o de Emprego do CAGED de Janeiro (a definir); (Brasil) IGP-M de Fevereiro (8h); (EUA) PCE de janeiro; Braskem re\u00fane acionistas em assembleia para deliberar sobre a convers\u00e3o das <a class=\"suno-keyword\" href=\"https:\/\/www.suno.com.br\/artigos\/acoes-preferenciais\/\" target=\"_blank\" rel=\"noopener\" data-force=\"no\" data-priority=\"1\">a\u00e7\u00f5es preferenciais<\/a> classe B em a\u00e7\u00f5es preferenciais classe A; (Brasil) Resultado do 4T21 de Marcopolo.<\/td>\n<\/tr>\n<\/tbody>\n<\/table>\n\t<p>\n\t\t<a href=\"\" target=\"_blank\" data-element=\"shortcode-suno-banner\" title=\"Banner SUNO, clique e saiba mais\">\n\t\t\t<picture>\n\t\t\t\t<source media=\"(max-width: 500px)\" srcset=\"\">\n\t\t\t\t<img class=\"newsContent__article__imgCapa newsContent__article__imgCapa--banner\"\n\t\t\t\t\tsrc=\"\"\n\t\t\t\t\tdata-promo-id=\"184190\"\t\t\t\t\t\t\t\t\t\t\t\t\t\t\talt=\"\"\n\t\t\t\t>\n\t\t\t<\/picture>\n\t\t<\/a>\n\t<\/p>\n\n\n","protected":false},"excerpt":{"rendered":"<p>Semana se inicia com os mercados atentos ao desenrolar das negocia\u00e7\u00f5es entre os pa\u00edses da OTAN e a R\u00fassia. Uma boa not\u00edcia foi nesta madrugada Macron avan\u00e7ar nos di\u00e1lo&#8230;<\/p>\n","protected":false},"author":82,"featured_media":0,"template":"","tags":[],"class_list":["post-234100","suno_column","type-suno_column","status-publish","hentry"],"yoast_head":"<!-- This site is optimized with the Yoast SEO plugin v24.4 - https:\/\/yoast.com\/wordpress\/plugins\/seo\/ -->\n<title>Poss\u00edvel acordo - Coluna Julio Hegedus Netto<\/title>\n<meta name=\"description\" content=\"Leia a coluna Julio Hegedus Netto sobre como os mercados iniciam a semana num clima de mais otimismo, com sinais de acordo entre russos e a Otan\" \/>\n<meta name=\"robots\" content=\"index, follow, max-snippet:-1, max-image-preview:large, max-video-preview:-1\" \/>\n<link rel=\"canonical\" href=\"https:\/\/www.suno.com.br\/noticias\/colunas\/julio-hegedus-netto\/possivel-acord\/\" \/>\n<meta property=\"og:locale\" content=\"pt_BR\" \/>\n<meta property=\"og:type\" content=\"article\" \/>\n<meta property=\"og:title\" content=\"Poss\u00edvel acordo - Coluna Julio Hegedus Netto\" \/>\n<meta property=\"og:description\" content=\"Leia a coluna Julio Hegedus Netto sobre como os mercados iniciam a semana num clima de mais otimismo, com sinais de acordo entre russos e a Otan\" \/>\n<meta property=\"og:url\" content=\"https:\/\/www.suno.com.br\/noticias\/colunas\/julio-hegedus-netto\/possivel-acord\/\" \/>\n<meta property=\"og:site_name\" content=\"Suno Not\u00edcias\" \/>\n<meta property=\"article:publisher\" content=\"https:\/\/facebook.com\/sunoresearch\" \/>\n<meta property=\"og:image\" content=\"https:\/\/files.sunoresearch.com.br\/n\/uploads\/2022\/02\/Imagem1-2.jpg\" \/>\n<meta name=\"twitter:card\" content=\"summary_large_image\" \/>\n<meta name=\"twitter:site\" content=\"@sunoresearch\" \/>\n<meta name=\"twitter:label1\" content=\"Est. tempo de leitura\" \/>\n\t<meta name=\"twitter:data1\" content=\"6 minutos\" \/>\n<script type=\"application\/ld+json\" class=\"yoast-schema-graph\">{\"@context\":\"https:\/\/schema.org\",\"@graph\":[{\"@type\":\"Article\",\"@id\":\"https:\/\/www.suno.com.br\/noticias\/colunas\/julio-hegedus-netto\/possivel-acord\/#article\",\"isPartOf\":{\"@id\":\"https:\/\/www.suno.com.br\/noticias\/colunas\/julio-hegedus-netto\/possivel-acord\/\"},\"author\":{\"name\":\"Julio Hegedus Netto\",\"@id\":\"https:\/\/www.suno.com.br\/noticias\/#\/schema\/person\/c5d31719f2f2f38c8d575fc08e55df1a\"},\"headline\":\"Poss\u00edvel acordo\",\"datePublished\":\"2022-02-21T16:33:21+00:00\",\"dateModified\":\"2022-02-22T18:42:37+00:00\",\"mainEntityOfPage\":{\"@id\":\"https:\/\/www.suno.com.br\/noticias\/colunas\/julio-hegedus-netto\/possivel-acord\/\"},\"wordCount\":1256,\"publisher\":{\"@id\":\"https:\/\/www.suno.com.br\/noticias\/#organization\"},\"image\":{\"@id\":\"https:\/\/www.suno.com.br\/noticias\/colunas\/julio-hegedus-netto\/possivel-acord\/#primaryimage\"},\"thumbnailUrl\":\"https:\/\/files.sunoresearch.com.br\/n\/uploads\/2022\/02\/Imagem1-2.jpg\",\"inLanguage\":\"pt-BR\"},{\"@type\":\"WebPage\",\"@id\":\"https:\/\/www.suno.com.br\/noticias\/colunas\/julio-hegedus-netto\/possivel-acord\/\",\"url\":\"https:\/\/www.suno.com.br\/noticias\/colunas\/julio-hegedus-netto\/possivel-acord\/\",\"name\":\"Poss\u00edvel acordo - Coluna Julio Hegedus Netto\",\"isPartOf\":{\"@id\":\"https:\/\/www.suno.com.br\/noticias\/#website\"},\"primaryImageOfPage\":{\"@id\":\"https:\/\/www.suno.com.br\/noticias\/colunas\/julio-hegedus-netto\/possivel-acord\/#primaryimage\"},\"image\":{\"@id\":\"https:\/\/www.suno.com.br\/noticias\/colunas\/julio-hegedus-netto\/possivel-acord\/#primaryimage\"},\"thumbnailUrl\":\"https:\/\/files.sunoresearch.com.br\/n\/uploads\/2022\/02\/Imagem1-2.jpg\",\"datePublished\":\"2022-02-21T16:33:21+00:00\",\"dateModified\":\"2022-02-22T18:42:37+00:00\",\"description\":\"Leia a coluna Julio Hegedus Netto sobre como os mercados iniciam a semana num clima de mais otimismo, com sinais de acordo entre russos e a Otan\",\"breadcrumb\":{\"@id\":\"https:\/\/www.suno.com.br\/noticias\/colunas\/julio-hegedus-netto\/possivel-acord\/#breadcrumb\"},\"inLanguage\":\"pt-BR\",\"potentialAction\":[{\"@type\":\"ReadAction\",\"target\":[\"https:\/\/www.suno.com.br\/noticias\/colunas\/julio-hegedus-netto\/possivel-acord\/\"]}]},{\"@type\":\"ImageObject\",\"inLanguage\":\"pt-BR\",\"@id\":\"https:\/\/www.suno.com.br\/noticias\/colunas\/julio-hegedus-netto\/possivel-acord\/#primaryimage\",\"url\":\"https:\/\/files.sunoresearch.com.br\/n\/uploads\/2022\/02\/Imagem1-2.jpg\",\"contentUrl\":\"https:\/\/files.sunoresearch.com.br\/n\/uploads\/2022\/02\/Imagem1-2.jpg\"},{\"@type\":\"BreadcrumbList\",\"@id\":\"https:\/\/www.suno.com.br\/noticias\/colunas\/julio-hegedus-netto\/possivel-acord\/#breadcrumb\",\"itemListElement\":[{\"@type\":\"ListItem\",\"position\":1,\"name\":\"Not\u00edcias\",\"item\":\"https:\/\/www.suno.com.br\/noticias\/\"},{\"@type\":\"ListItem\",\"position\":2,\"name\":\"Colunas\",\"item\":\"https:\/\/www.suno.com.br\/noticias\/colunas\/\"},{\"@type\":\"ListItem\",\"position\":3,\"name\":\"Poss\u00edvel acordo\"}]},{\"@type\":\"WebSite\",\"@id\":\"https:\/\/www.suno.com.br\/noticias\/#website\",\"url\":\"https:\/\/www.suno.com.br\/noticias\/\",\"name\":\"Suno Not\u00edcias\",\"description\":\"Seu portal de informa\u00e7\u00e3o sobre o mundo dos investimentos\",\"publisher\":{\"@id\":\"https:\/\/www.suno.com.br\/noticias\/#organization\"},\"potentialAction\":[{\"@type\":\"SearchAction\",\"target\":{\"@type\":\"EntryPoint\",\"urlTemplate\":\"https:\/\/www.suno.com.br\/noticias\/?s={search_term_string}\"},\"query-input\":{\"@type\":\"PropertyValueSpecification\",\"valueRequired\":true,\"valueName\":\"search_term_string\"}}],\"inLanguage\":\"pt-BR\"},{\"@type\":\"Organization\",\"@id\":\"https:\/\/www.suno.com.br\/noticias\/#organization\",\"name\":\"Suno Not\u00edcias\",\"url\":\"https:\/\/www.suno.com.br\/noticias\/\",\"logo\":{\"@type\":\"ImageObject\",\"inLanguage\":\"pt-BR\",\"@id\":\"https:\/\/www.suno.com.br\/noticias\/#\/schema\/logo\/image\/\",\"url\":\"https:\/\/files.sunoresearch.com.br\/n\/uploads\/2021\/09\/suno-logo.png\",\"contentUrl\":\"https:\/\/files.sunoresearch.com.br\/n\/uploads\/2021\/09\/suno-logo.png\",\"width\":180,\"height\":180,\"caption\":\"Suno Not\u00edcias\"},\"image\":{\"@id\":\"https:\/\/www.suno.com.br\/noticias\/#\/schema\/logo\/image\/\"},\"sameAs\":[\"https:\/\/facebook.com\/sunoresearch\",\"https:\/\/x.com\/sunoresearch\",\"https:\/\/www.instagram.com\/suno\",\"https:\/\/www.linkedin.com\/company\/suno-research\/\",\"https:\/\/www.youtube.com\/c\/sunoresearch\"]},{\"@type\":\"Person\",\"@id\":\"https:\/\/www.suno.com.br\/noticias\/#\/schema\/person\/c5d31719f2f2f38c8d575fc08e55df1a\",\"name\":\"Julio Hegedus Netto\",\"image\":{\"@type\":\"ImageObject\",\"inLanguage\":\"pt-BR\",\"@id\":\"https:\/\/www.suno.com.br\/noticias\/#\/schema\/person\/image\/\",\"url\":\"https:\/\/secure.gravatar.com\/avatar\/870043f332ebddfffd4a9e3a5dd46c13?s=96&r=g\",\"contentUrl\":\"https:\/\/secure.gravatar.com\/avatar\/870043f332ebddfffd4a9e3a5dd46c13?s=96&r=g\",\"caption\":\"Julio Hegedus Netto\"},\"description\":\"Economista-chefe da Lopes Filho por 26 anos, com mestrado na UFF e na UCAM e doutorando em Portugal. Escrevo relat\u00f3rios para a OHM RESEARCH e disponibilizo conte\u00fados no IML, Investing.com, Linkedin e Suno Not\u00edcias.\",\"sameAs\":[\"https:\/\/jhn031299.blogspot.com\/\",\"https:\/\/www.facebook.com\/julio.hegedus.5\",\"https:\/\/www.linkedin.com\/in\/juliohegedusnetto\/\",\"https:\/\/x.com\/JuHegedus\"],\"url\":\"https:\/\/www.suno.com.br\/noticias\/author\/julio-hegedus-netto\/\"}]}<\/script>\n<!-- \/ Yoast SEO plugin. -->","yoast_head_json":{"title":"Poss\u00edvel acordo - Coluna Julio Hegedus Netto","description":"Leia a coluna Julio Hegedus Netto sobre como os mercados iniciam a semana num clima de mais otimismo, com sinais de acordo entre russos e a Otan","robots":{"index":"index","follow":"follow","max-snippet":"max-snippet:-1","max-image-preview":"max-image-preview:large","max-video-preview":"max-video-preview:-1"},"canonical":"https:\/\/www.suno.com.br\/noticias\/colunas\/julio-hegedus-netto\/possivel-acord\/","og_locale":"pt_BR","og_type":"article","og_title":"Poss\u00edvel acordo - Coluna Julio Hegedus Netto","og_description":"Leia a coluna Julio Hegedus Netto sobre como os mercados iniciam a semana num clima de mais otimismo, com sinais de acordo entre russos e a Otan","og_url":"https:\/\/www.suno.com.br\/noticias\/colunas\/julio-hegedus-netto\/possivel-acord\/","og_site_name":"Suno Not\u00edcias","article_publisher":"https:\/\/facebook.com\/sunoresearch","og_image":[{"url":"https:\/\/files.sunoresearch.com.br\/n\/uploads\/2022\/02\/Imagem1-2.jpg","type":"","width":"","height":""}],"twitter_card":"summary_large_image","twitter_site":"@sunoresearch","twitter_misc":{"Est. tempo de leitura":"6 minutos"},"schema":{"@context":"https:\/\/schema.org","@graph":[{"@type":"Article","@id":"https:\/\/www.suno.com.br\/noticias\/colunas\/julio-hegedus-netto\/possivel-acord\/#article","isPartOf":{"@id":"https:\/\/www.suno.com.br\/noticias\/colunas\/julio-hegedus-netto\/possivel-acord\/"},"author":{"name":"Julio Hegedus Netto","@id":"https:\/\/www.suno.com.br\/noticias\/#\/schema\/person\/c5d31719f2f2f38c8d575fc08e55df1a"},"headline":"Poss\u00edvel acordo","datePublished":"2022-02-21T16:33:21+00:00","dateModified":"2022-02-22T18:42:37+00:00","mainEntityOfPage":{"@id":"https:\/\/www.suno.com.br\/noticias\/colunas\/julio-hegedus-netto\/possivel-acord\/"},"wordCount":1256,"publisher":{"@id":"https:\/\/www.suno.com.br\/noticias\/#organization"},"image":{"@id":"https:\/\/www.suno.com.br\/noticias\/colunas\/julio-hegedus-netto\/possivel-acord\/#primaryimage"},"thumbnailUrl":"https:\/\/files.sunoresearch.com.br\/n\/uploads\/2022\/02\/Imagem1-2.jpg","inLanguage":"pt-BR"},{"@type":"WebPage","@id":"https:\/\/www.suno.com.br\/noticias\/colunas\/julio-hegedus-netto\/possivel-acord\/","url":"https:\/\/www.suno.com.br\/noticias\/colunas\/julio-hegedus-netto\/possivel-acord\/","name":"Poss\u00edvel acordo - Coluna Julio Hegedus Netto","isPartOf":{"@id":"https:\/\/www.suno.com.br\/noticias\/#website"},"primaryImageOfPage":{"@id":"https:\/\/www.suno.com.br\/noticias\/colunas\/julio-hegedus-netto\/possivel-acord\/#primaryimage"},"image":{"@id":"https:\/\/www.suno.com.br\/noticias\/colunas\/julio-hegedus-netto\/possivel-acord\/#primaryimage"},"thumbnailUrl":"https:\/\/files.sunoresearch.com.br\/n\/uploads\/2022\/02\/Imagem1-2.jpg","datePublished":"2022-02-21T16:33:21+00:00","dateModified":"2022-02-22T18:42:37+00:00","description":"Leia a coluna Julio Hegedus Netto sobre como os mercados iniciam a semana num clima de mais otimismo, com sinais de acordo entre russos e a Otan","breadcrumb":{"@id":"https:\/\/www.suno.com.br\/noticias\/colunas\/julio-hegedus-netto\/possivel-acord\/#breadcrumb"},"inLanguage":"pt-BR","potentialAction":[{"@type":"ReadAction","target":["https:\/\/www.suno.com.br\/noticias\/colunas\/julio-hegedus-netto\/possivel-acord\/"]}]},{"@type":"ImageObject","inLanguage":"pt-BR","@id":"https:\/\/www.suno.com.br\/noticias\/colunas\/julio-hegedus-netto\/possivel-acord\/#primaryimage","url":"https:\/\/files.sunoresearch.com.br\/n\/uploads\/2022\/02\/Imagem1-2.jpg","contentUrl":"https:\/\/files.sunoresearch.com.br\/n\/uploads\/2022\/02\/Imagem1-2.jpg"},{"@type":"BreadcrumbList","@id":"https:\/\/www.suno.com.br\/noticias\/colunas\/julio-hegedus-netto\/possivel-acord\/#breadcrumb","itemListElement":[{"@type":"ListItem","position":1,"name":"Not\u00edcias","item":"https:\/\/www.suno.com.br\/noticias\/"},{"@type":"ListItem","position":2,"name":"Colunas","item":"https:\/\/www.suno.com.br\/noticias\/colunas\/"},{"@type":"ListItem","position":3,"name":"Poss\u00edvel acordo"}]},{"@type":"WebSite","@id":"https:\/\/www.suno.com.br\/noticias\/#website","url":"https:\/\/www.suno.com.br\/noticias\/","name":"Suno Not\u00edcias","description":"Seu portal de informa\u00e7\u00e3o sobre o mundo dos investimentos","publisher":{"@id":"https:\/\/www.suno.com.br\/noticias\/#organization"},"potentialAction":[{"@type":"SearchAction","target":{"@type":"EntryPoint","urlTemplate":"https:\/\/www.suno.com.br\/noticias\/?s={search_term_string}"},"query-input":{"@type":"PropertyValueSpecification","valueRequired":true,"valueName":"search_term_string"}}],"inLanguage":"pt-BR"},{"@type":"Organization","@id":"https:\/\/www.suno.com.br\/noticias\/#organization","name":"Suno Not\u00edcias","url":"https:\/\/www.suno.com.br\/noticias\/","logo":{"@type":"ImageObject","inLanguage":"pt-BR","@id":"https:\/\/www.suno.com.br\/noticias\/#\/schema\/logo\/image\/","url":"https:\/\/files.sunoresearch.com.br\/n\/uploads\/2021\/09\/suno-logo.png","contentUrl":"https:\/\/files.sunoresearch.com.br\/n\/uploads\/2021\/09\/suno-logo.png","width":180,"height":180,"caption":"Suno Not\u00edcias"},"image":{"@id":"https:\/\/www.suno.com.br\/noticias\/#\/schema\/logo\/image\/"},"sameAs":["https:\/\/facebook.com\/sunoresearch","https:\/\/x.com\/sunoresearch","https:\/\/www.instagram.com\/suno","https:\/\/www.linkedin.com\/company\/suno-research\/","https:\/\/www.youtube.com\/c\/sunoresearch"]},{"@type":"Person","@id":"https:\/\/www.suno.com.br\/noticias\/#\/schema\/person\/c5d31719f2f2f38c8d575fc08e55df1a","name":"Julio Hegedus Netto","image":{"@type":"ImageObject","inLanguage":"pt-BR","@id":"https:\/\/www.suno.com.br\/noticias\/#\/schema\/person\/image\/","url":"https:\/\/secure.gravatar.com\/avatar\/870043f332ebddfffd4a9e3a5dd46c13?s=96&r=g","contentUrl":"https:\/\/secure.gravatar.com\/avatar\/870043f332ebddfffd4a9e3a5dd46c13?s=96&r=g","caption":"Julio Hegedus Netto"},"description":"Economista-chefe da Lopes Filho por 26 anos, com mestrado na UFF e na UCAM e doutorando em Portugal. Escrevo relat\u00f3rios para a OHM RESEARCH e disponibilizo conte\u00fados no IML, Investing.com, Linkedin e Suno Not\u00edcias.","sameAs":["https:\/\/jhn031299.blogspot.com\/","https:\/\/www.facebook.com\/julio.hegedus.5","https:\/\/www.linkedin.com\/in\/juliohegedusnetto\/","https:\/\/x.com\/JuHegedus"],"url":"https:\/\/www.suno.com.br\/noticias\/author\/julio-hegedus-netto\/"}]}},"amp_enabled":true,"_links":{"self":[{"href":"https:\/\/www.suno.com.br\/noticias\/wp-json\/wp\/v2\/suno_column\/234100"}],"collection":[{"href":"https:\/\/www.suno.com.br\/noticias\/wp-json\/wp\/v2\/suno_column"}],"about":[{"href":"https:\/\/www.suno.com.br\/noticias\/wp-json\/wp\/v2\/types\/suno_column"}],"author":[{"embeddable":true,"href":"https:\/\/www.suno.com.br\/noticias\/wp-json\/wp\/v2\/users\/82"}],"wp:attachment":[{"href":"https:\/\/www.suno.com.br\/noticias\/wp-json\/wp\/v2\/media?parent=234100"}],"wp:term":[{"taxonomy":"post_tag","embeddable":true,"href":"https:\/\/www.suno.com.br\/noticias\/wp-json\/wp\/v2\/tags?post=234100"}],"curies":[{"name":"wp","href":"https:\/\/api.w.org\/{rel}","templated":true}]}}