{"id":233790,"date":"2022-02-22T08:00:02","date_gmt":"2022-02-22T11:00:02","guid":{"rendered":"https:\/\/www.suno.com.br\/noticias\/colunas\/marco-lopes\/\/"},"modified":"2022-02-21T21:13:51","modified_gmt":"2022-02-22T00:13:51","slug":"como-gerenciar-o-burnout-nas-empresas","status":"publish","type":"suno_column","link":"https:\/\/www.suno.com.br\/noticias\/colunas\/pedro-signorelli\/como-gerenciar-o-burnout-nas-empresas\/","title":{"rendered":"Como gerenciar o Burnout nas empresas"},"content":{"rendered":"<p>A <strong>s\u00edndrome de Burnout<\/strong>, recentemente inclu\u00edda na Classifica\u00e7\u00e3o Internacional de Doen\u00e7as pela Organiza\u00e7\u00e3o Mundial da Sa\u00fade (OMS), \u00e9 uma realidade cada vez mais constante nas empresas. Para entender como o gestor deve agir diante de um caso de esgotamento profissional, devemos olhar o Burnout a partir de duas perspectivas, uma externa e outra interna.<\/p>\n\t<p>\n\t\t<a href=\"https:\/\/lp.suno.com.br\/planilha-controle-gastos\/\" target=\"_blank\" data-element=\"shortcode-suno-banner\" title=\"Banner SUNO, clique e saiba mais\">\n\t\t\t<picture>\n\t\t\t\t<source media=\"(max-width: 500px)\" srcset=\"https:\/\/files.sunoresearch.com.br\/n\/uploads\/2023\/03\/400x300-Planilha-controle-de-gastos.png\">\n\t\t\t\t<img class=\"newsContent__article__imgCapa newsContent__article__imgCapa--banner\"\n\t\t\t\t\tsrc=\"https:\/\/files.sunoresearch.com.br\/n\/uploads\/2023\/03\/1420x240-Planilha-controle-de-gastos.png\"\n\t\t\t\t\tdata-promo-id=\"101751\"\t\t\t\t\t\t\t\t\t\twidth='1420' height='240'\t\t\t\t\talt=\"https:\/\/files.sunoresearch.com.br\/n\/uploads\/2023\/03\/1420x240-Planilha-controle-de-gastos.png\"\n\t\t\t\t>\n\t\t\t<\/picture>\n\t\t<\/a>\n\t<\/p>\n\n\n<p>Do ponto de vista externo, temos um <strong>ambiente corporativo<\/strong> que se apresenta como desorganizado. Esse cen\u00e1rio pode ter suas causas localizadas nas ra\u00edzes da lideran\u00e7a e tamb\u00e9m nos processos de trabalho, como baixa capacidade de prioriza\u00e7\u00e3o,<strong> falta de foco<\/strong>, processos falhos, burocracia, falta de autonomia e microgest\u00e3o.<\/p>\n<p>Por outro lado, existe a perspectiva interna sobre o tema, que surge do fato de que o colaborador n\u00e3o consegue lidar com a situa\u00e7\u00e3o sozinho e encontra dificuldades para gerenciar os conflitos causados pelas diferentes demandas. Isso acaba resultando em afastamentos, aus\u00eancias por consultas m\u00e9dicas, baixo n\u00edvel de engajamento, <strong>baixa produtividade<\/strong>, entre outros. Esses elementos deveriam chamar a aten\u00e7\u00e3o do l\u00edder.<\/p>\n<p>Sendo assim, se um colaborador possivelmente chega nesta situa\u00e7\u00e3o \u00e9 porque houve <strong>falha de comunica\u00e7\u00e3o<\/strong> entre o l\u00edder e seu liderado. De um lado, est\u00e1 o l\u00edder que n\u00e3o percebeu e nem identificou o problema, e do outro est\u00e1 o colaborador, que n\u00e3o comunicou de forma adequada. N\u00e3o existe raz\u00e3o para terceirizar a culpa. O colaborador tem a primeira responsabilidade sobre a quest\u00e3o, mas o l\u00edder deve ajud\u00e1-lo, bem como a empresa.<\/p>\n\t<p>\n\t\t<a href=\"https:\/\/lp.suno.com.br\/planilha-da-vida-financeira\/\" target=\"_blank\" data-element=\"shortcode-suno-banner\" title=\"Banner SUNO, clique e saiba mais\">\n\t\t\t<picture>\n\t\t\t\t<source media=\"(max-width: 500px)\" srcset=\"https:\/\/files.sunoresearch.com.br\/n\/uploads\/2023\/04\/400x300-Planilha-vida-financeira-true.png\">\n\t\t\t\t<img class=\"newsContent__article__imgCapa newsContent__article__imgCapa--banner\"\n\t\t\t\t\tsrc=\"https:\/\/files.sunoresearch.com.br\/n\/uploads\/2023\/04\/1420x240-Planilha-vida-financeira-true.png\"\n\t\t\t\t\tdata-promo-id=\"106682\"\t\t\t\t\t\t\t\t\t\twidth='1420' height='240'\t\t\t\t\talt=\"https:\/\/files.sunoresearch.com.br\/n\/uploads\/2023\/04\/1420x240-Planilha-vida-financeira-true.png\"\n\t\t\t\t>\n\t\t\t<\/picture>\n\t\t<\/a>\n\t<\/p>\n\n\n<p>Depois que um colaborador \u00e9 diagnosticado com Burnout, o ideal \u00e9 n\u00e3o esconder essa condi\u00e7\u00e3o do time &#8212; por\u00e9m, n\u00e3o h\u00e1 necessidade de fazer alarde. Por se tratar de um tema que envolve a vida pessoal, a discri\u00e7\u00e3o \u00e9 essencial. \u00c9 poss\u00edvel que pessoas mais pr\u00f3ximas ao colaborador j\u00e1 tenham notado os sintomas e tentado ajudar, mas talvez sem muito sucesso.<\/p>\n\t<p>\n\t\t<a href=\"https:\/\/lp.suno.com.br\/planilha-de-controle-de-investimentos\/\" target=\"_blank\" data-element=\"shortcode-suno-banner\" title=\"Banner SUNO, clique e saiba mais\">\n\t\t\t<picture>\n\t\t\t\t<source media=\"(max-width: 500px)\" srcset=\"https:\/\/files.sunoresearch.com.br\/n\/uploads\/2023\/03\/400x300-Controle-de-Investimentos.png\">\n\t\t\t\t<img class=\"newsContent__article__imgCapa newsContent__article__imgCapa--banner\"\n\t\t\t\t\tsrc=\"https:\/\/files.sunoresearch.com.br\/n\/uploads\/2023\/03\/1420x240-Controle-de-Investimentos.png\"\n\t\t\t\t\tdata-promo-id=\"75934\"\t\t\t\t\t\t\t\t\t\twidth='1420' height='240'\t\t\t\t\talt=\"https:\/\/files.sunoresearch.com.br\/n\/uploads\/2023\/03\/1420x240-Controle-de-Investimentos.png\"\n\t\t\t\t>\n\t\t\t<\/picture>\n\t\t<\/a>\n\t<\/p>\n\n\n<p>O l\u00edder precisa realizar com o time um trabalho para tentar entender a origem do problema e, assim, buscar alternativas para resolver a situa\u00e7\u00e3o. Provavelmente, algumas destas solu\u00e7\u00f5es n\u00e3o poder\u00e3o ser solucionadas no \u00e2mbito do time, mas sim da empresa e, portanto, n\u00e3o estar\u00e3o nas m\u00e3os daquele grupo. O colaborador precisar\u00e1 de acompanhamento m\u00e9dico, tirar uma licen\u00e7a ou sair de f\u00e9rias.<\/p>\n<p>Atualmente, o Burnout \u00e9 considerado uma das principais causas das demiss\u00f5es, mas o desenvolvimento dessa s\u00edndrome n\u00e3o \u00e9 um fator novo no <strong>cen\u00e1rio das empresas<\/strong>. A quest\u00e3o \u00e9 que as pessoas n\u00e3o falavam sobre e n\u00e3o davam muita import\u00e2ncia para algo que j\u00e1 existia, mas a situa\u00e7\u00e3o mudou com a intensifica\u00e7\u00e3o da doen\u00e7a durante a <strong>pandemia<\/strong>.<\/p>\n\t<p>\n\t\t<a href=\"https:\/\/lp.suno.com.br\/ebook-como-analisar-uma-acao\/\" target=\"_blank\" data-element=\"shortcode-suno-banner\" title=\"Banner SUNO, clique e saiba mais\">\n\t\t\t<picture>\n\t\t\t\t<source media=\"(max-width: 500px)\" srcset=\"https:\/\/files.sunoresearch.com.br\/n\/uploads\/2023\/03\/Ebook-Acoes-Mobile-1.jpg\">\n\t\t\t\t<img class=\"newsContent__article__imgCapa newsContent__article__imgCapa--banner\"\n\t\t\t\t\tsrc=\"https:\/\/files.sunoresearch.com.br\/n\/uploads\/2023\/03\/Ebook-Acoes-Desktop-1.jpg\"\n\t\t\t\t\tdata-promo-id=\"171998\"\t\t\t\t\t\t\t\t\t\twidth='1420' height='286'\t\t\t\t\talt=\"https:\/\/files.sunoresearch.com.br\/n\/uploads\/2023\/03\/Ebook-Acoes-Desktop-1.jpg\"\n\t\t\t\t>\n\t\t\t<\/picture>\n\t\t<\/a>\n\t<\/p>\n\n\n<p>As pessoas pedem demiss\u00e3o porque n\u00e3o se sentem ouvidas, n\u00e3o s\u00e3o consultadas e recebem um monte de coisas para fazer, muitas vezes sem saber o motivo. Isso gera v\u00e1rios conflitos e impede que o colaborador consiga desenvolver seu verdadeiro potencial. Em um time que usa <strong>OKR &#8211; Objectives and Keys Results<\/strong> &#8211; Objetivos e Resultados Chaves -, a conversa sobre as entregas e tarefas precisa ser frequente. Este processo facilita a identifica\u00e7\u00e3o de pontos que indicam um poss\u00edvel problema, especialmente na sess\u00e3o de fechamento de ciclo, gerando aprendizados.<\/p>\n<p>Em um momento de explos\u00e3o de empresas e possibilidades que surgiram por causa da tecnologia, as pessoas t\u00eam visto oportunidades de alavancarem e at\u00e9 mudarem as suas carreiras. Esse movimento de liberta\u00e7\u00e3o foi chamado de \u201c<strong>The Great Resignation<\/strong>\u201d nos Estados Unidos, que consiste em demiss\u00f5es em massa de profissionais que n\u00e3o est\u00e3o satisfeitos com a forma que vem sendo tratados em seus atuais empregos e buscam melhores <strong>condi\u00e7\u00f5es de trabalh<\/strong>o.<\/p>\n<p>Hoje, empresas t\u00eam me procurado, pois cresceram muito e j\u00e1 n\u00e3o s\u00e3o mais <a href=\"https:\/\/www.suno.com.br\/noticias\/startups-principais-investidores-america-latina-janeiro\/\"><strong>startups<\/strong>,<\/a> o que ocasionou a perda de agilidade. As startups de agora se tornar\u00e3o as empresas de amanh\u00e3 e ter\u00e3o os mesmos problemas dos quais as pessoas est\u00e3o fugindo, se n\u00e3o tomarem uma provid\u00eancia do ponto de vista da gest\u00e3o de prioridades, alinhamento de execu\u00e7\u00e3o e foco. Isso se faz mudando os l\u00edderes enquanto pessoas, e organiza\u00e7\u00f5es enquanto processos, que favorecem um <strong>ambiente de trabalho<\/strong> saud\u00e1vel e produtivo.<\/p>\n\t<p>\n\t\t<a href=\"\" target=\"_blank\" data-element=\"shortcode-suno-banner\" title=\"Banner SUNO, clique e saiba mais\">\n\t\t\t<picture>\n\t\t\t\t<source media=\"(max-width: 500px)\" srcset=\"\">\n\t\t\t\t<img class=\"newsContent__article__imgCapa newsContent__article__imgCapa--banner\"\n\t\t\t\t\tsrc=\"\"\n\t\t\t\t\tdata-promo-id=\"184190\"\t\t\t\t\t\t\t\t\t\t\t\t\t\t\talt=\"\"\n\t\t\t\t>\n\t\t\t<\/picture>\n\t\t<\/a>\n\t<\/p>\n\n\n","protected":false},"excerpt":{"rendered":"<p>A s\u00edndrome de Burnout, recentemente inclu\u00edda na Classifica\u00e7\u00e3o Internacional de Doen\u00e7as pela Organiza\u00e7\u00e3o Mundial da Sa\u00fade (OMS), \u00e9 uma realidade cada vez mais constante&#8230;<\/p>\n","protected":false},"author":115,"featured_media":0,"template":"","tags":[],"class_list":["post-233790","suno_column","type-suno_column","status-publish","hentry"],"yoast_head":"<!-- This site is optimized with the Yoast SEO plugin v24.4 - https:\/\/yoast.com\/wordpress\/plugins\/seo\/ -->\n<title>Como gerenciar o Burnout nas empresas - Suno Not\u00edcias<\/title>\n<meta name=\"description\" content=\"Para entender como o gestor deve agir diante de um caso de esgotamento profissional, devemos olhar o Burnout a partir de duas perspectivas\" \/>\n<meta name=\"robots\" content=\"index, follow, max-snippet:-1, max-image-preview:large, max-video-preview:-1\" \/>\n<link rel=\"canonical\" href=\"https:\/\/www.suno.com.br\/noticias\/colunas\/pedro-signorelli\/como-gerenciar-o-burnout-nas-empresas\/\" \/>\n<meta property=\"og:locale\" content=\"pt_BR\" \/>\n<meta property=\"og:type\" content=\"article\" \/>\n<meta property=\"og:title\" content=\"Como gerenciar o Burnout nas empresas - Suno Not\u00edcias\" \/>\n<meta property=\"og:description\" content=\"Para entender como o gestor deve agir diante de um caso de esgotamento profissional, devemos olhar o Burnout a partir de duas perspectivas\" \/>\n<meta property=\"og:url\" content=\"https:\/\/www.suno.com.br\/noticias\/colunas\/pedro-signorelli\/como-gerenciar-o-burnout-nas-empresas\/\" \/>\n<meta property=\"og:site_name\" content=\"Suno Not\u00edcias\" \/>\n<meta property=\"article:publisher\" content=\"https:\/\/facebook.com\/sunoresearch\" \/>\n<meta property=\"og:image\" content=\"https:\/\/files.sunoresearch.com.br\/n\/uploads\/2022\/06\/Modelo2.jpg\" \/>\n\t<meta property=\"og:image:width\" content=\"1200\" \/>\n\t<meta property=\"og:image:height\" content=\"627\" \/>\n\t<meta property=\"og:image:type\" content=\"image\/jpeg\" \/>\n<meta name=\"twitter:card\" content=\"summary_large_image\" \/>\n<meta name=\"twitter:site\" content=\"@sunoresearch\" \/>\n<meta name=\"twitter:label1\" content=\"Est. tempo de leitura\" \/>\n\t<meta name=\"twitter:data1\" content=\"3 minutos\" \/>\n<script type=\"application\/ld+json\" class=\"yoast-schema-graph\">{\"@context\":\"https:\/\/schema.org\",\"@graph\":[{\"@type\":\"Article\",\"@id\":\"https:\/\/www.suno.com.br\/noticias\/colunas\/pedro-signorelli\/como-gerenciar-o-burnout-nas-empresas\/#article\",\"isPartOf\":{\"@id\":\"https:\/\/www.suno.com.br\/noticias\/colunas\/pedro-signorelli\/como-gerenciar-o-burnout-nas-empresas\/\"},\"author\":{\"name\":\"Pedro Signorelli\",\"@id\":\"https:\/\/www.suno.com.br\/noticias\/#\/schema\/person\/6385c52ff9d123bfc99eecc3a056a741\"},\"headline\":\"Como gerenciar o Burnout nas empresas\",\"datePublished\":\"2022-02-22T11:00:02+00:00\",\"mainEntityOfPage\":{\"@id\":\"https:\/\/www.suno.com.br\/noticias\/colunas\/pedro-signorelli\/como-gerenciar-o-burnout-nas-empresas\/\"},\"wordCount\":750,\"publisher\":{\"@id\":\"https:\/\/www.suno.com.br\/noticias\/#organization\"},\"inLanguage\":\"pt-BR\"},{\"@type\":\"WebPage\",\"@id\":\"https:\/\/www.suno.com.br\/noticias\/colunas\/pedro-signorelli\/como-gerenciar-o-burnout-nas-empresas\/\",\"url\":\"https:\/\/www.suno.com.br\/noticias\/colunas\/pedro-signorelli\/como-gerenciar-o-burnout-nas-empresas\/\",\"name\":\"Como gerenciar o Burnout nas empresas - Suno Not\u00edcias\",\"isPartOf\":{\"@id\":\"https:\/\/www.suno.com.br\/noticias\/#website\"},\"datePublished\":\"2022-02-22T11:00:02+00:00\",\"description\":\"Para entender como o gestor deve agir diante de um caso de esgotamento profissional, devemos olhar o Burnout a partir de duas perspectivas\",\"breadcrumb\":{\"@id\":\"https:\/\/www.suno.com.br\/noticias\/colunas\/pedro-signorelli\/como-gerenciar-o-burnout-nas-empresas\/#breadcrumb\"},\"inLanguage\":\"pt-BR\",\"potentialAction\":[{\"@type\":\"ReadAction\",\"target\":[\"https:\/\/www.suno.com.br\/noticias\/colunas\/pedro-signorelli\/como-gerenciar-o-burnout-nas-empresas\/\"]}]},{\"@type\":\"BreadcrumbList\",\"@id\":\"https:\/\/www.suno.com.br\/noticias\/colunas\/pedro-signorelli\/como-gerenciar-o-burnout-nas-empresas\/#breadcrumb\",\"itemListElement\":[{\"@type\":\"ListItem\",\"position\":1,\"name\":\"Not\u00edcias\",\"item\":\"https:\/\/www.suno.com.br\/noticias\/\"},{\"@type\":\"ListItem\",\"position\":2,\"name\":\"Colunas\",\"item\":\"https:\/\/www.suno.com.br\/noticias\/colunas\/\"},{\"@type\":\"ListItem\",\"position\":3,\"name\":\"Como gerenciar o Burnout nas empresas\"}]},{\"@type\":\"WebSite\",\"@id\":\"https:\/\/www.suno.com.br\/noticias\/#website\",\"url\":\"https:\/\/www.suno.com.br\/noticias\/\",\"name\":\"Suno Not\u00edcias\",\"description\":\"Seu portal de informa\u00e7\u00e3o sobre o mundo dos investimentos\",\"publisher\":{\"@id\":\"https:\/\/www.suno.com.br\/noticias\/#organization\"},\"potentialAction\":[{\"@type\":\"SearchAction\",\"target\":{\"@type\":\"EntryPoint\",\"urlTemplate\":\"https:\/\/www.suno.com.br\/noticias\/?s={search_term_string}\"},\"query-input\":{\"@type\":\"PropertyValueSpecification\",\"valueRequired\":true,\"valueName\":\"search_term_string\"}}],\"inLanguage\":\"pt-BR\"},{\"@type\":\"Organization\",\"@id\":\"https:\/\/www.suno.com.br\/noticias\/#organization\",\"name\":\"Suno Not\u00edcias\",\"url\":\"https:\/\/www.suno.com.br\/noticias\/\",\"logo\":{\"@type\":\"ImageObject\",\"inLanguage\":\"pt-BR\",\"@id\":\"https:\/\/www.suno.com.br\/noticias\/#\/schema\/logo\/image\/\",\"url\":\"https:\/\/files.sunoresearch.com.br\/n\/uploads\/2021\/09\/suno-logo.png\",\"contentUrl\":\"https:\/\/files.sunoresearch.com.br\/n\/uploads\/2021\/09\/suno-logo.png\",\"width\":180,\"height\":180,\"caption\":\"Suno Not\u00edcias\"},\"image\":{\"@id\":\"https:\/\/www.suno.com.br\/noticias\/#\/schema\/logo\/image\/\"},\"sameAs\":[\"https:\/\/facebook.com\/sunoresearch\",\"https:\/\/x.com\/sunoresearch\",\"https:\/\/www.instagram.com\/suno\",\"https:\/\/www.linkedin.com\/company\/suno-research\/\",\"https:\/\/www.youtube.com\/c\/sunoresearch\"]},{\"@type\":\"Person\",\"@id\":\"https:\/\/www.suno.com.br\/noticias\/#\/schema\/person\/6385c52ff9d123bfc99eecc3a056a741\",\"name\":\"Pedro Signorelli\",\"image\":{\"@type\":\"ImageObject\",\"inLanguage\":\"pt-BR\",\"@id\":\"https:\/\/www.suno.com.br\/noticias\/#\/schema\/person\/image\/\",\"url\":\"https:\/\/secure.gravatar.com\/avatar\/2ede14d9d34352dfc1fb58af8a73db29?s=96&r=g\",\"contentUrl\":\"https:\/\/secure.gravatar.com\/avatar\/2ede14d9d34352dfc1fb58af8a73db29?s=96&r=g\",\"caption\":\"Pedro Signorelli\"},\"url\":\"https:\/\/www.suno.com.br\/noticias\/author\/pedro-signorelli\/\"}]}<\/script>\n<!-- \/ Yoast SEO plugin. -->","yoast_head_json":{"title":"Como gerenciar o Burnout nas empresas - Suno Not\u00edcias","description":"Para entender como o gestor deve agir diante de um caso de esgotamento profissional, devemos olhar o Burnout a partir de duas perspectivas","robots":{"index":"index","follow":"follow","max-snippet":"max-snippet:-1","max-image-preview":"max-image-preview:large","max-video-preview":"max-video-preview:-1"},"canonical":"https:\/\/www.suno.com.br\/noticias\/colunas\/pedro-signorelli\/como-gerenciar-o-burnout-nas-empresas\/","og_locale":"pt_BR","og_type":"article","og_title":"Como gerenciar o Burnout nas empresas - Suno Not\u00edcias","og_description":"Para entender como o gestor deve agir diante de um caso de esgotamento profissional, devemos olhar o Burnout a partir de duas perspectivas","og_url":"https:\/\/www.suno.com.br\/noticias\/colunas\/pedro-signorelli\/como-gerenciar-o-burnout-nas-empresas\/","og_site_name":"Suno Not\u00edcias","article_publisher":"https:\/\/facebook.com\/sunoresearch","og_image":[{"width":1200,"height":627,"url":"https:\/\/files.sunoresearch.com.br\/n\/uploads\/2022\/06\/Modelo2.jpg","type":"image\/jpeg"}],"twitter_card":"summary_large_image","twitter_site":"@sunoresearch","twitter_misc":{"Est. tempo de leitura":"3 minutos"},"schema":{"@context":"https:\/\/schema.org","@graph":[{"@type":"Article","@id":"https:\/\/www.suno.com.br\/noticias\/colunas\/pedro-signorelli\/como-gerenciar-o-burnout-nas-empresas\/#article","isPartOf":{"@id":"https:\/\/www.suno.com.br\/noticias\/colunas\/pedro-signorelli\/como-gerenciar-o-burnout-nas-empresas\/"},"author":{"name":"Pedro Signorelli","@id":"https:\/\/www.suno.com.br\/noticias\/#\/schema\/person\/6385c52ff9d123bfc99eecc3a056a741"},"headline":"Como gerenciar o Burnout nas empresas","datePublished":"2022-02-22T11:00:02+00:00","mainEntityOfPage":{"@id":"https:\/\/www.suno.com.br\/noticias\/colunas\/pedro-signorelli\/como-gerenciar-o-burnout-nas-empresas\/"},"wordCount":750,"publisher":{"@id":"https:\/\/www.suno.com.br\/noticias\/#organization"},"inLanguage":"pt-BR"},{"@type":"WebPage","@id":"https:\/\/www.suno.com.br\/noticias\/colunas\/pedro-signorelli\/como-gerenciar-o-burnout-nas-empresas\/","url":"https:\/\/www.suno.com.br\/noticias\/colunas\/pedro-signorelli\/como-gerenciar-o-burnout-nas-empresas\/","name":"Como gerenciar o Burnout nas empresas - Suno Not\u00edcias","isPartOf":{"@id":"https:\/\/www.suno.com.br\/noticias\/#website"},"datePublished":"2022-02-22T11:00:02+00:00","description":"Para entender como o gestor deve agir diante de um caso de esgotamento profissional, devemos olhar o Burnout a partir de duas perspectivas","breadcrumb":{"@id":"https:\/\/www.suno.com.br\/noticias\/colunas\/pedro-signorelli\/como-gerenciar-o-burnout-nas-empresas\/#breadcrumb"},"inLanguage":"pt-BR","potentialAction":[{"@type":"ReadAction","target":["https:\/\/www.suno.com.br\/noticias\/colunas\/pedro-signorelli\/como-gerenciar-o-burnout-nas-empresas\/"]}]},{"@type":"BreadcrumbList","@id":"https:\/\/www.suno.com.br\/noticias\/colunas\/pedro-signorelli\/como-gerenciar-o-burnout-nas-empresas\/#breadcrumb","itemListElement":[{"@type":"ListItem","position":1,"name":"Not\u00edcias","item":"https:\/\/www.suno.com.br\/noticias\/"},{"@type":"ListItem","position":2,"name":"Colunas","item":"https:\/\/www.suno.com.br\/noticias\/colunas\/"},{"@type":"ListItem","position":3,"name":"Como gerenciar o Burnout nas empresas"}]},{"@type":"WebSite","@id":"https:\/\/www.suno.com.br\/noticias\/#website","url":"https:\/\/www.suno.com.br\/noticias\/","name":"Suno Not\u00edcias","description":"Seu portal de informa\u00e7\u00e3o sobre o mundo dos investimentos","publisher":{"@id":"https:\/\/www.suno.com.br\/noticias\/#organization"},"potentialAction":[{"@type":"SearchAction","target":{"@type":"EntryPoint","urlTemplate":"https:\/\/www.suno.com.br\/noticias\/?s={search_term_string}"},"query-input":{"@type":"PropertyValueSpecification","valueRequired":true,"valueName":"search_term_string"}}],"inLanguage":"pt-BR"},{"@type":"Organization","@id":"https:\/\/www.suno.com.br\/noticias\/#organization","name":"Suno Not\u00edcias","url":"https:\/\/www.suno.com.br\/noticias\/","logo":{"@type":"ImageObject","inLanguage":"pt-BR","@id":"https:\/\/www.suno.com.br\/noticias\/#\/schema\/logo\/image\/","url":"https:\/\/files.sunoresearch.com.br\/n\/uploads\/2021\/09\/suno-logo.png","contentUrl":"https:\/\/files.sunoresearch.com.br\/n\/uploads\/2021\/09\/suno-logo.png","width":180,"height":180,"caption":"Suno Not\u00edcias"},"image":{"@id":"https:\/\/www.suno.com.br\/noticias\/#\/schema\/logo\/image\/"},"sameAs":["https:\/\/facebook.com\/sunoresearch","https:\/\/x.com\/sunoresearch","https:\/\/www.instagram.com\/suno","https:\/\/www.linkedin.com\/company\/suno-research\/","https:\/\/www.youtube.com\/c\/sunoresearch"]},{"@type":"Person","@id":"https:\/\/www.suno.com.br\/noticias\/#\/schema\/person\/6385c52ff9d123bfc99eecc3a056a741","name":"Pedro Signorelli","image":{"@type":"ImageObject","inLanguage":"pt-BR","@id":"https:\/\/www.suno.com.br\/noticias\/#\/schema\/person\/image\/","url":"https:\/\/secure.gravatar.com\/avatar\/2ede14d9d34352dfc1fb58af8a73db29?s=96&r=g","contentUrl":"https:\/\/secure.gravatar.com\/avatar\/2ede14d9d34352dfc1fb58af8a73db29?s=96&r=g","caption":"Pedro Signorelli"},"url":"https:\/\/www.suno.com.br\/noticias\/author\/pedro-signorelli\/"}]}},"amp_enabled":true,"_links":{"self":[{"href":"https:\/\/www.suno.com.br\/noticias\/wp-json\/wp\/v2\/suno_column\/233790"}],"collection":[{"href":"https:\/\/www.suno.com.br\/noticias\/wp-json\/wp\/v2\/suno_column"}],"about":[{"href":"https:\/\/www.suno.com.br\/noticias\/wp-json\/wp\/v2\/types\/suno_column"}],"author":[{"embeddable":true,"href":"https:\/\/www.suno.com.br\/noticias\/wp-json\/wp\/v2\/users\/115"}],"wp:attachment":[{"href":"https:\/\/www.suno.com.br\/noticias\/wp-json\/wp\/v2\/media?parent=233790"}],"wp:term":[{"taxonomy":"post_tag","embeddable":true,"href":"https:\/\/www.suno.com.br\/noticias\/wp-json\/wp\/v2\/tags?post=233790"}],"curies":[{"name":"wp","href":"https:\/\/api.w.org\/{rel}","templated":true}]}}