{"id":229123,"date":"2022-02-07T13:47:30","date_gmt":"2022-02-07T16:47:30","guid":{"rendered":"https:\/\/www.suno.com.br\/noticias\/colunas\/felipe-areia\/\/"},"modified":"2022-02-07T13:47:30","modified_gmt":"2022-02-07T16:47:30","slug":"ata-copom-ipca-conflito-ucrania","status":"publish","type":"suno_column","link":"https:\/\/www.suno.com.br\/noticias\/colunas\/julio-hegedus-netto\/ata-copom-ipca-conflito-ucrania\/","title":{"rendered":"Ata do Copom, IPCA e tens\u00e3o geopol\u00edtica entre R\u00fassia e EUA por Ucr\u00e2nia"},"content":{"rendered":"<p>Uma semana em que o destaque no Brasil \u00e9 a<strong> ata do Copom, o IPCA e o IBC Br,<\/strong> e no exterior os imbr\u00f3glios em torno da amea\u00e7a de invas\u00e3o da R\u00fassia na Ucr\u00e2nia. Destaque tamb\u00e9m para as commodities, neste momento de retomada da economia e retorno da China, do seu feriado do Ano Novo Lunar (neste ano, do Tigre), o que deve impulsionar o min\u00e9rio de ferro.<\/p>\n\t<p>\n\t\t<a href=\"https:\/\/lp.suno.com.br\/planilha-controle-gastos\/\" target=\"_blank\" data-element=\"shortcode-suno-banner\" title=\"Banner SUNO, clique e saiba mais\">\n\t\t\t<picture>\n\t\t\t\t<source media=\"(max-width: 500px)\" srcset=\"https:\/\/files.sunoresearch.com.br\/n\/uploads\/2023\/03\/400x300-Planilha-controle-de-gastos.png\">\n\t\t\t\t<img class=\"newsContent__article__imgCapa newsContent__article__imgCapa--banner\"\n\t\t\t\t\tsrc=\"https:\/\/files.sunoresearch.com.br\/n\/uploads\/2023\/03\/1420x240-Planilha-controle-de-gastos.png\"\n\t\t\t\t\tdata-promo-id=\"101751\"\t\t\t\t\t\t\t\t\t\twidth='1420' height='240'\t\t\t\t\talt=\"https:\/\/files.sunoresearch.com.br\/n\/uploads\/2023\/03\/1420x240-Planilha-controle-de-gastos.png\"\n\t\t\t\t>\n\t\t\t<\/picture>\n\t\t<\/a>\n\t<\/p>\n\n\n<p>No <strong>mercado de petr\u00f3leo<\/strong>, as negocia\u00e7\u00f5es \u201cgravitam\u201d em torno de US$ 95 o barril. Na Europa do Leste, movimenta\u00e7\u00f5es de tropas russas pelas fronteiras da Ucr\u00e2nia colocam a \u201cinvas\u00e3o\u201d como algo bem poss\u00edvel, com efeitos incertos.<\/p>\n<p>No notici\u00e1rio corporativo, destaque para os relat\u00f3rios de produ\u00e7\u00e3o da <a class=\"suno-keyword\" href=\"https:\/\/www.suno.com.br\/acoes\/VALE3\/\" target=\"_blank\" rel=\"noopener\" data-force=\"yes\" data-priority=\"2\">Vale (VALE3)<\/a> e da <a class=\"suno-keyword\" href=\"https:\/\/www.suno.com.br\/acoes\/PETR4\/\" target=\"_blank\" rel=\"noopener\" data-force=\"yes\" data-priority=\"2\">Petrobras (PETR4)<\/a> e balan\u00e7os do <a class=\"suno-keyword\" href=\"https:\/\/www.suno.com.br\/acoes\/ITUB4\/\" target=\"_blank\" rel=\"noopener\" data-force=\"yes\" data-priority=\"2\">Ita\u00fa (ITUB4)<\/a>, <a class=\"suno-keyword\" href=\"https:\/\/www.suno.com.br\/acoes\/BBDC4\/\" target=\"_blank\" rel=\"noopener\" data-force=\"yes\" data-priority=\"2\">Bradesco (BBDC4)<\/a> e <a class=\"suno-keyword\" href=\"https:\/\/www.suno.com.br\/acoes\/USIM5\/\" target=\"_blank\" rel=\"noopener\" data-force=\"yes\" data-priority=\"2\">Usiminas (USIM5)<\/a>. Nos EUA, o CPI de janeiro na quinta-feira como destaque, o que deve ser um start para sabermos como o Fed deve se comportar daqui para frente. Deve ser mais hawkish na reuni\u00e3o de mar\u00e7o, elevando o juro em 0,5 ou ficar mesmo no 0,25 ponto percentual? Aguardemos.<\/p>\n<table>\n<tbody>\n<tr>\n<td><strong>AMBIENTE ECON\u00d4MICO<\/strong><\/td>\n<td><strong>AMBIENTE POL\u00cdTICO<\/strong><\/td>\n<td><strong>OUTROS<\/strong><\/td>\n<\/tr>\n<tr>\n<td>\u2022\u00a0\u00a0\u00a0\u00a0\u00a0\u00a0 \u00a0Semana pesada, sendo destaque o IPCA de janeiro, a ata do Copom e o IBC-BR. No exterior, a tens\u00e3o na Ucr\u00e2nia pressiona as commodities, com petr\u00f3leo podendo chegar a US$ 100.<\/td>\n<td>\u2022\u00a0\u00a0\u00a0\u00a0\u00a0\u00a0 Bolsonaro, para muitos, j\u00e1 um \u201cpato manco\u201d, tenta se viabilizar para a reelei\u00e7\u00e3o, com um grande arsenal de medidas populistas. Lula j\u00e1 pensa na sua equipe de governo.<\/td>\n<td>\u2022\u00a0\u00a0\u00a0\u00a0\u00a0\u00a0 \u00d4micron: j\u00e1 uma compreens\u00e3o de que os que tomaram todo o ciclo de vacinas n\u00e3o correm tanto risco, com pa\u00edses europeus afrouxando as medidas.<\/td>\n<\/tr>\n<\/tbody>\n<\/table>\n<p><strong>O que sai da ata do Copom<\/strong><br \/>\nNa \u00faltima <a class=\"suno-keyword\" href=\"https:\/\/www.suno.com.br\/artigos\/copom\/\" target=\"_blank\" rel=\"noopener\" data-force=\"no\" data-priority=\"2\">reuni\u00e3o do Copom<\/a>, o Bacen sinalizou que deveria desacelerar o ritmo de alta de juros j\u00e1 a partir da pr\u00f3xima reuni\u00e3o do colegiado, em mar\u00e7o. Para o IPCA de janeiro, o consenso do mercado prev\u00ea uma varia\u00e7\u00e3o mensal positiva de 0,65%, desacelerando em rela\u00e7\u00e3o a 0,73% registrada em dezembro de 2021. Sendo assim, o Copom de mar\u00e7o deve vir com uma taxa sancionada de +0,75 ponto percentual, a 11,50% e a\u00ed o Bacen parar para observar como os canais de transmiss\u00e3o da <a class=\"suno-keyword\" href=\"https:\/\/www.suno.com.br\/artigos\/politica-monetaria\/\" target=\"_blank\" rel=\"noopener\" data-force=\"no\" data-priority=\"1\">pol\u00edtica monet\u00e1ria<\/a> devem se dar e qual a resposta da atividade, da infla\u00e7\u00e3o e do n\u00edvel de emprego.<\/p>\n<p><strong>\u201cAquecimento\u201d para o PIB do 4\u00ba tri<\/strong><br \/>\nOutra divulga\u00e7\u00e3o aguardada para o mercado acontece na sexta-feira (11), com o IBC-Br de dezembro, chamado de \u201cpr\u00e9via do PIB\u201d. A expectativa \u00e9 que o indicador apresente varia\u00e7\u00e3o positiva mensal entre 0,2% e 0,5%. Na taxa anualizada, as proje\u00e7\u00f5es indicam 4,2% a 4,5% de crescimento em 2021.<\/p>\n<p><strong>Temporada de balan\u00e7os <\/strong><br \/>\nO notici\u00e1rio corporativo da semana tem agenda importante. Na quarta-feira, a Petrobras divulga seu relat\u00f3rio de produ\u00e7\u00e3o referente ao quarto trimestre de 2021. Nesse mesmo dia, o Tribunal do Cade discute a venda dos ativos m\u00f3veis da Oi (<a href=\"https:\/\/www.suno.com.br\/acoes\/oibr3\/\">OIBR3<\/a>, <a href=\"https:\/\/www.suno.com.br\/acoes\/oibr4\/\">OIBR4<\/a>) para <a class=\"suno-keyword\" href=\"https:\/\/www.suno.com.br\/acoes\/TIMS3\/\" target=\"_blank\" rel=\"noopener\" data-force=\"yes\" data-priority=\"2\">TIM (TIMS3)<\/a>, <a class=\"suno-keyword\" href=\"https:\/\/www.suno.com.br\/acoes\/VIVT3\/\" target=\"_blank\" rel=\"noopener\" data-force=\"yes\" data-priority=\"2\">Vivo (VIVT3)<\/a> e Claro.<\/p>\n\t<p>\n\t\t<a href=\"https:\/\/lp.suno.com.br\/planilha-da-vida-financeira\/\" target=\"_blank\" data-element=\"shortcode-suno-banner\" title=\"Banner SUNO, clique e saiba mais\">\n\t\t\t<picture>\n\t\t\t\t<source media=\"(max-width: 500px)\" srcset=\"https:\/\/files.sunoresearch.com.br\/n\/uploads\/2023\/04\/400x300-Planilha-vida-financeira-true.png\">\n\t\t\t\t<img class=\"newsContent__article__imgCapa newsContent__article__imgCapa--banner\"\n\t\t\t\t\tsrc=\"https:\/\/files.sunoresearch.com.br\/n\/uploads\/2023\/04\/1420x240-Planilha-vida-financeira-true.png\"\n\t\t\t\t\tdata-promo-id=\"106682\"\t\t\t\t\t\t\t\t\t\twidth='1420' height='240'\t\t\t\t\talt=\"https:\/\/files.sunoresearch.com.br\/n\/uploads\/2023\/04\/1420x240-Planilha-vida-financeira-true.png\"\n\t\t\t\t>\n\t\t\t<\/picture>\n\t\t<\/a>\n\t<\/p>\n\n\n<p><strong>No Exterior<\/strong><br \/>\nNos Estados Unidos, os dados de infla\u00e7\u00e3o tamb\u00e9m s\u00e3o destaques. O \u00edndice de pre\u00e7os ao consumidor (CPI) de janeiro sai na quinta-feira (10) e a expectativa \u00e9 de alta de 0,5%. Algumas institui\u00e7\u00f5es no mercado apontam cinco aumentos de 0,5 ponto percentual para a taxa <a class=\"suno-keyword\" href=\"https:\/\/www.suno.com.br\/artigos\/fed-funds\/\" target=\"_blank\" rel=\"noopener\" data-force=\"no\" data-priority=\"1\">Fed Funds<\/a> em 2022 visando conter a infla\u00e7\u00e3o, depois do forte relat\u00f3rio de emprego na sexta-feira (Payroll), quando a gera\u00e7\u00e3o de vagas chegou a 467 mil em janeiro, bem acima das expectativas (150 mil).<\/p>\n<p>Na Europa, a infla\u00e7\u00e3o alem\u00e3 sai na sexta-feira (11), mesmo dia em que ser\u00e1 divulgado o PIB do Reino Unido. Por l\u00e1, continua repercutindo o comunicado do BCE da semana passada, com Christine Lagarde indicando que pode elevar o juro ainda neste ano, no quarto trimestre, o que pressiona a d\u00edvida soberana do velho continente. O Goldman Sachs, por exemplo, acha que isso deve acontecer entre setembro e dezembro deste ano, com aumento da taxa de dep\u00f3sito em 0,25 ponto percentual.<\/p>\n<p><strong>Tens\u00f5es na Ucr\u00e2nia<\/strong><br \/>\nEstamos pr\u00f3ximos de uma \u201cguerra aberta\u201d ou deve continuar este clima de amea\u00e7as rec\u00edprocas e diplomacia \u00e0 meia bomba?<\/p>\n<p>A primeira hip\u00f3tese deve ser descartada, pois seu desfecho \u00e9 imprevis\u00edvel. Muitos acham que Putin est\u00e1 querendo encontrar motivos que justifiquem uma invas\u00e3o. Observadores, no entanto, n\u00e3o descartam que a R\u00fassia possa agir depois dos Jogos de Inverno em Pequim, n\u00e3o faltando os que acham que tudo deve evoluir nesta semana.<\/p>\n<p>Para um observador militar americano, dentre as a\u00e7\u00f5es do Kremlin: a anexa\u00e7\u00e3o da regi\u00e3o do Donbass, ataques cibern\u00e9ticos ou mesmo a invas\u00e3o da Ucr\u00e2nia em larga escala. Os EUA, diante da amea\u00e7a de invas\u00e3o, respondem com uma \u201cresposta sem precedentes\u201d. Tropas j\u00e1 se deslocam para a Pol\u00f4nia, diante deste cen\u00e1rio.<\/p>\n<p>Para Europa, como maior preocupa\u00e7\u00e3o o fornecimento de g\u00e1s natural pela R\u00fassia. Como vemos no mapa abaixo, h\u00e1 pa\u00edses que dependem muito da R\u00fassia no fornecimento de g\u00e1s e derivados de petr\u00f3leo.<\/p>\n<figure id=\"attachment_229124\" aria-describedby=\"caption-attachment-229124\" style=\"width: 438px\" class=\"wp-caption alignnone\"><img loading=\"lazy\" decoding=\"async\" class=\"wp-image-229124 size-full\" src=\"https:\/\/files.sunoresearch.com.br\/n\/uploads\/2022\/02\/Imagem1.jpg\" alt=\"Exporta\u00e7\u00f5es de combust\u00edvel para a Europa\" width=\"438\" height=\"424\" srcset=\"https:\/\/files.sunoresearch.com.br\/n\/uploads\/2022\/02\/Imagem1.jpg 438w, https:\/\/files.sunoresearch.com.br\/n\/uploads\/2022\/02\/Imagem1-300x290.jpg 300w, https:\/\/files.sunoresearch.com.br\/n\/uploads\/2022\/02\/Imagem1-150x145.jpg 150w\" sizes=\"(max-width: 438px) 100vw, 438px\" \/><figcaption id=\"caption-attachment-229124\" class=\"wp-caption-text\">Exporta\u00e7\u00f5es de combust\u00edvel para a Europa<\/figcaption><\/figure>\n<p><strong>INDICADORES<\/strong><\/p>\n<p><strong>No Brasil<\/strong><br \/>\nIGP-M de janeiro registrou 1,82% contra 0,87% em dezembro.<\/p>\n<p>Caged. Registrou em dezembro fechamento l\u00edquido de 265,8 mil postos de trabalho formal. Em 2021 foram criadas 2,7 milh\u00f5es de vagas com carteira assinada.<\/p>\n<p>Pelo IBGE, a taxa de desemprego da PNAD Cont\u00ednua fechou em 11,6% da PEA, entre setembro e novembro, contra 12,1% no trimestre imediatamente anterior.<\/p>\n\t<p>\n\t\t<a href=\"https:\/\/lp.suno.com.br\/ebook-como-analisar-uma-acao\/\" target=\"_blank\" data-element=\"shortcode-suno-banner\" title=\"Banner SUNO, clique e saiba mais\">\n\t\t\t<picture>\n\t\t\t\t<source media=\"(max-width: 500px)\" srcset=\"https:\/\/files.sunoresearch.com.br\/n\/uploads\/2023\/03\/Ebook-Acoes-Mobile-1.jpg\">\n\t\t\t\t<img class=\"newsContent__article__imgCapa newsContent__article__imgCapa--banner\"\n\t\t\t\t\tsrc=\"https:\/\/files.sunoresearch.com.br\/n\/uploads\/2023\/03\/Ebook-Acoes-Desktop-1.jpg\"\n\t\t\t\t\tdata-promo-id=\"171998\"\t\t\t\t\t\t\t\t\t\twidth='1420' height='286'\t\t\t\t\talt=\"https:\/\/files.sunoresearch.com.br\/n\/uploads\/2023\/03\/Ebook-Acoes-Desktop-1.jpg\"\n\t\t\t\t>\n\t\t\t<\/picture>\n\t\t<\/a>\n\t<\/p>\n\n\n<p><strong>Nos EUA<\/strong><br \/>\nGera\u00e7\u00e3o de empregos pelo Payroll de janeiro, chegou a 467 mil vagas, quando o mercado previa 150 mil. Em dezembro esta gera\u00e7\u00e3o chegou a 510 mil. J\u00e1 o ganho m\u00e9dio dos sal\u00e1rios, por hora trabalhada, foi de 0,73%, ante 0,61% em dezembro e 5,68% na compara\u00e7\u00e3o anual, e a taxa de desemprego acabou acima das expectativas (4,0% da PEA, contra 3,9% em dezembro).<\/p>\n<p><strong>Na <a class=\"suno-keyword\" href=\"https:\/\/www.suno.com.br\/artigos\/zona-do-euro\/\" target=\"_blank\" rel=\"noopener\" data-force=\"no\" data-priority=\"1\">Zona do Euro<\/a><\/strong><br \/>\nVendas do varejo sofreram queda de 3% em dezembro contra novembro, refletindo a dissemina\u00e7\u00e3o da \u00d4micron. Previs\u00e3o era de recuo bem menos intenso (-0,5%). Na compara\u00e7\u00e3o anual, as vendas do varejo se expandiram 2% em dezembro. No ano como um todo (2021), a expans\u00e3o foi de 5%.<\/p>\n\t<p>\n\t\t<a href=\"https:\/\/lp.suno.com.br\/planilha-de-controle-de-investimentos\/\" target=\"_blank\" data-element=\"shortcode-suno-banner\" title=\"Banner SUNO, clique e saiba mais\">\n\t\t\t<picture>\n\t\t\t\t<source media=\"(max-width: 500px)\" srcset=\"https:\/\/files.sunoresearch.com.br\/n\/uploads\/2023\/03\/400x300-Controle-de-Investimentos.png\">\n\t\t\t\t<img class=\"newsContent__article__imgCapa newsContent__article__imgCapa--banner\"\n\t\t\t\t\tsrc=\"https:\/\/files.sunoresearch.com.br\/n\/uploads\/2023\/03\/1420x240-Controle-de-Investimentos.png\"\n\t\t\t\t\tdata-promo-id=\"75934\"\t\t\t\t\t\t\t\t\t\twidth='1420' height='240'\t\t\t\t\talt=\"https:\/\/files.sunoresearch.com.br\/n\/uploads\/2023\/03\/1420x240-Controle-de-Investimentos.png\"\n\t\t\t\t>\n\t\t\t<\/picture>\n\t\t<\/a>\n\t<\/p>\n\n\n<p><strong>MERCADOS<\/strong><br \/>\nNesta segunda-feira (dia 7), os mercados de NY operavam em queda, diante das variadas apostas de um aperto monet\u00e1rio mais rigoroso pelo Fed em mar\u00e7o, o que influenciaria tamb\u00e9m os treasuries. Na Asia foi dia de \u201ccorre\u00e7\u00e3o\u201d com as bolsas no Jap\u00e3o, Austr\u00e1lia e Cor\u00e9ia do Sul fechando no vermelho, enquanto que na China as negocia\u00e7\u00f5es retomaram mais tarde. Os treasuries de 10 anos nos EUA, aqueles com maior liquidez, operavam acima de 1,9%; no mercado de petr\u00f3leo, o barril estacionava nos US$ 92, enquanto que no mercado de moedas virtuais, a <a class=\"suno-keyword\" href=\"https:\/\/www.suno.com.br\/artigos\/moeda-bitcoin\/\" target=\"_blank\" rel=\"noopener\" data-force=\"no\" data-priority=\"2\">moeda bitcoin<\/a> j\u00e1 era negociada acima de US$ 42 mil, maior patamar em duas semanas.<\/p>\n<p>No Brasil, o Ibovespa fechou sexta-feira (04) em alta de 0,49%, a 112.244 pontos, acompanhando no suporte da Vale e da Petrobras, fechando a semana pr\u00f3ximo de 3% de alta. J\u00e1 o d\u00f3lar fechou em alta de 0,51%, a R$ 5,324.<\/p>\n<p>Nos futuros do dia 07 de fevereiro, o Ibov AVAN\u00c7AVA 0,46%, a 112.424 pontos e o d\u00f3lar a R$ 5,3284. No mercado de Treasuries, BR 2Y RECUANDO 5,38%, a 11,08, BR 5Y -0,28%, a 10,84, e BR 10Y, -0,43%, a 11,15.<\/p>\n<p>Na madrugada do dia 07\/02, na Europa (05h12), os mercados futuros operavam em ALTA: DAX (Alemanha) +0,67%, a 15.201 pontos; <a class=\"suno-keyword\" href=\"https:\/\/www.suno.com.br\/artigos\/ftse-100\/\" target=\"_blank\" rel=\"noopener\" data-force=\"no\" data-priority=\"1\">FTSE 100<\/a> (Reino Unido), +0,49%, a 7.553 pontos; <a class=\"suno-keyword\" href=\"https:\/\/www.suno.com.br\/artigos\/cac-40\/\" target=\"_blank\" rel=\"noopener\" data-force=\"no\" data-priority=\"1\">CAC 40<\/a> +0,52%, a 6.987 pontos, e EuroStoxx50 +0,62%, a 4.111 pontos.<\/p>\n<p>Na madrugada do dia 07\/02, na \u00c1sia (05h12), os mercados operaram EM QUEDA: S&amp;P\/ASX (Austr\u00e1lia), -0,13%, a 7.110 pontos; Nikkei (Jap\u00e3o) -0,70%, a 27.248 pontos; KOSPI (Cor\u00e9ia), -0,19%, a 2.745 pontos; Shanghai +2,03%, a 3.429, e <a class=\"suno-keyword\" href=\"https:\/\/www.suno.com.br\/artigos\/hang-seng\/\" target=\"_blank\" rel=\"noopener\" data-force=\"no\" data-priority=\"1\">Hang Seng<\/a>, -0,27%, a 24.508 pontos.<\/p>\n<p>Nos EUA, as bolsas de NY, NO <a class=\"suno-keyword\" href=\"https:\/\/www.suno.com.br\/artigos\/contrato-futuro\/\" target=\"_blank\" rel=\"noopener\" data-force=\"no\" data-priority=\"1\">MERCADO FUTURO<\/a>, operavam em ALTA neste dia 07\/02 (05h10): Dow Jones, +0,01%, 34.980 pontos; S&amp;P500 +0,12%, 4.497 pontos, e Nasdaq +0,07%, a 14.704 pontos. No VIX S&amp;P500, 24,08 pontos, EM QUEDA DE 0,75%.<\/p>\n<p>No mercado de Treasuries, US 2Y RECUANDO 1,02%, a 1,3085, US 10Y -1,30%, a 1,9070, e US 30Y, -1,33%, a 2,2030. No DXY, o d\u00f3lar EST\u00c1VEL, a 95,48, e <a class=\"suno-keyword\" href=\"https:\/\/www.suno.com.br\/artigos\/embi\/\" target=\"_blank\" rel=\"noopener\" data-force=\"no\" data-priority=\"1\">risco pa\u00eds<\/a>, CDS 5 ANOS, a 220,2 pontos. <a class=\"suno-keyword\" href=\"https:\/\/www.suno.com.br\/artigos\/wti\/\" target=\"_blank\" rel=\"noopener\" data-force=\"no\" data-priority=\"1\">Petr\u00f3leo WTI<\/a>, a US$ 91,27 (-1,13%) e Petr\u00f3leo Brent US$ 92,76 (-0,55%); G\u00e1s Natural -2,97%, a US$ 4,44.<\/p>\n<p>Agenda desta semana, destaque para a ata do Copom no Brasil e o IPCA de janeiro. No exterior, o CPI de janeiro nos EUA sai na quinta-feira, dia tamb\u00e9m do IBC brasileiro de 2021.<\/p>\n<table>\n<tbody>\n<tr>\n<td><strong>Agenda Semanal<\/strong><\/td>\n<td><strong>\u00a0<\/strong><\/td>\n<\/tr>\n<tr>\n<td><strong>2\u00aa feira (07)<\/strong><\/td>\n<td>PMI do Setor de Servi\u00e7os Caixin (Jan) China); PMI Composto (Jan) (China); Boletim Focus (Brasil); Venda de ve\u00edculos (Anfavea, Jan22, Brasil); Produ\u00e7\u00e3o Industrial (dez21, Alemanha); Dados de cr\u00e9dito (Dez21, EUA).<\/td>\n<\/tr>\n<tr>\n<td><strong>3\u00aa feira (08)<\/strong><\/td>\n<td>Ata do Copom (Brasil); Balan\u00e7a Comercial de Dezembro (EUA)<\/td>\n<\/tr>\n<tr>\n<td><strong>4\u00aa feira (09)<\/strong><\/td>\n<td>Vendas de varejo (PMC IBGE, Dez 21); IPCA de janeiro (Brasil); Estoque de petr\u00f3leo bruto (EUA); Balan\u00e7a Comercial (Dez21, Alemanha)<\/td>\n<\/tr>\n<tr>\n<td><strong>5\u00aa feira (10)<\/strong><\/td>\n<td>CPI e CORE INFLATION (Jan, EUA); Pedidos Iniciais de Seguro Desemprego (EUA); Crescimento do setor de Servi\u00e7os (Dez, IBGE, Brasil).<\/td>\n<\/tr>\n<tr>\n<td><strong>6\u00aa feira (11)<\/strong><\/td>\n<td>IBC Br (Dez21, Brasil); <a class=\"suno-keyword\" href=\"https:\/\/www.suno.com.br\/artigos\/confianca-do-consumidor\/\" target=\"_blank\" rel=\"noopener\" data-force=\"no\" data-priority=\"1\">Confian\u00e7a do Consumidor<\/a> (Jan22, EUA)<\/td>\n<\/tr>\n<\/tbody>\n<\/table>\n\t<p>\n\t\t<a href=\"\" target=\"_blank\" data-element=\"shortcode-suno-banner\" title=\"Banner SUNO, clique e saiba mais\">\n\t\t\t<picture>\n\t\t\t\t<source media=\"(max-width: 500px)\" srcset=\"\">\n\t\t\t\t<img class=\"newsContent__article__imgCapa newsContent__article__imgCapa--banner\"\n\t\t\t\t\tsrc=\"\"\n\t\t\t\t\tdata-promo-id=\"184190\"\t\t\t\t\t\t\t\t\t\t\t\t\t\t\talt=\"\"\n\t\t\t\t>\n\t\t\t<\/picture>\n\t\t<\/a>\n\t<\/p>\n\n\n","protected":false},"excerpt":{"rendered":"<p>Uma semana em que o destaque no Brasil \u00e9 a ata do Copom, o IPCA e o IBC Br, e no exterior os imbr\u00f3glios em torno da amea\u00e7a de invas\u00e3o da R\u00fassia na Ucr\u00e2nia. Destaque ta&#8230;<\/p>\n","protected":false},"author":82,"featured_media":0,"template":"","tags":[1104,966],"class_list":["post-229123","suno_column","type-suno_column","status-publish","hentry","tag-copom","tag-ipca"],"yoast_head":"<!-- This site is optimized with the Yoast SEO plugin v24.4 - https:\/\/yoast.com\/wordpress\/plugins\/seo\/ -->\n<title>Ata do Copom, IPCA e tens\u00e3o geopol\u00edtica entre R\u00fassia e EUA por Ucr\u00e2nia - Coluna de Julio Hegedus Netto<\/title>\n<meta name=\"description\" content=\"Leia a coluna de Julio Hegedus Netto com destaque para as commodities, com retomada da economia e retorno da China, ap\u00f3s feriado de Ano Novo Lunar\" \/>\n<meta name=\"robots\" content=\"index, follow, max-snippet:-1, max-image-preview:large, max-video-preview:-1\" \/>\n<link rel=\"canonical\" href=\"https:\/\/www.suno.com.br\/noticias\/colunas\/julio-hegedus-netto\/ata-copom-ipca-conflito-ucrania\/\" \/>\n<meta property=\"og:locale\" content=\"pt_BR\" \/>\n<meta property=\"og:type\" content=\"article\" \/>\n<meta property=\"og:title\" content=\"Ata do Copom, IPCA e tens\u00e3o geopol\u00edtica entre R\u00fassia e EUA por Ucr\u00e2nia - Coluna de Julio Hegedus Netto\" \/>\n<meta property=\"og:description\" content=\"Leia a coluna de Julio Hegedus Netto com destaque para as commodities, com retomada da economia e retorno da China, ap\u00f3s feriado de Ano Novo Lunar\" \/>\n<meta property=\"og:url\" content=\"https:\/\/www.suno.com.br\/noticias\/colunas\/julio-hegedus-netto\/ata-copom-ipca-conflito-ucrania\/\" \/>\n<meta property=\"og:site_name\" content=\"Suno Not\u00edcias\" \/>\n<meta property=\"article:publisher\" content=\"https:\/\/facebook.com\/sunoresearch\" \/>\n<meta property=\"og:image\" content=\"https:\/\/files.sunoresearch.com.br\/n\/uploads\/2022\/02\/Imagem1.jpg\" \/>\n<meta name=\"twitter:card\" content=\"summary_large_image\" \/>\n<meta name=\"twitter:site\" content=\"@sunoresearch\" \/>\n<meta name=\"twitter:label1\" content=\"Est. tempo de leitura\" \/>\n\t<meta name=\"twitter:data1\" content=\"7 minutos\" \/>\n<script type=\"application\/ld+json\" class=\"yoast-schema-graph\">{\"@context\":\"https:\/\/schema.org\",\"@graph\":[{\"@type\":\"Article\",\"@id\":\"https:\/\/www.suno.com.br\/noticias\/colunas\/julio-hegedus-netto\/ata-copom-ipca-conflito-ucrania\/#article\",\"isPartOf\":{\"@id\":\"https:\/\/www.suno.com.br\/noticias\/colunas\/julio-hegedus-netto\/ata-copom-ipca-conflito-ucrania\/\"},\"author\":{\"name\":\"Julio Hegedus Netto\",\"@id\":\"https:\/\/www.suno.com.br\/noticias\/#\/schema\/person\/c5d31719f2f2f38c8d575fc08e55df1a\"},\"headline\":\"Ata do Copom, IPCA e tens\u00e3o geopol\u00edtica entre R\u00fassia e EUA por Ucr\u00e2nia\",\"datePublished\":\"2022-02-07T16:47:30+00:00\",\"mainEntityOfPage\":{\"@id\":\"https:\/\/www.suno.com.br\/noticias\/colunas\/julio-hegedus-netto\/ata-copom-ipca-conflito-ucrania\/\"},\"wordCount\":1547,\"publisher\":{\"@id\":\"https:\/\/www.suno.com.br\/noticias\/#organization\"},\"image\":{\"@id\":\"https:\/\/www.suno.com.br\/noticias\/colunas\/julio-hegedus-netto\/ata-copom-ipca-conflito-ucrania\/#primaryimage\"},\"thumbnailUrl\":\"https:\/\/files.sunoresearch.com.br\/n\/uploads\/2022\/02\/Imagem1.jpg\",\"keywords\":[\"Copom\",\"IPCA\"],\"inLanguage\":\"pt-BR\"},{\"@type\":\"WebPage\",\"@id\":\"https:\/\/www.suno.com.br\/noticias\/colunas\/julio-hegedus-netto\/ata-copom-ipca-conflito-ucrania\/\",\"url\":\"https:\/\/www.suno.com.br\/noticias\/colunas\/julio-hegedus-netto\/ata-copom-ipca-conflito-ucrania\/\",\"name\":\"Ata do Copom, IPCA e tens\u00e3o geopol\u00edtica entre R\u00fassia e EUA por Ucr\u00e2nia - Coluna de Julio Hegedus Netto\",\"isPartOf\":{\"@id\":\"https:\/\/www.suno.com.br\/noticias\/#website\"},\"primaryImageOfPage\":{\"@id\":\"https:\/\/www.suno.com.br\/noticias\/colunas\/julio-hegedus-netto\/ata-copom-ipca-conflito-ucrania\/#primaryimage\"},\"image\":{\"@id\":\"https:\/\/www.suno.com.br\/noticias\/colunas\/julio-hegedus-netto\/ata-copom-ipca-conflito-ucrania\/#primaryimage\"},\"thumbnailUrl\":\"https:\/\/files.sunoresearch.com.br\/n\/uploads\/2022\/02\/Imagem1.jpg\",\"datePublished\":\"2022-02-07T16:47:30+00:00\",\"description\":\"Leia a coluna de Julio Hegedus Netto com destaque para as commodities, com retomada da economia e retorno da China, ap\u00f3s feriado de Ano Novo Lunar\",\"breadcrumb\":{\"@id\":\"https:\/\/www.suno.com.br\/noticias\/colunas\/julio-hegedus-netto\/ata-copom-ipca-conflito-ucrania\/#breadcrumb\"},\"inLanguage\":\"pt-BR\",\"potentialAction\":[{\"@type\":\"ReadAction\",\"target\":[\"https:\/\/www.suno.com.br\/noticias\/colunas\/julio-hegedus-netto\/ata-copom-ipca-conflito-ucrania\/\"]}]},{\"@type\":\"ImageObject\",\"inLanguage\":\"pt-BR\",\"@id\":\"https:\/\/www.suno.com.br\/noticias\/colunas\/julio-hegedus-netto\/ata-copom-ipca-conflito-ucrania\/#primaryimage\",\"url\":\"https:\/\/files.sunoresearch.com.br\/n\/uploads\/2022\/02\/Imagem1.jpg\",\"contentUrl\":\"https:\/\/files.sunoresearch.com.br\/n\/uploads\/2022\/02\/Imagem1.jpg\"},{\"@type\":\"BreadcrumbList\",\"@id\":\"https:\/\/www.suno.com.br\/noticias\/colunas\/julio-hegedus-netto\/ata-copom-ipca-conflito-ucrania\/#breadcrumb\",\"itemListElement\":[{\"@type\":\"ListItem\",\"position\":1,\"name\":\"Not\u00edcias\",\"item\":\"https:\/\/www.suno.com.br\/noticias\/\"},{\"@type\":\"ListItem\",\"position\":2,\"name\":\"Colunas\",\"item\":\"https:\/\/www.suno.com.br\/noticias\/colunas\/\"},{\"@type\":\"ListItem\",\"position\":3,\"name\":\"Ata do Copom, IPCA e tens\u00e3o geopol\u00edtica entre R\u00fassia e EUA por Ucr\u00e2nia\"}]},{\"@type\":\"WebSite\",\"@id\":\"https:\/\/www.suno.com.br\/noticias\/#website\",\"url\":\"https:\/\/www.suno.com.br\/noticias\/\",\"name\":\"Suno Not\u00edcias\",\"description\":\"Seu portal de informa\u00e7\u00e3o sobre o mundo dos investimentos\",\"publisher\":{\"@id\":\"https:\/\/www.suno.com.br\/noticias\/#organization\"},\"potentialAction\":[{\"@type\":\"SearchAction\",\"target\":{\"@type\":\"EntryPoint\",\"urlTemplate\":\"https:\/\/www.suno.com.br\/noticias\/?s={search_term_string}\"},\"query-input\":{\"@type\":\"PropertyValueSpecification\",\"valueRequired\":true,\"valueName\":\"search_term_string\"}}],\"inLanguage\":\"pt-BR\"},{\"@type\":\"Organization\",\"@id\":\"https:\/\/www.suno.com.br\/noticias\/#organization\",\"name\":\"Suno Not\u00edcias\",\"url\":\"https:\/\/www.suno.com.br\/noticias\/\",\"logo\":{\"@type\":\"ImageObject\",\"inLanguage\":\"pt-BR\",\"@id\":\"https:\/\/www.suno.com.br\/noticias\/#\/schema\/logo\/image\/\",\"url\":\"https:\/\/files.sunoresearch.com.br\/n\/uploads\/2021\/09\/suno-logo.png\",\"contentUrl\":\"https:\/\/files.sunoresearch.com.br\/n\/uploads\/2021\/09\/suno-logo.png\",\"width\":180,\"height\":180,\"caption\":\"Suno Not\u00edcias\"},\"image\":{\"@id\":\"https:\/\/www.suno.com.br\/noticias\/#\/schema\/logo\/image\/\"},\"sameAs\":[\"https:\/\/facebook.com\/sunoresearch\",\"https:\/\/x.com\/sunoresearch\",\"https:\/\/www.instagram.com\/suno\",\"https:\/\/www.linkedin.com\/company\/suno-research\/\",\"https:\/\/www.youtube.com\/c\/sunoresearch\"]},{\"@type\":\"Person\",\"@id\":\"https:\/\/www.suno.com.br\/noticias\/#\/schema\/person\/c5d31719f2f2f38c8d575fc08e55df1a\",\"name\":\"Julio Hegedus Netto\",\"image\":{\"@type\":\"ImageObject\",\"inLanguage\":\"pt-BR\",\"@id\":\"https:\/\/www.suno.com.br\/noticias\/#\/schema\/person\/image\/\",\"url\":\"https:\/\/secure.gravatar.com\/avatar\/870043f332ebddfffd4a9e3a5dd46c13?s=96&r=g\",\"contentUrl\":\"https:\/\/secure.gravatar.com\/avatar\/870043f332ebddfffd4a9e3a5dd46c13?s=96&r=g\",\"caption\":\"Julio Hegedus Netto\"},\"description\":\"Economista-chefe da Lopes Filho por 26 anos, com mestrado na UFF e na UCAM e doutorando em Portugal. Escrevo relat\u00f3rios para a OHM RESEARCH e disponibilizo conte\u00fados no IML, Investing.com, Linkedin e Suno Not\u00edcias.\",\"sameAs\":[\"https:\/\/jhn031299.blogspot.com\/\",\"https:\/\/www.facebook.com\/julio.hegedus.5\",\"https:\/\/www.linkedin.com\/in\/juliohegedusnetto\/\",\"https:\/\/x.com\/JuHegedus\"],\"url\":\"https:\/\/www.suno.com.br\/noticias\/author\/julio-hegedus-netto\/\"}]}<\/script>\n<!-- \/ Yoast SEO plugin. -->","yoast_head_json":{"title":"Ata do Copom, IPCA e tens\u00e3o geopol\u00edtica entre R\u00fassia e EUA por Ucr\u00e2nia - Coluna de Julio Hegedus Netto","description":"Leia a coluna de Julio Hegedus Netto com destaque para as commodities, com retomada da economia e retorno da China, ap\u00f3s feriado de Ano Novo Lunar","robots":{"index":"index","follow":"follow","max-snippet":"max-snippet:-1","max-image-preview":"max-image-preview:large","max-video-preview":"max-video-preview:-1"},"canonical":"https:\/\/www.suno.com.br\/noticias\/colunas\/julio-hegedus-netto\/ata-copom-ipca-conflito-ucrania\/","og_locale":"pt_BR","og_type":"article","og_title":"Ata do Copom, IPCA e tens\u00e3o geopol\u00edtica entre R\u00fassia e EUA por Ucr\u00e2nia - Coluna de Julio Hegedus Netto","og_description":"Leia a coluna de Julio Hegedus Netto com destaque para as commodities, com retomada da economia e retorno da China, ap\u00f3s feriado de Ano Novo Lunar","og_url":"https:\/\/www.suno.com.br\/noticias\/colunas\/julio-hegedus-netto\/ata-copom-ipca-conflito-ucrania\/","og_site_name":"Suno Not\u00edcias","article_publisher":"https:\/\/facebook.com\/sunoresearch","og_image":[{"url":"https:\/\/files.sunoresearch.com.br\/n\/uploads\/2022\/02\/Imagem1.jpg","type":"","width":"","height":""}],"twitter_card":"summary_large_image","twitter_site":"@sunoresearch","twitter_misc":{"Est. tempo de leitura":"7 minutos"},"schema":{"@context":"https:\/\/schema.org","@graph":[{"@type":"Article","@id":"https:\/\/www.suno.com.br\/noticias\/colunas\/julio-hegedus-netto\/ata-copom-ipca-conflito-ucrania\/#article","isPartOf":{"@id":"https:\/\/www.suno.com.br\/noticias\/colunas\/julio-hegedus-netto\/ata-copom-ipca-conflito-ucrania\/"},"author":{"name":"Julio Hegedus Netto","@id":"https:\/\/www.suno.com.br\/noticias\/#\/schema\/person\/c5d31719f2f2f38c8d575fc08e55df1a"},"headline":"Ata do Copom, IPCA e tens\u00e3o geopol\u00edtica entre R\u00fassia e EUA por Ucr\u00e2nia","datePublished":"2022-02-07T16:47:30+00:00","mainEntityOfPage":{"@id":"https:\/\/www.suno.com.br\/noticias\/colunas\/julio-hegedus-netto\/ata-copom-ipca-conflito-ucrania\/"},"wordCount":1547,"publisher":{"@id":"https:\/\/www.suno.com.br\/noticias\/#organization"},"image":{"@id":"https:\/\/www.suno.com.br\/noticias\/colunas\/julio-hegedus-netto\/ata-copom-ipca-conflito-ucrania\/#primaryimage"},"thumbnailUrl":"https:\/\/files.sunoresearch.com.br\/n\/uploads\/2022\/02\/Imagem1.jpg","keywords":["Copom","IPCA"],"inLanguage":"pt-BR"},{"@type":"WebPage","@id":"https:\/\/www.suno.com.br\/noticias\/colunas\/julio-hegedus-netto\/ata-copom-ipca-conflito-ucrania\/","url":"https:\/\/www.suno.com.br\/noticias\/colunas\/julio-hegedus-netto\/ata-copom-ipca-conflito-ucrania\/","name":"Ata do Copom, IPCA e tens\u00e3o geopol\u00edtica entre R\u00fassia e EUA por Ucr\u00e2nia - Coluna de Julio Hegedus Netto","isPartOf":{"@id":"https:\/\/www.suno.com.br\/noticias\/#website"},"primaryImageOfPage":{"@id":"https:\/\/www.suno.com.br\/noticias\/colunas\/julio-hegedus-netto\/ata-copom-ipca-conflito-ucrania\/#primaryimage"},"image":{"@id":"https:\/\/www.suno.com.br\/noticias\/colunas\/julio-hegedus-netto\/ata-copom-ipca-conflito-ucrania\/#primaryimage"},"thumbnailUrl":"https:\/\/files.sunoresearch.com.br\/n\/uploads\/2022\/02\/Imagem1.jpg","datePublished":"2022-02-07T16:47:30+00:00","description":"Leia a coluna de Julio Hegedus Netto com destaque para as commodities, com retomada da economia e retorno da China, ap\u00f3s feriado de Ano Novo Lunar","breadcrumb":{"@id":"https:\/\/www.suno.com.br\/noticias\/colunas\/julio-hegedus-netto\/ata-copom-ipca-conflito-ucrania\/#breadcrumb"},"inLanguage":"pt-BR","potentialAction":[{"@type":"ReadAction","target":["https:\/\/www.suno.com.br\/noticias\/colunas\/julio-hegedus-netto\/ata-copom-ipca-conflito-ucrania\/"]}]},{"@type":"ImageObject","inLanguage":"pt-BR","@id":"https:\/\/www.suno.com.br\/noticias\/colunas\/julio-hegedus-netto\/ata-copom-ipca-conflito-ucrania\/#primaryimage","url":"https:\/\/files.sunoresearch.com.br\/n\/uploads\/2022\/02\/Imagem1.jpg","contentUrl":"https:\/\/files.sunoresearch.com.br\/n\/uploads\/2022\/02\/Imagem1.jpg"},{"@type":"BreadcrumbList","@id":"https:\/\/www.suno.com.br\/noticias\/colunas\/julio-hegedus-netto\/ata-copom-ipca-conflito-ucrania\/#breadcrumb","itemListElement":[{"@type":"ListItem","position":1,"name":"Not\u00edcias","item":"https:\/\/www.suno.com.br\/noticias\/"},{"@type":"ListItem","position":2,"name":"Colunas","item":"https:\/\/www.suno.com.br\/noticias\/colunas\/"},{"@type":"ListItem","position":3,"name":"Ata do Copom, IPCA e tens\u00e3o geopol\u00edtica entre R\u00fassia e EUA por Ucr\u00e2nia"}]},{"@type":"WebSite","@id":"https:\/\/www.suno.com.br\/noticias\/#website","url":"https:\/\/www.suno.com.br\/noticias\/","name":"Suno Not\u00edcias","description":"Seu portal de informa\u00e7\u00e3o sobre o mundo dos investimentos","publisher":{"@id":"https:\/\/www.suno.com.br\/noticias\/#organization"},"potentialAction":[{"@type":"SearchAction","target":{"@type":"EntryPoint","urlTemplate":"https:\/\/www.suno.com.br\/noticias\/?s={search_term_string}"},"query-input":{"@type":"PropertyValueSpecification","valueRequired":true,"valueName":"search_term_string"}}],"inLanguage":"pt-BR"},{"@type":"Organization","@id":"https:\/\/www.suno.com.br\/noticias\/#organization","name":"Suno Not\u00edcias","url":"https:\/\/www.suno.com.br\/noticias\/","logo":{"@type":"ImageObject","inLanguage":"pt-BR","@id":"https:\/\/www.suno.com.br\/noticias\/#\/schema\/logo\/image\/","url":"https:\/\/files.sunoresearch.com.br\/n\/uploads\/2021\/09\/suno-logo.png","contentUrl":"https:\/\/files.sunoresearch.com.br\/n\/uploads\/2021\/09\/suno-logo.png","width":180,"height":180,"caption":"Suno Not\u00edcias"},"image":{"@id":"https:\/\/www.suno.com.br\/noticias\/#\/schema\/logo\/image\/"},"sameAs":["https:\/\/facebook.com\/sunoresearch","https:\/\/x.com\/sunoresearch","https:\/\/www.instagram.com\/suno","https:\/\/www.linkedin.com\/company\/suno-research\/","https:\/\/www.youtube.com\/c\/sunoresearch"]},{"@type":"Person","@id":"https:\/\/www.suno.com.br\/noticias\/#\/schema\/person\/c5d31719f2f2f38c8d575fc08e55df1a","name":"Julio Hegedus Netto","image":{"@type":"ImageObject","inLanguage":"pt-BR","@id":"https:\/\/www.suno.com.br\/noticias\/#\/schema\/person\/image\/","url":"https:\/\/secure.gravatar.com\/avatar\/870043f332ebddfffd4a9e3a5dd46c13?s=96&r=g","contentUrl":"https:\/\/secure.gravatar.com\/avatar\/870043f332ebddfffd4a9e3a5dd46c13?s=96&r=g","caption":"Julio Hegedus Netto"},"description":"Economista-chefe da Lopes Filho por 26 anos, com mestrado na UFF e na UCAM e doutorando em Portugal. Escrevo relat\u00f3rios para a OHM RESEARCH e disponibilizo conte\u00fados no IML, Investing.com, Linkedin e Suno Not\u00edcias.","sameAs":["https:\/\/jhn031299.blogspot.com\/","https:\/\/www.facebook.com\/julio.hegedus.5","https:\/\/www.linkedin.com\/in\/juliohegedusnetto\/","https:\/\/x.com\/JuHegedus"],"url":"https:\/\/www.suno.com.br\/noticias\/author\/julio-hegedus-netto\/"}]}},"amp_enabled":true,"_links":{"self":[{"href":"https:\/\/www.suno.com.br\/noticias\/wp-json\/wp\/v2\/suno_column\/229123"}],"collection":[{"href":"https:\/\/www.suno.com.br\/noticias\/wp-json\/wp\/v2\/suno_column"}],"about":[{"href":"https:\/\/www.suno.com.br\/noticias\/wp-json\/wp\/v2\/types\/suno_column"}],"author":[{"embeddable":true,"href":"https:\/\/www.suno.com.br\/noticias\/wp-json\/wp\/v2\/users\/82"}],"wp:attachment":[{"href":"https:\/\/www.suno.com.br\/noticias\/wp-json\/wp\/v2\/media?parent=229123"}],"wp:term":[{"taxonomy":"post_tag","embeddable":true,"href":"https:\/\/www.suno.com.br\/noticias\/wp-json\/wp\/v2\/tags?post=229123"}],"curies":[{"name":"wp","href":"https:\/\/api.w.org\/{rel}","templated":true}]}}