{"id":224814,"date":"2022-01-24T10:27:14","date_gmt":"2022-01-24T13:27:14","guid":{"rendered":"https:\/\/www.suno.com.br\/noticias\/colunas\/felipe-areia\/\/"},"modified":"2022-01-24T10:27:14","modified_gmt":"2022-01-24T13:27:14","slug":"freio-arrumacao-federal-reserve","status":"publish","type":"suno_column","link":"https:\/\/www.suno.com.br\/noticias\/colunas\/julio-hegedus-netto\/freio-arrumacao-federal-reserve\/","title":{"rendered":"Freio de arruma\u00e7\u00e3o"},"content":{"rendered":"<p>Chegamos \u00e0 \u00faltima semana de janeiro \u201ccarregados\u201d de eventos, da <strong>variante \u00d4micron<\/strong>, explosiva, mas bem mais leve que as anteriores, amea\u00e7a de guerra aberta na Ucr\u00e2nia e a pol\u00edtica de aperto monet\u00e1rio nos EUA. No Brasil, seguem os pequenos e j\u00e1 previs\u00edveis e cansativos conflitos do presidente com qualquer um que discorde dele.<\/p>\n\t<p>\n\t\t<a href=\"https:\/\/lp.suno.com.br\/planilha-controle-gastos\/\" target=\"_blank\" data-element=\"shortcode-suno-banner\" title=\"Banner SUNO, clique e saiba mais\">\n\t\t\t<picture>\n\t\t\t\t<source media=\"(max-width: 500px)\" srcset=\"https:\/\/files.sunoresearch.com.br\/n\/uploads\/2023\/03\/400x300-Planilha-controle-de-gastos.png\">\n\t\t\t\t<img class=\"newsContent__article__imgCapa newsContent__article__imgCapa--banner\"\n\t\t\t\t\tsrc=\"https:\/\/files.sunoresearch.com.br\/n\/uploads\/2023\/03\/1420x240-Planilha-controle-de-gastos.png\"\n\t\t\t\t\tdata-promo-id=\"101751\"\t\t\t\t\t\t\t\t\t\twidth='1420' height='240'\t\t\t\t\talt=\"https:\/\/files.sunoresearch.com.br\/n\/uploads\/2023\/03\/1420x240-Planilha-controle-de-gastos.png\"\n\t\t\t\t>\n\t\t\t<\/picture>\n\t\t<\/a>\n\t<\/p>\n\n\n<p>Sobre a reuni\u00e3o do FOMC, na quarta-feira (dia 27), a expectativa \u00e9 de que o comunicado venha em linha ao que <a class=\"suno-keyword\" href=\"https:\/\/www.suno.com.br\/tudo-sobre\/jerome-powell\/\" target=\"_blank\" rel=\"noopener\" data-force=\"no\" data-priority=\"2\">Jerome Powell<\/a> deve falar na coletiva. Teremos as primeiras sinaliza\u00e7\u00f5es sobre o <strong>in\u00edcio do ciclo de alta de juros<\/strong>, a partir de mar\u00e7o, e a<strong> redu\u00e7\u00e3o do balan\u00e7o<\/strong>, talvez em meados do ano. Parece haver um consenso de quatro eleva\u00e7\u00f5es da taxa <a class=\"suno-keyword\" href=\"https:\/\/www.suno.com.br\/artigos\/fed-funds\/\" target=\"_blank\" rel=\"noopener\" data-force=\"no\" data-priority=\"1\">Fed Funds<\/a>, em 0,25 ponto percentual cada, de olho no ritmo da economia e na infla\u00e7\u00e3o.<\/p>\n<p>Nada podemos dizer, no entanto, sobre quando ser\u00e1 o fim deste \u201cfreio de arruma\u00e7\u00e3o\u201d. Observemos que o CPI chegou a 7,0% em dezembro passado e deve come\u00e7ar a ceder neste ano e em 2023, at\u00e9 se estabilizar em torno de 1,5% a 2,0%, meta est do Fed. Assim esperamos, aguardemos.<\/p>\n<p>Sobre a escalada b\u00e9lica na Ucr\u00e2nia, com amea\u00e7a de <strong>invas\u00e3o da R\u00fassia<\/strong> e atua\u00e7\u00e3o da OTAN, o que se tem s\u00e3o muitas especula\u00e7\u00f5es. De fato, o que podemos dizer \u00e9 que os russos querem ter a Ucr\u00e2nia sob sua esfera de influ\u00eancia, enquanto que o lado de c\u00e1 os quer como membro do OTAN, assim como outros pa\u00edses sat\u00e9lites da R\u00fassia. Para os europeus se torna extremamente desconfort\u00e1vel se manter na esfera de instabilidade do presidente Vladimir Putin.<\/p>\n\t<p>\n\t\t<a href=\"https:\/\/lp.suno.com.br\/planilha-da-vida-financeira\/\" target=\"_blank\" data-element=\"shortcode-suno-banner\" title=\"Banner SUNO, clique e saiba mais\">\n\t\t\t<picture>\n\t\t\t\t<source media=\"(max-width: 500px)\" srcset=\"https:\/\/files.sunoresearch.com.br\/n\/uploads\/2023\/04\/400x300-Planilha-vida-financeira-true.png\">\n\t\t\t\t<img class=\"newsContent__article__imgCapa newsContent__article__imgCapa--banner\"\n\t\t\t\t\tsrc=\"https:\/\/files.sunoresearch.com.br\/n\/uploads\/2023\/04\/1420x240-Planilha-vida-financeira-true.png\"\n\t\t\t\t\tdata-promo-id=\"106682\"\t\t\t\t\t\t\t\t\t\twidth='1420' height='240'\t\t\t\t\talt=\"https:\/\/files.sunoresearch.com.br\/n\/uploads\/2023\/04\/1420x240-Planilha-vida-financeira-true.png\"\n\t\t\t\t>\n\t\t\t<\/picture>\n\t\t<\/a>\n\t<\/p>\n\n\n<p>Na semana, tamb\u00e9m temos a divulga\u00e7\u00e3o de uma \u201cbateria de resultados corporativos\u201d de variadas empresas no mercado de NY, como as gigantes da tecnologia Apple (<a class=\"suno-keyword\" href=\"https:\/\/www.suno.com.br\/bdrs\/aapl34\/\" target=\"_blank\" rel=\"noopener\" data-force=\"yes\" data-priority=\"2\">AAPL34<\/a>), Microsoft (<a class=\"suno-keyword\" href=\"https:\/\/www.suno.com.br\/bdrs\/msft34\/\" target=\"_blank\" rel=\"noopener\" data-force=\"yes\" data-priority=\"2\">MSFT34<\/a>) e Tesla (<a class=\"suno-keyword\" href=\"https:\/\/www.suno.com.br\/bdrs\/tsla34\/\" target=\"_blank\" rel=\"noopener\" data-force=\"yes\" data-priority=\"2\">TSLA34<\/a>). Temos tamb\u00e9m dados do <strong>PIB dos EUA<\/strong> no quarto trimestre, dados do Reino Unido e da <a class=\"suno-keyword\" href=\"https:\/\/www.suno.com.br\/artigos\/zona-do-euro\/\" target=\"_blank\" rel=\"noopener\" data-force=\"no\" data-priority=\"1\">Zona do Euro<\/a>. No Brasil, estejamos atentos aos <strong>dados de desemprego e a pr\u00e9via do IPCA.<\/strong><\/p>\n<table>\n<tbody>\n<tr>\n<td><strong>AMBIENTE ECON\u00d4MICO<\/strong><\/td>\n<td><strong>AMBIENTE POL\u00cdTICO<\/strong><\/td>\n<td><strong>OUTROS<\/strong><\/td>\n<\/tr>\n<tr>\n<td>\u2022\u00a0\u00a0\u00a0\u00a0\u00a0\u00a0 Reuni\u00e3o do FOMC deve estressar emergentes. D\u00f3lar em alta.<\/p>\n<p>\u2022\u00a0\u00a0\u00a0\u00a0\u00a0\u00a0 Tens\u00e3o na Ucr\u00e2nia pressiona petr\u00f3leo.<\/p>\n<p>\u2022\u00a0\u00a0\u00a0\u00a0\u00a0\u00a0 Or\u00e7amento retrata o predom\u00ednio do Congresso sobre o governo.<\/td>\n<td>\u2022\u00a0\u00a0\u00a0\u00a0\u00a0\u00a0 Ambiente de fortalecimento do lulismo, embora os petistas sigam falando bobagem nas m\u00eddias. Agenda econ\u00f4mica do PT \u00e9 inc\u00f3gnita.<\/p>\n<p>\u2022\u00a0\u00a0\u00a0\u00a0\u00a0\u00a0 Terceira via \u00e9 o que nos resta.<\/td>\n<td>\u2022\u00a0\u00a0\u00a0\u00a0\u00a0\u00a0 \u00d4micron deve come\u00e7ar a perder for\u00e7a no mundo. No Brasil segue em pico, mas para as pr\u00f3ximas semanas deve ceder.<\/td>\n<\/tr>\n<\/tbody>\n<\/table>\n<p><strong>Or\u00e7amento aprovado<\/strong><br \/>\nBolsonaro SANCIONOU o<strong> Or\u00e7amento de 2022<\/strong>, mas n\u00e3o sabemos ainda o tamanho dos vetos e das despesas cortadas. O que se tem \u00e9 que readequa\u00e7\u00f5es foram necess\u00e1rias para caber nas despesas com Pessoal e <a class=\"suno-keyword\" href=\"https:\/\/www.suno.com.br\/artigos\/encargos-sociais\/\" target=\"_blank\" rel=\"noopener\" data-force=\"no\" data-priority=\"1\">Encargos Sociais<\/a>. No s\u00e1bado, o presidente Bolso falou num volume de cortes em torno de R$ 2,8 bilh\u00f5es, bem menos do que queria a \u00e1rea econ\u00f4mica, R$ 9 bilh\u00f5es. Isso, ali\u00e1s, deve provocar outra debandada de t\u00e9cnicos em Or\u00e7amento, deste governo. Mais desfalques para a j\u00e1 desfalcada equipe do ministro Guedes.<\/p>\n<p><strong>Geopol\u00edtica global<\/strong><br \/>\nBiden considera enviar tropas para a Europa Oriental e o Mar B\u00e1ltico, assim como dar suporte \u00e0 aliados da OTAN, como Est\u00f4nia, Let\u00f4nia, etc (al\u00e9m, \u00e9 claro, da Ucr\u00e2nia). J\u00e1 s\u00e3o 90 toneladas de ajuda militar \u00e0 chegarem na Ucr\u00e2nia. Enquanto um conflito n\u00e3o se materializa, seguem as amea\u00e7as de medidas de embargo \u00e0s exporta\u00e7\u00f5es para a R\u00fassia, assim como cortes de financiamentos e linhas de cr\u00e9dito. Fontes do ex\u00e9rcito ucraniano informam que os russos devem invadir o pa\u00eds no dia 20 de fevereiro, quando termina a Olimp\u00edada de Inverno na China. Dizem que isso foi um pedido pessoal de Xi Jinping a Putin. Outro ponto \u00e9 de que Putin tenta pressionar o governo ucraniano atual e sair de cena e colocar no lugar um \u201cgoverno mais fiel ou obediente\u201d.<\/p>\n\t<p>\n\t\t<a href=\"https:\/\/lp.suno.com.br\/ebook-como-analisar-uma-acao\/\" target=\"_blank\" data-element=\"shortcode-suno-banner\" title=\"Banner SUNO, clique e saiba mais\">\n\t\t\t<picture>\n\t\t\t\t<source media=\"(max-width: 500px)\" srcset=\"https:\/\/files.sunoresearch.com.br\/n\/uploads\/2023\/03\/Ebook-Acoes-Mobile-1.jpg\">\n\t\t\t\t<img class=\"newsContent__article__imgCapa newsContent__article__imgCapa--banner\"\n\t\t\t\t\tsrc=\"https:\/\/files.sunoresearch.com.br\/n\/uploads\/2023\/03\/Ebook-Acoes-Desktop-1.jpg\"\n\t\t\t\t\tdata-promo-id=\"171998\"\t\t\t\t\t\t\t\t\t\twidth='1420' height='286'\t\t\t\t\talt=\"https:\/\/files.sunoresearch.com.br\/n\/uploads\/2023\/03\/Ebook-Acoes-Desktop-1.jpg\"\n\t\t\t\t>\n\t\t\t<\/picture>\n\t\t<\/a>\n\t<\/p>\n\n\n<p><strong>Sobre a Pandemia<\/strong><br \/>\nNa OMS, cresce o consenso de que o \u00d4micron deve acelerar o \u201cfim da pandemia\u201d. S\u00e3o 60% dos europeus a serem contaminados e, assim que a onda se acalmar, a imunidade de alguns meses. Toda cautela, no entanto, \u00e9 necess\u00e1ria, dada a \u201cversatilidade do v\u00edrus\u201d.<\/p>\n<p>No domingo tivemos uma \u201cpuxada forte de contaminados\u201d no Brasil, chegando a 140 mil novos casos di\u00e1rios pela m\u00e9dia m\u00f3vel de sete dias, novo recorde. Nos \u00f3bitos, foram 282, em maioria, de pessoas que n\u00e3o tomaram a vacina. Em 24 horas, foram 202.466 novos casos. Por outro lado, as interna\u00e7\u00f5es seguiram caindo, o que pode ser um indicativo do que o pior est\u00e1 ficando para tr\u00e1s.<\/p>\n<p>No mundo, v\u00e1rios pa\u00edses j\u00e1 apresentam queda, como Argentina, Col\u00f4mbia, Jamaica, EUA, Canad\u00e1, Austr\u00e1lia, Espanha, Reino Unido, Irlanda e Finl\u00e2ndia, sem esquecer os africanos.<\/p>\n<figure id=\"attachment_224815\" aria-describedby=\"caption-attachment-224815\" style=\"width: 397px\" class=\"wp-caption alignnone\"><img loading=\"lazy\" decoding=\"async\" class=\"size-full wp-image-224815\" src=\"https:\/\/files.sunoresearch.com.br\/n\/uploads\/2022\/01\/Imagem1-1.jpg\" alt=\"Ritmo de infec\u00e7\u00e3o por variantes do coronav\u00edrus\" width=\"397\" height=\"257\" srcset=\"https:\/\/files.sunoresearch.com.br\/n\/uploads\/2022\/01\/Imagem1-1.jpg 397w, https:\/\/files.sunoresearch.com.br\/n\/uploads\/2022\/01\/Imagem1-1-300x194.jpg 300w, https:\/\/files.sunoresearch.com.br\/n\/uploads\/2022\/01\/Imagem1-1-150x97.jpg 150w\" sizes=\"(max-width: 397px) 100vw, 397px\" \/><figcaption id=\"caption-attachment-224815\" class=\"wp-caption-text\">Ritmo de infec\u00e7\u00e3o por variantes do coronav\u00edrus<\/figcaption><\/figure>\n<p><strong>INDICADORES<\/strong><\/p>\n<p><strong>No Jap\u00e3o<\/strong><br \/>\nLeitura preliminar do PMI\/markit Composto de janeiro, indica queda a 48,8 contra 52,5 em dezembro.<\/p>\n\t<p>\n\t\t<a href=\"https:\/\/lp.suno.com.br\/planilha-de-controle-de-investimentos\/\" target=\"_blank\" data-element=\"shortcode-suno-banner\" title=\"Banner SUNO, clique e saiba mais\">\n\t\t\t<picture>\n\t\t\t\t<source media=\"(max-width: 500px)\" srcset=\"https:\/\/files.sunoresearch.com.br\/n\/uploads\/2023\/03\/400x300-Controle-de-Investimentos.png\">\n\t\t\t\t<img class=\"newsContent__article__imgCapa newsContent__article__imgCapa--banner\"\n\t\t\t\t\tsrc=\"https:\/\/files.sunoresearch.com.br\/n\/uploads\/2023\/03\/1420x240-Controle-de-Investimentos.png\"\n\t\t\t\t\tdata-promo-id=\"75934\"\t\t\t\t\t\t\t\t\t\twidth='1420' height='240'\t\t\t\t\talt=\"https:\/\/files.sunoresearch.com.br\/n\/uploads\/2023\/03\/1420x240-Controle-de-Investimentos.png\"\n\t\t\t\t>\n\t\t\t<\/picture>\n\t\t<\/a>\n\t<\/p>\n\n\n<p><strong>MERCADOS<\/strong><\/p>\n<p>Boa parte das a\u00e7\u00f5es asi\u00e1ticas recuaram nesta segunda-feira, assim como na Europa os futuros operavam em queda. J\u00e1 os futuros de NY estavam em alta, mesmo com o aperto monet\u00e1rio se aproximando. Os rendimentos dos treasuries sobem, assim como o barril de petr\u00f3leo. J\u00e1 o d\u00f3lar opera est\u00e1vel. Nesta semana, temos a reuni\u00e3o do Fed e uma bateria de balan\u00e7os corporativos. Noutro patamar, temos os investidores monitorando as tens\u00f5es entre R\u00fassia e Ucr\u00e2nia. Os EUA j\u00e1 recomendaram ao corpo diplom\u00e1tico que se retire da capital Kiev.<\/p>\n<p>No Brasil, o <strong>Ibovespa<\/strong> fechou o preg\u00e3o do dia 21 em QUEDA de 0,15%, a 108.941 pontos, impactado pelo tombo das empresas de techs dos EUA, com o d\u00f3lar valorizando 0,15%, a R$ 5,457. No futuro, no IBOV, -0,12%, a 109.534; no mercado de Treasuries, BR 2Y RECUANDO 5,60%, a 11,16, BR 5Y -0,27%, a 10,99, e BR 10Y, -0,43%, a 11,20.<\/p>\n<p>As aberturas de capital pararam em agosto passado, mas, mesmo com toda a incerteza no cen\u00e1rio, empresas j\u00e1 listadas no B3 devem tentar colocar no mercado cerca de R$ 20 bilh\u00f5es em ofertas de a\u00e7\u00f5es (follon on) nos pr\u00f3ximos dias. Cinco empresas devem acessar o mercado: <a class=\"suno-keyword\" href=\"https:\/\/www.suno.com.br\/acoes\/BRKM5\/\" target=\"_blank\" rel=\"noopener\" data-force=\"yes\" data-priority=\"2\">Braskem (BRKM5)<\/a>, <a class=\"suno-keyword\" href=\"https:\/\/www.suno.com.br\/acoes\/BRFS3\/\" target=\"_blank\" rel=\"noopener\" data-force=\"yes\" data-priority=\"2\">BRF (BRFS3)<\/a>, <a class=\"suno-keyword\" href=\"https:\/\/www.suno.com.br\/acoes\/EQTL3\/\" target=\"_blank\" rel=\"noopener\" data-force=\"yes\" data-priority=\"2\">Equatorial (EQTL3)<\/a>, BR Partners (BRBI11) e 3Tentos (TTEN3). As tr\u00eas primeiras com ofertas bilion\u00e1rias, as duas \u00faltimas, ofertas bem menores.<\/p>\n<p>Na madrugada do dia 24\/01, na Europa (05h12), os mercados futuros operavam em QUEDA: DAX (Alemanha) -0,45%, a 15.533 pontos; <a class=\"suno-keyword\" href=\"https:\/\/www.suno.com.br\/artigos\/ftse-100\/\" target=\"_blank\" rel=\"noopener\" data-force=\"no\" data-priority=\"1\">FTSE 100<\/a> (Reino Unido), -0,05%, a 7.490 pontos; <a class=\"suno-keyword\" href=\"https:\/\/www.suno.com.br\/artigos\/cac-40\/\" target=\"_blank\" rel=\"noopener\" data-force=\"no\" data-priority=\"1\">CAC 40<\/a> -0,39%, a 7.041 pontos, e EuroStoxx50 -0,51%, a 4.208 pontos.<\/p>\n<p>Na madrugada do dia 24\/01, na \u00c1sia (05h11), os mercados operaram MISTOS: S&amp;P\/ASX (Austr\u00e1lia), -0,51%, a 7.139 pontos; Nikkei (Jap\u00e3o) +0,24%, a 27.588 pontos; KOSPI (Cor\u00e9ia), -1,49%, a 2.792 pontos; Shanghai +0,04%, a 3.524, e <a class=\"suno-keyword\" href=\"https:\/\/www.suno.com.br\/artigos\/hang-seng\/\" target=\"_blank\" rel=\"noopener\" data-force=\"no\" data-priority=\"1\">Hang Seng<\/a>, -1,39%, a 24.617 pontos.<\/p>\n<p>No futuro nos EUA, as bolsas de NY, NO <a class=\"suno-keyword\" href=\"https:\/\/www.suno.com.br\/artigos\/contrato-futuro\/\" target=\"_blank\" rel=\"noopener\" data-force=\"no\" data-priority=\"1\">MERCADO FUTURO<\/a>, operavam EM ALTA neste dia 24\/01 (05h10): Dow Jones, +0,45%, 34.310 pontos; S&amp;P500 +0,52%, 4.412 pontos, e Nasdaq +0,73%, a 14.544 pontos. No VIX S&amp;P500, 26,43 pontos, -3,22%.<\/p>\n<p>No mercado de Treasuries, US 2Y AVAN\u00c7ANDO 3,36%, a 1,0264, US 10Y +0,64%, a 1,7580, e US 30Y, +0,61%, a 2,0750. No DXY, o d\u00f3lar +0,14%, a 95,77, e <a class=\"suno-keyword\" href=\"https:\/\/www.suno.com.br\/artigos\/embi\/\" target=\"_blank\" rel=\"noopener\" data-force=\"no\" data-priority=\"1\">risco pa\u00eds<\/a>, CDS 5 ANOS, a 218,4 pontos. <a class=\"suno-keyword\" href=\"https:\/\/www.suno.com.br\/artigos\/wti\/\" target=\"_blank\" rel=\"noopener\" data-force=\"no\" data-priority=\"1\">Petr\u00f3leo WTI<\/a>, a US$ 85,61 (+0,55%) e Petr\u00f3leo Brent US$ 87,57 (+0,56%); G\u00e1s Natural -1,19%, a US$ 3,74.<\/p>\n<p>Agenda da SEMANA bem carregada.<\/p>\n<p>No Brasil, a semana inicia com a divulga\u00e7\u00e3o da PESQUISA FOCUS nesta segunda-feira (24); na ter\u00e7a-feira, a FGV divulga o <a class=\"suno-keyword\" href=\"https:\/\/www.suno.com.br\/artigos\/indice-de-confianca\/\" target=\"_blank\" rel=\"noopener\" data-force=\"no\" data-priority=\"1\">\u00cdndice de Confian\u00e7a<\/a> do Consumidor; na quarta-feira, o IPCA-15 de janeiro. Em dezembro, foi a 0,78%, 0,39 ponto percentual abaixo da taxa de novembro. Em 12 meses, foi a 10,42%. A proje\u00e7\u00e3o indica 0,43% no m\u00eas, chegando a 10,04% ao ano; na quinta-feira, \u00e9 a vez da reuni\u00e3o do CMN; na sexta-feira, destaque para a divulga\u00e7\u00e3o do IGP-M de janeiro e da taxa de desemprego do IBGE, atualmente, em 12,1%.<\/p>\n<p>Nos EUA, na quinta-feira saem os dados preliminares sobre o PIB do quarto trimestre, com crescimento anualizado previsto, de 5,2%. Lembremos que as expectativas foram revisadas nas \u00faltimas semanas, devido ao impacto da variante \u00d4micron sobre a atividade econ\u00f4mica. Temos na semana tamb\u00e9m os dados de dezembro de Renda e Gastos Pessoais. Estes dados devem vir em queda e s\u00e3o importantes para o Fed por serem base para o PCE, indicador de infla\u00e7\u00e3o monitorado.<\/p>\n<p>Temos tamb\u00e9m o relat\u00f3rio semanal de pedidos de seguro desemprego, no maior n\u00edvel em tr\u00eas meses na semana passada. Estes dados e as vendas de varejo de dezembro podem indicar que a economia norte-americana perde f\u00f4lego. Isso, no entanto, n\u00e3o deve impedir o Fed de elevar o juro em mar\u00e7o.<\/p>\n<p>Na Alemanha, temos o PIB do quarto trimestre na sexta-feira, juntamente com os da Fran\u00e7a e da Espanha. Estes dados devem ser importantes para medirmos o impacto da \u00d4micron sobre a atividade do velho continente, na v\u00e9spera do PIB do quarto trimestre na semana seguinte. Por l\u00e1, temos os dados do PMI na segunda-feira. O Reino Unido tamb\u00e9m divulga o seu PMI na segunda-feira, embora a atividade do setor de servi\u00e7os tenha diminu\u00eddo de forma marcante em dezembro, em meio \u00e0 onda da \u00d4micron, outros dados desde ent\u00e3o t\u00eam indicado que a atividade econ\u00f4mica come\u00e7ou a se recuperar.<\/p>\n\t<p>\n\t\t<a href=\"\" target=\"_blank\" data-element=\"shortcode-suno-banner\" title=\"Banner SUNO, clique e saiba mais\">\n\t\t\t<picture>\n\t\t\t\t<source media=\"(max-width: 500px)\" srcset=\"\">\n\t\t\t\t<img class=\"newsContent__article__imgCapa newsContent__article__imgCapa--banner\"\n\t\t\t\t\tsrc=\"\"\n\t\t\t\t\tdata-promo-id=\"184190\"\t\t\t\t\t\t\t\t\t\t\t\t\t\t\talt=\"\"\n\t\t\t\t>\n\t\t\t<\/picture>\n\t\t<\/a>\n\t<\/p>\n\n\n","protected":false},"excerpt":{"rendered":"<p>Chegamos \u00e0 \u00faltima semana de janeiro \u201ccarregados\u201d de eventos, da variante \u00d4micron, explosiva, mas bem mais leve que as anteriores, amea\u00e7a de guerra aberta na Ucr\u00e2nia e &#8230;<\/p>\n","protected":false},"author":82,"featured_media":0,"template":"","tags":[776],"class_list":["post-224814","suno_column","type-suno_column","status-publish","hentry","tag-federal-reseve-fed"],"yoast_head":"<!-- This site is optimized with the Yoast SEO plugin v24.4 - https:\/\/yoast.com\/wordpress\/plugins\/seo\/ -->\n<title>Freio de arruma\u00e7\u00e3o - Coluna de Julio Hegedus Netto<\/title>\n<meta name=\"description\" content=\"Leia a coluna de Julio Hegedus Netto sobre a rea\u00e7\u00e3o do Federal Reserve para controlar a infla\u00e7\u00e3o nos EUA. Saiba mais!\" \/>\n<meta name=\"robots\" content=\"index, follow, max-snippet:-1, max-image-preview:large, max-video-preview:-1\" \/>\n<link rel=\"canonical\" href=\"https:\/\/www.suno.com.br\/noticias\/colunas\/julio-hegedus-netto\/freio-arrumacao-federal-reserve\/\" \/>\n<meta property=\"og:locale\" content=\"pt_BR\" \/>\n<meta property=\"og:type\" content=\"article\" \/>\n<meta property=\"og:title\" content=\"Freio de arruma\u00e7\u00e3o - Coluna de Julio Hegedus Netto\" \/>\n<meta property=\"og:description\" content=\"Leia a coluna de Julio Hegedus Netto sobre a rea\u00e7\u00e3o do Federal Reserve para controlar a infla\u00e7\u00e3o nos EUA. Saiba mais!\" \/>\n<meta property=\"og:url\" content=\"https:\/\/www.suno.com.br\/noticias\/colunas\/julio-hegedus-netto\/freio-arrumacao-federal-reserve\/\" \/>\n<meta property=\"og:site_name\" content=\"Suno Not\u00edcias\" \/>\n<meta property=\"article:publisher\" content=\"https:\/\/facebook.com\/sunoresearch\" \/>\n<meta property=\"og:image\" content=\"https:\/\/files.sunoresearch.com.br\/n\/uploads\/2022\/01\/Imagem1-1.jpg\" \/>\n<meta name=\"twitter:card\" content=\"summary_large_image\" \/>\n<meta name=\"twitter:site\" content=\"@sunoresearch\" \/>\n<meta name=\"twitter:label1\" content=\"Est. tempo de leitura\" \/>\n\t<meta name=\"twitter:data1\" content=\"7 minutos\" \/>\n<script type=\"application\/ld+json\" class=\"yoast-schema-graph\">{\"@context\":\"https:\/\/schema.org\",\"@graph\":[{\"@type\":\"Article\",\"@id\":\"https:\/\/www.suno.com.br\/noticias\/colunas\/julio-hegedus-netto\/freio-arrumacao-federal-reserve\/#article\",\"isPartOf\":{\"@id\":\"https:\/\/www.suno.com.br\/noticias\/colunas\/julio-hegedus-netto\/freio-arrumacao-federal-reserve\/\"},\"author\":{\"name\":\"Julio Hegedus Netto\",\"@id\":\"https:\/\/www.suno.com.br\/noticias\/#\/schema\/person\/c5d31719f2f2f38c8d575fc08e55df1a\"},\"headline\":\"Freio de arruma\u00e7\u00e3o\",\"datePublished\":\"2022-01-24T13:27:14+00:00\",\"mainEntityOfPage\":{\"@id\":\"https:\/\/www.suno.com.br\/noticias\/colunas\/julio-hegedus-netto\/freio-arrumacao-federal-reserve\/\"},\"wordCount\":1584,\"publisher\":{\"@id\":\"https:\/\/www.suno.com.br\/noticias\/#organization\"},\"image\":{\"@id\":\"https:\/\/www.suno.com.br\/noticias\/colunas\/julio-hegedus-netto\/freio-arrumacao-federal-reserve\/#primaryimage\"},\"thumbnailUrl\":\"https:\/\/files.sunoresearch.com.br\/n\/uploads\/2022\/01\/Imagem1-1.jpg\",\"keywords\":[\"Federal Reserve (FED)\"],\"inLanguage\":\"pt-BR\"},{\"@type\":\"WebPage\",\"@id\":\"https:\/\/www.suno.com.br\/noticias\/colunas\/julio-hegedus-netto\/freio-arrumacao-federal-reserve\/\",\"url\":\"https:\/\/www.suno.com.br\/noticias\/colunas\/julio-hegedus-netto\/freio-arrumacao-federal-reserve\/\",\"name\":\"Freio de arruma\u00e7\u00e3o - Coluna de Julio Hegedus Netto\",\"isPartOf\":{\"@id\":\"https:\/\/www.suno.com.br\/noticias\/#website\"},\"primaryImageOfPage\":{\"@id\":\"https:\/\/www.suno.com.br\/noticias\/colunas\/julio-hegedus-netto\/freio-arrumacao-federal-reserve\/#primaryimage\"},\"image\":{\"@id\":\"https:\/\/www.suno.com.br\/noticias\/colunas\/julio-hegedus-netto\/freio-arrumacao-federal-reserve\/#primaryimage\"},\"thumbnailUrl\":\"https:\/\/files.sunoresearch.com.br\/n\/uploads\/2022\/01\/Imagem1-1.jpg\",\"datePublished\":\"2022-01-24T13:27:14+00:00\",\"description\":\"Leia a coluna de Julio Hegedus Netto sobre a rea\u00e7\u00e3o do Federal Reserve para controlar a infla\u00e7\u00e3o nos EUA. Saiba mais!\",\"breadcrumb\":{\"@id\":\"https:\/\/www.suno.com.br\/noticias\/colunas\/julio-hegedus-netto\/freio-arrumacao-federal-reserve\/#breadcrumb\"},\"inLanguage\":\"pt-BR\",\"potentialAction\":[{\"@type\":\"ReadAction\",\"target\":[\"https:\/\/www.suno.com.br\/noticias\/colunas\/julio-hegedus-netto\/freio-arrumacao-federal-reserve\/\"]}]},{\"@type\":\"ImageObject\",\"inLanguage\":\"pt-BR\",\"@id\":\"https:\/\/www.suno.com.br\/noticias\/colunas\/julio-hegedus-netto\/freio-arrumacao-federal-reserve\/#primaryimage\",\"url\":\"https:\/\/files.sunoresearch.com.br\/n\/uploads\/2022\/01\/Imagem1-1.jpg\",\"contentUrl\":\"https:\/\/files.sunoresearch.com.br\/n\/uploads\/2022\/01\/Imagem1-1.jpg\"},{\"@type\":\"BreadcrumbList\",\"@id\":\"https:\/\/www.suno.com.br\/noticias\/colunas\/julio-hegedus-netto\/freio-arrumacao-federal-reserve\/#breadcrumb\",\"itemListElement\":[{\"@type\":\"ListItem\",\"position\":1,\"name\":\"Not\u00edcias\",\"item\":\"https:\/\/www.suno.com.br\/noticias\/\"},{\"@type\":\"ListItem\",\"position\":2,\"name\":\"Colunas\",\"item\":\"https:\/\/www.suno.com.br\/noticias\/colunas\/\"},{\"@type\":\"ListItem\",\"position\":3,\"name\":\"Freio de arruma\u00e7\u00e3o\"}]},{\"@type\":\"WebSite\",\"@id\":\"https:\/\/www.suno.com.br\/noticias\/#website\",\"url\":\"https:\/\/www.suno.com.br\/noticias\/\",\"name\":\"Suno Not\u00edcias\",\"description\":\"Seu portal de informa\u00e7\u00e3o sobre o mundo dos investimentos\",\"publisher\":{\"@id\":\"https:\/\/www.suno.com.br\/noticias\/#organization\"},\"potentialAction\":[{\"@type\":\"SearchAction\",\"target\":{\"@type\":\"EntryPoint\",\"urlTemplate\":\"https:\/\/www.suno.com.br\/noticias\/?s={search_term_string}\"},\"query-input\":{\"@type\":\"PropertyValueSpecification\",\"valueRequired\":true,\"valueName\":\"search_term_string\"}}],\"inLanguage\":\"pt-BR\"},{\"@type\":\"Organization\",\"@id\":\"https:\/\/www.suno.com.br\/noticias\/#organization\",\"name\":\"Suno Not\u00edcias\",\"url\":\"https:\/\/www.suno.com.br\/noticias\/\",\"logo\":{\"@type\":\"ImageObject\",\"inLanguage\":\"pt-BR\",\"@id\":\"https:\/\/www.suno.com.br\/noticias\/#\/schema\/logo\/image\/\",\"url\":\"https:\/\/files.sunoresearch.com.br\/n\/uploads\/2021\/09\/suno-logo.png\",\"contentUrl\":\"https:\/\/files.sunoresearch.com.br\/n\/uploads\/2021\/09\/suno-logo.png\",\"width\":180,\"height\":180,\"caption\":\"Suno Not\u00edcias\"},\"image\":{\"@id\":\"https:\/\/www.suno.com.br\/noticias\/#\/schema\/logo\/image\/\"},\"sameAs\":[\"https:\/\/facebook.com\/sunoresearch\",\"https:\/\/x.com\/sunoresearch\",\"https:\/\/www.instagram.com\/suno\",\"https:\/\/www.linkedin.com\/company\/suno-research\/\",\"https:\/\/www.youtube.com\/c\/sunoresearch\"]},{\"@type\":\"Person\",\"@id\":\"https:\/\/www.suno.com.br\/noticias\/#\/schema\/person\/c5d31719f2f2f38c8d575fc08e55df1a\",\"name\":\"Julio Hegedus Netto\",\"image\":{\"@type\":\"ImageObject\",\"inLanguage\":\"pt-BR\",\"@id\":\"https:\/\/www.suno.com.br\/noticias\/#\/schema\/person\/image\/\",\"url\":\"https:\/\/secure.gravatar.com\/avatar\/870043f332ebddfffd4a9e3a5dd46c13?s=96&r=g\",\"contentUrl\":\"https:\/\/secure.gravatar.com\/avatar\/870043f332ebddfffd4a9e3a5dd46c13?s=96&r=g\",\"caption\":\"Julio Hegedus Netto\"},\"description\":\"Economista-chefe da Lopes Filho por 26 anos, com mestrado na UFF e na UCAM e doutorando em Portugal. Escrevo relat\u00f3rios para a OHM RESEARCH e disponibilizo conte\u00fados no IML, Investing.com, Linkedin e Suno Not\u00edcias.\",\"sameAs\":[\"https:\/\/jhn031299.blogspot.com\/\",\"https:\/\/www.facebook.com\/julio.hegedus.5\",\"https:\/\/www.linkedin.com\/in\/juliohegedusnetto\/\",\"https:\/\/x.com\/JuHegedus\"],\"url\":\"https:\/\/www.suno.com.br\/noticias\/author\/julio-hegedus-netto\/\"}]}<\/script>\n<!-- \/ Yoast SEO plugin. -->","yoast_head_json":{"title":"Freio de arruma\u00e7\u00e3o - Coluna de Julio Hegedus Netto","description":"Leia a coluna de Julio Hegedus Netto sobre a rea\u00e7\u00e3o do Federal Reserve para controlar a infla\u00e7\u00e3o nos EUA. Saiba mais!","robots":{"index":"index","follow":"follow","max-snippet":"max-snippet:-1","max-image-preview":"max-image-preview:large","max-video-preview":"max-video-preview:-1"},"canonical":"https:\/\/www.suno.com.br\/noticias\/colunas\/julio-hegedus-netto\/freio-arrumacao-federal-reserve\/","og_locale":"pt_BR","og_type":"article","og_title":"Freio de arruma\u00e7\u00e3o - Coluna de Julio Hegedus Netto","og_description":"Leia a coluna de Julio Hegedus Netto sobre a rea\u00e7\u00e3o do Federal Reserve para controlar a infla\u00e7\u00e3o nos EUA. Saiba mais!","og_url":"https:\/\/www.suno.com.br\/noticias\/colunas\/julio-hegedus-netto\/freio-arrumacao-federal-reserve\/","og_site_name":"Suno Not\u00edcias","article_publisher":"https:\/\/facebook.com\/sunoresearch","og_image":[{"url":"https:\/\/files.sunoresearch.com.br\/n\/uploads\/2022\/01\/Imagem1-1.jpg","type":"","width":"","height":""}],"twitter_card":"summary_large_image","twitter_site":"@sunoresearch","twitter_misc":{"Est. tempo de leitura":"7 minutos"},"schema":{"@context":"https:\/\/schema.org","@graph":[{"@type":"Article","@id":"https:\/\/www.suno.com.br\/noticias\/colunas\/julio-hegedus-netto\/freio-arrumacao-federal-reserve\/#article","isPartOf":{"@id":"https:\/\/www.suno.com.br\/noticias\/colunas\/julio-hegedus-netto\/freio-arrumacao-federal-reserve\/"},"author":{"name":"Julio Hegedus Netto","@id":"https:\/\/www.suno.com.br\/noticias\/#\/schema\/person\/c5d31719f2f2f38c8d575fc08e55df1a"},"headline":"Freio de arruma\u00e7\u00e3o","datePublished":"2022-01-24T13:27:14+00:00","mainEntityOfPage":{"@id":"https:\/\/www.suno.com.br\/noticias\/colunas\/julio-hegedus-netto\/freio-arrumacao-federal-reserve\/"},"wordCount":1584,"publisher":{"@id":"https:\/\/www.suno.com.br\/noticias\/#organization"},"image":{"@id":"https:\/\/www.suno.com.br\/noticias\/colunas\/julio-hegedus-netto\/freio-arrumacao-federal-reserve\/#primaryimage"},"thumbnailUrl":"https:\/\/files.sunoresearch.com.br\/n\/uploads\/2022\/01\/Imagem1-1.jpg","keywords":["Federal Reserve (FED)"],"inLanguage":"pt-BR"},{"@type":"WebPage","@id":"https:\/\/www.suno.com.br\/noticias\/colunas\/julio-hegedus-netto\/freio-arrumacao-federal-reserve\/","url":"https:\/\/www.suno.com.br\/noticias\/colunas\/julio-hegedus-netto\/freio-arrumacao-federal-reserve\/","name":"Freio de arruma\u00e7\u00e3o - Coluna de Julio Hegedus Netto","isPartOf":{"@id":"https:\/\/www.suno.com.br\/noticias\/#website"},"primaryImageOfPage":{"@id":"https:\/\/www.suno.com.br\/noticias\/colunas\/julio-hegedus-netto\/freio-arrumacao-federal-reserve\/#primaryimage"},"image":{"@id":"https:\/\/www.suno.com.br\/noticias\/colunas\/julio-hegedus-netto\/freio-arrumacao-federal-reserve\/#primaryimage"},"thumbnailUrl":"https:\/\/files.sunoresearch.com.br\/n\/uploads\/2022\/01\/Imagem1-1.jpg","datePublished":"2022-01-24T13:27:14+00:00","description":"Leia a coluna de Julio Hegedus Netto sobre a rea\u00e7\u00e3o do Federal Reserve para controlar a infla\u00e7\u00e3o nos EUA. Saiba mais!","breadcrumb":{"@id":"https:\/\/www.suno.com.br\/noticias\/colunas\/julio-hegedus-netto\/freio-arrumacao-federal-reserve\/#breadcrumb"},"inLanguage":"pt-BR","potentialAction":[{"@type":"ReadAction","target":["https:\/\/www.suno.com.br\/noticias\/colunas\/julio-hegedus-netto\/freio-arrumacao-federal-reserve\/"]}]},{"@type":"ImageObject","inLanguage":"pt-BR","@id":"https:\/\/www.suno.com.br\/noticias\/colunas\/julio-hegedus-netto\/freio-arrumacao-federal-reserve\/#primaryimage","url":"https:\/\/files.sunoresearch.com.br\/n\/uploads\/2022\/01\/Imagem1-1.jpg","contentUrl":"https:\/\/files.sunoresearch.com.br\/n\/uploads\/2022\/01\/Imagem1-1.jpg"},{"@type":"BreadcrumbList","@id":"https:\/\/www.suno.com.br\/noticias\/colunas\/julio-hegedus-netto\/freio-arrumacao-federal-reserve\/#breadcrumb","itemListElement":[{"@type":"ListItem","position":1,"name":"Not\u00edcias","item":"https:\/\/www.suno.com.br\/noticias\/"},{"@type":"ListItem","position":2,"name":"Colunas","item":"https:\/\/www.suno.com.br\/noticias\/colunas\/"},{"@type":"ListItem","position":3,"name":"Freio de arruma\u00e7\u00e3o"}]},{"@type":"WebSite","@id":"https:\/\/www.suno.com.br\/noticias\/#website","url":"https:\/\/www.suno.com.br\/noticias\/","name":"Suno Not\u00edcias","description":"Seu portal de informa\u00e7\u00e3o sobre o mundo dos investimentos","publisher":{"@id":"https:\/\/www.suno.com.br\/noticias\/#organization"},"potentialAction":[{"@type":"SearchAction","target":{"@type":"EntryPoint","urlTemplate":"https:\/\/www.suno.com.br\/noticias\/?s={search_term_string}"},"query-input":{"@type":"PropertyValueSpecification","valueRequired":true,"valueName":"search_term_string"}}],"inLanguage":"pt-BR"},{"@type":"Organization","@id":"https:\/\/www.suno.com.br\/noticias\/#organization","name":"Suno Not\u00edcias","url":"https:\/\/www.suno.com.br\/noticias\/","logo":{"@type":"ImageObject","inLanguage":"pt-BR","@id":"https:\/\/www.suno.com.br\/noticias\/#\/schema\/logo\/image\/","url":"https:\/\/files.sunoresearch.com.br\/n\/uploads\/2021\/09\/suno-logo.png","contentUrl":"https:\/\/files.sunoresearch.com.br\/n\/uploads\/2021\/09\/suno-logo.png","width":180,"height":180,"caption":"Suno Not\u00edcias"},"image":{"@id":"https:\/\/www.suno.com.br\/noticias\/#\/schema\/logo\/image\/"},"sameAs":["https:\/\/facebook.com\/sunoresearch","https:\/\/x.com\/sunoresearch","https:\/\/www.instagram.com\/suno","https:\/\/www.linkedin.com\/company\/suno-research\/","https:\/\/www.youtube.com\/c\/sunoresearch"]},{"@type":"Person","@id":"https:\/\/www.suno.com.br\/noticias\/#\/schema\/person\/c5d31719f2f2f38c8d575fc08e55df1a","name":"Julio Hegedus Netto","image":{"@type":"ImageObject","inLanguage":"pt-BR","@id":"https:\/\/www.suno.com.br\/noticias\/#\/schema\/person\/image\/","url":"https:\/\/secure.gravatar.com\/avatar\/870043f332ebddfffd4a9e3a5dd46c13?s=96&r=g","contentUrl":"https:\/\/secure.gravatar.com\/avatar\/870043f332ebddfffd4a9e3a5dd46c13?s=96&r=g","caption":"Julio Hegedus Netto"},"description":"Economista-chefe da Lopes Filho por 26 anos, com mestrado na UFF e na UCAM e doutorando em Portugal. Escrevo relat\u00f3rios para a OHM RESEARCH e disponibilizo conte\u00fados no IML, Investing.com, Linkedin e Suno Not\u00edcias.","sameAs":["https:\/\/jhn031299.blogspot.com\/","https:\/\/www.facebook.com\/julio.hegedus.5","https:\/\/www.linkedin.com\/in\/juliohegedusnetto\/","https:\/\/x.com\/JuHegedus"],"url":"https:\/\/www.suno.com.br\/noticias\/author\/julio-hegedus-netto\/"}]}},"amp_enabled":true,"_links":{"self":[{"href":"https:\/\/www.suno.com.br\/noticias\/wp-json\/wp\/v2\/suno_column\/224814"}],"collection":[{"href":"https:\/\/www.suno.com.br\/noticias\/wp-json\/wp\/v2\/suno_column"}],"about":[{"href":"https:\/\/www.suno.com.br\/noticias\/wp-json\/wp\/v2\/types\/suno_column"}],"author":[{"embeddable":true,"href":"https:\/\/www.suno.com.br\/noticias\/wp-json\/wp\/v2\/users\/82"}],"wp:attachment":[{"href":"https:\/\/www.suno.com.br\/noticias\/wp-json\/wp\/v2\/media?parent=224814"}],"wp:term":[{"taxonomy":"post_tag","embeddable":true,"href":"https:\/\/www.suno.com.br\/noticias\/wp-json\/wp\/v2\/tags?post=224814"}],"curies":[{"name":"wp","href":"https:\/\/api.w.org\/{rel}","templated":true}]}}