{"id":222836,"date":"2022-01-18T08:00:21","date_gmt":"2022-01-18T11:00:21","guid":{"rendered":"https:\/\/www.suno.com.br\/noticias\/colunas\/marco-lopes\/\/"},"modified":"2022-01-17T21:23:22","modified_gmt":"2022-01-18T00:23:22","slug":"acoes-no-brasil-o-que-aconteceu-em-2021","status":"publish","type":"suno_column","link":"https:\/\/www.suno.com.br\/noticias\/colunas\/eduardo-cavalheiro\/acoes-no-brasil-o-que-aconteceu-em-2021\/","title":{"rendered":"A\u00e7\u00f5es no Brasil: o que aconteceu em 2021?"},"content":{"rendered":"<p>2021 come\u00e7ou tendo a Covid-19 como o maior risco. Felizmente, a vacina\u00e7\u00e3o avan\u00e7ou muito rapidamente e este se reduziu drasticamente. No entanto, passamos a viver uma escalada de novos problemas que impediram uma valoriza\u00e7\u00e3o das a\u00e7\u00f5es (<strong>Ibovespa<\/strong> caiu -11,93%), mesmo em um cen\u00e1rio de <strong>crescimento do PIB<\/strong> (+4,50%) e crescimento de lucros das empresas.<\/p>\n\t<p>\n\t\t<a href=\"https:\/\/lp.suno.com.br\/planilha-controle-gastos\/\" target=\"_blank\" data-element=\"shortcode-suno-banner\" title=\"Banner SUNO, clique e saiba mais\">\n\t\t\t<picture>\n\t\t\t\t<source media=\"(max-width: 500px)\" srcset=\"https:\/\/files.sunoresearch.com.br\/n\/uploads\/2023\/03\/400x300-Planilha-controle-de-gastos.png\">\n\t\t\t\t<img class=\"newsContent__article__imgCapa newsContent__article__imgCapa--banner\"\n\t\t\t\t\tsrc=\"https:\/\/files.sunoresearch.com.br\/n\/uploads\/2023\/03\/1420x240-Planilha-controle-de-gastos.png\"\n\t\t\t\t\tdata-promo-id=\"101751\"\t\t\t\t\t\t\t\t\t\twidth='1420' height='240'\t\t\t\t\talt=\"https:\/\/files.sunoresearch.com.br\/n\/uploads\/2023\/03\/1420x240-Planilha-controle-de-gastos.png\"\n\t\t\t\t>\n\t\t\t<\/picture>\n\t\t<\/a>\n\t<\/p>\n\n\n<p>Uma<strong> escalada de riscos<\/strong> se traduziu em <strong>infla\u00e7\u00e3o mais alta<\/strong> que o esperado (4% para 10%), ciclo de alta de juros mais intenso (de 7% para 11,50% ao ano), tudo isso retroalimentado pelo crescente risco pol\u00edtico (o risco Bras\u00edlia) e por fatores adversos incontrol\u00e1veis, tais como a falta de chuvas e o choque de pre\u00e7os externos originado por uma desorganiza\u00e7\u00e3o geral das cadeias produtivas (<strong>petr\u00f3leo<\/strong>, alimentos, fertilizantes, commodities de um modo geral e muitas cadeias de produtos industrializados).<\/p>\n<p>Neste ponto, gostaria de destacar tr\u00eas outros aspectos que foram decisivos para o fraco desempenho do <a class=\"suno-keyword\" href=\"https:\/\/www.suno.com.br\/artigos\/mercado-de-acoes\/\" target=\"_blank\" rel=\"noopener\" data-force=\"no\" data-priority=\"2\">mercado de a\u00e7\u00f5es<\/a> em 2021. O primeiro deles foi o forte <strong>volume de IPOs<\/strong> (abertura de capital de novas empresas) ocorrido no final de 2020 e in\u00edcio de 2021. Absorveu grande volume de recursos que acabou faltando para o <a class=\"suno-keyword\" href=\"https:\/\/www.suno.com.br\/artigos\/mercado-secundario\/\" target=\"_blank\" rel=\"noopener\" data-force=\"no\" data-priority=\"1\">mercado secund\u00e1rio<\/a> da bolsa no segundo semestre. Destacamos que a chegada de novas companhias \u00e0 bolsa \u00e9 um movimento saud\u00e1vel no <a class=\"suno-keyword\" href=\"https:\/\/www.suno.com.br\/artigos\/longo-prazo\/\" target=\"_blank\" rel=\"noopener\" data-force=\"no\" data-priority=\"1\">longo prazo<\/a>.<\/p>\n\t<p>\n\t\t<a href=\"https:\/\/lp.suno.com.br\/planilha-de-controle-de-investimentos\/\" target=\"_blank\" data-element=\"shortcode-suno-banner\" title=\"Banner SUNO, clique e saiba mais\">\n\t\t\t<picture>\n\t\t\t\t<source media=\"(max-width: 500px)\" srcset=\"https:\/\/files.sunoresearch.com.br\/n\/uploads\/2023\/03\/400x300-Controle-de-Investimentos.png\">\n\t\t\t\t<img class=\"newsContent__article__imgCapa newsContent__article__imgCapa--banner\"\n\t\t\t\t\tsrc=\"https:\/\/files.sunoresearch.com.br\/n\/uploads\/2023\/03\/1420x240-Controle-de-Investimentos.png\"\n\t\t\t\t\tdata-promo-id=\"75934\"\t\t\t\t\t\t\t\t\t\twidth='1420' height='240'\t\t\t\t\talt=\"https:\/\/files.sunoresearch.com.br\/n\/uploads\/2023\/03\/1420x240-Controle-de-Investimentos.png\"\n\t\t\t\t>\n\t\t\t<\/picture>\n\t\t<\/a>\n\t<\/p>\n\n\n<p>O segundo foi o grande afluxo de investidores desavisados\/inexperientes durante o per\u00edodo de <strong>taxas de juros<\/strong> baixos (2020 e in\u00edcio de 2021). Resultou em fortes vendas\/resgates no segundo semestre de 2021.<\/p>\n<p>J\u00e1 o terceiro diz respeito aos fundos que fugiram dos mandatos estrat\u00e9gicos, principalmente os <strong>multimercados<\/strong>, e investiram pesadamente em a\u00e7\u00f5es de empresas de menor liquidez. Resultou em pesadas vendas de a\u00e7\u00f5es a pre\u00e7os muito abaixo do valor, sobretudo, ao longo do quarto trimestre do ano.<\/p>\n\t<p>\n\t\t<a href=\"\" target=\"_blank\" data-element=\"shortcode-suno-banner\" title=\"Banner SUNO, clique e saiba mais\">\n\t\t\t<picture>\n\t\t\t\t<source media=\"(max-width: 500px)\" srcset=\"\">\n\t\t\t\t<img class=\"newsContent__article__imgCapa newsContent__article__imgCapa--banner\"\n\t\t\t\t\tsrc=\"\"\n\t\t\t\t\tdata-promo-id=\"184190\"\t\t\t\t\t\t\t\t\t\t\t\t\t\t\talt=\"\"\n\t\t\t\t>\n\t\t\t<\/picture>\n\t\t<\/a>\n\t<\/p>\n\n\n<p>Tamb\u00e9m \u00e9 importante assinalar que a queda apresentada pelo SMLL (<strong>\u00edndice Small Caps<\/strong>) atingiu -16,20%, superior \u00e0 queda do Ibovespa (-11,93%). Neste contexto, s\u00e3o muitos os casos de a\u00e7\u00f5es de boas e lucrativas companhias no segmento de Small Caps que ca\u00edram 30%, 40% no acumulado do ano.<\/p>\n<p>Dessa forma, chegamos ao final de 2021 com muitas companhias de alt\u00edssima qualidade negociadas a <strong>pre\u00e7os muito baixos<\/strong> (as a\u00e7\u00f5es de empresas de baixa qualidade sempre merecem a desvaloriza\u00e7\u00e3o, n\u00e3o as de alta) o que deve ser entendido como oportunidade. Se v\u00e3o recuperar os patamares anteriores j\u00e1 em 2022 depender\u00e1 das condi\u00e7\u00f5es que viveremos ao longo do pr\u00f3ximo ano.<\/p>\n<p>Sobre as expectativas, ao contr\u00e1rio do in\u00edcio de 2021, quando eram muito positivas para a economia, crescimento do PIB, <strong>aprova\u00e7\u00e3o de reformas<\/strong>, investimentos e <strong>contas p\u00fablicas<\/strong>, temos exatamente o contr\u00e1rio para 2022. O patamar das expectativas para este ano \u00e9 muito baixo. J\u00e1 n\u00e3o se espera muito do atual governo do ponto de vista pol\u00edtico e de aprova\u00e7\u00f5es de reformas. O <strong><a class=\"suno-keyword\" href=\"https:\/\/www.suno.com.br\/artigos\/ministerio-da-economia\/\" target=\"_blank\" rel=\"noopener\" data-force=\"no\" data-priority=\"3\">Minist\u00e9rio da Economia<\/a><\/strong> perdeu for\u00e7a, abandonou o plano liberal e passou a optar pelo improviso, com medidas isoladas com efeitos de <a class=\"suno-keyword\" href=\"https:\/\/www.suno.com.br\/artigos\/curto-prazo\/\" target=\"_blank\" rel=\"noopener\" data-force=\"no\" data-priority=\"1\">curto prazo<\/a>.<\/p>\n<p>Al\u00e9m disso, teremos elei\u00e7\u00f5es presidenciais no Brasil e um <strong>ajuste monet\u00e1rio<\/strong> (alta de juros e redu\u00e7\u00e3o de liquidez) nas principais economias do mundo (EUA e Europa).<\/p>\n\t<p>\n\t\t<a href=\"https:\/\/lp.suno.com.br\/ebook-como-analisar-uma-acao\/\" target=\"_blank\" data-element=\"shortcode-suno-banner\" title=\"Banner SUNO, clique e saiba mais\">\n\t\t\t<picture>\n\t\t\t\t<source media=\"(max-width: 500px)\" srcset=\"https:\/\/files.sunoresearch.com.br\/n\/uploads\/2023\/03\/Ebook-Acoes-Mobile-1.jpg\">\n\t\t\t\t<img class=\"newsContent__article__imgCapa newsContent__article__imgCapa--banner\"\n\t\t\t\t\tsrc=\"https:\/\/files.sunoresearch.com.br\/n\/uploads\/2023\/03\/Ebook-Acoes-Desktop-1.jpg\"\n\t\t\t\t\tdata-promo-id=\"171998\"\t\t\t\t\t\t\t\t\t\twidth='1420' height='286'\t\t\t\t\talt=\"https:\/\/files.sunoresearch.com.br\/n\/uploads\/2023\/03\/Ebook-Acoes-Desktop-1.jpg\"\n\t\t\t\t>\n\t\t\t<\/picture>\n\t\t<\/a>\n\t<\/p>\n\n\n<p>As <strong>proje\u00e7\u00f5es do PIB<\/strong> s\u00e3o de crescimento muito baixo (0,5%), o risco fiscal em um ano eleitoral \u00e9 sempre alto e as tens\u00f5es pol\u00edticas tendem a manter o c\u00e2mbio desvalorizado, tornando ainda mais dif\u00edcil a tarefa de desinflacionar a economia (juros mais altos por mais tempo).<\/p>\n<p>Dados os pre\u00e7os baixos das a\u00e7\u00f5es, acredito que o <strong>risco do investidor<\/strong> ficar comprado em a\u00e7\u00f5es para 2022 pode ser muito atrativo. A seletividade \u00e9 necess\u00e1ria e as escolhas devem se concentrar naquelas empresas de qualidade, bem geridas e com bons planos de neg\u00f3cios.<\/p>\n<p>Ainda que nada esteja claro no horizonte, existem chances de termos surpresas positivas nas expectativas que est\u00e3o muito baixas. Citaria, por exemplo, a <strong>acomoda\u00e7\u00e3o da infla\u00e7\u00e3o<\/strong> numa velocidade mais r\u00e1pida do que se espera. Acredito que teria impacto positivo para as a\u00e7\u00f5es via redu\u00e7\u00e3o das expectativas dos <strong><a class=\"suno-keyword\" href=\"https:\/\/www.suno.com.br\/artigos\/juros-futuros\/\" target=\"_blank\" rel=\"noopener\" data-force=\"no\" data-priority=\"1\">juros futuros<\/a><\/strong>.<\/p>\n<p>A maior surpresa, que potencialmente causaria impactos fortes nas a\u00e7\u00f5es e se estenderia para o longo prazo, seria uma mudan\u00e7a dr\u00e1stica no quadro pol\u00edtico sucess\u00f3rio no Brasil com a propositura de um <a class=\"suno-keyword\" href=\"https:\/\/www.suno.com.br\/artigos\/planos-economicos\/\" target=\"_blank\" rel=\"noopener\" data-force=\"no\" data-priority=\"1\">plano econ\u00f4mico<\/a> liberal com foco no <strong>crescimento equilibrado do PIB<\/strong>. Quase um sonho!<\/p>\n<p>Este \u00e9 o quadro. O <strong>balan\u00e7o de oportunidades<\/strong> e riscos parece muito favor\u00e1vel. Merece ao menos uma reflex\u00e3o cuidadosa. Bons neg\u00f3cios em 2022!<\/p>\n\t<p>\n\t\t<a href=\"https:\/\/lp.suno.com.br\/planilha-da-vida-financeira\/\" target=\"_blank\" data-element=\"shortcode-suno-banner\" title=\"Banner SUNO, clique e saiba mais\">\n\t\t\t<picture>\n\t\t\t\t<source media=\"(max-width: 500px)\" srcset=\"https:\/\/files.sunoresearch.com.br\/n\/uploads\/2023\/04\/400x300-Planilha-vida-financeira-true.png\">\n\t\t\t\t<img class=\"newsContent__article__imgCapa newsContent__article__imgCapa--banner\"\n\t\t\t\t\tsrc=\"https:\/\/files.sunoresearch.com.br\/n\/uploads\/2023\/04\/1420x240-Planilha-vida-financeira-true.png\"\n\t\t\t\t\tdata-promo-id=\"106682\"\t\t\t\t\t\t\t\t\t\twidth='1420' height='240'\t\t\t\t\talt=\"https:\/\/files.sunoresearch.com.br\/n\/uploads\/2023\/04\/1420x240-Planilha-vida-financeira-true.png\"\n\t\t\t\t>\n\t\t\t<\/picture>\n\t\t<\/a>\n\t<\/p>\n\n\n<p>&nbsp;<\/p>\n","protected":false},"excerpt":{"rendered":"<p>2021 come\u00e7ou tendo a Covid-19 como o maior risco. Felizmente, a vacina\u00e7\u00e3o avan\u00e7ou muito rapidamente e este se reduziu drasticamente. No entanto, passamos a viver uma e&#8230;<\/p>\n","protected":false},"author":79,"featured_media":0,"template":"","tags":[721,319,766],"class_list":["post-222836","suno_column","type-suno_column","status-publish","hentry","tag-ibovespa","tag-ipo-oferta-inicial-de-acoes","tag-petroleo"],"yoast_head":"<!-- This site is optimized with the Yoast SEO plugin v24.4 - https:\/\/yoast.com\/wordpress\/plugins\/seo\/ -->\n<title>A\u00e7\u00f5es no Brasil: o que aconteceu em 2021? - Suno Not\u00edcias<\/title>\n<meta name=\"description\" content=\"Passamos a viver uma escalada de novos problemas que impediram uma valoriza\u00e7\u00e3o das a\u00e7\u00f5es. Entenda mais clicando aqui\" \/>\n<meta name=\"robots\" content=\"index, follow, max-snippet:-1, max-image-preview:large, max-video-preview:-1\" \/>\n<link rel=\"canonical\" href=\"https:\/\/www.suno.com.br\/noticias\/colunas\/eduardo-cavalheiro\/acoes-no-brasil-o-que-aconteceu-em-2021\/\" \/>\n<meta property=\"og:locale\" content=\"pt_BR\" \/>\n<meta property=\"og:type\" content=\"article\" \/>\n<meta property=\"og:title\" content=\"A\u00e7\u00f5es no Brasil: o que aconteceu em 2021? - Suno Not\u00edcias\" \/>\n<meta property=\"og:description\" content=\"Passamos a viver uma escalada de novos problemas que impediram uma valoriza\u00e7\u00e3o das a\u00e7\u00f5es. Entenda mais clicando aqui\" \/>\n<meta property=\"og:url\" content=\"https:\/\/www.suno.com.br\/noticias\/colunas\/eduardo-cavalheiro\/acoes-no-brasil-o-que-aconteceu-em-2021\/\" \/>\n<meta property=\"og:site_name\" content=\"Suno Not\u00edcias\" \/>\n<meta property=\"article:publisher\" content=\"https:\/\/facebook.com\/sunoresearch\" \/>\n<meta property=\"og:image\" content=\"https:\/\/files.sunoresearch.com.br\/n\/uploads\/2022\/06\/Modelo2.jpg\" \/>\n\t<meta property=\"og:image:width\" content=\"1200\" \/>\n\t<meta property=\"og:image:height\" content=\"627\" \/>\n\t<meta property=\"og:image:type\" content=\"image\/jpeg\" \/>\n<meta name=\"twitter:card\" content=\"summary_large_image\" \/>\n<meta name=\"twitter:site\" content=\"@sunoresearch\" \/>\n<meta name=\"twitter:label1\" content=\"Est. tempo de leitura\" \/>\n\t<meta name=\"twitter:data1\" content=\"4 minutos\" \/>\n<script type=\"application\/ld+json\" class=\"yoast-schema-graph\">{\"@context\":\"https:\/\/schema.org\",\"@graph\":[{\"@type\":\"Article\",\"@id\":\"https:\/\/www.suno.com.br\/noticias\/colunas\/eduardo-cavalheiro\/acoes-no-brasil-o-que-aconteceu-em-2021\/#article\",\"isPartOf\":{\"@id\":\"https:\/\/www.suno.com.br\/noticias\/colunas\/eduardo-cavalheiro\/acoes-no-brasil-o-que-aconteceu-em-2021\/\"},\"author\":{\"name\":\"Eduardo Cavalheiro\",\"@id\":\"https:\/\/www.suno.com.br\/noticias\/#\/schema\/person\/89d8b04cabac70732e1e0bfb16265649\"},\"headline\":\"A\u00e7\u00f5es no Brasil: o que aconteceu em 2021?\",\"datePublished\":\"2022-01-18T11:00:21+00:00\",\"mainEntityOfPage\":{\"@id\":\"https:\/\/www.suno.com.br\/noticias\/colunas\/eduardo-cavalheiro\/acoes-no-brasil-o-que-aconteceu-em-2021\/\"},\"wordCount\":783,\"publisher\":{\"@id\":\"https:\/\/www.suno.com.br\/noticias\/#organization\"},\"keywords\":[\"Ibovespa\",\"IPO (Oferta Inicial de A\u00e7\u00f5es)\",\"Petr\u00f3leo\"],\"inLanguage\":\"pt-BR\"},{\"@type\":\"WebPage\",\"@id\":\"https:\/\/www.suno.com.br\/noticias\/colunas\/eduardo-cavalheiro\/acoes-no-brasil-o-que-aconteceu-em-2021\/\",\"url\":\"https:\/\/www.suno.com.br\/noticias\/colunas\/eduardo-cavalheiro\/acoes-no-brasil-o-que-aconteceu-em-2021\/\",\"name\":\"A\u00e7\u00f5es no Brasil: o que aconteceu em 2021? - Suno Not\u00edcias\",\"isPartOf\":{\"@id\":\"https:\/\/www.suno.com.br\/noticias\/#website\"},\"datePublished\":\"2022-01-18T11:00:21+00:00\",\"description\":\"Passamos a viver uma escalada de novos problemas que impediram uma valoriza\u00e7\u00e3o das a\u00e7\u00f5es. Entenda mais clicando aqui\",\"breadcrumb\":{\"@id\":\"https:\/\/www.suno.com.br\/noticias\/colunas\/eduardo-cavalheiro\/acoes-no-brasil-o-que-aconteceu-em-2021\/#breadcrumb\"},\"inLanguage\":\"pt-BR\",\"potentialAction\":[{\"@type\":\"ReadAction\",\"target\":[\"https:\/\/www.suno.com.br\/noticias\/colunas\/eduardo-cavalheiro\/acoes-no-brasil-o-que-aconteceu-em-2021\/\"]}]},{\"@type\":\"BreadcrumbList\",\"@id\":\"https:\/\/www.suno.com.br\/noticias\/colunas\/eduardo-cavalheiro\/acoes-no-brasil-o-que-aconteceu-em-2021\/#breadcrumb\",\"itemListElement\":[{\"@type\":\"ListItem\",\"position\":1,\"name\":\"Not\u00edcias\",\"item\":\"https:\/\/www.suno.com.br\/noticias\/\"},{\"@type\":\"ListItem\",\"position\":2,\"name\":\"Colunas\",\"item\":\"https:\/\/www.suno.com.br\/noticias\/colunas\/\"},{\"@type\":\"ListItem\",\"position\":3,\"name\":\"A\u00e7\u00f5es no Brasil: o que aconteceu em 2021?\"}]},{\"@type\":\"WebSite\",\"@id\":\"https:\/\/www.suno.com.br\/noticias\/#website\",\"url\":\"https:\/\/www.suno.com.br\/noticias\/\",\"name\":\"Suno Not\u00edcias\",\"description\":\"Seu portal de informa\u00e7\u00e3o sobre o mundo dos investimentos\",\"publisher\":{\"@id\":\"https:\/\/www.suno.com.br\/noticias\/#organization\"},\"potentialAction\":[{\"@type\":\"SearchAction\",\"target\":{\"@type\":\"EntryPoint\",\"urlTemplate\":\"https:\/\/www.suno.com.br\/noticias\/?s={search_term_string}\"},\"query-input\":{\"@type\":\"PropertyValueSpecification\",\"valueRequired\":true,\"valueName\":\"search_term_string\"}}],\"inLanguage\":\"pt-BR\"},{\"@type\":\"Organization\",\"@id\":\"https:\/\/www.suno.com.br\/noticias\/#organization\",\"name\":\"Suno Not\u00edcias\",\"url\":\"https:\/\/www.suno.com.br\/noticias\/\",\"logo\":{\"@type\":\"ImageObject\",\"inLanguage\":\"pt-BR\",\"@id\":\"https:\/\/www.suno.com.br\/noticias\/#\/schema\/logo\/image\/\",\"url\":\"https:\/\/files.sunoresearch.com.br\/n\/uploads\/2021\/09\/suno-logo.png\",\"contentUrl\":\"https:\/\/files.sunoresearch.com.br\/n\/uploads\/2021\/09\/suno-logo.png\",\"width\":180,\"height\":180,\"caption\":\"Suno Not\u00edcias\"},\"image\":{\"@id\":\"https:\/\/www.suno.com.br\/noticias\/#\/schema\/logo\/image\/\"},\"sameAs\":[\"https:\/\/facebook.com\/sunoresearch\",\"https:\/\/x.com\/sunoresearch\",\"https:\/\/www.instagram.com\/suno\",\"https:\/\/www.linkedin.com\/company\/suno-research\/\",\"https:\/\/www.youtube.com\/c\/sunoresearch\"]},{\"@type\":\"Person\",\"@id\":\"https:\/\/www.suno.com.br\/noticias\/#\/schema\/person\/89d8b04cabac70732e1e0bfb16265649\",\"name\":\"Eduardo Cavalheiro\",\"image\":{\"@type\":\"ImageObject\",\"inLanguage\":\"pt-BR\",\"@id\":\"https:\/\/www.suno.com.br\/noticias\/#\/schema\/person\/image\/\",\"url\":\"https:\/\/secure.gravatar.com\/avatar\/0860a9acf1399e5f60fa9129a03e6af7?s=96&r=g\",\"contentUrl\":\"https:\/\/secure.gravatar.com\/avatar\/0860a9acf1399e5f60fa9129a03e6af7?s=96&r=g\",\"caption\":\"Eduardo Cavalheiro\"},\"description\":\"Eduardo Cavalheiro \u00e9 s\u00f3cio-fundador e gestor na Rio Verde Investimentos, gestora com mais de 15 anos de mercado. \u00c9 especializado em an\u00e1lise de a\u00e7\u00f5es do tipo small caps\",\"sameAs\":[\"https:\/\/www.linkedin.com\/in\/eduardo-cavalheiro-239b35175\/\"],\"url\":\"https:\/\/www.suno.com.br\/noticias\/author\/eduardo-cavalheiro\/\"}]}<\/script>\n<!-- \/ Yoast SEO plugin. -->","yoast_head_json":{"title":"A\u00e7\u00f5es no Brasil: o que aconteceu em 2021? - Suno Not\u00edcias","description":"Passamos a viver uma escalada de novos problemas que impediram uma valoriza\u00e7\u00e3o das a\u00e7\u00f5es. Entenda mais clicando aqui","robots":{"index":"index","follow":"follow","max-snippet":"max-snippet:-1","max-image-preview":"max-image-preview:large","max-video-preview":"max-video-preview:-1"},"canonical":"https:\/\/www.suno.com.br\/noticias\/colunas\/eduardo-cavalheiro\/acoes-no-brasil-o-que-aconteceu-em-2021\/","og_locale":"pt_BR","og_type":"article","og_title":"A\u00e7\u00f5es no Brasil: o que aconteceu em 2021? - Suno Not\u00edcias","og_description":"Passamos a viver uma escalada de novos problemas que impediram uma valoriza\u00e7\u00e3o das a\u00e7\u00f5es. Entenda mais clicando aqui","og_url":"https:\/\/www.suno.com.br\/noticias\/colunas\/eduardo-cavalheiro\/acoes-no-brasil-o-que-aconteceu-em-2021\/","og_site_name":"Suno Not\u00edcias","article_publisher":"https:\/\/facebook.com\/sunoresearch","og_image":[{"width":1200,"height":627,"url":"https:\/\/files.sunoresearch.com.br\/n\/uploads\/2022\/06\/Modelo2.jpg","type":"image\/jpeg"}],"twitter_card":"summary_large_image","twitter_site":"@sunoresearch","twitter_misc":{"Est. tempo de leitura":"4 minutos"},"schema":{"@context":"https:\/\/schema.org","@graph":[{"@type":"Article","@id":"https:\/\/www.suno.com.br\/noticias\/colunas\/eduardo-cavalheiro\/acoes-no-brasil-o-que-aconteceu-em-2021\/#article","isPartOf":{"@id":"https:\/\/www.suno.com.br\/noticias\/colunas\/eduardo-cavalheiro\/acoes-no-brasil-o-que-aconteceu-em-2021\/"},"author":{"name":"Eduardo Cavalheiro","@id":"https:\/\/www.suno.com.br\/noticias\/#\/schema\/person\/89d8b04cabac70732e1e0bfb16265649"},"headline":"A\u00e7\u00f5es no Brasil: o que aconteceu em 2021?","datePublished":"2022-01-18T11:00:21+00:00","mainEntityOfPage":{"@id":"https:\/\/www.suno.com.br\/noticias\/colunas\/eduardo-cavalheiro\/acoes-no-brasil-o-que-aconteceu-em-2021\/"},"wordCount":783,"publisher":{"@id":"https:\/\/www.suno.com.br\/noticias\/#organization"},"keywords":["Ibovespa","IPO (Oferta Inicial de A\u00e7\u00f5es)","Petr\u00f3leo"],"inLanguage":"pt-BR"},{"@type":"WebPage","@id":"https:\/\/www.suno.com.br\/noticias\/colunas\/eduardo-cavalheiro\/acoes-no-brasil-o-que-aconteceu-em-2021\/","url":"https:\/\/www.suno.com.br\/noticias\/colunas\/eduardo-cavalheiro\/acoes-no-brasil-o-que-aconteceu-em-2021\/","name":"A\u00e7\u00f5es no Brasil: o que aconteceu em 2021? - Suno Not\u00edcias","isPartOf":{"@id":"https:\/\/www.suno.com.br\/noticias\/#website"},"datePublished":"2022-01-18T11:00:21+00:00","description":"Passamos a viver uma escalada de novos problemas que impediram uma valoriza\u00e7\u00e3o das a\u00e7\u00f5es. Entenda mais clicando aqui","breadcrumb":{"@id":"https:\/\/www.suno.com.br\/noticias\/colunas\/eduardo-cavalheiro\/acoes-no-brasil-o-que-aconteceu-em-2021\/#breadcrumb"},"inLanguage":"pt-BR","potentialAction":[{"@type":"ReadAction","target":["https:\/\/www.suno.com.br\/noticias\/colunas\/eduardo-cavalheiro\/acoes-no-brasil-o-que-aconteceu-em-2021\/"]}]},{"@type":"BreadcrumbList","@id":"https:\/\/www.suno.com.br\/noticias\/colunas\/eduardo-cavalheiro\/acoes-no-brasil-o-que-aconteceu-em-2021\/#breadcrumb","itemListElement":[{"@type":"ListItem","position":1,"name":"Not\u00edcias","item":"https:\/\/www.suno.com.br\/noticias\/"},{"@type":"ListItem","position":2,"name":"Colunas","item":"https:\/\/www.suno.com.br\/noticias\/colunas\/"},{"@type":"ListItem","position":3,"name":"A\u00e7\u00f5es no Brasil: o que aconteceu em 2021?"}]},{"@type":"WebSite","@id":"https:\/\/www.suno.com.br\/noticias\/#website","url":"https:\/\/www.suno.com.br\/noticias\/","name":"Suno Not\u00edcias","description":"Seu portal de informa\u00e7\u00e3o sobre o mundo dos investimentos","publisher":{"@id":"https:\/\/www.suno.com.br\/noticias\/#organization"},"potentialAction":[{"@type":"SearchAction","target":{"@type":"EntryPoint","urlTemplate":"https:\/\/www.suno.com.br\/noticias\/?s={search_term_string}"},"query-input":{"@type":"PropertyValueSpecification","valueRequired":true,"valueName":"search_term_string"}}],"inLanguage":"pt-BR"},{"@type":"Organization","@id":"https:\/\/www.suno.com.br\/noticias\/#organization","name":"Suno Not\u00edcias","url":"https:\/\/www.suno.com.br\/noticias\/","logo":{"@type":"ImageObject","inLanguage":"pt-BR","@id":"https:\/\/www.suno.com.br\/noticias\/#\/schema\/logo\/image\/","url":"https:\/\/files.sunoresearch.com.br\/n\/uploads\/2021\/09\/suno-logo.png","contentUrl":"https:\/\/files.sunoresearch.com.br\/n\/uploads\/2021\/09\/suno-logo.png","width":180,"height":180,"caption":"Suno Not\u00edcias"},"image":{"@id":"https:\/\/www.suno.com.br\/noticias\/#\/schema\/logo\/image\/"},"sameAs":["https:\/\/facebook.com\/sunoresearch","https:\/\/x.com\/sunoresearch","https:\/\/www.instagram.com\/suno","https:\/\/www.linkedin.com\/company\/suno-research\/","https:\/\/www.youtube.com\/c\/sunoresearch"]},{"@type":"Person","@id":"https:\/\/www.suno.com.br\/noticias\/#\/schema\/person\/89d8b04cabac70732e1e0bfb16265649","name":"Eduardo Cavalheiro","image":{"@type":"ImageObject","inLanguage":"pt-BR","@id":"https:\/\/www.suno.com.br\/noticias\/#\/schema\/person\/image\/","url":"https:\/\/secure.gravatar.com\/avatar\/0860a9acf1399e5f60fa9129a03e6af7?s=96&r=g","contentUrl":"https:\/\/secure.gravatar.com\/avatar\/0860a9acf1399e5f60fa9129a03e6af7?s=96&r=g","caption":"Eduardo Cavalheiro"},"description":"Eduardo Cavalheiro \u00e9 s\u00f3cio-fundador e gestor na Rio Verde Investimentos, gestora com mais de 15 anos de mercado. \u00c9 especializado em an\u00e1lise de a\u00e7\u00f5es do tipo small caps","sameAs":["https:\/\/www.linkedin.com\/in\/eduardo-cavalheiro-239b35175\/"],"url":"https:\/\/www.suno.com.br\/noticias\/author\/eduardo-cavalheiro\/"}]}},"amp_enabled":true,"_links":{"self":[{"href":"https:\/\/www.suno.com.br\/noticias\/wp-json\/wp\/v2\/suno_column\/222836"}],"collection":[{"href":"https:\/\/www.suno.com.br\/noticias\/wp-json\/wp\/v2\/suno_column"}],"about":[{"href":"https:\/\/www.suno.com.br\/noticias\/wp-json\/wp\/v2\/types\/suno_column"}],"author":[{"embeddable":true,"href":"https:\/\/www.suno.com.br\/noticias\/wp-json\/wp\/v2\/users\/79"}],"wp:attachment":[{"href":"https:\/\/www.suno.com.br\/noticias\/wp-json\/wp\/v2\/media?parent=222836"}],"wp:term":[{"taxonomy":"post_tag","embeddable":true,"href":"https:\/\/www.suno.com.br\/noticias\/wp-json\/wp\/v2\/tags?post=222836"}],"curies":[{"name":"wp","href":"https:\/\/api.w.org\/{rel}","templated":true}]}}