{"id":221858,"date":"2022-01-14T08:00:52","date_gmt":"2022-01-14T11:00:52","guid":{"rendered":"https:\/\/www.suno.com.br\/noticias\/colunas\/marco-lopes\/\/"},"modified":"2022-01-13T22:36:14","modified_gmt":"2022-01-14T01:36:14","slug":"presidencialismo-de-coalizao-e-o-papel-do-agro-nas-eleicoes-de-2022","status":"publish","type":"suno_column","link":"https:\/\/www.suno.com.br\/noticias\/colunas\/gabriel-diniz-junqueira\/presidencialismo-de-coalizao-e-o-papel-do-agro-nas-eleicoes-de-2022\/","title":{"rendered":"Presidencialismo de Coaliz\u00e3o e o Papel do Agro nas Elei\u00e7\u00f5es de 2022"},"content":{"rendered":"<p>O Brasil \u00e9 um pa\u00eds jovem e sua hist\u00f3ria repleta de momentos pol\u00edticos distintos. J\u00e1 se viveu uma monarquia, rep\u00fablicas e per\u00edodos ditatoriais. No entanto, em 1985 iniciou-se a transi\u00e7\u00e3o do \u00faltimo regime autorit\u00e1rio para a estrutura que se tem atualmente, finalizando essa mudan\u00e7a com a promulga\u00e7\u00e3o da Constitui\u00e7\u00e3o de 1988, que vigora at\u00e9 os dias atuais. Entre as inova\u00e7\u00f5es relacionadas ao per\u00edodo que imperava no pa\u00eds antes, esse momento tamb\u00e9m inaugura um <strong>regime pol\u00edtico-institucional<\/strong> que rege as estruturas pol\u00edticas do pa\u00eds desde ent\u00e3o, o presidencialismo de coaliz\u00e3o.<\/p>\n\t<p>\n\t\t<a href=\"https:\/\/lp.suno.com.br\/planilha-controle-gastos\/\" target=\"_blank\" data-element=\"shortcode-suno-banner\" title=\"Banner SUNO, clique e saiba mais\">\n\t\t\t<picture>\n\t\t\t\t<source media=\"(max-width: 500px)\" srcset=\"https:\/\/files.sunoresearch.com.br\/n\/uploads\/2023\/03\/400x300-Planilha-controle-de-gastos.png\">\n\t\t\t\t<img class=\"newsContent__article__imgCapa newsContent__article__imgCapa--banner\"\n\t\t\t\t\tsrc=\"https:\/\/files.sunoresearch.com.br\/n\/uploads\/2023\/03\/1420x240-Planilha-controle-de-gastos.png\"\n\t\t\t\t\tdata-promo-id=\"101751\"\t\t\t\t\t\t\t\t\t\twidth='1420' height='240'\t\t\t\t\talt=\"https:\/\/files.sunoresearch.com.br\/n\/uploads\/2023\/03\/1420x240-Planilha-controle-de-gastos.png\"\n\t\t\t\t>\n\t\t\t<\/picture>\n\t\t<\/a>\n\t<\/p>\n\n\n<p>A express\u00e3o <strong>presidencialismo de coaliz\u00e3o<\/strong> foi descrita primeiramente em um artigo na revista DADOS do cientista pol\u00edtico Sergio Abranches em 1988, antes mesmo da promulga\u00e7\u00e3o da Constitui\u00e7\u00e3o, e j\u00e1 caracterizava o regime que surgia. Em palavras resumidas, o regime que se instaurou no Brasil \u00e9 de que o Poder Executivo para obter tanto governabilidade quanto governan\u00e7a necessita formar uma base de apoio no <strong>Poder Legislativo<\/strong>, C\u00e2mara e Senado. Isso se deve muito ao fato das distin\u00e7\u00f5es entre os processos eleitorais para cada qual, sendo o Presidente e o Senado eleitos pelo voto majorit\u00e1rio nacional e a C\u00e2mara de forma proporcional em seus col\u00e9gios eleitorais &#8212; portanto pela heterogeneidade dos processos o partido do Presidente dificilmente ter\u00e1 a maioria no Legislativo, obrigando a forma\u00e7\u00e3o de alian\u00e7as e coaliz\u00f5es para aprova\u00e7\u00e3o de projetos e emendas constitucionais. Como o <strong>agroneg\u00f3cio<\/strong> se encaixa neste sistema e qual a sua influ\u00eancia nas elei\u00e7\u00f5es que est\u00e3o por vir?<\/p>\n<p>A resposta para a pergunta acima \u00e9: <strong>Frente Parlamentar da Agropecu\u00e1ria<\/strong> (FPA). Como descrito, a din\u00e2mica pol\u00edtica brasileira depende de uma intensa gama de negocia\u00e7\u00f5es entre o Executivo e o Legislativo.<\/p>\n\t<p>\n\t\t<a href=\"https:\/\/lp.suno.com.br\/ebook-como-analisar-uma-acao\/\" target=\"_blank\" data-element=\"shortcode-suno-banner\" title=\"Banner SUNO, clique e saiba mais\">\n\t\t\t<picture>\n\t\t\t\t<source media=\"(max-width: 500px)\" srcset=\"https:\/\/files.sunoresearch.com.br\/n\/uploads\/2023\/03\/Ebook-Acoes-Mobile-1.jpg\">\n\t\t\t\t<img class=\"newsContent__article__imgCapa newsContent__article__imgCapa--banner\"\n\t\t\t\t\tsrc=\"https:\/\/files.sunoresearch.com.br\/n\/uploads\/2023\/03\/Ebook-Acoes-Desktop-1.jpg\"\n\t\t\t\t\tdata-promo-id=\"171998\"\t\t\t\t\t\t\t\t\t\twidth='1420' height='286'\t\t\t\t\talt=\"https:\/\/files.sunoresearch.com.br\/n\/uploads\/2023\/03\/Ebook-Acoes-Desktop-1.jpg\"\n\t\t\t\t>\n\t\t\t<\/picture>\n\t\t<\/a>\n\t<\/p>\n\n\n<p>Desta forma \u00e9 igualmente importante que o Congresso se constitua com uma forte representa\u00e7\u00e3o dos setores da economia. A FPA possui uma bancada de respeito formada por 280 parlamentares ao total, sendo 39 senadores e 241 deputados segundo seu pr\u00f3prio site (https:\/\/fpagropecuaria.org.br\/todos-os-membros\/). Em termos relativos, pode-se considerar que 47% do Congresso brasileiro faz parte da FPA (46% dos Deputados Federais e 48% dos Senadores).<\/p>\n<p>\u00c9 poss\u00edvel identificar neste grupo o nome de alguns pol\u00edticos famosos como o atual Presidente do Senado Rodrigo Pacheco (PSD-MG) e atual Presidente da C\u00e2mara dos Deputados Arthur Lira (PP-AL).<\/p>\n\t<p>\n\t\t<a href=\"https:\/\/lp.suno.com.br\/planilha-de-controle-de-investimentos\/\" target=\"_blank\" data-element=\"shortcode-suno-banner\" title=\"Banner SUNO, clique e saiba mais\">\n\t\t\t<picture>\n\t\t\t\t<source media=\"(max-width: 500px)\" srcset=\"https:\/\/files.sunoresearch.com.br\/n\/uploads\/2023\/03\/400x300-Controle-de-Investimentos.png\">\n\t\t\t\t<img class=\"newsContent__article__imgCapa newsContent__article__imgCapa--banner\"\n\t\t\t\t\tsrc=\"https:\/\/files.sunoresearch.com.br\/n\/uploads\/2023\/03\/1420x240-Controle-de-Investimentos.png\"\n\t\t\t\t\tdata-promo-id=\"75934\"\t\t\t\t\t\t\t\t\t\twidth='1420' height='240'\t\t\t\t\talt=\"https:\/\/files.sunoresearch.com.br\/n\/uploads\/2023\/03\/1420x240-Controle-de-Investimentos.png\"\n\t\t\t\t>\n\t\t\t<\/picture>\n\t\t<\/a>\n\t<\/p>\n\n\n<p>A <strong>for\u00e7a da FPA<\/strong> \u00e9 tamanha que o qu\u00f3rum (presen\u00e7a m\u00ednima) para votar um projeto de lei ordin\u00e1ria \u00e9 de maioria absoluta, ou seja, 257 deputados, assim somente com os parlamentares da bancada ruralista \u00e9 poss\u00edvel aprovar projetos na C\u00e2mara dos Deputados. Um exemplo recente disso \u00e9 a Lei N\u00ba 14.130 de 29 de mar\u00e7o de 2021 de autoria do Deputado Federal Arnaldo Jardim que institui o <a class=\"suno-keyword\" href=\"https:\/\/www.suno.com.br\/guias\/fiagro\/\" target=\"_blank\" rel=\"noopener\" data-force=\"no\" data-priority=\"2\">FIAGRO<\/a>. Quando subiu para a san\u00e7\u00e3o do Presidente Jair Bolsonaro, retornou com vetos que a tornariam invi\u00e1vel em termos pr\u00e1ticos, entretanto estes n\u00e3o resistiram \u00e0s press\u00f5es da FPA e foram derrubados em 1\u00ba de junho de 2021, fato que demonstra a for\u00e7a dos parlamentares em atuarem em <strong>prol do agroneg\u00f3cio<\/strong>.<\/p>\n\t<p>\n\t\t<a href=\"https:\/\/lp.suno.com.br\/planilha-da-vida-financeira\/\" target=\"_blank\" data-element=\"shortcode-suno-banner\" title=\"Banner SUNO, clique e saiba mais\">\n\t\t\t<picture>\n\t\t\t\t<source media=\"(max-width: 500px)\" srcset=\"https:\/\/files.sunoresearch.com.br\/n\/uploads\/2023\/04\/400x300-Planilha-vida-financeira-true.png\">\n\t\t\t\t<img class=\"newsContent__article__imgCapa newsContent__article__imgCapa--banner\"\n\t\t\t\t\tsrc=\"https:\/\/files.sunoresearch.com.br\/n\/uploads\/2023\/04\/1420x240-Planilha-vida-financeira-true.png\"\n\t\t\t\t\tdata-promo-id=\"106682\"\t\t\t\t\t\t\t\t\t\twidth='1420' height='240'\t\t\t\t\talt=\"https:\/\/files.sunoresearch.com.br\/n\/uploads\/2023\/04\/1420x240-Planilha-vida-financeira-true.png\"\n\t\t\t\t>\n\t\t\t<\/picture>\n\t\t<\/a>\n\t<\/p>\n\n\n<p>Portanto, em um ano de elei\u00e7\u00f5es como 2022, a for\u00e7a de <strong>mobiliza\u00e7\u00e3o do agro<\/strong> retorna ao palco principal, n\u00e3o somente em termos econ\u00f4micos, mas em seus col\u00e9gios eleitorais. A capacidade do setor de eleger uma bancada pr\u00f3pria no Legislativo que atue em favor de seus interesses, fiscalizando as pol\u00edticas do Executivo e montar palanques para pol\u00edticos \u00e9 pe\u00e7a chave para se compreender a din\u00e2mica do pa\u00eds e os pr\u00f3ximos passos do futuro Presidente, que n\u00e3o poder\u00e1 virar as costas para o setor que tem se destacado constantemente e com tanta expressividade.<\/p>\n<p>Agro \u00e9 Pop, Agro \u00e9 Top, FIAGRO \u00e9 Agro!<\/p>\n\t<p>\n\t\t<a href=\"\" target=\"_blank\" data-element=\"shortcode-suno-banner\" title=\"Banner SUNO, clique e saiba mais\">\n\t\t\t<picture>\n\t\t\t\t<source media=\"(max-width: 500px)\" srcset=\"\">\n\t\t\t\t<img class=\"newsContent__article__imgCapa newsContent__article__imgCapa--banner\"\n\t\t\t\t\tsrc=\"\"\n\t\t\t\t\tdata-promo-id=\"184190\"\t\t\t\t\t\t\t\t\t\t\t\t\t\t\talt=\"\"\n\t\t\t\t>\n\t\t\t<\/picture>\n\t\t<\/a>\n\t<\/p>\n\n\n","protected":false},"excerpt":{"rendered":"<p>O Brasil \u00e9 um pa\u00eds jovem e sua hist\u00f3ria repleta de momentos pol\u00edticos distintos. J\u00e1 se viveu uma monarquia, rep\u00fablicas e per\u00edodos ditatoriais. No entanto, em 1985 inic&#8230;<\/p>\n","protected":false},"author":130,"featured_media":0,"template":"","tags":[938,1068],"class_list":["post-221858","suno_column","type-suno_column","status-publish","hentry","tag-camara-dos-deputados","tag-senado-federal"],"yoast_head":"<!-- This site is optimized with the Yoast SEO plugin v24.4 - https:\/\/yoast.com\/wordpress\/plugins\/seo\/ -->\n<title>Presidencialismo de Coaliz\u00e3o e o Papel do Agro nas Elei\u00e7\u00f5es de 2022<\/title>\n<meta name=\"description\" content=\"Como o agroneg\u00f3cio se encaixa neste sistema e qual a sua influ\u00eancia nas elei\u00e7\u00f5es que est\u00e3o por vir? Saiba mais clicando aqui\" \/>\n<meta name=\"robots\" content=\"index, follow, max-snippet:-1, max-image-preview:large, max-video-preview:-1\" \/>\n<link rel=\"canonical\" href=\"https:\/\/www.suno.com.br\/noticias\/colunas\/gabriel-diniz-junqueira\/presidencialismo-de-coalizao-e-o-papel-do-agro-nas-eleicoes-de-2022\/\" \/>\n<meta property=\"og:locale\" content=\"pt_BR\" \/>\n<meta property=\"og:type\" content=\"article\" \/>\n<meta property=\"og:title\" content=\"Presidencialismo de Coaliz\u00e3o e o Papel do Agro nas Elei\u00e7\u00f5es de 2022\" \/>\n<meta property=\"og:description\" content=\"Como o agroneg\u00f3cio se encaixa neste sistema e qual a sua influ\u00eancia nas elei\u00e7\u00f5es que est\u00e3o por vir? Saiba mais clicando aqui\" \/>\n<meta property=\"og:url\" content=\"https:\/\/www.suno.com.br\/noticias\/colunas\/gabriel-diniz-junqueira\/presidencialismo-de-coalizao-e-o-papel-do-agro-nas-eleicoes-de-2022\/\" \/>\n<meta property=\"og:site_name\" content=\"Suno Not\u00edcias\" \/>\n<meta property=\"article:publisher\" content=\"https:\/\/facebook.com\/sunoresearch\" \/>\n<meta property=\"og:image\" content=\"https:\/\/files.sunoresearch.com.br\/n\/uploads\/2022\/06\/Modelo2.jpg\" \/>\n\t<meta property=\"og:image:width\" content=\"1200\" \/>\n\t<meta property=\"og:image:height\" content=\"627\" \/>\n\t<meta property=\"og:image:type\" content=\"image\/jpeg\" \/>\n<meta name=\"twitter:card\" content=\"summary_large_image\" \/>\n<meta name=\"twitter:site\" content=\"@sunoresearch\" \/>\n<meta name=\"twitter:label1\" content=\"Est. tempo de leitura\" \/>\n\t<meta name=\"twitter:data1\" content=\"3 minutos\" \/>\n<script type=\"application\/ld+json\" class=\"yoast-schema-graph\">{\"@context\":\"https:\/\/schema.org\",\"@graph\":[{\"@type\":\"Article\",\"@id\":\"https:\/\/www.suno.com.br\/noticias\/colunas\/gabriel-diniz-junqueira\/presidencialismo-de-coalizao-e-o-papel-do-agro-nas-eleicoes-de-2022\/#article\",\"isPartOf\":{\"@id\":\"https:\/\/www.suno.com.br\/noticias\/colunas\/gabriel-diniz-junqueira\/presidencialismo-de-coalizao-e-o-papel-do-agro-nas-eleicoes-de-2022\/\"},\"author\":{\"name\":\"Gabriel Diniz Junqueira\",\"@id\":\"https:\/\/www.suno.com.br\/noticias\/#\/schema\/person\/b1826056e4acd7d0b2d5078b56d74c55\"},\"headline\":\"Presidencialismo de Coaliz\u00e3o e o Papel do Agro nas Elei\u00e7\u00f5es de 2022\",\"datePublished\":\"2022-01-14T11:00:52+00:00\",\"mainEntityOfPage\":{\"@id\":\"https:\/\/www.suno.com.br\/noticias\/colunas\/gabriel-diniz-junqueira\/presidencialismo-de-coalizao-e-o-papel-do-agro-nas-eleicoes-de-2022\/\"},\"wordCount\":661,\"publisher\":{\"@id\":\"https:\/\/www.suno.com.br\/noticias\/#organization\"},\"keywords\":[\"C\u00e2mara dos Deputados\",\"Senado Federal\"],\"inLanguage\":\"pt-BR\"},{\"@type\":\"WebPage\",\"@id\":\"https:\/\/www.suno.com.br\/noticias\/colunas\/gabriel-diniz-junqueira\/presidencialismo-de-coalizao-e-o-papel-do-agro-nas-eleicoes-de-2022\/\",\"url\":\"https:\/\/www.suno.com.br\/noticias\/colunas\/gabriel-diniz-junqueira\/presidencialismo-de-coalizao-e-o-papel-do-agro-nas-eleicoes-de-2022\/\",\"name\":\"Presidencialismo de Coaliz\u00e3o e o Papel do Agro nas Elei\u00e7\u00f5es de 2022\",\"isPartOf\":{\"@id\":\"https:\/\/www.suno.com.br\/noticias\/#website\"},\"datePublished\":\"2022-01-14T11:00:52+00:00\",\"description\":\"Como o agroneg\u00f3cio se encaixa neste sistema e qual a sua influ\u00eancia nas elei\u00e7\u00f5es que est\u00e3o por vir? Saiba mais clicando aqui\",\"breadcrumb\":{\"@id\":\"https:\/\/www.suno.com.br\/noticias\/colunas\/gabriel-diniz-junqueira\/presidencialismo-de-coalizao-e-o-papel-do-agro-nas-eleicoes-de-2022\/#breadcrumb\"},\"inLanguage\":\"pt-BR\",\"potentialAction\":[{\"@type\":\"ReadAction\",\"target\":[\"https:\/\/www.suno.com.br\/noticias\/colunas\/gabriel-diniz-junqueira\/presidencialismo-de-coalizao-e-o-papel-do-agro-nas-eleicoes-de-2022\/\"]}]},{\"@type\":\"BreadcrumbList\",\"@id\":\"https:\/\/www.suno.com.br\/noticias\/colunas\/gabriel-diniz-junqueira\/presidencialismo-de-coalizao-e-o-papel-do-agro-nas-eleicoes-de-2022\/#breadcrumb\",\"itemListElement\":[{\"@type\":\"ListItem\",\"position\":1,\"name\":\"Not\u00edcias\",\"item\":\"https:\/\/www.suno.com.br\/noticias\/\"},{\"@type\":\"ListItem\",\"position\":2,\"name\":\"Colunas\",\"item\":\"https:\/\/www.suno.com.br\/noticias\/colunas\/\"},{\"@type\":\"ListItem\",\"position\":3,\"name\":\"Presidencialismo de Coaliz\u00e3o e o Papel do Agro nas Elei\u00e7\u00f5es de 2022\"}]},{\"@type\":\"WebSite\",\"@id\":\"https:\/\/www.suno.com.br\/noticias\/#website\",\"url\":\"https:\/\/www.suno.com.br\/noticias\/\",\"name\":\"Suno Not\u00edcias\",\"description\":\"Seu portal de informa\u00e7\u00e3o sobre o mundo dos investimentos\",\"publisher\":{\"@id\":\"https:\/\/www.suno.com.br\/noticias\/#organization\"},\"potentialAction\":[{\"@type\":\"SearchAction\",\"target\":{\"@type\":\"EntryPoint\",\"urlTemplate\":\"https:\/\/www.suno.com.br\/noticias\/?s={search_term_string}\"},\"query-input\":{\"@type\":\"PropertyValueSpecification\",\"valueRequired\":true,\"valueName\":\"search_term_string\"}}],\"inLanguage\":\"pt-BR\"},{\"@type\":\"Organization\",\"@id\":\"https:\/\/www.suno.com.br\/noticias\/#organization\",\"name\":\"Suno Not\u00edcias\",\"url\":\"https:\/\/www.suno.com.br\/noticias\/\",\"logo\":{\"@type\":\"ImageObject\",\"inLanguage\":\"pt-BR\",\"@id\":\"https:\/\/www.suno.com.br\/noticias\/#\/schema\/logo\/image\/\",\"url\":\"https:\/\/files.sunoresearch.com.br\/n\/uploads\/2021\/09\/suno-logo.png\",\"contentUrl\":\"https:\/\/files.sunoresearch.com.br\/n\/uploads\/2021\/09\/suno-logo.png\",\"width\":180,\"height\":180,\"caption\":\"Suno Not\u00edcias\"},\"image\":{\"@id\":\"https:\/\/www.suno.com.br\/noticias\/#\/schema\/logo\/image\/\"},\"sameAs\":[\"https:\/\/facebook.com\/sunoresearch\",\"https:\/\/x.com\/sunoresearch\",\"https:\/\/www.instagram.com\/suno\",\"https:\/\/www.linkedin.com\/company\/suno-research\/\",\"https:\/\/www.youtube.com\/c\/sunoresearch\"]},{\"@type\":\"Person\",\"@id\":\"https:\/\/www.suno.com.br\/noticias\/#\/schema\/person\/b1826056e4acd7d0b2d5078b56d74c55\",\"name\":\"Gabriel Diniz Junqueira\",\"image\":{\"@type\":\"ImageObject\",\"inLanguage\":\"pt-BR\",\"@id\":\"https:\/\/www.suno.com.br\/noticias\/#\/schema\/person\/image\/\",\"url\":\"https:\/\/secure.gravatar.com\/avatar\/66203fb9349983855fb0f20b18db3291?s=96&r=g\",\"contentUrl\":\"https:\/\/secure.gravatar.com\/avatar\/66203fb9349983855fb0f20b18db3291?s=96&r=g\",\"caption\":\"Gabriel Diniz Junqueira\"},\"description\":\"Engenheiro Civil pela Poli\/USP, iniciou sua carreia no JP Morgan na \u00e1rea de Private Banking e especializou-se em an\u00e1lise de empresas voltadas ao setor agro, estudando profundamente a estrutura\u00e7\u00e3o dos FIAGROS no mundo.\",\"sameAs\":[\"https:\/\/www.instagram.com\/santafe_investimentos\/\",\"https:\/\/br.linkedin.com\/company\/santa-fe-investimentos\",\"https:\/\/www.youtube.com\/channel\/UCCekNzSLGS8qu28M4ADIkBw\"],\"url\":\"https:\/\/www.suno.com.br\/noticias\/author\/gabriel-diniz-junqueira\/\"}]}<\/script>\n<!-- \/ Yoast SEO plugin. -->","yoast_head_json":{"title":"Presidencialismo de Coaliz\u00e3o e o Papel do Agro nas Elei\u00e7\u00f5es de 2022","description":"Como o agroneg\u00f3cio se encaixa neste sistema e qual a sua influ\u00eancia nas elei\u00e7\u00f5es que est\u00e3o por vir? Saiba mais clicando aqui","robots":{"index":"index","follow":"follow","max-snippet":"max-snippet:-1","max-image-preview":"max-image-preview:large","max-video-preview":"max-video-preview:-1"},"canonical":"https:\/\/www.suno.com.br\/noticias\/colunas\/gabriel-diniz-junqueira\/presidencialismo-de-coalizao-e-o-papel-do-agro-nas-eleicoes-de-2022\/","og_locale":"pt_BR","og_type":"article","og_title":"Presidencialismo de Coaliz\u00e3o e o Papel do Agro nas Elei\u00e7\u00f5es de 2022","og_description":"Como o agroneg\u00f3cio se encaixa neste sistema e qual a sua influ\u00eancia nas elei\u00e7\u00f5es que est\u00e3o por vir? Saiba mais clicando aqui","og_url":"https:\/\/www.suno.com.br\/noticias\/colunas\/gabriel-diniz-junqueira\/presidencialismo-de-coalizao-e-o-papel-do-agro-nas-eleicoes-de-2022\/","og_site_name":"Suno Not\u00edcias","article_publisher":"https:\/\/facebook.com\/sunoresearch","og_image":[{"width":1200,"height":627,"url":"https:\/\/files.sunoresearch.com.br\/n\/uploads\/2022\/06\/Modelo2.jpg","type":"image\/jpeg"}],"twitter_card":"summary_large_image","twitter_site":"@sunoresearch","twitter_misc":{"Est. tempo de leitura":"3 minutos"},"schema":{"@context":"https:\/\/schema.org","@graph":[{"@type":"Article","@id":"https:\/\/www.suno.com.br\/noticias\/colunas\/gabriel-diniz-junqueira\/presidencialismo-de-coalizao-e-o-papel-do-agro-nas-eleicoes-de-2022\/#article","isPartOf":{"@id":"https:\/\/www.suno.com.br\/noticias\/colunas\/gabriel-diniz-junqueira\/presidencialismo-de-coalizao-e-o-papel-do-agro-nas-eleicoes-de-2022\/"},"author":{"name":"Gabriel Diniz Junqueira","@id":"https:\/\/www.suno.com.br\/noticias\/#\/schema\/person\/b1826056e4acd7d0b2d5078b56d74c55"},"headline":"Presidencialismo de Coaliz\u00e3o e o Papel do Agro nas Elei\u00e7\u00f5es de 2022","datePublished":"2022-01-14T11:00:52+00:00","mainEntityOfPage":{"@id":"https:\/\/www.suno.com.br\/noticias\/colunas\/gabriel-diniz-junqueira\/presidencialismo-de-coalizao-e-o-papel-do-agro-nas-eleicoes-de-2022\/"},"wordCount":661,"publisher":{"@id":"https:\/\/www.suno.com.br\/noticias\/#organization"},"keywords":["C\u00e2mara dos Deputados","Senado Federal"],"inLanguage":"pt-BR"},{"@type":"WebPage","@id":"https:\/\/www.suno.com.br\/noticias\/colunas\/gabriel-diniz-junqueira\/presidencialismo-de-coalizao-e-o-papel-do-agro-nas-eleicoes-de-2022\/","url":"https:\/\/www.suno.com.br\/noticias\/colunas\/gabriel-diniz-junqueira\/presidencialismo-de-coalizao-e-o-papel-do-agro-nas-eleicoes-de-2022\/","name":"Presidencialismo de Coaliz\u00e3o e o Papel do Agro nas Elei\u00e7\u00f5es de 2022","isPartOf":{"@id":"https:\/\/www.suno.com.br\/noticias\/#website"},"datePublished":"2022-01-14T11:00:52+00:00","description":"Como o agroneg\u00f3cio se encaixa neste sistema e qual a sua influ\u00eancia nas elei\u00e7\u00f5es que est\u00e3o por vir? Saiba mais clicando aqui","breadcrumb":{"@id":"https:\/\/www.suno.com.br\/noticias\/colunas\/gabriel-diniz-junqueira\/presidencialismo-de-coalizao-e-o-papel-do-agro-nas-eleicoes-de-2022\/#breadcrumb"},"inLanguage":"pt-BR","potentialAction":[{"@type":"ReadAction","target":["https:\/\/www.suno.com.br\/noticias\/colunas\/gabriel-diniz-junqueira\/presidencialismo-de-coalizao-e-o-papel-do-agro-nas-eleicoes-de-2022\/"]}]},{"@type":"BreadcrumbList","@id":"https:\/\/www.suno.com.br\/noticias\/colunas\/gabriel-diniz-junqueira\/presidencialismo-de-coalizao-e-o-papel-do-agro-nas-eleicoes-de-2022\/#breadcrumb","itemListElement":[{"@type":"ListItem","position":1,"name":"Not\u00edcias","item":"https:\/\/www.suno.com.br\/noticias\/"},{"@type":"ListItem","position":2,"name":"Colunas","item":"https:\/\/www.suno.com.br\/noticias\/colunas\/"},{"@type":"ListItem","position":3,"name":"Presidencialismo de Coaliz\u00e3o e o Papel do Agro nas Elei\u00e7\u00f5es de 2022"}]},{"@type":"WebSite","@id":"https:\/\/www.suno.com.br\/noticias\/#website","url":"https:\/\/www.suno.com.br\/noticias\/","name":"Suno Not\u00edcias","description":"Seu portal de informa\u00e7\u00e3o sobre o mundo dos investimentos","publisher":{"@id":"https:\/\/www.suno.com.br\/noticias\/#organization"},"potentialAction":[{"@type":"SearchAction","target":{"@type":"EntryPoint","urlTemplate":"https:\/\/www.suno.com.br\/noticias\/?s={search_term_string}"},"query-input":{"@type":"PropertyValueSpecification","valueRequired":true,"valueName":"search_term_string"}}],"inLanguage":"pt-BR"},{"@type":"Organization","@id":"https:\/\/www.suno.com.br\/noticias\/#organization","name":"Suno Not\u00edcias","url":"https:\/\/www.suno.com.br\/noticias\/","logo":{"@type":"ImageObject","inLanguage":"pt-BR","@id":"https:\/\/www.suno.com.br\/noticias\/#\/schema\/logo\/image\/","url":"https:\/\/files.sunoresearch.com.br\/n\/uploads\/2021\/09\/suno-logo.png","contentUrl":"https:\/\/files.sunoresearch.com.br\/n\/uploads\/2021\/09\/suno-logo.png","width":180,"height":180,"caption":"Suno Not\u00edcias"},"image":{"@id":"https:\/\/www.suno.com.br\/noticias\/#\/schema\/logo\/image\/"},"sameAs":["https:\/\/facebook.com\/sunoresearch","https:\/\/x.com\/sunoresearch","https:\/\/www.instagram.com\/suno","https:\/\/www.linkedin.com\/company\/suno-research\/","https:\/\/www.youtube.com\/c\/sunoresearch"]},{"@type":"Person","@id":"https:\/\/www.suno.com.br\/noticias\/#\/schema\/person\/b1826056e4acd7d0b2d5078b56d74c55","name":"Gabriel Diniz Junqueira","image":{"@type":"ImageObject","inLanguage":"pt-BR","@id":"https:\/\/www.suno.com.br\/noticias\/#\/schema\/person\/image\/","url":"https:\/\/secure.gravatar.com\/avatar\/66203fb9349983855fb0f20b18db3291?s=96&r=g","contentUrl":"https:\/\/secure.gravatar.com\/avatar\/66203fb9349983855fb0f20b18db3291?s=96&r=g","caption":"Gabriel Diniz Junqueira"},"description":"Engenheiro Civil pela Poli\/USP, iniciou sua carreia no JP Morgan na \u00e1rea de Private Banking e especializou-se em an\u00e1lise de empresas voltadas ao setor agro, estudando profundamente a estrutura\u00e7\u00e3o dos FIAGROS no mundo.","sameAs":["https:\/\/www.instagram.com\/santafe_investimentos\/","https:\/\/br.linkedin.com\/company\/santa-fe-investimentos","https:\/\/www.youtube.com\/channel\/UCCekNzSLGS8qu28M4ADIkBw"],"url":"https:\/\/www.suno.com.br\/noticias\/author\/gabriel-diniz-junqueira\/"}]}},"amp_enabled":true,"_links":{"self":[{"href":"https:\/\/www.suno.com.br\/noticias\/wp-json\/wp\/v2\/suno_column\/221858"}],"collection":[{"href":"https:\/\/www.suno.com.br\/noticias\/wp-json\/wp\/v2\/suno_column"}],"about":[{"href":"https:\/\/www.suno.com.br\/noticias\/wp-json\/wp\/v2\/types\/suno_column"}],"author":[{"embeddable":true,"href":"https:\/\/www.suno.com.br\/noticias\/wp-json\/wp\/v2\/users\/130"}],"wp:attachment":[{"href":"https:\/\/www.suno.com.br\/noticias\/wp-json\/wp\/v2\/media?parent=221858"}],"wp:term":[{"taxonomy":"post_tag","embeddable":true,"href":"https:\/\/www.suno.com.br\/noticias\/wp-json\/wp\/v2\/tags?post=221858"}],"curies":[{"name":"wp","href":"https:\/\/api.w.org\/{rel}","templated":true}]}}