{"id":221462,"date":"2022-01-13T08:33:48","date_gmt":"2022-01-13T11:33:48","guid":{"rendered":"https:\/\/www.suno.com.br\/noticias\/colunas\/felipe-areia\/\/"},"modified":"2022-01-13T08:33:48","modified_gmt":"2022-01-13T11:33:48","slug":"banco-central-culpa-inflacao","status":"publish","type":"suno_column","link":"https:\/\/www.suno.com.br\/noticias\/colunas\/gian\/banco-central-culpa-inflacao\/","title":{"rendered":"Bancos Centrais t\u00eam culpa pela infla\u00e7\u00e3o?"},"content":{"rendered":"<p>Essa semana vimos o Brasil registrar uma <a href=\"https:\/\/www.suno.com.br\/noticias\/ipca-inflacao-2021-alta-de-1006\/\"><strong>infla\u00e7\u00e3o<\/strong> de dois d\u00edgitos<\/a> em 2021 e o IPC dos EUA alcan\u00e7ar o seu <a href=\"https:\/\/www.suno.com.br\/noticias\/dados-da-inflacao-dos-eua-impulsionam-ganhos-do-ibovespa\/\">maior valor em um ano desde 1982<\/a>. O controle da alta dos pre\u00e7os tem sido uma dor de cabe\u00e7a para os <strong>Banco Centrais<\/strong> ao redor do mundo &#8211; e tamb\u00e9m levantado a discuss\u00e3o sobre o quanto os pr\u00f3prios BCs s\u00e3o culpados.<\/p>\n\t<p>\n\t\t<a href=\"https:\/\/lp.suno.com.br\/planilha-controle-gastos\/\" target=\"_blank\" data-element=\"shortcode-suno-banner\" title=\"Banner SUNO, clique e saiba mais\">\n\t\t\t<picture>\n\t\t\t\t<source media=\"(max-width: 500px)\" srcset=\"https:\/\/files.sunoresearch.com.br\/n\/uploads\/2023\/03\/400x300-Planilha-controle-de-gastos.png\">\n\t\t\t\t<img class=\"newsContent__article__imgCapa newsContent__article__imgCapa--banner\"\n\t\t\t\t\tsrc=\"https:\/\/files.sunoresearch.com.br\/n\/uploads\/2023\/03\/1420x240-Planilha-controle-de-gastos.png\"\n\t\t\t\t\tdata-promo-id=\"101751\"\t\t\t\t\t\t\t\t\t\twidth='1420' height='240'\t\t\t\t\talt=\"https:\/\/files.sunoresearch.com.br\/n\/uploads\/2023\/03\/1420x240-Planilha-controle-de-gastos.png\"\n\t\t\t\t>\n\t\t\t<\/picture>\n\t\t<\/a>\n\t<\/p>\n\n\n<p>Nos EUA, o presidente do Federal Reserve, <a class=\"suno-keyword\" href=\"https:\/\/www.suno.com.br\/tudo-sobre\/jerome-powell\/\" target=\"_blank\" rel=\"noopener\" data-force=\"no\" data-priority=\"2\">Jerome Powell<\/a>, passou a reconhecer a atual infla\u00e7\u00e3o n\u00e3o mais como transit\u00f3ria apenas no final de 2021. Em audi\u00eancia no Senado americano nesta ter\u00e7a-feira (11), Powell culpou o desequil\u00edbrio entre <a class=\"suno-keyword\" href=\"https:\/\/www.suno.com.br\/artigos\/oferta-demanda\/\" target=\"_blank\" rel=\"noopener\" data-force=\"no\" data-priority=\"1\">oferta e demanda<\/a> pela <strong>escalada da infla\u00e7\u00e3o<\/strong>. Para o presidente do Fed, os <strong>gargalos nas cadeias produtivas<\/strong> devem ser normalizados ao longo deste ano, o que ajudar\u00e1 a conter o aumento de pre\u00e7os.<\/p>\n<p>Apesar do otimismo, o dirigente assegurou que o banco central americano est\u00e1 disposto a usar \u201ctodos os instrumentos\u201d necess\u00e1rios para conquistar a estabilidade dos pre\u00e7os &#8211; incluindo a <strong>eleva\u00e7\u00e3o dos juros em ritmo mais r\u00e1pido<\/strong>.<\/p>\n<p>Aqui no Brasil, em carta aberta enviada ao presidente do <a class=\"suno-keyword\" href=\"https:\/\/www.suno.com.br\/artigos\/cmn-conselho-monetario-nacional\/\" target=\"_blank\" rel=\"noopener\" data-force=\"no\" data-priority=\"1\">Conselho Monet\u00e1rio Nacional (CMN)<\/a>, o ministro Paulo Guedes, o presidente do BC, Roberto Campos Neto, tentou justificar os motivos que levaram \u00e0 infla\u00e7\u00e3o na casa de dois d\u00edgitos. Para ele, foram tr\u00eas os principais fatores:<a href=\"https:\/\/www.suno.com.br\/noticias\/bc-justifica-inflacao-acima-meta\/\"> pre\u00e7os de commodities, bandeira de energia el\u00e9trica e gargalos nas cadeias produtivas globais<\/a>.<\/p>\n<p>Na carta, Campos Neto coloca a infla\u00e7\u00e3o \u201cimportada\u201d &#8211; commodities em geral &#8211; como o principal fator para o desvio ao centro da meta, mas pouco menciona o quanto riscos fiscais for\u00e7aram a desvaloriza\u00e7\u00e3o do real frente ao d\u00f3lar e como isso impactou no n\u00famero.<\/p>\n\t<p>\n\t\t<a href=\"https:\/\/lp.suno.com.br\/planilha-da-vida-financeira\/\" target=\"_blank\" data-element=\"shortcode-suno-banner\" title=\"Banner SUNO, clique e saiba mais\">\n\t\t\t<picture>\n\t\t\t\t<source media=\"(max-width: 500px)\" srcset=\"https:\/\/files.sunoresearch.com.br\/n\/uploads\/2023\/04\/400x300-Planilha-vida-financeira-true.png\">\n\t\t\t\t<img class=\"newsContent__article__imgCapa newsContent__article__imgCapa--banner\"\n\t\t\t\t\tsrc=\"https:\/\/files.sunoresearch.com.br\/n\/uploads\/2023\/04\/1420x240-Planilha-vida-financeira-true.png\"\n\t\t\t\t\tdata-promo-id=\"106682\"\t\t\t\t\t\t\t\t\t\twidth='1420' height='240'\t\t\t\t\talt=\"https:\/\/files.sunoresearch.com.br\/n\/uploads\/2023\/04\/1420x240-Planilha-vida-financeira-true.png\"\n\t\t\t\t>\n\t\t\t<\/picture>\n\t\t<\/a>\n\t<\/p>\n\n\n<p>Na Inglaterra, o Banco Central do pa\u00eds foi o primeiro entre os grandes a elevar a <a class=\"suno-keyword\" href=\"https:\/\/www.suno.com.br\/artigos\/taxa-de-juros\/\" target=\"_blank\" rel=\"noopener\" data-force=\"no\" data-priority=\"1\">taxa b\u00e1sica de juros<\/a> para conter a infla\u00e7\u00e3o. O presidente da entidade, Andrew Bailey, disse que uma perspectiva de infla\u00e7\u00e3o &#8220;mais persistente&#8221; foi respons\u00e1vel pela decis\u00e3o surpresa de aumentar as taxas pela primeira vez em tr\u00eas anos. Apesar dos riscos de desacelera\u00e7\u00e3o da economia brit\u00e2nica devido aos casos da \u00d4micron, Bailey afirmou que o BoE est\u00e1 mais preocupado em combater a infla\u00e7\u00e3o de m\u00e9dio prazo.<\/p>\n<p>Enquanto isso, na Uni\u00e3o Europeia, a presidente do Banco Central Europeu, <a href=\"https:\/\/www.suno.com.br\/tudo-sobre\/christine-lagarde\/\"><strong>Chistine Lagarde<\/strong><\/a>, n\u00e3o d\u00e1 sinais de eleva\u00e7\u00e3o dos juros, mas acredita que a infla\u00e7\u00e3o diminuir\u00e1 ao longo de 2022, indo em dire\u00e7\u00e3o \u00e0 meta.<\/p>\n<p>O fato \u00e9 que pouca gente esperava que depois dos impactos da covid, que chegou a ser tratada como uma poss\u00edvel crise deflacion\u00e1ria no in\u00edcio de 2020, a infla\u00e7\u00e3o fosse uma preocupa\u00e7\u00e3o t\u00e3o rapidamente. Muitos culpam as medidas tomadas pelos BCs para isso &#8211; aqui no Brasil os juros chegaram aos menores patamares da hist\u00f3ria. O que importa na an\u00e1lise, no final do dia, \u00e9 que o problema est\u00e1 a\u00ed e n\u00e3o ir\u00e1 embora de uma hora para outra.<\/p>\n\t<p>\n\t\t<a href=\"\" target=\"_blank\" data-element=\"shortcode-suno-banner\" title=\"Banner SUNO, clique e saiba mais\">\n\t\t\t<picture>\n\t\t\t\t<source media=\"(max-width: 500px)\" srcset=\"\">\n\t\t\t\t<img class=\"newsContent__article__imgCapa newsContent__article__imgCapa--banner\"\n\t\t\t\t\tsrc=\"\"\n\t\t\t\t\tdata-promo-id=\"184190\"\t\t\t\t\t\t\t\t\t\t\t\t\t\t\talt=\"\"\n\t\t\t\t>\n\t\t\t<\/picture>\n\t\t<\/a>\n\t<\/p>\n\n\n","protected":false},"excerpt":{"rendered":"<p>Essa semana vimos o Brasil registrar uma infla\u00e7\u00e3o de dois d\u00edgitos em 2021 e o IPC dos EUA alcan\u00e7ar o seu maior valor em um ano desde 1982. O controle da alta dos pre\u00e7o&#8230;<\/p>\n","protected":false},"author":4,"featured_media":0,"template":"","tags":[850],"class_list":["post-221462","suno_column","type-suno_column","status-publish","hentry","tag-inflacao"],"yoast_head":"<!-- This site is optimized with the Yoast SEO plugin v24.4 - https:\/\/yoast.com\/wordpress\/plugins\/seo\/ -->\n<title>Bancos Centrais t\u00eam culpa pela infla\u00e7\u00e3o? - Coluna de Gian Kojikovski<\/title>\n<meta name=\"description\" content=\"Leia a coluna de Gian Kojikovski sobre como a infla\u00e7\u00e3o \u00e9 um problema global e n\u00e3o ir\u00e1 embora de uma hora para outra\" \/>\n<meta name=\"robots\" content=\"index, follow, max-snippet:-1, max-image-preview:large, max-video-preview:-1\" \/>\n<link rel=\"canonical\" href=\"https:\/\/www.suno.com.br\/noticias\/colunas\/gian\/banco-central-culpa-inflacao\/\" \/>\n<meta property=\"og:locale\" content=\"pt_BR\" \/>\n<meta property=\"og:type\" content=\"article\" \/>\n<meta property=\"og:title\" content=\"Bancos Centrais t\u00eam culpa pela infla\u00e7\u00e3o? - Coluna de Gian Kojikovski\" \/>\n<meta property=\"og:description\" content=\"Leia a coluna de Gian Kojikovski sobre como a infla\u00e7\u00e3o \u00e9 um problema global e n\u00e3o ir\u00e1 embora de uma hora para outra\" \/>\n<meta property=\"og:url\" content=\"https:\/\/www.suno.com.br\/noticias\/colunas\/gian\/banco-central-culpa-inflacao\/\" \/>\n<meta property=\"og:site_name\" content=\"Suno Not\u00edcias\" \/>\n<meta property=\"article:publisher\" content=\"https:\/\/facebook.com\/sunoresearch\" \/>\n<meta property=\"og:image\" content=\"https:\/\/files.sunoresearch.com.br\/n\/uploads\/2022\/06\/Modelo2.jpg\" \/>\n\t<meta property=\"og:image:width\" content=\"1200\" \/>\n\t<meta property=\"og:image:height\" content=\"627\" \/>\n\t<meta property=\"og:image:type\" content=\"image\/jpeg\" \/>\n<meta name=\"twitter:card\" content=\"summary_large_image\" \/>\n<meta name=\"twitter:site\" content=\"@sunoresearch\" \/>\n<meta name=\"twitter:label1\" content=\"Est. tempo de leitura\" \/>\n\t<meta name=\"twitter:data1\" content=\"3 minutos\" \/>\n<script type=\"application\/ld+json\" class=\"yoast-schema-graph\">{\"@context\":\"https:\/\/schema.org\",\"@graph\":[{\"@type\":\"Article\",\"@id\":\"https:\/\/www.suno.com.br\/noticias\/colunas\/gian\/banco-central-culpa-inflacao\/#article\",\"isPartOf\":{\"@id\":\"https:\/\/www.suno.com.br\/noticias\/colunas\/gian\/banco-central-culpa-inflacao\/\"},\"author\":{\"name\":\"Gian Kojikovski\",\"@id\":\"https:\/\/www.suno.com.br\/noticias\/#\/schema\/person\/8c2753ace9edbc3c59cfa8a971ac5914\"},\"headline\":\"Bancos Centrais t\u00eam culpa pela infla\u00e7\u00e3o?\",\"datePublished\":\"2022-01-13T11:33:48+00:00\",\"mainEntityOfPage\":{\"@id\":\"https:\/\/www.suno.com.br\/noticias\/colunas\/gian\/banco-central-culpa-inflacao\/\"},\"wordCount\":529,\"publisher\":{\"@id\":\"https:\/\/www.suno.com.br\/noticias\/#organization\"},\"keywords\":[\"infla\u00e7\u00e3o\"],\"inLanguage\":\"pt-BR\"},{\"@type\":\"WebPage\",\"@id\":\"https:\/\/www.suno.com.br\/noticias\/colunas\/gian\/banco-central-culpa-inflacao\/\",\"url\":\"https:\/\/www.suno.com.br\/noticias\/colunas\/gian\/banco-central-culpa-inflacao\/\",\"name\":\"Bancos Centrais t\u00eam culpa pela infla\u00e7\u00e3o? - Coluna de Gian Kojikovski\",\"isPartOf\":{\"@id\":\"https:\/\/www.suno.com.br\/noticias\/#website\"},\"datePublished\":\"2022-01-13T11:33:48+00:00\",\"description\":\"Leia a coluna de Gian Kojikovski sobre como a infla\u00e7\u00e3o \u00e9 um problema global e n\u00e3o ir\u00e1 embora de uma hora para outra\",\"breadcrumb\":{\"@id\":\"https:\/\/www.suno.com.br\/noticias\/colunas\/gian\/banco-central-culpa-inflacao\/#breadcrumb\"},\"inLanguage\":\"pt-BR\",\"potentialAction\":[{\"@type\":\"ReadAction\",\"target\":[\"https:\/\/www.suno.com.br\/noticias\/colunas\/gian\/banco-central-culpa-inflacao\/\"]}]},{\"@type\":\"BreadcrumbList\",\"@id\":\"https:\/\/www.suno.com.br\/noticias\/colunas\/gian\/banco-central-culpa-inflacao\/#breadcrumb\",\"itemListElement\":[{\"@type\":\"ListItem\",\"position\":1,\"name\":\"Not\u00edcias\",\"item\":\"https:\/\/www.suno.com.br\/noticias\/\"},{\"@type\":\"ListItem\",\"position\":2,\"name\":\"Colunas\",\"item\":\"https:\/\/www.suno.com.br\/noticias\/colunas\/\"},{\"@type\":\"ListItem\",\"position\":3,\"name\":\"Bancos Centrais t\u00eam culpa pela infla\u00e7\u00e3o?\"}]},{\"@type\":\"WebSite\",\"@id\":\"https:\/\/www.suno.com.br\/noticias\/#website\",\"url\":\"https:\/\/www.suno.com.br\/noticias\/\",\"name\":\"Suno Not\u00edcias\",\"description\":\"Seu portal de informa\u00e7\u00e3o sobre o mundo dos investimentos\",\"publisher\":{\"@id\":\"https:\/\/www.suno.com.br\/noticias\/#organization\"},\"potentialAction\":[{\"@type\":\"SearchAction\",\"target\":{\"@type\":\"EntryPoint\",\"urlTemplate\":\"https:\/\/www.suno.com.br\/noticias\/?s={search_term_string}\"},\"query-input\":{\"@type\":\"PropertyValueSpecification\",\"valueRequired\":true,\"valueName\":\"search_term_string\"}}],\"inLanguage\":\"pt-BR\"},{\"@type\":\"Organization\",\"@id\":\"https:\/\/www.suno.com.br\/noticias\/#organization\",\"name\":\"Suno Not\u00edcias\",\"url\":\"https:\/\/www.suno.com.br\/noticias\/\",\"logo\":{\"@type\":\"ImageObject\",\"inLanguage\":\"pt-BR\",\"@id\":\"https:\/\/www.suno.com.br\/noticias\/#\/schema\/logo\/image\/\",\"url\":\"https:\/\/files.sunoresearch.com.br\/n\/uploads\/2021\/09\/suno-logo.png\",\"contentUrl\":\"https:\/\/files.sunoresearch.com.br\/n\/uploads\/2021\/09\/suno-logo.png\",\"width\":180,\"height\":180,\"caption\":\"Suno Not\u00edcias\"},\"image\":{\"@id\":\"https:\/\/www.suno.com.br\/noticias\/#\/schema\/logo\/image\/\"},\"sameAs\":[\"https:\/\/facebook.com\/sunoresearch\",\"https:\/\/x.com\/sunoresearch\",\"https:\/\/www.instagram.com\/suno\",\"https:\/\/www.linkedin.com\/company\/suno-research\/\",\"https:\/\/www.youtube.com\/c\/sunoresearch\"]},{\"@type\":\"Person\",\"@id\":\"https:\/\/www.suno.com.br\/noticias\/#\/schema\/person\/8c2753ace9edbc3c59cfa8a971ac5914\",\"name\":\"Gian Kojikovski\",\"image\":{\"@type\":\"ImageObject\",\"inLanguage\":\"pt-BR\",\"@id\":\"https:\/\/www.suno.com.br\/noticias\/#\/schema\/person\/image\/\",\"url\":\"https:\/\/secure.gravatar.com\/avatar\/9b6de4deaf8443278f037ed55611af64?s=96&r=g\",\"contentUrl\":\"https:\/\/secure.gravatar.com\/avatar\/9b6de4deaf8443278f037ed55611af64?s=96&r=g\",\"caption\":\"Gian Kojikovski\"},\"description\":\"Gian Kojikovski \u00e9 diretor e s\u00f3cio da Suno e escreve sobre neg\u00f3cios, marketing, pol\u00edtica e finan\u00e7as. Tem passagem pelas reda\u00e7\u00f5es de Veja e Exame e \u00e9 vencedor do Pr\u00eamio CNI de Jornalismo de 2016 na categoria especial de Inova\u00e7\u00e3o e finalista do Citi Journalistic Excellence Award de 2018.\",\"sameAs\":[\"https:\/\/www.suno.com.br\",\"https:\/\/x.com\/https:\/\/twitter.com\/giankojikovski\"],\"url\":\"https:\/\/www.suno.com.br\/noticias\/author\/gian\/\"}]}<\/script>\n<!-- \/ Yoast SEO plugin. -->","yoast_head_json":{"title":"Bancos Centrais t\u00eam culpa pela infla\u00e7\u00e3o? - Coluna de Gian Kojikovski","description":"Leia a coluna de Gian Kojikovski sobre como a infla\u00e7\u00e3o \u00e9 um problema global e n\u00e3o ir\u00e1 embora de uma hora para outra","robots":{"index":"index","follow":"follow","max-snippet":"max-snippet:-1","max-image-preview":"max-image-preview:large","max-video-preview":"max-video-preview:-1"},"canonical":"https:\/\/www.suno.com.br\/noticias\/colunas\/gian\/banco-central-culpa-inflacao\/","og_locale":"pt_BR","og_type":"article","og_title":"Bancos Centrais t\u00eam culpa pela infla\u00e7\u00e3o? - Coluna de Gian Kojikovski","og_description":"Leia a coluna de Gian Kojikovski sobre como a infla\u00e7\u00e3o \u00e9 um problema global e n\u00e3o ir\u00e1 embora de uma hora para outra","og_url":"https:\/\/www.suno.com.br\/noticias\/colunas\/gian\/banco-central-culpa-inflacao\/","og_site_name":"Suno Not\u00edcias","article_publisher":"https:\/\/facebook.com\/sunoresearch","og_image":[{"width":1200,"height":627,"url":"https:\/\/files.sunoresearch.com.br\/n\/uploads\/2022\/06\/Modelo2.jpg","type":"image\/jpeg"}],"twitter_card":"summary_large_image","twitter_site":"@sunoresearch","twitter_misc":{"Est. tempo de leitura":"3 minutos"},"schema":{"@context":"https:\/\/schema.org","@graph":[{"@type":"Article","@id":"https:\/\/www.suno.com.br\/noticias\/colunas\/gian\/banco-central-culpa-inflacao\/#article","isPartOf":{"@id":"https:\/\/www.suno.com.br\/noticias\/colunas\/gian\/banco-central-culpa-inflacao\/"},"author":{"name":"Gian Kojikovski","@id":"https:\/\/www.suno.com.br\/noticias\/#\/schema\/person\/8c2753ace9edbc3c59cfa8a971ac5914"},"headline":"Bancos Centrais t\u00eam culpa pela infla\u00e7\u00e3o?","datePublished":"2022-01-13T11:33:48+00:00","mainEntityOfPage":{"@id":"https:\/\/www.suno.com.br\/noticias\/colunas\/gian\/banco-central-culpa-inflacao\/"},"wordCount":529,"publisher":{"@id":"https:\/\/www.suno.com.br\/noticias\/#organization"},"keywords":["infla\u00e7\u00e3o"],"inLanguage":"pt-BR"},{"@type":"WebPage","@id":"https:\/\/www.suno.com.br\/noticias\/colunas\/gian\/banco-central-culpa-inflacao\/","url":"https:\/\/www.suno.com.br\/noticias\/colunas\/gian\/banco-central-culpa-inflacao\/","name":"Bancos Centrais t\u00eam culpa pela infla\u00e7\u00e3o? - Coluna de Gian Kojikovski","isPartOf":{"@id":"https:\/\/www.suno.com.br\/noticias\/#website"},"datePublished":"2022-01-13T11:33:48+00:00","description":"Leia a coluna de Gian Kojikovski sobre como a infla\u00e7\u00e3o \u00e9 um problema global e n\u00e3o ir\u00e1 embora de uma hora para outra","breadcrumb":{"@id":"https:\/\/www.suno.com.br\/noticias\/colunas\/gian\/banco-central-culpa-inflacao\/#breadcrumb"},"inLanguage":"pt-BR","potentialAction":[{"@type":"ReadAction","target":["https:\/\/www.suno.com.br\/noticias\/colunas\/gian\/banco-central-culpa-inflacao\/"]}]},{"@type":"BreadcrumbList","@id":"https:\/\/www.suno.com.br\/noticias\/colunas\/gian\/banco-central-culpa-inflacao\/#breadcrumb","itemListElement":[{"@type":"ListItem","position":1,"name":"Not\u00edcias","item":"https:\/\/www.suno.com.br\/noticias\/"},{"@type":"ListItem","position":2,"name":"Colunas","item":"https:\/\/www.suno.com.br\/noticias\/colunas\/"},{"@type":"ListItem","position":3,"name":"Bancos Centrais t\u00eam culpa pela infla\u00e7\u00e3o?"}]},{"@type":"WebSite","@id":"https:\/\/www.suno.com.br\/noticias\/#website","url":"https:\/\/www.suno.com.br\/noticias\/","name":"Suno Not\u00edcias","description":"Seu portal de informa\u00e7\u00e3o sobre o mundo dos investimentos","publisher":{"@id":"https:\/\/www.suno.com.br\/noticias\/#organization"},"potentialAction":[{"@type":"SearchAction","target":{"@type":"EntryPoint","urlTemplate":"https:\/\/www.suno.com.br\/noticias\/?s={search_term_string}"},"query-input":{"@type":"PropertyValueSpecification","valueRequired":true,"valueName":"search_term_string"}}],"inLanguage":"pt-BR"},{"@type":"Organization","@id":"https:\/\/www.suno.com.br\/noticias\/#organization","name":"Suno Not\u00edcias","url":"https:\/\/www.suno.com.br\/noticias\/","logo":{"@type":"ImageObject","inLanguage":"pt-BR","@id":"https:\/\/www.suno.com.br\/noticias\/#\/schema\/logo\/image\/","url":"https:\/\/files.sunoresearch.com.br\/n\/uploads\/2021\/09\/suno-logo.png","contentUrl":"https:\/\/files.sunoresearch.com.br\/n\/uploads\/2021\/09\/suno-logo.png","width":180,"height":180,"caption":"Suno Not\u00edcias"},"image":{"@id":"https:\/\/www.suno.com.br\/noticias\/#\/schema\/logo\/image\/"},"sameAs":["https:\/\/facebook.com\/sunoresearch","https:\/\/x.com\/sunoresearch","https:\/\/www.instagram.com\/suno","https:\/\/www.linkedin.com\/company\/suno-research\/","https:\/\/www.youtube.com\/c\/sunoresearch"]},{"@type":"Person","@id":"https:\/\/www.suno.com.br\/noticias\/#\/schema\/person\/8c2753ace9edbc3c59cfa8a971ac5914","name":"Gian Kojikovski","image":{"@type":"ImageObject","inLanguage":"pt-BR","@id":"https:\/\/www.suno.com.br\/noticias\/#\/schema\/person\/image\/","url":"https:\/\/secure.gravatar.com\/avatar\/9b6de4deaf8443278f037ed55611af64?s=96&r=g","contentUrl":"https:\/\/secure.gravatar.com\/avatar\/9b6de4deaf8443278f037ed55611af64?s=96&r=g","caption":"Gian Kojikovski"},"description":"Gian Kojikovski \u00e9 diretor e s\u00f3cio da Suno e escreve sobre neg\u00f3cios, marketing, pol\u00edtica e finan\u00e7as. Tem passagem pelas reda\u00e7\u00f5es de Veja e Exame e \u00e9 vencedor do Pr\u00eamio CNI de Jornalismo de 2016 na categoria especial de Inova\u00e7\u00e3o e finalista do Citi Journalistic Excellence Award de 2018.","sameAs":["https:\/\/www.suno.com.br","https:\/\/x.com\/https:\/\/twitter.com\/giankojikovski"],"url":"https:\/\/www.suno.com.br\/noticias\/author\/gian\/"}]}},"amp_enabled":true,"_links":{"self":[{"href":"https:\/\/www.suno.com.br\/noticias\/wp-json\/wp\/v2\/suno_column\/221462"}],"collection":[{"href":"https:\/\/www.suno.com.br\/noticias\/wp-json\/wp\/v2\/suno_column"}],"about":[{"href":"https:\/\/www.suno.com.br\/noticias\/wp-json\/wp\/v2\/types\/suno_column"}],"author":[{"embeddable":true,"href":"https:\/\/www.suno.com.br\/noticias\/wp-json\/wp\/v2\/users\/4"}],"wp:attachment":[{"href":"https:\/\/www.suno.com.br\/noticias\/wp-json\/wp\/v2\/media?parent=221462"}],"wp:term":[{"taxonomy":"post_tag","embeddable":true,"href":"https:\/\/www.suno.com.br\/noticias\/wp-json\/wp\/v2\/tags?post=221462"}],"curies":[{"name":"wp","href":"https:\/\/api.w.org\/{rel}","templated":true}]}}