{"id":218126,"date":"2021-12-30T11:32:20","date_gmt":"2021-12-30T14:32:20","guid":{"rendered":"https:\/\/www.suno.com.br\/noticias\/colunas\/marco-lopes\/\/"},"modified":"2021-12-30T11:32:20","modified_gmt":"2021-12-30T14:32:20","slug":"o-ano-em-que-o-uber-sumiu","status":"publish","type":"suno_column","link":"https:\/\/www.suno.com.br\/noticias\/colunas\/alan-gandelman\/o-ano-em-que-o-uber-sumiu\/","title":{"rendered":"O ano em que o Uber sumiu"},"content":{"rendered":"<p>E c\u00e1 est\u00e1\u2026 Estamos chegando ao fim de 2021. O ano em que a economia voltou a funcionar, a pandemia parecia estar controlada (parecia, pois a \u00f4micron vem causando<br \/>\nestragos pelo mundo), a <strong>infla\u00e7\u00e3o descontrolada<\/strong>, a <a class=\"suno-keyword\" href=\"https:\/\/www.suno.com.br\/artigos\/juros\/\" target=\"_blank\" rel=\"noopener\" data-force=\"no\" data-priority=\"2\">taxa de juros<\/a> nas alturas e o d\u00f3lar voando, assim como o petr\u00f3leo. Bolsa Brasileira entre os piores desempenhos globais, 13 milh\u00f5es de desempregados e\u00a0 a incerteza de como ser\u00e1 o amanh\u00e3 (na musica de Simone, \u2018a cigana l\u00ea o meu destino\u2026).<\/p><p>E c\u00e1 est\u00e1\u2026 Estamos chegando ao fim de 2021. O ano em que a economia voltou a funcionar, a pandemia parecia estar controlada (parecia, pois a \u00f4micron vem causando<br \/>\nestragos pelo mundo), a <strong>infla\u00e7\u00e3o descontrolada<\/strong>, a <a class=\"suno-keyword\" href=\"https:\/\/www.suno.com.br\/artigos\/juros\/\" target=\"_blank\" rel=\"noopener\" data-force=\"no\" data-priority=\"2\">taxa de juros<\/a> nas alturas e o d\u00f3lar voando, assim como o petr\u00f3leo. Bolsa Brasileira entre os piores desempenhos globais, 13 milh\u00f5es de desempregados e\u00a0 a incerteza de como ser\u00e1 o amanh\u00e3 (na musica de Simone, \u2018a cigana l\u00ea o meu destino\u2026).<\/p>\n\n<p>No Brasil, h\u00e1 <strong>elei\u00e7\u00f5es presidenciais<\/strong>, ou seja, nada de significativo vai andar no Congresso. Reformas como a tributaria e administrativa n\u00e3o v\u00e3o sair e muito provavelmente teremos mais uma vez elei\u00e7\u00f5es polarizadas em que uma terceira via n\u00e3o conseguira despontar\u2026<\/p>\n<p>Juros seguir\u00e3o subindo ao balan\u00e7o da infla\u00e7\u00e3o e j\u00e1 em fevereiro voltaremos a ter dois d\u00edgitos <strong>na <a class=\"suno-keyword\" href=\"https:\/\/www.suno.com.br\/artigos\/taxa-selic\/\" target=\"_blank\" rel=\"noopener\" data-force=\"no\" data-priority=\"3\">taxa Selic<\/a><\/strong>, com algumas previs\u00f5es de juros a n\u00edveis de 12% ao fim de<br \/>\n2022, ou seja, saindo de 2% ao ano para cerca de 1% ao m\u00eas em velocidade Mach 20 (a 21.000 km\/h)&#8230;<\/p>\n<p>Como ser\u00e1 o amanh\u00e3? Responda quem puder, mas sabemos de certa forma o que nos reserva em 2022, finalizando este ano de 2021 que basicamente aconteceu de tudo e um pouco mais, t\u00e3o at\u00edpico, sui generis, dif\u00edcil de se repetir. O ano em que a gasolina, por for\u00e7a da alta dos <strong>pre\u00e7os do petr\u00f3leo e do d\u00f3lar<\/strong> frente ao real, aumentou em 60% nas bombas\u2026 O ano que o <strong>Uber<\/strong> sumiu.<\/p>\n","protected":false},"excerpt":{"rendered":"<p>E c\u00e1 est\u00e1\u2026 Estamos chegando ao fim de 2021. O ano em que a economia voltou a funcionar, a pandemia parecia estar controlada (parecia, pois a \u00f4micron vem causando estra&#8230;<\/p>\n","protected":false},"author":133,"featured_media":0,"template":"","tags":[326,775,850,766,1410,1286,954],"class_list":["post-218126","suno_column","type-suno_column","status-publish","hentry","tag-dolar","tag-goldman-sachs-gsgi34","tag-inflacao","tag-petroleo","tag-reforma-administrativa","tag-reforma-tributaria","tag-uber-u1be34"],"yoast_head":"<!-- This site is optimized with the Yoast SEO plugin v24.4 - https:\/\/yoast.com\/wordpress\/plugins\/seo\/ -->\n<title>O ano em que o Uber sumiu<\/title>\n<meta name=\"description\" content=\"Estamos chegando ao fim de 2021. O ano em que a economia voltou a funcionar, infla\u00e7\u00e3o descontrolada, taxa de juros nas alturas e d\u00f3lar voando\" \/>\n<meta name=\"robots\" content=\"index, follow, max-snippet:-1, max-image-preview:large, max-video-preview:-1\" \/>\n<link rel=\"canonical\" href=\"https:\/\/www.suno.com.br\/noticias\/colunas\/alan-gandelman\/o-ano-em-que-o-uber-sumiu\/\" \/>\n<meta property=\"og:locale\" content=\"pt_BR\" \/>\n<meta property=\"og:type\" content=\"article\" \/>\n<meta property=\"og:title\" content=\"O ano em que o Uber sumiu\" \/>\n<meta property=\"og:description\" content=\"Estamos chegando ao fim de 2021. O ano em que a economia voltou a funcionar, infla\u00e7\u00e3o descontrolada, taxa de juros nas alturas e d\u00f3lar voando\" \/>\n<meta property=\"og:url\" content=\"https:\/\/www.suno.com.br\/noticias\/colunas\/alan-gandelman\/o-ano-em-que-o-uber-sumiu\/\" \/>\n<meta property=\"og:site_name\" content=\"Suno Not\u00edcias\" \/>\n<meta property=\"article:publisher\" content=\"https:\/\/facebook.com\/sunoresearch\" \/>\n<meta property=\"og:image\" content=\"https:\/\/files.sunoresearch.com.br\/n\/uploads\/2022\/06\/Modelo2.jpg\" \/>\n\t<meta property=\"og:image:width\" content=\"1200\" \/>\n\t<meta property=\"og:image:height\" content=\"627\" \/>\n\t<meta property=\"og:image:type\" content=\"image\/jpeg\" \/>\n<meta name=\"twitter:card\" content=\"summary_large_image\" \/>\n<meta name=\"twitter:site\" content=\"@sunoresearch\" \/>\n<meta name=\"twitter:label1\" content=\"Est. tempo de leitura\" \/>\n\t<meta name=\"twitter:data1\" content=\"2 minutos\" \/>\n<script type=\"application\/ld+json\" class=\"yoast-schema-graph\">{\"@context\":\"https:\/\/schema.org\",\"@graph\":[{\"@type\":\"Article\",\"@id\":\"https:\/\/www.suno.com.br\/noticias\/colunas\/alan-gandelman\/o-ano-em-que-o-uber-sumiu\/#article\",\"isPartOf\":{\"@id\":\"https:\/\/www.suno.com.br\/noticias\/colunas\/alan-gandelman\/o-ano-em-que-o-uber-sumiu\/\"},\"author\":{\"name\":\"Alan Gandelman\",\"@id\":\"https:\/\/www.suno.com.br\/noticias\/#\/schema\/person\/316fb6ba899e8c2812694e5b0b32e316\"},\"headline\":\"O ano em que o Uber sumiu\",\"datePublished\":\"2021-12-30T14:32:20+00:00\",\"mainEntityOfPage\":{\"@id\":\"https:\/\/www.suno.com.br\/noticias\/colunas\/alan-gandelman\/o-ano-em-que-o-uber-sumiu\/\"},\"wordCount\":359,\"publisher\":{\"@id\":\"https:\/\/www.suno.com.br\/noticias\/#organization\"},\"keywords\":[\"d\u00f3lar\",\"Goldman Sachs (GSGI34)\",\"infla\u00e7\u00e3o\",\"Petr\u00f3leo\",\"reforma administrativa\",\"reforma tribut\u00e1ria\",\"Uber (U1BE34)\"],\"inLanguage\":\"pt-BR\"},{\"@type\":\"WebPage\",\"@id\":\"https:\/\/www.suno.com.br\/noticias\/colunas\/alan-gandelman\/o-ano-em-que-o-uber-sumiu\/\",\"url\":\"https:\/\/www.suno.com.br\/noticias\/colunas\/alan-gandelman\/o-ano-em-que-o-uber-sumiu\/\",\"name\":\"O ano em que o Uber sumiu\",\"isPartOf\":{\"@id\":\"https:\/\/www.suno.com.br\/noticias\/#website\"},\"datePublished\":\"2021-12-30T14:32:20+00:00\",\"description\":\"Estamos chegando ao fim de 2021. O ano em que a economia voltou a funcionar, infla\u00e7\u00e3o descontrolada, taxa de juros nas alturas e d\u00f3lar voando\",\"breadcrumb\":{\"@id\":\"https:\/\/www.suno.com.br\/noticias\/colunas\/alan-gandelman\/o-ano-em-que-o-uber-sumiu\/#breadcrumb\"},\"inLanguage\":\"pt-BR\",\"potentialAction\":[{\"@type\":\"ReadAction\",\"target\":[\"https:\/\/www.suno.com.br\/noticias\/colunas\/alan-gandelman\/o-ano-em-que-o-uber-sumiu\/\"]}]},{\"@type\":\"BreadcrumbList\",\"@id\":\"https:\/\/www.suno.com.br\/noticias\/colunas\/alan-gandelman\/o-ano-em-que-o-uber-sumiu\/#breadcrumb\",\"itemListElement\":[{\"@type\":\"ListItem\",\"position\":1,\"name\":\"Not\u00edcias\",\"item\":\"https:\/\/www.suno.com.br\/noticias\/\"},{\"@type\":\"ListItem\",\"position\":2,\"name\":\"Colunas\",\"item\":\"https:\/\/www.suno.com.br\/noticias\/colunas\/\"},{\"@type\":\"ListItem\",\"position\":3,\"name\":\"O ano em que o Uber sumiu\"}]},{\"@type\":\"WebSite\",\"@id\":\"https:\/\/www.suno.com.br\/noticias\/#website\",\"url\":\"https:\/\/www.suno.com.br\/noticias\/\",\"name\":\"Suno Not\u00edcias\",\"description\":\"Seu portal de informa\u00e7\u00e3o sobre o mundo dos investimentos\",\"publisher\":{\"@id\":\"https:\/\/www.suno.com.br\/noticias\/#organization\"},\"potentialAction\":[{\"@type\":\"SearchAction\",\"target\":{\"@type\":\"EntryPoint\",\"urlTemplate\":\"https:\/\/www.suno.com.br\/noticias\/?s={search_term_string}\"},\"query-input\":{\"@type\":\"PropertyValueSpecification\",\"valueRequired\":true,\"valueName\":\"search_term_string\"}}],\"inLanguage\":\"pt-BR\"},{\"@type\":\"Organization\",\"@id\":\"https:\/\/www.suno.com.br\/noticias\/#organization\",\"name\":\"Suno Not\u00edcias\",\"url\":\"https:\/\/www.suno.com.br\/noticias\/\",\"logo\":{\"@type\":\"ImageObject\",\"inLanguage\":\"pt-BR\",\"@id\":\"https:\/\/www.suno.com.br\/noticias\/#\/schema\/logo\/image\/\",\"url\":\"https:\/\/files.sunoresearch.com.br\/n\/uploads\/2021\/09\/suno-logo.png\",\"contentUrl\":\"https:\/\/files.sunoresearch.com.br\/n\/uploads\/2021\/09\/suno-logo.png\",\"width\":180,\"height\":180,\"caption\":\"Suno Not\u00edcias\"},\"image\":{\"@id\":\"https:\/\/www.suno.com.br\/noticias\/#\/schema\/logo\/image\/\"},\"sameAs\":[\"https:\/\/facebook.com\/sunoresearch\",\"https:\/\/x.com\/sunoresearch\",\"https:\/\/www.instagram.com\/suno\",\"https:\/\/www.linkedin.com\/company\/suno-research\/\",\"https:\/\/www.youtube.com\/c\/sunoresearch\"]},{\"@type\":\"Person\",\"@id\":\"https:\/\/www.suno.com.br\/noticias\/#\/schema\/person\/316fb6ba899e8c2812694e5b0b32e316\",\"name\":\"Alan Gandelman\",\"image\":{\"@type\":\"ImageObject\",\"inLanguage\":\"pt-BR\",\"@id\":\"https:\/\/www.suno.com.br\/noticias\/#\/schema\/person\/image\/\",\"url\":\"https:\/\/secure.gravatar.com\/avatar\/f6092ed573a488cd4b712f95b9293f9c?s=96&r=g\",\"contentUrl\":\"https:\/\/secure.gravatar.com\/avatar\/f6092ed573a488cd4b712f95b9293f9c?s=96&r=g\",\"caption\":\"Alan Gandelman\"},\"description\":\"Trabalhou no exterior em bancos como Goldman Sachs e Bear Sterns. Foi s\u00f3cio da Agora corretora, fundou e foi CEO da Icap no Brasil, Vice presidente da BGC em Dubai para mercados emergentes e hoje \u00e9 Vice Presidente do grupo Planner e CEO da corretora.\",\"url\":\"https:\/\/www.suno.com.br\/noticias\/author\/alan-gandelman\/\"}]}<\/script>\n<!-- \/ Yoast SEO plugin. -->","yoast_head_json":{"title":"O ano em que o Uber sumiu","description":"Estamos chegando ao fim de 2021. O ano em que a economia voltou a funcionar, infla\u00e7\u00e3o descontrolada, taxa de juros nas alturas e d\u00f3lar voando","robots":{"index":"index","follow":"follow","max-snippet":"max-snippet:-1","max-image-preview":"max-image-preview:large","max-video-preview":"max-video-preview:-1"},"canonical":"https:\/\/www.suno.com.br\/noticias\/colunas\/alan-gandelman\/o-ano-em-que-o-uber-sumiu\/","og_locale":"pt_BR","og_type":"article","og_title":"O ano em que o Uber sumiu","og_description":"Estamos chegando ao fim de 2021. O ano em que a economia voltou a funcionar, infla\u00e7\u00e3o descontrolada, taxa de juros nas alturas e d\u00f3lar voando","og_url":"https:\/\/www.suno.com.br\/noticias\/colunas\/alan-gandelman\/o-ano-em-que-o-uber-sumiu\/","og_site_name":"Suno Not\u00edcias","article_publisher":"https:\/\/facebook.com\/sunoresearch","og_image":[{"width":1200,"height":627,"url":"https:\/\/files.sunoresearch.com.br\/n\/uploads\/2022\/06\/Modelo2.jpg","type":"image\/jpeg"}],"twitter_card":"summary_large_image","twitter_site":"@sunoresearch","twitter_misc":{"Est. tempo de leitura":"2 minutos"},"schema":{"@context":"https:\/\/schema.org","@graph":[{"@type":"Article","@id":"https:\/\/www.suno.com.br\/noticias\/colunas\/alan-gandelman\/o-ano-em-que-o-uber-sumiu\/#article","isPartOf":{"@id":"https:\/\/www.suno.com.br\/noticias\/colunas\/alan-gandelman\/o-ano-em-que-o-uber-sumiu\/"},"author":{"name":"Alan Gandelman","@id":"https:\/\/www.suno.com.br\/noticias\/#\/schema\/person\/316fb6ba899e8c2812694e5b0b32e316"},"headline":"O ano em que o Uber sumiu","datePublished":"2021-12-30T14:32:20+00:00","mainEntityOfPage":{"@id":"https:\/\/www.suno.com.br\/noticias\/colunas\/alan-gandelman\/o-ano-em-que-o-uber-sumiu\/"},"wordCount":359,"publisher":{"@id":"https:\/\/www.suno.com.br\/noticias\/#organization"},"keywords":["d\u00f3lar","Goldman Sachs (GSGI34)","infla\u00e7\u00e3o","Petr\u00f3leo","reforma administrativa","reforma tribut\u00e1ria","Uber (U1BE34)"],"inLanguage":"pt-BR"},{"@type":"WebPage","@id":"https:\/\/www.suno.com.br\/noticias\/colunas\/alan-gandelman\/o-ano-em-que-o-uber-sumiu\/","url":"https:\/\/www.suno.com.br\/noticias\/colunas\/alan-gandelman\/o-ano-em-que-o-uber-sumiu\/","name":"O ano em que o Uber sumiu","isPartOf":{"@id":"https:\/\/www.suno.com.br\/noticias\/#website"},"datePublished":"2021-12-30T14:32:20+00:00","description":"Estamos chegando ao fim de 2021. O ano em que a economia voltou a funcionar, infla\u00e7\u00e3o descontrolada, taxa de juros nas alturas e d\u00f3lar voando","breadcrumb":{"@id":"https:\/\/www.suno.com.br\/noticias\/colunas\/alan-gandelman\/o-ano-em-que-o-uber-sumiu\/#breadcrumb"},"inLanguage":"pt-BR","potentialAction":[{"@type":"ReadAction","target":["https:\/\/www.suno.com.br\/noticias\/colunas\/alan-gandelman\/o-ano-em-que-o-uber-sumiu\/"]}]},{"@type":"BreadcrumbList","@id":"https:\/\/www.suno.com.br\/noticias\/colunas\/alan-gandelman\/o-ano-em-que-o-uber-sumiu\/#breadcrumb","itemListElement":[{"@type":"ListItem","position":1,"name":"Not\u00edcias","item":"https:\/\/www.suno.com.br\/noticias\/"},{"@type":"ListItem","position":2,"name":"Colunas","item":"https:\/\/www.suno.com.br\/noticias\/colunas\/"},{"@type":"ListItem","position":3,"name":"O ano em que o Uber sumiu"}]},{"@type":"WebSite","@id":"https:\/\/www.suno.com.br\/noticias\/#website","url":"https:\/\/www.suno.com.br\/noticias\/","name":"Suno Not\u00edcias","description":"Seu portal de informa\u00e7\u00e3o sobre o mundo dos investimentos","publisher":{"@id":"https:\/\/www.suno.com.br\/noticias\/#organization"},"potentialAction":[{"@type":"SearchAction","target":{"@type":"EntryPoint","urlTemplate":"https:\/\/www.suno.com.br\/noticias\/?s={search_term_string}"},"query-input":{"@type":"PropertyValueSpecification","valueRequired":true,"valueName":"search_term_string"}}],"inLanguage":"pt-BR"},{"@type":"Organization","@id":"https:\/\/www.suno.com.br\/noticias\/#organization","name":"Suno Not\u00edcias","url":"https:\/\/www.suno.com.br\/noticias\/","logo":{"@type":"ImageObject","inLanguage":"pt-BR","@id":"https:\/\/www.suno.com.br\/noticias\/#\/schema\/logo\/image\/","url":"https:\/\/files.sunoresearch.com.br\/n\/uploads\/2021\/09\/suno-logo.png","contentUrl":"https:\/\/files.sunoresearch.com.br\/n\/uploads\/2021\/09\/suno-logo.png","width":180,"height":180,"caption":"Suno Not\u00edcias"},"image":{"@id":"https:\/\/www.suno.com.br\/noticias\/#\/schema\/logo\/image\/"},"sameAs":["https:\/\/facebook.com\/sunoresearch","https:\/\/x.com\/sunoresearch","https:\/\/www.instagram.com\/suno","https:\/\/www.linkedin.com\/company\/suno-research\/","https:\/\/www.youtube.com\/c\/sunoresearch"]},{"@type":"Person","@id":"https:\/\/www.suno.com.br\/noticias\/#\/schema\/person\/316fb6ba899e8c2812694e5b0b32e316","name":"Alan Gandelman","image":{"@type":"ImageObject","inLanguage":"pt-BR","@id":"https:\/\/www.suno.com.br\/noticias\/#\/schema\/person\/image\/","url":"https:\/\/secure.gravatar.com\/avatar\/f6092ed573a488cd4b712f95b9293f9c?s=96&r=g","contentUrl":"https:\/\/secure.gravatar.com\/avatar\/f6092ed573a488cd4b712f95b9293f9c?s=96&r=g","caption":"Alan Gandelman"},"description":"Trabalhou no exterior em bancos como Goldman Sachs e Bear Sterns. Foi s\u00f3cio da Agora corretora, fundou e foi CEO da Icap no Brasil, Vice presidente da BGC em Dubai para mercados emergentes e hoje \u00e9 Vice Presidente do grupo Planner e CEO da corretora.","url":"https:\/\/www.suno.com.br\/noticias\/author\/alan-gandelman\/"}]}},"amp_enabled":true,"_links":{"self":[{"href":"https:\/\/www.suno.com.br\/noticias\/wp-json\/wp\/v2\/suno_column\/218126"}],"collection":[{"href":"https:\/\/www.suno.com.br\/noticias\/wp-json\/wp\/v2\/suno_column"}],"about":[{"href":"https:\/\/www.suno.com.br\/noticias\/wp-json\/wp\/v2\/types\/suno_column"}],"author":[{"embeddable":true,"href":"https:\/\/www.suno.com.br\/noticias\/wp-json\/wp\/v2\/users\/133"}],"wp:attachment":[{"href":"https:\/\/www.suno.com.br\/noticias\/wp-json\/wp\/v2\/media?parent=218126"}],"wp:term":[{"taxonomy":"post_tag","embeddable":true,"href":"https:\/\/www.suno.com.br\/noticias\/wp-json\/wp\/v2\/tags?post=218126"}],"curies":[{"name":"wp","href":"https:\/\/api.w.org\/{rel}","templated":true}]}}