{"id":216802,"date":"2021-12-21T08:00:36","date_gmt":"2021-12-21T11:00:36","guid":{"rendered":"https:\/\/www.suno.com.br\/noticias\/colunas\/marco-lopes\/\/"},"modified":"2021-12-18T00:20:14","modified_gmt":"2021-12-18T03:20:14","slug":"o-retorno-do-setor-sucroenergetico","status":"publish","type":"suno_column","link":"https:\/\/www.suno.com.br\/noticias\/colunas\/gabriel-diniz-junqueira\/o-retorno-do-setor-sucroenergetico\/","title":{"rendered":"O Retorno do Setor sucroenerg\u00e9tico"},"content":{"rendered":"<p>O setor <strong>s21ucroenerg\u00e9tico<\/strong> compreende o ciclo produtivo da cana de a\u00e7\u00facar que pode derivar em diversos produtos finais. Atualmente, no Brasil, existem 367 usinas instaladas moendo aproximadamente 657,4 milh\u00f5es de toneladas, sendo assim o 2\u00ba lugar em produ\u00e7\u00e3o de etanol e 1\u00ba em a\u00e7\u00facar em escala global. Em termos financeiros, o <strong>PIB da cadeia sucroenerg\u00e9tica<\/strong> \u00e9 aproximadamente 2% do nacional, tendo mais de 1.000 munic\u00edpios participando de suas atividades e gerando mais de 700 mil vagas de emprego formal.<\/p>\n<p>Al\u00e9m destes aspectos, vale destacar que este produz aproximadamente 5% da energia el\u00e9trica consumida no pa\u00eds (+\/- 22,6 TWh). Em resumo, o Setor Sucroenerg\u00e9tico \u00e9 vital na composi\u00e7\u00e3o da <strong>cadeia agroindustrial<\/strong> do Brasil e consequentemente na economia brasileira. Abaixo um organograma do ciclo produtivo da cana de a\u00e7\u00facar, da mat\u00e9ria prima aos produtos finais.<\/p>\n<p><img loading=\"lazy\" decoding=\"async\" class=\"alignnone size-full wp-image-216803\" src=\"https:\/\/files.sunoresearch.com.br\/n\/uploads\/2021\/12\/coluna1.jpg\" alt=\"\" width=\"627\" height=\"286\" srcset=\"https:\/\/files.sunoresearch.com.br\/n\/uploads\/2021\/12\/coluna1.jpg 627w, https:\/\/files.sunoresearch.com.br\/n\/uploads\/2021\/12\/coluna1-300x137.jpg 300w, https:\/\/files.sunoresearch.com.br\/n\/uploads\/2021\/12\/coluna1-150x68.jpg 150w\" sizes=\"(max-width: 627px) 100vw, 627px\" \/><\/p>\n<p>&nbsp;<\/p>\n<p>Agora, como historicamente \u00e9 a din\u00e2mica deste setor? Quais s\u00e3o as suas perspectivas? Para realizar esta an\u00e1lise, dividimos a sua hist\u00f3ria em uma trilogia que conta um pouco de como se desenvolveu e o que pode acontecer para a frente. O gr\u00e1fico abaixo reflete esta divis\u00e3o:<\/p>\n<p><img loading=\"lazy\" decoding=\"async\" class=\"alignnone size-full wp-image-216804\" src=\"https:\/\/files.sunoresearch.com.br\/n\/uploads\/2021\/12\/coluna2.jpg\" alt=\"\" width=\"743\" height=\"457\" srcset=\"https:\/\/files.sunoresearch.com.br\/n\/uploads\/2021\/12\/coluna2.jpg 743w, https:\/\/files.sunoresearch.com.br\/n\/uploads\/2021\/12\/coluna2-300x185.jpg 300w, https:\/\/files.sunoresearch.com.br\/n\/uploads\/2021\/12\/coluna2-150x92.jpg 150w\" sizes=\"(max-width: 743px) 100vw, 743px\" \/><\/p>\n<p><img loading=\"lazy\" decoding=\"async\" class=\"alignnone size-full wp-image-216805\" src=\"https:\/\/files.sunoresearch.com.br\/n\/uploads\/2021\/12\/coluna3.jpg\" alt=\"\" width=\"657\" height=\"338\" srcset=\"https:\/\/files.sunoresearch.com.br\/n\/uploads\/2021\/12\/coluna3.jpg 657w, https:\/\/files.sunoresearch.com.br\/n\/uploads\/2021\/12\/coluna3-300x154.jpg 300w, https:\/\/files.sunoresearch.com.br\/n\/uploads\/2021\/12\/coluna3-150x77.jpg 150w\" sizes=\"(max-width: 657px) 100vw, 657px\" \/><\/p>\n<p>&nbsp;<\/p>\n<p>No passado recente, o que se nota \u00e9 uma <strong>retomada da lucratividade do setor<\/strong>, buscando adequa\u00e7\u00e3o \u00e0s novas tend\u00eancias ambientais e produtivas. Uma grave seca seguida de geadas e inc\u00eandios assolou o Estado de S\u00e3o Paulo na safra 2020\/21. Isso far\u00e1 com que a oferta de cana no mercado seja mais escassa e o pre\u00e7o do ATR deve continuar se apreciando acompanhando a retomada da economia e o <strong>maior consumo de etanol e a\u00e7\u00facar<\/strong> no mundo.<\/p>\n<p>A trilogia do <strong>mercado sucroenerg\u00e9tico<\/strong>, em tese, pode n\u00e3o se parecer em nada com aquela dirigida por George Lucas em uma gal\u00e1xia muito, muito distante. No entanto, os tr\u00eas principais per\u00edodos de sua hist\u00f3ria elucidam os triggers de valoriza\u00e7\u00e3o e como a din\u00e2mica deste setor tem se comportado. Sua rela\u00e7\u00e3o direta com os pre\u00e7os do petr\u00f3leo, a guinada ambiental nos meios de produ\u00e7\u00e3o e, principalmente, como o estado pode desestabilizar uma cadeia produtiva, por inteiro, s\u00e3o alguns dos principais pontos de discuss\u00e3o e an\u00e1lise. Desta forma, o que se espera \u00e9 que nos pr\u00f3ximos anos tenhamos um setor mais forte e resiliente, com expans\u00e3o de sua atividade e aprendizados do passado.<\/p>\n<p>Agro \u00e9 Pop, Agro \u00e9 Top, FIAGRO \u00e9 Agro!<\/p>\n<p><em>Fontes: MBA ESALQ-USP\/ECONOMICAMENTE, Biodieselbr e BBC.<\/em><\/p>\n<p>&nbsp;<\/p>\n<p>&nbsp;<\/p>\n<p>&nbsp;<\/p>\n","protected":false},"excerpt":{"rendered":"<p>O setor s21ucroenerg\u00e9tico compreende o ciclo produtivo da cana de a\u00e7\u00facar que pode derivar em diversos produtos finais. Atualmente, no Brasil, existem 367 usinas instal&#8230;<\/p>\n","protected":false},"author":130,"featured_media":0,"template":"","tags":[],"class_list":["post-216802","suno_column","type-suno_column","status-publish","hentry"],"yoast_head":"<!-- This site is optimized with the Yoast SEO plugin v24.4 - https:\/\/yoast.com\/wordpress\/plugins\/seo\/ -->\n<title>O Retorno do Setor sucroenerg\u00e9tico - Suno Not\u00edcias<\/title>\n<meta name=\"description\" content=\"O agroneg\u00f3cio brasileiro compreende uma vasta e complexa cadeia produtiva. H\u00e1 um setor em especial que vale destacar: o sucroenerg\u00e9tico.\" \/>\n<meta name=\"robots\" content=\"index, follow, max-snippet:-1, max-image-preview:large, max-video-preview:-1\" \/>\n<link rel=\"canonical\" href=\"https:\/\/www.suno.com.br\/noticias\/colunas\/gabriel-diniz-junqueira\/o-retorno-do-setor-sucroenergetico\/\" \/>\n<meta property=\"og:locale\" content=\"pt_BR\" \/>\n<meta property=\"og:type\" content=\"article\" \/>\n<meta property=\"og:title\" content=\"O Retorno do Setor sucroenerg\u00e9tico - Suno Not\u00edcias\" \/>\n<meta property=\"og:description\" content=\"O agroneg\u00f3cio brasileiro compreende uma vasta e complexa cadeia produtiva. H\u00e1 um setor em especial que vale destacar: o sucroenerg\u00e9tico.\" \/>\n<meta property=\"og:url\" content=\"https:\/\/www.suno.com.br\/noticias\/colunas\/gabriel-diniz-junqueira\/o-retorno-do-setor-sucroenergetico\/\" \/>\n<meta property=\"og:site_name\" content=\"Suno Not\u00edcias\" \/>\n<meta property=\"article:publisher\" content=\"https:\/\/facebook.com\/sunoresearch\" \/>\n<meta property=\"og:image\" content=\"https:\/\/files.sunoresearch.com.br\/n\/uploads\/2021\/12\/coluna1.jpg\" \/>\n<meta name=\"twitter:card\" content=\"summary_large_image\" \/>\n<meta name=\"twitter:site\" content=\"@sunoresearch\" \/>\n<meta name=\"twitter:label1\" content=\"Est. tempo de leitura\" \/>\n\t<meta name=\"twitter:data1\" content=\"2 minutos\" \/>\n<script type=\"application\/ld+json\" class=\"yoast-schema-graph\">{\"@context\":\"https:\/\/schema.org\",\"@graph\":[{\"@type\":\"Article\",\"@id\":\"https:\/\/www.suno.com.br\/noticias\/colunas\/gabriel-diniz-junqueira\/o-retorno-do-setor-sucroenergetico\/#article\",\"isPartOf\":{\"@id\":\"https:\/\/www.suno.com.br\/noticias\/colunas\/gabriel-diniz-junqueira\/o-retorno-do-setor-sucroenergetico\/\"},\"author\":{\"name\":\"Gabriel Diniz Junqueira\",\"@id\":\"https:\/\/www.suno.com.br\/noticias\/#\/schema\/person\/b1826056e4acd7d0b2d5078b56d74c55\"},\"headline\":\"O Retorno do Setor sucroenerg\u00e9tico\",\"datePublished\":\"2021-12-21T11:00:36+00:00\",\"mainEntityOfPage\":{\"@id\":\"https:\/\/www.suno.com.br\/noticias\/colunas\/gabriel-diniz-junqueira\/o-retorno-do-setor-sucroenergetico\/\"},\"wordCount\":419,\"publisher\":{\"@id\":\"https:\/\/www.suno.com.br\/noticias\/#organization\"},\"image\":{\"@id\":\"https:\/\/www.suno.com.br\/noticias\/colunas\/gabriel-diniz-junqueira\/o-retorno-do-setor-sucroenergetico\/#primaryimage\"},\"thumbnailUrl\":\"https:\/\/files.sunoresearch.com.br\/n\/uploads\/2021\/12\/coluna1.jpg\",\"inLanguage\":\"pt-BR\"},{\"@type\":\"WebPage\",\"@id\":\"https:\/\/www.suno.com.br\/noticias\/colunas\/gabriel-diniz-junqueira\/o-retorno-do-setor-sucroenergetico\/\",\"url\":\"https:\/\/www.suno.com.br\/noticias\/colunas\/gabriel-diniz-junqueira\/o-retorno-do-setor-sucroenergetico\/\",\"name\":\"O Retorno do Setor sucroenerg\u00e9tico - Suno Not\u00edcias\",\"isPartOf\":{\"@id\":\"https:\/\/www.suno.com.br\/noticias\/#website\"},\"primaryImageOfPage\":{\"@id\":\"https:\/\/www.suno.com.br\/noticias\/colunas\/gabriel-diniz-junqueira\/o-retorno-do-setor-sucroenergetico\/#primaryimage\"},\"image\":{\"@id\":\"https:\/\/www.suno.com.br\/noticias\/colunas\/gabriel-diniz-junqueira\/o-retorno-do-setor-sucroenergetico\/#primaryimage\"},\"thumbnailUrl\":\"https:\/\/files.sunoresearch.com.br\/n\/uploads\/2021\/12\/coluna1.jpg\",\"datePublished\":\"2021-12-21T11:00:36+00:00\",\"description\":\"O agroneg\u00f3cio brasileiro compreende uma vasta e complexa cadeia produtiva. H\u00e1 um setor em especial que vale destacar: o sucroenerg\u00e9tico.\",\"breadcrumb\":{\"@id\":\"https:\/\/www.suno.com.br\/noticias\/colunas\/gabriel-diniz-junqueira\/o-retorno-do-setor-sucroenergetico\/#breadcrumb\"},\"inLanguage\":\"pt-BR\",\"potentialAction\":[{\"@type\":\"ReadAction\",\"target\":[\"https:\/\/www.suno.com.br\/noticias\/colunas\/gabriel-diniz-junqueira\/o-retorno-do-setor-sucroenergetico\/\"]}]},{\"@type\":\"ImageObject\",\"inLanguage\":\"pt-BR\",\"@id\":\"https:\/\/www.suno.com.br\/noticias\/colunas\/gabriel-diniz-junqueira\/o-retorno-do-setor-sucroenergetico\/#primaryimage\",\"url\":\"https:\/\/files.sunoresearch.com.br\/n\/uploads\/2021\/12\/coluna1.jpg\",\"contentUrl\":\"https:\/\/files.sunoresearch.com.br\/n\/uploads\/2021\/12\/coluna1.jpg\"},{\"@type\":\"BreadcrumbList\",\"@id\":\"https:\/\/www.suno.com.br\/noticias\/colunas\/gabriel-diniz-junqueira\/o-retorno-do-setor-sucroenergetico\/#breadcrumb\",\"itemListElement\":[{\"@type\":\"ListItem\",\"position\":1,\"name\":\"Not\u00edcias\",\"item\":\"https:\/\/www.suno.com.br\/noticias\/\"},{\"@type\":\"ListItem\",\"position\":2,\"name\":\"Colunas\",\"item\":\"https:\/\/www.suno.com.br\/noticias\/colunas\/\"},{\"@type\":\"ListItem\",\"position\":3,\"name\":\"O Retorno do Setor sucroenerg\u00e9tico\"}]},{\"@type\":\"WebSite\",\"@id\":\"https:\/\/www.suno.com.br\/noticias\/#website\",\"url\":\"https:\/\/www.suno.com.br\/noticias\/\",\"name\":\"Suno Not\u00edcias\",\"description\":\"Seu portal de informa\u00e7\u00e3o sobre o mundo dos investimentos\",\"publisher\":{\"@id\":\"https:\/\/www.suno.com.br\/noticias\/#organization\"},\"potentialAction\":[{\"@type\":\"SearchAction\",\"target\":{\"@type\":\"EntryPoint\",\"urlTemplate\":\"https:\/\/www.suno.com.br\/noticias\/?s={search_term_string}\"},\"query-input\":{\"@type\":\"PropertyValueSpecification\",\"valueRequired\":true,\"valueName\":\"search_term_string\"}}],\"inLanguage\":\"pt-BR\"},{\"@type\":\"Organization\",\"@id\":\"https:\/\/www.suno.com.br\/noticias\/#organization\",\"name\":\"Suno Not\u00edcias\",\"url\":\"https:\/\/www.suno.com.br\/noticias\/\",\"logo\":{\"@type\":\"ImageObject\",\"inLanguage\":\"pt-BR\",\"@id\":\"https:\/\/www.suno.com.br\/noticias\/#\/schema\/logo\/image\/\",\"url\":\"https:\/\/files.sunoresearch.com.br\/n\/uploads\/2021\/09\/suno-logo.png\",\"contentUrl\":\"https:\/\/files.sunoresearch.com.br\/n\/uploads\/2021\/09\/suno-logo.png\",\"width\":180,\"height\":180,\"caption\":\"Suno Not\u00edcias\"},\"image\":{\"@id\":\"https:\/\/www.suno.com.br\/noticias\/#\/schema\/logo\/image\/\"},\"sameAs\":[\"https:\/\/facebook.com\/sunoresearch\",\"https:\/\/x.com\/sunoresearch\",\"https:\/\/www.instagram.com\/suno\",\"https:\/\/www.linkedin.com\/company\/suno-research\/\",\"https:\/\/www.youtube.com\/c\/sunoresearch\"]},{\"@type\":\"Person\",\"@id\":\"https:\/\/www.suno.com.br\/noticias\/#\/schema\/person\/b1826056e4acd7d0b2d5078b56d74c55\",\"name\":\"Gabriel Diniz Junqueira\",\"image\":{\"@type\":\"ImageObject\",\"inLanguage\":\"pt-BR\",\"@id\":\"https:\/\/www.suno.com.br\/noticias\/#\/schema\/person\/image\/\",\"url\":\"https:\/\/secure.gravatar.com\/avatar\/66203fb9349983855fb0f20b18db3291?s=96&r=g\",\"contentUrl\":\"https:\/\/secure.gravatar.com\/avatar\/66203fb9349983855fb0f20b18db3291?s=96&r=g\",\"caption\":\"Gabriel Diniz Junqueira\"},\"description\":\"Engenheiro Civil pela Poli\/USP, iniciou sua carreia no JP Morgan na \u00e1rea de Private Banking e especializou-se em an\u00e1lise de empresas voltadas ao setor agro, estudando profundamente a estrutura\u00e7\u00e3o dos FIAGROS no mundo.\",\"sameAs\":[\"https:\/\/www.instagram.com\/santafe_investimentos\/\",\"https:\/\/br.linkedin.com\/company\/santa-fe-investimentos\",\"https:\/\/www.youtube.com\/channel\/UCCekNzSLGS8qu28M4ADIkBw\"],\"url\":\"https:\/\/www.suno.com.br\/noticias\/author\/gabriel-diniz-junqueira\/\"}]}<\/script>\n<!-- \/ Yoast SEO plugin. -->","yoast_head_json":{"title":"O Retorno do Setor sucroenerg\u00e9tico - Suno Not\u00edcias","description":"O agroneg\u00f3cio brasileiro compreende uma vasta e complexa cadeia produtiva. H\u00e1 um setor em especial que vale destacar: o sucroenerg\u00e9tico.","robots":{"index":"index","follow":"follow","max-snippet":"max-snippet:-1","max-image-preview":"max-image-preview:large","max-video-preview":"max-video-preview:-1"},"canonical":"https:\/\/www.suno.com.br\/noticias\/colunas\/gabriel-diniz-junqueira\/o-retorno-do-setor-sucroenergetico\/","og_locale":"pt_BR","og_type":"article","og_title":"O Retorno do Setor sucroenerg\u00e9tico - Suno Not\u00edcias","og_description":"O agroneg\u00f3cio brasileiro compreende uma vasta e complexa cadeia produtiva. H\u00e1 um setor em especial que vale destacar: o sucroenerg\u00e9tico.","og_url":"https:\/\/www.suno.com.br\/noticias\/colunas\/gabriel-diniz-junqueira\/o-retorno-do-setor-sucroenergetico\/","og_site_name":"Suno Not\u00edcias","article_publisher":"https:\/\/facebook.com\/sunoresearch","og_image":[{"url":"https:\/\/files.sunoresearch.com.br\/n\/uploads\/2021\/12\/coluna1.jpg","type":"","width":"","height":""}],"twitter_card":"summary_large_image","twitter_site":"@sunoresearch","twitter_misc":{"Est. tempo de leitura":"2 minutos"},"schema":{"@context":"https:\/\/schema.org","@graph":[{"@type":"Article","@id":"https:\/\/www.suno.com.br\/noticias\/colunas\/gabriel-diniz-junqueira\/o-retorno-do-setor-sucroenergetico\/#article","isPartOf":{"@id":"https:\/\/www.suno.com.br\/noticias\/colunas\/gabriel-diniz-junqueira\/o-retorno-do-setor-sucroenergetico\/"},"author":{"name":"Gabriel Diniz Junqueira","@id":"https:\/\/www.suno.com.br\/noticias\/#\/schema\/person\/b1826056e4acd7d0b2d5078b56d74c55"},"headline":"O Retorno do Setor sucroenerg\u00e9tico","datePublished":"2021-12-21T11:00:36+00:00","mainEntityOfPage":{"@id":"https:\/\/www.suno.com.br\/noticias\/colunas\/gabriel-diniz-junqueira\/o-retorno-do-setor-sucroenergetico\/"},"wordCount":419,"publisher":{"@id":"https:\/\/www.suno.com.br\/noticias\/#organization"},"image":{"@id":"https:\/\/www.suno.com.br\/noticias\/colunas\/gabriel-diniz-junqueira\/o-retorno-do-setor-sucroenergetico\/#primaryimage"},"thumbnailUrl":"https:\/\/files.sunoresearch.com.br\/n\/uploads\/2021\/12\/coluna1.jpg","inLanguage":"pt-BR"},{"@type":"WebPage","@id":"https:\/\/www.suno.com.br\/noticias\/colunas\/gabriel-diniz-junqueira\/o-retorno-do-setor-sucroenergetico\/","url":"https:\/\/www.suno.com.br\/noticias\/colunas\/gabriel-diniz-junqueira\/o-retorno-do-setor-sucroenergetico\/","name":"O Retorno do Setor sucroenerg\u00e9tico - Suno Not\u00edcias","isPartOf":{"@id":"https:\/\/www.suno.com.br\/noticias\/#website"},"primaryImageOfPage":{"@id":"https:\/\/www.suno.com.br\/noticias\/colunas\/gabriel-diniz-junqueira\/o-retorno-do-setor-sucroenergetico\/#primaryimage"},"image":{"@id":"https:\/\/www.suno.com.br\/noticias\/colunas\/gabriel-diniz-junqueira\/o-retorno-do-setor-sucroenergetico\/#primaryimage"},"thumbnailUrl":"https:\/\/files.sunoresearch.com.br\/n\/uploads\/2021\/12\/coluna1.jpg","datePublished":"2021-12-21T11:00:36+00:00","description":"O agroneg\u00f3cio brasileiro compreende uma vasta e complexa cadeia produtiva. H\u00e1 um setor em especial que vale destacar: o sucroenerg\u00e9tico.","breadcrumb":{"@id":"https:\/\/www.suno.com.br\/noticias\/colunas\/gabriel-diniz-junqueira\/o-retorno-do-setor-sucroenergetico\/#breadcrumb"},"inLanguage":"pt-BR","potentialAction":[{"@type":"ReadAction","target":["https:\/\/www.suno.com.br\/noticias\/colunas\/gabriel-diniz-junqueira\/o-retorno-do-setor-sucroenergetico\/"]}]},{"@type":"ImageObject","inLanguage":"pt-BR","@id":"https:\/\/www.suno.com.br\/noticias\/colunas\/gabriel-diniz-junqueira\/o-retorno-do-setor-sucroenergetico\/#primaryimage","url":"https:\/\/files.sunoresearch.com.br\/n\/uploads\/2021\/12\/coluna1.jpg","contentUrl":"https:\/\/files.sunoresearch.com.br\/n\/uploads\/2021\/12\/coluna1.jpg"},{"@type":"BreadcrumbList","@id":"https:\/\/www.suno.com.br\/noticias\/colunas\/gabriel-diniz-junqueira\/o-retorno-do-setor-sucroenergetico\/#breadcrumb","itemListElement":[{"@type":"ListItem","position":1,"name":"Not\u00edcias","item":"https:\/\/www.suno.com.br\/noticias\/"},{"@type":"ListItem","position":2,"name":"Colunas","item":"https:\/\/www.suno.com.br\/noticias\/colunas\/"},{"@type":"ListItem","position":3,"name":"O Retorno do Setor sucroenerg\u00e9tico"}]},{"@type":"WebSite","@id":"https:\/\/www.suno.com.br\/noticias\/#website","url":"https:\/\/www.suno.com.br\/noticias\/","name":"Suno Not\u00edcias","description":"Seu portal de informa\u00e7\u00e3o sobre o mundo dos investimentos","publisher":{"@id":"https:\/\/www.suno.com.br\/noticias\/#organization"},"potentialAction":[{"@type":"SearchAction","target":{"@type":"EntryPoint","urlTemplate":"https:\/\/www.suno.com.br\/noticias\/?s={search_term_string}"},"query-input":{"@type":"PropertyValueSpecification","valueRequired":true,"valueName":"search_term_string"}}],"inLanguage":"pt-BR"},{"@type":"Organization","@id":"https:\/\/www.suno.com.br\/noticias\/#organization","name":"Suno Not\u00edcias","url":"https:\/\/www.suno.com.br\/noticias\/","logo":{"@type":"ImageObject","inLanguage":"pt-BR","@id":"https:\/\/www.suno.com.br\/noticias\/#\/schema\/logo\/image\/","url":"https:\/\/files.sunoresearch.com.br\/n\/uploads\/2021\/09\/suno-logo.png","contentUrl":"https:\/\/files.sunoresearch.com.br\/n\/uploads\/2021\/09\/suno-logo.png","width":180,"height":180,"caption":"Suno Not\u00edcias"},"image":{"@id":"https:\/\/www.suno.com.br\/noticias\/#\/schema\/logo\/image\/"},"sameAs":["https:\/\/facebook.com\/sunoresearch","https:\/\/x.com\/sunoresearch","https:\/\/www.instagram.com\/suno","https:\/\/www.linkedin.com\/company\/suno-research\/","https:\/\/www.youtube.com\/c\/sunoresearch"]},{"@type":"Person","@id":"https:\/\/www.suno.com.br\/noticias\/#\/schema\/person\/b1826056e4acd7d0b2d5078b56d74c55","name":"Gabriel Diniz Junqueira","image":{"@type":"ImageObject","inLanguage":"pt-BR","@id":"https:\/\/www.suno.com.br\/noticias\/#\/schema\/person\/image\/","url":"https:\/\/secure.gravatar.com\/avatar\/66203fb9349983855fb0f20b18db3291?s=96&r=g","contentUrl":"https:\/\/secure.gravatar.com\/avatar\/66203fb9349983855fb0f20b18db3291?s=96&r=g","caption":"Gabriel Diniz Junqueira"},"description":"Engenheiro Civil pela Poli\/USP, iniciou sua carreia no JP Morgan na \u00e1rea de Private Banking e especializou-se em an\u00e1lise de empresas voltadas ao setor agro, estudando profundamente a estrutura\u00e7\u00e3o dos FIAGROS no mundo.","sameAs":["https:\/\/www.instagram.com\/santafe_investimentos\/","https:\/\/br.linkedin.com\/company\/santa-fe-investimentos","https:\/\/www.youtube.com\/channel\/UCCekNzSLGS8qu28M4ADIkBw"],"url":"https:\/\/www.suno.com.br\/noticias\/author\/gabriel-diniz-junqueira\/"}]}},"amp_enabled":true,"_links":{"self":[{"href":"https:\/\/www.suno.com.br\/noticias\/wp-json\/wp\/v2\/suno_column\/216802"}],"collection":[{"href":"https:\/\/www.suno.com.br\/noticias\/wp-json\/wp\/v2\/suno_column"}],"about":[{"href":"https:\/\/www.suno.com.br\/noticias\/wp-json\/wp\/v2\/types\/suno_column"}],"author":[{"embeddable":true,"href":"https:\/\/www.suno.com.br\/noticias\/wp-json\/wp\/v2\/users\/130"}],"wp:attachment":[{"href":"https:\/\/www.suno.com.br\/noticias\/wp-json\/wp\/v2\/media?parent=216802"}],"wp:term":[{"taxonomy":"post_tag","embeddable":true,"href":"https:\/\/www.suno.com.br\/noticias\/wp-json\/wp\/v2\/tags?post=216802"}],"curies":[{"name":"wp","href":"https:\/\/api.w.org\/{rel}","templated":true}]}}