{"id":213880,"date":"2021-12-10T08:00:53","date_gmt":"2021-12-10T11:00:53","guid":{"rendered":"https:\/\/www.suno.com.br\/noticias\/colunas\/marco-lopes\/\/"},"modified":"2021-12-09T23:16:50","modified_gmt":"2021-12-10T02:16:50","slug":"espacolaser-espa3-uma-forte-candidata-para-o-longo-prazo","status":"publish","type":"suno_column","link":"https:\/\/www.suno.com.br\/noticias\/colunas\/gustavo-cruz\/espacolaser-espa3-uma-forte-candidata-para-o-longo-prazo\/","title":{"rendered":"Espa\u00e7olaser (ESPA3): uma forte candidata para o longo prazo"},"content":{"rendered":"<p>A<a class=\"suno-keyword\" href=\"https:\/\/www.suno.com.br\/acoes\/espa3\/\" target=\"_blank\" rel=\"noopener\" data-force=\"yes\" data-priority=\"1\"><strong> Espa\u00e7olaser<\/strong> (ESPA3)<\/a> \u00e9 uma companhia que pode ter passado despercebido em seu <strong>ano de estreia na bolsa<\/strong>. Por\u00e9m, passados alguns <a class=\"suno-keyword\" href=\"https:\/\/www.suno.com.br\/artigos\/resultados-trimestrais\/\" target=\"_blank\" rel=\"noopener\" data-force=\"no\" data-priority=\"1\">resultados trimestrais<\/a>, a empresa j\u00e1 re\u00fane caracter\u00edsticas importantes para o investidor de <a class=\"suno-keyword\" href=\"https:\/\/www.suno.com.br\/artigos\/longo-prazo\/\" target=\"_blank\" rel=\"noopener\" data-force=\"no\" data-priority=\"1\">longo prazo<\/a>. A companhia est\u00e1 entregando o resultado prometido para os recursos demandados no IPO, e a empresa est\u00e1 se consolidando como uma l\u00edder em um mercado pulverizado.<\/p>\n\t<p>\n\t\t<a href=\"https:\/\/lp.suno.com.br\/planilha-controle-gastos\/\" target=\"_blank\" data-element=\"shortcode-suno-banner\" title=\"Banner SUNO, clique e saiba mais\">\n\t\t\t<picture>\n\t\t\t\t<source media=\"(max-width: 500px)\" srcset=\"https:\/\/files.sunoresearch.com.br\/n\/uploads\/2023\/03\/400x300-Planilha-controle-de-gastos.png\">\n\t\t\t\t<img class=\"newsContent__article__imgCapa newsContent__article__imgCapa--banner\"\n\t\t\t\t\tsrc=\"https:\/\/files.sunoresearch.com.br\/n\/uploads\/2023\/03\/1420x240-Planilha-controle-de-gastos.png\"\n\t\t\t\t\tdata-promo-id=\"101751\"\t\t\t\t\t\t\t\t\t\twidth='1420' height='240'\t\t\t\t\talt=\"https:\/\/files.sunoresearch.com.br\/n\/uploads\/2023\/03\/1420x240-Planilha-controle-de-gastos.png\"\n\t\t\t\t>\n\t\t\t<\/picture>\n\t\t<\/a>\n\t<\/p>\n\n\n<p>Muitas vezes, o IPO de uma companhia se torna muitas narrativas, que desviam de uma pergunta direta, para qual raz\u00e3o a empresa est\u00e1 levantando recursos? A Espa\u00e7olaser entrou com uma proposta de recomprar franqueadas e acelerar a sua expans\u00e3o. Algo que est\u00e1 reportando em seus balan\u00e7os. A empresa conta com uma metodologia bem estruturada de <strong>abertura de lojas<\/strong>, verificando a quantidade de tempo que suas m\u00e1quinas ficam inutilizadas. Quando a m\u00e9dia mensal dispon\u00edvel cai para patamares muito baixos, verifica-se a necessidade de abrir novas unidades pr\u00f3ximas para atender melhor a demanda.<\/p>\n\t<p>\n\t\t<a href=\"https:\/\/lp.suno.com.br\/planilha-de-controle-de-investimentos\/\" target=\"_blank\" data-element=\"shortcode-suno-banner\" title=\"Banner SUNO, clique e saiba mais\">\n\t\t\t<picture>\n\t\t\t\t<source media=\"(max-width: 500px)\" srcset=\"https:\/\/files.sunoresearch.com.br\/n\/uploads\/2023\/03\/400x300-Controle-de-Investimentos.png\">\n\t\t\t\t<img class=\"newsContent__article__imgCapa newsContent__article__imgCapa--banner\"\n\t\t\t\t\tsrc=\"https:\/\/files.sunoresearch.com.br\/n\/uploads\/2023\/03\/1420x240-Controle-de-Investimentos.png\"\n\t\t\t\t\tdata-promo-id=\"75934\"\t\t\t\t\t\t\t\t\t\twidth='1420' height='240'\t\t\t\t\talt=\"https:\/\/files.sunoresearch.com.br\/n\/uploads\/2023\/03\/1420x240-Controle-de-Investimentos.png\"\n\t\t\t\t>\n\t\t\t<\/picture>\n\t\t<\/a>\n\t<\/p>\n\n\n<p>Uma boa metodologia de abertura de lojas pode ser a diferen\u00e7a entre o sucesso e o fracasso. Na \u00faltima d\u00e9cada surgiram in\u00fameros projetos de redes farmac\u00eauticas, mas no final observamos que n\u00e3o bastava apenas ter recursos e pontos f\u00edsicos. A <strong><a href=\"https:\/\/www.suno.com.br\/noticias\/raia-drogasil-radl3-cuco-health\/\">RaiaDrogasil<\/a> <\/strong>(RADL3) se consolidou l\u00edder por ter um processo de pesquisa bem estruturado e um p\u00f3s-abertura bem feito. Levando, inclusive, concorrentes a abordar os profissionais dessa \u00e1rea espec\u00edfica dentro da RD. O que faz esse processo da Espa\u00e7olaser bem<br \/>\ninteressante para quem busca uma<strong> vencedora de longo prazo<\/strong>.<\/p>\n<p>Claro que n\u00e3o basta saber abrir loja, precisamos falar de um setor que o brasileiro se interessa. Segundo a <strong>Euromonitor<\/strong>, o Brasil \u00e9 o <strong>quarto maior mercado de beleza<\/strong> e cuidados pessoais do mundo.<\/p>\n<p>Especificamente sobre depila\u00e7\u00e3o, 78% da popula\u00e7\u00e3o feminina e 9% da masculina realizam algum procedimento de depila\u00e7\u00e3o. Por\u00e9m, quando entramos em depila\u00e7\u00e3o a laser, apenas 3,8% da popula\u00e7\u00e3o feminina e 0,5% da masculina utilizam.<\/p>\n<p>A empresa tem um mercado enorme para explorar e est\u00e1 desmistificando alguns pontos. Como a ideia de que o pagamento n\u00e3o \u00e9 acess\u00edvel para muitos. A empresa opera em conjunto com a operadora Credz, possibilitando parcelamento em 24 vezes com pagamentos recorrentes. Trazendo as classes B, C e D.<\/p>\n<p>Al\u00e9m de elevar sua clientela masculina de 5% para 9% de 2017 para 2020. Segundo a <strong>IPCMaps<\/strong>, 44% dos homens consideram fazer alguma depila\u00e7\u00e3o a laser. Um segundo ponto importante da tese \u00e9 a satisfa\u00e7\u00e3o. Estamos falando de um <strong>NPS elevado<\/strong>, em 82 pontos, o que faz os pr\u00f3prios clientes utilizarem mais servi\u00e7os com o tempo. A Espa\u00e7olaser se beneficia desse sentimento positivo, 80% de novos clientes s\u00e3o indica\u00e7\u00f5es de pessoas que j\u00e1 frequentam as lojas.<\/p>\n\t<p>\n\t\t<a href=\"https:\/\/lp.suno.com.br\/ebook-como-analisar-uma-acao\/\" target=\"_blank\" data-element=\"shortcode-suno-banner\" title=\"Banner SUNO, clique e saiba mais\">\n\t\t\t<picture>\n\t\t\t\t<source media=\"(max-width: 500px)\" srcset=\"https:\/\/files.sunoresearch.com.br\/n\/uploads\/2023\/03\/Ebook-Acoes-Mobile-1.jpg\">\n\t\t\t\t<img class=\"newsContent__article__imgCapa newsContent__article__imgCapa--banner\"\n\t\t\t\t\tsrc=\"https:\/\/files.sunoresearch.com.br\/n\/uploads\/2023\/03\/Ebook-Acoes-Desktop-1.jpg\"\n\t\t\t\t\tdata-promo-id=\"171998\"\t\t\t\t\t\t\t\t\t\twidth='1420' height='286'\t\t\t\t\talt=\"https:\/\/files.sunoresearch.com.br\/n\/uploads\/2023\/03\/Ebook-Acoes-Desktop-1.jpg\"\n\t\t\t\t>\n\t\t\t<\/picture>\n\t\t<\/a>\n\t<\/p>\n\n\n<p>Nos \u00faltimos 6 meses, a nota do Reclame Aqui subiu de 7,6 para 8,0. Com 92,8% das reclama\u00e7\u00f5es respondidas e um \u00edndice de solu\u00e7\u00e3o de 88,5%. O servi\u00e7o oferecido tem como principal risco algum acidente, rea\u00e7\u00e3o al\u00e9rgica, poss\u00edvel efeito negativo em um cliente que cause um impacto na imagem da empresa com sua reclama\u00e7\u00e3o. Logo, ter uma boa presen\u00e7a em ambientes de exposi\u00e7\u00e3o de problemas n\u00e3o \u00e9 um detalhe que deva passar despercebido. A empresa conta com um <strong>centro de treinamento<\/strong> capaz de preparar 3 mil colaboradores. A ideia de uma expans\u00e3o r\u00e1pida colocar\u00e1 essa prepara\u00e7\u00e3o em teste.<\/p>\n<p>Vale um destaque positivo e negativo em uma agenda bem 2021. Na parte ESG, a companhia se destaca, n\u00e3o produz res\u00edduos quando comparado aos m\u00e9todos tradicionais de depila\u00e7\u00e3o. Al\u00e9m de ser destaque em governan\u00e7a com conselheiros independentes e ter compromissos com equidade de g\u00eanero. Na parte negativa, se de um lado a Espa\u00e7olaser explora bem as <strong>vendas digitais<\/strong>, ela tamb\u00e9m registra muitas reclama\u00e7\u00f5es de clientes sobre a forma como lida com os seus dados. Vale monitorar esse ponto, ainda mais com a LGDP em vigor desde agosto.<\/p>\n\t<p>\n\t\t<a href=\"https:\/\/lp.suno.com.br\/planilha-da-vida-financeira\/\" target=\"_blank\" data-element=\"shortcode-suno-banner\" title=\"Banner SUNO, clique e saiba mais\">\n\t\t\t<picture>\n\t\t\t\t<source media=\"(max-width: 500px)\" srcset=\"https:\/\/files.sunoresearch.com.br\/n\/uploads\/2023\/04\/400x300-Planilha-vida-financeira-true.png\">\n\t\t\t\t<img class=\"newsContent__article__imgCapa newsContent__article__imgCapa--banner\"\n\t\t\t\t\tsrc=\"https:\/\/files.sunoresearch.com.br\/n\/uploads\/2023\/04\/1420x240-Planilha-vida-financeira-true.png\"\n\t\t\t\t\tdata-promo-id=\"106682\"\t\t\t\t\t\t\t\t\t\twidth='1420' height='240'\t\t\t\t\talt=\"https:\/\/files.sunoresearch.com.br\/n\/uploads\/2023\/04\/1420x240-Planilha-vida-financeira-true.png\"\n\t\t\t\t>\n\t\t\t<\/picture>\n\t\t<\/a>\n\t<\/p>\n\n\n<p>Com mais de 600 lojas, a empresa est\u00e1 abrindo um espa\u00e7o consider\u00e1vel para a segunda e terceira colocadas com 160 e 140 lojas respectivamente. O desafio tamb\u00e9m ser\u00e1 enfrentar concorrentes que busquem se estabelecer regionalmente, antes de buscar uma <strong>presen\u00e7a nacional<\/strong>.<\/p>\n<p>A Espa\u00e7olaser \u00e9 uma empresa promissora, com uma tend\u00eancia que parece ser alheia ao debate eleitoral de 2022. Seu crescimento se dar\u00e1 muito mais por acertos internos, do que por um contexto mais ou menos favor\u00e1vel. Um questionamento t\u00edpico de ano eleitoral \u00e9 esse: qual empresa poderia investir e<br \/>\nabrir os olhos novamente daqui 4 anos? A <strong>Espa\u00e7olaser<\/strong> est\u00e1 se mostrando uma forte candidata.<\/p>\n\t<p>\n\t\t<a href=\"\" target=\"_blank\" data-element=\"shortcode-suno-banner\" title=\"Banner SUNO, clique e saiba mais\">\n\t\t\t<picture>\n\t\t\t\t<source media=\"(max-width: 500px)\" srcset=\"\">\n\t\t\t\t<img class=\"newsContent__article__imgCapa newsContent__article__imgCapa--banner\"\n\t\t\t\t\tsrc=\"\"\n\t\t\t\t\tdata-promo-id=\"184190\"\t\t\t\t\t\t\t\t\t\t\t\t\t\t\talt=\"\"\n\t\t\t\t>\n\t\t\t<\/picture>\n\t\t<\/a>\n\t<\/p>\n\n\n","protected":false},"excerpt":{"rendered":"<p>A Espa\u00e7olaser (ESPA3) \u00e9 uma companhia que pode ter passado despercebido em seu ano de estreia na bolsa. Por\u00e9m, passados alguns resultados trimestrais, a empresa j\u00e1 re\u00fa&#8230;<\/p>\n","protected":false},"author":76,"featured_media":0,"template":"","tags":[104994],"class_list":["post-213880","suno_column","type-suno_column","status-publish","hentry","tag-espacolaser-espa3"],"yoast_head":"<!-- This site is optimized with the Yoast SEO plugin v24.4 - https:\/\/yoast.com\/wordpress\/plugins\/seo\/ -->\n<title>Espa\u00e7olaser (ESPA3): uma forte candidata para o longo prazo<\/title>\n<meta name=\"description\" content=\"A companhia est\u00e1 entregando o resultado prometido para os recursos demandados no IPO, e se consolida como l\u00edder em um mercado pulverizado.\" \/>\n<meta name=\"robots\" content=\"index, follow, max-snippet:-1, max-image-preview:large, max-video-preview:-1\" \/>\n<link rel=\"canonical\" href=\"https:\/\/www.suno.com.br\/noticias\/colunas\/gustavo-cruz\/espacolaser-espa3-uma-forte-candidata-para-o-longo-prazo\/\" \/>\n<meta property=\"og:locale\" content=\"pt_BR\" \/>\n<meta property=\"og:type\" content=\"article\" \/>\n<meta property=\"og:title\" content=\"Espa\u00e7olaser (ESPA3): uma forte candidata para o longo prazo\" \/>\n<meta property=\"og:description\" content=\"A companhia est\u00e1 entregando o resultado prometido para os recursos demandados no IPO, e se consolida como l\u00edder em um mercado pulverizado.\" \/>\n<meta property=\"og:url\" content=\"https:\/\/www.suno.com.br\/noticias\/colunas\/gustavo-cruz\/espacolaser-espa3-uma-forte-candidata-para-o-longo-prazo\/\" \/>\n<meta property=\"og:site_name\" content=\"Suno Not\u00edcias\" \/>\n<meta property=\"article:publisher\" content=\"https:\/\/facebook.com\/sunoresearch\" \/>\n<meta property=\"og:image\" content=\"https:\/\/files.sunoresearch.com.br\/n\/uploads\/2022\/06\/Modelo2.jpg\" \/>\n\t<meta property=\"og:image:width\" content=\"1200\" \/>\n\t<meta property=\"og:image:height\" content=\"627\" \/>\n\t<meta property=\"og:image:type\" content=\"image\/jpeg\" \/>\n<meta name=\"twitter:card\" content=\"summary_large_image\" \/>\n<meta name=\"twitter:site\" content=\"@sunoresearch\" \/>\n<meta name=\"twitter:label1\" content=\"Est. tempo de leitura\" \/>\n\t<meta name=\"twitter:data1\" content=\"4 minutos\" \/>\n<script type=\"application\/ld+json\" class=\"yoast-schema-graph\">{\"@context\":\"https:\/\/schema.org\",\"@graph\":[{\"@type\":\"Article\",\"@id\":\"https:\/\/www.suno.com.br\/noticias\/colunas\/gustavo-cruz\/espacolaser-espa3-uma-forte-candidata-para-o-longo-prazo\/#article\",\"isPartOf\":{\"@id\":\"https:\/\/www.suno.com.br\/noticias\/colunas\/gustavo-cruz\/espacolaser-espa3-uma-forte-candidata-para-o-longo-prazo\/\"},\"author\":{\"name\":\"Gustavo Cruz\",\"@id\":\"https:\/\/www.suno.com.br\/noticias\/#\/schema\/person\/263643f607b4b8e47a40d49b3414ceba\"},\"headline\":\"Espa\u00e7olaser (ESPA3): uma forte candidata para o longo prazo\",\"datePublished\":\"2021-12-10T11:00:53+00:00\",\"mainEntityOfPage\":{\"@id\":\"https:\/\/www.suno.com.br\/noticias\/colunas\/gustavo-cruz\/espacolaser-espa3-uma-forte-candidata-para-o-longo-prazo\/\"},\"wordCount\":788,\"publisher\":{\"@id\":\"https:\/\/www.suno.com.br\/noticias\/#organization\"},\"keywords\":[\"Espa\u00e7olaser (ESPA3)\"],\"inLanguage\":\"pt-BR\"},{\"@type\":\"WebPage\",\"@id\":\"https:\/\/www.suno.com.br\/noticias\/colunas\/gustavo-cruz\/espacolaser-espa3-uma-forte-candidata-para-o-longo-prazo\/\",\"url\":\"https:\/\/www.suno.com.br\/noticias\/colunas\/gustavo-cruz\/espacolaser-espa3-uma-forte-candidata-para-o-longo-prazo\/\",\"name\":\"Espa\u00e7olaser (ESPA3): uma forte candidata para o longo prazo\",\"isPartOf\":{\"@id\":\"https:\/\/www.suno.com.br\/noticias\/#website\"},\"datePublished\":\"2021-12-10T11:00:53+00:00\",\"description\":\"A companhia est\u00e1 entregando o resultado prometido para os recursos demandados no IPO, e se consolida como l\u00edder em um mercado pulverizado.\",\"breadcrumb\":{\"@id\":\"https:\/\/www.suno.com.br\/noticias\/colunas\/gustavo-cruz\/espacolaser-espa3-uma-forte-candidata-para-o-longo-prazo\/#breadcrumb\"},\"inLanguage\":\"pt-BR\",\"potentialAction\":[{\"@type\":\"ReadAction\",\"target\":[\"https:\/\/www.suno.com.br\/noticias\/colunas\/gustavo-cruz\/espacolaser-espa3-uma-forte-candidata-para-o-longo-prazo\/\"]}]},{\"@type\":\"BreadcrumbList\",\"@id\":\"https:\/\/www.suno.com.br\/noticias\/colunas\/gustavo-cruz\/espacolaser-espa3-uma-forte-candidata-para-o-longo-prazo\/#breadcrumb\",\"itemListElement\":[{\"@type\":\"ListItem\",\"position\":1,\"name\":\"Not\u00edcias\",\"item\":\"https:\/\/www.suno.com.br\/noticias\/\"},{\"@type\":\"ListItem\",\"position\":2,\"name\":\"Colunas\",\"item\":\"https:\/\/www.suno.com.br\/noticias\/colunas\/\"},{\"@type\":\"ListItem\",\"position\":3,\"name\":\"Espa\u00e7olaser (ESPA3): uma forte candidata para o longo prazo\"}]},{\"@type\":\"WebSite\",\"@id\":\"https:\/\/www.suno.com.br\/noticias\/#website\",\"url\":\"https:\/\/www.suno.com.br\/noticias\/\",\"name\":\"Suno Not\u00edcias\",\"description\":\"Seu portal de informa\u00e7\u00e3o sobre o mundo dos investimentos\",\"publisher\":{\"@id\":\"https:\/\/www.suno.com.br\/noticias\/#organization\"},\"potentialAction\":[{\"@type\":\"SearchAction\",\"target\":{\"@type\":\"EntryPoint\",\"urlTemplate\":\"https:\/\/www.suno.com.br\/noticias\/?s={search_term_string}\"},\"query-input\":{\"@type\":\"PropertyValueSpecification\",\"valueRequired\":true,\"valueName\":\"search_term_string\"}}],\"inLanguage\":\"pt-BR\"},{\"@type\":\"Organization\",\"@id\":\"https:\/\/www.suno.com.br\/noticias\/#organization\",\"name\":\"Suno Not\u00edcias\",\"url\":\"https:\/\/www.suno.com.br\/noticias\/\",\"logo\":{\"@type\":\"ImageObject\",\"inLanguage\":\"pt-BR\",\"@id\":\"https:\/\/www.suno.com.br\/noticias\/#\/schema\/logo\/image\/\",\"url\":\"https:\/\/files.sunoresearch.com.br\/n\/uploads\/2021\/09\/suno-logo.png\",\"contentUrl\":\"https:\/\/files.sunoresearch.com.br\/n\/uploads\/2021\/09\/suno-logo.png\",\"width\":180,\"height\":180,\"caption\":\"Suno Not\u00edcias\"},\"image\":{\"@id\":\"https:\/\/www.suno.com.br\/noticias\/#\/schema\/logo\/image\/\"},\"sameAs\":[\"https:\/\/facebook.com\/sunoresearch\",\"https:\/\/x.com\/sunoresearch\",\"https:\/\/www.instagram.com\/suno\",\"https:\/\/www.linkedin.com\/company\/suno-research\/\",\"https:\/\/www.youtube.com\/c\/sunoresearch\"]},{\"@type\":\"Person\",\"@id\":\"https:\/\/www.suno.com.br\/noticias\/#\/schema\/person\/263643f607b4b8e47a40d49b3414ceba\",\"name\":\"Gustavo Cruz\",\"image\":{\"@type\":\"ImageObject\",\"inLanguage\":\"pt-BR\",\"@id\":\"https:\/\/www.suno.com.br\/noticias\/#\/schema\/person\/image\/\",\"url\":\"https:\/\/secure.gravatar.com\/avatar\/57e6d82800a2dd4c8c19cd84dc8ad9af?s=96&r=g\",\"contentUrl\":\"https:\/\/secure.gravatar.com\/avatar\/57e6d82800a2dd4c8c19cd84dc8ad9af?s=96&r=g\",\"caption\":\"Gustavo Cruz\"},\"description\":\"Estrategista da RB Investimentos desde 2020, iniciou carreira no research da XP, local onde ficou mais de quatro anos, desempenhando as fun\u00e7\u00f5es de analista e economista. Teve passagem de um ano na startup Proseek, onde foi economista da institui\u00e7\u00e3o. \u00c9 formado em economia pelo Insper e atualmente est\u00e1 realizando um MBA na Saint Paul.\",\"sameAs\":[\"https:\/\/www.instagram.com\/rbinvestimentos\",\"https:\/\/br.linkedin.com\/in\/gustavo-spinola-lopes-da-cruz-43791ab3\"],\"url\":\"https:\/\/www.suno.com.br\/noticias\/author\/gustavo-cruz\/\"}]}<\/script>\n<!-- \/ Yoast SEO plugin. -->","yoast_head_json":{"title":"Espa\u00e7olaser (ESPA3): uma forte candidata para o longo prazo","description":"A companhia est\u00e1 entregando o resultado prometido para os recursos demandados no IPO, e se consolida como l\u00edder em um mercado pulverizado.","robots":{"index":"index","follow":"follow","max-snippet":"max-snippet:-1","max-image-preview":"max-image-preview:large","max-video-preview":"max-video-preview:-1"},"canonical":"https:\/\/www.suno.com.br\/noticias\/colunas\/gustavo-cruz\/espacolaser-espa3-uma-forte-candidata-para-o-longo-prazo\/","og_locale":"pt_BR","og_type":"article","og_title":"Espa\u00e7olaser (ESPA3): uma forte candidata para o longo prazo","og_description":"A companhia est\u00e1 entregando o resultado prometido para os recursos demandados no IPO, e se consolida como l\u00edder em um mercado pulverizado.","og_url":"https:\/\/www.suno.com.br\/noticias\/colunas\/gustavo-cruz\/espacolaser-espa3-uma-forte-candidata-para-o-longo-prazo\/","og_site_name":"Suno Not\u00edcias","article_publisher":"https:\/\/facebook.com\/sunoresearch","og_image":[{"width":1200,"height":627,"url":"https:\/\/files.sunoresearch.com.br\/n\/uploads\/2022\/06\/Modelo2.jpg","type":"image\/jpeg"}],"twitter_card":"summary_large_image","twitter_site":"@sunoresearch","twitter_misc":{"Est. tempo de leitura":"4 minutos"},"schema":{"@context":"https:\/\/schema.org","@graph":[{"@type":"Article","@id":"https:\/\/www.suno.com.br\/noticias\/colunas\/gustavo-cruz\/espacolaser-espa3-uma-forte-candidata-para-o-longo-prazo\/#article","isPartOf":{"@id":"https:\/\/www.suno.com.br\/noticias\/colunas\/gustavo-cruz\/espacolaser-espa3-uma-forte-candidata-para-o-longo-prazo\/"},"author":{"name":"Gustavo Cruz","@id":"https:\/\/www.suno.com.br\/noticias\/#\/schema\/person\/263643f607b4b8e47a40d49b3414ceba"},"headline":"Espa\u00e7olaser (ESPA3): uma forte candidata para o longo prazo","datePublished":"2021-12-10T11:00:53+00:00","mainEntityOfPage":{"@id":"https:\/\/www.suno.com.br\/noticias\/colunas\/gustavo-cruz\/espacolaser-espa3-uma-forte-candidata-para-o-longo-prazo\/"},"wordCount":788,"publisher":{"@id":"https:\/\/www.suno.com.br\/noticias\/#organization"},"keywords":["Espa\u00e7olaser (ESPA3)"],"inLanguage":"pt-BR"},{"@type":"WebPage","@id":"https:\/\/www.suno.com.br\/noticias\/colunas\/gustavo-cruz\/espacolaser-espa3-uma-forte-candidata-para-o-longo-prazo\/","url":"https:\/\/www.suno.com.br\/noticias\/colunas\/gustavo-cruz\/espacolaser-espa3-uma-forte-candidata-para-o-longo-prazo\/","name":"Espa\u00e7olaser (ESPA3): uma forte candidata para o longo prazo","isPartOf":{"@id":"https:\/\/www.suno.com.br\/noticias\/#website"},"datePublished":"2021-12-10T11:00:53+00:00","description":"A companhia est\u00e1 entregando o resultado prometido para os recursos demandados no IPO, e se consolida como l\u00edder em um mercado pulverizado.","breadcrumb":{"@id":"https:\/\/www.suno.com.br\/noticias\/colunas\/gustavo-cruz\/espacolaser-espa3-uma-forte-candidata-para-o-longo-prazo\/#breadcrumb"},"inLanguage":"pt-BR","potentialAction":[{"@type":"ReadAction","target":["https:\/\/www.suno.com.br\/noticias\/colunas\/gustavo-cruz\/espacolaser-espa3-uma-forte-candidata-para-o-longo-prazo\/"]}]},{"@type":"BreadcrumbList","@id":"https:\/\/www.suno.com.br\/noticias\/colunas\/gustavo-cruz\/espacolaser-espa3-uma-forte-candidata-para-o-longo-prazo\/#breadcrumb","itemListElement":[{"@type":"ListItem","position":1,"name":"Not\u00edcias","item":"https:\/\/www.suno.com.br\/noticias\/"},{"@type":"ListItem","position":2,"name":"Colunas","item":"https:\/\/www.suno.com.br\/noticias\/colunas\/"},{"@type":"ListItem","position":3,"name":"Espa\u00e7olaser (ESPA3): uma forte candidata para o longo prazo"}]},{"@type":"WebSite","@id":"https:\/\/www.suno.com.br\/noticias\/#website","url":"https:\/\/www.suno.com.br\/noticias\/","name":"Suno Not\u00edcias","description":"Seu portal de informa\u00e7\u00e3o sobre o mundo dos investimentos","publisher":{"@id":"https:\/\/www.suno.com.br\/noticias\/#organization"},"potentialAction":[{"@type":"SearchAction","target":{"@type":"EntryPoint","urlTemplate":"https:\/\/www.suno.com.br\/noticias\/?s={search_term_string}"},"query-input":{"@type":"PropertyValueSpecification","valueRequired":true,"valueName":"search_term_string"}}],"inLanguage":"pt-BR"},{"@type":"Organization","@id":"https:\/\/www.suno.com.br\/noticias\/#organization","name":"Suno Not\u00edcias","url":"https:\/\/www.suno.com.br\/noticias\/","logo":{"@type":"ImageObject","inLanguage":"pt-BR","@id":"https:\/\/www.suno.com.br\/noticias\/#\/schema\/logo\/image\/","url":"https:\/\/files.sunoresearch.com.br\/n\/uploads\/2021\/09\/suno-logo.png","contentUrl":"https:\/\/files.sunoresearch.com.br\/n\/uploads\/2021\/09\/suno-logo.png","width":180,"height":180,"caption":"Suno Not\u00edcias"},"image":{"@id":"https:\/\/www.suno.com.br\/noticias\/#\/schema\/logo\/image\/"},"sameAs":["https:\/\/facebook.com\/sunoresearch","https:\/\/x.com\/sunoresearch","https:\/\/www.instagram.com\/suno","https:\/\/www.linkedin.com\/company\/suno-research\/","https:\/\/www.youtube.com\/c\/sunoresearch"]},{"@type":"Person","@id":"https:\/\/www.suno.com.br\/noticias\/#\/schema\/person\/263643f607b4b8e47a40d49b3414ceba","name":"Gustavo Cruz","image":{"@type":"ImageObject","inLanguage":"pt-BR","@id":"https:\/\/www.suno.com.br\/noticias\/#\/schema\/person\/image\/","url":"https:\/\/secure.gravatar.com\/avatar\/57e6d82800a2dd4c8c19cd84dc8ad9af?s=96&r=g","contentUrl":"https:\/\/secure.gravatar.com\/avatar\/57e6d82800a2dd4c8c19cd84dc8ad9af?s=96&r=g","caption":"Gustavo Cruz"},"description":"Estrategista da RB Investimentos desde 2020, iniciou carreira no research da XP, local onde ficou mais de quatro anos, desempenhando as fun\u00e7\u00f5es de analista e economista. Teve passagem de um ano na startup Proseek, onde foi economista da institui\u00e7\u00e3o. \u00c9 formado em economia pelo Insper e atualmente est\u00e1 realizando um MBA na Saint Paul.","sameAs":["https:\/\/www.instagram.com\/rbinvestimentos","https:\/\/br.linkedin.com\/in\/gustavo-spinola-lopes-da-cruz-43791ab3"],"url":"https:\/\/www.suno.com.br\/noticias\/author\/gustavo-cruz\/"}]}},"amp_enabled":true,"_links":{"self":[{"href":"https:\/\/www.suno.com.br\/noticias\/wp-json\/wp\/v2\/suno_column\/213880"}],"collection":[{"href":"https:\/\/www.suno.com.br\/noticias\/wp-json\/wp\/v2\/suno_column"}],"about":[{"href":"https:\/\/www.suno.com.br\/noticias\/wp-json\/wp\/v2\/types\/suno_column"}],"author":[{"embeddable":true,"href":"https:\/\/www.suno.com.br\/noticias\/wp-json\/wp\/v2\/users\/76"}],"wp:attachment":[{"href":"https:\/\/www.suno.com.br\/noticias\/wp-json\/wp\/v2\/media?parent=213880"}],"wp:term":[{"taxonomy":"post_tag","embeddable":true,"href":"https:\/\/www.suno.com.br\/noticias\/wp-json\/wp\/v2\/tags?post=213880"}],"curies":[{"name":"wp","href":"https:\/\/api.w.org\/{rel}","templated":true}]}}