{"id":213234,"date":"2021-12-09T08:00:29","date_gmt":"2021-12-09T11:00:29","guid":{"rendered":"https:\/\/www.suno.com.br\/noticias\/colunas\/marco-lopes\/\/"},"modified":"2021-12-08T23:49:50","modified_gmt":"2021-12-09T02:49:50","slug":"acoes-de-varejo-por-que-nao-param-de-cair","status":"publish","type":"suno_column","link":"https:\/\/www.suno.com.br\/noticias\/colunas\/alan-gandelman\/acoes-de-varejo-por-que-nao-param-de-cair\/","title":{"rendered":"A\u00e7\u00f5es de varejo: por que n\u00e3o param de cair"},"content":{"rendered":"<p>Depois de retumbantes altas das <strong>a\u00e7\u00f5es de companhias do setor do varejo<\/strong> na <strong><a class=\"suno-keyword\" href=\"https:\/\/www.suno.com.br\/acoes\/B3SA3\/\" target=\"_blank\" rel=\"noopener\" data-force=\"yes\" data-priority=\"2\">B3 (B3SA3)<\/a><\/strong> em 2020, neste ano essas mesmas empresas t\u00eam sido os \u2018patinhos feios\u2018 do mercado, com quedas expressivas de valor, chegando a um ter\u00e7o de quanto estavam no inicio do ano. O que aconteceu com <strong><a class=\"suno-keyword\" href=\"https:\/\/www.suno.com.br\/acoes\/MGLU3\/\" target=\"_blank\" rel=\"noopener\" data-force=\"yes\" data-priority=\"2\">Magazine Luiza (MGLU3)<\/a><\/strong>, <strong>Via (VIIA3)<\/strong>, <strong><a class=\"suno-keyword\" href=\"https:\/\/www.suno.com.br\/acoes\/LAME4\/\" target=\"_blank\" rel=\"noopener\" data-force=\"yes\" data-priority=\"2\">Lojas Americanas (LAME4)<\/a><\/strong>?<\/p>\n\t<p>\n\t\t<a href=\"https:\/\/lp.suno.com.br\/planilha-controle-gastos\/\" target=\"_blank\" data-element=\"shortcode-suno-banner\" title=\"Banner SUNO, clique e saiba mais\">\n\t\t\t<picture>\n\t\t\t\t<source media=\"(max-width: 500px)\" srcset=\"https:\/\/files.sunoresearch.com.br\/n\/uploads\/2023\/03\/400x300-Planilha-controle-de-gastos.png\">\n\t\t\t\t<img class=\"newsContent__article__imgCapa newsContent__article__imgCapa--banner\"\n\t\t\t\t\tsrc=\"https:\/\/files.sunoresearch.com.br\/n\/uploads\/2023\/03\/1420x240-Planilha-controle-de-gastos.png\"\n\t\t\t\t\tdata-promo-id=\"101751\"\t\t\t\t\t\t\t\t\t\twidth='1420' height='240'\t\t\t\t\talt=\"https:\/\/files.sunoresearch.com.br\/n\/uploads\/2023\/03\/1420x240-Planilha-controle-de-gastos.png\"\n\t\t\t\t>\n\t\t\t<\/picture>\n\t\t<\/a>\n\t<\/p>\n\n\n<p>Os anos de 2020 e parcialmente 2021 foram marcados pela pandemia. Fechamento do comercio, popula\u00e7\u00e3o em casa desfrutando de seus \u2018 home offices \u2018, e principalmente juros muito baixos. Depois de o<strong> Ibovespa<\/strong> chegar abaixo dos 70.000 pontos e come\u00e7ar a se recuperar, o setor de varejo foi o escolhido por 9 entre 10 investidores para \u2018surfar\u2019 a retomada.<\/p>\n<p>O Ibovespa chegou a bater os 130.000 pontos, mas os juros come\u00e7aram a subir e a infla\u00e7\u00e3o basicamente de custo (e n\u00e3o de demanda) veio com for\u00e7a total\u2026 Cen\u00e1rio<br \/>\nalterado!<\/p>\n\t<p>\n\t\t<a href=\"https:\/\/lp.suno.com.br\/planilha-de-controle-de-investimentos\/\" target=\"_blank\" data-element=\"shortcode-suno-banner\" title=\"Banner SUNO, clique e saiba mais\">\n\t\t\t<picture>\n\t\t\t\t<source media=\"(max-width: 500px)\" srcset=\"https:\/\/files.sunoresearch.com.br\/n\/uploads\/2023\/03\/400x300-Controle-de-Investimentos.png\">\n\t\t\t\t<img class=\"newsContent__article__imgCapa newsContent__article__imgCapa--banner\"\n\t\t\t\t\tsrc=\"https:\/\/files.sunoresearch.com.br\/n\/uploads\/2023\/03\/1420x240-Controle-de-Investimentos.png\"\n\t\t\t\t\tdata-promo-id=\"75934\"\t\t\t\t\t\t\t\t\t\twidth='1420' height='240'\t\t\t\t\talt=\"https:\/\/files.sunoresearch.com.br\/n\/uploads\/2023\/03\/1420x240-Controle-de-Investimentos.png\"\n\t\t\t\t>\n\t\t\t<\/picture>\n\t\t<\/a>\n\t<\/p>\n\n\n<p>Se apostava que o \u2018novo normal\u2019 eram as <strong>vendas online<\/strong>, de fato uma aposta pertinente, e esse setor est\u00e1 preparando para isso. No entanto, n\u00e3o contavam com essa infla\u00e7\u00e3o t\u00e3o forte, que fez com que os juros subissem at\u00e9 agora quase <strong>5 vezes desde a Selic a 2%<\/strong> no pico da pandemia.<\/p>\n\t<p>\n\t\t<a href=\"https:\/\/lp.suno.com.br\/planilha-da-vida-financeira\/\" target=\"_blank\" data-element=\"shortcode-suno-banner\" title=\"Banner SUNO, clique e saiba mais\">\n\t\t\t<picture>\n\t\t\t\t<source media=\"(max-width: 500px)\" srcset=\"https:\/\/files.sunoresearch.com.br\/n\/uploads\/2023\/04\/400x300-Planilha-vida-financeira-true.png\">\n\t\t\t\t<img class=\"newsContent__article__imgCapa newsContent__article__imgCapa--banner\"\n\t\t\t\t\tsrc=\"https:\/\/files.sunoresearch.com.br\/n\/uploads\/2023\/04\/1420x240-Planilha-vida-financeira-true.png\"\n\t\t\t\t\tdata-promo-id=\"106682\"\t\t\t\t\t\t\t\t\t\twidth='1420' height='240'\t\t\t\t\talt=\"https:\/\/files.sunoresearch.com.br\/n\/uploads\/2023\/04\/1420x240-Planilha-vida-financeira-true.png\"\n\t\t\t\t>\n\t\t\t<\/picture>\n\t\t<\/a>\n\t<\/p>\n\n\n<p>A alta dos juros para conter a infla\u00e7\u00e3o abate em cheio o consumo, e de imediato essas a\u00e7\u00f5es come\u00e7aram a apanhar. Aliado a esse fator, empresas online de vendas estrangeiras como a gigante <strong>Alibaba (<a class=\"suno-keyword\" href=\"https:\/\/www.suno.com.br\/bdrs\/baba34\/\" target=\"_blank\" rel=\"noopener\" data-force=\"yes\" data-priority=\"2\">BABA34<\/a>)<\/strong>, a pr\u00f3pria <strong>Amazon (<a class=\"suno-keyword\" href=\"https:\/\/www.suno.com.br\/bdrs\/amzo34\/\" target=\"_blank\" rel=\"noopener\" data-force=\"yes\" data-priority=\"2\">AMZO34<\/a>)<\/strong> e outras passaram a ser uma verdadeira amea\u00e7a \u00e0s j\u00e1 consolidadas empresas locais.<\/p>\n\t<p>\n\t\t<a href=\"https:\/\/lp.suno.com.br\/ebook-como-analisar-uma-acao\/\" target=\"_blank\" data-element=\"shortcode-suno-banner\" title=\"Banner SUNO, clique e saiba mais\">\n\t\t\t<picture>\n\t\t\t\t<source media=\"(max-width: 500px)\" srcset=\"https:\/\/files.sunoresearch.com.br\/n\/uploads\/2023\/03\/Ebook-Acoes-Mobile-1.jpg\">\n\t\t\t\t<img class=\"newsContent__article__imgCapa newsContent__article__imgCapa--banner\"\n\t\t\t\t\tsrc=\"https:\/\/files.sunoresearch.com.br\/n\/uploads\/2023\/03\/Ebook-Acoes-Desktop-1.jpg\"\n\t\t\t\t\tdata-promo-id=\"171998\"\t\t\t\t\t\t\t\t\t\twidth='1420' height='286'\t\t\t\t\talt=\"https:\/\/files.sunoresearch.com.br\/n\/uploads\/2023\/03\/Ebook-Acoes-Desktop-1.jpg\"\n\t\t\t\t>\n\t\t\t<\/picture>\n\t\t<\/a>\n\t<\/p>\n\n\n<p>O comprador de eletroeletr\u00f4nico e outros produtos oferecidos por estas empresas historicamente compram a cr\u00e9dito e, com juros galopantes, n\u00e3o haveria como esse setor<br \/>\nn\u00e3o sofrer. Certamente, em se melhorando o cen\u00e1rio e a volta do investidor para a Bolsa essas a\u00e7\u00f5es t\u00eam uma atratividade nesses n\u00edveis e s\u00e3o uma boa op\u00e7\u00e3o. No entanto, ainda estamos aguardando os n\u00fameros da <strong>Black Friday<\/strong>, assim como o que vir\u00e1 em <strong>vendas no Natal<\/strong> .<\/p>\n<p>Aprendi no mercado h\u00e1 muito tempo que o que est\u00e1 ruim ainda pode piorar, e o piso verdadeiro \u00e9 sempre zero. Logo\u2026 A aposta parece boa nesses n\u00edveis, por\u00e9m o verdadeiro piso ainda est\u00e1 longe.<\/p>\n\t<p>\n\t\t<a href=\"\" target=\"_blank\" data-element=\"shortcode-suno-banner\" title=\"Banner SUNO, clique e saiba mais\">\n\t\t\t<picture>\n\t\t\t\t<source media=\"(max-width: 500px)\" srcset=\"\">\n\t\t\t\t<img class=\"newsContent__article__imgCapa newsContent__article__imgCapa--banner\"\n\t\t\t\t\tsrc=\"\"\n\t\t\t\t\tdata-promo-id=\"184190\"\t\t\t\t\t\t\t\t\t\t\t\t\t\t\talt=\"\"\n\t\t\t\t>\n\t\t\t<\/picture>\n\t\t<\/a>\n\t<\/p>\n\n\n","protected":false},"excerpt":{"rendered":"<p>Depois de retumbantes altas das a\u00e7\u00f5es de companhias do setor do varejo na B3 (B3SA3) em 2020, neste ano essas mesmas empresas t\u00eam sido os \u2018patinhos feios\u2018 do mercado, &#8230;<\/p>\n","protected":false},"author":133,"featured_media":0,"template":"","tags":[694,367,768,721,548,290,678],"class_list":["post-213234","suno_column","type-suno_column","status-publish","hentry","tag-amazon-amzo34","tag-b3-b3sa3","tag-black-friday","tag-ibovespa","tag-magazine-luiza-mglu3","tag-taxa-selic","tag-via-varejo-vvar3"],"yoast_head":"<!-- This site is optimized with the Yoast SEO plugin v24.4 - https:\/\/yoast.com\/wordpress\/plugins\/seo\/ -->\n<title>A\u00e7\u00f5es de varejo: por que n\u00e3o param de cair - Suno Not\u00edcias<\/title>\n<meta name=\"description\" content=\"Juros come\u00e7aram a subir e a infla\u00e7\u00e3o basicamente de custo (e n\u00e3o de demanda) veio com for\u00e7a total\u2026 Cen\u00e1rio alterado para as a\u00e7\u00f5es de varejo!\" \/>\n<meta name=\"robots\" content=\"index, follow, max-snippet:-1, max-image-preview:large, max-video-preview:-1\" \/>\n<link rel=\"canonical\" href=\"https:\/\/www.suno.com.br\/noticias\/colunas\/alan-gandelman\/acoes-de-varejo-por-que-nao-param-de-cair\/\" \/>\n<meta property=\"og:locale\" content=\"pt_BR\" \/>\n<meta property=\"og:type\" content=\"article\" \/>\n<meta property=\"og:title\" content=\"A\u00e7\u00f5es de varejo: por que n\u00e3o param de cair - Suno Not\u00edcias\" \/>\n<meta property=\"og:description\" content=\"Juros come\u00e7aram a subir e a infla\u00e7\u00e3o basicamente de custo (e n\u00e3o de demanda) veio com for\u00e7a total\u2026 Cen\u00e1rio alterado para as a\u00e7\u00f5es de varejo!\" \/>\n<meta property=\"og:url\" content=\"https:\/\/www.suno.com.br\/noticias\/colunas\/alan-gandelman\/acoes-de-varejo-por-que-nao-param-de-cair\/\" \/>\n<meta property=\"og:site_name\" content=\"Suno Not\u00edcias\" \/>\n<meta property=\"article:publisher\" content=\"https:\/\/facebook.com\/sunoresearch\" \/>\n<meta property=\"og:image\" content=\"https:\/\/files.sunoresearch.com.br\/n\/uploads\/2022\/06\/Modelo2.jpg\" \/>\n\t<meta property=\"og:image:width\" content=\"1200\" \/>\n\t<meta property=\"og:image:height\" content=\"627\" \/>\n\t<meta property=\"og:image:type\" content=\"image\/jpeg\" \/>\n<meta name=\"twitter:card\" content=\"summary_large_image\" \/>\n<meta name=\"twitter:site\" content=\"@sunoresearch\" \/>\n<meta name=\"twitter:label1\" content=\"Est. tempo de leitura\" \/>\n\t<meta name=\"twitter:data1\" content=\"2 minutos\" \/>\n<script type=\"application\/ld+json\" class=\"yoast-schema-graph\">{\"@context\":\"https:\/\/schema.org\",\"@graph\":[{\"@type\":\"Article\",\"@id\":\"https:\/\/www.suno.com.br\/noticias\/colunas\/alan-gandelman\/acoes-de-varejo-por-que-nao-param-de-cair\/#article\",\"isPartOf\":{\"@id\":\"https:\/\/www.suno.com.br\/noticias\/colunas\/alan-gandelman\/acoes-de-varejo-por-que-nao-param-de-cair\/\"},\"author\":{\"name\":\"Alan Gandelman\",\"@id\":\"https:\/\/www.suno.com.br\/noticias\/#\/schema\/person\/316fb6ba899e8c2812694e5b0b32e316\"},\"headline\":\"A\u00e7\u00f5es de varejo: por que n\u00e3o param de cair\",\"datePublished\":\"2021-12-09T11:00:29+00:00\",\"mainEntityOfPage\":{\"@id\":\"https:\/\/www.suno.com.br\/noticias\/colunas\/alan-gandelman\/acoes-de-varejo-por-que-nao-param-de-cair\/\"},\"wordCount\":402,\"publisher\":{\"@id\":\"https:\/\/www.suno.com.br\/noticias\/#organization\"},\"keywords\":[\"Amazon (AMZO34)\",\"B3 (B3SA3)\",\"Black Friday\",\"Ibovespa\",\"Magazine Luiza (MGLU3)\",\"Taxa Selic\",\"Via Varejo (VVAR3)\"],\"inLanguage\":\"pt-BR\"},{\"@type\":\"WebPage\",\"@id\":\"https:\/\/www.suno.com.br\/noticias\/colunas\/alan-gandelman\/acoes-de-varejo-por-que-nao-param-de-cair\/\",\"url\":\"https:\/\/www.suno.com.br\/noticias\/colunas\/alan-gandelman\/acoes-de-varejo-por-que-nao-param-de-cair\/\",\"name\":\"A\u00e7\u00f5es de varejo: por que n\u00e3o param de cair - Suno Not\u00edcias\",\"isPartOf\":{\"@id\":\"https:\/\/www.suno.com.br\/noticias\/#website\"},\"datePublished\":\"2021-12-09T11:00:29+00:00\",\"description\":\"Juros come\u00e7aram a subir e a infla\u00e7\u00e3o basicamente de custo (e n\u00e3o de demanda) veio com for\u00e7a total\u2026 Cen\u00e1rio alterado para as a\u00e7\u00f5es de varejo!\",\"breadcrumb\":{\"@id\":\"https:\/\/www.suno.com.br\/noticias\/colunas\/alan-gandelman\/acoes-de-varejo-por-que-nao-param-de-cair\/#breadcrumb\"},\"inLanguage\":\"pt-BR\",\"potentialAction\":[{\"@type\":\"ReadAction\",\"target\":[\"https:\/\/www.suno.com.br\/noticias\/colunas\/alan-gandelman\/acoes-de-varejo-por-que-nao-param-de-cair\/\"]}]},{\"@type\":\"BreadcrumbList\",\"@id\":\"https:\/\/www.suno.com.br\/noticias\/colunas\/alan-gandelman\/acoes-de-varejo-por-que-nao-param-de-cair\/#breadcrumb\",\"itemListElement\":[{\"@type\":\"ListItem\",\"position\":1,\"name\":\"Not\u00edcias\",\"item\":\"https:\/\/www.suno.com.br\/noticias\/\"},{\"@type\":\"ListItem\",\"position\":2,\"name\":\"Colunas\",\"item\":\"https:\/\/www.suno.com.br\/noticias\/colunas\/\"},{\"@type\":\"ListItem\",\"position\":3,\"name\":\"A\u00e7\u00f5es de varejo: por que n\u00e3o param de cair\"}]},{\"@type\":\"WebSite\",\"@id\":\"https:\/\/www.suno.com.br\/noticias\/#website\",\"url\":\"https:\/\/www.suno.com.br\/noticias\/\",\"name\":\"Suno Not\u00edcias\",\"description\":\"Seu portal de informa\u00e7\u00e3o sobre o mundo dos investimentos\",\"publisher\":{\"@id\":\"https:\/\/www.suno.com.br\/noticias\/#organization\"},\"potentialAction\":[{\"@type\":\"SearchAction\",\"target\":{\"@type\":\"EntryPoint\",\"urlTemplate\":\"https:\/\/www.suno.com.br\/noticias\/?s={search_term_string}\"},\"query-input\":{\"@type\":\"PropertyValueSpecification\",\"valueRequired\":true,\"valueName\":\"search_term_string\"}}],\"inLanguage\":\"pt-BR\"},{\"@type\":\"Organization\",\"@id\":\"https:\/\/www.suno.com.br\/noticias\/#organization\",\"name\":\"Suno Not\u00edcias\",\"url\":\"https:\/\/www.suno.com.br\/noticias\/\",\"logo\":{\"@type\":\"ImageObject\",\"inLanguage\":\"pt-BR\",\"@id\":\"https:\/\/www.suno.com.br\/noticias\/#\/schema\/logo\/image\/\",\"url\":\"https:\/\/files.sunoresearch.com.br\/n\/uploads\/2021\/09\/suno-logo.png\",\"contentUrl\":\"https:\/\/files.sunoresearch.com.br\/n\/uploads\/2021\/09\/suno-logo.png\",\"width\":180,\"height\":180,\"caption\":\"Suno Not\u00edcias\"},\"image\":{\"@id\":\"https:\/\/www.suno.com.br\/noticias\/#\/schema\/logo\/image\/\"},\"sameAs\":[\"https:\/\/facebook.com\/sunoresearch\",\"https:\/\/x.com\/sunoresearch\",\"https:\/\/www.instagram.com\/suno\",\"https:\/\/www.linkedin.com\/company\/suno-research\/\",\"https:\/\/www.youtube.com\/c\/sunoresearch\"]},{\"@type\":\"Person\",\"@id\":\"https:\/\/www.suno.com.br\/noticias\/#\/schema\/person\/316fb6ba899e8c2812694e5b0b32e316\",\"name\":\"Alan Gandelman\",\"image\":{\"@type\":\"ImageObject\",\"inLanguage\":\"pt-BR\",\"@id\":\"https:\/\/www.suno.com.br\/noticias\/#\/schema\/person\/image\/\",\"url\":\"https:\/\/secure.gravatar.com\/avatar\/f6092ed573a488cd4b712f95b9293f9c?s=96&r=g\",\"contentUrl\":\"https:\/\/secure.gravatar.com\/avatar\/f6092ed573a488cd4b712f95b9293f9c?s=96&r=g\",\"caption\":\"Alan Gandelman\"},\"description\":\"Trabalhou no exterior em bancos como Goldman Sachs e Bear Sterns. Foi s\u00f3cio da Agora corretora, fundou e foi CEO da Icap no Brasil, Vice presidente da BGC em Dubai para mercados emergentes e hoje \u00e9 Vice Presidente do grupo Planner e CEO da corretora.\",\"url\":\"https:\/\/www.suno.com.br\/noticias\/author\/alan-gandelman\/\"}]}<\/script>\n<!-- \/ Yoast SEO plugin. -->","yoast_head_json":{"title":"A\u00e7\u00f5es de varejo: por que n\u00e3o param de cair - Suno Not\u00edcias","description":"Juros come\u00e7aram a subir e a infla\u00e7\u00e3o basicamente de custo (e n\u00e3o de demanda) veio com for\u00e7a total\u2026 Cen\u00e1rio alterado para as a\u00e7\u00f5es de varejo!","robots":{"index":"index","follow":"follow","max-snippet":"max-snippet:-1","max-image-preview":"max-image-preview:large","max-video-preview":"max-video-preview:-1"},"canonical":"https:\/\/www.suno.com.br\/noticias\/colunas\/alan-gandelman\/acoes-de-varejo-por-que-nao-param-de-cair\/","og_locale":"pt_BR","og_type":"article","og_title":"A\u00e7\u00f5es de varejo: por que n\u00e3o param de cair - Suno Not\u00edcias","og_description":"Juros come\u00e7aram a subir e a infla\u00e7\u00e3o basicamente de custo (e n\u00e3o de demanda) veio com for\u00e7a total\u2026 Cen\u00e1rio alterado para as a\u00e7\u00f5es de varejo!","og_url":"https:\/\/www.suno.com.br\/noticias\/colunas\/alan-gandelman\/acoes-de-varejo-por-que-nao-param-de-cair\/","og_site_name":"Suno Not\u00edcias","article_publisher":"https:\/\/facebook.com\/sunoresearch","og_image":[{"width":1200,"height":627,"url":"https:\/\/files.sunoresearch.com.br\/n\/uploads\/2022\/06\/Modelo2.jpg","type":"image\/jpeg"}],"twitter_card":"summary_large_image","twitter_site":"@sunoresearch","twitter_misc":{"Est. tempo de leitura":"2 minutos"},"schema":{"@context":"https:\/\/schema.org","@graph":[{"@type":"Article","@id":"https:\/\/www.suno.com.br\/noticias\/colunas\/alan-gandelman\/acoes-de-varejo-por-que-nao-param-de-cair\/#article","isPartOf":{"@id":"https:\/\/www.suno.com.br\/noticias\/colunas\/alan-gandelman\/acoes-de-varejo-por-que-nao-param-de-cair\/"},"author":{"name":"Alan Gandelman","@id":"https:\/\/www.suno.com.br\/noticias\/#\/schema\/person\/316fb6ba899e8c2812694e5b0b32e316"},"headline":"A\u00e7\u00f5es de varejo: por que n\u00e3o param de cair","datePublished":"2021-12-09T11:00:29+00:00","mainEntityOfPage":{"@id":"https:\/\/www.suno.com.br\/noticias\/colunas\/alan-gandelman\/acoes-de-varejo-por-que-nao-param-de-cair\/"},"wordCount":402,"publisher":{"@id":"https:\/\/www.suno.com.br\/noticias\/#organization"},"keywords":["Amazon (AMZO34)","B3 (B3SA3)","Black Friday","Ibovespa","Magazine Luiza (MGLU3)","Taxa Selic","Via Varejo (VVAR3)"],"inLanguage":"pt-BR"},{"@type":"WebPage","@id":"https:\/\/www.suno.com.br\/noticias\/colunas\/alan-gandelman\/acoes-de-varejo-por-que-nao-param-de-cair\/","url":"https:\/\/www.suno.com.br\/noticias\/colunas\/alan-gandelman\/acoes-de-varejo-por-que-nao-param-de-cair\/","name":"A\u00e7\u00f5es de varejo: por que n\u00e3o param de cair - Suno Not\u00edcias","isPartOf":{"@id":"https:\/\/www.suno.com.br\/noticias\/#website"},"datePublished":"2021-12-09T11:00:29+00:00","description":"Juros come\u00e7aram a subir e a infla\u00e7\u00e3o basicamente de custo (e n\u00e3o de demanda) veio com for\u00e7a total\u2026 Cen\u00e1rio alterado para as a\u00e7\u00f5es de varejo!","breadcrumb":{"@id":"https:\/\/www.suno.com.br\/noticias\/colunas\/alan-gandelman\/acoes-de-varejo-por-que-nao-param-de-cair\/#breadcrumb"},"inLanguage":"pt-BR","potentialAction":[{"@type":"ReadAction","target":["https:\/\/www.suno.com.br\/noticias\/colunas\/alan-gandelman\/acoes-de-varejo-por-que-nao-param-de-cair\/"]}]},{"@type":"BreadcrumbList","@id":"https:\/\/www.suno.com.br\/noticias\/colunas\/alan-gandelman\/acoes-de-varejo-por-que-nao-param-de-cair\/#breadcrumb","itemListElement":[{"@type":"ListItem","position":1,"name":"Not\u00edcias","item":"https:\/\/www.suno.com.br\/noticias\/"},{"@type":"ListItem","position":2,"name":"Colunas","item":"https:\/\/www.suno.com.br\/noticias\/colunas\/"},{"@type":"ListItem","position":3,"name":"A\u00e7\u00f5es de varejo: por que n\u00e3o param de cair"}]},{"@type":"WebSite","@id":"https:\/\/www.suno.com.br\/noticias\/#website","url":"https:\/\/www.suno.com.br\/noticias\/","name":"Suno Not\u00edcias","description":"Seu portal de informa\u00e7\u00e3o sobre o mundo dos investimentos","publisher":{"@id":"https:\/\/www.suno.com.br\/noticias\/#organization"},"potentialAction":[{"@type":"SearchAction","target":{"@type":"EntryPoint","urlTemplate":"https:\/\/www.suno.com.br\/noticias\/?s={search_term_string}"},"query-input":{"@type":"PropertyValueSpecification","valueRequired":true,"valueName":"search_term_string"}}],"inLanguage":"pt-BR"},{"@type":"Organization","@id":"https:\/\/www.suno.com.br\/noticias\/#organization","name":"Suno Not\u00edcias","url":"https:\/\/www.suno.com.br\/noticias\/","logo":{"@type":"ImageObject","inLanguage":"pt-BR","@id":"https:\/\/www.suno.com.br\/noticias\/#\/schema\/logo\/image\/","url":"https:\/\/files.sunoresearch.com.br\/n\/uploads\/2021\/09\/suno-logo.png","contentUrl":"https:\/\/files.sunoresearch.com.br\/n\/uploads\/2021\/09\/suno-logo.png","width":180,"height":180,"caption":"Suno Not\u00edcias"},"image":{"@id":"https:\/\/www.suno.com.br\/noticias\/#\/schema\/logo\/image\/"},"sameAs":["https:\/\/facebook.com\/sunoresearch","https:\/\/x.com\/sunoresearch","https:\/\/www.instagram.com\/suno","https:\/\/www.linkedin.com\/company\/suno-research\/","https:\/\/www.youtube.com\/c\/sunoresearch"]},{"@type":"Person","@id":"https:\/\/www.suno.com.br\/noticias\/#\/schema\/person\/316fb6ba899e8c2812694e5b0b32e316","name":"Alan Gandelman","image":{"@type":"ImageObject","inLanguage":"pt-BR","@id":"https:\/\/www.suno.com.br\/noticias\/#\/schema\/person\/image\/","url":"https:\/\/secure.gravatar.com\/avatar\/f6092ed573a488cd4b712f95b9293f9c?s=96&r=g","contentUrl":"https:\/\/secure.gravatar.com\/avatar\/f6092ed573a488cd4b712f95b9293f9c?s=96&r=g","caption":"Alan Gandelman"},"description":"Trabalhou no exterior em bancos como Goldman Sachs e Bear Sterns. Foi s\u00f3cio da Agora corretora, fundou e foi CEO da Icap no Brasil, Vice presidente da BGC em Dubai para mercados emergentes e hoje \u00e9 Vice Presidente do grupo Planner e CEO da corretora.","url":"https:\/\/www.suno.com.br\/noticias\/author\/alan-gandelman\/"}]}},"amp_enabled":true,"_links":{"self":[{"href":"https:\/\/www.suno.com.br\/noticias\/wp-json\/wp\/v2\/suno_column\/213234"}],"collection":[{"href":"https:\/\/www.suno.com.br\/noticias\/wp-json\/wp\/v2\/suno_column"}],"about":[{"href":"https:\/\/www.suno.com.br\/noticias\/wp-json\/wp\/v2\/types\/suno_column"}],"author":[{"embeddable":true,"href":"https:\/\/www.suno.com.br\/noticias\/wp-json\/wp\/v2\/users\/133"}],"wp:attachment":[{"href":"https:\/\/www.suno.com.br\/noticias\/wp-json\/wp\/v2\/media?parent=213234"}],"wp:term":[{"taxonomy":"post_tag","embeddable":true,"href":"https:\/\/www.suno.com.br\/noticias\/wp-json\/wp\/v2\/tags?post=213234"}],"curies":[{"name":"wp","href":"https:\/\/api.w.org\/{rel}","templated":true}]}}