{"id":212173,"date":"2021-12-06T09:23:56","date_gmt":"2021-12-06T12:23:56","guid":{"rendered":"https:\/\/www.suno.com.br\/noticias\/colunas\/felipe-areia\/\/"},"modified":"2021-12-06T09:23:56","modified_gmt":"2021-12-06T12:23:56","slug":"semana-dominada-pela-omicron-nova-variante-da-covid","status":"publish","type":"suno_column","link":"https:\/\/www.suno.com.br\/noticias\/colunas\/julio-hegedus-netto\/semana-dominada-pela-omicron-nova-variante-da-covid\/","title":{"rendered":"Semana dominada pela \u00d4micron, nova variante da covid"},"content":{"rendered":"<p>A nova cepa \u00d4micron deve direcionar o humor dos mercados nesta semana. As primeiras impress\u00f5es s\u00e3o de que esta \u00e9 mais transmiss\u00edvel do que as anteriores, \u201cescapa\u201d um pouco das vacinas, mas muitos a consideram mais \u201cleve\u201d. Aguardemos os pr\u00f3ximos dias para uma opini\u00e3o mais balizada.<\/p>\n<p>Em paralelo, nos EUA espera-se um Fed se mais agressivo no <strong>combate \u00e0 infla\u00e7\u00e3o<\/strong>, j\u00e1 considerando uma antecipa\u00e7\u00e3o no fim do ciclo de retirada de est\u00edmulos, pelo tapering, e o in\u00edcio da eleva\u00e7\u00e3o do juro mais cedo.<\/p>\n<p>Na agenda, o Reino Unido deve divulgar os dados do PIB do terceiro trimestre, antes da reuni\u00e3o do Bank of England (BoE). No Brasil, <strong>toda aten\u00e7\u00e3o para a \u00faltima reuni\u00e3o do Copom no ano,<\/strong> por enquanto, em consenso, uma<strong> eleva\u00e7\u00e3o da Selic<\/strong> em 1,5 ponto percentual, a 9,25%. Espera-se, depois, mais uma (ou duas), para a taxa estar em torno de 11% a 11,5% em mar\u00e7o do ano que vem. O horizonte de pol\u00edtica monet\u00e1ria deve se ampliar \u00e0 2023 e 2024 (al\u00e9m de 2022).<\/p>\n<p>Na geopol\u00edtica global, preocupam as tens\u00f5es crescentes de que a R\u00fassia possa invadir a Ucr\u00e2nia, na entrada de 2022, e tamb\u00e9m o \u201cestresse\u201d entre China e Taiwan.<\/p>\n<h3><strong>Sobre esta nova variante<\/strong><\/h3>\n<p>Segue se alastrando a nova variante \u00d4micron pelo mundo, havendo d\u00favidas, no entanto, sobre sua gravidade, se mais infecciosa do que outras cepas, e se as vacinas proporcionam prote\u00e7\u00e3o. Mais algumas semanas s\u00e3o necess\u00e1rias.<\/p>\n<p>O fato \u00e9 que esta variante parece se alastrar mais rapidamente do que as outras. Segundo um estudo preliminar na \u00c1frica do Sul, a<strong> taxa de reinfec\u00e7\u00e3o<\/strong> \u00e9 tr\u00eas vezes mais agressiva do que a variante Delta. Al\u00e9m disso, esta cepa tem maior capacidade de infectar pessoas que j\u00e1 tiveram Covid-19. Importante destacar o inverno no Hemisf\u00e9rio Norte como um agravante. Por outro lado, embora \u201cescape\u201d das vacinas, ao que parece, a cepa n\u00e3o deve provocar casos graves.<\/p>\n<p>O FMI deve revisar suas previs\u00f5es de crescimento da economia global para este ano e o pr\u00f3ximo.<\/p>\n<h3>Nos EUA<\/h3>\n<p>Semana de PPI e CPI de novembro, a serem divulgados na quinta e sexta-feira, respectivamente. Em outubro, o <a href=\"https:\/\/www.suno.com.br\/noticias\/fed-ve-necessidade-acelerar-tapering\/\">CPI registrou 6,2% pela taxa anualizada<\/a>, maior em 30 anos, reflexo da crise nas v\u00e1rias cadeias produtivas globais. Faltam variados insumos nos setores da economia, o que gera uma press\u00e3o de alta nos custos e pre\u00e7os finais das empresas. Para novembro, pela taxa anual, as previs\u00f5es de CPI apontam 6,7%.<\/p>\n<p>Nos bastidores, o que se tem \u00e9 que ao final deste m\u00eas, na reuni\u00e3o do FOMC, o debate deve girar em torno do <a href=\"https:\/\/www.suno.com.br\/noticias\/fed-inicio-tapering-novembro\/\">ciclo de tapering, a ser apressado, e a taxa Fed Funds a ser elevada<\/a>. Dizem que a redu\u00e7\u00e3o dos est\u00edmulos deve ser acelerada a partir de janeiro, ir at\u00e9 mar\u00e7o, quando teremos o in\u00edcio do ciclo de juro. A precifica\u00e7\u00e3o desta taxa de juros varia entre 0,25 ponto percentual nas reuni\u00f5es do FOMC de mar\u00e7o e de junho e 0,50 ponto percentual em novembro ou dezembro.<\/p>\n<p>No relat\u00f3rio Payroll de emprego de novembro, na sexta-feira, o <a href=\"https:\/\/www.suno.com.br\/noticias\/payroll-eua-empregos-dados-numero-mercado\/\">menor crescimento na gera\u00e7\u00e3o de vagas<\/a>, nada deve alterar sobre esta estrat\u00e9gia do Fed.<\/p>\n<p>Foram 210 mil empregos gerados, com a taxa de desemprego a 4,2%, contra 4,6% em outubro, menor n\u00edvel desde fevereiro de 2020, al\u00e9m de incremento nos sal\u00e1rios. Esperavam-se mais 510 mil vagas, contra 531 mil em outubro.<\/p>\n<h3>No Brasil<\/h3>\n<p>Numa semana pesada de negocia\u00e7\u00f5es em torno da PEC dos precat\u00f3rios, mais impasses nos esperam.<\/p>\n<p>Agora, a <a href=\"https:\/\/www.suno.com.br\/noticias\/senado-aprova-pec-dos-precatorios\/\">PEC deve retornar \u00e0 C\u00e2mara<\/a>, devido ao Senado ter alterado as principais medidas. A d\u00favida \u00e9 saber se deve haver um parcelamento, com as medidas a serem alteradas separadas das consensuais. Mesmo assim, o prazo das que devem ser alteradas \u00e9 bem apertado, lembrando que devem passar de novo pela CCJ, atravessar dez sess\u00f5es, passar por dois turnos em plen\u00e1rio, etc. Com isso, inevit\u00e1vel que estas altera\u00e7\u00f5es fiquem para o ano que vem.<\/p>\n<p>Nesta semana, tamb\u00e9m, a <a href=\"https:\/\/www.suno.com.br\/noticias\/copom-define-taxa-basica-de-juros-nesta-semana\/\">reuni\u00e3o do Copom, com a infla\u00e7\u00e3o no centro das aten\u00e7\u00f5es<\/a>. Vejamos o que sai da pesquisa Focus. Na ter\u00e7a-feira, temos o IGP-DI de novembro, na quarta-feira os dados de varejo (PMC) e o fluxo cambial e na sexta-feira o IPCA. Em outubro fechou com a taxa anualizada a 10,89%. Na reuni\u00e3o do Copom da semana, parece consenso a eleva\u00e7\u00e3o de 1,5 ponto percentual, a 9,25%.<\/p>\n<h3>Na Zona do Euro<\/h3>\n<p>Segundo Christine Lagarde, presidente do BCE, \u201ca infla\u00e7\u00e3o \u00e9 uma preocupa\u00e7\u00e3o para muitos cidad\u00e3os da \u00e1rea do euro no momento, mas estamos confiantes que deve perder for\u00e7a em 2022\u201d. Disse que n\u00e3o sabe a extens\u00e3o da \u00d4micron e acrescentou que o BCE precisa orientar os mercados da regi\u00e3o.<\/p>\n<p>Sua expectativa \u00e9 de que os pre\u00e7os da energia cedam em 2022. Por l\u00e1, a expectativa \u00e9 de que os est\u00edmulos monet\u00e1rios (PEPP) cessem em mar\u00e7o. No entanto, pouco prov\u00e1vel que haja eleva\u00e7\u00e3o de juro em 2022.<\/p>\n<p>Os estoques de g\u00e1s natural na Europa se mantem em patamares preocupantes. A R\u00fassia vem escoando sua produ\u00e7\u00e3o excedente para a regi\u00e3o, mas em ritmo muito lento e err\u00e1tico, o que vem gerando certa volatilidade nos pre\u00e7os do g\u00e1s natural (ver ao fim).<\/p>\n<figure id=\"attachment_212178\" aria-describedby=\"caption-attachment-212178\" style=\"width: 419px\" class=\"wp-caption alignnone\"><img loading=\"lazy\" decoding=\"async\" class=\"size-full wp-image-212178\" src=\"https:\/\/files.sunoresearch.com.br\/n\/uploads\/2021\/12\/Imagem1.png\" alt=\"Estoque de g\u00e1s natural na Europa\" width=\"419\" height=\"245\" srcset=\"https:\/\/files.sunoresearch.com.br\/n\/uploads\/2021\/12\/Imagem1.png 419w, https:\/\/files.sunoresearch.com.br\/n\/uploads\/2021\/12\/Imagem1-300x175.png 300w, https:\/\/files.sunoresearch.com.br\/n\/uploads\/2021\/12\/Imagem1-150x88.png 150w\" sizes=\"(max-width: 419px) 100vw, 419px\" \/><figcaption id=\"caption-attachment-212178\" class=\"wp-caption-text\">Estoque de g\u00e1s natural na Europa<\/figcaption><\/figure>\n<h3>No Reino Unido<\/h3>\n<p>Sai o PIB do terceiro trimestre na sexta-feira, na expectativa de se manter est\u00e1vel, com os trabalhadores retornando lentamente e as vendas do varejo consistentes. Estes dados seriam suficientes para o Bank of England elevar a taxa de juros, primeira alta desde a pandemia. Por outro lado, a nova cepa DEVE fazer o Banco Central ingl\u00eas adiar esta eleva\u00e7\u00e3o do juro at\u00e9 o in\u00edcio de 2022.<\/p>\n<p>O diretor Saunders, mais hawkish, considera esta eleva\u00e7\u00e3o mais limitada, dado que o n\u00edvel neutro de juro permanece baixo.<\/p>\n<p>Sobre a nova cepa \u00d4micron, nos n\u00fameros, os casos confirmados foram a 246 neste fim de semana.<\/p>\n<h3>Criptomoedas<\/h3>\n<p>N\u00e3o me sinto muito \u00e0 vontade para analisar esta moeda alternativa, por considera-la pouco confi\u00e1vel, sem lastro, ou sem fatos geradores, mas chama aten\u00e7\u00e3o a forte queda neste fim de semana. O Bitcoin, por exemplo, uma das mais l\u00edquidas num universo de mais de 1,6 mil existentes, \u201c<a href=\"https:\/\/www.suno.com.br\/noticias\/bitcoin-ethereum-criptos-criptomoeda\/\">derreteu\u201d neste fim de semana a 41.500, na m\u00ednima<\/a>, se recuperando um pouco depois (estava em torno de 60 mil). N\u00e3o se sabe o motivo (ali\u00e1s, este como um dos cisnes negros deste mercado), mas ao que parece, s\u00e3o os boatos de tentativas dos bancos centrais de \u201cregularem\u201d estes mercados, tentar controla-los, ou monitor\u00e1-los mais de perto.<\/p>\n<figure id=\"attachment_212180\" aria-describedby=\"caption-attachment-212180\" style=\"width: 455px\" class=\"wp-caption alignnone\"><img loading=\"lazy\" decoding=\"async\" class=\"size-full wp-image-212180\" src=\"https:\/\/files.sunoresearch.com.br\/n\/uploads\/2021\/12\/Imagem2.jpg\" alt=\"Pre\u00e7o do Bitcoin em D\u00f3lar (BTCUSD)\" width=\"455\" height=\"247\" srcset=\"https:\/\/files.sunoresearch.com.br\/n\/uploads\/2021\/12\/Imagem2.jpg 455w, https:\/\/files.sunoresearch.com.br\/n\/uploads\/2021\/12\/Imagem2-300x163.jpg 300w, https:\/\/files.sunoresearch.com.br\/n\/uploads\/2021\/12\/Imagem2-150x81.jpg 150w\" sizes=\"(max-width: 455px) 100vw, 455px\" \/><figcaption id=\"caption-attachment-212180\" class=\"wp-caption-text\">Pre\u00e7o do Bitcoin em D\u00f3lar (BTCUSD)<\/figcaption><\/figure>\n<h3>INDICADORES<\/h3>\n<h3>No Brasil<\/h3>\n<p>Pelo IBGE, a produ\u00e7\u00e3o industrial de outubro recuou 0,5% contra setembro, aqu\u00e9m das expectativas do mercado (+0,6%). Trata-se do quinto resultado negativo consecutivo, o que leva a perda acumulada do setor nesse intervalo a 3,7%. A produ\u00e7\u00e3o industrial est\u00e1 4,1% abaixo do patamar de fevereiro de 2020. Mesmo com o resultado negativo dos \u00faltimos cinco meses, a ind\u00fastria acumula altas de 5,7% no ano e 5,7% em doze meses. O maior destaque negativo da pesquisa foi o setor de bens dur\u00e1veis, que caiu quase 28% sobre outubro do ano passado.<\/p>\n<p>J\u00e1 a produtividade da ind\u00fastria recuou 1,3% no terceiro trimestre do ano, na compara\u00e7\u00e3o com o trimestre anterior, na s\u00e9rie livre de efeitos sazonais, segundo a CNI. Medida como o volume produzido dividido pelas horas trabalhadas na produ\u00e7\u00e3o, a produtividade retorna assim ao patamar mais baixo da s\u00e9rie desde o in\u00edcio da pandemia da Covid-19. Na mesma compara\u00e7\u00e3o entre os trimestres, o volume produzido caiu 1,9%, enquanto as horas trabalhadas tiveram recuo menor, de 0,6%.<\/p>\n<p>PMI Composto caiu a 52,0 em novembro, contra 53,4 em outubro.<\/p>\n<p>PMI de servi\u00e7os caiu a 53,6 em novembro, contra 54,9 em outubro.<\/p>\n<p><strong>Nos EUA<\/strong><\/p>\n<p>Encomendas \u00e0 ind\u00fastria subiram 1,0% em outubro contra setembro, diante da previs\u00e3o de +0,5%.<\/p>\n<p>ISM, no setor n\u00e3o manufatureiro de emprego, subiu a 56,5 em novembro, contra 51,6 em outubro. J\u00e1 a atividade empresarial neste mesmo indicador subiu a 74,6 em novembro, contra 69,8 em outubro.<\/p>\n<p>O PMI ISM n\u00e3o manufatura subiu a 69,1 em novembro, contra 66,7 em outubro.<\/p>\n<p><strong>MERCADOS<\/strong><\/p>\n<p>Os futuros dos EUA e da Europa operavam em alta, diante das not\u00edcias de que a variante \u00d4micron \u00e9 mais leve do que o imaginado. Na \u00c1sia, os mercados operaram mistos, com Jap\u00e3o e Austr\u00e1lia \u201cflutuando\u201d e Cor\u00e9ia do Sul e China em queda.<\/p>\n<p>Na sexta-feira (dia 03), <a href=\"https:\/\/www.suno.com.br\/noticias\/ibovespa-hoje-03122021\/\">o Ibovespa fechou em maior alta, desde maio do ano passado, avan\u00e7ando 3,66%<\/a>, a 104.466 pontos, no mercado cambial, o d\u00f3lar em queda de 0,21%, a R$ 5,659.<\/p>\n<p>Na madrugada do dia 06\/12, na Europa (05h12), os mercados futuros operavam em ALTA: DAX (Alemanha) +0,76%, a 15.285 pontos; FTSE 100 (Reino Unido), +0,68%, a 7.170 pontos; CAC 40 +0,56%, a 6.803 pontos, e EuroStoxx50 +0,55%, a 4.102 pontos.<\/p>\n<p>Na madrugada do dia 06\/12, na \u00c1sia (05h11), os mercados operaram MISTOS: S&amp;P\/ASX (Austr\u00e1lia), +0,05%, a 7.245 pontos; Nikkei (Jap\u00e3o) -0,36%, a 27.927 pontos; KOSPI (Cor\u00e9ia), +0,17%, a 2.973 pontos; Shanghai -0,50%, a 3.589, e Hang Seng, -1,82%, a 23.334 pontos.<\/p>\n<p>No futuro nos EUA, as bolsas de NY, NO MERCADO FUTURO, operavam em ALTA neste dia 06\/12 (05h10): Dow Jones, +0,64%, 34.786 pontos; S&amp;P500 +0,48%, 4.559 pontos, e Nasdaq +0,41%, a 15.777 pontos. No VIX S&amp;P500, 27,60 pontos, -3,93%.<\/p>\n<figure id=\"attachment_212182\" aria-describedby=\"caption-attachment-212182\" style=\"width: 437px\" class=\"wp-caption alignnone\"><img loading=\"lazy\" decoding=\"async\" class=\"size-full wp-image-212182\" src=\"https:\/\/files.sunoresearch.com.br\/n\/uploads\/2021\/12\/Imagem3.jpg\" alt=\"\u00cdndice de Volatilidade VIX\" width=\"437\" height=\"240\" srcset=\"https:\/\/files.sunoresearch.com.br\/n\/uploads\/2021\/12\/Imagem3.jpg 437w, https:\/\/files.sunoresearch.com.br\/n\/uploads\/2021\/12\/Imagem3-300x165.jpg 300w, https:\/\/files.sunoresearch.com.br\/n\/uploads\/2021\/12\/Imagem3-150x82.jpg 150w\" sizes=\"(max-width: 437px) 100vw, 437px\" \/><figcaption id=\"caption-attachment-212182\" class=\"wp-caption-text\">\u00cdndice de Volatilidade VIX<\/figcaption><\/figure>\n<p>No mercado de Treasuries, US 2Y AVAN\u00c7ANDO 5,45%, a 0,6232, US 10Y +3,04%, a 1,382, e US 30Y, +1,99%, a 1,708. No DXY, o d\u00f3lar +0,21%, a 96,312, e risco pa\u00eds, CDS 5 ANOS, a 236,2 pontos. Petr\u00f3leo WTI, a US$ 67,83 (+2,37%) e Petr\u00f3leo Brent US$ 71,40 (+2,18%). G\u00e1s Natural RECUANDO FORTE 9,00%, a US$ 3,76 e Min\u00e9rio de Ferro, 1,57%, a US$ 615,50.<\/p>\n<p>T BONDS DE 10 ANOS RECUANDO FORTE NA SEXTA-FEIRA<\/p>\n<figure id=\"attachment_212184\" aria-describedby=\"caption-attachment-212184\" style=\"width: 426px\" class=\"wp-caption alignnone\"><img loading=\"lazy\" decoding=\"async\" class=\"size-full wp-image-212184\" src=\"https:\/\/files.sunoresearch.com.br\/n\/uploads\/2021\/12\/Imagem4.jpg\" alt=\"T\u00edtulols de 10 anos dos EUA recuam fortemente\" width=\"426\" height=\"259\" srcset=\"https:\/\/files.sunoresearch.com.br\/n\/uploads\/2021\/12\/Imagem4.jpg 426w, https:\/\/files.sunoresearch.com.br\/n\/uploads\/2021\/12\/Imagem4-300x182.jpg 300w, https:\/\/files.sunoresearch.com.br\/n\/uploads\/2021\/12\/Imagem4-150x91.jpg 150w\" sizes=\"(max-width: 426px) 100vw, 426px\" \/><figcaption id=\"caption-attachment-212184\" class=\"wp-caption-text\">T\u00edtulols de 10 anos dos EUA recuam fortemente<\/figcaption><\/figure>\n<p>Na agenda da semana, segunda de dezembro, a Bolsa paulistana, de volta aos 105 mil pontos, deve volatilizar. Como destaque, a \u00faltima reuni\u00e3o do Copom do ano.<\/p>\n<p>Estejamos atentos \u00e0 PEC dos precat\u00f3rios. Depois de dois adiamentos, o texto foi aprovado no Senado com altera\u00e7\u00f5es e por isso precisa ser votado novamente na C\u00e2mara, em dois turnos. Esta ser\u00e1 uma semana crucial para definir, ao menos, a data em que a PEC ser\u00e1 votada, j\u00e1 que o in\u00edcio do recesso parlamentar se aproxima.<\/p>\n<p>Na sexta-feira (10), sai o IPCA, de novembro, que deve mostrar uma \u201cinfla\u00e7\u00e3o ainda elevada\u201d. Completando a agenda de indicadores brasileiros, tem as previs\u00f5es do IBGE para a safra agr\u00edcola de 2022, na quinta-feira; e a produ\u00e7\u00e3o de ve\u00edculos automotores em novembro, a ser divulgada pela Anfavea j\u00e1 na segunda-feira (6).<\/p>\n<h3>No exterior<\/h3>\n<p>Nos EUA, al\u00e9m dos indicadores semanais como estoques de petr\u00f3leo e pedidos de aux\u00edlio-desemprego, vejamos os \u00edndices de infla\u00e7\u00e3o ao consumidor (CPI, na sigla em ingl\u00eas), divulgados na sexta-feira. Aten\u00e7\u00e3o tamb\u00e9m para a reuni\u00e3o do BoE.<\/p>\n","protected":false},"excerpt":{"rendered":"<p>A nova cepa \u00d4micron deve direcionar o humor dos mercados nesta semana. As primeiras impress\u00f5es s\u00e3o de que esta \u00e9 mais transmiss\u00edvel do que as anteriores, \u201cescapa\u201d um p&#8230;<\/p>\n","protected":false},"author":82,"featured_media":0,"template":"","tags":[1104,5255],"class_list":["post-212173","suno_column","type-suno_column","status-publish","hentry","tag-copom","tag-covid-19"],"yoast_head":"<!-- This site is optimized with the Yoast SEO plugin v24.4 - https:\/\/yoast.com\/wordpress\/plugins\/seo\/ -->\n<title>Semana dominada pela \u00d4micron, nova variante da covid - Coluna de Julio Hegedus Netto<\/title>\n<meta name=\"description\" content=\"Leia a coluna de Julio Hegedus Netto com foco no Copom, IPCA e PEC dos Precat\u00f3rios na C\u00e2mara, al\u00e9m da reuni\u00e3o do Bank of England\" \/>\n<meta name=\"robots\" content=\"index, follow, max-snippet:-1, max-image-preview:large, max-video-preview:-1\" \/>\n<link rel=\"canonical\" href=\"https:\/\/www.suno.com.br\/noticias\/colunas\/julio-hegedus-netto\/semana-dominada-pela-omicron-nova-variante-da-covid\/\" \/>\n<meta property=\"og:locale\" content=\"pt_BR\" \/>\n<meta property=\"og:type\" content=\"article\" \/>\n<meta property=\"og:title\" content=\"Semana dominada pela \u00d4micron, nova variante da covid - Coluna de Julio Hegedus Netto\" \/>\n<meta property=\"og:description\" content=\"Leia a coluna de Julio Hegedus Netto com foco no Copom, IPCA e PEC dos Precat\u00f3rios na C\u00e2mara, al\u00e9m da reuni\u00e3o do Bank of England\" \/>\n<meta property=\"og:url\" content=\"https:\/\/www.suno.com.br\/noticias\/colunas\/julio-hegedus-netto\/semana-dominada-pela-omicron-nova-variante-da-covid\/\" \/>\n<meta property=\"og:site_name\" content=\"Suno Not\u00edcias\" \/>\n<meta property=\"article:publisher\" content=\"https:\/\/facebook.com\/sunoresearch\" \/>\n<meta property=\"og:image\" content=\"https:\/\/files.sunoresearch.com.br\/n\/uploads\/2021\/12\/Imagem1.png\" \/>\n<meta name=\"twitter:card\" content=\"summary_large_image\" \/>\n<meta name=\"twitter:site\" content=\"@sunoresearch\" \/>\n<meta name=\"twitter:label1\" content=\"Est. tempo de leitura\" \/>\n\t<meta name=\"twitter:data1\" content=\"9 minutos\" \/>\n<script type=\"application\/ld+json\" class=\"yoast-schema-graph\">{\"@context\":\"https:\/\/schema.org\",\"@graph\":[{\"@type\":\"Article\",\"@id\":\"https:\/\/www.suno.com.br\/noticias\/colunas\/julio-hegedus-netto\/semana-dominada-pela-omicron-nova-variante-da-covid\/#article\",\"isPartOf\":{\"@id\":\"https:\/\/www.suno.com.br\/noticias\/colunas\/julio-hegedus-netto\/semana-dominada-pela-omicron-nova-variante-da-covid\/\"},\"author\":{\"name\":\"Julio Hegedus Netto\",\"@id\":\"https:\/\/www.suno.com.br\/noticias\/#\/schema\/person\/c5d31719f2f2f38c8d575fc08e55df1a\"},\"headline\":\"Semana dominada pela \u00d4micron, nova variante da covid\",\"datePublished\":\"2021-12-06T12:23:56+00:00\",\"mainEntityOfPage\":{\"@id\":\"https:\/\/www.suno.com.br\/noticias\/colunas\/julio-hegedus-netto\/semana-dominada-pela-omicron-nova-variante-da-covid\/\"},\"wordCount\":1848,\"publisher\":{\"@id\":\"https:\/\/www.suno.com.br\/noticias\/#organization\"},\"image\":{\"@id\":\"https:\/\/www.suno.com.br\/noticias\/colunas\/julio-hegedus-netto\/semana-dominada-pela-omicron-nova-variante-da-covid\/#primaryimage\"},\"thumbnailUrl\":\"https:\/\/files.sunoresearch.com.br\/n\/uploads\/2021\/12\/Imagem1.png\",\"keywords\":[\"Copom\",\"covid-19\"],\"inLanguage\":\"pt-BR\"},{\"@type\":\"WebPage\",\"@id\":\"https:\/\/www.suno.com.br\/noticias\/colunas\/julio-hegedus-netto\/semana-dominada-pela-omicron-nova-variante-da-covid\/\",\"url\":\"https:\/\/www.suno.com.br\/noticias\/colunas\/julio-hegedus-netto\/semana-dominada-pela-omicron-nova-variante-da-covid\/\",\"name\":\"Semana dominada pela \u00d4micron, nova variante da covid - Coluna de Julio Hegedus Netto\",\"isPartOf\":{\"@id\":\"https:\/\/www.suno.com.br\/noticias\/#website\"},\"primaryImageOfPage\":{\"@id\":\"https:\/\/www.suno.com.br\/noticias\/colunas\/julio-hegedus-netto\/semana-dominada-pela-omicron-nova-variante-da-covid\/#primaryimage\"},\"image\":{\"@id\":\"https:\/\/www.suno.com.br\/noticias\/colunas\/julio-hegedus-netto\/semana-dominada-pela-omicron-nova-variante-da-covid\/#primaryimage\"},\"thumbnailUrl\":\"https:\/\/files.sunoresearch.com.br\/n\/uploads\/2021\/12\/Imagem1.png\",\"datePublished\":\"2021-12-06T12:23:56+00:00\",\"description\":\"Leia a coluna de Julio Hegedus Netto com foco no Copom, IPCA e PEC dos Precat\u00f3rios na C\u00e2mara, al\u00e9m da reuni\u00e3o do Bank of England\",\"breadcrumb\":{\"@id\":\"https:\/\/www.suno.com.br\/noticias\/colunas\/julio-hegedus-netto\/semana-dominada-pela-omicron-nova-variante-da-covid\/#breadcrumb\"},\"inLanguage\":\"pt-BR\",\"potentialAction\":[{\"@type\":\"ReadAction\",\"target\":[\"https:\/\/www.suno.com.br\/noticias\/colunas\/julio-hegedus-netto\/semana-dominada-pela-omicron-nova-variante-da-covid\/\"]}]},{\"@type\":\"ImageObject\",\"inLanguage\":\"pt-BR\",\"@id\":\"https:\/\/www.suno.com.br\/noticias\/colunas\/julio-hegedus-netto\/semana-dominada-pela-omicron-nova-variante-da-covid\/#primaryimage\",\"url\":\"https:\/\/files.sunoresearch.com.br\/n\/uploads\/2021\/12\/Imagem1.png\",\"contentUrl\":\"https:\/\/files.sunoresearch.com.br\/n\/uploads\/2021\/12\/Imagem1.png\"},{\"@type\":\"BreadcrumbList\",\"@id\":\"https:\/\/www.suno.com.br\/noticias\/colunas\/julio-hegedus-netto\/semana-dominada-pela-omicron-nova-variante-da-covid\/#breadcrumb\",\"itemListElement\":[{\"@type\":\"ListItem\",\"position\":1,\"name\":\"Not\u00edcias\",\"item\":\"https:\/\/www.suno.com.br\/noticias\/\"},{\"@type\":\"ListItem\",\"position\":2,\"name\":\"Colunas\",\"item\":\"https:\/\/www.suno.com.br\/noticias\/colunas\/\"},{\"@type\":\"ListItem\",\"position\":3,\"name\":\"Semana dominada pela \u00d4micron, nova variante da covid\"}]},{\"@type\":\"WebSite\",\"@id\":\"https:\/\/www.suno.com.br\/noticias\/#website\",\"url\":\"https:\/\/www.suno.com.br\/noticias\/\",\"name\":\"Suno Not\u00edcias\",\"description\":\"Seu portal de informa\u00e7\u00e3o sobre o mundo dos investimentos\",\"publisher\":{\"@id\":\"https:\/\/www.suno.com.br\/noticias\/#organization\"},\"potentialAction\":[{\"@type\":\"SearchAction\",\"target\":{\"@type\":\"EntryPoint\",\"urlTemplate\":\"https:\/\/www.suno.com.br\/noticias\/?s={search_term_string}\"},\"query-input\":{\"@type\":\"PropertyValueSpecification\",\"valueRequired\":true,\"valueName\":\"search_term_string\"}}],\"inLanguage\":\"pt-BR\"},{\"@type\":\"Organization\",\"@id\":\"https:\/\/www.suno.com.br\/noticias\/#organization\",\"name\":\"Suno Not\u00edcias\",\"url\":\"https:\/\/www.suno.com.br\/noticias\/\",\"logo\":{\"@type\":\"ImageObject\",\"inLanguage\":\"pt-BR\",\"@id\":\"https:\/\/www.suno.com.br\/noticias\/#\/schema\/logo\/image\/\",\"url\":\"https:\/\/files.sunoresearch.com.br\/n\/uploads\/2021\/09\/suno-logo.png\",\"contentUrl\":\"https:\/\/files.sunoresearch.com.br\/n\/uploads\/2021\/09\/suno-logo.png\",\"width\":180,\"height\":180,\"caption\":\"Suno Not\u00edcias\"},\"image\":{\"@id\":\"https:\/\/www.suno.com.br\/noticias\/#\/schema\/logo\/image\/\"},\"sameAs\":[\"https:\/\/facebook.com\/sunoresearch\",\"https:\/\/x.com\/sunoresearch\",\"https:\/\/www.instagram.com\/suno\",\"https:\/\/www.linkedin.com\/company\/suno-research\/\",\"https:\/\/www.youtube.com\/c\/sunoresearch\"]},{\"@type\":\"Person\",\"@id\":\"https:\/\/www.suno.com.br\/noticias\/#\/schema\/person\/c5d31719f2f2f38c8d575fc08e55df1a\",\"name\":\"Julio Hegedus Netto\",\"image\":{\"@type\":\"ImageObject\",\"inLanguage\":\"pt-BR\",\"@id\":\"https:\/\/www.suno.com.br\/noticias\/#\/schema\/person\/image\/\",\"url\":\"https:\/\/secure.gravatar.com\/avatar\/870043f332ebddfffd4a9e3a5dd46c13?s=96&r=g\",\"contentUrl\":\"https:\/\/secure.gravatar.com\/avatar\/870043f332ebddfffd4a9e3a5dd46c13?s=96&r=g\",\"caption\":\"Julio Hegedus Netto\"},\"description\":\"Economista-chefe da Lopes Filho por 26 anos, com mestrado na UFF e na UCAM e doutorando em Portugal. Escrevo relat\u00f3rios para a OHM RESEARCH e disponibilizo conte\u00fados no IML, Investing.com, Linkedin e Suno Not\u00edcias.\",\"sameAs\":[\"https:\/\/jhn031299.blogspot.com\/\",\"https:\/\/www.facebook.com\/julio.hegedus.5\",\"https:\/\/www.linkedin.com\/in\/juliohegedusnetto\/\",\"https:\/\/x.com\/JuHegedus\"],\"url\":\"https:\/\/www.suno.com.br\/noticias\/author\/julio-hegedus-netto\/\"}]}<\/script>\n<!-- \/ Yoast SEO plugin. -->","yoast_head_json":{"title":"Semana dominada pela \u00d4micron, nova variante da covid - Coluna de Julio Hegedus Netto","description":"Leia a coluna de Julio Hegedus Netto com foco no Copom, IPCA e PEC dos Precat\u00f3rios na C\u00e2mara, al\u00e9m da reuni\u00e3o do Bank of England","robots":{"index":"index","follow":"follow","max-snippet":"max-snippet:-1","max-image-preview":"max-image-preview:large","max-video-preview":"max-video-preview:-1"},"canonical":"https:\/\/www.suno.com.br\/noticias\/colunas\/julio-hegedus-netto\/semana-dominada-pela-omicron-nova-variante-da-covid\/","og_locale":"pt_BR","og_type":"article","og_title":"Semana dominada pela \u00d4micron, nova variante da covid - Coluna de Julio Hegedus Netto","og_description":"Leia a coluna de Julio Hegedus Netto com foco no Copom, IPCA e PEC dos Precat\u00f3rios na C\u00e2mara, al\u00e9m da reuni\u00e3o do Bank of England","og_url":"https:\/\/www.suno.com.br\/noticias\/colunas\/julio-hegedus-netto\/semana-dominada-pela-omicron-nova-variante-da-covid\/","og_site_name":"Suno Not\u00edcias","article_publisher":"https:\/\/facebook.com\/sunoresearch","og_image":[{"url":"https:\/\/files.sunoresearch.com.br\/n\/uploads\/2021\/12\/Imagem1.png","type":"","width":"","height":""}],"twitter_card":"summary_large_image","twitter_site":"@sunoresearch","twitter_misc":{"Est. tempo de leitura":"9 minutos"},"schema":{"@context":"https:\/\/schema.org","@graph":[{"@type":"Article","@id":"https:\/\/www.suno.com.br\/noticias\/colunas\/julio-hegedus-netto\/semana-dominada-pela-omicron-nova-variante-da-covid\/#article","isPartOf":{"@id":"https:\/\/www.suno.com.br\/noticias\/colunas\/julio-hegedus-netto\/semana-dominada-pela-omicron-nova-variante-da-covid\/"},"author":{"name":"Julio Hegedus Netto","@id":"https:\/\/www.suno.com.br\/noticias\/#\/schema\/person\/c5d31719f2f2f38c8d575fc08e55df1a"},"headline":"Semana dominada pela \u00d4micron, nova variante da covid","datePublished":"2021-12-06T12:23:56+00:00","mainEntityOfPage":{"@id":"https:\/\/www.suno.com.br\/noticias\/colunas\/julio-hegedus-netto\/semana-dominada-pela-omicron-nova-variante-da-covid\/"},"wordCount":1848,"publisher":{"@id":"https:\/\/www.suno.com.br\/noticias\/#organization"},"image":{"@id":"https:\/\/www.suno.com.br\/noticias\/colunas\/julio-hegedus-netto\/semana-dominada-pela-omicron-nova-variante-da-covid\/#primaryimage"},"thumbnailUrl":"https:\/\/files.sunoresearch.com.br\/n\/uploads\/2021\/12\/Imagem1.png","keywords":["Copom","covid-19"],"inLanguage":"pt-BR"},{"@type":"WebPage","@id":"https:\/\/www.suno.com.br\/noticias\/colunas\/julio-hegedus-netto\/semana-dominada-pela-omicron-nova-variante-da-covid\/","url":"https:\/\/www.suno.com.br\/noticias\/colunas\/julio-hegedus-netto\/semana-dominada-pela-omicron-nova-variante-da-covid\/","name":"Semana dominada pela \u00d4micron, nova variante da covid - Coluna de Julio Hegedus Netto","isPartOf":{"@id":"https:\/\/www.suno.com.br\/noticias\/#website"},"primaryImageOfPage":{"@id":"https:\/\/www.suno.com.br\/noticias\/colunas\/julio-hegedus-netto\/semana-dominada-pela-omicron-nova-variante-da-covid\/#primaryimage"},"image":{"@id":"https:\/\/www.suno.com.br\/noticias\/colunas\/julio-hegedus-netto\/semana-dominada-pela-omicron-nova-variante-da-covid\/#primaryimage"},"thumbnailUrl":"https:\/\/files.sunoresearch.com.br\/n\/uploads\/2021\/12\/Imagem1.png","datePublished":"2021-12-06T12:23:56+00:00","description":"Leia a coluna de Julio Hegedus Netto com foco no Copom, IPCA e PEC dos Precat\u00f3rios na C\u00e2mara, al\u00e9m da reuni\u00e3o do Bank of England","breadcrumb":{"@id":"https:\/\/www.suno.com.br\/noticias\/colunas\/julio-hegedus-netto\/semana-dominada-pela-omicron-nova-variante-da-covid\/#breadcrumb"},"inLanguage":"pt-BR","potentialAction":[{"@type":"ReadAction","target":["https:\/\/www.suno.com.br\/noticias\/colunas\/julio-hegedus-netto\/semana-dominada-pela-omicron-nova-variante-da-covid\/"]}]},{"@type":"ImageObject","inLanguage":"pt-BR","@id":"https:\/\/www.suno.com.br\/noticias\/colunas\/julio-hegedus-netto\/semana-dominada-pela-omicron-nova-variante-da-covid\/#primaryimage","url":"https:\/\/files.sunoresearch.com.br\/n\/uploads\/2021\/12\/Imagem1.png","contentUrl":"https:\/\/files.sunoresearch.com.br\/n\/uploads\/2021\/12\/Imagem1.png"},{"@type":"BreadcrumbList","@id":"https:\/\/www.suno.com.br\/noticias\/colunas\/julio-hegedus-netto\/semana-dominada-pela-omicron-nova-variante-da-covid\/#breadcrumb","itemListElement":[{"@type":"ListItem","position":1,"name":"Not\u00edcias","item":"https:\/\/www.suno.com.br\/noticias\/"},{"@type":"ListItem","position":2,"name":"Colunas","item":"https:\/\/www.suno.com.br\/noticias\/colunas\/"},{"@type":"ListItem","position":3,"name":"Semana dominada pela \u00d4micron, nova variante da covid"}]},{"@type":"WebSite","@id":"https:\/\/www.suno.com.br\/noticias\/#website","url":"https:\/\/www.suno.com.br\/noticias\/","name":"Suno Not\u00edcias","description":"Seu portal de informa\u00e7\u00e3o sobre o mundo dos investimentos","publisher":{"@id":"https:\/\/www.suno.com.br\/noticias\/#organization"},"potentialAction":[{"@type":"SearchAction","target":{"@type":"EntryPoint","urlTemplate":"https:\/\/www.suno.com.br\/noticias\/?s={search_term_string}"},"query-input":{"@type":"PropertyValueSpecification","valueRequired":true,"valueName":"search_term_string"}}],"inLanguage":"pt-BR"},{"@type":"Organization","@id":"https:\/\/www.suno.com.br\/noticias\/#organization","name":"Suno Not\u00edcias","url":"https:\/\/www.suno.com.br\/noticias\/","logo":{"@type":"ImageObject","inLanguage":"pt-BR","@id":"https:\/\/www.suno.com.br\/noticias\/#\/schema\/logo\/image\/","url":"https:\/\/files.sunoresearch.com.br\/n\/uploads\/2021\/09\/suno-logo.png","contentUrl":"https:\/\/files.sunoresearch.com.br\/n\/uploads\/2021\/09\/suno-logo.png","width":180,"height":180,"caption":"Suno Not\u00edcias"},"image":{"@id":"https:\/\/www.suno.com.br\/noticias\/#\/schema\/logo\/image\/"},"sameAs":["https:\/\/facebook.com\/sunoresearch","https:\/\/x.com\/sunoresearch","https:\/\/www.instagram.com\/suno","https:\/\/www.linkedin.com\/company\/suno-research\/","https:\/\/www.youtube.com\/c\/sunoresearch"]},{"@type":"Person","@id":"https:\/\/www.suno.com.br\/noticias\/#\/schema\/person\/c5d31719f2f2f38c8d575fc08e55df1a","name":"Julio Hegedus Netto","image":{"@type":"ImageObject","inLanguage":"pt-BR","@id":"https:\/\/www.suno.com.br\/noticias\/#\/schema\/person\/image\/","url":"https:\/\/secure.gravatar.com\/avatar\/870043f332ebddfffd4a9e3a5dd46c13?s=96&r=g","contentUrl":"https:\/\/secure.gravatar.com\/avatar\/870043f332ebddfffd4a9e3a5dd46c13?s=96&r=g","caption":"Julio Hegedus Netto"},"description":"Economista-chefe da Lopes Filho por 26 anos, com mestrado na UFF e na UCAM e doutorando em Portugal. Escrevo relat\u00f3rios para a OHM RESEARCH e disponibilizo conte\u00fados no IML, Investing.com, Linkedin e Suno Not\u00edcias.","sameAs":["https:\/\/jhn031299.blogspot.com\/","https:\/\/www.facebook.com\/julio.hegedus.5","https:\/\/www.linkedin.com\/in\/juliohegedusnetto\/","https:\/\/x.com\/JuHegedus"],"url":"https:\/\/www.suno.com.br\/noticias\/author\/julio-hegedus-netto\/"}]}},"amp_enabled":true,"_links":{"self":[{"href":"https:\/\/www.suno.com.br\/noticias\/wp-json\/wp\/v2\/suno_column\/212173"}],"collection":[{"href":"https:\/\/www.suno.com.br\/noticias\/wp-json\/wp\/v2\/suno_column"}],"about":[{"href":"https:\/\/www.suno.com.br\/noticias\/wp-json\/wp\/v2\/types\/suno_column"}],"author":[{"embeddable":true,"href":"https:\/\/www.suno.com.br\/noticias\/wp-json\/wp\/v2\/users\/82"}],"wp:attachment":[{"href":"https:\/\/www.suno.com.br\/noticias\/wp-json\/wp\/v2\/media?parent=212173"}],"wp:term":[{"taxonomy":"post_tag","embeddable":true,"href":"https:\/\/www.suno.com.br\/noticias\/wp-json\/wp\/v2\/tags?post=212173"}],"curies":[{"name":"wp","href":"https:\/\/api.w.org\/{rel}","templated":true}]}}