{"id":211144,"date":"2021-12-02T08:20:11","date_gmt":"2021-12-02T11:20:11","guid":{"rendered":"https:\/\/www.suno.com.br\/noticias\/colunas\/natalia-gomez\/\/"},"modified":"2021-12-02T09:10:59","modified_gmt":"2021-12-02T12:10:59","slug":"indianos-ceo-tecnologia","status":"publish","type":"suno_column","link":"https:\/\/www.suno.com.br\/noticias\/colunas\/gian\/indianos-ceo-tecnologia\/","title":{"rendered":"Por que tantos indianos s\u00e3o CEOs de empresas de tecnologia?"},"content":{"rendered":"<p>Nesta segunda-feira (29), o Twitter anunciou que o seu fundador, <a class=\"suno-keyword\" href=\"https:\/\/www.suno.com.br\/tudo-sobre\/jack-dorsey\/\" target=\"_blank\" rel=\"noopener\" data-force=\"no\" data-priority=\"2\">Jack Dorsey<\/a>, estava deixando o cargo de presidente-executivo da companhia. Para o seu lugar, assume Parag Agrawal, diretor de tecnologia da rede social desde 2017. Agrawal se tornar\u00e1 mais um entre os diversos indianos que ocupam cargos altos em<strong> empresas globais de tecnologia<\/strong>. Sundar Pichai, do Google, e Satya Nadella, da Microsoft, s\u00e3o os mais famosos da lista, mas nativos do pa\u00eds asi\u00e1tico tamb\u00e9m comandam empresas como IBM, Adobe, Nokia e Mastercard.<\/p>\n\t<p>\n\t\t<a href=\"https:\/\/lp.suno.com.br\/planilha-controle-gastos\/\" target=\"_blank\" data-element=\"shortcode-suno-banner\" title=\"Banner SUNO, clique e saiba mais\">\n\t\t\t<picture>\n\t\t\t\t<source media=\"(max-width: 500px)\" srcset=\"https:\/\/files.sunoresearch.com.br\/n\/uploads\/2023\/03\/400x300-Planilha-controle-de-gastos.png\">\n\t\t\t\t<img class=\"newsContent__article__imgCapa newsContent__article__imgCapa--banner\"\n\t\t\t\t\tsrc=\"https:\/\/files.sunoresearch.com.br\/n\/uploads\/2023\/03\/1420x240-Planilha-controle-de-gastos.png\"\n\t\t\t\t\tdata-promo-id=\"101751\"\t\t\t\t\t\t\t\t\t\twidth='1420' height='240'\t\t\t\t\talt=\"https:\/\/files.sunoresearch.com.br\/n\/uploads\/2023\/03\/1420x240-Planilha-controle-de-gastos.png\"\n\t\t\t\t>\n\t\t\t<\/picture>\n\t\t<\/a>\n\t<\/p>\n\n\n<p>Apesar de apenas 45% da sua popula\u00e7\u00e3o ter acesso \u00e0 internet, a <strong>\u00cdndia<\/strong> \u00e9 a maior exportadora de <strong>Tecnologia da Informa\u00e7\u00e3o<\/strong> do mundo. A ind\u00fastria de TI foi respons\u00e1vel por 8% do PIB indiano em 2020. Quem trabalha na \u00e1rea de tecnologia certamente deve compreender a relev\u00e2ncia do pa\u00eds asi\u00e1tico para o mercado de software. Quem procurar freelancers de programa\u00e7\u00e3o na internet, tamb\u00e9m.<\/p>\n<p>Os primeiros <strong>programas de educa\u00e7\u00e3o em computa\u00e7\u00e3o<\/strong> na \u00cdndia iniciaram na d\u00e9cada de 1960, mas medidas protecionistas &#8211; como a proibi\u00e7\u00e3o da importa\u00e7\u00e3o de computadores &#8211; impediam o desenvolvimento dessa ind\u00fastria no pa\u00eds. Mais tarde, em 1990, novas pol\u00edticas p\u00fablicas se concentraram no planejamento econ\u00f4mico, na ado\u00e7\u00e3o de novas tecnologias e no incentivo ao talento nativo em ci\u00eancia e tecnologia.<\/p>\n<p>A ascens\u00e3o foi r\u00e1pida. Em 2000, a <strong>ind\u00fastria indiana de TI<\/strong> havia crescido para mais de US$ 5 bilh\u00f5es de receita &#8211; isso era 50 vezes mais que em 1990. Com sua grande quantidade de m\u00e3o de obra em qualifica\u00e7\u00e3o, o pa\u00eds emergiu como um importante player no mercado de provedores de Software. Mas como a oferta de emprego ainda era limitada, muitos dos profissionais indianos migraram para o Vale do Sil\u00edcio.<\/p>\n\t<p>\n\t\t<a href=\"https:\/\/lp.suno.com.br\/planilha-da-vida-financeira\/\" target=\"_blank\" data-element=\"shortcode-suno-banner\" title=\"Banner SUNO, clique e saiba mais\">\n\t\t\t<picture>\n\t\t\t\t<source media=\"(max-width: 500px)\" srcset=\"https:\/\/files.sunoresearch.com.br\/n\/uploads\/2023\/04\/400x300-Planilha-vida-financeira-true.png\">\n\t\t\t\t<img class=\"newsContent__article__imgCapa newsContent__article__imgCapa--banner\"\n\t\t\t\t\tsrc=\"https:\/\/files.sunoresearch.com.br\/n\/uploads\/2023\/04\/1420x240-Planilha-vida-financeira-true.png\"\n\t\t\t\t\tdata-promo-id=\"106682\"\t\t\t\t\t\t\t\t\t\twidth='1420' height='240'\t\t\t\t\talt=\"https:\/\/files.sunoresearch.com.br\/n\/uploads\/2023\/04\/1420x240-Planilha-vida-financeira-true.png\"\n\t\t\t\t>\n\t\t\t<\/picture>\n\t\t<\/a>\n\t<\/p>\n\n\n<p>Em 2015, os indianos formavam cerca de 6% da for\u00e7a de trabalho do Vale do Sil\u00edcio. Em todo o territ\u00f3rio dos EUA, cerca de um ter\u00e7o das startups \u00e9 lan\u00e7ada por indianos, muito mais do que o total de todos os sete grupos imigrantes mais numerosos no pa\u00eds.<\/p>\n<p>Al\u00e9m disso, de acordo com o Censo de 2010, os indianos americanos t\u00eam a maior m\u00e9dia salarial anual por fam\u00edlia do que qualquer outro grupo populacional do pa\u00eds \u2013 US$ 86.135, em compara\u00e7\u00e3o aos US$ 51.914 do total da popula\u00e7\u00e3o americana.<\/p>\n<p>Esse reconhecimento da qualifica\u00e7\u00e3o profissional dos indianos tamb\u00e9m fez com que empresas multinacionais globais percebessem o potencial da \u00cdndia em servi\u00e7os de software, aumentando sua presen\u00e7a direta no pa\u00eds e criando centros de TI, gest\u00e3o de processos de neg\u00f3cios (BPM) e P&amp;D. Assim, al\u00e9m de ajudar a exportar m\u00e3o de obra qualificada, a <strong>ind\u00fastria de tecnologia<\/strong> tamb\u00e9m \u00e9 uma \u00f3tima empregadora na pr\u00f3pria \u00cdndia.<\/p>\n\t<p>\n\t\t<a href=\"https:\/\/lp.suno.com.br\/ebook-como-analisar-uma-acao\/\" target=\"_blank\" data-element=\"shortcode-suno-banner\" title=\"Banner SUNO, clique e saiba mais\">\n\t\t\t<picture>\n\t\t\t\t<source media=\"(max-width: 500px)\" srcset=\"https:\/\/files.sunoresearch.com.br\/n\/uploads\/2023\/03\/Ebook-Acoes-Mobile-1.jpg\">\n\t\t\t\t<img class=\"newsContent__article__imgCapa newsContent__article__imgCapa--banner\"\n\t\t\t\t\tsrc=\"https:\/\/files.sunoresearch.com.br\/n\/uploads\/2023\/03\/Ebook-Acoes-Desktop-1.jpg\"\n\t\t\t\t\tdata-promo-id=\"171998\"\t\t\t\t\t\t\t\t\t\twidth='1420' height='286'\t\t\t\t\talt=\"https:\/\/files.sunoresearch.com.br\/n\/uploads\/2023\/03\/Ebook-Acoes-Desktop-1.jpg\"\n\t\t\t\t>\n\t\t\t<\/picture>\n\t\t<\/a>\n\t<\/p>\n\n\n","protected":false},"excerpt":{"rendered":"<p>Nesta segunda-feira (29), o Twitter anunciou que o seu fundador, Jack Dorsey, estava deixando o cargo de presidente-executivo da companhia. Para o seu lugar, assume Pa&#8230;<\/p>\n","protected":false},"author":4,"featured_media":0,"template":"","tags":[],"class_list":["post-211144","suno_column","type-suno_column","status-publish","hentry"],"yoast_head":"<!-- This site is optimized with the Yoast SEO plugin v24.4 - https:\/\/yoast.com\/wordpress\/plugins\/seo\/ -->\n<title>Por que tantos indianos s\u00e3o CEOs de empresas de tecnologia? - Suno Not\u00edcias<\/title>\n<meta name=\"description\" content=\"Nesta segunda-feira (29), o Twitter anunciou que o seu fundador, Jack Dorsey, estava deixando o cargo de presidente-executivo da companhia.\" \/>\n<meta name=\"robots\" content=\"index, follow, max-snippet:-1, max-image-preview:large, max-video-preview:-1\" \/>\n<link rel=\"canonical\" href=\"https:\/\/www.suno.com.br\/noticias\/colunas\/gian\/indianos-ceo-tecnologia\/\" \/>\n<meta property=\"og:locale\" content=\"pt_BR\" \/>\n<meta property=\"og:type\" content=\"article\" \/>\n<meta property=\"og:title\" content=\"Por que tantos indianos s\u00e3o CEOs de empresas de tecnologia? - Suno Not\u00edcias\" \/>\n<meta property=\"og:description\" content=\"Nesta segunda-feira (29), o Twitter anunciou que o seu fundador, Jack Dorsey, estava deixando o cargo de presidente-executivo da companhia.\" \/>\n<meta property=\"og:url\" content=\"https:\/\/www.suno.com.br\/noticias\/colunas\/gian\/indianos-ceo-tecnologia\/\" \/>\n<meta property=\"og:site_name\" content=\"Suno Not\u00edcias\" \/>\n<meta property=\"article:publisher\" content=\"https:\/\/facebook.com\/sunoresearch\" \/>\n<meta property=\"og:image\" content=\"https:\/\/files.sunoresearch.com.br\/n\/uploads\/2022\/06\/Modelo2.jpg\" \/>\n\t<meta property=\"og:image:width\" content=\"1200\" \/>\n\t<meta property=\"og:image:height\" content=\"627\" \/>\n\t<meta property=\"og:image:type\" content=\"image\/jpeg\" \/>\n<meta name=\"twitter:card\" content=\"summary_large_image\" \/>\n<meta name=\"twitter:site\" content=\"@sunoresearch\" \/>\n<meta name=\"twitter:label1\" content=\"Est. tempo de leitura\" \/>\n\t<meta name=\"twitter:data1\" content=\"2 minutos\" \/>\n<script type=\"application\/ld+json\" class=\"yoast-schema-graph\">{\"@context\":\"https:\/\/schema.org\",\"@graph\":[{\"@type\":\"Article\",\"@id\":\"https:\/\/www.suno.com.br\/noticias\/colunas\/gian\/indianos-ceo-tecnologia\/#article\",\"isPartOf\":{\"@id\":\"https:\/\/www.suno.com.br\/noticias\/colunas\/gian\/indianos-ceo-tecnologia\/\"},\"author\":{\"name\":\"Gian Kojikovski\",\"@id\":\"https:\/\/www.suno.com.br\/noticias\/#\/schema\/person\/8c2753ace9edbc3c59cfa8a971ac5914\"},\"headline\":\"Por que tantos indianos s\u00e3o CEOs de empresas de tecnologia?\",\"datePublished\":\"2021-12-02T11:20:11+00:00\",\"dateModified\":\"2021-12-02T12:10:59+00:00\",\"mainEntityOfPage\":{\"@id\":\"https:\/\/www.suno.com.br\/noticias\/colunas\/gian\/indianos-ceo-tecnologia\/\"},\"wordCount\":489,\"publisher\":{\"@id\":\"https:\/\/www.suno.com.br\/noticias\/#organization\"},\"inLanguage\":\"pt-BR\"},{\"@type\":\"WebPage\",\"@id\":\"https:\/\/www.suno.com.br\/noticias\/colunas\/gian\/indianos-ceo-tecnologia\/\",\"url\":\"https:\/\/www.suno.com.br\/noticias\/colunas\/gian\/indianos-ceo-tecnologia\/\",\"name\":\"Por que tantos indianos s\u00e3o CEOs de empresas de tecnologia? - Suno Not\u00edcias\",\"isPartOf\":{\"@id\":\"https:\/\/www.suno.com.br\/noticias\/#website\"},\"datePublished\":\"2021-12-02T11:20:11+00:00\",\"dateModified\":\"2021-12-02T12:10:59+00:00\",\"description\":\"Nesta segunda-feira (29), o Twitter anunciou que o seu fundador, Jack Dorsey, estava deixando o cargo de presidente-executivo da companhia.\",\"breadcrumb\":{\"@id\":\"https:\/\/www.suno.com.br\/noticias\/colunas\/gian\/indianos-ceo-tecnologia\/#breadcrumb\"},\"inLanguage\":\"pt-BR\",\"potentialAction\":[{\"@type\":\"ReadAction\",\"target\":[\"https:\/\/www.suno.com.br\/noticias\/colunas\/gian\/indianos-ceo-tecnologia\/\"]}]},{\"@type\":\"BreadcrumbList\",\"@id\":\"https:\/\/www.suno.com.br\/noticias\/colunas\/gian\/indianos-ceo-tecnologia\/#breadcrumb\",\"itemListElement\":[{\"@type\":\"ListItem\",\"position\":1,\"name\":\"Not\u00edcias\",\"item\":\"https:\/\/www.suno.com.br\/noticias\/\"},{\"@type\":\"ListItem\",\"position\":2,\"name\":\"Colunas\",\"item\":\"https:\/\/www.suno.com.br\/noticias\/colunas\/\"},{\"@type\":\"ListItem\",\"position\":3,\"name\":\"Por que tantos indianos s\u00e3o CEOs de empresas de tecnologia?\"}]},{\"@type\":\"WebSite\",\"@id\":\"https:\/\/www.suno.com.br\/noticias\/#website\",\"url\":\"https:\/\/www.suno.com.br\/noticias\/\",\"name\":\"Suno Not\u00edcias\",\"description\":\"Seu portal de informa\u00e7\u00e3o sobre o mundo dos investimentos\",\"publisher\":{\"@id\":\"https:\/\/www.suno.com.br\/noticias\/#organization\"},\"potentialAction\":[{\"@type\":\"SearchAction\",\"target\":{\"@type\":\"EntryPoint\",\"urlTemplate\":\"https:\/\/www.suno.com.br\/noticias\/?s={search_term_string}\"},\"query-input\":{\"@type\":\"PropertyValueSpecification\",\"valueRequired\":true,\"valueName\":\"search_term_string\"}}],\"inLanguage\":\"pt-BR\"},{\"@type\":\"Organization\",\"@id\":\"https:\/\/www.suno.com.br\/noticias\/#organization\",\"name\":\"Suno Not\u00edcias\",\"url\":\"https:\/\/www.suno.com.br\/noticias\/\",\"logo\":{\"@type\":\"ImageObject\",\"inLanguage\":\"pt-BR\",\"@id\":\"https:\/\/www.suno.com.br\/noticias\/#\/schema\/logo\/image\/\",\"url\":\"https:\/\/files.sunoresearch.com.br\/n\/uploads\/2021\/09\/suno-logo.png\",\"contentUrl\":\"https:\/\/files.sunoresearch.com.br\/n\/uploads\/2021\/09\/suno-logo.png\",\"width\":180,\"height\":180,\"caption\":\"Suno Not\u00edcias\"},\"image\":{\"@id\":\"https:\/\/www.suno.com.br\/noticias\/#\/schema\/logo\/image\/\"},\"sameAs\":[\"https:\/\/facebook.com\/sunoresearch\",\"https:\/\/x.com\/sunoresearch\",\"https:\/\/www.instagram.com\/suno\",\"https:\/\/www.linkedin.com\/company\/suno-research\/\",\"https:\/\/www.youtube.com\/c\/sunoresearch\"]},{\"@type\":\"Person\",\"@id\":\"https:\/\/www.suno.com.br\/noticias\/#\/schema\/person\/8c2753ace9edbc3c59cfa8a971ac5914\",\"name\":\"Gian Kojikovski\",\"image\":{\"@type\":\"ImageObject\",\"inLanguage\":\"pt-BR\",\"@id\":\"https:\/\/www.suno.com.br\/noticias\/#\/schema\/person\/image\/\",\"url\":\"https:\/\/secure.gravatar.com\/avatar\/9b6de4deaf8443278f037ed55611af64?s=96&r=g\",\"contentUrl\":\"https:\/\/secure.gravatar.com\/avatar\/9b6de4deaf8443278f037ed55611af64?s=96&r=g\",\"caption\":\"Gian Kojikovski\"},\"description\":\"Gian Kojikovski \u00e9 diretor e s\u00f3cio da Suno e escreve sobre neg\u00f3cios, marketing, pol\u00edtica e finan\u00e7as. Tem passagem pelas reda\u00e7\u00f5es de Veja e Exame e \u00e9 vencedor do Pr\u00eamio CNI de Jornalismo de 2016 na categoria especial de Inova\u00e7\u00e3o e finalista do Citi Journalistic Excellence Award de 2018.\",\"sameAs\":[\"https:\/\/www.suno.com.br\",\"https:\/\/x.com\/https:\/\/twitter.com\/giankojikovski\"],\"url\":\"https:\/\/www.suno.com.br\/noticias\/author\/gian\/\"}]}<\/script>\n<!-- \/ Yoast SEO plugin. -->","yoast_head_json":{"title":"Por que tantos indianos s\u00e3o CEOs de empresas de tecnologia? - Suno Not\u00edcias","description":"Nesta segunda-feira (29), o Twitter anunciou que o seu fundador, Jack Dorsey, estava deixando o cargo de presidente-executivo da companhia.","robots":{"index":"index","follow":"follow","max-snippet":"max-snippet:-1","max-image-preview":"max-image-preview:large","max-video-preview":"max-video-preview:-1"},"canonical":"https:\/\/www.suno.com.br\/noticias\/colunas\/gian\/indianos-ceo-tecnologia\/","og_locale":"pt_BR","og_type":"article","og_title":"Por que tantos indianos s\u00e3o CEOs de empresas de tecnologia? - Suno Not\u00edcias","og_description":"Nesta segunda-feira (29), o Twitter anunciou que o seu fundador, Jack Dorsey, estava deixando o cargo de presidente-executivo da companhia.","og_url":"https:\/\/www.suno.com.br\/noticias\/colunas\/gian\/indianos-ceo-tecnologia\/","og_site_name":"Suno Not\u00edcias","article_publisher":"https:\/\/facebook.com\/sunoresearch","og_image":[{"width":1200,"height":627,"url":"https:\/\/files.sunoresearch.com.br\/n\/uploads\/2022\/06\/Modelo2.jpg","type":"image\/jpeg"}],"twitter_card":"summary_large_image","twitter_site":"@sunoresearch","twitter_misc":{"Est. tempo de leitura":"2 minutos"},"schema":{"@context":"https:\/\/schema.org","@graph":[{"@type":"Article","@id":"https:\/\/www.suno.com.br\/noticias\/colunas\/gian\/indianos-ceo-tecnologia\/#article","isPartOf":{"@id":"https:\/\/www.suno.com.br\/noticias\/colunas\/gian\/indianos-ceo-tecnologia\/"},"author":{"name":"Gian Kojikovski","@id":"https:\/\/www.suno.com.br\/noticias\/#\/schema\/person\/8c2753ace9edbc3c59cfa8a971ac5914"},"headline":"Por que tantos indianos s\u00e3o CEOs de empresas de tecnologia?","datePublished":"2021-12-02T11:20:11+00:00","dateModified":"2021-12-02T12:10:59+00:00","mainEntityOfPage":{"@id":"https:\/\/www.suno.com.br\/noticias\/colunas\/gian\/indianos-ceo-tecnologia\/"},"wordCount":489,"publisher":{"@id":"https:\/\/www.suno.com.br\/noticias\/#organization"},"inLanguage":"pt-BR"},{"@type":"WebPage","@id":"https:\/\/www.suno.com.br\/noticias\/colunas\/gian\/indianos-ceo-tecnologia\/","url":"https:\/\/www.suno.com.br\/noticias\/colunas\/gian\/indianos-ceo-tecnologia\/","name":"Por que tantos indianos s\u00e3o CEOs de empresas de tecnologia? - Suno Not\u00edcias","isPartOf":{"@id":"https:\/\/www.suno.com.br\/noticias\/#website"},"datePublished":"2021-12-02T11:20:11+00:00","dateModified":"2021-12-02T12:10:59+00:00","description":"Nesta segunda-feira (29), o Twitter anunciou que o seu fundador, Jack Dorsey, estava deixando o cargo de presidente-executivo da companhia.","breadcrumb":{"@id":"https:\/\/www.suno.com.br\/noticias\/colunas\/gian\/indianos-ceo-tecnologia\/#breadcrumb"},"inLanguage":"pt-BR","potentialAction":[{"@type":"ReadAction","target":["https:\/\/www.suno.com.br\/noticias\/colunas\/gian\/indianos-ceo-tecnologia\/"]}]},{"@type":"BreadcrumbList","@id":"https:\/\/www.suno.com.br\/noticias\/colunas\/gian\/indianos-ceo-tecnologia\/#breadcrumb","itemListElement":[{"@type":"ListItem","position":1,"name":"Not\u00edcias","item":"https:\/\/www.suno.com.br\/noticias\/"},{"@type":"ListItem","position":2,"name":"Colunas","item":"https:\/\/www.suno.com.br\/noticias\/colunas\/"},{"@type":"ListItem","position":3,"name":"Por que tantos indianos s\u00e3o CEOs de empresas de tecnologia?"}]},{"@type":"WebSite","@id":"https:\/\/www.suno.com.br\/noticias\/#website","url":"https:\/\/www.suno.com.br\/noticias\/","name":"Suno Not\u00edcias","description":"Seu portal de informa\u00e7\u00e3o sobre o mundo dos investimentos","publisher":{"@id":"https:\/\/www.suno.com.br\/noticias\/#organization"},"potentialAction":[{"@type":"SearchAction","target":{"@type":"EntryPoint","urlTemplate":"https:\/\/www.suno.com.br\/noticias\/?s={search_term_string}"},"query-input":{"@type":"PropertyValueSpecification","valueRequired":true,"valueName":"search_term_string"}}],"inLanguage":"pt-BR"},{"@type":"Organization","@id":"https:\/\/www.suno.com.br\/noticias\/#organization","name":"Suno Not\u00edcias","url":"https:\/\/www.suno.com.br\/noticias\/","logo":{"@type":"ImageObject","inLanguage":"pt-BR","@id":"https:\/\/www.suno.com.br\/noticias\/#\/schema\/logo\/image\/","url":"https:\/\/files.sunoresearch.com.br\/n\/uploads\/2021\/09\/suno-logo.png","contentUrl":"https:\/\/files.sunoresearch.com.br\/n\/uploads\/2021\/09\/suno-logo.png","width":180,"height":180,"caption":"Suno Not\u00edcias"},"image":{"@id":"https:\/\/www.suno.com.br\/noticias\/#\/schema\/logo\/image\/"},"sameAs":["https:\/\/facebook.com\/sunoresearch","https:\/\/x.com\/sunoresearch","https:\/\/www.instagram.com\/suno","https:\/\/www.linkedin.com\/company\/suno-research\/","https:\/\/www.youtube.com\/c\/sunoresearch"]},{"@type":"Person","@id":"https:\/\/www.suno.com.br\/noticias\/#\/schema\/person\/8c2753ace9edbc3c59cfa8a971ac5914","name":"Gian Kojikovski","image":{"@type":"ImageObject","inLanguage":"pt-BR","@id":"https:\/\/www.suno.com.br\/noticias\/#\/schema\/person\/image\/","url":"https:\/\/secure.gravatar.com\/avatar\/9b6de4deaf8443278f037ed55611af64?s=96&r=g","contentUrl":"https:\/\/secure.gravatar.com\/avatar\/9b6de4deaf8443278f037ed55611af64?s=96&r=g","caption":"Gian Kojikovski"},"description":"Gian Kojikovski \u00e9 diretor e s\u00f3cio da Suno e escreve sobre neg\u00f3cios, marketing, pol\u00edtica e finan\u00e7as. Tem passagem pelas reda\u00e7\u00f5es de Veja e Exame e \u00e9 vencedor do Pr\u00eamio CNI de Jornalismo de 2016 na categoria especial de Inova\u00e7\u00e3o e finalista do Citi Journalistic Excellence Award de 2018.","sameAs":["https:\/\/www.suno.com.br","https:\/\/x.com\/https:\/\/twitter.com\/giankojikovski"],"url":"https:\/\/www.suno.com.br\/noticias\/author\/gian\/"}]}},"amp_enabled":true,"_links":{"self":[{"href":"https:\/\/www.suno.com.br\/noticias\/wp-json\/wp\/v2\/suno_column\/211144"}],"collection":[{"href":"https:\/\/www.suno.com.br\/noticias\/wp-json\/wp\/v2\/suno_column"}],"about":[{"href":"https:\/\/www.suno.com.br\/noticias\/wp-json\/wp\/v2\/types\/suno_column"}],"author":[{"embeddable":true,"href":"https:\/\/www.suno.com.br\/noticias\/wp-json\/wp\/v2\/users\/4"}],"wp:attachment":[{"href":"https:\/\/www.suno.com.br\/noticias\/wp-json\/wp\/v2\/media?parent=211144"}],"wp:term":[{"taxonomy":"post_tag","embeddable":true,"href":"https:\/\/www.suno.com.br\/noticias\/wp-json\/wp\/v2\/tags?post=211144"}],"curies":[{"name":"wp","href":"https:\/\/api.w.org\/{rel}","templated":true}]}}