{"id":209893,"date":"2021-11-30T08:00:34","date_gmt":"2021-11-30T11:00:34","guid":{"rendered":"https:\/\/www.suno.com.br\/noticias\/colunas\/marco-lopes\/\/"},"modified":"2021-11-30T22:07:46","modified_gmt":"2021-12-01T01:07:46","slug":"o-que-a-minha-empresa-tem-a-ver-com-os-ods-da-onu","status":"publish","type":"suno_column","link":"https:\/\/www.suno.com.br\/noticias\/colunas\/patricia-nader\/o-que-a-minha-empresa-tem-a-ver-com-os-ods-da-onu\/","title":{"rendered":"O que a minha empresa tem a ver com os ODS da ONU?"},"content":{"rendered":"<p>Pensados sob o vi\u00e9s importante da capacidade de modificar a sociedade, especialmente sob o ponto de vista econ\u00f4mico, os <strong>ODS<\/strong> (Objetivos de Desenvolvimento Sustent\u00e1vel), criados pela <strong>ONU (Organiza\u00e7\u00e3o das Na\u00e7\u00f5es Unidas)<\/strong>, em 2012, englobam um conjunto de a\u00e7\u00f5es que visam a erradica\u00e7\u00e3o da pobreza, a\u00e7\u00f5es de prote\u00e7\u00e3o ao planeta e garantia de que todas as pessoas possam usufruir de paz e prosperidade.<\/p>\n\t<p>\n\t\t<a href=\"https:\/\/lp.suno.com.br\/planilha-controle-gastos\/\" target=\"_blank\" data-element=\"shortcode-suno-banner\" title=\"Banner SUNO, clique e saiba mais\">\n\t\t\t<picture>\n\t\t\t\t<source media=\"(max-width: 500px)\" srcset=\"https:\/\/files.sunoresearch.com.br\/n\/uploads\/2023\/03\/400x300-Planilha-controle-de-gastos.png\">\n\t\t\t\t<img class=\"newsContent__article__imgCapa newsContent__article__imgCapa--banner\"\n\t\t\t\t\tsrc=\"https:\/\/files.sunoresearch.com.br\/n\/uploads\/2023\/03\/1420x240-Planilha-controle-de-gastos.png\"\n\t\t\t\t\tdata-promo-id=\"101751\"\t\t\t\t\t\t\t\t\t\twidth='1420' height='240'\t\t\t\t\talt=\"https:\/\/files.sunoresearch.com.br\/n\/uploads\/2023\/03\/1420x240-Planilha-controle-de-gastos.png\"\n\t\t\t\t>\n\t\t\t<\/picture>\n\t\t<\/a>\n\t<\/p>\n\n\n<p>Desde 2015, governos e empresas do mundo todo v\u00eam aderindo de forma mais engajada e unida perante esses objetivos. Quest\u00f5es de urg\u00eancia, como as mudan\u00e7as clim\u00e1ticas, fazem crescer a responsabilidade da sociedade na cobran\u00e7a por uma atua\u00e7\u00e3o socioambiental mais respons\u00e1vel por parte do governo e do setor privado. E \u00e9 nesse quesito que as empresas entram como pe\u00e7a-chave na efetiva\u00e7\u00e3o dos objetivos e no desenvolvimento de pr\u00e1ticas que auxiliem no <strong>crescimento sustent\u00e1vel<\/strong> dos pa\u00edses, de forma a proporcionar equil\u00edbrio do planeta e o bem-estar social dos seres humanos.<\/p>\n<p>Criados para substituir os ODM (Objetivos de Desenvolvimento do Mil\u00eanio), os ODS inclu\u00edram novas \u00e1reas como a quest\u00e3o das mudan\u00e7as clim\u00e1ticas, diminui\u00e7\u00e3o da desigualdade econ\u00f4mica, apostas em inova\u00e7\u00e3o, pr\u00e1ticas de <strong>consumo sustent\u00e1vel<\/strong>, instaura\u00e7\u00e3o da paz e justi\u00e7a, entre outras. Sendo a principal diferen\u00e7a entre ambos \u00e9 que nos ODS, os objetivos s\u00e3o interligados entre si, j\u00e1 que muitas vezes o sucesso ocorre ao envolver quest\u00f5es associadas ou de vis\u00e3o comum, que buscam um crescimento m\u00fatuo.<\/p>\n\t<p>\n\t\t<a href=\"\" target=\"_blank\" data-element=\"shortcode-suno-banner\" title=\"Banner SUNO, clique e saiba mais\">\n\t\t\t<picture>\n\t\t\t\t<source media=\"(max-width: 500px)\" srcset=\"\">\n\t\t\t\t<img class=\"newsContent__article__imgCapa newsContent__article__imgCapa--banner\"\n\t\t\t\t\tsrc=\"\"\n\t\t\t\t\tdata-promo-id=\"89005\"\t\t\t\t\t\t\t\t\t\t\t\t\t\t\talt=\"\"\n\t\t\t\t>\n\t\t\t<\/picture>\n\t\t<\/a>\n\t<\/p>\n\n\n<p>As metas t\u00eam um imenso impacto para as empresas, j\u00e1 que a conserva\u00e7\u00e3o dos recursos naturais passa a integrar os objetivos sociais e econ\u00f4micos, aliando ecologia e economia. Dessa forma, os ODS apresentam uma oportunidade para que as solu\u00e7\u00f5es e tecnologias sejam implementadas para tratar desafios de desenvolvimento sustent\u00e1vel.<\/p>\n\t<p>\n\t\t<a href=\"\" target=\"_blank\" data-element=\"shortcode-suno-banner\" title=\"Banner SUNO, clique e saiba mais\">\n\t\t\t<picture>\n\t\t\t\t<source media=\"(max-width: 500px)\" srcset=\"\">\n\t\t\t\t<img class=\"newsContent__article__imgCapa newsContent__article__imgCapa--banner\"\n\t\t\t\t\tsrc=\"\"\n\t\t\t\t\tdata-promo-id=\"77053\"\t\t\t\t\t\t\t\t\t\t\t\t\t\t\talt=\"\"\n\t\t\t\t>\n\t\t\t<\/picture>\n\t\t<\/a>\n\t<\/p>\n\n\n<p>Os princ\u00edpios estabelecidos pelos ODS j\u00e1 s\u00e3o incorporados \u00e0 <strong>Pol\u00edtica Ambiental<\/strong> de muitas empresas. Atualmente, in\u00fameras delas j\u00e1 atuam com foco na aplica\u00e7\u00e3o dos objetivos e algumas tamb\u00e9m tornando-se signat\u00e1rias do Pacto Global (UN Global Compact). Somente a rede brasileira do Pacto Global, que iniciou com 500 signat\u00e1rios, atualmente j\u00e1 conta com mais de 800, figurando como a terceira maior do mundo, com um crescimento de 70%.<\/p>\n<p>Entre os benef\u00edcios para as empresas, destaco tr\u00eas pontos. O primeiro est\u00e1 na constru\u00e7\u00e3o de uma reputa\u00e7\u00e3o sustent\u00e1vel por meio de uma demonstra\u00e7\u00e3o p\u00fablica para sociedade focada em valores e que a empresa est\u00e1 comprometida em minimizar impactos ao meio ambiente e maximizar aspectos positivos na vida em sociedade. O segundo s\u00e3o as novas oportunidades de neg\u00f3cio a partir do redirecionamento de investimentos p\u00fablicos e privados em n\u00edvel global, como por exemplo, em solu\u00e7\u00f5es e uso de energia renov\u00e1vel. Outro ponto \u00e9 a sustentabilidade corporativa que pode auxiliar as empresas em tomadas de decis\u00e3o mais sustent\u00e1veis e, por vezes, mais econ\u00f4micas e eficientes em seus processos de produ\u00e7\u00e3o.<\/p>\n<p>Quando a empresa assume o compromisso de incluir os ODS no seu cotidiano de atua\u00e7\u00e3o, ela abre caminho para atuar em novos mercados, amplia sua vitrine para fundos de investimentos que est\u00e3o optando pelo engajamento da empresa com os objetivos como crit\u00e9rio determinante para destina\u00e7\u00e3o de investimentos. Al\u00e9m do ganho de <strong><a class=\"suno-keyword\" href=\"https:\/\/www.suno.com.br\/artigos\/market-share\/\" target=\"_blank\" rel=\"noopener\" data-force=\"no\" data-priority=\"2\">market share<\/a><\/strong> ao atingir um p\u00fablico de clientes que buscam produtos e servi\u00e7os que estejam alinhados aos princ\u00edpios da sustentabilidade e do respeito ao planeta. Dessa forma, incorporar os<strong> ODS<\/strong> corretamente, permite que uma empresa divulgue suas a\u00e7\u00f5es ou impactos positivos de uma forma contextualizada com as demandas atuais.<\/p>\n\t<p>\n\t\t<a href=\"https:\/\/lp.suno.com.br\/planilha-de-controle-de-investimentos\/\" target=\"_blank\" data-element=\"shortcode-suno-banner\" title=\"Banner SUNO, clique e saiba mais\">\n\t\t\t<picture>\n\t\t\t\t<source media=\"(max-width: 500px)\" srcset=\"https:\/\/files.sunoresearch.com.br\/n\/uploads\/2023\/03\/400x300-Controle-de-Investimentos.png\">\n\t\t\t\t<img class=\"newsContent__article__imgCapa newsContent__article__imgCapa--banner\"\n\t\t\t\t\tsrc=\"https:\/\/files.sunoresearch.com.br\/n\/uploads\/2023\/03\/1420x240-Controle-de-Investimentos.png\"\n\t\t\t\t\tdata-promo-id=\"75934\"\t\t\t\t\t\t\t\t\t\twidth='1420' height='240'\t\t\t\t\talt=\"https:\/\/files.sunoresearch.com.br\/n\/uploads\/2023\/03\/1420x240-Controle-de-Investimentos.png\"\n\t\t\t\t>\n\t\t\t<\/picture>\n\t\t<\/a>\n\t<\/p>\n\n\n","protected":false},"excerpt":{"rendered":"<p>Pensados sob o vi\u00e9s importante da capacidade de modificar a sociedade, especialmente sob o ponto de vista econ\u00f4mico, os ODS (Objetivos de Desenvolvimento Sustent\u00e1vel),&#8230;<\/p>\n","protected":false},"author":135,"featured_media":0,"template":"","tags":[],"class_list":["post-209893","suno_column","type-suno_column","status-publish","hentry"],"yoast_head":"<!-- This site is optimized with the Yoast SEO plugin v24.4 - https:\/\/yoast.com\/wordpress\/plugins\/seo\/ -->\n<title>O que a minha empresa tem a ver com os ODS da ONU?<\/title>\n<meta name=\"description\" content=\"Quest\u00f5es como as mudan\u00e7as clim\u00e1ticas fazem crescer a responsabilidade por uma atua\u00e7\u00e3o socioambiental mais respons\u00e1vel do setor privado\" \/>\n<meta name=\"robots\" content=\"index, follow, max-snippet:-1, max-image-preview:large, max-video-preview:-1\" \/>\n<link rel=\"canonical\" href=\"https:\/\/www.suno.com.br\/noticias\/colunas\/patricia-nader\/o-que-a-minha-empresa-tem-a-ver-com-os-ods-da-onu\/\" \/>\n<meta property=\"og:locale\" content=\"pt_BR\" \/>\n<meta property=\"og:type\" content=\"article\" \/>\n<meta property=\"og:title\" content=\"O que a minha empresa tem a ver com os ODS da ONU?\" \/>\n<meta property=\"og:description\" content=\"Quest\u00f5es como as mudan\u00e7as clim\u00e1ticas fazem crescer a responsabilidade por uma atua\u00e7\u00e3o socioambiental mais respons\u00e1vel do setor privado\" \/>\n<meta property=\"og:url\" content=\"https:\/\/www.suno.com.br\/noticias\/colunas\/patricia-nader\/o-que-a-minha-empresa-tem-a-ver-com-os-ods-da-onu\/\" \/>\n<meta property=\"og:site_name\" content=\"Suno Not\u00edcias\" \/>\n<meta property=\"article:publisher\" content=\"https:\/\/facebook.com\/sunoresearch\" \/>\n<meta property=\"og:image\" content=\"https:\/\/files.sunoresearch.com.br\/n\/uploads\/2022\/06\/Modelo2.jpg\" \/>\n\t<meta property=\"og:image:width\" content=\"1200\" \/>\n\t<meta property=\"og:image:height\" content=\"627\" \/>\n\t<meta property=\"og:image:type\" content=\"image\/jpeg\" \/>\n<meta name=\"twitter:card\" content=\"summary_large_image\" \/>\n<meta name=\"twitter:site\" content=\"@sunoresearch\" \/>\n<meta name=\"twitter:label1\" content=\"Est. tempo de leitura\" \/>\n\t<meta name=\"twitter:data1\" content=\"3 minutos\" \/>\n<script type=\"application\/ld+json\" class=\"yoast-schema-graph\">{\"@context\":\"https:\/\/schema.org\",\"@graph\":[{\"@type\":\"Article\",\"@id\":\"https:\/\/www.suno.com.br\/noticias\/colunas\/patricia-nader\/o-que-a-minha-empresa-tem-a-ver-com-os-ods-da-onu\/#article\",\"isPartOf\":{\"@id\":\"https:\/\/www.suno.com.br\/noticias\/colunas\/patricia-nader\/o-que-a-minha-empresa-tem-a-ver-com-os-ods-da-onu\/\"},\"author\":{\"name\":\"Patricia Nader\",\"@id\":\"https:\/\/www.suno.com.br\/noticias\/#\/schema\/person\/b9ad62806e82b4cbc9dc7ec64995ebce\"},\"headline\":\"O que a minha empresa tem a ver com os ODS da ONU?\",\"datePublished\":\"2021-11-30T11:00:34+00:00\",\"dateModified\":\"2021-12-01T01:07:46+00:00\",\"mainEntityOfPage\":{\"@id\":\"https:\/\/www.suno.com.br\/noticias\/colunas\/patricia-nader\/o-que-a-minha-empresa-tem-a-ver-com-os-ods-da-onu\/\"},\"wordCount\":644,\"publisher\":{\"@id\":\"https:\/\/www.suno.com.br\/noticias\/#organization\"},\"inLanguage\":\"pt-BR\"},{\"@type\":\"WebPage\",\"@id\":\"https:\/\/www.suno.com.br\/noticias\/colunas\/patricia-nader\/o-que-a-minha-empresa-tem-a-ver-com-os-ods-da-onu\/\",\"url\":\"https:\/\/www.suno.com.br\/noticias\/colunas\/patricia-nader\/o-que-a-minha-empresa-tem-a-ver-com-os-ods-da-onu\/\",\"name\":\"O que a minha empresa tem a ver com os ODS da ONU?\",\"isPartOf\":{\"@id\":\"https:\/\/www.suno.com.br\/noticias\/#website\"},\"datePublished\":\"2021-11-30T11:00:34+00:00\",\"dateModified\":\"2021-12-01T01:07:46+00:00\",\"description\":\"Quest\u00f5es como as mudan\u00e7as clim\u00e1ticas fazem crescer a responsabilidade por uma atua\u00e7\u00e3o socioambiental mais respons\u00e1vel do setor privado\",\"breadcrumb\":{\"@id\":\"https:\/\/www.suno.com.br\/noticias\/colunas\/patricia-nader\/o-que-a-minha-empresa-tem-a-ver-com-os-ods-da-onu\/#breadcrumb\"},\"inLanguage\":\"pt-BR\",\"potentialAction\":[{\"@type\":\"ReadAction\",\"target\":[\"https:\/\/www.suno.com.br\/noticias\/colunas\/patricia-nader\/o-que-a-minha-empresa-tem-a-ver-com-os-ods-da-onu\/\"]}]},{\"@type\":\"BreadcrumbList\",\"@id\":\"https:\/\/www.suno.com.br\/noticias\/colunas\/patricia-nader\/o-que-a-minha-empresa-tem-a-ver-com-os-ods-da-onu\/#breadcrumb\",\"itemListElement\":[{\"@type\":\"ListItem\",\"position\":1,\"name\":\"Not\u00edcias\",\"item\":\"https:\/\/www.suno.com.br\/noticias\/\"},{\"@type\":\"ListItem\",\"position\":2,\"name\":\"Colunas\",\"item\":\"https:\/\/www.suno.com.br\/noticias\/colunas\/\"},{\"@type\":\"ListItem\",\"position\":3,\"name\":\"O que a minha empresa tem a ver com os ODS da ONU?\"}]},{\"@type\":\"WebSite\",\"@id\":\"https:\/\/www.suno.com.br\/noticias\/#website\",\"url\":\"https:\/\/www.suno.com.br\/noticias\/\",\"name\":\"Suno Not\u00edcias\",\"description\":\"Seu portal de informa\u00e7\u00e3o sobre o mundo dos investimentos\",\"publisher\":{\"@id\":\"https:\/\/www.suno.com.br\/noticias\/#organization\"},\"potentialAction\":[{\"@type\":\"SearchAction\",\"target\":{\"@type\":\"EntryPoint\",\"urlTemplate\":\"https:\/\/www.suno.com.br\/noticias\/?s={search_term_string}\"},\"query-input\":{\"@type\":\"PropertyValueSpecification\",\"valueRequired\":true,\"valueName\":\"search_term_string\"}}],\"inLanguage\":\"pt-BR\"},{\"@type\":\"Organization\",\"@id\":\"https:\/\/www.suno.com.br\/noticias\/#organization\",\"name\":\"Suno Not\u00edcias\",\"url\":\"https:\/\/www.suno.com.br\/noticias\/\",\"logo\":{\"@type\":\"ImageObject\",\"inLanguage\":\"pt-BR\",\"@id\":\"https:\/\/www.suno.com.br\/noticias\/#\/schema\/logo\/image\/\",\"url\":\"https:\/\/files.sunoresearch.com.br\/n\/uploads\/2021\/09\/suno-logo.png\",\"contentUrl\":\"https:\/\/files.sunoresearch.com.br\/n\/uploads\/2021\/09\/suno-logo.png\",\"width\":180,\"height\":180,\"caption\":\"Suno Not\u00edcias\"},\"image\":{\"@id\":\"https:\/\/www.suno.com.br\/noticias\/#\/schema\/logo\/image\/\"},\"sameAs\":[\"https:\/\/facebook.com\/sunoresearch\",\"https:\/\/x.com\/sunoresearch\",\"https:\/\/www.instagram.com\/suno\",\"https:\/\/www.linkedin.com\/company\/suno-research\/\",\"https:\/\/www.youtube.com\/c\/sunoresearch\"]},{\"@type\":\"Person\",\"@id\":\"https:\/\/www.suno.com.br\/noticias\/#\/schema\/person\/b9ad62806e82b4cbc9dc7ec64995ebce\",\"name\":\"Patricia Nader\",\"image\":{\"@type\":\"ImageObject\",\"inLanguage\":\"pt-BR\",\"@id\":\"https:\/\/www.suno.com.br\/noticias\/#\/schema\/person\/image\/\",\"url\":\"https:\/\/secure.gravatar.com\/avatar\/441af85cd0c4e38404f2f9059eb0dd4d?s=96&r=g\",\"contentUrl\":\"https:\/\/secure.gravatar.com\/avatar\/441af85cd0c4e38404f2f9059eb0dd4d?s=96&r=g\",\"caption\":\"Patricia Nader\"},\"description\":\"Patricia \u00e9 s\u00f3cia e Head de Impacto e Rela\u00e7\u00f5es com Investidores na Good Karma Partners, gestora de investimentos de impacto. Patricia tem mais de 10 anos de experi\u00eancia em desenvolvimento de neg\u00f3cios e planejamento estrat\u00e9gico em empresas como Rabobank, Novozymes e Cargill\",\"url\":\"https:\/\/www.suno.com.br\/noticias\/author\/patricia-nader\/\"}]}<\/script>\n<!-- \/ Yoast SEO plugin. -->","yoast_head_json":{"title":"O que a minha empresa tem a ver com os ODS da ONU?","description":"Quest\u00f5es como as mudan\u00e7as clim\u00e1ticas fazem crescer a responsabilidade por uma atua\u00e7\u00e3o socioambiental mais respons\u00e1vel do setor privado","robots":{"index":"index","follow":"follow","max-snippet":"max-snippet:-1","max-image-preview":"max-image-preview:large","max-video-preview":"max-video-preview:-1"},"canonical":"https:\/\/www.suno.com.br\/noticias\/colunas\/patricia-nader\/o-que-a-minha-empresa-tem-a-ver-com-os-ods-da-onu\/","og_locale":"pt_BR","og_type":"article","og_title":"O que a minha empresa tem a ver com os ODS da ONU?","og_description":"Quest\u00f5es como as mudan\u00e7as clim\u00e1ticas fazem crescer a responsabilidade por uma atua\u00e7\u00e3o socioambiental mais respons\u00e1vel do setor privado","og_url":"https:\/\/www.suno.com.br\/noticias\/colunas\/patricia-nader\/o-que-a-minha-empresa-tem-a-ver-com-os-ods-da-onu\/","og_site_name":"Suno Not\u00edcias","article_publisher":"https:\/\/facebook.com\/sunoresearch","og_image":[{"width":1200,"height":627,"url":"https:\/\/files.sunoresearch.com.br\/n\/uploads\/2022\/06\/Modelo2.jpg","type":"image\/jpeg"}],"twitter_card":"summary_large_image","twitter_site":"@sunoresearch","twitter_misc":{"Est. tempo de leitura":"3 minutos"},"schema":{"@context":"https:\/\/schema.org","@graph":[{"@type":"Article","@id":"https:\/\/www.suno.com.br\/noticias\/colunas\/patricia-nader\/o-que-a-minha-empresa-tem-a-ver-com-os-ods-da-onu\/#article","isPartOf":{"@id":"https:\/\/www.suno.com.br\/noticias\/colunas\/patricia-nader\/o-que-a-minha-empresa-tem-a-ver-com-os-ods-da-onu\/"},"author":{"name":"Patricia Nader","@id":"https:\/\/www.suno.com.br\/noticias\/#\/schema\/person\/b9ad62806e82b4cbc9dc7ec64995ebce"},"headline":"O que a minha empresa tem a ver com os ODS da ONU?","datePublished":"2021-11-30T11:00:34+00:00","dateModified":"2021-12-01T01:07:46+00:00","mainEntityOfPage":{"@id":"https:\/\/www.suno.com.br\/noticias\/colunas\/patricia-nader\/o-que-a-minha-empresa-tem-a-ver-com-os-ods-da-onu\/"},"wordCount":644,"publisher":{"@id":"https:\/\/www.suno.com.br\/noticias\/#organization"},"inLanguage":"pt-BR"},{"@type":"WebPage","@id":"https:\/\/www.suno.com.br\/noticias\/colunas\/patricia-nader\/o-que-a-minha-empresa-tem-a-ver-com-os-ods-da-onu\/","url":"https:\/\/www.suno.com.br\/noticias\/colunas\/patricia-nader\/o-que-a-minha-empresa-tem-a-ver-com-os-ods-da-onu\/","name":"O que a minha empresa tem a ver com os ODS da ONU?","isPartOf":{"@id":"https:\/\/www.suno.com.br\/noticias\/#website"},"datePublished":"2021-11-30T11:00:34+00:00","dateModified":"2021-12-01T01:07:46+00:00","description":"Quest\u00f5es como as mudan\u00e7as clim\u00e1ticas fazem crescer a responsabilidade por uma atua\u00e7\u00e3o socioambiental mais respons\u00e1vel do setor privado","breadcrumb":{"@id":"https:\/\/www.suno.com.br\/noticias\/colunas\/patricia-nader\/o-que-a-minha-empresa-tem-a-ver-com-os-ods-da-onu\/#breadcrumb"},"inLanguage":"pt-BR","potentialAction":[{"@type":"ReadAction","target":["https:\/\/www.suno.com.br\/noticias\/colunas\/patricia-nader\/o-que-a-minha-empresa-tem-a-ver-com-os-ods-da-onu\/"]}]},{"@type":"BreadcrumbList","@id":"https:\/\/www.suno.com.br\/noticias\/colunas\/patricia-nader\/o-que-a-minha-empresa-tem-a-ver-com-os-ods-da-onu\/#breadcrumb","itemListElement":[{"@type":"ListItem","position":1,"name":"Not\u00edcias","item":"https:\/\/www.suno.com.br\/noticias\/"},{"@type":"ListItem","position":2,"name":"Colunas","item":"https:\/\/www.suno.com.br\/noticias\/colunas\/"},{"@type":"ListItem","position":3,"name":"O que a minha empresa tem a ver com os ODS da ONU?"}]},{"@type":"WebSite","@id":"https:\/\/www.suno.com.br\/noticias\/#website","url":"https:\/\/www.suno.com.br\/noticias\/","name":"Suno Not\u00edcias","description":"Seu portal de informa\u00e7\u00e3o sobre o mundo dos investimentos","publisher":{"@id":"https:\/\/www.suno.com.br\/noticias\/#organization"},"potentialAction":[{"@type":"SearchAction","target":{"@type":"EntryPoint","urlTemplate":"https:\/\/www.suno.com.br\/noticias\/?s={search_term_string}"},"query-input":{"@type":"PropertyValueSpecification","valueRequired":true,"valueName":"search_term_string"}}],"inLanguage":"pt-BR"},{"@type":"Organization","@id":"https:\/\/www.suno.com.br\/noticias\/#organization","name":"Suno Not\u00edcias","url":"https:\/\/www.suno.com.br\/noticias\/","logo":{"@type":"ImageObject","inLanguage":"pt-BR","@id":"https:\/\/www.suno.com.br\/noticias\/#\/schema\/logo\/image\/","url":"https:\/\/files.sunoresearch.com.br\/n\/uploads\/2021\/09\/suno-logo.png","contentUrl":"https:\/\/files.sunoresearch.com.br\/n\/uploads\/2021\/09\/suno-logo.png","width":180,"height":180,"caption":"Suno Not\u00edcias"},"image":{"@id":"https:\/\/www.suno.com.br\/noticias\/#\/schema\/logo\/image\/"},"sameAs":["https:\/\/facebook.com\/sunoresearch","https:\/\/x.com\/sunoresearch","https:\/\/www.instagram.com\/suno","https:\/\/www.linkedin.com\/company\/suno-research\/","https:\/\/www.youtube.com\/c\/sunoresearch"]},{"@type":"Person","@id":"https:\/\/www.suno.com.br\/noticias\/#\/schema\/person\/b9ad62806e82b4cbc9dc7ec64995ebce","name":"Patricia Nader","image":{"@type":"ImageObject","inLanguage":"pt-BR","@id":"https:\/\/www.suno.com.br\/noticias\/#\/schema\/person\/image\/","url":"https:\/\/secure.gravatar.com\/avatar\/441af85cd0c4e38404f2f9059eb0dd4d?s=96&r=g","contentUrl":"https:\/\/secure.gravatar.com\/avatar\/441af85cd0c4e38404f2f9059eb0dd4d?s=96&r=g","caption":"Patricia Nader"},"description":"Patricia \u00e9 s\u00f3cia e Head de Impacto e Rela\u00e7\u00f5es com Investidores na Good Karma Partners, gestora de investimentos de impacto. Patricia tem mais de 10 anos de experi\u00eancia em desenvolvimento de neg\u00f3cios e planejamento estrat\u00e9gico em empresas como Rabobank, Novozymes e Cargill","url":"https:\/\/www.suno.com.br\/noticias\/author\/patricia-nader\/"}]}},"amp_enabled":true,"_links":{"self":[{"href":"https:\/\/www.suno.com.br\/noticias\/wp-json\/wp\/v2\/suno_column\/209893"}],"collection":[{"href":"https:\/\/www.suno.com.br\/noticias\/wp-json\/wp\/v2\/suno_column"}],"about":[{"href":"https:\/\/www.suno.com.br\/noticias\/wp-json\/wp\/v2\/types\/suno_column"}],"author":[{"embeddable":true,"href":"https:\/\/www.suno.com.br\/noticias\/wp-json\/wp\/v2\/users\/135"}],"wp:attachment":[{"href":"https:\/\/www.suno.com.br\/noticias\/wp-json\/wp\/v2\/media?parent=209893"}],"wp:term":[{"taxonomy":"post_tag","embeddable":true,"href":"https:\/\/www.suno.com.br\/noticias\/wp-json\/wp\/v2\/tags?post=209893"}],"curies":[{"name":"wp","href":"https:\/\/api.w.org\/{rel}","templated":true}]}}