{"id":209809,"date":"2021-11-29T09:53:08","date_gmt":"2021-11-29T12:53:08","guid":{"rendered":"https:\/\/www.suno.com.br\/noticias\/colunas\/felipe-areia\/\/"},"modified":"2021-11-29T09:53:08","modified_gmt":"2021-11-29T12:53:08","slug":"quinta-onda-covid","status":"publish","type":"suno_column","link":"https:\/\/www.suno.com.br\/noticias\/colunas\/julio-hegedus-netto\/quinta-onda-covid\/","title":{"rendered":"Quinta onda de covid?"},"content":{"rendered":"<p>Iniciamos esta semana com v\u00e1rios pa\u00edses fechando suas fronteiras, na expectativa sobre a <a href=\"https:\/\/www.suno.com.br\/noticias\/o-que-se-sabe-variante-africana-covid-19-coronavirus\/\">intensidade desta nova cepa, \u00d4micron<\/a>, e se as vacinas dispon\u00edveis s\u00e3o eficazes (ou n\u00e3o). A Associa\u00e7\u00e3o M\u00e9dica da \u00c1frica do Sul indica, por enquanto, que os sintomas s\u00e3o \u201crelativamente leves\u201d, e a OMS n\u00e3o a distingue de outras cepas. Aguardemos os pr\u00f3ximos eventos.<\/p>\n\t<p>\n\t\t<a href=\"https:\/\/lp.suno.com.br\/planilha-controle-gastos\/\" target=\"_blank\" data-element=\"shortcode-suno-banner\" title=\"Banner SUNO, clique e saiba mais\">\n\t\t\t<picture>\n\t\t\t\t<source media=\"(max-width: 500px)\" srcset=\"https:\/\/files.sunoresearch.com.br\/n\/uploads\/2023\/03\/400x300-Planilha-controle-de-gastos.png\">\n\t\t\t\t<img class=\"newsContent__article__imgCapa newsContent__article__imgCapa--banner\"\n\t\t\t\t\tsrc=\"https:\/\/files.sunoresearch.com.br\/n\/uploads\/2023\/03\/1420x240-Planilha-controle-de-gastos.png\"\n\t\t\t\t\tdata-promo-id=\"101751\"\t\t\t\t\t\t\t\t\t\twidth='1420' height='240'\t\t\t\t\talt=\"https:\/\/files.sunoresearch.com.br\/n\/uploads\/2023\/03\/1420x240-Planilha-controle-de-gastos.png\"\n\t\t\t\t>\n\t\t\t<\/picture>\n\t\t<\/a>\n\t<\/p>\n\n\n<p>Sobre a agenda da semana, prevemos mais volatilidade, sendo destaque, al\u00e9m da nova cepa, uma s\u00e9rie de indicadores, como nos EUA o payroll e a taxa de desemprego na sexta-feira, e no Brasil o PIB do terceiro trimestre, dados fiscais e o IGP-M. Importante tamb\u00e9m sabermos como deve transcorrer as vota\u00e7\u00f5es da PEC dos precat\u00f3rios, ainda cercada de pol\u00eamicas e rea\u00e7\u00f5es negativas.<\/p>\n<p><strong>Sobre a Covid<\/strong>. O laborat\u00f3rio Moderna n\u00e3o descarta que esta cepa escape das vacinas atuais e uma nova vacina esteja dispon\u00edvel no in\u00edcio do ano novo. Neste cen\u00e1rio, a vacina\u00e7\u00e3o se torna algo ainda mais urgente, ainda mais quando se sabe que os pa\u00edses que experimentam uma nova onda agora s\u00e3o aqueles em que o ciclo de vacina\u00e7\u00e3o est\u00e1 mais atrasado. N\u00e3o cabe aqui debater a tal \u201cliberdade\u201d, quando se sabe que uma pessoa n\u00e3o tomando, se pegar o v\u00edrus, contamina outras, mesmo estas que tenham tomado. Todas as vacinas dispon\u00edveis s\u00e3o relativamente eficazes, mas n\u00e3o 100%.<\/p>\n<p>O fato \u00e9 que esta cepa, se for t\u00e3o grave e agressiva, como se especula, deve representar uma \u201cnova onda\u201d de lockdowns, e mesmo revers\u00e3o da recupera\u00e7\u00e3o econ\u00f4mica. Na Europa, segundo a plataforma Our World in Data, a maior m\u00e9dia de mortes por Covid desde fevereiro, aconteceu nestes \u00faltimos sete dias. Foram 5,2 mortes por milh\u00e3o de habitantes. E isso acontece num cen\u00e1rio em que a infla\u00e7\u00e3o amea\u00e7a o velho continente, pelos problemas de sempre, como falta de insumos, gargalos de produ\u00e7\u00e3o, excesso de demanda, alta das commodities, destaque para o petr\u00f3leo e o g\u00e1s natural.<\/p>\n<figure id=\"attachment_209810\" aria-describedby=\"caption-attachment-209810\" style=\"width: 435px\" class=\"wp-caption alignnone\"><img loading=\"lazy\" decoding=\"async\" class=\"size-full wp-image-209810\" src=\"https:\/\/files.sunoresearch.com.br\/n\/uploads\/2021\/11\/Imagem1-3.png\" alt=\"Doses de vacina aplicadas por 100 pessoas\" width=\"435\" height=\"271\" srcset=\"https:\/\/files.sunoresearch.com.br\/n\/uploads\/2021\/11\/Imagem1-3.png 435w, https:\/\/files.sunoresearch.com.br\/n\/uploads\/2021\/11\/Imagem1-3-300x187.png 300w, https:\/\/files.sunoresearch.com.br\/n\/uploads\/2021\/11\/Imagem1-3-150x93.png 150w\" sizes=\"(max-width: 435px) 100vw, 435px\" \/><figcaption id=\"caption-attachment-209810\" class=\"wp-caption-text\">Doses de vacina aplicadas por 100 pessoas<\/figcaption><\/figure>\n<p>No Reino Unido a impress\u00e3o que se tem \u00e9 que esta nova variante n\u00e3o reinicie a pandemia numa popula\u00e7\u00e3o amplamente vacinada. O que chama a aten\u00e7\u00e3o dos especialistas sobre a \u00d4micron \u00e9 a sua ampla capacidade de muta\u00e7\u00e3o, mais de 30, em sua prote\u00edna spike, mais do que o dobro da Delta, o que alarma a todos. Por outro lado, a localiza\u00e7\u00e3o das muta\u00e7\u00f5es indica que as vacinas ainda podem ser eficazes. S\u00e3o as mesmas da Alfa, Beta, Gama e Delta. Mesmo assim, j\u00e1 s\u00e3o v\u00e1rios os pa\u00edses correndo para uma dose de refor\u00e7o, descartando os seis meses regulamentares.<\/p>\n<p><strong>Uma observa\u00e7\u00e3o alarmante<\/strong>. O continente africano, entre os 50 pa\u00edses, possui apenas 6,6% de popula\u00e7\u00e3o totalmente vacinada e apenas 9,8% com a primeira dose. E isso n\u00e3o \u00e9 por falta de vacinas, j\u00e1 que 45% das mais de 400 milh\u00f5es de doses recebidas ainda n\u00e3o foram aplicadas. Isso nos coloca diante do desafio de pa\u00edses corruptos e desorganizados nas suas pol\u00edticas de sa\u00fade. H\u00e1 tamb\u00e9m a incapacidade de chegar a \u00e1reas isoladas do continente. E o pior \u00e9 que as taxas de vacina\u00e7\u00e3o seguem baixas entre os grupos priorit\u00e1rios. Entre os profissionais de sa\u00fade em 25 pa\u00edses africanos, apenas 27% est\u00e3o vacinados contra a Covid, segundo a OMS da regi\u00e3o. Na \u00c1frica do Sul, os totalmente vacinados s\u00e3o 25% entre o total da popula\u00e7\u00e3o e 35% entre os adultos. Segundo os \u00f3rg\u00e3os de Sa\u00fade, entre os que tomaram as duas doses, totalmente vacinados, os sintomas da \u00d4micron s\u00e3o leves. No entanto, o n\u00famero de n\u00e3o vacinados e a aus\u00eancia de restri\u00e7\u00f5es ao circular, podem tornar o continente africano um celeiro de novas cepas.<\/p>\n<p>Diante disso, o mundo come\u00e7a a se mobilizar para barrar os voos de muitos pa\u00edses da \u00c1frica.<\/p>\n\t<p>\n\t\t<a href=\"https:\/\/lp.suno.com.br\/planilha-da-vida-financeira\/\" target=\"_blank\" data-element=\"shortcode-suno-banner\" title=\"Banner SUNO, clique e saiba mais\">\n\t\t\t<picture>\n\t\t\t\t<source media=\"(max-width: 500px)\" srcset=\"https:\/\/files.sunoresearch.com.br\/n\/uploads\/2023\/04\/400x300-Planilha-vida-financeira-true.png\">\n\t\t\t\t<img class=\"newsContent__article__imgCapa newsContent__article__imgCapa--banner\"\n\t\t\t\t\tsrc=\"https:\/\/files.sunoresearch.com.br\/n\/uploads\/2023\/04\/1420x240-Planilha-vida-financeira-true.png\"\n\t\t\t\t\tdata-promo-id=\"106682\"\t\t\t\t\t\t\t\t\t\twidth='1420' height='240'\t\t\t\t\talt=\"https:\/\/files.sunoresearch.com.br\/n\/uploads\/2023\/04\/1420x240-Planilha-vida-financeira-true.png\"\n\t\t\t\t>\n\t\t\t<\/picture>\n\t\t<\/a>\n\t<\/p>\n\n\n<p><strong>PEC dos precat\u00f3rios<\/strong><br \/>\nDepois da leitura de Fernando Bezerra, relator, na CCJ, quarta-feira passada (dia 24), o pr\u00f3ximo passo ser\u00e1 a vota\u00e7\u00e3o em comiss\u00e3o no dia 30 de novembro. Segundo pesquisas no mercado, 11 dos 27 senadores na comiss\u00e3o n\u00e3o est\u00e3o definidos, 6 s\u00e3o favor\u00e1veis e 10 c0ntr\u00e1rios. A necessidade \u00e9 de maioria simples para que a PEC seja aprovada e encaminhada ao plen\u00e1rio do Senado, mas n\u00e3o descartamos seu retorno \u00e0 C\u00e2mara, tal a quantidade de altera\u00e7\u00f5es.<\/p>\n<p><strong>Nos EUA<\/strong><br \/>\nEstejamos atentos aos discursos de <a class=\"suno-keyword\" href=\"https:\/\/www.suno.com.br\/tudo-sobre\/jerome-powell\/\" target=\"_blank\" rel=\"noopener\" data-force=\"no\" data-priority=\"2\">Jerome Powell<\/a> e de Janet Yellen na ter\u00e7a-feira. O \u201cestado de arte\u201d ser\u00e1 saber como os EUA devem transitar neste momento de transi\u00e7\u00e3o do tapering, em debate, qual sua intensidade, a abrir espa\u00e7o para o ciclo de juro. Muito se comenta que o tapering ser\u00e1 intensificado para ir at\u00e9 mar\u00e7o, e n\u00e3o junho, abrindo espa\u00e7o para o juro come\u00e7ar a ser elevado. Comenta-se sobre duas ou tr\u00eas eleva\u00e7\u00f5es, em junho, setembro ou dezembro.<\/p>\n<p>Um relat\u00f3rio mais robusto de gera\u00e7\u00e3o de empregos de novembro (payroll) nesta semana, pode vir a refor\u00e7ar a necessidade de intensifica\u00e7\u00e3o do tapering, por enquanto em US$ 120 bilh\u00f5es mensais at\u00e9 dezembro. Acreditamos que em janeiro deve ser alterado, depois de decis\u00e3o na reuni\u00e3o do FOMC de dezembro. Uma nova onda da pandemia, no entanto, pode alterar esta estrat\u00e9gia.<\/p>\n\t<p>\n\t\t<a href=\"https:\/\/lp.suno.com.br\/ebook-como-analisar-uma-acao\/\" target=\"_blank\" data-element=\"shortcode-suno-banner\" title=\"Banner SUNO, clique e saiba mais\">\n\t\t\t<picture>\n\t\t\t\t<source media=\"(max-width: 500px)\" srcset=\"https:\/\/files.sunoresearch.com.br\/n\/uploads\/2023\/03\/Ebook-Acoes-Mobile-1.jpg\">\n\t\t\t\t<img class=\"newsContent__article__imgCapa newsContent__article__imgCapa--banner\"\n\t\t\t\t\tsrc=\"https:\/\/files.sunoresearch.com.br\/n\/uploads\/2023\/03\/Ebook-Acoes-Desktop-1.jpg\"\n\t\t\t\t\tdata-promo-id=\"171998\"\t\t\t\t\t\t\t\t\t\twidth='1420' height='286'\t\t\t\t\talt=\"https:\/\/files.sunoresearch.com.br\/n\/uploads\/2023\/03\/Ebook-Acoes-Desktop-1.jpg\"\n\t\t\t\t>\n\t\t\t<\/picture>\n\t\t<\/a>\n\t<\/p>\n\n\n<p><strong>Reuni\u00e3o da Opep+<\/strong><br \/>\nA <strong>cota\u00e7\u00e3o do barril de petr\u00f3leo<\/strong>, na sexta tendo recuado abaixo de US$ 70, mobiliza a todos para esta reuni\u00e3o de quinta-feira. Isso foi uma resposta ao surgimento da nova variante \u00d4micron, com os pa\u00edses restringindo as viagens, o que deve gerar um excesso de fornecimento de petr\u00f3leo neste final de ano. Na reuni\u00e3o marcada, depois dos EUA e outros pa\u00edses liberarem suas reservas de emerg\u00eancia, para reduzir o pre\u00e7o do barril, a expectativa \u00e9 saber como a Ar\u00e1bia Saudita deve se comportar. Por ora, tem se mantido o aumento de produ\u00e7\u00e3o mensal a 400 mil barris dia, desde agosto, mesmo com os apelos dos pa\u00edses.<\/p>\n<figure id=\"attachment_209811\" aria-describedby=\"caption-attachment-209811\" style=\"width: 423px\" class=\"wp-caption alignnone\"><img loading=\"lazy\" decoding=\"async\" class=\"wp-image-209811 size-full\" style=\"background: greenyellow;\" src=\"https:\/\/files.sunoresearch.com.br\/n\/uploads\/2021\/11\/Imagem2-1.png\" alt=\"Pre\u00e7o do barril de petr\u00f3leo WTI e do petr\u00f3leo Brent\" width=\"423\" height=\"244\" data-force=\"no\" data-priority=\"1\" srcset=\"https:\/\/files.sunoresearch.com.br\/n\/uploads\/2021\/11\/Imagem2-1.png 423w, https:\/\/files.sunoresearch.com.br\/n\/uploads\/2021\/11\/Imagem2-1-300x173.png 300w, https:\/\/files.sunoresearch.com.br\/n\/uploads\/2021\/11\/Imagem2-1-150x87.png 150w\" sizes=\"(max-width: 423px) 100vw, 423px\" \/><figcaption id=\"caption-attachment-209811\" class=\"wp-caption-text\">Cota\u00e7\u00e3o do barril de petr\u00f3leo WTI e do petr\u00f3leo Brent<\/figcaption><\/figure>\n<p><strong>Zona do Euro<\/strong><br \/>\nEstejamos atentos ao CPI da regi\u00e3o na ter\u00e7a-feira. Em outubro este registrou 4,1%, a taxa mais alta em 13 anos, devendo se manter acima de 2% nesta de novembro. Ainda temos o CPI da Alemanha, Espanha e Fran\u00e7a nesta semana.<\/p>\n<figure id=\"attachment_209815\" aria-describedby=\"caption-attachment-209815\" style=\"width: 940px\" class=\"wp-caption alignnone\"><img loading=\"lazy\" decoding=\"async\" class=\"size-full wp-image-209815\" src=\"https:\/\/files.sunoresearch.com.br\/n\/uploads\/2021\/11\/Imagem3-1.png\" alt=\"Infla\u00e7\u00e3o na Zona do Euro\" width=\"940\" height=\"548\" srcset=\"https:\/\/files.sunoresearch.com.br\/n\/uploads\/2021\/11\/Imagem3-1.png 940w, https:\/\/files.sunoresearch.com.br\/n\/uploads\/2021\/11\/Imagem3-1-300x175.png 300w, https:\/\/files.sunoresearch.com.br\/n\/uploads\/2021\/11\/Imagem3-1-768x448.png 768w, https:\/\/files.sunoresearch.com.br\/n\/uploads\/2021\/11\/Imagem3-1-150x87.png 150w\" sizes=\"(max-width: 940px) 100vw, 940px\" \/><figcaption id=\"caption-attachment-209815\" class=\"wp-caption-text\">Infla\u00e7\u00e3o na Zona do Euro<\/figcaption><\/figure>\n<p><strong>MERCADOS<\/strong><\/p>\n<p>Na sexta-feira (dia 26), preg\u00e3o em riskoff, Ibovespa mergulhando 3,39%, a 102.224 pontos, no mercado cambial, d\u00f3lar em alta de 0,55%, a R$ 5,5965. Acreditamos que nesta segunda-feira, diante da perspectiva da cepa ser \u201cleve\u201d, uma virada no mercado deve ocorrer, com os investidores indo \u00e0s compras.<\/p>\n<p>Na madrugada do dia 29\/11, na Europa (05h12), os mercados futuros operavam em ALTA: DAX (Alemanha) +0,66%, a 15.357 pontos; <a class=\"suno-keyword\" href=\"https:\/\/www.suno.com.br\/artigos\/ftse-100\/\" target=\"_blank\" rel=\"noopener\" data-force=\"no\" data-priority=\"1\">FTSE 100<\/a> (Reino Unido), +0,70%, a 7.093 pontos; <a class=\"suno-keyword\" href=\"https:\/\/www.suno.com.br\/artigos\/cac-40\/\" target=\"_blank\" rel=\"noopener\" data-force=\"no\" data-priority=\"1\">CAC 40<\/a> +0,89%, a 6.799 pontos, e EuroStoxx50 +1,10%, a 4.134 pontos.<\/p>\n<p>Na madrugada do dia 29\/11, na \u00c1sia (05h11), os mercados operaram em QUEDA: S&amp;P\/ASX (Austr\u00e1lia), -0,54%, a 7.239 pontos; Nikkei (Jap\u00e3o) -1,63%, a 28.283 pontos; KOSPI (Cor\u00e9ia), -0,92%, a 2.909 pontos; Shanghai -0,04%, a 3.562, e <a class=\"suno-keyword\" href=\"https:\/\/www.suno.com.br\/artigos\/hang-seng\/\" target=\"_blank\" rel=\"noopener\" data-force=\"no\" data-priority=\"1\">Hang Seng<\/a>, -1,06%, a 24.825 pontos.<\/p>\n<p>No futuro nos EUA, as bolsas de NY, NO <a class=\"suno-keyword\" href=\"https:\/\/www.suno.com.br\/artigos\/contrato-futuro\/\" target=\"_blank\" rel=\"noopener\" data-force=\"no\" data-priority=\"1\">MERCADO FUTURO<\/a>, operavam em ALTA neste dia 29\/11 (07h00): Dow Jones, +0,36%, 34.982 pontos; S&amp;P 500, +0,59%, a 4.622 pontos, e Nasdaq +0,91%, a 16.171 pontos. No VIX S&amp;P500, 23,80 pontos, -10,33%. No mercado de Treasuries, US 2Y AVAN\u00c7ANDO 3,71%, a 0,5393, US 10Y +3,45%, a 1,536 e US 30Y, +2,64%, a 1,878. No DXY, o d\u00f3lar +0,09%, a 96,195, e <a class=\"suno-keyword\" href=\"https:\/\/www.suno.com.br\/artigos\/embi\/\" target=\"_blank\" rel=\"noopener\" data-force=\"no\" data-priority=\"1\">risco pa\u00eds<\/a>, CDS 5 ANOS, a 265,8 pontos. Petr\u00f3leo WTI, a US$ 71,48 (+4,89%) e Petr\u00f3leo Brent US$ 74,75 (-4,41%). G\u00e1s Natural RECUANDO 6,92%, a US$ 5,10 e Min\u00e9rio de Ferro, 4,77%, a US$ 614,50.<\/p>\n\t<p>\n\t\t<a href=\"https:\/\/lp.suno.com.br\/planilha-de-controle-de-investimentos\/\" target=\"_blank\" data-element=\"shortcode-suno-banner\" title=\"Banner SUNO, clique e saiba mais\">\n\t\t\t<picture>\n\t\t\t\t<source media=\"(max-width: 500px)\" srcset=\"https:\/\/files.sunoresearch.com.br\/n\/uploads\/2023\/03\/400x300-Controle-de-Investimentos.png\">\n\t\t\t\t<img class=\"newsContent__article__imgCapa newsContent__article__imgCapa--banner\"\n\t\t\t\t\tsrc=\"https:\/\/files.sunoresearch.com.br\/n\/uploads\/2023\/03\/1420x240-Controle-de-Investimentos.png\"\n\t\t\t\t\tdata-promo-id=\"75934\"\t\t\t\t\t\t\t\t\t\twidth='1420' height='240'\t\t\t\t\talt=\"https:\/\/files.sunoresearch.com.br\/n\/uploads\/2023\/03\/1420x240-Controle-de-Investimentos.png\"\n\t\t\t\t>\n\t\t\t<\/picture>\n\t\t<\/a>\n\t<\/p>\n\n\n<p>Na agenda desta semana, estejamos atentos aos dados de mercado de trabalho nos EUA e os discursos de Jerome Powell na ter\u00e7a-feira. Um relat\u00f3rio mais robusto de gera\u00e7\u00e3o de empregos de novembro, em torno de 550 mil, com o desemprego a 4,5% da PEA, pode estimular a acelera\u00e7\u00e3o do tapering. Por l\u00e1, ainda temos os dados do ISM de manufatura e servi\u00e7os, al\u00e9m das vendas pendentes de im\u00f3veis, <a class=\"suno-keyword\" href=\"https:\/\/www.suno.com.br\/artigos\/confianca-do-consumidor\/\" target=\"_blank\" rel=\"noopener\" data-force=\"no\" data-priority=\"1\">confian\u00e7a do consumidor<\/a> e <a class=\"suno-keyword\" href=\"https:\/\/www.suno.com.br\/artigos\/livro-bege\/\" target=\"_blank\" rel=\"noopener\" data-force=\"no\" data-priority=\"1\">Livro Bege<\/a> do Fed na quarta-feira.<\/p>\n<p>No Brasil, nesta segunda-feira (dia 29), temos o IGP-M de novembro, projetando 0,25%, desacelerando frente ao m\u00eas anterior (0,64%). Temos tamb\u00e9m a pesquisa Focus, cada vez mais importante, por indicar caminhos para as pol\u00edticas econ\u00f4micas do Pa\u00eds. Na ter\u00e7a-feira (30), dados do mercado de trabalho, como o Caged e a taxa de desemprego, do IBGE. Em paralelo, temos os dados fiscais do governo central. Quarta-feira (01) \u00e9 dia de PPI, PMI Industrial e balan\u00e7a comercial. Na quinta-feira (02), destaque para o PIB do terceiro trimestre, na expectativa de avan\u00e7o de 0,1% contra o anterior e 4,2% na taxa anual. Lembremos que o PIB anterior recuou 0,2%, avan\u00e7ando 12,4% contra o mesmo trimestre do ano passado. Ainda teremos neste dia o IPC da Fipe de novembro. Na sexta (03), a produ\u00e7\u00e3o industrial, pelo PIM do IBGE, de outubro, o PMI Composto e de Servi\u00e7os, ambos de novembro.<\/p>\n\t<p>\n\t\t<a href=\"\" target=\"_blank\" data-element=\"shortcode-suno-banner\" title=\"Banner SUNO, clique e saiba mais\">\n\t\t\t<picture>\n\t\t\t\t<source media=\"(max-width: 500px)\" srcset=\"\">\n\t\t\t\t<img class=\"newsContent__article__imgCapa newsContent__article__imgCapa--banner\"\n\t\t\t\t\tsrc=\"\"\n\t\t\t\t\tdata-promo-id=\"184190\"\t\t\t\t\t\t\t\t\t\t\t\t\t\t\talt=\"\"\n\t\t\t\t>\n\t\t\t<\/picture>\n\t\t<\/a>\n\t<\/p>\n\n\n","protected":false},"excerpt":{"rendered":"<p>Iniciamos esta semana com v\u00e1rios pa\u00edses fechando suas fronteiras, na expectativa sobre a intensidade desta nova cepa, \u00d4micron, e se as vacinas dispon\u00edveis s\u00e3o eficazes&#8230;<\/p>\n","protected":false},"author":82,"featured_media":0,"template":"","tags":[],"class_list":["post-209809","suno_column","type-suno_column","status-publish","hentry"],"yoast_head":"<!-- This site is optimized with the Yoast SEO plugin v24.4 - https:\/\/yoast.com\/wordpress\/plugins\/seo\/ -->\n<title>Quinta onda de covid? - Coluna de Julio Hegedus Netto<\/title>\n<meta name=\"description\" content=\"Leia a coluna de Julio Hegedus Netto, que prev\u00ea mais volatilidade com a nova variante \u00f4micron, al\u00e9m de Payroll nos EUA e PIB, dados fiscais e o IGP-M no Brasil\" \/>\n<meta name=\"robots\" content=\"index, follow, max-snippet:-1, max-image-preview:large, max-video-preview:-1\" \/>\n<link rel=\"canonical\" href=\"https:\/\/www.suno.com.br\/noticias\/colunas\/julio-hegedus-netto\/quinta-onda-covid\/\" \/>\n<meta property=\"og:locale\" content=\"pt_BR\" \/>\n<meta property=\"og:type\" content=\"article\" \/>\n<meta property=\"og:title\" content=\"Quinta onda de covid? - Coluna de Julio Hegedus Netto\" \/>\n<meta property=\"og:description\" content=\"Leia a coluna de Julio Hegedus Netto, que prev\u00ea mais volatilidade com a nova variante \u00f4micron, al\u00e9m de Payroll nos EUA e PIB, dados fiscais e o IGP-M no Brasil\" \/>\n<meta property=\"og:url\" content=\"https:\/\/www.suno.com.br\/noticias\/colunas\/julio-hegedus-netto\/quinta-onda-covid\/\" \/>\n<meta property=\"og:site_name\" content=\"Suno Not\u00edcias\" \/>\n<meta property=\"article:publisher\" content=\"https:\/\/facebook.com\/sunoresearch\" \/>\n<meta property=\"og:image\" content=\"https:\/\/files.sunoresearch.com.br\/n\/uploads\/2021\/11\/Imagem1-3.png\" \/>\n<meta name=\"twitter:card\" content=\"summary_large_image\" \/>\n<meta name=\"twitter:site\" content=\"@sunoresearch\" \/>\n<meta name=\"twitter:label1\" content=\"Est. tempo de leitura\" \/>\n\t<meta name=\"twitter:data1\" content=\"8 minutos\" \/>\n<script type=\"application\/ld+json\" class=\"yoast-schema-graph\">{\"@context\":\"https:\/\/schema.org\",\"@graph\":[{\"@type\":\"Article\",\"@id\":\"https:\/\/www.suno.com.br\/noticias\/colunas\/julio-hegedus-netto\/quinta-onda-covid\/#article\",\"isPartOf\":{\"@id\":\"https:\/\/www.suno.com.br\/noticias\/colunas\/julio-hegedus-netto\/quinta-onda-covid\/\"},\"author\":{\"name\":\"Julio Hegedus Netto\",\"@id\":\"https:\/\/www.suno.com.br\/noticias\/#\/schema\/person\/c5d31719f2f2f38c8d575fc08e55df1a\"},\"headline\":\"Quinta onda de covid?\",\"datePublished\":\"2021-11-29T12:53:08+00:00\",\"mainEntityOfPage\":{\"@id\":\"https:\/\/www.suno.com.br\/noticias\/colunas\/julio-hegedus-netto\/quinta-onda-covid\/\"},\"wordCount\":1569,\"publisher\":{\"@id\":\"https:\/\/www.suno.com.br\/noticias\/#organization\"},\"image\":{\"@id\":\"https:\/\/www.suno.com.br\/noticias\/colunas\/julio-hegedus-netto\/quinta-onda-covid\/#primaryimage\"},\"thumbnailUrl\":\"https:\/\/files.sunoresearch.com.br\/n\/uploads\/2021\/11\/Imagem1-3.png\",\"inLanguage\":\"pt-BR\"},{\"@type\":\"WebPage\",\"@id\":\"https:\/\/www.suno.com.br\/noticias\/colunas\/julio-hegedus-netto\/quinta-onda-covid\/\",\"url\":\"https:\/\/www.suno.com.br\/noticias\/colunas\/julio-hegedus-netto\/quinta-onda-covid\/\",\"name\":\"Quinta onda de covid? - Coluna de Julio Hegedus Netto\",\"isPartOf\":{\"@id\":\"https:\/\/www.suno.com.br\/noticias\/#website\"},\"primaryImageOfPage\":{\"@id\":\"https:\/\/www.suno.com.br\/noticias\/colunas\/julio-hegedus-netto\/quinta-onda-covid\/#primaryimage\"},\"image\":{\"@id\":\"https:\/\/www.suno.com.br\/noticias\/colunas\/julio-hegedus-netto\/quinta-onda-covid\/#primaryimage\"},\"thumbnailUrl\":\"https:\/\/files.sunoresearch.com.br\/n\/uploads\/2021\/11\/Imagem1-3.png\",\"datePublished\":\"2021-11-29T12:53:08+00:00\",\"description\":\"Leia a coluna de Julio Hegedus Netto, que prev\u00ea mais volatilidade com a nova variante \u00f4micron, al\u00e9m de Payroll nos EUA e PIB, dados fiscais e o IGP-M no Brasil\",\"breadcrumb\":{\"@id\":\"https:\/\/www.suno.com.br\/noticias\/colunas\/julio-hegedus-netto\/quinta-onda-covid\/#breadcrumb\"},\"inLanguage\":\"pt-BR\",\"potentialAction\":[{\"@type\":\"ReadAction\",\"target\":[\"https:\/\/www.suno.com.br\/noticias\/colunas\/julio-hegedus-netto\/quinta-onda-covid\/\"]}]},{\"@type\":\"ImageObject\",\"inLanguage\":\"pt-BR\",\"@id\":\"https:\/\/www.suno.com.br\/noticias\/colunas\/julio-hegedus-netto\/quinta-onda-covid\/#primaryimage\",\"url\":\"https:\/\/files.sunoresearch.com.br\/n\/uploads\/2021\/11\/Imagem1-3.png\",\"contentUrl\":\"https:\/\/files.sunoresearch.com.br\/n\/uploads\/2021\/11\/Imagem1-3.png\"},{\"@type\":\"BreadcrumbList\",\"@id\":\"https:\/\/www.suno.com.br\/noticias\/colunas\/julio-hegedus-netto\/quinta-onda-covid\/#breadcrumb\",\"itemListElement\":[{\"@type\":\"ListItem\",\"position\":1,\"name\":\"Not\u00edcias\",\"item\":\"https:\/\/www.suno.com.br\/noticias\/\"},{\"@type\":\"ListItem\",\"position\":2,\"name\":\"Colunas\",\"item\":\"https:\/\/www.suno.com.br\/noticias\/colunas\/\"},{\"@type\":\"ListItem\",\"position\":3,\"name\":\"Quinta onda de covid?\"}]},{\"@type\":\"WebSite\",\"@id\":\"https:\/\/www.suno.com.br\/noticias\/#website\",\"url\":\"https:\/\/www.suno.com.br\/noticias\/\",\"name\":\"Suno Not\u00edcias\",\"description\":\"Seu portal de informa\u00e7\u00e3o sobre o mundo dos investimentos\",\"publisher\":{\"@id\":\"https:\/\/www.suno.com.br\/noticias\/#organization\"},\"potentialAction\":[{\"@type\":\"SearchAction\",\"target\":{\"@type\":\"EntryPoint\",\"urlTemplate\":\"https:\/\/www.suno.com.br\/noticias\/?s={search_term_string}\"},\"query-input\":{\"@type\":\"PropertyValueSpecification\",\"valueRequired\":true,\"valueName\":\"search_term_string\"}}],\"inLanguage\":\"pt-BR\"},{\"@type\":\"Organization\",\"@id\":\"https:\/\/www.suno.com.br\/noticias\/#organization\",\"name\":\"Suno Not\u00edcias\",\"url\":\"https:\/\/www.suno.com.br\/noticias\/\",\"logo\":{\"@type\":\"ImageObject\",\"inLanguage\":\"pt-BR\",\"@id\":\"https:\/\/www.suno.com.br\/noticias\/#\/schema\/logo\/image\/\",\"url\":\"https:\/\/files.sunoresearch.com.br\/n\/uploads\/2021\/09\/suno-logo.png\",\"contentUrl\":\"https:\/\/files.sunoresearch.com.br\/n\/uploads\/2021\/09\/suno-logo.png\",\"width\":180,\"height\":180,\"caption\":\"Suno Not\u00edcias\"},\"image\":{\"@id\":\"https:\/\/www.suno.com.br\/noticias\/#\/schema\/logo\/image\/\"},\"sameAs\":[\"https:\/\/facebook.com\/sunoresearch\",\"https:\/\/x.com\/sunoresearch\",\"https:\/\/www.instagram.com\/suno\",\"https:\/\/www.linkedin.com\/company\/suno-research\/\",\"https:\/\/www.youtube.com\/c\/sunoresearch\"]},{\"@type\":\"Person\",\"@id\":\"https:\/\/www.suno.com.br\/noticias\/#\/schema\/person\/c5d31719f2f2f38c8d575fc08e55df1a\",\"name\":\"Julio Hegedus Netto\",\"image\":{\"@type\":\"ImageObject\",\"inLanguage\":\"pt-BR\",\"@id\":\"https:\/\/www.suno.com.br\/noticias\/#\/schema\/person\/image\/\",\"url\":\"https:\/\/secure.gravatar.com\/avatar\/870043f332ebddfffd4a9e3a5dd46c13?s=96&r=g\",\"contentUrl\":\"https:\/\/secure.gravatar.com\/avatar\/870043f332ebddfffd4a9e3a5dd46c13?s=96&r=g\",\"caption\":\"Julio Hegedus Netto\"},\"description\":\"Economista-chefe da Lopes Filho por 26 anos, com mestrado na UFF e na UCAM e doutorando em Portugal. Escrevo relat\u00f3rios para a OHM RESEARCH e disponibilizo conte\u00fados no IML, Investing.com, Linkedin e Suno Not\u00edcias.\",\"sameAs\":[\"https:\/\/jhn031299.blogspot.com\/\",\"https:\/\/www.facebook.com\/julio.hegedus.5\",\"https:\/\/www.linkedin.com\/in\/juliohegedusnetto\/\",\"https:\/\/x.com\/JuHegedus\"],\"url\":\"https:\/\/www.suno.com.br\/noticias\/author\/julio-hegedus-netto\/\"}]}<\/script>\n<!-- \/ Yoast SEO plugin. -->","yoast_head_json":{"title":"Quinta onda de covid? - Coluna de Julio Hegedus Netto","description":"Leia a coluna de Julio Hegedus Netto, que prev\u00ea mais volatilidade com a nova variante \u00f4micron, al\u00e9m de Payroll nos EUA e PIB, dados fiscais e o IGP-M no Brasil","robots":{"index":"index","follow":"follow","max-snippet":"max-snippet:-1","max-image-preview":"max-image-preview:large","max-video-preview":"max-video-preview:-1"},"canonical":"https:\/\/www.suno.com.br\/noticias\/colunas\/julio-hegedus-netto\/quinta-onda-covid\/","og_locale":"pt_BR","og_type":"article","og_title":"Quinta onda de covid? - Coluna de Julio Hegedus Netto","og_description":"Leia a coluna de Julio Hegedus Netto, que prev\u00ea mais volatilidade com a nova variante \u00f4micron, al\u00e9m de Payroll nos EUA e PIB, dados fiscais e o IGP-M no Brasil","og_url":"https:\/\/www.suno.com.br\/noticias\/colunas\/julio-hegedus-netto\/quinta-onda-covid\/","og_site_name":"Suno Not\u00edcias","article_publisher":"https:\/\/facebook.com\/sunoresearch","og_image":[{"url":"https:\/\/files.sunoresearch.com.br\/n\/uploads\/2021\/11\/Imagem1-3.png","type":"","width":"","height":""}],"twitter_card":"summary_large_image","twitter_site":"@sunoresearch","twitter_misc":{"Est. tempo de leitura":"8 minutos"},"schema":{"@context":"https:\/\/schema.org","@graph":[{"@type":"Article","@id":"https:\/\/www.suno.com.br\/noticias\/colunas\/julio-hegedus-netto\/quinta-onda-covid\/#article","isPartOf":{"@id":"https:\/\/www.suno.com.br\/noticias\/colunas\/julio-hegedus-netto\/quinta-onda-covid\/"},"author":{"name":"Julio Hegedus Netto","@id":"https:\/\/www.suno.com.br\/noticias\/#\/schema\/person\/c5d31719f2f2f38c8d575fc08e55df1a"},"headline":"Quinta onda de covid?","datePublished":"2021-11-29T12:53:08+00:00","mainEntityOfPage":{"@id":"https:\/\/www.suno.com.br\/noticias\/colunas\/julio-hegedus-netto\/quinta-onda-covid\/"},"wordCount":1569,"publisher":{"@id":"https:\/\/www.suno.com.br\/noticias\/#organization"},"image":{"@id":"https:\/\/www.suno.com.br\/noticias\/colunas\/julio-hegedus-netto\/quinta-onda-covid\/#primaryimage"},"thumbnailUrl":"https:\/\/files.sunoresearch.com.br\/n\/uploads\/2021\/11\/Imagem1-3.png","inLanguage":"pt-BR"},{"@type":"WebPage","@id":"https:\/\/www.suno.com.br\/noticias\/colunas\/julio-hegedus-netto\/quinta-onda-covid\/","url":"https:\/\/www.suno.com.br\/noticias\/colunas\/julio-hegedus-netto\/quinta-onda-covid\/","name":"Quinta onda de covid? - Coluna de Julio Hegedus Netto","isPartOf":{"@id":"https:\/\/www.suno.com.br\/noticias\/#website"},"primaryImageOfPage":{"@id":"https:\/\/www.suno.com.br\/noticias\/colunas\/julio-hegedus-netto\/quinta-onda-covid\/#primaryimage"},"image":{"@id":"https:\/\/www.suno.com.br\/noticias\/colunas\/julio-hegedus-netto\/quinta-onda-covid\/#primaryimage"},"thumbnailUrl":"https:\/\/files.sunoresearch.com.br\/n\/uploads\/2021\/11\/Imagem1-3.png","datePublished":"2021-11-29T12:53:08+00:00","description":"Leia a coluna de Julio Hegedus Netto, que prev\u00ea mais volatilidade com a nova variante \u00f4micron, al\u00e9m de Payroll nos EUA e PIB, dados fiscais e o IGP-M no Brasil","breadcrumb":{"@id":"https:\/\/www.suno.com.br\/noticias\/colunas\/julio-hegedus-netto\/quinta-onda-covid\/#breadcrumb"},"inLanguage":"pt-BR","potentialAction":[{"@type":"ReadAction","target":["https:\/\/www.suno.com.br\/noticias\/colunas\/julio-hegedus-netto\/quinta-onda-covid\/"]}]},{"@type":"ImageObject","inLanguage":"pt-BR","@id":"https:\/\/www.suno.com.br\/noticias\/colunas\/julio-hegedus-netto\/quinta-onda-covid\/#primaryimage","url":"https:\/\/files.sunoresearch.com.br\/n\/uploads\/2021\/11\/Imagem1-3.png","contentUrl":"https:\/\/files.sunoresearch.com.br\/n\/uploads\/2021\/11\/Imagem1-3.png"},{"@type":"BreadcrumbList","@id":"https:\/\/www.suno.com.br\/noticias\/colunas\/julio-hegedus-netto\/quinta-onda-covid\/#breadcrumb","itemListElement":[{"@type":"ListItem","position":1,"name":"Not\u00edcias","item":"https:\/\/www.suno.com.br\/noticias\/"},{"@type":"ListItem","position":2,"name":"Colunas","item":"https:\/\/www.suno.com.br\/noticias\/colunas\/"},{"@type":"ListItem","position":3,"name":"Quinta onda de covid?"}]},{"@type":"WebSite","@id":"https:\/\/www.suno.com.br\/noticias\/#website","url":"https:\/\/www.suno.com.br\/noticias\/","name":"Suno Not\u00edcias","description":"Seu portal de informa\u00e7\u00e3o sobre o mundo dos investimentos","publisher":{"@id":"https:\/\/www.suno.com.br\/noticias\/#organization"},"potentialAction":[{"@type":"SearchAction","target":{"@type":"EntryPoint","urlTemplate":"https:\/\/www.suno.com.br\/noticias\/?s={search_term_string}"},"query-input":{"@type":"PropertyValueSpecification","valueRequired":true,"valueName":"search_term_string"}}],"inLanguage":"pt-BR"},{"@type":"Organization","@id":"https:\/\/www.suno.com.br\/noticias\/#organization","name":"Suno Not\u00edcias","url":"https:\/\/www.suno.com.br\/noticias\/","logo":{"@type":"ImageObject","inLanguage":"pt-BR","@id":"https:\/\/www.suno.com.br\/noticias\/#\/schema\/logo\/image\/","url":"https:\/\/files.sunoresearch.com.br\/n\/uploads\/2021\/09\/suno-logo.png","contentUrl":"https:\/\/files.sunoresearch.com.br\/n\/uploads\/2021\/09\/suno-logo.png","width":180,"height":180,"caption":"Suno Not\u00edcias"},"image":{"@id":"https:\/\/www.suno.com.br\/noticias\/#\/schema\/logo\/image\/"},"sameAs":["https:\/\/facebook.com\/sunoresearch","https:\/\/x.com\/sunoresearch","https:\/\/www.instagram.com\/suno","https:\/\/www.linkedin.com\/company\/suno-research\/","https:\/\/www.youtube.com\/c\/sunoresearch"]},{"@type":"Person","@id":"https:\/\/www.suno.com.br\/noticias\/#\/schema\/person\/c5d31719f2f2f38c8d575fc08e55df1a","name":"Julio Hegedus Netto","image":{"@type":"ImageObject","inLanguage":"pt-BR","@id":"https:\/\/www.suno.com.br\/noticias\/#\/schema\/person\/image\/","url":"https:\/\/secure.gravatar.com\/avatar\/870043f332ebddfffd4a9e3a5dd46c13?s=96&r=g","contentUrl":"https:\/\/secure.gravatar.com\/avatar\/870043f332ebddfffd4a9e3a5dd46c13?s=96&r=g","caption":"Julio Hegedus Netto"},"description":"Economista-chefe da Lopes Filho por 26 anos, com mestrado na UFF e na UCAM e doutorando em Portugal. Escrevo relat\u00f3rios para a OHM RESEARCH e disponibilizo conte\u00fados no IML, Investing.com, Linkedin e Suno Not\u00edcias.","sameAs":["https:\/\/jhn031299.blogspot.com\/","https:\/\/www.facebook.com\/julio.hegedus.5","https:\/\/www.linkedin.com\/in\/juliohegedusnetto\/","https:\/\/x.com\/JuHegedus"],"url":"https:\/\/www.suno.com.br\/noticias\/author\/julio-hegedus-netto\/"}]}},"amp_enabled":true,"_links":{"self":[{"href":"https:\/\/www.suno.com.br\/noticias\/wp-json\/wp\/v2\/suno_column\/209809"}],"collection":[{"href":"https:\/\/www.suno.com.br\/noticias\/wp-json\/wp\/v2\/suno_column"}],"about":[{"href":"https:\/\/www.suno.com.br\/noticias\/wp-json\/wp\/v2\/types\/suno_column"}],"author":[{"embeddable":true,"href":"https:\/\/www.suno.com.br\/noticias\/wp-json\/wp\/v2\/users\/82"}],"wp:attachment":[{"href":"https:\/\/www.suno.com.br\/noticias\/wp-json\/wp\/v2\/media?parent=209809"}],"wp:term":[{"taxonomy":"post_tag","embeddable":true,"href":"https:\/\/www.suno.com.br\/noticias\/wp-json\/wp\/v2\/tags?post=209809"}],"curies":[{"name":"wp","href":"https:\/\/api.w.org\/{rel}","templated":true}]}}