{"id":208674,"date":"2021-11-25T07:29:47","date_gmt":"2021-11-25T10:29:47","guid":{"rendered":"https:\/\/www.suno.com.br\/noticias\/colunas\/felipe-areia\/\/"},"modified":"2021-11-25T00:30:07","modified_gmt":"2021-11-25T03:30:07","slug":"pandemia-covid-19-risco","status":"publish","type":"suno_column","link":"https:\/\/www.suno.com.br\/noticias\/colunas\/gian\/pandemia-covid-19-risco\/","title":{"rendered":"Coronav\u00edrus ainda \u00e9 um risco?"},"content":{"rendered":"<p>Se me dissessem alguns meses atr\u00e1s que hoje a Europa estaria adotando novos <strong>lockdowns<\/strong> para tentar conter uma <strong>quarta onda da Covid-19 <\/strong>e o Brasil iniciaria a <a href=\"https:\/\/www.suno.com.br\/noticias\/governo-de-sao-paulo-desobriga-uso-de-mascara-em-locais-abertos\/\">flexibiliza\u00e7\u00e3o do uso das m\u00e1scaras<\/a>, eu n\u00e3o acreditaria. Mas \u00e9 o cen\u00e1rio que estamos presenciando atualmente: a <strong>pandemia de covid<\/strong> voltou ao centro das preocupa\u00e7\u00f5es dos pa\u00edses europeus.<\/p>\n<p>No dia 4 de novembro, a Organiza\u00e7\u00e3o Mundial da Sa\u00fade (OMS) fez um alerta de que a Europa \u00e9 novamente o epicentro da pandemia. De acordo com a OMS, a piora do continente europeu se deu pelos diferentes n\u00edveis de implementa\u00e7\u00e3o da vacina\u00e7\u00e3o. Al\u00e9m da chegada do inverno, que favoreceu a mudan\u00e7a no comportamento da popula\u00e7\u00e3o.<\/p>\n<figure id=\"attachment_208675\" aria-describedby=\"caption-attachment-208675\" style=\"width: 288px\" class=\"wp-caption alignnone\"><img loading=\"lazy\" decoding=\"async\" class=\"size-full wp-image-208675\" src=\"https:\/\/files.sunoresearch.com.br\/n\/uploads\/2021\/11\/Imagem1-2.png\" alt=\"Casos de covid-19 na Europa\" width=\"288\" height=\"226\" srcset=\"https:\/\/files.sunoresearch.com.br\/n\/uploads\/2021\/11\/Imagem1-2.png 288w, https:\/\/files.sunoresearch.com.br\/n\/uploads\/2021\/11\/Imagem1-2-150x118.png 150w\" sizes=\"(max-width: 288px) 100vw, 288px\" \/><figcaption id=\"caption-attachment-208675\" class=\"wp-caption-text\">Casos de covid-19 na Europa<\/figcaption><\/figure>\n<p>A administra\u00e7\u00e3o de vacinas em pa\u00edses do sul europeu est\u00e1 em cerca de 80%, mas a relut\u00e2ncia freia a distribui\u00e7\u00e3o no centro e no leste da Europa e na R\u00fassia &#8211; com aproximadamente 34% da popula\u00e7\u00e3o totalmente vacinada -, causando surtos que podem voltar a sobrecarregar os sistemas de seguran\u00e7a de sa\u00fade do continente.<\/p>\n<p>Essa piora nos casos tem feito pa\u00edses voltarem a adotar medidas de isolamento social. A \u00c1ustria se tornou o primeiro pa\u00eds da Europa Ocidental a restabelecer o bloqueio desde que as vacinas foram lan\u00e7adas, al\u00e9m disso, o governo austr\u00edaco anunciou que tornar\u00e1 obrigat\u00f3rio a vacina\u00e7\u00e3o a partir de 1\u00ba de fevereiro. A Alemanha tamb\u00e9m precisar\u00e1 de restri\u00e7\u00f5es mais r\u00edgidas, de acordo com a chanceler Angela Merkel.<\/p>\n<p>A decis\u00e3o tem enfurecido a popula\u00e7\u00e3o europeia, que j\u00e1 tinha <strong>fortes movimentos antivacina<\/strong>, que contribu\u00edram para a desacelera\u00e7\u00e3o da vacina\u00e7\u00e3o no continente nos \u00faltimos meses.<\/p>\n<p>Essa estabiliza\u00e7\u00e3o na propor\u00e7\u00e3o de vacinados, aliada ao relaxamento com uso das m\u00e1scaras e retorno dos eventos e da vida \u201cnormal\u201d, criou uma falsa sensa\u00e7\u00e3o de fim da pandemia.<\/p>\n<p>Em pouco tempo, a conta chegou. A curva de mortes \u00e9 bem menor que a de casos e se concentra nos n\u00e3o vacinados, mas o aumento da circula\u00e7\u00e3o do v\u00edrus tamb\u00e9m aumenta a chance de novas variantes, o que coloca em risco tamb\u00e9m vacinados e, em \u00faltima inst\u00e2ncia, a economia mundial. Logo, outros pa\u00edses devem aumentar as restri\u00e7\u00f5es para n\u00e3o vacinados se os casos seguirem crescendo.<\/p>\n","protected":false},"excerpt":{"rendered":"<p>Se me dissessem alguns meses atr\u00e1s que hoje a Europa estaria adotando novos lockdowns para tentar conter uma quarta onda da Covid-19 e o Brasil iniciaria a flexibiliza&#8230;<\/p>\n","protected":false},"author":4,"featured_media":0,"template":"","tags":[5255,86394],"class_list":["post-208674","suno_column","type-suno_column","status-publish","hentry","tag-covid-19","tag-lockdown"],"yoast_head":"<!-- This site is optimized with the Yoast SEO plugin v24.4 - https:\/\/yoast.com\/wordpress\/plugins\/seo\/ -->\n<title>Coronav\u00edrus ainda \u00e9 um risco? - Coluna de Gian Kojikovski<\/title>\n<meta name=\"description\" content=\"Leia a coluna de Gian Kojikovski sobre como outros pa\u00edses devem aumentar as restri\u00e7\u00f5es para n\u00e3o vacinados se os casos seguirem crescendo %\" \/>\n<meta name=\"robots\" content=\"index, follow, max-snippet:-1, max-image-preview:large, max-video-preview:-1\" \/>\n<link rel=\"canonical\" href=\"https:\/\/www.suno.com.br\/noticias\/colunas\/gian\/pandemia-covid-19-risco\/\" \/>\n<meta property=\"og:locale\" content=\"pt_BR\" \/>\n<meta property=\"og:type\" content=\"article\" \/>\n<meta property=\"og:title\" content=\"Coronav\u00edrus ainda \u00e9 um risco? - Coluna de Gian Kojikovski\" \/>\n<meta property=\"og:description\" content=\"Leia a coluna de Gian Kojikovski sobre como outros pa\u00edses devem aumentar as restri\u00e7\u00f5es para n\u00e3o vacinados se os casos seguirem crescendo %\" \/>\n<meta property=\"og:url\" content=\"https:\/\/www.suno.com.br\/noticias\/colunas\/gian\/pandemia-covid-19-risco\/\" \/>\n<meta property=\"og:site_name\" content=\"Suno Not\u00edcias\" \/>\n<meta property=\"article:publisher\" content=\"https:\/\/facebook.com\/sunoresearch\" \/>\n<meta property=\"og:image\" content=\"https:\/\/files.sunoresearch.com.br\/n\/uploads\/2021\/11\/Imagem1-2.png\" \/>\n<meta name=\"twitter:card\" content=\"summary_large_image\" \/>\n<meta name=\"twitter:site\" content=\"@sunoresearch\" \/>\n<meta name=\"twitter:label1\" content=\"Est. tempo de leitura\" \/>\n\t<meta name=\"twitter:data1\" content=\"2 minutos\" \/>\n<script type=\"application\/ld+json\" class=\"yoast-schema-graph\">{\"@context\":\"https:\/\/schema.org\",\"@graph\":[{\"@type\":\"Article\",\"@id\":\"https:\/\/www.suno.com.br\/noticias\/colunas\/gian\/pandemia-covid-19-risco\/#article\",\"isPartOf\":{\"@id\":\"https:\/\/www.suno.com.br\/noticias\/colunas\/gian\/pandemia-covid-19-risco\/\"},\"author\":{\"name\":\"Gian Kojikovski\",\"@id\":\"https:\/\/www.suno.com.br\/noticias\/#\/schema\/person\/8c2753ace9edbc3c59cfa8a971ac5914\"},\"headline\":\"Coronav\u00edrus ainda \u00e9 um risco?\",\"datePublished\":\"2021-11-25T10:29:47+00:00\",\"mainEntityOfPage\":{\"@id\":\"https:\/\/www.suno.com.br\/noticias\/colunas\/gian\/pandemia-covid-19-risco\/\"},\"wordCount\":412,\"publisher\":{\"@id\":\"https:\/\/www.suno.com.br\/noticias\/#organization\"},\"image\":{\"@id\":\"https:\/\/www.suno.com.br\/noticias\/colunas\/gian\/pandemia-covid-19-risco\/#primaryimage\"},\"thumbnailUrl\":\"https:\/\/files.sunoresearch.com.br\/n\/uploads\/2021\/11\/Imagem1-2.png\",\"keywords\":[\"covid-19\",\"lockdown\"],\"inLanguage\":\"pt-BR\"},{\"@type\":\"WebPage\",\"@id\":\"https:\/\/www.suno.com.br\/noticias\/colunas\/gian\/pandemia-covid-19-risco\/\",\"url\":\"https:\/\/www.suno.com.br\/noticias\/colunas\/gian\/pandemia-covid-19-risco\/\",\"name\":\"Coronav\u00edrus ainda \u00e9 um risco? - Coluna de Gian Kojikovski\",\"isPartOf\":{\"@id\":\"https:\/\/www.suno.com.br\/noticias\/#website\"},\"primaryImageOfPage\":{\"@id\":\"https:\/\/www.suno.com.br\/noticias\/colunas\/gian\/pandemia-covid-19-risco\/#primaryimage\"},\"image\":{\"@id\":\"https:\/\/www.suno.com.br\/noticias\/colunas\/gian\/pandemia-covid-19-risco\/#primaryimage\"},\"thumbnailUrl\":\"https:\/\/files.sunoresearch.com.br\/n\/uploads\/2021\/11\/Imagem1-2.png\",\"datePublished\":\"2021-11-25T10:29:47+00:00\",\"description\":\"Leia a coluna de Gian Kojikovski sobre como outros pa\u00edses devem aumentar as restri\u00e7\u00f5es para n\u00e3o vacinados se os casos seguirem crescendo %\",\"breadcrumb\":{\"@id\":\"https:\/\/www.suno.com.br\/noticias\/colunas\/gian\/pandemia-covid-19-risco\/#breadcrumb\"},\"inLanguage\":\"pt-BR\",\"potentialAction\":[{\"@type\":\"ReadAction\",\"target\":[\"https:\/\/www.suno.com.br\/noticias\/colunas\/gian\/pandemia-covid-19-risco\/\"]}]},{\"@type\":\"ImageObject\",\"inLanguage\":\"pt-BR\",\"@id\":\"https:\/\/www.suno.com.br\/noticias\/colunas\/gian\/pandemia-covid-19-risco\/#primaryimage\",\"url\":\"https:\/\/files.sunoresearch.com.br\/n\/uploads\/2021\/11\/Imagem1-2.png\",\"contentUrl\":\"https:\/\/files.sunoresearch.com.br\/n\/uploads\/2021\/11\/Imagem1-2.png\"},{\"@type\":\"BreadcrumbList\",\"@id\":\"https:\/\/www.suno.com.br\/noticias\/colunas\/gian\/pandemia-covid-19-risco\/#breadcrumb\",\"itemListElement\":[{\"@type\":\"ListItem\",\"position\":1,\"name\":\"Not\u00edcias\",\"item\":\"https:\/\/www.suno.com.br\/noticias\/\"},{\"@type\":\"ListItem\",\"position\":2,\"name\":\"Colunas\",\"item\":\"https:\/\/www.suno.com.br\/noticias\/colunas\/\"},{\"@type\":\"ListItem\",\"position\":3,\"name\":\"Coronav\u00edrus ainda \u00e9 um risco?\"}]},{\"@type\":\"WebSite\",\"@id\":\"https:\/\/www.suno.com.br\/noticias\/#website\",\"url\":\"https:\/\/www.suno.com.br\/noticias\/\",\"name\":\"Suno Not\u00edcias\",\"description\":\"Seu portal de informa\u00e7\u00e3o sobre o mundo dos investimentos\",\"publisher\":{\"@id\":\"https:\/\/www.suno.com.br\/noticias\/#organization\"},\"potentialAction\":[{\"@type\":\"SearchAction\",\"target\":{\"@type\":\"EntryPoint\",\"urlTemplate\":\"https:\/\/www.suno.com.br\/noticias\/?s={search_term_string}\"},\"query-input\":{\"@type\":\"PropertyValueSpecification\",\"valueRequired\":true,\"valueName\":\"search_term_string\"}}],\"inLanguage\":\"pt-BR\"},{\"@type\":\"Organization\",\"@id\":\"https:\/\/www.suno.com.br\/noticias\/#organization\",\"name\":\"Suno Not\u00edcias\",\"url\":\"https:\/\/www.suno.com.br\/noticias\/\",\"logo\":{\"@type\":\"ImageObject\",\"inLanguage\":\"pt-BR\",\"@id\":\"https:\/\/www.suno.com.br\/noticias\/#\/schema\/logo\/image\/\",\"url\":\"https:\/\/files.sunoresearch.com.br\/n\/uploads\/2021\/09\/suno-logo.png\",\"contentUrl\":\"https:\/\/files.sunoresearch.com.br\/n\/uploads\/2021\/09\/suno-logo.png\",\"width\":180,\"height\":180,\"caption\":\"Suno Not\u00edcias\"},\"image\":{\"@id\":\"https:\/\/www.suno.com.br\/noticias\/#\/schema\/logo\/image\/\"},\"sameAs\":[\"https:\/\/facebook.com\/sunoresearch\",\"https:\/\/x.com\/sunoresearch\",\"https:\/\/www.instagram.com\/suno\",\"https:\/\/www.linkedin.com\/company\/suno-research\/\",\"https:\/\/www.youtube.com\/c\/sunoresearch\"]},{\"@type\":\"Person\",\"@id\":\"https:\/\/www.suno.com.br\/noticias\/#\/schema\/person\/8c2753ace9edbc3c59cfa8a971ac5914\",\"name\":\"Gian Kojikovski\",\"image\":{\"@type\":\"ImageObject\",\"inLanguage\":\"pt-BR\",\"@id\":\"https:\/\/www.suno.com.br\/noticias\/#\/schema\/person\/image\/\",\"url\":\"https:\/\/secure.gravatar.com\/avatar\/9b6de4deaf8443278f037ed55611af64?s=96&r=g\",\"contentUrl\":\"https:\/\/secure.gravatar.com\/avatar\/9b6de4deaf8443278f037ed55611af64?s=96&r=g\",\"caption\":\"Gian Kojikovski\"},\"description\":\"Gian Kojikovski \u00e9 diretor e s\u00f3cio da Suno e escreve sobre neg\u00f3cios, marketing, pol\u00edtica e finan\u00e7as. Tem passagem pelas reda\u00e7\u00f5es de Veja e Exame e \u00e9 vencedor do Pr\u00eamio CNI de Jornalismo de 2016 na categoria especial de Inova\u00e7\u00e3o e finalista do Citi Journalistic Excellence Award de 2018.\",\"sameAs\":[\"https:\/\/www.suno.com.br\",\"https:\/\/x.com\/https:\/\/twitter.com\/giankojikovski\"],\"url\":\"https:\/\/www.suno.com.br\/noticias\/author\/gian\/\"}]}<\/script>\n<!-- \/ Yoast SEO plugin. -->","yoast_head_json":{"title":"Coronav\u00edrus ainda \u00e9 um risco? - Coluna de Gian Kojikovski","description":"Leia a coluna de Gian Kojikovski sobre como outros pa\u00edses devem aumentar as restri\u00e7\u00f5es para n\u00e3o vacinados se os casos seguirem crescendo %","robots":{"index":"index","follow":"follow","max-snippet":"max-snippet:-1","max-image-preview":"max-image-preview:large","max-video-preview":"max-video-preview:-1"},"canonical":"https:\/\/www.suno.com.br\/noticias\/colunas\/gian\/pandemia-covid-19-risco\/","og_locale":"pt_BR","og_type":"article","og_title":"Coronav\u00edrus ainda \u00e9 um risco? - Coluna de Gian Kojikovski","og_description":"Leia a coluna de Gian Kojikovski sobre como outros pa\u00edses devem aumentar as restri\u00e7\u00f5es para n\u00e3o vacinados se os casos seguirem crescendo %","og_url":"https:\/\/www.suno.com.br\/noticias\/colunas\/gian\/pandemia-covid-19-risco\/","og_site_name":"Suno Not\u00edcias","article_publisher":"https:\/\/facebook.com\/sunoresearch","og_image":[{"url":"https:\/\/files.sunoresearch.com.br\/n\/uploads\/2021\/11\/Imagem1-2.png","type":"","width":"","height":""}],"twitter_card":"summary_large_image","twitter_site":"@sunoresearch","twitter_misc":{"Est. tempo de leitura":"2 minutos"},"schema":{"@context":"https:\/\/schema.org","@graph":[{"@type":"Article","@id":"https:\/\/www.suno.com.br\/noticias\/colunas\/gian\/pandemia-covid-19-risco\/#article","isPartOf":{"@id":"https:\/\/www.suno.com.br\/noticias\/colunas\/gian\/pandemia-covid-19-risco\/"},"author":{"name":"Gian Kojikovski","@id":"https:\/\/www.suno.com.br\/noticias\/#\/schema\/person\/8c2753ace9edbc3c59cfa8a971ac5914"},"headline":"Coronav\u00edrus ainda \u00e9 um risco?","datePublished":"2021-11-25T10:29:47+00:00","mainEntityOfPage":{"@id":"https:\/\/www.suno.com.br\/noticias\/colunas\/gian\/pandemia-covid-19-risco\/"},"wordCount":412,"publisher":{"@id":"https:\/\/www.suno.com.br\/noticias\/#organization"},"image":{"@id":"https:\/\/www.suno.com.br\/noticias\/colunas\/gian\/pandemia-covid-19-risco\/#primaryimage"},"thumbnailUrl":"https:\/\/files.sunoresearch.com.br\/n\/uploads\/2021\/11\/Imagem1-2.png","keywords":["covid-19","lockdown"],"inLanguage":"pt-BR"},{"@type":"WebPage","@id":"https:\/\/www.suno.com.br\/noticias\/colunas\/gian\/pandemia-covid-19-risco\/","url":"https:\/\/www.suno.com.br\/noticias\/colunas\/gian\/pandemia-covid-19-risco\/","name":"Coronav\u00edrus ainda \u00e9 um risco? - Coluna de Gian Kojikovski","isPartOf":{"@id":"https:\/\/www.suno.com.br\/noticias\/#website"},"primaryImageOfPage":{"@id":"https:\/\/www.suno.com.br\/noticias\/colunas\/gian\/pandemia-covid-19-risco\/#primaryimage"},"image":{"@id":"https:\/\/www.suno.com.br\/noticias\/colunas\/gian\/pandemia-covid-19-risco\/#primaryimage"},"thumbnailUrl":"https:\/\/files.sunoresearch.com.br\/n\/uploads\/2021\/11\/Imagem1-2.png","datePublished":"2021-11-25T10:29:47+00:00","description":"Leia a coluna de Gian Kojikovski sobre como outros pa\u00edses devem aumentar as restri\u00e7\u00f5es para n\u00e3o vacinados se os casos seguirem crescendo %","breadcrumb":{"@id":"https:\/\/www.suno.com.br\/noticias\/colunas\/gian\/pandemia-covid-19-risco\/#breadcrumb"},"inLanguage":"pt-BR","potentialAction":[{"@type":"ReadAction","target":["https:\/\/www.suno.com.br\/noticias\/colunas\/gian\/pandemia-covid-19-risco\/"]}]},{"@type":"ImageObject","inLanguage":"pt-BR","@id":"https:\/\/www.suno.com.br\/noticias\/colunas\/gian\/pandemia-covid-19-risco\/#primaryimage","url":"https:\/\/files.sunoresearch.com.br\/n\/uploads\/2021\/11\/Imagem1-2.png","contentUrl":"https:\/\/files.sunoresearch.com.br\/n\/uploads\/2021\/11\/Imagem1-2.png"},{"@type":"BreadcrumbList","@id":"https:\/\/www.suno.com.br\/noticias\/colunas\/gian\/pandemia-covid-19-risco\/#breadcrumb","itemListElement":[{"@type":"ListItem","position":1,"name":"Not\u00edcias","item":"https:\/\/www.suno.com.br\/noticias\/"},{"@type":"ListItem","position":2,"name":"Colunas","item":"https:\/\/www.suno.com.br\/noticias\/colunas\/"},{"@type":"ListItem","position":3,"name":"Coronav\u00edrus ainda \u00e9 um risco?"}]},{"@type":"WebSite","@id":"https:\/\/www.suno.com.br\/noticias\/#website","url":"https:\/\/www.suno.com.br\/noticias\/","name":"Suno Not\u00edcias","description":"Seu portal de informa\u00e7\u00e3o sobre o mundo dos investimentos","publisher":{"@id":"https:\/\/www.suno.com.br\/noticias\/#organization"},"potentialAction":[{"@type":"SearchAction","target":{"@type":"EntryPoint","urlTemplate":"https:\/\/www.suno.com.br\/noticias\/?s={search_term_string}"},"query-input":{"@type":"PropertyValueSpecification","valueRequired":true,"valueName":"search_term_string"}}],"inLanguage":"pt-BR"},{"@type":"Organization","@id":"https:\/\/www.suno.com.br\/noticias\/#organization","name":"Suno Not\u00edcias","url":"https:\/\/www.suno.com.br\/noticias\/","logo":{"@type":"ImageObject","inLanguage":"pt-BR","@id":"https:\/\/www.suno.com.br\/noticias\/#\/schema\/logo\/image\/","url":"https:\/\/files.sunoresearch.com.br\/n\/uploads\/2021\/09\/suno-logo.png","contentUrl":"https:\/\/files.sunoresearch.com.br\/n\/uploads\/2021\/09\/suno-logo.png","width":180,"height":180,"caption":"Suno Not\u00edcias"},"image":{"@id":"https:\/\/www.suno.com.br\/noticias\/#\/schema\/logo\/image\/"},"sameAs":["https:\/\/facebook.com\/sunoresearch","https:\/\/x.com\/sunoresearch","https:\/\/www.instagram.com\/suno","https:\/\/www.linkedin.com\/company\/suno-research\/","https:\/\/www.youtube.com\/c\/sunoresearch"]},{"@type":"Person","@id":"https:\/\/www.suno.com.br\/noticias\/#\/schema\/person\/8c2753ace9edbc3c59cfa8a971ac5914","name":"Gian Kojikovski","image":{"@type":"ImageObject","inLanguage":"pt-BR","@id":"https:\/\/www.suno.com.br\/noticias\/#\/schema\/person\/image\/","url":"https:\/\/secure.gravatar.com\/avatar\/9b6de4deaf8443278f037ed55611af64?s=96&r=g","contentUrl":"https:\/\/secure.gravatar.com\/avatar\/9b6de4deaf8443278f037ed55611af64?s=96&r=g","caption":"Gian Kojikovski"},"description":"Gian Kojikovski \u00e9 diretor e s\u00f3cio da Suno e escreve sobre neg\u00f3cios, marketing, pol\u00edtica e finan\u00e7as. Tem passagem pelas reda\u00e7\u00f5es de Veja e Exame e \u00e9 vencedor do Pr\u00eamio CNI de Jornalismo de 2016 na categoria especial de Inova\u00e7\u00e3o e finalista do Citi Journalistic Excellence Award de 2018.","sameAs":["https:\/\/www.suno.com.br","https:\/\/x.com\/https:\/\/twitter.com\/giankojikovski"],"url":"https:\/\/www.suno.com.br\/noticias\/author\/gian\/"}]}},"amp_enabled":true,"_links":{"self":[{"href":"https:\/\/www.suno.com.br\/noticias\/wp-json\/wp\/v2\/suno_column\/208674"}],"collection":[{"href":"https:\/\/www.suno.com.br\/noticias\/wp-json\/wp\/v2\/suno_column"}],"about":[{"href":"https:\/\/www.suno.com.br\/noticias\/wp-json\/wp\/v2\/types\/suno_column"}],"author":[{"embeddable":true,"href":"https:\/\/www.suno.com.br\/noticias\/wp-json\/wp\/v2\/users\/4"}],"wp:attachment":[{"href":"https:\/\/www.suno.com.br\/noticias\/wp-json\/wp\/v2\/media?parent=208674"}],"wp:term":[{"taxonomy":"post_tag","embeddable":true,"href":"https:\/\/www.suno.com.br\/noticias\/wp-json\/wp\/v2\/tags?post=208674"}],"curies":[{"name":"wp","href":"https:\/\/api.w.org\/{rel}","templated":true}]}}