{"id":208416,"date":"2021-11-26T08:00:07","date_gmt":"2021-11-26T11:00:07","guid":{"rendered":"https:\/\/www.suno.com.br\/noticias\/colunas\/marco-lopes\/\/"},"modified":"2021-11-25T23:33:25","modified_gmt":"2021-11-26T02:33:25","slug":"a-pandemia-o-efeito-chicote-e-o-agro-como-um-fenomeno-logistico-impacta-os-investimentos-no-setor-agricola","status":"publish","type":"suno_column","link":"https:\/\/www.suno.com.br\/noticias\/colunas\/gabriel-diniz-junqueira\/a-pandemia-o-efeito-chicote-e-o-agro-como-um-fenomeno-logistico-impacta-os-investimentos-no-setor-agricola\/","title":{"rendered":"A pandemia, o efeito chicote e o agro: como um fen\u00f4meno log\u00edstico impacta os investimentos no setor agr\u00edcola"},"content":{"rendered":"<p>A <strong>pandemia do Covid-19<\/strong> \u00e9 sem d\u00favida alguma um dos principais fatos hist\u00f3ricos ocorridos no in\u00edcio do s\u00e9culo 21. Ela alterou bruscamente o comportamento das pessoas, obrigando ao distanciamento social e remodelando a maneira como diversos neg\u00f3cios s\u00e3o geridos. Atualmente, com a diminui\u00e7\u00e3o dos casos e das mortes decorrentes da doen\u00e7a, a economia come\u00e7a a retornar aos patamares anteriores. No entanto, ao passo que a vida volta a sua rota\u00e7\u00e3o normal, as cicatrizes deste per\u00edodo turbulento come\u00e7am a aparecer e, principalmente, na economia est\u00e3o localizadas aquelas mais dolorosas.<\/p>\n<p>Entre os principais fatores que se pode citar sobre os efeitos mal\u00e9ficos da pandemia na economia mundial, neste texto, abordar-se-\u00e1 o desalinhamento entre <a class=\"suno-keyword\" href=\"https:\/\/www.suno.com.br\/artigos\/oferta-demanda\/\" target=\"_blank\" rel=\"noopener\" data-force=\"no\" data-priority=\"1\">oferta e demanda<\/a> na <strong>cadeia log\u00edstica agroindustrial<\/strong> e como isso impacta diretamente os investidores do setor. Em 1958, o professor e engenheiro americano Jay Forrester apresentou, pela primeira vez, uma an\u00e1lise que, posteriormente, seria conhecida como Efeito Chicote. Esse fen\u00f4meno se caracteriza quando h\u00e1 uma discrep\u00e2ncia entre a demanda real e a prevista, o que leva a poss\u00edveis movimentos de estocagem ou excesso de vendas por parte das empresas. Como consequ\u00eancia de o movimento previsto n\u00e3o ser refletido na realidade, o erro \u00e9 repassado at\u00e9 o cliente no final da cadeia, caracterizando assim o efeito chicote. Como isso se relaciona com a situa\u00e7\u00e3o atual do agroneg\u00f3cio?<\/p>\n<p>Durante a pandemia, o que se percebeu foi um movimento abrupto por parte de diversos <strong>stakeholders<\/strong> em reduzir a oferta de seus produtos, imaginando que, devido ao lockdown, a demanda decairia de forma exponencial juntamente com a atividade econ\u00f4mica mundial. No entanto, o que de fato ocorreu foi, em um primeiro momento, a retra\u00e7\u00e3o da demanda, em uma intensidade menor do que a prevista, e uma retomada bastante intensa em termos de volume e velocidade, <strong>recupera\u00e7\u00e3o em \u201cV\u201d.<\/strong><\/p>\n<p>Quando trazemos para o <strong>ambiente do agroneg\u00f3cio<\/strong>, o que se percebeu foi, primeiramente, um aumento grande da margem do produtor rural, em especial o de soja. O pre\u00e7o dos principais gr\u00e3os disparou e os custos permaneceram est\u00e1veis, assim as empresas agr\u00edcolas apresentaram seus melhores balan\u00e7os na safra 20\/21. Por\u00e9m, a cadeia log\u00edstica agroindustrial brasileira funciona de forma muito semelhante \u00e0 empresa de fabrica\u00e7\u00e3o de avi\u00f5es <strong><a class=\"suno-keyword\" href=\"https:\/\/www.suno.com.br\/acoes\/EMBR3\/\" target=\"_blank\" rel=\"noopener\" data-force=\"yes\" data-priority=\"2\">Embraer (EMBR3)<\/a><\/strong>: seus principais insumos s\u00e3o importados, para que em territ\u00f3rio nacional sejam transformados em produto. Em outras palavras, adubos, agroqu\u00edmicos e insumos rurais em grande maioria s\u00e3o produtos importados para que nas propriedades agr\u00edcolas brasileiras possam compor a atividade produtiva. Portanto, o desalinhamento mundial entre a demanda prevista na pandemia com a realidade atingiu em cheio esta parte da cadeia produtiva.<\/p>\n<p>Para ficar mais claro a linha de racioc\u00ednio, toma-se como exemplo o g\u00e1s natural. A pandemia da Covid levou a uma redu\u00e7\u00e3o da produ\u00e7\u00e3o e consequentemente <strong>redu\u00e7\u00e3o dos estoques.<\/strong> No entanto com a retomada da atividade econ\u00f4mica devido \u00e0 vacina\u00e7\u00e3o a demanda voltou a crescer. Desta forma, o pre\u00e7o do g\u00e1s disparou nas principais pra\u00e7as europeias e os estoques baixaram a n\u00edveis cr\u00edticos. E quais s\u00e3o as principais consequ\u00eancias para o agroneg\u00f3cio?<\/p>\n<p>Do lado da oferta, o g\u00e1s natural \u00e9 a mat\u00e9ria prima para a produ\u00e7\u00e3o da am\u00f4nia que comp\u00f5e fertilizantes nitrogenados como a ureia. Portanto, g\u00e1s natural mais caro reflete em fertilizantes mais caros e uma menor margem para o produtor. Por sua vez na demanda, o g\u00e1s natural \u00e9 um dos principais componentes da matriz energ\u00e9tica da China, logo com a eleva\u00e7\u00e3o dos pre\u00e7os o pa\u00eds asi\u00e1tico encontra-se \u00e0 beira de uma<strong> crise energ\u00e9tica<\/strong> com algumas prov\u00edncias ao norte do pa\u00eds j\u00e1 registrando apag\u00f5es.<\/p>\n<p>Em outras palavras, a desestabiliza\u00e7\u00e3o na cadeia log\u00edstica do g\u00e1s natural por um desalinhamento entre a demanda e oferta causada pela pandemia impacta diretamente na margem do produtor rural tanto na ponta com maiores custos de produ\u00e7\u00e3o como uma menor demanda por poss\u00edveis desacelera\u00e7\u00f5es da economia chinesa. Desta forma, \u00e9 interessante que o investidor se atente aos resultados e estimativas propostas pelas principais <strong>produtoras agr\u00edcolas<\/strong> listadas, uma vez que a tend\u00eancia \u00e9 de compress\u00e3o das extraordin\u00e1rias margens apresentadas no \u00faltimo ano.<\/p>\n<p><img loading=\"lazy\" decoding=\"async\" class=\"alignnone size-full wp-image-209110\" src=\"https:\/\/files.sunoresearch.com.br\/n\/uploads\/2021\/11\/coluna.jpg\" alt=\"\" width=\"671\" height=\"415\" srcset=\"https:\/\/files.sunoresearch.com.br\/n\/uploads\/2021\/11\/coluna.jpg 671w, https:\/\/files.sunoresearch.com.br\/n\/uploads\/2021\/11\/coluna-300x186.jpg 300w, https:\/\/files.sunoresearch.com.br\/n\/uploads\/2021\/11\/coluna-150x93.jpg 150w\" sizes=\"(max-width: 671px) 100vw, 671px\" \/><\/p>\n<p>Agro \u00e9 Top, Agro \u00e9 Pop, <a class=\"suno-keyword\" href=\"https:\/\/www.suno.com.br\/artigos\/fiagro\/\" target=\"_blank\" rel=\"noopener\" data-force=\"no\" data-priority=\"2\">FIAGRO<\/a> \u00e9 Agro!<\/p>\n","protected":false},"excerpt":{"rendered":"<p>A pandemia do Covid-19 \u00e9 sem d\u00favida alguma um dos principais fatos hist\u00f3ricos ocorridos no in\u00edcio do s\u00e9culo 21. Ela alterou bruscamente o comportamento das pessoas, ob&#8230;<\/p>\n","protected":false},"author":130,"featured_media":0,"template":"","tags":[1121,5255],"class_list":["post-208416","suno_column","type-suno_column","status-publish","hentry","tag-agronegocio","tag-covid-19"],"yoast_head":"<!-- This site is optimized with the Yoast SEO plugin v24.4 - https:\/\/yoast.com\/wordpress\/plugins\/seo\/ -->\n<title>A pandemia, o efeito chicote e o agroneg\u00f3cio<\/title>\n<meta name=\"description\" content=\"Como um fen\u00f4meno log\u00edstico impacta diretamente os investimentos no setor agr\u00edcola. E como isso se relaciona com o agroneg\u00f3cio?\" \/>\n<meta name=\"robots\" content=\"index, follow, max-snippet:-1, max-image-preview:large, max-video-preview:-1\" \/>\n<link rel=\"canonical\" href=\"https:\/\/www.suno.com.br\/noticias\/colunas\/gabriel-diniz-junqueira\/a-pandemia-o-efeito-chicote-e-o-agro-como-um-fenomeno-logistico-impacta-os-investimentos-no-setor-agricola\/\" \/>\n<meta property=\"og:locale\" content=\"pt_BR\" \/>\n<meta property=\"og:type\" content=\"article\" \/>\n<meta property=\"og:title\" content=\"A pandemia, o efeito chicote e o agroneg\u00f3cio\" \/>\n<meta property=\"og:description\" content=\"Como um fen\u00f4meno log\u00edstico impacta diretamente os investimentos no setor agr\u00edcola. E como isso se relaciona com o agroneg\u00f3cio?\" \/>\n<meta property=\"og:url\" content=\"https:\/\/www.suno.com.br\/noticias\/colunas\/gabriel-diniz-junqueira\/a-pandemia-o-efeito-chicote-e-o-agro-como-um-fenomeno-logistico-impacta-os-investimentos-no-setor-agricola\/\" \/>\n<meta property=\"og:site_name\" content=\"Suno Not\u00edcias\" \/>\n<meta property=\"article:publisher\" content=\"https:\/\/facebook.com\/sunoresearch\" \/>\n<meta property=\"og:image\" content=\"https:\/\/files.sunoresearch.com.br\/n\/uploads\/2021\/11\/coluna.jpg\" \/>\n<meta name=\"twitter:card\" content=\"summary_large_image\" \/>\n<meta name=\"twitter:site\" content=\"@sunoresearch\" \/>\n<meta name=\"twitter:label1\" content=\"Est. tempo de leitura\" \/>\n\t<meta name=\"twitter:data1\" content=\"4 minutos\" \/>\n<script type=\"application\/ld+json\" class=\"yoast-schema-graph\">{\"@context\":\"https:\/\/schema.org\",\"@graph\":[{\"@type\":\"Article\",\"@id\":\"https:\/\/www.suno.com.br\/noticias\/colunas\/gabriel-diniz-junqueira\/a-pandemia-o-efeito-chicote-e-o-agro-como-um-fenomeno-logistico-impacta-os-investimentos-no-setor-agricola\/#article\",\"isPartOf\":{\"@id\":\"https:\/\/www.suno.com.br\/noticias\/colunas\/gabriel-diniz-junqueira\/a-pandemia-o-efeito-chicote-e-o-agro-como-um-fenomeno-logistico-impacta-os-investimentos-no-setor-agricola\/\"},\"author\":{\"name\":\"Gabriel Diniz Junqueira\",\"@id\":\"https:\/\/www.suno.com.br\/noticias\/#\/schema\/person\/b1826056e4acd7d0b2d5078b56d74c55\"},\"headline\":\"A pandemia, o efeito chicote e o agro: como um fen\u00f4meno log\u00edstico impacta os investimentos no setor agr\u00edcola\",\"datePublished\":\"2021-11-26T11:00:07+00:00\",\"mainEntityOfPage\":{\"@id\":\"https:\/\/www.suno.com.br\/noticias\/colunas\/gabriel-diniz-junqueira\/a-pandemia-o-efeito-chicote-e-o-agro-como-um-fenomeno-logistico-impacta-os-investimentos-no-setor-agricola\/\"},\"wordCount\":756,\"publisher\":{\"@id\":\"https:\/\/www.suno.com.br\/noticias\/#organization\"},\"image\":{\"@id\":\"https:\/\/www.suno.com.br\/noticias\/colunas\/gabriel-diniz-junqueira\/a-pandemia-o-efeito-chicote-e-o-agro-como-um-fenomeno-logistico-impacta-os-investimentos-no-setor-agricola\/#primaryimage\"},\"thumbnailUrl\":\"https:\/\/files.sunoresearch.com.br\/n\/uploads\/2021\/11\/coluna.jpg\",\"keywords\":[\"Agroneg\u00f3cio\",\"covid-19\"],\"inLanguage\":\"pt-BR\"},{\"@type\":\"WebPage\",\"@id\":\"https:\/\/www.suno.com.br\/noticias\/colunas\/gabriel-diniz-junqueira\/a-pandemia-o-efeito-chicote-e-o-agro-como-um-fenomeno-logistico-impacta-os-investimentos-no-setor-agricola\/\",\"url\":\"https:\/\/www.suno.com.br\/noticias\/colunas\/gabriel-diniz-junqueira\/a-pandemia-o-efeito-chicote-e-o-agro-como-um-fenomeno-logistico-impacta-os-investimentos-no-setor-agricola\/\",\"name\":\"A pandemia, o efeito chicote e o agroneg\u00f3cio\",\"isPartOf\":{\"@id\":\"https:\/\/www.suno.com.br\/noticias\/#website\"},\"primaryImageOfPage\":{\"@id\":\"https:\/\/www.suno.com.br\/noticias\/colunas\/gabriel-diniz-junqueira\/a-pandemia-o-efeito-chicote-e-o-agro-como-um-fenomeno-logistico-impacta-os-investimentos-no-setor-agricola\/#primaryimage\"},\"image\":{\"@id\":\"https:\/\/www.suno.com.br\/noticias\/colunas\/gabriel-diniz-junqueira\/a-pandemia-o-efeito-chicote-e-o-agro-como-um-fenomeno-logistico-impacta-os-investimentos-no-setor-agricola\/#primaryimage\"},\"thumbnailUrl\":\"https:\/\/files.sunoresearch.com.br\/n\/uploads\/2021\/11\/coluna.jpg\",\"datePublished\":\"2021-11-26T11:00:07+00:00\",\"description\":\"Como um fen\u00f4meno log\u00edstico impacta diretamente os investimentos no setor agr\u00edcola. E como isso se relaciona com o agroneg\u00f3cio?\",\"breadcrumb\":{\"@id\":\"https:\/\/www.suno.com.br\/noticias\/colunas\/gabriel-diniz-junqueira\/a-pandemia-o-efeito-chicote-e-o-agro-como-um-fenomeno-logistico-impacta-os-investimentos-no-setor-agricola\/#breadcrumb\"},\"inLanguage\":\"pt-BR\",\"potentialAction\":[{\"@type\":\"ReadAction\",\"target\":[\"https:\/\/www.suno.com.br\/noticias\/colunas\/gabriel-diniz-junqueira\/a-pandemia-o-efeito-chicote-e-o-agro-como-um-fenomeno-logistico-impacta-os-investimentos-no-setor-agricola\/\"]}]},{\"@type\":\"ImageObject\",\"inLanguage\":\"pt-BR\",\"@id\":\"https:\/\/www.suno.com.br\/noticias\/colunas\/gabriel-diniz-junqueira\/a-pandemia-o-efeito-chicote-e-o-agro-como-um-fenomeno-logistico-impacta-os-investimentos-no-setor-agricola\/#primaryimage\",\"url\":\"https:\/\/files.sunoresearch.com.br\/n\/uploads\/2021\/11\/coluna.jpg\",\"contentUrl\":\"https:\/\/files.sunoresearch.com.br\/n\/uploads\/2021\/11\/coluna.jpg\"},{\"@type\":\"BreadcrumbList\",\"@id\":\"https:\/\/www.suno.com.br\/noticias\/colunas\/gabriel-diniz-junqueira\/a-pandemia-o-efeito-chicote-e-o-agro-como-um-fenomeno-logistico-impacta-os-investimentos-no-setor-agricola\/#breadcrumb\",\"itemListElement\":[{\"@type\":\"ListItem\",\"position\":1,\"name\":\"Not\u00edcias\",\"item\":\"https:\/\/www.suno.com.br\/noticias\/\"},{\"@type\":\"ListItem\",\"position\":2,\"name\":\"Colunas\",\"item\":\"https:\/\/www.suno.com.br\/noticias\/colunas\/\"},{\"@type\":\"ListItem\",\"position\":3,\"name\":\"A pandemia, o efeito chicote e o agro: como um fen\u00f4meno log\u00edstico impacta os investimentos no setor agr\u00edcola\"}]},{\"@type\":\"WebSite\",\"@id\":\"https:\/\/www.suno.com.br\/noticias\/#website\",\"url\":\"https:\/\/www.suno.com.br\/noticias\/\",\"name\":\"Suno Not\u00edcias\",\"description\":\"Seu portal de informa\u00e7\u00e3o sobre o mundo dos investimentos\",\"publisher\":{\"@id\":\"https:\/\/www.suno.com.br\/noticias\/#organization\"},\"potentialAction\":[{\"@type\":\"SearchAction\",\"target\":{\"@type\":\"EntryPoint\",\"urlTemplate\":\"https:\/\/www.suno.com.br\/noticias\/?s={search_term_string}\"},\"query-input\":{\"@type\":\"PropertyValueSpecification\",\"valueRequired\":true,\"valueName\":\"search_term_string\"}}],\"inLanguage\":\"pt-BR\"},{\"@type\":\"Organization\",\"@id\":\"https:\/\/www.suno.com.br\/noticias\/#organization\",\"name\":\"Suno Not\u00edcias\",\"url\":\"https:\/\/www.suno.com.br\/noticias\/\",\"logo\":{\"@type\":\"ImageObject\",\"inLanguage\":\"pt-BR\",\"@id\":\"https:\/\/www.suno.com.br\/noticias\/#\/schema\/logo\/image\/\",\"url\":\"https:\/\/files.sunoresearch.com.br\/n\/uploads\/2021\/09\/suno-logo.png\",\"contentUrl\":\"https:\/\/files.sunoresearch.com.br\/n\/uploads\/2021\/09\/suno-logo.png\",\"width\":180,\"height\":180,\"caption\":\"Suno Not\u00edcias\"},\"image\":{\"@id\":\"https:\/\/www.suno.com.br\/noticias\/#\/schema\/logo\/image\/\"},\"sameAs\":[\"https:\/\/facebook.com\/sunoresearch\",\"https:\/\/x.com\/sunoresearch\",\"https:\/\/www.instagram.com\/suno\",\"https:\/\/www.linkedin.com\/company\/suno-research\/\",\"https:\/\/www.youtube.com\/c\/sunoresearch\"]},{\"@type\":\"Person\",\"@id\":\"https:\/\/www.suno.com.br\/noticias\/#\/schema\/person\/b1826056e4acd7d0b2d5078b56d74c55\",\"name\":\"Gabriel Diniz Junqueira\",\"image\":{\"@type\":\"ImageObject\",\"inLanguage\":\"pt-BR\",\"@id\":\"https:\/\/www.suno.com.br\/noticias\/#\/schema\/person\/image\/\",\"url\":\"https:\/\/secure.gravatar.com\/avatar\/66203fb9349983855fb0f20b18db3291?s=96&r=g\",\"contentUrl\":\"https:\/\/secure.gravatar.com\/avatar\/66203fb9349983855fb0f20b18db3291?s=96&r=g\",\"caption\":\"Gabriel Diniz Junqueira\"},\"description\":\"Engenheiro Civil pela Poli\/USP, iniciou sua carreia no JP Morgan na \u00e1rea de Private Banking e especializou-se em an\u00e1lise de empresas voltadas ao setor agro, estudando profundamente a estrutura\u00e7\u00e3o dos FIAGROS no mundo.\",\"sameAs\":[\"https:\/\/www.instagram.com\/santafe_investimentos\/\",\"https:\/\/br.linkedin.com\/company\/santa-fe-investimentos\",\"https:\/\/www.youtube.com\/channel\/UCCekNzSLGS8qu28M4ADIkBw\"],\"url\":\"https:\/\/www.suno.com.br\/noticias\/author\/gabriel-diniz-junqueira\/\"}]}<\/script>\n<!-- \/ Yoast SEO plugin. -->","yoast_head_json":{"title":"A pandemia, o efeito chicote e o agroneg\u00f3cio","description":"Como um fen\u00f4meno log\u00edstico impacta diretamente os investimentos no setor agr\u00edcola. E como isso se relaciona com o agroneg\u00f3cio?","robots":{"index":"index","follow":"follow","max-snippet":"max-snippet:-1","max-image-preview":"max-image-preview:large","max-video-preview":"max-video-preview:-1"},"canonical":"https:\/\/www.suno.com.br\/noticias\/colunas\/gabriel-diniz-junqueira\/a-pandemia-o-efeito-chicote-e-o-agro-como-um-fenomeno-logistico-impacta-os-investimentos-no-setor-agricola\/","og_locale":"pt_BR","og_type":"article","og_title":"A pandemia, o efeito chicote e o agroneg\u00f3cio","og_description":"Como um fen\u00f4meno log\u00edstico impacta diretamente os investimentos no setor agr\u00edcola. E como isso se relaciona com o agroneg\u00f3cio?","og_url":"https:\/\/www.suno.com.br\/noticias\/colunas\/gabriel-diniz-junqueira\/a-pandemia-o-efeito-chicote-e-o-agro-como-um-fenomeno-logistico-impacta-os-investimentos-no-setor-agricola\/","og_site_name":"Suno Not\u00edcias","article_publisher":"https:\/\/facebook.com\/sunoresearch","og_image":[{"url":"https:\/\/files.sunoresearch.com.br\/n\/uploads\/2021\/11\/coluna.jpg","type":"","width":"","height":""}],"twitter_card":"summary_large_image","twitter_site":"@sunoresearch","twitter_misc":{"Est. tempo de leitura":"4 minutos"},"schema":{"@context":"https:\/\/schema.org","@graph":[{"@type":"Article","@id":"https:\/\/www.suno.com.br\/noticias\/colunas\/gabriel-diniz-junqueira\/a-pandemia-o-efeito-chicote-e-o-agro-como-um-fenomeno-logistico-impacta-os-investimentos-no-setor-agricola\/#article","isPartOf":{"@id":"https:\/\/www.suno.com.br\/noticias\/colunas\/gabriel-diniz-junqueira\/a-pandemia-o-efeito-chicote-e-o-agro-como-um-fenomeno-logistico-impacta-os-investimentos-no-setor-agricola\/"},"author":{"name":"Gabriel Diniz Junqueira","@id":"https:\/\/www.suno.com.br\/noticias\/#\/schema\/person\/b1826056e4acd7d0b2d5078b56d74c55"},"headline":"A pandemia, o efeito chicote e o agro: como um fen\u00f4meno log\u00edstico impacta os investimentos no setor agr\u00edcola","datePublished":"2021-11-26T11:00:07+00:00","mainEntityOfPage":{"@id":"https:\/\/www.suno.com.br\/noticias\/colunas\/gabriel-diniz-junqueira\/a-pandemia-o-efeito-chicote-e-o-agro-como-um-fenomeno-logistico-impacta-os-investimentos-no-setor-agricola\/"},"wordCount":756,"publisher":{"@id":"https:\/\/www.suno.com.br\/noticias\/#organization"},"image":{"@id":"https:\/\/www.suno.com.br\/noticias\/colunas\/gabriel-diniz-junqueira\/a-pandemia-o-efeito-chicote-e-o-agro-como-um-fenomeno-logistico-impacta-os-investimentos-no-setor-agricola\/#primaryimage"},"thumbnailUrl":"https:\/\/files.sunoresearch.com.br\/n\/uploads\/2021\/11\/coluna.jpg","keywords":["Agroneg\u00f3cio","covid-19"],"inLanguage":"pt-BR"},{"@type":"WebPage","@id":"https:\/\/www.suno.com.br\/noticias\/colunas\/gabriel-diniz-junqueira\/a-pandemia-o-efeito-chicote-e-o-agro-como-um-fenomeno-logistico-impacta-os-investimentos-no-setor-agricola\/","url":"https:\/\/www.suno.com.br\/noticias\/colunas\/gabriel-diniz-junqueira\/a-pandemia-o-efeito-chicote-e-o-agro-como-um-fenomeno-logistico-impacta-os-investimentos-no-setor-agricola\/","name":"A pandemia, o efeito chicote e o agroneg\u00f3cio","isPartOf":{"@id":"https:\/\/www.suno.com.br\/noticias\/#website"},"primaryImageOfPage":{"@id":"https:\/\/www.suno.com.br\/noticias\/colunas\/gabriel-diniz-junqueira\/a-pandemia-o-efeito-chicote-e-o-agro-como-um-fenomeno-logistico-impacta-os-investimentos-no-setor-agricola\/#primaryimage"},"image":{"@id":"https:\/\/www.suno.com.br\/noticias\/colunas\/gabriel-diniz-junqueira\/a-pandemia-o-efeito-chicote-e-o-agro-como-um-fenomeno-logistico-impacta-os-investimentos-no-setor-agricola\/#primaryimage"},"thumbnailUrl":"https:\/\/files.sunoresearch.com.br\/n\/uploads\/2021\/11\/coluna.jpg","datePublished":"2021-11-26T11:00:07+00:00","description":"Como um fen\u00f4meno log\u00edstico impacta diretamente os investimentos no setor agr\u00edcola. E como isso se relaciona com o agroneg\u00f3cio?","breadcrumb":{"@id":"https:\/\/www.suno.com.br\/noticias\/colunas\/gabriel-diniz-junqueira\/a-pandemia-o-efeito-chicote-e-o-agro-como-um-fenomeno-logistico-impacta-os-investimentos-no-setor-agricola\/#breadcrumb"},"inLanguage":"pt-BR","potentialAction":[{"@type":"ReadAction","target":["https:\/\/www.suno.com.br\/noticias\/colunas\/gabriel-diniz-junqueira\/a-pandemia-o-efeito-chicote-e-o-agro-como-um-fenomeno-logistico-impacta-os-investimentos-no-setor-agricola\/"]}]},{"@type":"ImageObject","inLanguage":"pt-BR","@id":"https:\/\/www.suno.com.br\/noticias\/colunas\/gabriel-diniz-junqueira\/a-pandemia-o-efeito-chicote-e-o-agro-como-um-fenomeno-logistico-impacta-os-investimentos-no-setor-agricola\/#primaryimage","url":"https:\/\/files.sunoresearch.com.br\/n\/uploads\/2021\/11\/coluna.jpg","contentUrl":"https:\/\/files.sunoresearch.com.br\/n\/uploads\/2021\/11\/coluna.jpg"},{"@type":"BreadcrumbList","@id":"https:\/\/www.suno.com.br\/noticias\/colunas\/gabriel-diniz-junqueira\/a-pandemia-o-efeito-chicote-e-o-agro-como-um-fenomeno-logistico-impacta-os-investimentos-no-setor-agricola\/#breadcrumb","itemListElement":[{"@type":"ListItem","position":1,"name":"Not\u00edcias","item":"https:\/\/www.suno.com.br\/noticias\/"},{"@type":"ListItem","position":2,"name":"Colunas","item":"https:\/\/www.suno.com.br\/noticias\/colunas\/"},{"@type":"ListItem","position":3,"name":"A pandemia, o efeito chicote e o agro: como um fen\u00f4meno log\u00edstico impacta os investimentos no setor agr\u00edcola"}]},{"@type":"WebSite","@id":"https:\/\/www.suno.com.br\/noticias\/#website","url":"https:\/\/www.suno.com.br\/noticias\/","name":"Suno Not\u00edcias","description":"Seu portal de informa\u00e7\u00e3o sobre o mundo dos investimentos","publisher":{"@id":"https:\/\/www.suno.com.br\/noticias\/#organization"},"potentialAction":[{"@type":"SearchAction","target":{"@type":"EntryPoint","urlTemplate":"https:\/\/www.suno.com.br\/noticias\/?s={search_term_string}"},"query-input":{"@type":"PropertyValueSpecification","valueRequired":true,"valueName":"search_term_string"}}],"inLanguage":"pt-BR"},{"@type":"Organization","@id":"https:\/\/www.suno.com.br\/noticias\/#organization","name":"Suno Not\u00edcias","url":"https:\/\/www.suno.com.br\/noticias\/","logo":{"@type":"ImageObject","inLanguage":"pt-BR","@id":"https:\/\/www.suno.com.br\/noticias\/#\/schema\/logo\/image\/","url":"https:\/\/files.sunoresearch.com.br\/n\/uploads\/2021\/09\/suno-logo.png","contentUrl":"https:\/\/files.sunoresearch.com.br\/n\/uploads\/2021\/09\/suno-logo.png","width":180,"height":180,"caption":"Suno Not\u00edcias"},"image":{"@id":"https:\/\/www.suno.com.br\/noticias\/#\/schema\/logo\/image\/"},"sameAs":["https:\/\/facebook.com\/sunoresearch","https:\/\/x.com\/sunoresearch","https:\/\/www.instagram.com\/suno","https:\/\/www.linkedin.com\/company\/suno-research\/","https:\/\/www.youtube.com\/c\/sunoresearch"]},{"@type":"Person","@id":"https:\/\/www.suno.com.br\/noticias\/#\/schema\/person\/b1826056e4acd7d0b2d5078b56d74c55","name":"Gabriel Diniz Junqueira","image":{"@type":"ImageObject","inLanguage":"pt-BR","@id":"https:\/\/www.suno.com.br\/noticias\/#\/schema\/person\/image\/","url":"https:\/\/secure.gravatar.com\/avatar\/66203fb9349983855fb0f20b18db3291?s=96&r=g","contentUrl":"https:\/\/secure.gravatar.com\/avatar\/66203fb9349983855fb0f20b18db3291?s=96&r=g","caption":"Gabriel Diniz Junqueira"},"description":"Engenheiro Civil pela Poli\/USP, iniciou sua carreia no JP Morgan na \u00e1rea de Private Banking e especializou-se em an\u00e1lise de empresas voltadas ao setor agro, estudando profundamente a estrutura\u00e7\u00e3o dos FIAGROS no mundo.","sameAs":["https:\/\/www.instagram.com\/santafe_investimentos\/","https:\/\/br.linkedin.com\/company\/santa-fe-investimentos","https:\/\/www.youtube.com\/channel\/UCCekNzSLGS8qu28M4ADIkBw"],"url":"https:\/\/www.suno.com.br\/noticias\/author\/gabriel-diniz-junqueira\/"}]}},"amp_enabled":true,"_links":{"self":[{"href":"https:\/\/www.suno.com.br\/noticias\/wp-json\/wp\/v2\/suno_column\/208416"}],"collection":[{"href":"https:\/\/www.suno.com.br\/noticias\/wp-json\/wp\/v2\/suno_column"}],"about":[{"href":"https:\/\/www.suno.com.br\/noticias\/wp-json\/wp\/v2\/types\/suno_column"}],"author":[{"embeddable":true,"href":"https:\/\/www.suno.com.br\/noticias\/wp-json\/wp\/v2\/users\/130"}],"wp:attachment":[{"href":"https:\/\/www.suno.com.br\/noticias\/wp-json\/wp\/v2\/media?parent=208416"}],"wp:term":[{"taxonomy":"post_tag","embeddable":true,"href":"https:\/\/www.suno.com.br\/noticias\/wp-json\/wp\/v2\/tags?post=208416"}],"curies":[{"name":"wp","href":"https:\/\/api.w.org\/{rel}","templated":true}]}}