{"id":206652,"date":"2021-11-19T08:00:43","date_gmt":"2021-11-19T11:00:43","guid":{"rendered":"https:\/\/www.suno.com.br\/noticias\/colunas\/marco-lopes\/\/"},"modified":"2021-11-18T23:05:07","modified_gmt":"2021-11-19T02:05:07","slug":"seu-filho-sabe-lidar-com-a-inflacao","status":"publish","type":"suno_column","link":"https:\/\/www.suno.com.br\/noticias\/colunas\/marcos-figueiredo\/seu-filho-sabe-lidar-com-a-inflacao\/","title":{"rendered":"Seu filho sabe lidar com a infla\u00e7\u00e3o?"},"content":{"rendered":"<p>Se voc\u00ea tem filhos pr\u00e9-adolescentes ou adolescentes, provavelmente tem a mem\u00f3ria do tempo em que a<strong> infla\u00e7\u00e3o<\/strong> era um dos principais problemas do Brasil. Lembro que meus pais recebiam o sal\u00e1rio e corriam ao mercado para fazer as compras de m\u00eas, antes que a alta dos pre\u00e7os corroesse seu <a class=\"suno-keyword\" href=\"https:\/\/www.suno.com.br\/artigos\/poder-de-compra\/\" target=\"_blank\" rel=\"noopener\" data-force=\"no\" data-priority=\"1\">poder de compra<\/a>. Com a estabilidade econ\u00f4mica trazida pelo Plano Real, em 1994, as fam\u00edlias brasileiras aprenderam a planejar sua vida financeira, o que antes era praticamente imposs\u00edvel.<\/p>\n<p>Os jovens de 2021 j\u00e1 nasceram em um pa\u00eds com a <strong>infla\u00e7\u00e3o controlada<\/strong> e n\u00e3o est\u00e3o acostumados a acompanhar as oscila\u00e7\u00f5es de pre\u00e7os no dia a dia. Ao mesmo tempo, eles t\u00eam muito mais autonomia para fazer seus pr\u00f3prios gastos, em compara\u00e7\u00e3o \u00e0s gera\u00e7\u00f5es anteriores. Essa realidade pode se tornar um problema neste momento: as previs\u00f5es apontam uma alta crescente dos <a class=\"suno-keyword\" href=\"https:\/\/www.suno.com.br\/artigos\/indices-de-inflacao\/\" target=\"_blank\" rel=\"noopener\" data-force=\"no\" data-priority=\"1\">\u00edndices de infla\u00e7\u00e3o<\/a>, com a possibilidade de que este cen\u00e1rio se mantenha pelos pr\u00f3ximos meses e at\u00e9 mesmo em 2022.<\/p>\n<p>Por isso, \u00e9 importante conversar com os adolescentes sobre como \u00e9 viver em um ambiente inflacion\u00e1rio. Pensando nisso, preparei algumas dicas que podem ajud\u00e1-los a cuidar do dinheiro nesse cen\u00e1rio de incertezas.<\/p>\n<p><strong>1) Explique o que \u00e9 infla\u00e7\u00e3o<\/strong><br \/>\nPode parecer \u00f3bvio para n\u00f3s adultos, mas muitos adolescentes n\u00e3o sabem o que \u00e9 essa tal de infla\u00e7\u00e3o, pois nas \u00faltimas d\u00e9cadas ela foi mantida sob controle. Infla\u00e7\u00e3o \u00e9 quando os pre\u00e7os de <strong>produtos e servi\u00e7os<\/strong> praticados em uma economia sobem, em m\u00e9dia, de forma constante. Agora, cada vez que compramos alguma coisa, a gente percebe: os pre\u00e7os est\u00e3o subindo.<\/p>\n<p>O problema \u00e9 que dificilmente a nossa renda aumenta no mesmo ritmo que os pre\u00e7os. Isso faz com que as pessoas percam <strong>poder de compra<\/strong>. Ou seja, elas n\u00e3o conseguem comprar as mesmas coisas com o mesmo sal\u00e1rio \u2014 ou a mesma mesada. Isso significa que quanto mais a infla\u00e7\u00e3o sobe, mais importante \u00e9 fazer escolhas e priorizar os gastos. Por isso, em um ambiente inflacion\u00e1rio \u00e9 fundamental n\u00e3o perder de vista a necessidade de acompanhar pre\u00e7os e planejar gastos.<\/p>\n<p><strong>2) Diferencie os tipos de gastos<\/strong><br \/>\nEm um cen\u00e1rio inflacion\u00e1rio, fazer escolhas na hora de consumir \u00e9 ainda mais necess\u00e1rio. Para tornar essa tarefa um pouco mais f\u00e1cil, voc\u00ea pode explicar para seu filho ou filha os tipos de gastos, separando em tr\u00eas tipos: essenciais, necess\u00e1rios e sup\u00e9rfluos.<\/p>\n<p>Para entender o que isso significa na pr\u00e1tica, imagine um adolescente que precisa fazer uma refei\u00e7\u00e3o na escola uma vez na semana, quando tem aulas no contraturno. Um sandu\u00edche caprichado feito em casa, portanto, seria considerado um gasto essencial. Se a refei\u00e7\u00e3o fosse feita em um self-service ou na cantina da escola, dir\u00edamos que seria um gasto necess\u00e1rio \u2014 aquele que pode ser reavaliado em caso de redu\u00e7\u00e3o da renda. E se a refei\u00e7\u00e3o fosse feita naquele restaurante japon\u00eas bacana, classificaremos este gasto como sup\u00e9rfluo.<\/p>\n<p>Dependendo de como cada fam\u00edlia estrutura sua rotina, podem haver diferen\u00e7as na forma como esses gastos s\u00e3o classificados. Os adolescentes que usam transportes coletivos podem ter as despesas da passagem como essenciais. J\u00e1 o deslocamento com carros de aplicativos pode ser visto como necess\u00e1rio ou sup\u00e9rfluo, conforme cada caso. Um dos principais desejos de consumo dos mais jovens, os games, est\u00e1 na categoria dos sup\u00e9rfluos e deve ser reavaliado quando \u00e9 preciso cortar despesas.<\/p>\n<p><strong>3) Acompanhem juntos os pre\u00e7os das coisas que mais consomem<\/strong><br \/>\nA gente costuma ver no notici\u00e1rio os <strong>\u00edndices oficiais de infla\u00e7\u00e3o<\/strong>, mas \u00e9 comum esquecermos que esses n\u00fameros s\u00e3o m\u00e9dias de pre\u00e7os. Por isso, vale a pena conversar com os adolescentes da sua fam\u00edlia para avaliarem juntos quais despesas sofreram as maiores altas. Compare o gasto no \u00faltimo m\u00eas com determinado tipo de despesa com o realizado tr\u00eas meses atr\u00e1s.<\/p>\n<p>Outro ponto importante a ser observado \u00e9 que nem sempre a infla\u00e7\u00e3o aparece em forma de <strong>aumento de pre\u00e7os<\/strong>. Um pacote de bolachas pode continuar custando os mesmos R$ 2,50, mas ter a quantidade reduzida de 200 g para 180 g, por exemplo. Na pr\u00e1tica, o consumidor est\u00e1 pagando mais pelo produto, embora o desembolso seja o mesmo.<\/p>\n<p>Isso vai ajud\u00e1-los a perceber o <strong>impacto da infla\u00e7\u00e3o<\/strong>, que \u00e9 um conceito abstrato, no dia a dia deles.<\/p>\n<p><strong>4) Estabele\u00e7a uma mesada adequada ao or\u00e7amento da fam\u00edlia<\/strong><br \/>\nUma das fun\u00e7\u00f5es de quem educa \u00e9 impor limites a crian\u00e7as e jovens. Isso vale para tudo, inclusive para a <strong><a class=\"suno-keyword\" href=\"https:\/\/www.suno.com.br\/artigos\/educacao-financeira\/\" target=\"_blank\" rel=\"noopener\" data-force=\"no\" data-priority=\"2\">educa\u00e7\u00e3o financeira<\/a><\/strong>. Por isso, combine um valor semanal para ser usado naquele per\u00edodo. Se os gastos n\u00e3o couberem naquele or\u00e7amento, ser\u00e1 preciso cortar despesas.<\/p>\n<p>Segundo os maiores especialistas no tema, a mesada \u00e9 o melhor instrumento para educar financeiramente crian\u00e7as e adolescentes. Isso porque ela cria uma situa\u00e7\u00e3o did\u00e1tica de aprendizado na pr\u00e1tica. Ou seja, ao dar a mesada voc\u00ea incentiva os mais jovens a lidar com os limites de um or\u00e7amento no dia a dia. Comece com um valor baixo, pago semanalmente. Calcule as despesas mais comuns e d\u00ea orienta\u00e7\u00f5es de como o dinheiro deve ser usado. Provavelmente haver\u00e1 altos e baixos, mas \u00e9 esta a melhor forma de aprender: entendendo os pr\u00f3prios erros e acertos.<\/p>\n<h2>Em resumo<\/h2>\n<p>A <strong>infla\u00e7\u00e3o<\/strong> pode parecer um \u201cbicho estranho\u201d para os mais jovens. Afinal, eles nunca viveram a experi\u00eancia de varia\u00e7\u00f5es de pre\u00e7os dentro do mesmo m\u00eas. Por isso, diante das previs\u00f5es dos economistas para os pr\u00f3ximos meses, \u00e9 importante conversar com os adolescentes sobre o que pode ser feito para n\u00e3o estourar o or\u00e7amento da fam\u00edlia.<\/p>\n<p>O que achou das dicas? Deixe sua opini\u00e3o no espa\u00e7o dos coment\u00e1rios!<\/p>\n","protected":false},"excerpt":{"rendered":"<p>Se voc\u00ea tem filhos pr\u00e9-adolescentes ou adolescentes, provavelmente tem a mem\u00f3ria do tempo em que a infla\u00e7\u00e3o era um dos principais problemas do Brasil. Lembro que meus &#8230;<\/p>\n","protected":false},"author":90,"featured_media":0,"template":"","tags":[329,850],"class_list":["post-206652","suno_column","type-suno_column","status-publish","hentry","tag-financas-pessoais","tag-inflacao"],"yoast_head":"<!-- This site is optimized with the Yoast SEO plugin v24.4 - https:\/\/yoast.com\/wordpress\/plugins\/seo\/ -->\n<title>Seu filho sabe lidar com a infla\u00e7\u00e3o?<\/title>\n<meta name=\"description\" content=\"Os adolescentes de hoje n\u00e3o conviveram com constantes altas de pre\u00e7os: saiba como explicar o que \u00e9 viver em um pa\u00eds com infla\u00e7\u00e3o\" \/>\n<meta name=\"robots\" content=\"index, follow, max-snippet:-1, max-image-preview:large, max-video-preview:-1\" \/>\n<link rel=\"canonical\" href=\"https:\/\/www.suno.com.br\/noticias\/colunas\/marcos-figueiredo\/seu-filho-sabe-lidar-com-a-inflacao\/\" \/>\n<meta property=\"og:locale\" content=\"pt_BR\" \/>\n<meta property=\"og:type\" content=\"article\" \/>\n<meta property=\"og:title\" content=\"Seu filho sabe lidar com a infla\u00e7\u00e3o?\" \/>\n<meta property=\"og:description\" content=\"Os adolescentes de hoje n\u00e3o conviveram com constantes altas de pre\u00e7os: saiba como explicar o que \u00e9 viver em um pa\u00eds com infla\u00e7\u00e3o\" \/>\n<meta property=\"og:url\" content=\"https:\/\/www.suno.com.br\/noticias\/colunas\/marcos-figueiredo\/seu-filho-sabe-lidar-com-a-inflacao\/\" \/>\n<meta property=\"og:site_name\" content=\"Suno Not\u00edcias\" \/>\n<meta property=\"article:publisher\" content=\"https:\/\/facebook.com\/sunoresearch\" \/>\n<meta property=\"og:image\" content=\"https:\/\/files.sunoresearch.com.br\/n\/uploads\/2022\/06\/Modelo2.jpg\" \/>\n\t<meta property=\"og:image:width\" content=\"1200\" \/>\n\t<meta property=\"og:image:height\" content=\"627\" \/>\n\t<meta property=\"og:image:type\" content=\"image\/jpeg\" \/>\n<meta name=\"twitter:card\" content=\"summary_large_image\" \/>\n<meta name=\"twitter:site\" content=\"@sunoresearch\" \/>\n<meta name=\"twitter:label1\" content=\"Est. tempo de leitura\" \/>\n\t<meta name=\"twitter:data1\" content=\"4 minutos\" \/>\n<script type=\"application\/ld+json\" class=\"yoast-schema-graph\">{\"@context\":\"https:\/\/schema.org\",\"@graph\":[{\"@type\":\"Article\",\"@id\":\"https:\/\/www.suno.com.br\/noticias\/colunas\/marcos-figueiredo\/seu-filho-sabe-lidar-com-a-inflacao\/#article\",\"isPartOf\":{\"@id\":\"https:\/\/www.suno.com.br\/noticias\/colunas\/marcos-figueiredo\/seu-filho-sabe-lidar-com-a-inflacao\/\"},\"author\":{\"name\":\"Marcos Figueiredo\",\"@id\":\"https:\/\/www.suno.com.br\/noticias\/#\/schema\/person\/7c3a7601d5e7e006e2a91f42c997f256\"},\"headline\":\"Seu filho sabe lidar com a infla\u00e7\u00e3o?\",\"datePublished\":\"2021-11-19T11:00:43+00:00\",\"mainEntityOfPage\":{\"@id\":\"https:\/\/www.suno.com.br\/noticias\/colunas\/marcos-figueiredo\/seu-filho-sabe-lidar-com-a-inflacao\/\"},\"wordCount\":996,\"publisher\":{\"@id\":\"https:\/\/www.suno.com.br\/noticias\/#organization\"},\"keywords\":[\"finan\u00e7as pessoais\",\"infla\u00e7\u00e3o\"],\"inLanguage\":\"pt-BR\"},{\"@type\":\"WebPage\",\"@id\":\"https:\/\/www.suno.com.br\/noticias\/colunas\/marcos-figueiredo\/seu-filho-sabe-lidar-com-a-inflacao\/\",\"url\":\"https:\/\/www.suno.com.br\/noticias\/colunas\/marcos-figueiredo\/seu-filho-sabe-lidar-com-a-inflacao\/\",\"name\":\"Seu filho sabe lidar com a infla\u00e7\u00e3o?\",\"isPartOf\":{\"@id\":\"https:\/\/www.suno.com.br\/noticias\/#website\"},\"datePublished\":\"2021-11-19T11:00:43+00:00\",\"description\":\"Os adolescentes de hoje n\u00e3o conviveram com constantes altas de pre\u00e7os: saiba como explicar o que \u00e9 viver em um pa\u00eds com infla\u00e7\u00e3o\",\"breadcrumb\":{\"@id\":\"https:\/\/www.suno.com.br\/noticias\/colunas\/marcos-figueiredo\/seu-filho-sabe-lidar-com-a-inflacao\/#breadcrumb\"},\"inLanguage\":\"pt-BR\",\"potentialAction\":[{\"@type\":\"ReadAction\",\"target\":[\"https:\/\/www.suno.com.br\/noticias\/colunas\/marcos-figueiredo\/seu-filho-sabe-lidar-com-a-inflacao\/\"]}]},{\"@type\":\"BreadcrumbList\",\"@id\":\"https:\/\/www.suno.com.br\/noticias\/colunas\/marcos-figueiredo\/seu-filho-sabe-lidar-com-a-inflacao\/#breadcrumb\",\"itemListElement\":[{\"@type\":\"ListItem\",\"position\":1,\"name\":\"Not\u00edcias\",\"item\":\"https:\/\/www.suno.com.br\/noticias\/\"},{\"@type\":\"ListItem\",\"position\":2,\"name\":\"Colunas\",\"item\":\"https:\/\/www.suno.com.br\/noticias\/colunas\/\"},{\"@type\":\"ListItem\",\"position\":3,\"name\":\"Seu filho sabe lidar com a infla\u00e7\u00e3o?\"}]},{\"@type\":\"WebSite\",\"@id\":\"https:\/\/www.suno.com.br\/noticias\/#website\",\"url\":\"https:\/\/www.suno.com.br\/noticias\/\",\"name\":\"Suno Not\u00edcias\",\"description\":\"Seu portal de informa\u00e7\u00e3o sobre o mundo dos investimentos\",\"publisher\":{\"@id\":\"https:\/\/www.suno.com.br\/noticias\/#organization\"},\"potentialAction\":[{\"@type\":\"SearchAction\",\"target\":{\"@type\":\"EntryPoint\",\"urlTemplate\":\"https:\/\/www.suno.com.br\/noticias\/?s={search_term_string}\"},\"query-input\":{\"@type\":\"PropertyValueSpecification\",\"valueRequired\":true,\"valueName\":\"search_term_string\"}}],\"inLanguage\":\"pt-BR\"},{\"@type\":\"Organization\",\"@id\":\"https:\/\/www.suno.com.br\/noticias\/#organization\",\"name\":\"Suno Not\u00edcias\",\"url\":\"https:\/\/www.suno.com.br\/noticias\/\",\"logo\":{\"@type\":\"ImageObject\",\"inLanguage\":\"pt-BR\",\"@id\":\"https:\/\/www.suno.com.br\/noticias\/#\/schema\/logo\/image\/\",\"url\":\"https:\/\/files.sunoresearch.com.br\/n\/uploads\/2021\/09\/suno-logo.png\",\"contentUrl\":\"https:\/\/files.sunoresearch.com.br\/n\/uploads\/2021\/09\/suno-logo.png\",\"width\":180,\"height\":180,\"caption\":\"Suno Not\u00edcias\"},\"image\":{\"@id\":\"https:\/\/www.suno.com.br\/noticias\/#\/schema\/logo\/image\/\"},\"sameAs\":[\"https:\/\/facebook.com\/sunoresearch\",\"https:\/\/x.com\/sunoresearch\",\"https:\/\/www.instagram.com\/suno\",\"https:\/\/www.linkedin.com\/company\/suno-research\/\",\"https:\/\/www.youtube.com\/c\/sunoresearch\"]},{\"@type\":\"Person\",\"@id\":\"https:\/\/www.suno.com.br\/noticias\/#\/schema\/person\/7c3a7601d5e7e006e2a91f42c997f256\",\"name\":\"Marcos Figueiredo\",\"image\":{\"@type\":\"ImageObject\",\"inLanguage\":\"pt-BR\",\"@id\":\"https:\/\/www.suno.com.br\/noticias\/#\/schema\/person\/image\/\",\"url\":\"https:\/\/secure.gravatar.com\/avatar\/dcd27deff8d0a23ff702d963790f2b0a?s=96&r=g\",\"contentUrl\":\"https:\/\/secure.gravatar.com\/avatar\/dcd27deff8d0a23ff702d963790f2b0a?s=96&r=g\",\"caption\":\"Marcos Figueiredo\"},\"description\":\"Cofundador do Blu By BS2, tem mais 20 anos de experi\u00eancia no mercado financeiro, desenvolvendo produtos de cr\u00e9dito e investimentos voltados para pessoas f\u00edsicas.\",\"sameAs\":[\"https:\/\/www.blubybs2.com\/\",\"linkedin.com\/in\/marcos-figueiredo-blubybs2\"],\"url\":\"https:\/\/www.suno.com.br\/noticias\/author\/marcos-figueiredo\/\"}]}<\/script>\n<!-- \/ Yoast SEO plugin. -->","yoast_head_json":{"title":"Seu filho sabe lidar com a infla\u00e7\u00e3o?","description":"Os adolescentes de hoje n\u00e3o conviveram com constantes altas de pre\u00e7os: saiba como explicar o que \u00e9 viver em um pa\u00eds com infla\u00e7\u00e3o","robots":{"index":"index","follow":"follow","max-snippet":"max-snippet:-1","max-image-preview":"max-image-preview:large","max-video-preview":"max-video-preview:-1"},"canonical":"https:\/\/www.suno.com.br\/noticias\/colunas\/marcos-figueiredo\/seu-filho-sabe-lidar-com-a-inflacao\/","og_locale":"pt_BR","og_type":"article","og_title":"Seu filho sabe lidar com a infla\u00e7\u00e3o?","og_description":"Os adolescentes de hoje n\u00e3o conviveram com constantes altas de pre\u00e7os: saiba como explicar o que \u00e9 viver em um pa\u00eds com infla\u00e7\u00e3o","og_url":"https:\/\/www.suno.com.br\/noticias\/colunas\/marcos-figueiredo\/seu-filho-sabe-lidar-com-a-inflacao\/","og_site_name":"Suno Not\u00edcias","article_publisher":"https:\/\/facebook.com\/sunoresearch","og_image":[{"width":1200,"height":627,"url":"https:\/\/files.sunoresearch.com.br\/n\/uploads\/2022\/06\/Modelo2.jpg","type":"image\/jpeg"}],"twitter_card":"summary_large_image","twitter_site":"@sunoresearch","twitter_misc":{"Est. tempo de leitura":"4 minutos"},"schema":{"@context":"https:\/\/schema.org","@graph":[{"@type":"Article","@id":"https:\/\/www.suno.com.br\/noticias\/colunas\/marcos-figueiredo\/seu-filho-sabe-lidar-com-a-inflacao\/#article","isPartOf":{"@id":"https:\/\/www.suno.com.br\/noticias\/colunas\/marcos-figueiredo\/seu-filho-sabe-lidar-com-a-inflacao\/"},"author":{"name":"Marcos Figueiredo","@id":"https:\/\/www.suno.com.br\/noticias\/#\/schema\/person\/7c3a7601d5e7e006e2a91f42c997f256"},"headline":"Seu filho sabe lidar com a infla\u00e7\u00e3o?","datePublished":"2021-11-19T11:00:43+00:00","mainEntityOfPage":{"@id":"https:\/\/www.suno.com.br\/noticias\/colunas\/marcos-figueiredo\/seu-filho-sabe-lidar-com-a-inflacao\/"},"wordCount":996,"publisher":{"@id":"https:\/\/www.suno.com.br\/noticias\/#organization"},"keywords":["finan\u00e7as pessoais","infla\u00e7\u00e3o"],"inLanguage":"pt-BR"},{"@type":"WebPage","@id":"https:\/\/www.suno.com.br\/noticias\/colunas\/marcos-figueiredo\/seu-filho-sabe-lidar-com-a-inflacao\/","url":"https:\/\/www.suno.com.br\/noticias\/colunas\/marcos-figueiredo\/seu-filho-sabe-lidar-com-a-inflacao\/","name":"Seu filho sabe lidar com a infla\u00e7\u00e3o?","isPartOf":{"@id":"https:\/\/www.suno.com.br\/noticias\/#website"},"datePublished":"2021-11-19T11:00:43+00:00","description":"Os adolescentes de hoje n\u00e3o conviveram com constantes altas de pre\u00e7os: saiba como explicar o que \u00e9 viver em um pa\u00eds com infla\u00e7\u00e3o","breadcrumb":{"@id":"https:\/\/www.suno.com.br\/noticias\/colunas\/marcos-figueiredo\/seu-filho-sabe-lidar-com-a-inflacao\/#breadcrumb"},"inLanguage":"pt-BR","potentialAction":[{"@type":"ReadAction","target":["https:\/\/www.suno.com.br\/noticias\/colunas\/marcos-figueiredo\/seu-filho-sabe-lidar-com-a-inflacao\/"]}]},{"@type":"BreadcrumbList","@id":"https:\/\/www.suno.com.br\/noticias\/colunas\/marcos-figueiredo\/seu-filho-sabe-lidar-com-a-inflacao\/#breadcrumb","itemListElement":[{"@type":"ListItem","position":1,"name":"Not\u00edcias","item":"https:\/\/www.suno.com.br\/noticias\/"},{"@type":"ListItem","position":2,"name":"Colunas","item":"https:\/\/www.suno.com.br\/noticias\/colunas\/"},{"@type":"ListItem","position":3,"name":"Seu filho sabe lidar com a infla\u00e7\u00e3o?"}]},{"@type":"WebSite","@id":"https:\/\/www.suno.com.br\/noticias\/#website","url":"https:\/\/www.suno.com.br\/noticias\/","name":"Suno Not\u00edcias","description":"Seu portal de informa\u00e7\u00e3o sobre o mundo dos investimentos","publisher":{"@id":"https:\/\/www.suno.com.br\/noticias\/#organization"},"potentialAction":[{"@type":"SearchAction","target":{"@type":"EntryPoint","urlTemplate":"https:\/\/www.suno.com.br\/noticias\/?s={search_term_string}"},"query-input":{"@type":"PropertyValueSpecification","valueRequired":true,"valueName":"search_term_string"}}],"inLanguage":"pt-BR"},{"@type":"Organization","@id":"https:\/\/www.suno.com.br\/noticias\/#organization","name":"Suno Not\u00edcias","url":"https:\/\/www.suno.com.br\/noticias\/","logo":{"@type":"ImageObject","inLanguage":"pt-BR","@id":"https:\/\/www.suno.com.br\/noticias\/#\/schema\/logo\/image\/","url":"https:\/\/files.sunoresearch.com.br\/n\/uploads\/2021\/09\/suno-logo.png","contentUrl":"https:\/\/files.sunoresearch.com.br\/n\/uploads\/2021\/09\/suno-logo.png","width":180,"height":180,"caption":"Suno Not\u00edcias"},"image":{"@id":"https:\/\/www.suno.com.br\/noticias\/#\/schema\/logo\/image\/"},"sameAs":["https:\/\/facebook.com\/sunoresearch","https:\/\/x.com\/sunoresearch","https:\/\/www.instagram.com\/suno","https:\/\/www.linkedin.com\/company\/suno-research\/","https:\/\/www.youtube.com\/c\/sunoresearch"]},{"@type":"Person","@id":"https:\/\/www.suno.com.br\/noticias\/#\/schema\/person\/7c3a7601d5e7e006e2a91f42c997f256","name":"Marcos Figueiredo","image":{"@type":"ImageObject","inLanguage":"pt-BR","@id":"https:\/\/www.suno.com.br\/noticias\/#\/schema\/person\/image\/","url":"https:\/\/secure.gravatar.com\/avatar\/dcd27deff8d0a23ff702d963790f2b0a?s=96&r=g","contentUrl":"https:\/\/secure.gravatar.com\/avatar\/dcd27deff8d0a23ff702d963790f2b0a?s=96&r=g","caption":"Marcos Figueiredo"},"description":"Cofundador do Blu By BS2, tem mais 20 anos de experi\u00eancia no mercado financeiro, desenvolvendo produtos de cr\u00e9dito e investimentos voltados para pessoas f\u00edsicas.","sameAs":["https:\/\/www.blubybs2.com\/","linkedin.com\/in\/marcos-figueiredo-blubybs2"],"url":"https:\/\/www.suno.com.br\/noticias\/author\/marcos-figueiredo\/"}]}},"amp_enabled":true,"_links":{"self":[{"href":"https:\/\/www.suno.com.br\/noticias\/wp-json\/wp\/v2\/suno_column\/206652"}],"collection":[{"href":"https:\/\/www.suno.com.br\/noticias\/wp-json\/wp\/v2\/suno_column"}],"about":[{"href":"https:\/\/www.suno.com.br\/noticias\/wp-json\/wp\/v2\/types\/suno_column"}],"author":[{"embeddable":true,"href":"https:\/\/www.suno.com.br\/noticias\/wp-json\/wp\/v2\/users\/90"}],"wp:attachment":[{"href":"https:\/\/www.suno.com.br\/noticias\/wp-json\/wp\/v2\/media?parent=206652"}],"wp:term":[{"taxonomy":"post_tag","embeddable":true,"href":"https:\/\/www.suno.com.br\/noticias\/wp-json\/wp\/v2\/tags?post=206652"}],"curies":[{"name":"wp","href":"https:\/\/api.w.org\/{rel}","templated":true}]}}